{"version":"1.0","provider_name":"UEF Liikunta- ja urheilul\u00e4\u00e4ketiede","provider_url":"https:\/\/blogs.uef.fi\/uefllt","title":"V\u00e4it\u00f6ksen j\u00e4lkeen-uutta kohden - UEF Liikunta- ja urheilul\u00e4\u00e4ketiede","type":"rich","width":600,"height":338,"html":"<blockquote class=\"wp-embedded-content\" data-secret=\"FH0kt0aUxg\"><a href=\"https:\/\/blogs.uef.fi\/uefllt\/2024\/12\/09\/vaitoksen-jalkeen-uutta-kohden\/\">V\u00e4it\u00f6ksen j\u00e4lkeen-uutta kohden<\/a><\/blockquote><iframe sandbox=\"allow-scripts\" security=\"restricted\" src=\"https:\/\/blogs.uef.fi\/uefllt\/2024\/12\/09\/vaitoksen-jalkeen-uutta-kohden\/embed\/#?secret=FH0kt0aUxg\" width=\"600\" height=\"338\" title=\"&#8221;V\u00e4it\u00f6ksen j\u00e4lkeen-uutta kohden&#8221; &#8212; UEF Liikunta- ja urheilul\u00e4\u00e4ketiede\" data-secret=\"FH0kt0aUxg\" frameborder=\"0\" marginwidth=\"0\" marginheight=\"0\" scrolling=\"no\" class=\"wp-embedded-content\"><\/iframe><script type=\"text\/javascript\">\n\/* <![CDATA[ *\/\n\/*! This file is auto-generated *\/\n!function(d,l){\"use strict\";l.querySelector&&d.addEventListener&&\"undefined\"!=typeof URL&&(d.wp=d.wp||{},d.wp.receiveEmbedMessage||(d.wp.receiveEmbedMessage=function(e){var t=e.data;if((t||t.secret||t.message||t.value)&&!\/[^a-zA-Z0-9]\/.test(t.secret)){for(var s,r,n,a=l.querySelectorAll('iframe[data-secret=\"'+t.secret+'\"]'),o=l.querySelectorAll('blockquote[data-secret=\"'+t.secret+'\"]'),c=new RegExp(\"^https?:$\",\"i\"),i=0;i<o.length;i++)o[i].style.display=\"none\";for(i=0;i<a.length;i++)s=a[i],e.source===s.contentWindow&&(s.removeAttribute(\"style\"),\"height\"===t.message?(1e3<(r=parseInt(t.value,10))?r=1e3:~~r<200&&(r=200),s.height=r):\"link\"===t.message&&(r=new URL(s.getAttribute(\"src\")),n=new URL(t.value),c.test(n.protocol))&&n.host===r.host&&l.activeElement===s&&(d.top.location.href=t.value))}},d.addEventListener(\"message\",d.wp.receiveEmbedMessage,!1),l.addEventListener(\"DOMContentLoaded\",function(){for(var e,t,s=l.querySelectorAll(\"iframe.wp-embedded-content\"),r=0;r<s.length;r++)(t=(e=s[r]).getAttribute(\"data-secret\"))||(t=Math.random().toString(36).substring(2,12),e.src+=\"#?secret=\"+t,e.setAttribute(\"data-secret\",t)),e.contentWindow.postMessage({message:\"ready\",secret:t},\"*\")},!1)))}(window,document);\n\/\/# sourceURL=https:\/\/blogs.uef.fi\/uefllt\/wp-includes\/js\/wp-embed.min.js\n\/* ]]> *\/\n<\/script>\n","description":"V\u00e4ittelin syyskuun lopussa aiheesta Terveydenhuollossa toteutetun yksil\u00f6llisen liikuntaneuvonnan vaikuttavuus tyypin 2 diabetesta sairastavien fyysisen aktiivisuuden edist\u00e4miseen ja hoitotasapainoon. Nyt on hyv\u00e4 aika katsoa v\u00e4h\u00e4n taaksep\u00e4in ja pohtia v\u00e4it\u00f6stilaisuuteen valmistautumiseen liittyvi\u00e4 asioita sek\u00e4 itse v\u00e4it\u00f6stilaisuutta. V\u00e4it\u00f6stilaisuus MS 300 26.9.2024 Kes\u00e4 ja syksy 2024 ovat sis\u00e4lt\u00e4neet runsaasti muutosta el\u00e4m\u00e4ss\u00e4ni: v\u00e4ittelin, valmistuin tohtoriksi, ja aloitin my\u00f6s uudessa ty\u00f6ss\u00e4ni [&hellip;]","thumbnail_url":"https:\/\/blogs.uef.fi\/uefllt\/wp-content\/uploads\/sites\/165\/2024\/12\/tuulm_vaitos1.jpg","thumbnail_width":420,"thumbnail_height":889}