{"version":"1.0","provider_name":"UEF Library","provider_url":"https:\/\/blogs.uef.fi\/ueflibrary","title":"Akateemisten kirjastojen radikaali muutos - IFLA 2014 Lyonissa | UEF Library","type":"rich","width":600,"height":338,"html":"<blockquote class=\"wp-embedded-content\" data-secret=\"486dD1YykU\"><a href=\"https:\/\/blogs.uef.fi\/ueflibrary\/akateemisten-kirjastojen-radikaali-muutos-ifla-2014-lyonissa\/\">Akateemisten kirjastojen radikaali muutos &#8211; IFLA 2014 Lyonissa<\/a><\/blockquote><iframe sandbox=\"allow-scripts\" security=\"restricted\" src=\"https:\/\/blogs.uef.fi\/ueflibrary\/akateemisten-kirjastojen-radikaali-muutos-ifla-2014-lyonissa\/embed\/#?secret=486dD1YykU\" width=\"600\" height=\"338\" title=\"&#8221;Akateemisten kirjastojen radikaali muutos &#8211; IFLA 2014 Lyonissa&#8221; &#8212; UEF Library\" data-secret=\"486dD1YykU\" frameborder=\"0\" marginwidth=\"0\" marginheight=\"0\" scrolling=\"no\" class=\"wp-embedded-content\"><\/iframe><script type=\"text\/javascript\">\n\/* <![CDATA[ *\/\n\/*! This file is auto-generated *\/\n!function(d,l){\"use strict\";l.querySelector&&d.addEventListener&&\"undefined\"!=typeof URL&&(d.wp=d.wp||{},d.wp.receiveEmbedMessage||(d.wp.receiveEmbedMessage=function(e){var t=e.data;if((t||t.secret||t.message||t.value)&&!\/[^a-zA-Z0-9]\/.test(t.secret)){for(var s,r,n,a=l.querySelectorAll('iframe[data-secret=\"'+t.secret+'\"]'),o=l.querySelectorAll('blockquote[data-secret=\"'+t.secret+'\"]'),c=new RegExp(\"^https?:$\",\"i\"),i=0;i<o.length;i++)o[i].style.display=\"none\";for(i=0;i<a.length;i++)s=a[i],e.source===s.contentWindow&&(s.removeAttribute(\"style\"),\"height\"===t.message?(1e3<(r=parseInt(t.value,10))?r=1e3:~~r<200&&(r=200),s.height=r):\"link\"===t.message&&(r=new URL(s.getAttribute(\"src\")),n=new URL(t.value),c.test(n.protocol))&&n.host===r.host&&l.activeElement===s&&(d.top.location.href=t.value))}},d.addEventListener(\"message\",d.wp.receiveEmbedMessage,!1),l.addEventListener(\"DOMContentLoaded\",function(){for(var e,t,s=l.querySelectorAll(\"iframe.wp-embedded-content\"),r=0;r<s.length;r++)(t=(e=s[r]).getAttribute(\"data-secret\"))||(t=Math.random().toString(36).substring(2,12),e.src+=\"#?secret=\"+t,e.setAttribute(\"data-secret\",t)),e.contentWindow.postMessage({message:\"ready\",secret:t},\"*\")},!1)))}(window,document);\n\/\/# sourceURL=https:\/\/blogs.uef.fi\/ueflibrary\/wp-includes\/js\/wp-embed.min.js\n\/* ]]> *\/\n<\/script>\n","description":"Jo 80. IFLAn vuosikokous j\u00e4rjestettiin t\u00e4n\u00e4 vuonna Lyonissa, Ranskassa. J\u00e4rjest\u00f6n monikielisyys ja monikulttuurisuus tuli hyvin esille, sill\u00e4 is\u00e4nt\u00e4maan kieli on yksi IFLAn virallisista kielist\u00e4 ja my\u00f6s er\u00e4s maailman suurista kulttuurikielist\u00e4. Osallistujia oli noin 4000 ja konferenssi n\u00e4kyi hyvin my\u00f6s paikallisessa katukuvassa ja medioissa. Konferenssin teemaan &#8211; konfluenssiin &#8211; oli osaltaan vaikuttanut se, ett\u00e4 Lyon on [&hellip;]","thumbnail_url":"https:\/\/blogs.uef.fi\/ueflibrary\/wp-content\/uploads\/sites\/18\/2014\/08\/ifla_hot_top.jpg","thumbnail_width":769,"thumbnail_height":465}