{"id":83,"date":"2026-03-13T12:49:09","date_gmt":"2026-03-13T10:49:09","guid":{"rendered":"https:\/\/blogs.uef.fi\/sulle\/?page_id=83"},"modified":"2026-04-10T17:13:26","modified_gmt":"2026-04-10T14:13:26","slug":"tietoja-blogista","status":"publish","type":"page","link":"https:\/\/blogs.uef.fi\/sulle\/tietoja-blogista\/","title":{"rendered":"Tietoja blogista"},"content":{"rendered":"\n<p>T\u00e4ss\u00e4 blogissa kerromme Elinik\u00e4isen oppimisen tuki -tutkimusryhm\u00e4n kuulumisia. Tutkimme oppimista, osallisuutta ja hyvinvointia laajasti eri el\u00e4m\u00e4nkulun eri vaiheissa ja oppimisymp\u00e4rist\u00f6iss\u00e4. Tutkimuksellisena kiinnostuksenkohteena on kaikkien oppimisen, osallisuuden ja hyvinvoinnin tukeminen, mutta erityisesti niiden henkil\u00f6iden, jotka tarvitsevat muita enemm\u00e4n tukea vamman, sairauden, oppimisvaikeuden tai vaikka haastavan el\u00e4m\u00e4ntilanteen takia. Tarkoituksenamme on vahvistaa yhdenvertaisia mahdollisuuksia oppia ja osallistua sek\u00e4 vahvistaa kaikkien hyvinvointia tutkimuksen ja kehitt\u00e4mistoiminnan kautta. P\u00e4ivit\u00e4mme tutkimusryhm\u00e4n blogiin tietoja julkaisuista, esityksist\u00e4, tutkimusvierailuista, tutkimushankkeista, verkostotapaamisista ja muista tutkimusryhm\u00e4n toiminnoista. Lis\u00e4tietoja tutkimusryhm\u00e4st\u00e4 l\u00f6yd\u00e4t UEF Connectista: <a href=\"https:\/\/uefconnect.uef.fi\/sulle\/#information\">Elinik\u00e4isen oppimisen tuki &#8211; UEFConnect<\/a><\/p>\n","protected":false},"excerpt":{"rendered":"<p>T\u00e4ss\u00e4 blogissa kerromme Elinik\u00e4isen oppimisen tuki -tutkimusryhm\u00e4n kuulumisia. Tutkimme oppimista, osallisuutta ja hyvinvointia laajasti eri el\u00e4m\u00e4nkulun eri vaiheissa ja oppimisymp\u00e4rist\u00f6iss\u00e4. Tutkimuksellisena kiinnostuksenkohteena on kaikkien oppimisen, osallisuuden ja hyvinvoinnin tukeminen, mutta erityisesti niiden henkil\u00f6iden, jotka tarvitsevat muita enemm\u00e4n tukea vamman, sairauden, oppimisvaikeuden tai vaikka haastavan el\u00e4m\u00e4ntilanteen takia. Tarkoituksenamme on vahvistaa yhdenvertaisia mahdollisuuksia oppia ja osallistua sek\u00e4 [&hellip;]<\/p>\n","protected":false},"author":761,"featured_media":0,"parent":0,"menu_order":0,"comment_status":"closed","ping_status":"closed","template":"","meta":{"_acf_changed":false,"footnotes":""},"class_list":["post-83","page","type-page","status-publish","hentry"],"acf":[],"yoast_head":"<!-- This site is optimized with the Yoast SEO plugin v27.3 - https:\/\/yoast.com\/product\/yoast-seo-wordpress\/ -->\n<title>Tietoja blogista - Elinik\u00e4isen oppimisen tuki -tutkimusryhm\u00e4n blogi<\/title>\n<meta name=\"robots\" content=\"index, follow, max-snippet:-1, max-image-preview:large, max-video-preview:-1\" \/>\n<link rel=\"canonical\" href=\"https:\/\/blogs.uef.fi\/sulle\/tietoja-blogista\/\" \/>\n<meta property=\"og:locale\" content=\"fi_FI\" \/>\n<meta property=\"og:type\" content=\"article\" \/>\n<meta property=\"og:title\" content=\"Tietoja blogista - Elinik\u00e4isen oppimisen tuki -tutkimusryhm\u00e4n blogi\" \/>\n<meta property=\"og:description\" content=\"T\u00e4ss\u00e4 blogissa kerromme Elinik\u00e4isen oppimisen tuki -tutkimusryhm\u00e4n kuulumisia. Tutkimme oppimista, osallisuutta ja hyvinvointia laajasti eri el\u00e4m\u00e4nkulun eri vaiheissa ja oppimisymp\u00e4rist\u00f6iss\u00e4. Tutkimuksellisena kiinnostuksenkohteena on kaikkien oppimisen, osallisuuden ja hyvinvoinnin tukeminen, mutta erityisesti niiden henkil\u00f6iden, jotka tarvitsevat muita enemm\u00e4n tukea vamman, sairauden, oppimisvaikeuden tai vaikka haastavan el\u00e4m\u00e4ntilanteen takia. Tarkoituksenamme on vahvistaa yhdenvertaisia mahdollisuuksia oppia ja osallistua sek\u00e4 [&hellip;]\" \/>\n<meta property=\"og:url\" content=\"https:\/\/blogs.uef.fi\/sulle\/tietoja-blogista\/\" \/>\n<meta property=\"og:site_name\" content=\"Elinik\u00e4isen oppimisen tuki -tutkimusryhm\u00e4n blogi\" \/>\n<meta property=\"article:modified_time\" content=\"2026-04-10T14:13:26+00:00\" \/>\n<meta name=\"twitter:card\" content=\"summary_large_image\" \/>\n<meta name=\"twitter:label1\" content=\"Arvioitu lukuaika\" \/>\n\t<meta name=\"twitter:data1\" content=\"1 minuutti\" \/>\n<script type=\"application\/ld+json\" class=\"yoast-schema-graph\">{\"@context\":\"https:\\\/\\\/schema.org\",\"@graph\":[{\"@type\":\"WebPage\",\"@id\":\"https:\\\/\\\/blogs.uef.fi\\\/sulle\\\/tietoja-blogista\\\/\",\"url\":\"https:\\\/\\\/blogs.uef.fi\\\/sulle\\\/tietoja-blogista\\\/\",\"name\":\"Tietoja blogista - Elinik\u00e4isen oppimisen tuki -tutkimusryhm\u00e4n blogi\",\"isPartOf\":{\"@id\":\"https:\\\/\\\/blogs.uef.fi\\\/sulle\\\/?lang=fi\\\/#website\"},\"datePublished\":\"2026-03-13T10:49:09+00:00\",\"dateModified\":\"2026-04-10T14:13:26+00:00\",\"breadcrumb\":{\"@id\":\"https:\\\/\\\/blogs.uef.fi\\\/sulle\\\/tietoja-blogista\\\/#breadcrumb\"},\"inLanguage\":\"fi\",\"potentialAction\":[{\"@type\":\"ReadAction\",\"target\":[\"https:\\\/\\\/blogs.uef.fi\\\/sulle\\\/tietoja-blogista\\\/\"]}]},{\"@type\":\"BreadcrumbList\",\"@id\":\"https:\\\/\\\/blogs.uef.fi\\\/sulle\\\/tietoja-blogista\\\/#breadcrumb\",\"itemListElement\":[{\"@type\":\"ListItem\",\"position\":1,\"name\":\"Etusivu\",\"item\":\"https:\\\/\\\/blogs.uef.fi\\\/sulle\\\/?lang=fi\\\/\"},{\"@type\":\"ListItem\",\"position\":2,\"name\":\"Tietoja blogista\"}]},{\"@type\":\"WebSite\",\"@id\":\"https:\\\/\\\/blogs.uef.fi\\\/sulle\\\/?lang=fi\\\/#website\",\"url\":\"https:\\\/\\\/blogs.uef.fi\\\/sulle\\\/?lang=fi\\\/\",\"name\":\"Elinik\u00e4isen oppimisen tuki -tutkimusryhm\u00e4n blogi\",\"description\":\"\",\"potentialAction\":[{\"@type\":\"SearchAction\",\"target\":{\"@type\":\"EntryPoint\",\"urlTemplate\":\"https:\\\/\\\/blogs.uef.fi\\\/sulle\\\/?lang=fi\\\/?s={search_term_string}\"},\"query-input\":{\"@type\":\"PropertyValueSpecification\",\"valueRequired\":true,\"valueName\":\"search_term_string\"}}],\"inLanguage\":\"fi\"}]}<\/script>\n<!-- \/ Yoast SEO plugin. -->","yoast_head_json":{"title":"Tietoja blogista - Elinik\u00e4isen oppimisen tuki -tutkimusryhm\u00e4n blogi","robots":{"index":"index","follow":"follow","max-snippet":"max-snippet:-1","max-image-preview":"max-image-preview:large","max-video-preview":"max-video-preview:-1"},"canonical":"https:\/\/blogs.uef.fi\/sulle\/tietoja-blogista\/","og_locale":"fi_FI","og_type":"article","og_title":"Tietoja blogista - Elinik\u00e4isen oppimisen tuki -tutkimusryhm\u00e4n blogi","og_description":"T\u00e4ss\u00e4 blogissa kerromme Elinik\u00e4isen oppimisen tuki -tutkimusryhm\u00e4n kuulumisia. Tutkimme oppimista, osallisuutta ja hyvinvointia laajasti eri el\u00e4m\u00e4nkulun eri vaiheissa ja oppimisymp\u00e4rist\u00f6iss\u00e4. Tutkimuksellisena kiinnostuksenkohteena on kaikkien oppimisen, osallisuuden ja hyvinvoinnin tukeminen, mutta erityisesti niiden henkil\u00f6iden, jotka tarvitsevat muita enemm\u00e4n tukea vamman, sairauden, oppimisvaikeuden tai vaikka haastavan el\u00e4m\u00e4ntilanteen takia. Tarkoituksenamme on vahvistaa yhdenvertaisia mahdollisuuksia oppia ja osallistua sek\u00e4 [&hellip;]","og_url":"https:\/\/blogs.uef.fi\/sulle\/tietoja-blogista\/","og_site_name":"Elinik\u00e4isen oppimisen tuki -tutkimusryhm\u00e4n blogi","article_modified_time":"2026-04-10T14:13:26+00:00","twitter_card":"summary_large_image","twitter_misc":{"Arvioitu lukuaika":"1 minuutti"},"schema":{"@context":"https:\/\/schema.org","@graph":[{"@type":"WebPage","@id":"https:\/\/blogs.uef.fi\/sulle\/tietoja-blogista\/","url":"https:\/\/blogs.uef.fi\/sulle\/tietoja-blogista\/","name":"Tietoja blogista - Elinik\u00e4isen oppimisen tuki -tutkimusryhm\u00e4n blogi","isPartOf":{"@id":"https:\/\/blogs.uef.fi\/sulle\/?lang=fi\/#website"},"datePublished":"2026-03-13T10:49:09+00:00","dateModified":"2026-04-10T14:13:26+00:00","breadcrumb":{"@id":"https:\/\/blogs.uef.fi\/sulle\/tietoja-blogista\/#breadcrumb"},"inLanguage":"fi","potentialAction":[{"@type":"ReadAction","target":["https:\/\/blogs.uef.fi\/sulle\/tietoja-blogista\/"]}]},{"@type":"BreadcrumbList","@id":"https:\/\/blogs.uef.fi\/sulle\/tietoja-blogista\/#breadcrumb","itemListElement":[{"@type":"ListItem","position":1,"name":"Etusivu","item":"https:\/\/blogs.uef.fi\/sulle\/?lang=fi\/"},{"@type":"ListItem","position":2,"name":"Tietoja blogista"}]},{"@type":"WebSite","@id":"https:\/\/blogs.uef.fi\/sulle\/?lang=fi\/#website","url":"https:\/\/blogs.uef.fi\/sulle\/?lang=fi\/","name":"Elinik\u00e4isen oppimisen tuki -tutkimusryhm\u00e4n blogi","description":"","potentialAction":[{"@type":"SearchAction","target":{"@type":"EntryPoint","urlTemplate":"https:\/\/blogs.uef.fi\/sulle\/?lang=fi\/?s={search_term_string}"},"query-input":{"@type":"PropertyValueSpecification","valueRequired":true,"valueName":"search_term_string"}}],"inLanguage":"fi"}]}},"_links":{"self":[{"href":"https:\/\/blogs.uef.fi\/sulle\/wp-json\/wp\/v2\/pages\/83","targetHints":{"allow":["GET"]}}],"collection":[{"href":"https:\/\/blogs.uef.fi\/sulle\/wp-json\/wp\/v2\/pages"}],"about":[{"href":"https:\/\/blogs.uef.fi\/sulle\/wp-json\/wp\/v2\/types\/page"}],"author":[{"embeddable":true,"href":"https:\/\/blogs.uef.fi\/sulle\/wp-json\/wp\/v2\/users\/761"}],"replies":[{"embeddable":true,"href":"https:\/\/blogs.uef.fi\/sulle\/wp-json\/wp\/v2\/comments?post=83"}],"version-history":[{"count":2,"href":"https:\/\/blogs.uef.fi\/sulle\/wp-json\/wp\/v2\/pages\/83\/revisions"}],"predecessor-version":[{"id":133,"href":"https:\/\/blogs.uef.fi\/sulle\/wp-json\/wp\/v2\/pages\/83\/revisions\/133"}],"wp:attachment":[{"href":"https:\/\/blogs.uef.fi\/sulle\/wp-json\/wp\/v2\/media?parent=83"}],"curies":[{"name":"wp","href":"https:\/\/api.w.org\/{rel}","templated":true}]}}