{"id":287,"date":"2020-08-14T11:33:11","date_gmt":"2020-08-14T11:33:11","guid":{"rendered":"https:\/\/blogs.uef.fi\/puutlahellamme\/?page_id=287"},"modified":"2024-02-19T03:31:01","modified_gmt":"2024-02-19T03:31:01","slug":"tapahtumat","status":"publish","type":"page","link":"https:\/\/blogs.uef.fi\/puutlahellamme\/tapahtumat\/","title":{"rendered":"Tapahtumat"},"content":{"rendered":"\n<figure class=\"wp-block-image size-large\"><img loading=\"lazy\" decoding=\"async\" width=\"1024\" height=\"322\" src=\"https:\/\/blogs.uef.fi\/puutlahellamme\/wp-content\/uploads\/sites\/109\/2020\/10\/DSC1624-1024x322.jpg\" alt=\"Tutkimusryhm\u00e4n j\u00e4seni\u00e4: Kaisa Vainio, Karoliina Lummaa, Aino Korrensalo ja professori Eeva-Stiina Tuittila.\" class=\"wp-image-567\" srcset=\"https:\/\/blogs.uef.fi\/puutlahellamme\/wp-content\/uploads\/sites\/109\/2020\/10\/DSC1624-1024x322.jpg 1024w, https:\/\/blogs.uef.fi\/puutlahellamme\/wp-content\/uploads\/sites\/109\/2020\/10\/DSC1624-300x94.jpg 300w, https:\/\/blogs.uef.fi\/puutlahellamme\/wp-content\/uploads\/sites\/109\/2020\/10\/DSC1624-768x241.jpg 768w, https:\/\/blogs.uef.fi\/puutlahellamme\/wp-content\/uploads\/sites\/109\/2020\/10\/DSC1624.jpg 1200w\" sizes=\"auto, (max-width: 1024px) 100vw, 1024px\" \/><\/figure>\n\n\n\n<p>&#8221;<strong><em>Sit\u00e4 kuusta kuuleminen, jonka juurella asunto<\/em><\/strong>&#8221;<\/p>\n\n\n\n<p>Meid\u00e4t voi tavata puhumassa puiden merkityksest\u00e4 ihmisille lukuisissa eri tilaisuuksissa. Tervetuloa mukaan!<\/p>\n\n\n\n<div class=\"links-block\">\n\n            <h3>Tietoja menneist\u00e4 tapahtumista, esitelmist\u00e4 ja puheenvuoroista l\u00f6yd\u00e4t Puhetta Puista &#8211; blogistamme. <\/h3>\n    \n    <ul class=\"link-list\">\n        \n            \n            <li class=\"link-list-item\">\n                <a href=\"https:\/\/blogs.uef.fi\/puutlahellamme\/blogi\/\" class=\"link-reset link hover-scale-down\">\n                    <svg\n        width=\"43\" height=\"25\"\n        viewBox=\"0 0 43 25\"\n        xmlns=\"http:\/\/www.w3.org\/2000\/svg\">\n    <path\n        d=\"M30.027 0 43 12.5 30.027 25 27 22.083 34.351 15H0v-5h34.351L27 2.917z\"\n        fill=\"currentColor\"\n        fill-rule=\"evenodd\"\/>\n<\/svg>                    <div>Puhetta Puista  &#8211; Blogi<\/div>\n                <\/a>\n                <div class=\"link-info\">\n                                    <\/div>\n            <\/li>\n\n                <\/ul>\n<\/div>\n\n\n<ul class=\"wp-block-list\">\n<li>26.-27.6.2019 Kohtaaminen huipulla \u201cTaide \u2013 Tiede \u2013 Mets\u00e4\u201d \u2013tapahtuma (Koli)<\/li>\n\n\n\n<li>25.8.2019 Hasanniemen mets\u00e4juhla, aineiston keruu (Joensuu)<\/li>\n\n\n\n<li>6.-7.9.2019 Silva-messut, aineiston keruu (Joensuu)<\/li>\n\n\n\n<li>27.9.2019 Tutkijoiden y\u00f6, It\u00e4-Suomen yliopisto, aineiston keruu (Joensuu)<\/li>\n\n\n\n<li>24.-25.10.2019 Sosiaalipolitiikan p\u00e4iv\u00e4t, esitelm\u00e4 (Joensuu)<\/li>\n\n\n\n<li>28.10.2019 Lajienv\u00e4linen kieli-seminaari, esitelm\u00e4 (Lauttasaaren kartano, Helsinki)<\/li>\n\n\n\n<li>28.-29.10.2019 Keskuskirjasto Oodi, aineiston keruu (Helsinki)<\/li>\n\n\n\n<li>13.-14.12.2019 Kulttuurintutkimuksen p\u00e4iv\u00e4t, esitelm\u00e4 (Tampere)<\/li>\n\n\n\n<li>5.-7.3.2020 Forest. Northern Representations\/Images, esitelm\u00e4 (Tartu, Estonia)<\/li>\n\n\n\n<li>10.-11.9.2020 Mets\u00e4suhdetutkimusverkoston avausseminaari, Suomen Mets\u00e4museo Lusto (Punkaharju)<\/li>\n\n\n\n<li>12.9.2020 SciFest, Botania. Paneelikeskustelu Tiedekahvilassa (Joensuu)&nbsp;<\/li>\n\n\n\n<li>30.10.2020 <a href=\"https:\/\/www.uef.fi\/fi\/tapahtuma\/luonnossa-kiinni-metsa-ja-luontosuhdetta-tutkivat-kulttuurin-ja-kielentutkimuksen-hankkeet\" target=\"_blank\" rel=\"noreferrer noopener\">Luonnossa kiinni &#8211; Mets\u00e4- ja luontosuhdetta tutkivat kulttuurin- ja kielentutkimuksen hankkeet esitt\u00e4ytyv\u00e4t<\/a>, Kulttuurien ja kielten kohtaamisten tutkijaseminaari (KULKIEKO)(Joensuu\/verkko)<\/li>\n\n\n\n<li>5.11.2020 <a href=\"http:\/\/www.kotikielenseura.fi\/tapahtumat\/\" target=\"_blank\" rel=\"noreferrer noopener\">Kotikielen Seuran teemap\u00e4iv\u00e4,<\/a><\/li>\n\n\n\n<li><em>Ihmisen ja luonnon kohtaaminen kieless\u00e4 ja kirjallisuudessa.<\/em> (Helsinki\/Verkko)<\/li>\n\n\n\n<li>27.-28.5.2021 &#8221;Contested Society-Nature-Relations. Forest related Emotions, Practices and Conflicts in Times of Societal Change.&#8221; International multidisciplinary workshop.<\/li>\n\n\n\n<li>21.-22.6.2021 SIEF: Panel Contested and re-imagined forests of the North &#8211; sessio. (Helsinki\/verkko)<\/li>\n\n\n\n<li>12.1.2023 Tieteen p\u00e4iv\u00e4t, \u201cEnemm\u00e4n kuin ihminen?\u201d-sessio. Ihmisen puusuhteet yhteyten\u00e4 \u201djohonkin ihmist\u00e4 suurempaan?\u201d (Helsingin Yliopisto) <a href=\"https:\/\/www.youtube.com\/watch?v=mvMMacG8LtM\" target=\"_blank\" rel=\"noreferrer noopener\">Linkki tallenteeseen<\/a>.<\/li>\n\n\n\n<li>12.1.2023 Tieteen p\u00e4iv\u00e4t. Ymp\u00e4rist\u00f6n kaksi kulttuuria-paneeli. (Helsingin Yliopisto) <a href=\"https:\/\/www.youtube.com\/watch?v=1T5nNQ51-Eo\" target=\"_blank\" rel=\"noreferrer noopener\">Linkki tallenteeseen<\/a>.<\/li>\n\n\n\n<li><a href=\"https:\/\/www.arcticcentre.org\/EN\/events\/anthro2023\" target=\"_blank\" rel=\"noreferrer noopener\">21.-23.3.2023 Suomen Antropologinen Konferenssi<\/a> 2023, Lapin Yliopisto. Beyond speech: toward a northern sensory ecology of animals, plants, and humans &#8211; sessio.<\/li>\n\n\n\n<li>18.8.2023 <a href=\"https:\/\/www.uef.fi\/fi\/tieteenpaivat2023\" target=\"_blank\" rel=\"noreferrer noopener\">Joensuun Tieteen P\u00e4iv\u00e4t 2023.&nbsp;<\/a> Joensuu\/verkko. &#8217;Itseksi puiden kanssa \u2013 Puusuhteet el\u00e4m\u00e4nkerrallisena ilmi\u00f6n\u00e4&#8217;, V\u00e4it\u00f6skirjatutkija Kaisa Vainio, It\u00e4-Suomen yliopisto.<\/li>\n\n\n\n<li>26.8.2023 <a href=\"https:\/\/www.facebook.com\/events\/278599624892736?ref=newsfeed\" target=\"_blank\" rel=\"noreferrer noopener\">Enon luonnonyst\u00e4vien Suomen Luonnon P\u00e4iv\u00e4n retkeily<\/a>. Laavuluennon Lempipuista Pamilonkosken laavulla pit\u00e4\u00e4 v\u00e4it\u00f6skirjatutkija Kaisa Vainio.<\/li>\n\n\n\n<li>3.3.-29.4.2024\u00a0Puut L\u00e4hell\u00e4mme &#8211; n\u00e4yttely. Kolin luontokeskus Ukko <a href=\"https:\/\/www.luontoon.fi\/kolinluontokeskus\" target=\"_blank\" rel=\"noreferrer noopener\">https:\/\/www.luontoon.fi\/kolinluontoke<\/a>skus <a href=\"https:\/\/blogs.uef.fi\/puutlahellamme\/2024\/02\/18\/nayttely\/\" target=\"_blank\" rel=\"noreferrer noopener\">https:\/\/blogs.uef.fi\/puutlahellamme\/2024\/02\/18\/nayttely\/<\/a><\/li>\n\n\n\n<li>Pe 15.3.2024 Puhun puista,  J\u00e4rvenp\u00e4\u00e4-talo, Juhani Aho -sali klo 19:00. Asiaa, tarinoita ja musiikkia mets\u00e4st\u00e4 ja puista. Hanni Autere MuT Sibelius-Akatemia, Mikael Hilden FT Suomen Ymp\u00e4rist\u00f6keskus, Kaisa Vainio v\u00e4it\u00f6skirjatutkija It\u00e4-Suomen Yliopisto.\u00a0\u00a0 <a href=\"https:\/\/varinaa.fi\/tapahtumat\/\" target=\"_blank\" rel=\"noreferrer noopener\">https:\/\/varinaa.fi\/tapahtumat\/<\/a>\u00a0<\/li>\n\n\n\n<li>(lista t\u00e4ydentyy)<\/li>\n<\/ul>\n","protected":false},"excerpt":{"rendered":"<p>&#8221;Sit\u00e4 kuusta kuuleminen, jonka juurella asunto&#8221; Meid\u00e4t voi tavata puhumassa puiden merkityksest\u00e4 ihmisille lukuisissa eri tilaisuuksissa. Tervetuloa mukaan!<\/p>\n","protected":false},"author":265,"featured_media":558,"parent":0,"menu_order":0,"comment_status":"closed","ping_status":"closed","template":"","meta":{"_acf_changed":false,"footnotes":""},"class_list":["post-287","page","type-page","status-publish","has-post-thumbnail","hentry"],"acf":[],"yoast_head":"<!-- This site is optimized with the Yoast SEO plugin v27.3 - https:\/\/yoast.com\/product\/yoast-seo-wordpress\/ -->\n<title>Tapahtumat | Trees Near Us - Puut l\u00e4hell\u00e4mme - Bomen Naast Ons<\/title>\n<meta name=\"description\" content=\"Puut l\u00e4hell\u00e4mme- hanke tulee sinne miss\u00e4 ihmiset ja puut ovat. Meid\u00e4t voit tavata seuraavissa tapahtumissa ymp\u00e4ri Suomen.\" \/>\n<meta name=\"robots\" content=\"index, follow, max-snippet:-1, max-image-preview:large, max-video-preview:-1\" \/>\n<link rel=\"canonical\" href=\"https:\/\/blogs.uef.fi\/puutlahellamme\/tapahtumat\/\" \/>\n<meta property=\"og:locale\" content=\"fi_FI\" \/>\n<meta property=\"og:type\" content=\"article\" \/>\n<meta property=\"og:title\" content=\"Tapahtumat | Trees Near Us - Puut l\u00e4hell\u00e4mme - Bomen Naast Ons\" \/>\n<meta property=\"og:description\" content=\"Puut l\u00e4hell\u00e4mme- hanke tulee sinne miss\u00e4 ihmiset ja puut ovat. Meid\u00e4t voit tavata seuraavissa tapahtumissa ymp\u00e4ri Suomen.\" \/>\n<meta property=\"og:url\" content=\"https:\/\/blogs.uef.fi\/puutlahellamme\/tapahtumat\/\" \/>\n<meta property=\"og:site_name\" content=\"Trees Near Us - Puut l\u00e4hell\u00e4mme - Bomen Naast Ons\" \/>\n<meta property=\"article:modified_time\" content=\"2024-02-19T03:31:01+00:00\" \/>\n<meta property=\"og:image\" content=\"https:\/\/blogs.uef.fi\/puutlahellamme\/wp-content\/uploads\/sites\/109\/2020\/10\/DSC1561.jpg\" \/>\n\t<meta property=\"og:image:width\" content=\"1200\" \/>\n\t<meta property=\"og:image:height\" content=\"798\" \/>\n\t<meta property=\"og:image:type\" content=\"image\/jpeg\" \/>\n<meta name=\"twitter:card\" content=\"summary_large_image\" \/>\n<meta name=\"twitter:label1\" content=\"Arvioitu lukuaika\" \/>\n\t<meta name=\"twitter:data1\" content=\"3 minuuttia\" \/>\n<script type=\"application\/ld+json\" class=\"yoast-schema-graph\">{\"@context\":\"https:\\\/\\\/schema.org\",\"@graph\":[{\"@type\":\"WebPage\",\"@id\":\"https:\\\/\\\/blogs.uef.fi\\\/puutlahellamme\\\/tapahtumat\\\/\",\"url\":\"https:\\\/\\\/blogs.uef.fi\\\/puutlahellamme\\\/tapahtumat\\\/\",\"name\":\"Tapahtumat | Trees Near Us - Puut l\u00e4hell\u00e4mme - Bomen Naast Ons\",\"isPartOf\":{\"@id\":\"https:\\\/\\\/blogs.uef.fi\\\/puutlahellamme\\\/#website\"},\"primaryImageOfPage\":{\"@id\":\"https:\\\/\\\/blogs.uef.fi\\\/puutlahellamme\\\/tapahtumat\\\/#primaryimage\"},\"image\":{\"@id\":\"https:\\\/\\\/blogs.uef.fi\\\/puutlahellamme\\\/tapahtumat\\\/#primaryimage\"},\"thumbnailUrl\":\"https:\\\/\\\/blogs.uef.fi\\\/puutlahellamme\\\/wp-content\\\/uploads\\\/sites\\\/109\\\/2020\\\/10\\\/DSC1561.jpg\",\"datePublished\":\"2020-08-14T11:33:11+00:00\",\"dateModified\":\"2024-02-19T03:31:01+00:00\",\"description\":\"Puut l\u00e4hell\u00e4mme- hanke tulee sinne miss\u00e4 ihmiset ja puut ovat. Meid\u00e4t voit tavata seuraavissa tapahtumissa ymp\u00e4ri Suomen.\",\"breadcrumb\":{\"@id\":\"https:\\\/\\\/blogs.uef.fi\\\/puutlahellamme\\\/tapahtumat\\\/#breadcrumb\"},\"inLanguage\":\"fi\",\"potentialAction\":[{\"@type\":\"ReadAction\",\"target\":[\"https:\\\/\\\/blogs.uef.fi\\\/puutlahellamme\\\/tapahtumat\\\/\"]}]},{\"@type\":\"ImageObject\",\"inLanguage\":\"fi\",\"@id\":\"https:\\\/\\\/blogs.uef.fi\\\/puutlahellamme\\\/tapahtumat\\\/#primaryimage\",\"url\":\"https:\\\/\\\/blogs.uef.fi\\\/puutlahellamme\\\/wp-content\\\/uploads\\\/sites\\\/109\\\/2020\\\/10\\\/DSC1561.jpg\",\"contentUrl\":\"https:\\\/\\\/blogs.uef.fi\\\/puutlahellamme\\\/wp-content\\\/uploads\\\/sites\\\/109\\\/2020\\\/10\\\/DSC1561.jpg\",\"width\":1200,\"height\":798,\"caption\":\"Kaksi tutkijaa ja puun runko\"},{\"@type\":\"BreadcrumbList\",\"@id\":\"https:\\\/\\\/blogs.uef.fi\\\/puutlahellamme\\\/tapahtumat\\\/#breadcrumb\",\"itemListElement\":[{\"@type\":\"ListItem\",\"position\":1,\"name\":\"Home\",\"item\":\"https:\\\/\\\/blogs.uef.fi\\\/puutlahellamme\\\/\"},{\"@type\":\"ListItem\",\"position\":2,\"name\":\"Tapahtumat\"}]},{\"@type\":\"WebSite\",\"@id\":\"https:\\\/\\\/blogs.uef.fi\\\/puutlahellamme\\\/#website\",\"url\":\"https:\\\/\\\/blogs.uef.fi\\\/puutlahellamme\\\/\",\"name\":\"Puut l\u00e4hell\u00e4mme - tutkimushanke\",\"description\":\"\",\"publisher\":{\"@id\":\"https:\\\/\\\/blogs.uef.fi\\\/puutlahellamme\\\/#organization\"},\"potentialAction\":[{\"@type\":\"SearchAction\",\"target\":{\"@type\":\"EntryPoint\",\"urlTemplate\":\"https:\\\/\\\/blogs.uef.fi\\\/puutlahellamme\\\/?s={search_term_string}\"},\"query-input\":{\"@type\":\"PropertyValueSpecification\",\"valueRequired\":true,\"valueName\":\"search_term_string\"}}],\"inLanguage\":\"fi\"},{\"@type\":\"Organization\",\"@id\":\"https:\\\/\\\/blogs.uef.fi\\\/puutlahellamme\\\/#organization\",\"name\":\"Puut l\u00e4hell\u00e4mme-tutkimushanke\",\"url\":\"https:\\\/\\\/blogs.uef.fi\\\/puutlahellamme\\\/\",\"logo\":{\"@type\":\"ImageObject\",\"inLanguage\":\"fi\",\"@id\":\"https:\\\/\\\/blogs.uef.fi\\\/puutlahellamme\\\/#\\\/schema\\\/logo\\\/image\\\/\",\"url\":\"https:\\\/\\\/blogs.uef.fi\\\/puutlahellamme\\\/wp-content\\\/uploads\\\/sites\\\/109\\\/2019\\\/09\\\/profiilikuva.jpg\",\"contentUrl\":\"https:\\\/\\\/blogs.uef.fi\\\/puutlahellamme\\\/wp-content\\\/uploads\\\/sites\\\/109\\\/2019\\\/09\\\/profiilikuva.jpg\",\"width\":663,\"height\":546,\"caption\":\"Puut l\u00e4hell\u00e4mme-tutkimushanke\"},\"image\":{\"@id\":\"https:\\\/\\\/blogs.uef.fi\\\/puutlahellamme\\\/#\\\/schema\\\/logo\\\/image\\\/\"}}]}<\/script>\n<!-- \/ Yoast SEO plugin. -->","yoast_head_json":{"title":"Tapahtumat | Trees Near Us - Puut l\u00e4hell\u00e4mme - Bomen Naast Ons","description":"Puut l\u00e4hell\u00e4mme- hanke tulee sinne miss\u00e4 ihmiset ja puut ovat. Meid\u00e4t voit tavata seuraavissa tapahtumissa ymp\u00e4ri Suomen.","robots":{"index":"index","follow":"follow","max-snippet":"max-snippet:-1","max-image-preview":"max-image-preview:large","max-video-preview":"max-video-preview:-1"},"canonical":"https:\/\/blogs.uef.fi\/puutlahellamme\/tapahtumat\/","og_locale":"fi_FI","og_type":"article","og_title":"Tapahtumat | Trees Near Us - Puut l\u00e4hell\u00e4mme - Bomen Naast Ons","og_description":"Puut l\u00e4hell\u00e4mme- hanke tulee sinne miss\u00e4 ihmiset ja puut ovat. Meid\u00e4t voit tavata seuraavissa tapahtumissa ymp\u00e4ri Suomen.","og_url":"https:\/\/blogs.uef.fi\/puutlahellamme\/tapahtumat\/","og_site_name":"Trees Near Us - Puut l\u00e4hell\u00e4mme - Bomen Naast Ons","article_modified_time":"2024-02-19T03:31:01+00:00","og_image":[{"width":1200,"height":798,"url":"https:\/\/blogs.uef.fi\/puutlahellamme\/wp-content\/uploads\/sites\/109\/2020\/10\/DSC1561.jpg","type":"image\/jpeg"}],"twitter_card":"summary_large_image","twitter_misc":{"Arvioitu lukuaika":"3 minuuttia"},"schema":{"@context":"https:\/\/schema.org","@graph":[{"@type":"WebPage","@id":"https:\/\/blogs.uef.fi\/puutlahellamme\/tapahtumat\/","url":"https:\/\/blogs.uef.fi\/puutlahellamme\/tapahtumat\/","name":"Tapahtumat | Trees Near Us - Puut l\u00e4hell\u00e4mme - Bomen Naast Ons","isPartOf":{"@id":"https:\/\/blogs.uef.fi\/puutlahellamme\/#website"},"primaryImageOfPage":{"@id":"https:\/\/blogs.uef.fi\/puutlahellamme\/tapahtumat\/#primaryimage"},"image":{"@id":"https:\/\/blogs.uef.fi\/puutlahellamme\/tapahtumat\/#primaryimage"},"thumbnailUrl":"https:\/\/blogs.uef.fi\/puutlahellamme\/wp-content\/uploads\/sites\/109\/2020\/10\/DSC1561.jpg","datePublished":"2020-08-14T11:33:11+00:00","dateModified":"2024-02-19T03:31:01+00:00","description":"Puut l\u00e4hell\u00e4mme- hanke tulee sinne miss\u00e4 ihmiset ja puut ovat. Meid\u00e4t voit tavata seuraavissa tapahtumissa ymp\u00e4ri Suomen.","breadcrumb":{"@id":"https:\/\/blogs.uef.fi\/puutlahellamme\/tapahtumat\/#breadcrumb"},"inLanguage":"fi","potentialAction":[{"@type":"ReadAction","target":["https:\/\/blogs.uef.fi\/puutlahellamme\/tapahtumat\/"]}]},{"@type":"ImageObject","inLanguage":"fi","@id":"https:\/\/blogs.uef.fi\/puutlahellamme\/tapahtumat\/#primaryimage","url":"https:\/\/blogs.uef.fi\/puutlahellamme\/wp-content\/uploads\/sites\/109\/2020\/10\/DSC1561.jpg","contentUrl":"https:\/\/blogs.uef.fi\/puutlahellamme\/wp-content\/uploads\/sites\/109\/2020\/10\/DSC1561.jpg","width":1200,"height":798,"caption":"Kaksi tutkijaa ja puun runko"},{"@type":"BreadcrumbList","@id":"https:\/\/blogs.uef.fi\/puutlahellamme\/tapahtumat\/#breadcrumb","itemListElement":[{"@type":"ListItem","position":1,"name":"Home","item":"https:\/\/blogs.uef.fi\/puutlahellamme\/"},{"@type":"ListItem","position":2,"name":"Tapahtumat"}]},{"@type":"WebSite","@id":"https:\/\/blogs.uef.fi\/puutlahellamme\/#website","url":"https:\/\/blogs.uef.fi\/puutlahellamme\/","name":"Puut l\u00e4hell\u00e4mme - tutkimushanke","description":"","publisher":{"@id":"https:\/\/blogs.uef.fi\/puutlahellamme\/#organization"},"potentialAction":[{"@type":"SearchAction","target":{"@type":"EntryPoint","urlTemplate":"https:\/\/blogs.uef.fi\/puutlahellamme\/?s={search_term_string}"},"query-input":{"@type":"PropertyValueSpecification","valueRequired":true,"valueName":"search_term_string"}}],"inLanguage":"fi"},{"@type":"Organization","@id":"https:\/\/blogs.uef.fi\/puutlahellamme\/#organization","name":"Puut l\u00e4hell\u00e4mme-tutkimushanke","url":"https:\/\/blogs.uef.fi\/puutlahellamme\/","logo":{"@type":"ImageObject","inLanguage":"fi","@id":"https:\/\/blogs.uef.fi\/puutlahellamme\/#\/schema\/logo\/image\/","url":"https:\/\/blogs.uef.fi\/puutlahellamme\/wp-content\/uploads\/sites\/109\/2019\/09\/profiilikuva.jpg","contentUrl":"https:\/\/blogs.uef.fi\/puutlahellamme\/wp-content\/uploads\/sites\/109\/2019\/09\/profiilikuva.jpg","width":663,"height":546,"caption":"Puut l\u00e4hell\u00e4mme-tutkimushanke"},"image":{"@id":"https:\/\/blogs.uef.fi\/puutlahellamme\/#\/schema\/logo\/image\/"}}]}},"_links":{"self":[{"href":"https:\/\/blogs.uef.fi\/puutlahellamme\/wp-json\/wp\/v2\/pages\/287","targetHints":{"allow":["GET"]}}],"collection":[{"href":"https:\/\/blogs.uef.fi\/puutlahellamme\/wp-json\/wp\/v2\/pages"}],"about":[{"href":"https:\/\/blogs.uef.fi\/puutlahellamme\/wp-json\/wp\/v2\/types\/page"}],"author":[{"embeddable":true,"href":"https:\/\/blogs.uef.fi\/puutlahellamme\/wp-json\/wp\/v2\/users\/265"}],"replies":[{"embeddable":true,"href":"https:\/\/blogs.uef.fi\/puutlahellamme\/wp-json\/wp\/v2\/comments?post=287"}],"version-history":[{"count":2,"href":"https:\/\/blogs.uef.fi\/puutlahellamme\/wp-json\/wp\/v2\/pages\/287\/revisions"}],"predecessor-version":[{"id":1260,"href":"https:\/\/blogs.uef.fi\/puutlahellamme\/wp-json\/wp\/v2\/pages\/287\/revisions\/1260"}],"wp:featuredmedia":[{"embeddable":true,"href":"https:\/\/blogs.uef.fi\/puutlahellamme\/wp-json\/wp\/v2\/media\/558"}],"wp:attachment":[{"href":"https:\/\/blogs.uef.fi\/puutlahellamme\/wp-json\/wp\/v2\/media?parent=287"}],"curies":[{"name":"wp","href":"https:\/\/api.w.org\/{rel}","templated":true}]}}