{"id":281,"date":"2020-08-14T11:32:44","date_gmt":"2020-08-14T11:32:44","guid":{"rendered":"https:\/\/blogs.uef.fi\/puutlahellamme\/?page_id=281"},"modified":"2023-06-01T12:08:20","modified_gmt":"2023-06-01T12:08:20","slug":"tyoryhma","status":"publish","type":"page","link":"https:\/\/blogs.uef.fi\/puutlahellamme\/tyoryhma\/","title":{"rendered":"Ty\u00f6ryhm\u00e4"},"content":{"rendered":"\n<figure class=\"wp-block-image size-large\"><img loading=\"lazy\" decoding=\"async\" width=\"1024\" height=\"624\" src=\"https:\/\/blogs.uef.fi\/puutlahellamme\/wp-content\/uploads\/sites\/109\/2021\/11\/tutkimusryhma2-1024x624.jpg\" alt=\"Projektiryhm\u00e4n j\u00e4seni\u00e4 nojailemassa puuhun. Kuvassa Kaisa Vainio, Aino Korrensalo, Eeva-Stiina Tuittila, Sakari Piippo, Kalle Hamm ja Karoliina Lummaa\" class=\"wp-image-791\" srcset=\"https:\/\/blogs.uef.fi\/puutlahellamme\/wp-content\/uploads\/sites\/109\/2021\/11\/tutkimusryhma2-1024x624.jpg 1024w, https:\/\/blogs.uef.fi\/puutlahellamme\/wp-content\/uploads\/sites\/109\/2021\/11\/tutkimusryhma2-300x183.jpg 300w, https:\/\/blogs.uef.fi\/puutlahellamme\/wp-content\/uploads\/sites\/109\/2021\/11\/tutkimusryhma2-768x468.jpg 768w, https:\/\/blogs.uef.fi\/puutlahellamme\/wp-content\/uploads\/sites\/109\/2021\/11\/tutkimusryhma2.jpg 1200w\" sizes=\"auto, (max-width: 1024px) 100vw, 1024px\" \/><\/figure>\n\n\n<h1>Hulluina puihin<\/h1>\n<p>Puut l\u00e4hell\u00e4mme &#8211; hankkeen toteutuksesta vastaa monitieteinen ja -taiteinen ty\u00f6ryhm\u00e4, jossa on mukana luonnontieteilij\u00f6it\u00e4, humanisteja ja taiteilijoita.<\/p>\n<h2>Tieteellinen ty\u00f6ryhm\u00e4<\/h2>\n<p>\u00a0<\/p>\n<p><strong><img loading=\"lazy\" decoding=\"async\" class=\"size-full wp-image-764 alignleft\" src=\"https:\/\/blogs.uef.fi\/puutlahellamme\/wp-content\/uploads\/sites\/109\/2021\/11\/Eeva-Stiina_100x100.jpg\" alt=\"Professori Eeva-Stiina Tuittila\" width=\"100\" height=\"102\" \/>\u00a0<a href=\"https:\/\/uefconnect.uef.fi\/henkilo\/eeva-stiina.tuittila\/\" target=\"_blank\" rel=\"noopener noreferrer\">Eeva-Stiina Tuittila<\/a><\/strong> on mets\u00e4maatieteen professori sek\u00e4 Peat&amp;Trees \u2013 Suo- ja maaekologian tutkimusryhm\u00e4n johtaja It\u00e4-Suomen yliopistossa Joensuussa. H\u00e4n toimii Puut l\u00e4hell\u00e4mme -hankkeen johtajana. H\u00e4n on perehtynyt kasvien ja ekosysteemien tutkimukseen niiden toiminnallisten ominaisuuksien kautta. T\u00e4ss\u00e4 hankkeessa h\u00e4n yhdist\u00e4\u00e4 luonnontieteellist\u00e4 asiantuntemustaan ja kiinnostustaan puihin ja kirjallisuuteen.<\/p>\n<p>\u00a0<\/p>\n<p><a href=\"https:\/\/uefconnect.uef.fi\/henkilo\/aino.korrensalo\/\" target=\"_blank\" rel=\"noopener noreferrer\"><strong><img loading=\"lazy\" decoding=\"async\" class=\"size-full wp-image-761 alignleft\" src=\"https:\/\/blogs.uef.fi\/puutlahellamme\/wp-content\/uploads\/sites\/109\/2021\/11\/Aino_100x100.jpg\" alt=\"Biologi Aino Korrensalo\" width=\"106\" height=\"100\" \/>Aino Korrensalo<\/strong><\/a>\u00a0 on tutkijatohtori It\u00e4-Suomen yliopiston ymp\u00e4rist\u00f6- ja biotieteiden laitoksella. H\u00e4nen tutkimuksensa k\u00e4sittelee soiden hiilikaasuvirtoja ja kasvien toiminnallisia ominaisuuksia. H\u00e4nell\u00e4 on monipuolinen kokemus tieteen ja taiteen v\u00e4lisest\u00e4 yhteisty\u00f6st\u00e4.<\/p>\n<p>\u00a0<\/p>\n<p><strong><img loading=\"lazy\" decoding=\"async\" class=\"size-full wp-image-773 alignleft\" src=\"https:\/\/blogs.uef.fi\/puutlahellamme\/wp-content\/uploads\/sites\/109\/2021\/11\/Karoliina-100x100-1.jpg\" alt=\"kirjallisuuden tutkija Karoliina Lummaa\" width=\"101\" height=\"100\" \/><\/strong><a href=\"https:\/\/www.utu.fi\/fi\/ihmiset\/karoliina-lummaa\" target=\"_blank\" rel=\"noopener noreferrer\"><strong>Karoliina Lummaa<\/strong><\/a> on kirjallisuudentutkija, joka ty\u00f6skentelee Turun yliopistossa ja BIOS-tutkimusyksik\u00f6ss\u00e4. H\u00e4n tutkii ymp\u00e4rist\u00f6- ja luonnonvarakysymysten k\u00e4sittely\u00e4 nykytaiteessa ja laajemmin nykykulttuurissa.<\/p>\n<p>\u00a0<\/p>\n<p><strong><img loading=\"lazy\" decoding=\"async\" class=\"size-full wp-image-770 alignleft\" src=\"https:\/\/blogs.uef.fi\/puutlahellamme\/wp-content\/uploads\/sites\/109\/2021\/11\/Kaisa_100x100.jpg\" alt=\"Kulttuuriantropologi Kaisa Vainio\" width=\"100\" height=\"100\" \/><\/strong><a href=\"https:\/\/uefconnect.uef.fi\/henkilo\/kaisa.vainio\/\" target=\"_blank\" rel=\"noopener noreferrer\"><strong>Kaisa Vainio<\/strong><\/a> on v\u00e4it\u00f6skirjatutkija It\u00e4-Suomen yliopiston mets\u00e4tieteiden osastolla. H\u00e4nen v\u00e4it\u00f6skirjansa aiheena on suomalaisten kulttuurinen puusuhde. H\u00e4n vastaa aineistonkeruun k\u00e4yt\u00e4nn\u00f6n ty\u00f6st\u00e4 ja analyysist\u00e4 yhdess\u00e4 tutkimusryhm\u00e4n kanssa.. Taustaltaan h\u00e4n on kulttuuriantropologi joka on kiinnostunut ihmisi\u00e4 yhdist\u00e4vist\u00e4 kokemuksista niin luonnon kuin taiteenkin kautta.<\/p>\n<p>\u00a0<\/p>\n<p><strong><img loading=\"lazy\" decoding=\"async\" class=\"size-full wp-image-767 alignleft\" src=\"https:\/\/blogs.uef.fi\/puutlahellamme\/wp-content\/uploads\/sites\/109\/2021\/11\/Juul-100x100-1.jpg\" alt=\"Biologi Juul Limpeens\" width=\"100\" height=\"103\" \/><a href=\"https:\/\/www.wur.nl\/en\/Persons\/Juul-dr.-J-Juul-Limpens.htm\" target=\"_blank\" rel=\"noopener noreferrer\">Juul Limpens<\/a><\/strong> on kasviekologian yliopistolehtori Wageningen yliopistossa, Hollannissa. H\u00e4n ty\u00f6skentelee biogeokemian, hydrologian ja maaper\u00e4tieteen parissa. Limpens on aktiivisesti popularisoinut tutkimustuloksiaa taiteen avulla. H\u00e4n on esimerkiksi luonut yhteisty\u00f6ss\u00e4 ymp\u00e4rist\u00f6taiteilijoiden kanssa rakennettujen hiekkadyynien hankkeen Wind@work, jossa havainnollistetaan tuulen, meren, hiekan ja kasvien vuorovaikutuksia rannikolla tieteen ja taiteen keinoin.<\/p>\n<p>\u00a0<\/p>\n<p><strong><img loading=\"lazy\" decoding=\"async\" class=\"alignleft size-full wp-image-832\" src=\"https:\/\/blogs.uef.fi\/puutlahellamme\/wp-content\/uploads\/sites\/109\/2022\/12\/Tuomo_100x100.jpg\" alt=\"\" width=\"100\" height=\"100\" \/>Tuomo Takala<\/strong> on mets\u00e4politiikan tutkija ja kasviekologi, joka on ty\u00f6skennellyt p\u00e4\u00e4asiassa It\u00e4-Suomen yliopistossa. Viime vuodet h\u00e4n on tehnyt t\u00f6it\u00e4 mets\u00e4diskurssien parissa. Puut l\u00e4hell\u00e4mme -hankkeeseen h\u00e4n tuo kokemuksensa laadullisten ja m\u00e4\u00e4r\u00e4llisten menetelmien yhdist\u00e4misest\u00e4.<\/p>\n<p>\u00a0<\/p>\n<p><a href=\"https:\/\/www.utu.fi\/fi\/ihmiset\/lea-rojola\" target=\"_blank\" rel=\"noopener noreferrer\"><strong>Lea Rojola<\/strong><\/a> on Turun yliopiston Kotimaisen kirjallisuuden professori. H\u00e4nell\u00e4 on pitk\u00e4llinen asiantuntemus suomalaisen kirjallisuuden historiasta, monitieteisest\u00e4 ty\u00f6skentelyst\u00e4 sek\u00e4 luonnon ja kulttuurin suhteita koskevista kysymyksenasetteluista. T\u00e4ss\u00e4 hankkeessa h\u00e4n osallistuu eri l\u00e4hestymistapojen yhdist\u00e4miseen aineiston keruussa, tiede-taiden\u00e4yttelyn luomisessa ja aineiston analyysissa.<\/p>\n<h2>Taiteellinen ty\u00f6ryhm\u00e4<\/h2>\n<p>\u00a0<\/p>\n<p><a href=\"https:\/\/sakaripiippo.com\/\" target=\"_blank\" rel=\"noopener noreferrer\"><strong><img loading=\"lazy\" decoding=\"async\" class=\"size-full wp-image-779 alignleft\" src=\"https:\/\/blogs.uef.fi\/puutlahellamme\/wp-content\/uploads\/sites\/109\/2021\/11\/Sakari-100x100-1.jpg\" alt=\"Valokuvaaja Sakari Piippo\" width=\"100\" height=\"100\" \/>Sakari Piippo<\/strong><\/a> on Helsingiss\u00e4 toimiva kuvajournalisti ja dokumentaarinen valokuvaaja. Piippo on keskittynyt pitk\u00e4kestoisten dokumentaaristen hankkeiden tekemiseen. Puut l\u00e4hell\u00e4mme -hankkeessa Piippo tarkastelee valokuvan keinoin sek\u00e4 puuta ett\u00e4 ihmist\u00e4 yksil\u00f6in\u00e4. H\u00e4n osallistuu tiede-taiden\u00e4yttelyn luomiseen.<\/p>\n<p>\u00a0<\/p>\n<div id=\"attachment_785\" style=\"width: 160px\" class=\"wp-caption alignleft\"><img loading=\"lazy\" decoding=\"async\" aria-describedby=\"caption-attachment-785\" class=\"wp-image-785 size-thumbnail\" src=\"https:\/\/blogs.uef.fi\/puutlahellamme\/wp-content\/uploads\/sites\/109\/2021\/11\/P1017232-150x150.jpg\" alt=\"Band of Weedsin j\u00e4seni\u00e4 mets\u00e4ss\u00e4\" width=\"150\" height=\"150\" srcset=\"https:\/\/blogs.uef.fi\/puutlahellamme\/wp-content\/uploads\/sites\/109\/2021\/11\/P1017232-150x150.jpg 150w, https:\/\/blogs.uef.fi\/puutlahellamme\/wp-content\/uploads\/sites\/109\/2021\/11\/P1017232-100x100.jpg 100w\" sizes=\"auto, (max-width: 150px) 100vw, 150px\" \/><p id=\"caption-attachment-785\" class=\"wp-caption-text\">\u00a0<\/p><\/div>\n<p><strong><a href=\"http:\/\/beelsebub.org\/hamm-kamanger-band-of-weeds\" target=\"_blank\" rel=\"noopener noreferrer\">Kalle Hamm<\/a>, Olli Aarni, Lauri Ainala ja Hermanni Keko<\/strong> ovat \u00e4\u00e4nitaiteilijoita jotka muodostavat yhtyeen <strong>Band of Weeds<\/strong>. Hamm on osallistunut useisiin kotimaisiin ja kansainv\u00e4lisiin n\u00e4yttelyihin, tehnyt useita yhteis\u00f6llisi\u00e4 teoksia ja pohtinut teoksissaan ihmisen kasvisuhdetta. Aarni on pitk\u00e4n linjan ambient-muusikko, joka levytt\u00e4\u00e4 parhaillaan newyorkilaiselle Florabelle Recordsille. Ainala on tunnettu kansainv\u00e4list\u00e4 kulttimainetta nauttivasta Paavoharju-yhtyeest\u00e4\u00e4n. Keko on kuvataiteilija ja muusikko, joka tekee MA-tutkintoa Aalto-yliopiston Sound in New Media -ohjelmassa. Band of Weeds on julkaissut LP:n Other-Than-Human, 2017. T\u00e4ss\u00e4 hankkeessa Band of Weeds vastaa \u00e4\u00e4nitaideprojektista luomalla musiikkia puista nauhoittetuista \u00e4\u00e4nist\u00e4 ja osallistuu n\u00e4yttelyn luomiseen.<\/p>\n<p>\u00a0<\/p>\n\n\n<figure class=\"wp-block-image alignleft size-full\"><img loading=\"lazy\" decoding=\"async\" width=\"100\" height=\"100\" src=\"https:\/\/blogs.uef.fi\/puutlahellamme\/wp-content\/uploads\/sites\/109\/2022\/01\/Ulla-100x100-1.jpg\" alt=\"Kuraattori Ulla Taipale. Kuva: Jan Eerala 2021\" class=\"wp-image-809\" \/><figcaption class=\"wp-element-caption\">Kuva:Jan Eerala 2021<\/figcaption><\/figure>\n\n\n\n<p> <strong>Ulla Taipale<\/strong> on kuraattori, joka tuo ty\u00f6ss\u00e4\u00e4n yhteen taiteen ja tieteen tekij\u00f6it\u00e4 ja yhdistelee taiteita luonnontieteisiin ja luonnossa tapahtuviin prosesseihin ja ilmi\u00f6ihin. H\u00e4n on koulutukseltaan ymp\u00e4rist\u00f6tekniikan insin\u00f6\u00f6ri (SAMK) ja taiteen maisteri (Aalto ARTS). H\u00e4n ty\u00f6skentelee Helsingin yliopiston INAR-instituutissa <a href=\"https:\/\/eur03.safelinks.protection.outlook.com\/?url=http%3A%2F%2Fclimatewhirl.fi%2Fuutisia&amp;data=04%7C01%7C%7C022cfe1420734e9d47bd08d9e492d51c%7C87879f2e73044bf2baf263e7f83f3c34%7C0%7C0%7C637792141559280509%7CUnknown%7CTWFpbGZsb3d8eyJWIjoiMC4wLjAwMDAiLCJQIjoiV2luMzIiLCJBTiI6Ik1haWwiLCJXVCI6Mn0%3D%7C3000&amp;sdata=KdYYb%2B8o42dfskOb3wQDUlXzx7ZZKIooniQpQrHn324%3D&amp;reserved=0\" target=\"_blank\" rel=\"noreferrer noopener\">Ilmastopy\u00f6rre<\/a>-taideohjelman<br>kuraattorina ja on toiminut pitk\u00e4\u00e4n&nbsp;<a href=\"https:\/\/eur03.safelinks.protection.outlook.com\/?url=https%3A%2F%2Fmelliferopolis.net%2F&amp;data=04%7C01%7C%7C022cfe1420734e9d47bd08d9e492d51c%7C87879f2e73044bf2baf263e7f83f3c34%7C0%7C0%7C637792141559280509%7CUnknown%7CTWFpbGZsb3d8eyJWIjoiMC4wLjAwMDAiLCJQIjoiV2luMzIiLCJBTiI6Ik1haWwiLCJXVCI6Mn0%3D%7C3000&amp;sdata=Stmt8zqZKLFwFCjqPdR0aByYFDoNeCi15IEG0EfSAa8%3D&amp;reserved=0\" target=\"_blank\" rel=\"noreferrer noopener\">Melliferopolis<\/a>&nbsp;-hankkeessa.<\/p>\n","protected":false},"excerpt":{"rendered":"<p>Hulluina puihin Puut l\u00e4hell\u00e4mme &#8211; hankkeen toteutuksesta vastaa monitieteinen ja -taiteinen ty\u00f6ryhm\u00e4, jossa on mukana luonnontieteilij\u00f6it\u00e4, humanisteja ja taiteilijoita. Tieteellinen ty\u00f6ryhm\u00e4 \u00a0 \u00a0Eeva-Stiina Tuittila on mets\u00e4maatieteen professori sek\u00e4 Peat&amp;Trees \u2013 Suo- ja maaekologian tutkimusryhm\u00e4n johtaja It\u00e4-Suomen yliopistossa Joensuussa. H\u00e4n toimii Puut l\u00e4hell\u00e4mme -hankkeen johtajana. H\u00e4n on perehtynyt kasvien ja ekosysteemien tutkimukseen niiden toiminnallisten ominaisuuksien kautta. [&hellip;]<\/p>\n","protected":false},"author":265,"featured_media":0,"parent":0,"menu_order":0,"comment_status":"closed","ping_status":"closed","template":"","meta":{"_acf_changed":false,"footnotes":""},"class_list":["post-281","page","type-page","status-publish","hentry"],"acf":[],"yoast_head":"<!-- This site is optimized with the Yoast SEO plugin v27.3 - https:\/\/yoast.com\/product\/yoast-seo-wordpress\/ -->\n<title>Ty\u00f6ryhm\u00e4 | Trees Near Us - Puut l\u00e4hell\u00e4mme - Bomen Naast Ons<\/title>\n<meta name=\"description\" content=\"Puut l\u00e4hell\u00e4mme - hankkeen toteutuksesta vastaa monitieteinen ja -taiteinen ty\u00f6ryhm\u00e4, jossa on mukana luonnontieteilij\u00f6it\u00e4, humanisteja ja taiteilijoita.\" \/>\n<meta name=\"robots\" content=\"index, follow, max-snippet:-1, max-image-preview:large, max-video-preview:-1\" \/>\n<link rel=\"canonical\" href=\"https:\/\/blogs.uef.fi\/puutlahellamme\/tyoryhma\/\" \/>\n<meta property=\"og:locale\" content=\"fi_FI\" \/>\n<meta property=\"og:type\" content=\"article\" \/>\n<meta property=\"og:title\" content=\"Ty\u00f6ryhm\u00e4 | Trees Near Us - Puut l\u00e4hell\u00e4mme - Bomen Naast Ons\" \/>\n<meta property=\"og:description\" content=\"Puut l\u00e4hell\u00e4mme - hankkeen toteutuksesta vastaa monitieteinen ja -taiteinen ty\u00f6ryhm\u00e4, jossa on mukana luonnontieteilij\u00f6it\u00e4, humanisteja ja taiteilijoita.\" \/>\n<meta property=\"og:url\" content=\"https:\/\/blogs.uef.fi\/puutlahellamme\/tyoryhma\/\" \/>\n<meta property=\"og:site_name\" content=\"Trees Near Us - Puut l\u00e4hell\u00e4mme - Bomen Naast Ons\" \/>\n<meta property=\"article:modified_time\" content=\"2023-06-01T12:08:20+00:00\" \/>\n<meta property=\"og:image\" content=\"https:\/\/blogs.uef.fi\/puutlahellamme\/wp-content\/uploads\/sites\/109\/2021\/11\/tutkimusryhma2-1024x624.jpg\" \/>\n<meta name=\"twitter:card\" content=\"summary_large_image\" \/>\n<meta name=\"twitter:label1\" content=\"Arvioitu lukuaika\" \/>\n\t<meta name=\"twitter:data1\" content=\"5 minuuttia\" \/>\n<script type=\"application\/ld+json\" class=\"yoast-schema-graph\">{\"@context\":\"https:\\\/\\\/schema.org\",\"@graph\":[{\"@type\":\"WebPage\",\"@id\":\"https:\\\/\\\/blogs.uef.fi\\\/puutlahellamme\\\/tyoryhma\\\/\",\"url\":\"https:\\\/\\\/blogs.uef.fi\\\/puutlahellamme\\\/tyoryhma\\\/\",\"name\":\"Ty\u00f6ryhm\u00e4 | Trees Near Us - Puut l\u00e4hell\u00e4mme - Bomen Naast Ons\",\"isPartOf\":{\"@id\":\"https:\\\/\\\/blogs.uef.fi\\\/puutlahellamme\\\/#website\"},\"primaryImageOfPage\":{\"@id\":\"https:\\\/\\\/blogs.uef.fi\\\/puutlahellamme\\\/tyoryhma\\\/#primaryimage\"},\"image\":{\"@id\":\"https:\\\/\\\/blogs.uef.fi\\\/puutlahellamme\\\/tyoryhma\\\/#primaryimage\"},\"thumbnailUrl\":\"https:\\\/\\\/blogs.uef.fi\\\/puutlahellamme\\\/wp-content\\\/uploads\\\/sites\\\/109\\\/2021\\\/11\\\/tutkimusryhma2-1024x624.jpg\",\"datePublished\":\"2020-08-14T11:32:44+00:00\",\"dateModified\":\"2023-06-01T12:08:20+00:00\",\"description\":\"Puut l\u00e4hell\u00e4mme - hankkeen toteutuksesta vastaa monitieteinen ja -taiteinen ty\u00f6ryhm\u00e4, jossa on mukana luonnontieteilij\u00f6it\u00e4, humanisteja ja taiteilijoita.\",\"breadcrumb\":{\"@id\":\"https:\\\/\\\/blogs.uef.fi\\\/puutlahellamme\\\/tyoryhma\\\/#breadcrumb\"},\"inLanguage\":\"fi\",\"potentialAction\":[{\"@type\":\"ReadAction\",\"target\":[\"https:\\\/\\\/blogs.uef.fi\\\/puutlahellamme\\\/tyoryhma\\\/\"]}]},{\"@type\":\"ImageObject\",\"inLanguage\":\"fi\",\"@id\":\"https:\\\/\\\/blogs.uef.fi\\\/puutlahellamme\\\/tyoryhma\\\/#primaryimage\",\"url\":\"https:\\\/\\\/blogs.uef.fi\\\/puutlahellamme\\\/wp-content\\\/uploads\\\/sites\\\/109\\\/2021\\\/11\\\/tutkimusryhma2.jpg\",\"contentUrl\":\"https:\\\/\\\/blogs.uef.fi\\\/puutlahellamme\\\/wp-content\\\/uploads\\\/sites\\\/109\\\/2021\\\/11\\\/tutkimusryhma2.jpg\",\"width\":1200,\"height\":731,\"caption\":\"Projektiryhm\u00e4n j\u00e4seni\u00e4 nojailemassa puuhun. Kuvassa Kaisa Vainio, Aino Korrensalo, Eeva-Stiina Tuittila, Sakari Piippo, Kalle Hamm ja Karoliina Lummaa\"},{\"@type\":\"BreadcrumbList\",\"@id\":\"https:\\\/\\\/blogs.uef.fi\\\/puutlahellamme\\\/tyoryhma\\\/#breadcrumb\",\"itemListElement\":[{\"@type\":\"ListItem\",\"position\":1,\"name\":\"Home\",\"item\":\"https:\\\/\\\/blogs.uef.fi\\\/puutlahellamme\\\/\"},{\"@type\":\"ListItem\",\"position\":2,\"name\":\"Ty\u00f6ryhm\u00e4\"}]},{\"@type\":\"WebSite\",\"@id\":\"https:\\\/\\\/blogs.uef.fi\\\/puutlahellamme\\\/#website\",\"url\":\"https:\\\/\\\/blogs.uef.fi\\\/puutlahellamme\\\/\",\"name\":\"Puut l\u00e4hell\u00e4mme - tutkimushanke\",\"description\":\"\",\"publisher\":{\"@id\":\"https:\\\/\\\/blogs.uef.fi\\\/puutlahellamme\\\/#organization\"},\"potentialAction\":[{\"@type\":\"SearchAction\",\"target\":{\"@type\":\"EntryPoint\",\"urlTemplate\":\"https:\\\/\\\/blogs.uef.fi\\\/puutlahellamme\\\/?s={search_term_string}\"},\"query-input\":{\"@type\":\"PropertyValueSpecification\",\"valueRequired\":true,\"valueName\":\"search_term_string\"}}],\"inLanguage\":\"fi\"},{\"@type\":\"Organization\",\"@id\":\"https:\\\/\\\/blogs.uef.fi\\\/puutlahellamme\\\/#organization\",\"name\":\"Puut l\u00e4hell\u00e4mme-tutkimushanke\",\"url\":\"https:\\\/\\\/blogs.uef.fi\\\/puutlahellamme\\\/\",\"logo\":{\"@type\":\"ImageObject\",\"inLanguage\":\"fi\",\"@id\":\"https:\\\/\\\/blogs.uef.fi\\\/puutlahellamme\\\/#\\\/schema\\\/logo\\\/image\\\/\",\"url\":\"https:\\\/\\\/blogs.uef.fi\\\/puutlahellamme\\\/wp-content\\\/uploads\\\/sites\\\/109\\\/2019\\\/09\\\/profiilikuva.jpg\",\"contentUrl\":\"https:\\\/\\\/blogs.uef.fi\\\/puutlahellamme\\\/wp-content\\\/uploads\\\/sites\\\/109\\\/2019\\\/09\\\/profiilikuva.jpg\",\"width\":663,\"height\":546,\"caption\":\"Puut l\u00e4hell\u00e4mme-tutkimushanke\"},\"image\":{\"@id\":\"https:\\\/\\\/blogs.uef.fi\\\/puutlahellamme\\\/#\\\/schema\\\/logo\\\/image\\\/\"}}]}<\/script>\n<!-- \/ Yoast SEO plugin. -->","yoast_head_json":{"title":"Ty\u00f6ryhm\u00e4 | Trees Near Us - Puut l\u00e4hell\u00e4mme - Bomen Naast Ons","description":"Puut l\u00e4hell\u00e4mme - hankkeen toteutuksesta vastaa monitieteinen ja -taiteinen ty\u00f6ryhm\u00e4, jossa on mukana luonnontieteilij\u00f6it\u00e4, humanisteja ja taiteilijoita.","robots":{"index":"index","follow":"follow","max-snippet":"max-snippet:-1","max-image-preview":"max-image-preview:large","max-video-preview":"max-video-preview:-1"},"canonical":"https:\/\/blogs.uef.fi\/puutlahellamme\/tyoryhma\/","og_locale":"fi_FI","og_type":"article","og_title":"Ty\u00f6ryhm\u00e4 | Trees Near Us - Puut l\u00e4hell\u00e4mme - Bomen Naast Ons","og_description":"Puut l\u00e4hell\u00e4mme - hankkeen toteutuksesta vastaa monitieteinen ja -taiteinen ty\u00f6ryhm\u00e4, jossa on mukana luonnontieteilij\u00f6it\u00e4, humanisteja ja taiteilijoita.","og_url":"https:\/\/blogs.uef.fi\/puutlahellamme\/tyoryhma\/","og_site_name":"Trees Near Us - Puut l\u00e4hell\u00e4mme - Bomen Naast Ons","article_modified_time":"2023-06-01T12:08:20+00:00","og_image":[{"url":"https:\/\/blogs.uef.fi\/puutlahellamme\/wp-content\/uploads\/sites\/109\/2021\/11\/tutkimusryhma2-1024x624.jpg","type":"","width":"","height":""}],"twitter_card":"summary_large_image","twitter_misc":{"Arvioitu lukuaika":"5 minuuttia"},"schema":{"@context":"https:\/\/schema.org","@graph":[{"@type":"WebPage","@id":"https:\/\/blogs.uef.fi\/puutlahellamme\/tyoryhma\/","url":"https:\/\/blogs.uef.fi\/puutlahellamme\/tyoryhma\/","name":"Ty\u00f6ryhm\u00e4 | Trees Near Us - Puut l\u00e4hell\u00e4mme - Bomen Naast Ons","isPartOf":{"@id":"https:\/\/blogs.uef.fi\/puutlahellamme\/#website"},"primaryImageOfPage":{"@id":"https:\/\/blogs.uef.fi\/puutlahellamme\/tyoryhma\/#primaryimage"},"image":{"@id":"https:\/\/blogs.uef.fi\/puutlahellamme\/tyoryhma\/#primaryimage"},"thumbnailUrl":"https:\/\/blogs.uef.fi\/puutlahellamme\/wp-content\/uploads\/sites\/109\/2021\/11\/tutkimusryhma2-1024x624.jpg","datePublished":"2020-08-14T11:32:44+00:00","dateModified":"2023-06-01T12:08:20+00:00","description":"Puut l\u00e4hell\u00e4mme - hankkeen toteutuksesta vastaa monitieteinen ja -taiteinen ty\u00f6ryhm\u00e4, jossa on mukana luonnontieteilij\u00f6it\u00e4, humanisteja ja taiteilijoita.","breadcrumb":{"@id":"https:\/\/blogs.uef.fi\/puutlahellamme\/tyoryhma\/#breadcrumb"},"inLanguage":"fi","potentialAction":[{"@type":"ReadAction","target":["https:\/\/blogs.uef.fi\/puutlahellamme\/tyoryhma\/"]}]},{"@type":"ImageObject","inLanguage":"fi","@id":"https:\/\/blogs.uef.fi\/puutlahellamme\/tyoryhma\/#primaryimage","url":"https:\/\/blogs.uef.fi\/puutlahellamme\/wp-content\/uploads\/sites\/109\/2021\/11\/tutkimusryhma2.jpg","contentUrl":"https:\/\/blogs.uef.fi\/puutlahellamme\/wp-content\/uploads\/sites\/109\/2021\/11\/tutkimusryhma2.jpg","width":1200,"height":731,"caption":"Projektiryhm\u00e4n j\u00e4seni\u00e4 nojailemassa puuhun. Kuvassa Kaisa Vainio, Aino Korrensalo, Eeva-Stiina Tuittila, Sakari Piippo, Kalle Hamm ja Karoliina Lummaa"},{"@type":"BreadcrumbList","@id":"https:\/\/blogs.uef.fi\/puutlahellamme\/tyoryhma\/#breadcrumb","itemListElement":[{"@type":"ListItem","position":1,"name":"Home","item":"https:\/\/blogs.uef.fi\/puutlahellamme\/"},{"@type":"ListItem","position":2,"name":"Ty\u00f6ryhm\u00e4"}]},{"@type":"WebSite","@id":"https:\/\/blogs.uef.fi\/puutlahellamme\/#website","url":"https:\/\/blogs.uef.fi\/puutlahellamme\/","name":"Puut l\u00e4hell\u00e4mme - tutkimushanke","description":"","publisher":{"@id":"https:\/\/blogs.uef.fi\/puutlahellamme\/#organization"},"potentialAction":[{"@type":"SearchAction","target":{"@type":"EntryPoint","urlTemplate":"https:\/\/blogs.uef.fi\/puutlahellamme\/?s={search_term_string}"},"query-input":{"@type":"PropertyValueSpecification","valueRequired":true,"valueName":"search_term_string"}}],"inLanguage":"fi"},{"@type":"Organization","@id":"https:\/\/blogs.uef.fi\/puutlahellamme\/#organization","name":"Puut l\u00e4hell\u00e4mme-tutkimushanke","url":"https:\/\/blogs.uef.fi\/puutlahellamme\/","logo":{"@type":"ImageObject","inLanguage":"fi","@id":"https:\/\/blogs.uef.fi\/puutlahellamme\/#\/schema\/logo\/image\/","url":"https:\/\/blogs.uef.fi\/puutlahellamme\/wp-content\/uploads\/sites\/109\/2019\/09\/profiilikuva.jpg","contentUrl":"https:\/\/blogs.uef.fi\/puutlahellamme\/wp-content\/uploads\/sites\/109\/2019\/09\/profiilikuva.jpg","width":663,"height":546,"caption":"Puut l\u00e4hell\u00e4mme-tutkimushanke"},"image":{"@id":"https:\/\/blogs.uef.fi\/puutlahellamme\/#\/schema\/logo\/image\/"}}]}},"_links":{"self":[{"href":"https:\/\/blogs.uef.fi\/puutlahellamme\/wp-json\/wp\/v2\/pages\/281","targetHints":{"allow":["GET"]}}],"collection":[{"href":"https:\/\/blogs.uef.fi\/puutlahellamme\/wp-json\/wp\/v2\/pages"}],"about":[{"href":"https:\/\/blogs.uef.fi\/puutlahellamme\/wp-json\/wp\/v2\/types\/page"}],"author":[{"embeddable":true,"href":"https:\/\/blogs.uef.fi\/puutlahellamme\/wp-json\/wp\/v2\/users\/265"}],"replies":[{"embeddable":true,"href":"https:\/\/blogs.uef.fi\/puutlahellamme\/wp-json\/wp\/v2\/comments?post=281"}],"version-history":[{"count":1,"href":"https:\/\/blogs.uef.fi\/puutlahellamme\/wp-json\/wp\/v2\/pages\/281\/revisions"}],"predecessor-version":[{"id":899,"href":"https:\/\/blogs.uef.fi\/puutlahellamme\/wp-json\/wp\/v2\/pages\/281\/revisions\/899"}],"wp:attachment":[{"href":"https:\/\/blogs.uef.fi\/puutlahellamme\/wp-json\/wp\/v2\/media?parent=281"}],"curies":[{"name":"wp","href":"https:\/\/api.w.org\/{rel}","templated":true}]}}