{"version":"1.0","provider_name":"Puheenvuoroja","provider_url":"https:\/\/blogs.uef.fi\/puheenvuoroja","title":"Rasismia yliopistossako? - Puheenvuoroja","type":"rich","width":600,"height":338,"html":"<blockquote class=\"wp-embedded-content\" data-secret=\"6AYDVA6XPI\"><a href=\"https:\/\/blogs.uef.fi\/puheenvuoroja\/2020\/03\/17\/rasismia-yliopistossako\/\">Rasismia yliopistossako?<\/a><\/blockquote><iframe sandbox=\"allow-scripts\" security=\"restricted\" src=\"https:\/\/blogs.uef.fi\/puheenvuoroja\/2020\/03\/17\/rasismia-yliopistossako\/embed\/#?secret=6AYDVA6XPI\" width=\"600\" height=\"338\" title=\"&#8221;Rasismia yliopistossako?&#8221; &#8212; Puheenvuoroja\" data-secret=\"6AYDVA6XPI\" frameborder=\"0\" marginwidth=\"0\" marginheight=\"0\" scrolling=\"no\" class=\"wp-embedded-content\"><\/iframe><script type=\"text\/javascript\">\n\/* <![CDATA[ *\/\n\/*! This file is auto-generated *\/\n!function(d,l){\"use strict\";l.querySelector&&d.addEventListener&&\"undefined\"!=typeof URL&&(d.wp=d.wp||{},d.wp.receiveEmbedMessage||(d.wp.receiveEmbedMessage=function(e){var t=e.data;if((t||t.secret||t.message||t.value)&&!\/[^a-zA-Z0-9]\/.test(t.secret)){for(var s,r,n,a=l.querySelectorAll('iframe[data-secret=\"'+t.secret+'\"]'),o=l.querySelectorAll('blockquote[data-secret=\"'+t.secret+'\"]'),c=new RegExp(\"^https?:$\",\"i\"),i=0;i<o.length;i++)o[i].style.display=\"none\";for(i=0;i<a.length;i++)s=a[i],e.source===s.contentWindow&&(s.removeAttribute(\"style\"),\"height\"===t.message?(1e3<(r=parseInt(t.value,10))?r=1e3:~~r<200&&(r=200),s.height=r):\"link\"===t.message&&(r=new URL(s.getAttribute(\"src\")),n=new URL(t.value),c.test(n.protocol))&&n.host===r.host&&l.activeElement===s&&(d.top.location.href=t.value))}},d.addEventListener(\"message\",d.wp.receiveEmbedMessage,!1),l.addEventListener(\"DOMContentLoaded\",function(){for(var e,t,s=l.querySelectorAll(\"iframe.wp-embedded-content\"),r=0;r<s.length;r++)(t=(e=s[r]).getAttribute(\"data-secret\"))||(t=Math.random().toString(36).substring(2,12),e.src+=\"#?secret=\"+t,e.setAttribute(\"data-secret\",t)),e.contentWindow.postMessage({message:\"ready\",secret:t},\"*\")},!1)))}(window,document);\n\/\/# sourceURL=https:\/\/blogs.uef.fi\/puheenvuoroja\/wp-includes\/js\/wp-embed.min.js\n\/* ]]> *\/\n<\/script>\n","description":"Yle uutisoi alkuvuodesta opiskelijoiden kokemuksista rasismista yliopistossa. T\u00e4m\u00e4 tuli monelle yliopistolaiselle yll\u00e4tyksen\u00e4, muttei valitettavasti kaikille. T\u00e4st\u00e4 kertoo esimerkiksi se, ett\u00e4 Helsingin yliopistoon on perustettu uusi opiskelijaj\u00e4rjest\u00f6 Students Of Colour. SOCOn tarkoituksena on toimia voimauttavana yhteis\u00f6n\u00e4 etniseen tai n\u00e4kyv\u00e4\u00e4n v\u00e4hemmist\u00f6\u00f6n kuuluville opiskelijoille. Vastaavia kokemuksia kuulimme my\u00f6s, kun haastattelimme Marina Cafaron kanssa It\u00e4-Suomen yliopiston suomenkielisten koulutusohjelmien opiskelijoita, [&hellip;]","thumbnail_url":"https:\/\/blogs.uef.fi\/puheenvuoroja\/wp-content\/uploads\/sites\/6\/2020\/01\/Souto-Anne-Mari_3666.jpg","thumbnail_width":105,"thumbnail_height":155}