{"version":"1.0","provider_name":"Puheenvuoroja","provider_url":"https:\/\/blogs.uef.fi\/puheenvuoroja","title":"Olenko min\u00e4 tullut rasismilaan? - Puheenvuoroja","type":"rich","width":600,"height":338,"html":"<blockquote class=\"wp-embedded-content\" data-secret=\"pVsvjMnArp\"><a href=\"https:\/\/blogs.uef.fi\/puheenvuoroja\/2016\/08\/26\/olenko-mina-tullut-rasismilaan\/\">Olenko min\u00e4 tullut rasismilaan?<\/a><\/blockquote><iframe sandbox=\"allow-scripts\" security=\"restricted\" src=\"https:\/\/blogs.uef.fi\/puheenvuoroja\/2016\/08\/26\/olenko-mina-tullut-rasismilaan\/embed\/#?secret=pVsvjMnArp\" width=\"600\" height=\"338\" title=\"&#8221;Olenko min\u00e4 tullut rasismilaan?&#8221; &#8212; Puheenvuoroja\" data-secret=\"pVsvjMnArp\" frameborder=\"0\" marginwidth=\"0\" marginheight=\"0\" scrolling=\"no\" class=\"wp-embedded-content\"><\/iframe><script type=\"text\/javascript\">\n\/* <![CDATA[ *\/\n\/*! This file is auto-generated *\/\n!function(d,l){\"use strict\";l.querySelector&&d.addEventListener&&\"undefined\"!=typeof URL&&(d.wp=d.wp||{},d.wp.receiveEmbedMessage||(d.wp.receiveEmbedMessage=function(e){var t=e.data;if((t||t.secret||t.message||t.value)&&!\/[^a-zA-Z0-9]\/.test(t.secret)){for(var s,r,n,a=l.querySelectorAll('iframe[data-secret=\"'+t.secret+'\"]'),o=l.querySelectorAll('blockquote[data-secret=\"'+t.secret+'\"]'),c=new RegExp(\"^https?:$\",\"i\"),i=0;i<o.length;i++)o[i].style.display=\"none\";for(i=0;i<a.length;i++)s=a[i],e.source===s.contentWindow&&(s.removeAttribute(\"style\"),\"height\"===t.message?(1e3<(r=parseInt(t.value,10))?r=1e3:~~r<200&&(r=200),s.height=r):\"link\"===t.message&&(r=new URL(s.getAttribute(\"src\")),n=new URL(t.value),c.test(n.protocol))&&n.host===r.host&&l.activeElement===s&&(d.top.location.href=t.value))}},d.addEventListener(\"message\",d.wp.receiveEmbedMessage,!1),l.addEventListener(\"DOMContentLoaded\",function(){for(var e,t,s=l.querySelectorAll(\"iframe.wp-embedded-content\"),r=0;r<s.length;r++)(t=(e=s[r]).getAttribute(\"data-secret\"))||(t=Math.random().toString(36).substring(2,12),e.src+=\"#?secret=\"+t,e.setAttribute(\"data-secret\",t)),e.contentWindow.postMessage({message:\"ready\",secret:t},\"*\")},!1)))}(window,document);\n\/\/# sourceURL=https:\/\/blogs.uef.fi\/puheenvuoroja\/wp-includes\/js\/wp-embed.min.js\n\/* ]]> *\/\n<\/script>\n","description":"Joensuu on ajoittain noussut julkisuuteen rasismin takia. T\u00e4t\u00e4 kirjoitettaessa viimeisin tapahtuma on It\u00e4-Suomen yliopiston Joensuun kampuksella levitellyt islamin vastaiset lappuset. Niiss\u00e4 on mainittu nimelt\u00e4 suomalainen tutkija, joka uutisen mukaan \u201don ollut mukana maahanmuuttomy\u00f6nteisess\u00e4 toiminnassa\u201d. En ryhdy arvailemaan, mit\u00e4 \u201dmaahanmuuttomy\u00f6nteinen toiminta\u201d tarkoittaa. Ymm\u00e4rr\u00e4n, ett\u00e4 ymp\u00e4ripy\u00f6rell\u00e4 ilmaisulla halutaan est\u00e4\u00e4 tutkijan tunnistaminen. Mietin sen sijaan, miksi islamin vastaisuus [&hellip;]","thumbnail_url":"https:\/\/blogs.uef.fi\/puheenvuoroja\/wp-content\/uploads\/sites\/6\/2016\/08\/Blogiin_laitila_teuvo.jpg","thumbnail_width":105,"thumbnail_height":127}