{"id":377,"date":"2020-03-19T12:43:32","date_gmt":"2020-03-19T12:43:32","guid":{"rendered":"https:\/\/blogs.uef.fi\/oppimisanalytiikanriskiarvio\/?page_id=377"},"modified":"2023-09-18T14:32:42","modified_gmt":"2023-09-18T11:32:42","slug":"julkinen-vallankaytto","status":"publish","type":"page","link":"https:\/\/blogs.uef.fi\/oppimisanalytiikanriskiarvio\/potentiaalisten-riskien-tunnistaminen\/i-kasittelyn-luonne\/julkinen-vallankaytto\/","title":{"rendered":"Julkinen vallank\u00e4ytt\u00f6"},"content":{"rendered":"\n<h1 class=\"wp-block-heading\">Julkinen vallank\u00e4ytt\u00f6<\/h1>\n\n\n\n<p>Perustuslain 2 \u00a7:n mukaan julkisen vallank\u00e4yt\u00f6n tulee perustua lakiin.<\/p>\n\n\n\n<p>Julkiseen vallank\u00e4ytt\u00f6\u00f6n luetaan perustuslain esit\u00f6iden mukaan sellaiset norminanto-, laink\u00e4ytt\u00f6- ja hallintop\u00e4\u00e4t\u00f6kset, jotka tehd\u00e4\u00e4n yksipuolisesti ja joiden vaikutus ulottuu yksityisiin oikeussubjekteihin. Toinen keskeinen julkisen vallank\u00e4yt\u00f6n muoto on voimakeinojen k\u00e4ytt\u00e4minen ulkopuolisiin n\u00e4hden. Julkista vallank\u00e4ytt\u00f6\u00e4 on tarkasteltava aina omassa kontekstissaan (Oppimisanalytiikassa siis: julkisyhteis\u00f6n ja rekisterinpit\u00e4j\u00e4n, eli yliopiston, suhde rekister\u00f6ityyn, eli opiskelijaan).<\/p>\n\n\n\n<p>Oppimisanalytiikan k\u00e4ytt\u00f6\u00f6n voi liitty\u00e4 julkisen vallank\u00e4ytt\u00f6\u00e4 l\u00e4hinn\u00e4 hallintop\u00e4\u00e4t\u00f6sten tekemisen tai muuhun t\u00e4h\u00e4n rinnastuvan ratkaisun muodossa. Riippuu siis siit\u00e4, mik\u00e4 on oppimisanalytiikan k\u00e4ytt\u00f6tapaus, ja liittyyk\u00f6 siihen esimerkiksi opiskelijoita koskevien hallintop\u00e4\u00e4t\u00f6sten tekemist\u00e4 tai n\u00e4ihin rinnastuvia ratkaisuja.<\/p>\n","protected":false},"excerpt":{"rendered":"<p>Julkinen vallank\u00e4ytt\u00f6 Perustuslain 2 \u00a7:n mukaan julkisen vallank\u00e4yt\u00f6n tulee perustua lakiin. Julkiseen vallank\u00e4ytt\u00f6\u00f6n luetaan perustuslain esit\u00f6iden mukaan sellaiset norminanto-, laink\u00e4ytt\u00f6- ja hallintop\u00e4\u00e4t\u00f6kset, jotka tehd\u00e4\u00e4n yksipuolisesti ja joiden vaikutus ulottuu yksityisiin oikeussubjekteihin. Toinen keskeinen julkisen vallank\u00e4yt\u00f6n muoto on voimakeinojen k\u00e4ytt\u00e4minen ulkopuolisiin n\u00e4hden. Julkista vallank\u00e4ytt\u00f6\u00e4 on tarkasteltava aina omassa kontekstissaan (Oppimisanalytiikassa siis: julkisyhteis\u00f6n ja rekisterinpit\u00e4j\u00e4n, eli yliopiston, [&hellip;]<\/p>\n","protected":false},"author":343,"featured_media":0,"parent":130,"menu_order":0,"comment_status":"closed","ping_status":"closed","template":"","meta":{"_acf_changed":false,"footnotes":""},"class_list":["post-377","page","type-page","status-publish","hentry"],"acf":[],"yoast_head":"<!-- This site is optimized with the Yoast SEO plugin v27.3 - https:\/\/yoast.com\/product\/yoast-seo-wordpress\/ -->\n<title>Julkinen vallank\u00e4ytt\u00f6 - Oppimisanalytiikan riskiarvioty\u00f6kalu<\/title>\n<meta name=\"robots\" content=\"index, follow, max-snippet:-1, max-image-preview:large, max-video-preview:-1\" \/>\n<link rel=\"canonical\" href=\"https:\/\/blogs.uef.fi\/oppimisanalytiikanriskiarvio\/potentiaalisten-riskien-tunnistaminen\/i-kasittelyn-luonne\/julkinen-vallankaytto\/\" \/>\n<meta property=\"og:locale\" content=\"fi_FI\" \/>\n<meta property=\"og:type\" content=\"article\" \/>\n<meta property=\"og:title\" content=\"Julkinen vallank\u00e4ytt\u00f6 - Oppimisanalytiikan riskiarvioty\u00f6kalu\" \/>\n<meta property=\"og:description\" content=\"Julkinen vallank\u00e4ytt\u00f6 Perustuslain 2 \u00a7:n mukaan julkisen vallank\u00e4yt\u00f6n tulee perustua lakiin. Julkiseen vallank\u00e4ytt\u00f6\u00f6n luetaan perustuslain esit\u00f6iden mukaan sellaiset norminanto-, laink\u00e4ytt\u00f6- ja hallintop\u00e4\u00e4t\u00f6kset, jotka tehd\u00e4\u00e4n yksipuolisesti ja joiden vaikutus ulottuu yksityisiin oikeussubjekteihin. Toinen keskeinen julkisen vallank\u00e4yt\u00f6n muoto on voimakeinojen k\u00e4ytt\u00e4minen ulkopuolisiin n\u00e4hden. Julkista vallank\u00e4ytt\u00f6\u00e4 on tarkasteltava aina omassa kontekstissaan (Oppimisanalytiikassa siis: julkisyhteis\u00f6n ja rekisterinpit\u00e4j\u00e4n, eli yliopiston, [&hellip;]\" \/>\n<meta property=\"og:url\" content=\"https:\/\/blogs.uef.fi\/oppimisanalytiikanriskiarvio\/potentiaalisten-riskien-tunnistaminen\/i-kasittelyn-luonne\/julkinen-vallankaytto\/\" \/>\n<meta property=\"og:site_name\" content=\"Oppimisanalytiikan riskiarvioty\u00f6kalu\" \/>\n<meta property=\"article:modified_time\" content=\"2023-09-18T11:32:42+00:00\" \/>\n<meta name=\"twitter:card\" content=\"summary_large_image\" \/>\n<meta name=\"twitter:label1\" content=\"Arvioitu lukuaika\" \/>\n\t<meta name=\"twitter:data1\" content=\"1 minuutti\" \/>\n<script type=\"application\/ld+json\" class=\"yoast-schema-graph\">{\"@context\":\"https:\\\/\\\/schema.org\",\"@graph\":[{\"@type\":\"WebPage\",\"@id\":\"https:\\\/\\\/blogs.uef.fi\\\/oppimisanalytiikanriskiarvio\\\/potentiaalisten-riskien-tunnistaminen\\\/i-kasittelyn-luonne\\\/julkinen-vallankaytto\\\/\",\"url\":\"https:\\\/\\\/blogs.uef.fi\\\/oppimisanalytiikanriskiarvio\\\/potentiaalisten-riskien-tunnistaminen\\\/i-kasittelyn-luonne\\\/julkinen-vallankaytto\\\/\",\"name\":\"Julkinen vallank\u00e4ytt\u00f6 - Oppimisanalytiikan riskiarvioty\u00f6kalu\",\"isPartOf\":{\"@id\":\"https:\\\/\\\/blogs.uef.fi\\\/oppimisanalytiikanriskiarvio\\\/#website\"},\"datePublished\":\"2020-03-19T12:43:32+00:00\",\"dateModified\":\"2023-09-18T11:32:42+00:00\",\"breadcrumb\":{\"@id\":\"https:\\\/\\\/blogs.uef.fi\\\/oppimisanalytiikanriskiarvio\\\/potentiaalisten-riskien-tunnistaminen\\\/i-kasittelyn-luonne\\\/julkinen-vallankaytto\\\/#breadcrumb\"},\"inLanguage\":\"fi\",\"potentialAction\":[{\"@type\":\"ReadAction\",\"target\":[\"https:\\\/\\\/blogs.uef.fi\\\/oppimisanalytiikanriskiarvio\\\/potentiaalisten-riskien-tunnistaminen\\\/i-kasittelyn-luonne\\\/julkinen-vallankaytto\\\/\"]}]},{\"@type\":\"BreadcrumbList\",\"@id\":\"https:\\\/\\\/blogs.uef.fi\\\/oppimisanalytiikanriskiarvio\\\/potentiaalisten-riskien-tunnistaminen\\\/i-kasittelyn-luonne\\\/julkinen-vallankaytto\\\/#breadcrumb\",\"itemListElement\":[{\"@type\":\"ListItem\",\"position\":1,\"name\":\"Home\",\"item\":\"https:\\\/\\\/blogs.uef.fi\\\/oppimisanalytiikanriskiarvio\\\/\"},{\"@type\":\"ListItem\",\"position\":2,\"name\":\"2. Potentiaalisten riskien tunnistaminen\",\"item\":\"https:\\\/\\\/blogs.uef.fi\\\/oppimisanalytiikanriskiarvio\\\/potentiaalisten-riskien-tunnistaminen\\\/\"},{\"@type\":\"ListItem\",\"position\":3,\"name\":\"I K\u00c4SITTELYN LUONNE\",\"item\":\"https:\\\/\\\/blogs.uef.fi\\\/oppimisanalytiikanriskiarvio\\\/potentiaalisten-riskien-tunnistaminen\\\/i-kasittelyn-luonne\\\/\"},{\"@type\":\"ListItem\",\"position\":4,\"name\":\"Julkinen vallank\u00e4ytt\u00f6\"}]},{\"@type\":\"WebSite\",\"@id\":\"https:\\\/\\\/blogs.uef.fi\\\/oppimisanalytiikanriskiarvio\\\/#website\",\"url\":\"https:\\\/\\\/blogs.uef.fi\\\/oppimisanalytiikanriskiarvio\\\/\",\"name\":\"Oppimisanalytiikan riskiarvioty\u00f6kalu\",\"description\":\"\",\"potentialAction\":[{\"@type\":\"SearchAction\",\"target\":{\"@type\":\"EntryPoint\",\"urlTemplate\":\"https:\\\/\\\/blogs.uef.fi\\\/oppimisanalytiikanriskiarvio\\\/?s={search_term_string}\"},\"query-input\":{\"@type\":\"PropertyValueSpecification\",\"valueRequired\":true,\"valueName\":\"search_term_string\"}}],\"inLanguage\":\"fi\"}]}<\/script>\n<!-- \/ Yoast SEO plugin. -->","yoast_head_json":{"title":"Julkinen vallank\u00e4ytt\u00f6 - Oppimisanalytiikan riskiarvioty\u00f6kalu","robots":{"index":"index","follow":"follow","max-snippet":"max-snippet:-1","max-image-preview":"max-image-preview:large","max-video-preview":"max-video-preview:-1"},"canonical":"https:\/\/blogs.uef.fi\/oppimisanalytiikanriskiarvio\/potentiaalisten-riskien-tunnistaminen\/i-kasittelyn-luonne\/julkinen-vallankaytto\/","og_locale":"fi_FI","og_type":"article","og_title":"Julkinen vallank\u00e4ytt\u00f6 - Oppimisanalytiikan riskiarvioty\u00f6kalu","og_description":"Julkinen vallank\u00e4ytt\u00f6 Perustuslain 2 \u00a7:n mukaan julkisen vallank\u00e4yt\u00f6n tulee perustua lakiin. Julkiseen vallank\u00e4ytt\u00f6\u00f6n luetaan perustuslain esit\u00f6iden mukaan sellaiset norminanto-, laink\u00e4ytt\u00f6- ja hallintop\u00e4\u00e4t\u00f6kset, jotka tehd\u00e4\u00e4n yksipuolisesti ja joiden vaikutus ulottuu yksityisiin oikeussubjekteihin. Toinen keskeinen julkisen vallank\u00e4yt\u00f6n muoto on voimakeinojen k\u00e4ytt\u00e4minen ulkopuolisiin n\u00e4hden. Julkista vallank\u00e4ytt\u00f6\u00e4 on tarkasteltava aina omassa kontekstissaan (Oppimisanalytiikassa siis: julkisyhteis\u00f6n ja rekisterinpit\u00e4j\u00e4n, eli yliopiston, [&hellip;]","og_url":"https:\/\/blogs.uef.fi\/oppimisanalytiikanriskiarvio\/potentiaalisten-riskien-tunnistaminen\/i-kasittelyn-luonne\/julkinen-vallankaytto\/","og_site_name":"Oppimisanalytiikan riskiarvioty\u00f6kalu","article_modified_time":"2023-09-18T11:32:42+00:00","twitter_card":"summary_large_image","twitter_misc":{"Arvioitu lukuaika":"1 minuutti"},"schema":{"@context":"https:\/\/schema.org","@graph":[{"@type":"WebPage","@id":"https:\/\/blogs.uef.fi\/oppimisanalytiikanriskiarvio\/potentiaalisten-riskien-tunnistaminen\/i-kasittelyn-luonne\/julkinen-vallankaytto\/","url":"https:\/\/blogs.uef.fi\/oppimisanalytiikanriskiarvio\/potentiaalisten-riskien-tunnistaminen\/i-kasittelyn-luonne\/julkinen-vallankaytto\/","name":"Julkinen vallank\u00e4ytt\u00f6 - Oppimisanalytiikan riskiarvioty\u00f6kalu","isPartOf":{"@id":"https:\/\/blogs.uef.fi\/oppimisanalytiikanriskiarvio\/#website"},"datePublished":"2020-03-19T12:43:32+00:00","dateModified":"2023-09-18T11:32:42+00:00","breadcrumb":{"@id":"https:\/\/blogs.uef.fi\/oppimisanalytiikanriskiarvio\/potentiaalisten-riskien-tunnistaminen\/i-kasittelyn-luonne\/julkinen-vallankaytto\/#breadcrumb"},"inLanguage":"fi","potentialAction":[{"@type":"ReadAction","target":["https:\/\/blogs.uef.fi\/oppimisanalytiikanriskiarvio\/potentiaalisten-riskien-tunnistaminen\/i-kasittelyn-luonne\/julkinen-vallankaytto\/"]}]},{"@type":"BreadcrumbList","@id":"https:\/\/blogs.uef.fi\/oppimisanalytiikanriskiarvio\/potentiaalisten-riskien-tunnistaminen\/i-kasittelyn-luonne\/julkinen-vallankaytto\/#breadcrumb","itemListElement":[{"@type":"ListItem","position":1,"name":"Home","item":"https:\/\/blogs.uef.fi\/oppimisanalytiikanriskiarvio\/"},{"@type":"ListItem","position":2,"name":"2. Potentiaalisten riskien tunnistaminen","item":"https:\/\/blogs.uef.fi\/oppimisanalytiikanriskiarvio\/potentiaalisten-riskien-tunnistaminen\/"},{"@type":"ListItem","position":3,"name":"I K\u00c4SITTELYN LUONNE","item":"https:\/\/blogs.uef.fi\/oppimisanalytiikanriskiarvio\/potentiaalisten-riskien-tunnistaminen\/i-kasittelyn-luonne\/"},{"@type":"ListItem","position":4,"name":"Julkinen vallank\u00e4ytt\u00f6"}]},{"@type":"WebSite","@id":"https:\/\/blogs.uef.fi\/oppimisanalytiikanriskiarvio\/#website","url":"https:\/\/blogs.uef.fi\/oppimisanalytiikanriskiarvio\/","name":"Oppimisanalytiikan riskiarvioty\u00f6kalu","description":"","potentialAction":[{"@type":"SearchAction","target":{"@type":"EntryPoint","urlTemplate":"https:\/\/blogs.uef.fi\/oppimisanalytiikanriskiarvio\/?s={search_term_string}"},"query-input":{"@type":"PropertyValueSpecification","valueRequired":true,"valueName":"search_term_string"}}],"inLanguage":"fi"}]}},"_links":{"self":[{"href":"https:\/\/blogs.uef.fi\/oppimisanalytiikanriskiarvio\/wp-json\/wp\/v2\/pages\/377","targetHints":{"allow":["GET"]}}],"collection":[{"href":"https:\/\/blogs.uef.fi\/oppimisanalytiikanriskiarvio\/wp-json\/wp\/v2\/pages"}],"about":[{"href":"https:\/\/blogs.uef.fi\/oppimisanalytiikanriskiarvio\/wp-json\/wp\/v2\/types\/page"}],"author":[{"embeddable":true,"href":"https:\/\/blogs.uef.fi\/oppimisanalytiikanriskiarvio\/wp-json\/wp\/v2\/users\/343"}],"replies":[{"embeddable":true,"href":"https:\/\/blogs.uef.fi\/oppimisanalytiikanriskiarvio\/wp-json\/wp\/v2\/comments?post=377"}],"version-history":[{"count":2,"href":"https:\/\/blogs.uef.fi\/oppimisanalytiikanriskiarvio\/wp-json\/wp\/v2\/pages\/377\/revisions"}],"predecessor-version":[{"id":1152,"href":"https:\/\/blogs.uef.fi\/oppimisanalytiikanriskiarvio\/wp-json\/wp\/v2\/pages\/377\/revisions\/1152"}],"up":[{"embeddable":true,"href":"https:\/\/blogs.uef.fi\/oppimisanalytiikanriskiarvio\/wp-json\/wp\/v2\/pages\/130"}],"wp:attachment":[{"href":"https:\/\/blogs.uef.fi\/oppimisanalytiikanriskiarvio\/wp-json\/wp\/v2\/media?parent=377"}],"curies":[{"name":"wp","href":"https:\/\/api.w.org\/{rel}","templated":true}]}}