{"id":130,"date":"2020-03-11T11:52:03","date_gmt":"2020-03-11T11:52:03","guid":{"rendered":"https:\/\/blogs.uef.fi\/oppimisanalytiikanriskiarvio\/?page_id=130"},"modified":"2023-09-18T10:30:41","modified_gmt":"2023-09-18T07:30:41","slug":"i-kasittelyn-luonne","status":"publish","type":"page","link":"https:\/\/blogs.uef.fi\/oppimisanalytiikanriskiarvio\/potentiaalisten-riskien-tunnistaminen\/i-kasittelyn-luonne\/","title":{"rendered":"I K\u00c4SITTELYN LUONNE"},"content":{"rendered":"\n<h1 class=\"wp-block-heading\"><strong>OSIO I: TIETOJEN K\u00c4SITTELYN LUONNE<\/strong><\/h1>\n\n\n\n<h2 class=\"wp-block-heading\"><strong>K\u00e4sitelt\u00e4v\u00e4t tiedot<\/strong><\/h2>\n\n\n\n<ol class=\"wp-block-list\">\n<li>K\u00e4sitell\u00e4\u00e4nk\u00f6<a href=\"https:\/\/blogs.uef.fi\/oppimisanalytiikanriskiarvio\/i-kasittelyn-luonne\/erityinen-henkilotietoryhma\/\" target=\"_blank\" rel=\"noopener noreferrer\"> erityisiin henkil\u00f6tietoryhmiin<\/a> kuuluvia tietoja?<\/li>\n<\/ol>\n\n\n\n<p><em>Ei \/ <a href=\"https:\/\/blogs.uef.fi\/oppimisanalytiikanriskiarvio\/riskia-potentiaalisesti-lisaavien-tekijoiden-analyysi\/\" target=\"_blank\" rel=\"noopener noreferrer\">Kyll\u00e4 (potentiaalinen riski, laadi tarkempi kuvaus)<\/a><\/em><\/p>\n\n\n\n<ol class=\"wp-block-list\" start=\"2\">\n<li>K\u00e4sitell\u00e4\u00e4nk\u00f6<a href=\"https:\/\/blogs.uef.fi\/oppimisanalytiikanriskiarvio\/i-kasittelyn-luonne\/salassa-pidettavat-tiedot\/\" target=\"_blank\" rel=\"noopener noreferrer\"> salassa pidett\u00e4vi\u00e4 tietoja<\/a>?<\/li>\n<\/ol>\n\n\n\n<p><em>Ei \/ <a href=\"https:\/\/blogs.uef.fi\/oppimisanalytiikanriskiarvio\/riskia-potentiaalisesti-lisaavien-tekijoiden-analyysi\/\" target=\"_blank\" rel=\"noopener noreferrer\">Kyll\u00e4 (potentiaalinen riski, laadi tarkempi kuvaus)<\/a><\/em><\/p>\n\n\n\n<h2 class=\"wp-block-heading\"><strong>Rekister\u00f6idyn oikeudet<\/strong><\/h2>\n\n\n\n<ol class=\"wp-block-list\" start=\"3\">\n<li>Onko rekister\u00f6idyn oikeus saada k\u00e4sittelyst\u00e4<a href=\"https:\/\/blogs.uef.fi\/oppimisanalytiikanriskiarvio\/potentiaalisten-riskien-tunnistaminen\/i-kasittelyn-luonne\/selkeakielinen-ja-helposti-ymmarrettava-informaatio\/\" target=\"_blank\" rel=\"noopener noreferrer\"> selke\u00e4kielist\u00e4 ja helposti ymm\u00e4rrett\u00e4v\u00e4\u00e4 informaatiota<\/a> turvattu riitt\u00e4v\u00e4ll\u00e4 tasolla?<\/li>\n<\/ol>\n\n\n\n<p><em>Kyll\u00e4 \/ <a href=\"https:\/\/blogs.uef.fi\/oppimisanalytiikanriskiarvio\/riskia-potentiaalisesti-lisaavien-tekijoiden-analyysi\/\" target=\"_blank\" rel=\"noopener noreferrer\">Ei (potentiaalinen riski, laadi tarkempi kuvaus)<\/a><\/em><\/p>\n\n\n\n<ol class=\"wp-block-list\" start=\"4\">\n<li>Onko rekister\u00f6idyn <a href=\"https:\/\/blogs.uef.fi\/oppimisanalytiikanriskiarvio\/potentiaalisten-riskien-tunnistaminen\/i-kasittelyn-luonne\/oikeus-tutustua-tietoihinsa\/\" target=\"_blank\" rel=\"noopener noreferrer\">oikeudesta tutustua tietoihinsa<\/a> huolehdittu riitt\u00e4v\u00e4ll\u00e4 tasolla?<\/li>\n<\/ol>\n\n\n\n<p><em>Kyll\u00e4 \/ <a href=\"https:\/\/blogs.uef.fi\/oppimisanalytiikanriskiarvio\/riskia-potentiaalisesti-lisaavien-tekijoiden-analyysi\/\" target=\"_blank\" rel=\"noopener noreferrer\">Ei (potentiaalinen riski, laadi tarkempi kuvaus)<\/a><\/em><\/p>\n\n\n\n<ol class=\"wp-block-list\" start=\"5\">\n<li>Onko rekister\u00f6idyn muut oikeudet, kuten <a href=\"https:\/\/blogs.uef.fi\/oppimisanalytiikanriskiarvio\/potentiaalisten-riskien-tunnistaminen\/i-kasittelyn-luonne\/oikeus-vastustaa-kasittelya\/\" target=\"_blank\" rel=\"noopener noreferrer\">oikeus vastustaa k\u00e4sittely\u00e4<\/a>, huomioitu riitt\u00e4v\u00e4ll\u00e4 tasolla?<\/li>\n<\/ol>\n\n\n\n<p><em>Kyll\u00e4 \/ <a href=\"https:\/\/blogs.uef.fi\/oppimisanalytiikanriskiarvio\/riskia-potentiaalisesti-lisaavien-tekijoiden-analyysi\/\" target=\"_blank\" rel=\"noopener noreferrer\">Ei (potentiaalinen riski, laadi tarkempi kuvaus)<\/a><\/em><\/p>\n\n\n\n<ol class=\"wp-block-list\" start=\"6\">\n<li>Onko suunniteltu k\u00e4sittely rekister\u00f6idyn kannalta odotettavissa (k\u00e4sittelyn \u201dyll\u00e4tt\u00e4vyys\u201d opiskelijalle on minimoitu)?<\/li>\n<\/ol>\n\n\n\n<p><em>Kyll\u00e4 \/ <a href=\"https:\/\/blogs.uef.fi\/oppimisanalytiikanriskiarvio\/riskia-potentiaalisesti-lisaavien-tekijoiden-analyysi\/\" target=\"_blank\" rel=\"noopener noreferrer\">Ei (potentiaalinen riski, laadi tarkempi kuvaus)<\/a><\/em><\/p>\n\n\n\n<h2 class=\"wp-block-heading\"><strong>Uusi teknologia ja innovaatiot<\/strong><\/h2>\n\n\n\n<ol class=\"wp-block-list\" start=\"7\">\n<li>Onko tarkoitus k\u00e4ytt\u00e4\u00e4 uusia teknologioita ja innovaatioita, joiden riskej\u00e4 ja toimintaa ei v\u00e4ltt\u00e4m\u00e4tt\u00e4 tunneta viel\u00e4 erityisen tarkkaan?<\/li>\n<\/ol>\n\n\n\n<p><em>Ei \/ <a href=\"https:\/\/blogs.uef.fi\/oppimisanalytiikanriskiarvio\/riskia-potentiaalisesti-lisaavien-tekijoiden-analyysi\/\" target=\"_blank\" rel=\"noopener noreferrer\">Kyll\u00e4 (potentiaalinen riski, laadi tarkempi kuvaus)<\/a><\/em><\/p>\n\n\n\n<h2 class=\"wp-block-heading\"><strong>Rekister\u00f6ity \u2013 rekisterinpit\u00e4j\u00e4 &#8211; suhde<\/strong><\/h2>\n\n\n\n<ol class=\"wp-block-list\" start=\"8\">\n<li>J\u00e4\u00e4k\u00f6 suunniteltu k\u00e4sittely <a href=\"https:\/\/blogs.uef.fi\/oppimisanalytiikanriskiarvio\/potentiaalisten-riskien-tunnistaminen\/i-kasittelyn-luonne\/julkinen-vallankaytto\/\" target=\"_blank\" rel=\"noopener noreferrer\">julkisen vallank\u00e4yt\u00f6n<\/a> ulkopuolelle?<\/li>\n<\/ol>\n\n\n\n<p><em>Kyll\u00e4 \/ <a href=\"https:\/\/blogs.uef.fi\/oppimisanalytiikanriskiarvio\/riskia-potentiaalisesti-lisaavien-tekijoiden-analyysi\/\" target=\"_blank\" rel=\"noopener noreferrer\">Ei (potentiaalinen riski, laadi tarkempi kuvaus)<\/a><\/em><\/p>\n\n\n\n<ol class=\"wp-block-list\" start=\"9\">\n<li>Onko opiskelijalla, objektiivisesti arvioiden, mahdollisuus vaikuttaa siihen, millaista tietoa h\u00e4nest\u00e4 ker\u00e4t\u00e4\u00e4n ja miten sit\u00e4 k\u00e4sitell\u00e4\u00e4n?<\/li>\n<\/ol>\n\n\n\n<p><em>Kyll\u00e4 \/ <a href=\"https:\/\/blogs.uef.fi\/oppimisanalytiikanriskiarvio\/riskia-potentiaalisesti-lisaavien-tekijoiden-analyysi\/\" target=\"_blank\" rel=\"noopener noreferrer\">Ei (potentiaalinen riski, laadi tarkempi kuvaus)<\/a><\/em><\/p>\n","protected":false},"excerpt":{"rendered":"<p>OSIO I: TIETOJEN K\u00c4SITTELYN LUONNE K\u00e4sitelt\u00e4v\u00e4t tiedot Ei \/ Kyll\u00e4 (potentiaalinen riski, laadi tarkempi kuvaus) Ei \/ Kyll\u00e4 (potentiaalinen riski, laadi tarkempi kuvaus) Rekister\u00f6idyn oikeudet Kyll\u00e4 \/ Ei (potentiaalinen riski, laadi tarkempi kuvaus) Kyll\u00e4 \/ Ei (potentiaalinen riski, laadi tarkempi kuvaus) Kyll\u00e4 \/ Ei (potentiaalinen riski, laadi tarkempi kuvaus) Kyll\u00e4 \/ Ei (potentiaalinen riski, laadi [&hellip;]<\/p>\n","protected":false},"author":341,"featured_media":0,"parent":121,"menu_order":1,"comment_status":"closed","ping_status":"closed","template":"","meta":{"_acf_changed":false,"footnotes":""},"class_list":["post-130","page","type-page","status-publish","hentry"],"acf":[],"yoast_head":"<!-- This site is optimized with the Yoast SEO plugin v27.3 - https:\/\/yoast.com\/product\/yoast-seo-wordpress\/ -->\n<title>I K\u00c4SITTELYN LUONNE - Oppimisanalytiikan riskiarvioty\u00f6kalu<\/title>\n<meta name=\"robots\" content=\"index, follow, max-snippet:-1, max-image-preview:large, max-video-preview:-1\" \/>\n<link rel=\"canonical\" href=\"https:\/\/blogs.uef.fi\/oppimisanalytiikanriskiarvio\/potentiaalisten-riskien-tunnistaminen\/i-kasittelyn-luonne\/\" \/>\n<meta property=\"og:locale\" content=\"fi_FI\" \/>\n<meta property=\"og:type\" content=\"article\" \/>\n<meta property=\"og:title\" content=\"I K\u00c4SITTELYN LUONNE - Oppimisanalytiikan riskiarvioty\u00f6kalu\" \/>\n<meta property=\"og:description\" content=\"OSIO I: TIETOJEN K\u00c4SITTELYN LUONNE K\u00e4sitelt\u00e4v\u00e4t tiedot Ei \/ Kyll\u00e4 (potentiaalinen riski, laadi tarkempi kuvaus) Ei \/ Kyll\u00e4 (potentiaalinen riski, laadi tarkempi kuvaus) Rekister\u00f6idyn oikeudet Kyll\u00e4 \/ Ei (potentiaalinen riski, laadi tarkempi kuvaus) Kyll\u00e4 \/ Ei (potentiaalinen riski, laadi tarkempi kuvaus) Kyll\u00e4 \/ Ei (potentiaalinen riski, laadi tarkempi kuvaus) Kyll\u00e4 \/ Ei (potentiaalinen riski, laadi [&hellip;]\" \/>\n<meta property=\"og:url\" content=\"https:\/\/blogs.uef.fi\/oppimisanalytiikanriskiarvio\/potentiaalisten-riskien-tunnistaminen\/i-kasittelyn-luonne\/\" \/>\n<meta property=\"og:site_name\" content=\"Oppimisanalytiikan riskiarvioty\u00f6kalu\" \/>\n<meta property=\"article:modified_time\" content=\"2023-09-18T07:30:41+00:00\" \/>\n<meta name=\"twitter:card\" content=\"summary_large_image\" \/>\n<meta name=\"twitter:label1\" content=\"Arvioitu lukuaika\" \/>\n\t<meta name=\"twitter:data1\" content=\"2 minuuttia\" \/>\n<script type=\"application\/ld+json\" class=\"yoast-schema-graph\">{\"@context\":\"https:\\\/\\\/schema.org\",\"@graph\":[{\"@type\":\"WebPage\",\"@id\":\"https:\\\/\\\/blogs.uef.fi\\\/oppimisanalytiikanriskiarvio\\\/potentiaalisten-riskien-tunnistaminen\\\/i-kasittelyn-luonne\\\/\",\"url\":\"https:\\\/\\\/blogs.uef.fi\\\/oppimisanalytiikanriskiarvio\\\/potentiaalisten-riskien-tunnistaminen\\\/i-kasittelyn-luonne\\\/\",\"name\":\"I K\u00c4SITTELYN LUONNE - Oppimisanalytiikan riskiarvioty\u00f6kalu\",\"isPartOf\":{\"@id\":\"https:\\\/\\\/blogs.uef.fi\\\/oppimisanalytiikanriskiarvio\\\/#website\"},\"datePublished\":\"2020-03-11T11:52:03+00:00\",\"dateModified\":\"2023-09-18T07:30:41+00:00\",\"breadcrumb\":{\"@id\":\"https:\\\/\\\/blogs.uef.fi\\\/oppimisanalytiikanriskiarvio\\\/potentiaalisten-riskien-tunnistaminen\\\/i-kasittelyn-luonne\\\/#breadcrumb\"},\"inLanguage\":\"fi\",\"potentialAction\":[{\"@type\":\"ReadAction\",\"target\":[\"https:\\\/\\\/blogs.uef.fi\\\/oppimisanalytiikanriskiarvio\\\/potentiaalisten-riskien-tunnistaminen\\\/i-kasittelyn-luonne\\\/\"]}]},{\"@type\":\"BreadcrumbList\",\"@id\":\"https:\\\/\\\/blogs.uef.fi\\\/oppimisanalytiikanriskiarvio\\\/potentiaalisten-riskien-tunnistaminen\\\/i-kasittelyn-luonne\\\/#breadcrumb\",\"itemListElement\":[{\"@type\":\"ListItem\",\"position\":1,\"name\":\"Home\",\"item\":\"https:\\\/\\\/blogs.uef.fi\\\/oppimisanalytiikanriskiarvio\\\/\"},{\"@type\":\"ListItem\",\"position\":2,\"name\":\"2. Potentiaalisten riskien tunnistaminen\",\"item\":\"https:\\\/\\\/blogs.uef.fi\\\/oppimisanalytiikanriskiarvio\\\/potentiaalisten-riskien-tunnistaminen\\\/\"},{\"@type\":\"ListItem\",\"position\":3,\"name\":\"I K\u00c4SITTELYN LUONNE\"}]},{\"@type\":\"WebSite\",\"@id\":\"https:\\\/\\\/blogs.uef.fi\\\/oppimisanalytiikanriskiarvio\\\/#website\",\"url\":\"https:\\\/\\\/blogs.uef.fi\\\/oppimisanalytiikanriskiarvio\\\/\",\"name\":\"Oppimisanalytiikan riskiarvioty\u00f6kalu\",\"description\":\"\",\"potentialAction\":[{\"@type\":\"SearchAction\",\"target\":{\"@type\":\"EntryPoint\",\"urlTemplate\":\"https:\\\/\\\/blogs.uef.fi\\\/oppimisanalytiikanriskiarvio\\\/?s={search_term_string}\"},\"query-input\":{\"@type\":\"PropertyValueSpecification\",\"valueRequired\":true,\"valueName\":\"search_term_string\"}}],\"inLanguage\":\"fi\"}]}<\/script>\n<!-- \/ Yoast SEO plugin. -->","yoast_head_json":{"title":"I K\u00c4SITTELYN LUONNE - Oppimisanalytiikan riskiarvioty\u00f6kalu","robots":{"index":"index","follow":"follow","max-snippet":"max-snippet:-1","max-image-preview":"max-image-preview:large","max-video-preview":"max-video-preview:-1"},"canonical":"https:\/\/blogs.uef.fi\/oppimisanalytiikanriskiarvio\/potentiaalisten-riskien-tunnistaminen\/i-kasittelyn-luonne\/","og_locale":"fi_FI","og_type":"article","og_title":"I K\u00c4SITTELYN LUONNE - Oppimisanalytiikan riskiarvioty\u00f6kalu","og_description":"OSIO I: TIETOJEN K\u00c4SITTELYN LUONNE K\u00e4sitelt\u00e4v\u00e4t tiedot Ei \/ Kyll\u00e4 (potentiaalinen riski, laadi tarkempi kuvaus) Ei \/ Kyll\u00e4 (potentiaalinen riski, laadi tarkempi kuvaus) Rekister\u00f6idyn oikeudet Kyll\u00e4 \/ Ei (potentiaalinen riski, laadi tarkempi kuvaus) Kyll\u00e4 \/ Ei (potentiaalinen riski, laadi tarkempi kuvaus) Kyll\u00e4 \/ Ei (potentiaalinen riski, laadi tarkempi kuvaus) Kyll\u00e4 \/ Ei (potentiaalinen riski, laadi [&hellip;]","og_url":"https:\/\/blogs.uef.fi\/oppimisanalytiikanriskiarvio\/potentiaalisten-riskien-tunnistaminen\/i-kasittelyn-luonne\/","og_site_name":"Oppimisanalytiikan riskiarvioty\u00f6kalu","article_modified_time":"2023-09-18T07:30:41+00:00","twitter_card":"summary_large_image","twitter_misc":{"Arvioitu lukuaika":"2 minuuttia"},"schema":{"@context":"https:\/\/schema.org","@graph":[{"@type":"WebPage","@id":"https:\/\/blogs.uef.fi\/oppimisanalytiikanriskiarvio\/potentiaalisten-riskien-tunnistaminen\/i-kasittelyn-luonne\/","url":"https:\/\/blogs.uef.fi\/oppimisanalytiikanriskiarvio\/potentiaalisten-riskien-tunnistaminen\/i-kasittelyn-luonne\/","name":"I K\u00c4SITTELYN LUONNE - Oppimisanalytiikan riskiarvioty\u00f6kalu","isPartOf":{"@id":"https:\/\/blogs.uef.fi\/oppimisanalytiikanriskiarvio\/#website"},"datePublished":"2020-03-11T11:52:03+00:00","dateModified":"2023-09-18T07:30:41+00:00","breadcrumb":{"@id":"https:\/\/blogs.uef.fi\/oppimisanalytiikanriskiarvio\/potentiaalisten-riskien-tunnistaminen\/i-kasittelyn-luonne\/#breadcrumb"},"inLanguage":"fi","potentialAction":[{"@type":"ReadAction","target":["https:\/\/blogs.uef.fi\/oppimisanalytiikanriskiarvio\/potentiaalisten-riskien-tunnistaminen\/i-kasittelyn-luonne\/"]}]},{"@type":"BreadcrumbList","@id":"https:\/\/blogs.uef.fi\/oppimisanalytiikanriskiarvio\/potentiaalisten-riskien-tunnistaminen\/i-kasittelyn-luonne\/#breadcrumb","itemListElement":[{"@type":"ListItem","position":1,"name":"Home","item":"https:\/\/blogs.uef.fi\/oppimisanalytiikanriskiarvio\/"},{"@type":"ListItem","position":2,"name":"2. Potentiaalisten riskien tunnistaminen","item":"https:\/\/blogs.uef.fi\/oppimisanalytiikanriskiarvio\/potentiaalisten-riskien-tunnistaminen\/"},{"@type":"ListItem","position":3,"name":"I K\u00c4SITTELYN LUONNE"}]},{"@type":"WebSite","@id":"https:\/\/blogs.uef.fi\/oppimisanalytiikanriskiarvio\/#website","url":"https:\/\/blogs.uef.fi\/oppimisanalytiikanriskiarvio\/","name":"Oppimisanalytiikan riskiarvioty\u00f6kalu","description":"","potentialAction":[{"@type":"SearchAction","target":{"@type":"EntryPoint","urlTemplate":"https:\/\/blogs.uef.fi\/oppimisanalytiikanriskiarvio\/?s={search_term_string}"},"query-input":{"@type":"PropertyValueSpecification","valueRequired":true,"valueName":"search_term_string"}}],"inLanguage":"fi"}]}},"_links":{"self":[{"href":"https:\/\/blogs.uef.fi\/oppimisanalytiikanriskiarvio\/wp-json\/wp\/v2\/pages\/130","targetHints":{"allow":["GET"]}}],"collection":[{"href":"https:\/\/blogs.uef.fi\/oppimisanalytiikanriskiarvio\/wp-json\/wp\/v2\/pages"}],"about":[{"href":"https:\/\/blogs.uef.fi\/oppimisanalytiikanriskiarvio\/wp-json\/wp\/v2\/types\/page"}],"author":[{"embeddable":true,"href":"https:\/\/blogs.uef.fi\/oppimisanalytiikanriskiarvio\/wp-json\/wp\/v2\/users\/341"}],"replies":[{"embeddable":true,"href":"https:\/\/blogs.uef.fi\/oppimisanalytiikanriskiarvio\/wp-json\/wp\/v2\/comments?post=130"}],"version-history":[{"count":2,"href":"https:\/\/blogs.uef.fi\/oppimisanalytiikanriskiarvio\/wp-json\/wp\/v2\/pages\/130\/revisions"}],"predecessor-version":[{"id":1131,"href":"https:\/\/blogs.uef.fi\/oppimisanalytiikanriskiarvio\/wp-json\/wp\/v2\/pages\/130\/revisions\/1131"}],"up":[{"embeddable":true,"href":"https:\/\/blogs.uef.fi\/oppimisanalytiikanriskiarvio\/wp-json\/wp\/v2\/pages\/121"}],"wp:attachment":[{"href":"https:\/\/blogs.uef.fi\/oppimisanalytiikanriskiarvio\/wp-json\/wp\/v2\/media?parent=130"}],"curies":[{"name":"wp","href":"https:\/\/api.w.org\/{rel}","templated":true}]}}