{"version":"1.0","provider_name":"OIKEUTTA KOHTUUDELLA \u2013 THE BLOG OF UEF LAW SCHOOL","provider_url":"https:\/\/blogs.uef.fi\/oikeuttakohtuudella","title":"Ihmisarvon j\u00e4ljill\u00e4 Sveitsiss\u00e4 - OIKEUTTA KOHTUUDELLA \u2013 THE BLOG OF UEF LAW SCHOOL","type":"rich","width":600,"height":338,"html":"<blockquote class=\"wp-embedded-content\" data-secret=\"1m8MLhtwR5\"><a href=\"https:\/\/blogs.uef.fi\/oikeuttakohtuudella\/2019\/09\/25\/ihmisarvon-jaljilla-sveitsissa\/\">Ihmisarvon j\u00e4ljill\u00e4 Sveitsiss\u00e4<\/a><\/blockquote><iframe sandbox=\"allow-scripts\" security=\"restricted\" src=\"https:\/\/blogs.uef.fi\/oikeuttakohtuudella\/2019\/09\/25\/ihmisarvon-jaljilla-sveitsissa\/embed\/#?secret=1m8MLhtwR5\" width=\"600\" height=\"338\" title=\"&#8221;Ihmisarvon j\u00e4ljill\u00e4 Sveitsiss\u00e4&#8221; &#8212; OIKEUTTA KOHTUUDELLA \u2013 THE BLOG OF UEF LAW SCHOOL\" data-secret=\"1m8MLhtwR5\" frameborder=\"0\" marginwidth=\"0\" marginheight=\"0\" scrolling=\"no\" class=\"wp-embedded-content\"><\/iframe><script type=\"text\/javascript\">\n\/* <![CDATA[ *\/\n\/*! This file is auto-generated *\/\n!function(d,l){\"use strict\";l.querySelector&&d.addEventListener&&\"undefined\"!=typeof URL&&(d.wp=d.wp||{},d.wp.receiveEmbedMessage||(d.wp.receiveEmbedMessage=function(e){var t=e.data;if((t||t.secret||t.message||t.value)&&!\/[^a-zA-Z0-9]\/.test(t.secret)){for(var s,r,n,a=l.querySelectorAll('iframe[data-secret=\"'+t.secret+'\"]'),o=l.querySelectorAll('blockquote[data-secret=\"'+t.secret+'\"]'),c=new RegExp(\"^https?:$\",\"i\"),i=0;i<o.length;i++)o[i].style.display=\"none\";for(i=0;i<a.length;i++)s=a[i],e.source===s.contentWindow&&(s.removeAttribute(\"style\"),\"height\"===t.message?(1e3<(r=parseInt(t.value,10))?r=1e3:~~r<200&&(r=200),s.height=r):\"link\"===t.message&&(r=new URL(s.getAttribute(\"src\")),n=new URL(t.value),c.test(n.protocol))&&n.host===r.host&&l.activeElement===s&&(d.top.location.href=t.value))}},d.addEventListener(\"message\",d.wp.receiveEmbedMessage,!1),l.addEventListener(\"DOMContentLoaded\",function(){for(var e,t,s=l.querySelectorAll(\"iframe.wp-embedded-content\"),r=0;r<s.length;r++)(t=(e=s[r]).getAttribute(\"data-secret\"))||(t=Math.random().toString(36).substring(2,12),e.src+=\"#?secret=\"+t,e.setAttribute(\"data-secret\",t)),e.contentWindow.postMessage({message:\"ready\",secret:t},\"*\")},!1)))}(window,document);\n\/\/# sourceURL=https:\/\/blogs.uef.fi\/oikeuttakohtuudella\/wp-includes\/js\/wp-embed.min.js\n\/* ]]> *\/\n<\/script>\n","description":"Maija Aalto-Heinil\u00e4 &amp; Hanna-Maria NiemiAalto-Heinil\u00e4 on oikeusfilosofian yliopistonlehtori ja Niemi tutkija\u00a0It\u00e4-Suomen yliopiston oikeustieteiden laitoksella. \u00a0Yksi t\u00e4m\u00e4n hetken t\u00e4rkeimmist\u00e4 k\u00e4sitteist\u00e4 oikeusteoriassa ja -filosofiassa sek\u00e4 bioetiikassa on ihmisarvo. T\u00e4st\u00e4 kertoo esimerkiksi se, ett\u00e4 t\u00e4n\u00e4 vuonna ihmisarvon k\u00e4site oli p\u00e4\u00e4teemana niin Law &amp; Society&#8211; j\u00e4rjest\u00f6n Yhdysvalloissa j\u00e4rjestetyss\u00e4 maailmankongressissa[1], kuin IVR:n (Internationale Vereinigung f\u00fcr Rechts- und Sozialphilosophie) Sveitsin Luzernissa [&hellip;]","thumbnail_url":"https:\/\/blogs.uef.fi\/oikeuttakohtuudella\/wp-content\/uploads\/sites\/9\/2019\/09\/Maija_Aalto-Heinila.jpg","thumbnail_width":100,"thumbnail_height":130}