{"version":"1.0","provider_name":"Kaupungit Ruotsin suurvallan it\u00e4rajalla -blogi","provider_url":"https:\/\/blogs.uef.fi\/kaupungit-ruotsin-suurvallan-itarajalla","title":"Projekti satujen saarilla - Kaupungit Ruotsin suurvallan it\u00e4rajalla -blogi","type":"rich","width":600,"height":338,"html":"<blockquote class=\"wp-embedded-content\" data-secret=\"BTxvZj58L6\"><a href=\"https:\/\/blogs.uef.fi\/kaupungit-ruotsin-suurvallan-itarajalla\/2025\/09\/02\/projekti-satujen-saarilla\/\">Projekti satujen saarilla<\/a><\/blockquote><iframe sandbox=\"allow-scripts\" security=\"restricted\" src=\"https:\/\/blogs.uef.fi\/kaupungit-ruotsin-suurvallan-itarajalla\/2025\/09\/02\/projekti-satujen-saarilla\/embed\/#?secret=BTxvZj58L6\" width=\"600\" height=\"338\" title=\"&#8221;Projekti satujen saarilla&#8221; &#8212; Kaupungit Ruotsin suurvallan it\u00e4rajalla -blogi\" data-secret=\"BTxvZj58L6\" frameborder=\"0\" marginwidth=\"0\" marginheight=\"0\" scrolling=\"no\" class=\"wp-embedded-content\"><\/iframe><script type=\"text\/javascript\">\n\/* <![CDATA[ *\/\n\/*! This file is auto-generated *\/\n!function(d,l){\"use strict\";l.querySelector&&d.addEventListener&&\"undefined\"!=typeof URL&&(d.wp=d.wp||{},d.wp.receiveEmbedMessage||(d.wp.receiveEmbedMessage=function(e){var t=e.data;if((t||t.secret||t.message||t.value)&&!\/[^a-zA-Z0-9]\/.test(t.secret)){for(var s,r,n,a=l.querySelectorAll('iframe[data-secret=\"'+t.secret+'\"]'),o=l.querySelectorAll('blockquote[data-secret=\"'+t.secret+'\"]'),c=new RegExp(\"^https?:$\",\"i\"),i=0;i<o.length;i++)o[i].style.display=\"none\";for(i=0;i<a.length;i++)s=a[i],e.source===s.contentWindow&&(s.removeAttribute(\"style\"),\"height\"===t.message?(1e3<(r=parseInt(t.value,10))?r=1e3:~~r<200&&(r=200),s.height=r):\"link\"===t.message&&(r=new URL(s.getAttribute(\"src\")),n=new URL(t.value),c.test(n.protocol))&&n.host===r.host&&l.activeElement===s&&(d.top.location.href=t.value))}},d.addEventListener(\"message\",d.wp.receiveEmbedMessage,!1),l.addEventListener(\"DOMContentLoaded\",function(){for(var e,t,s=l.querySelectorAll(\"iframe.wp-embedded-content\"),r=0;r<s.length;r++)(t=(e=s[r]).getAttribute(\"data-secret\"))||(t=Math.random().toString(36).substring(2,12),e.src+=\"#?secret=\"+t,e.setAttribute(\"data-secret\",t)),e.contentWindow.postMessage({message:\"ready\",secret:t},\"*\")},!1)))}(window,document);\n\/\/# sourceURL=https:\/\/blogs.uef.fi\/kaupungit-ruotsin-suurvallan-itarajalla\/wp-includes\/js\/wp-embed.min.js\n\/* ]]> *\/\n<\/script>\n","description":"J\u00e4rjestyksess\u00e4\u00e4n 31. pohjoismaiset historioitsijap\u00e4iv\u00e4t (Det Nordiska Historikerm\u00f6tet) j\u00e4rjestettiin elokuun puoliv\u00e4liss\u00e4 Islannissa Reykjavikissa. Projektistamme Kimmo, Jenni, Antti ja Kasper osallistuivat t\u00e4h\u00e4n aina niin mainioon konferenssiin. Projektillamme oli konferenssin perjantaip\u00e4iv\u00e4n\u00e4 oma sessio \u201dPower structures and social networks in pre-industrial Nordic small towns.\u201d Projektistamme esitykset pitiv\u00e4t Jenni, Antti ja Kasper. Itse toimin session puheenjohtajana, p\u00e4\u00e4sin siis muita helpommalla. [&hellip;]","thumbnail_url":"https:\/\/blogs.uef.fi\/kaupungit-ruotsin-suurvallan-itarajalla\/wp-content\/uploads\/sites\/209\/2025\/09\/NHM-reykjavik-merovuo-1-scaled.jpg","thumbnail_width":2560,"thumbnail_height":956}