{"id":5410,"date":"2022-05-16T08:39:47","date_gmt":"2022-05-16T05:39:47","guid":{"rendered":"https:\/\/blogs.uef.fi\/karjalanelvytys\/?page_id=5410"},"modified":"2022-09-01T12:44:32","modified_gmt":"2022-09-01T09:44:32","slug":"opastusvideot-livvinkarjala","status":"publish","type":"page","link":"https:\/\/blogs.uef.fi\/karjalanelvytys\/opastusvideot-livvinkarjala\/","title":{"rendered":"Opastusvideot livvinkarjala"},"content":{"rendered":"<h2>Unis da mierol \u2013 Monolouguteatrua livvinkarjalakse<\/h2>\n<p>Timoi Munnen koskettai monologuozutelmu kierd\u00e4y Suomie sygyzyl 2021, sanellen Hyrzyl\u00e4n pienen briha\u010dun kazvandukerdomustu suomekse pagizijas yhteskunnas. T\u00e4s videos kuuluu se\u017eo suomen kieldy.<\/p>\n<p>Timoi Munnen koskettava monologin\u00e4ytelm\u00e4 kiert\u00e4\u00e4 Suomea syksyll\u00e4 2021, kertoen Hyrsyl\u00e4n pikkupojan kasvukertomuksen suomea puhuvassa yhteiskunnassa. T\u00e4ss\u00e4 videossa kuullaan my\u00f6s suomen kielt\u00e4.<\/p>\n<p>&nbsp;<\/p>\n<iframe loading=\"lazy\" src=\"https:\/\/uef.cloud.panopto.eu\/Panopto\/Pages\/Embed.aspx?id=ce70fc72-13ba-440c-a3b5-afe6013096a6&autoplay=false&offerviewer=false&showtitle=false&showbrand=false&captions=true&interactivity=search\" height=\"405\" width=\"720\" style=\"border: 1px solid #464646;\" allowfullscreen allow=\"autoplay\"><\/iframe>\n<p>&nbsp;<\/p>\n<h2>Karjalankielizet uudizet roitah nenga<\/h2>\n<p><span lang=\"fi-FI\">Karjalankielizii uudizii on kuultu jo sei\u010d\u010die vuottu. Net ollah Ylen uudizii, kudamii ki\u00e4nd\u00e4y da lugou karjalakse Natalia Giloeva, karjalazilleh Hiloin Natoi. Uudizii ki\u00e4nd\u00e4jes puaksuh pid\u00e4y luadie uuttu sanastuo. Toi\u010di p\u00e4tt\u00e4vien sanavastinehien e\u010dind\u00e4s da azundas ker\u00e4l ollah muutgi. Videos abuniekannu on Timoi Munne. H\u00e4i ker\u00e4i er\u00e4hii suomenkielizii sanoi, kuduat voijah tulla vastah uudizis. Nyg\u00f6i hy\u00f6 yhtes mietit\u00e4h, mittustu sanavastinehtu vois luadie. Puaksuzeh N<\/span><span lang=\"sms-FI\">atoi<\/span><span lang=\"fi-FI\"> pid\u00e4y omal Facebook-sivul Kuibo parem karjalakse -kyzelyy, kuduah suau sanaehoituksii suurembas joukos. Natoi ylen suvai\u010d\u010dou ne\u010did\u00e4 uudisruaduo. <\/span><a href=\"https:\/\/areena.yle.fi\/audio\/1-50072788\">Linku Ylen karjalankielizih radivouudizih<\/a>. <a href=\"https:\/\/yle.fi\/uutiset\/18-44136\">Linku Ylen karjalankielizih kirjutuksih<\/a>.<\/p>\n<p>Karjalankielisi\u00e4 uutisia on ollut Yleisradion ohjelmistossa jo seitsem\u00e4n vuoden ajan. Ne on YLEn materiaalista k\u00e4\u00e4nt\u00e4nyt ja lukenut Natalia Giloeva, Hiloin Natoi.\u00a0 V\u00e4lill\u00e4 h\u00e4n hankkii yhteisty\u00f6kumppaneita uudissanojen ja sanavastineiden kehittelyyn. Videolla apuniekkana on Timoi Munne, joka ker\u00e4si joukon uutisty\u00f6ss\u00e4 mahdollisesti tarvittavia suomenkielisi\u00e4 sanoja, joita mietittiin yhdess\u00e4. Toisinaan Natalia tekee my\u00f6s laajemmalle joukolle Kuibo parem karjalakse -kyselyj\u00e4. Natoin mielest\u00e4 uutisty\u00f6 on varsin antoisaa.<span lang=\"fi-FI\"> <a href=\"https:\/\/areena.yle.fi\/audio\/1-50072788\">Linkki Ylen karjalankielisiin radiouutisiin<\/a>. <a href=\"https:\/\/yle.fi\/uutiset\/18-44136\">Linkki Ylen karjalankielisiin tekstiuutisiin<\/a>.<\/span><\/p>\n<p>&nbsp;<\/p>\n<iframe loading=\"lazy\" src=\"https:\/\/uef.cloud.panopto.eu\/Panopto\/Pages\/Embed.aspx?id=dbe78185-4b0a-4888-b49a-afe6010e9d20&autoplay=false&offerviewer=false&showtitle=false&showbrand=false&captions=true&interactivity=search\" height=\"405\" width=\"720\" style=\"border: 1px solid #464646;\" allowfullscreen allow=\"autoplay\"><\/iframe>\n<p>&nbsp;<\/p>\n<h2><span lang=\"fi-FI\">Hairiehved\u00e4j\u00e4t sanat: \u00e4l\u00e4 \u00f6nt\u00e4sty<\/span><\/h2>\n<p><span lang=\"fi-FI\">L\u00e4h\u00e4zis sugukielis olettelou moizii sanoi, kuduat ozutetahes buitegu samazikse da yhtenjyttymikse, ga eibo ainos ole nenga. Er\u00e4h\u00e4t sanazet ollahgi hairiehved\u00e4j\u00e4t. Timoi da Natoi \u0161elaillah omassah yhtes Santtu Karhunke luajittuu kniigua \u201dOpi, opastu, ga \u00e4l\u00e4 \u00f6nt\u00e4sty\u201d (jullannuh Karjalan kielen seuru), kuduah on ker\u00e4tty parahat hairiehved\u00e4j\u00e4t sanamuvvot. \u00a0<\/span><\/p>\n<p><span lang=\"fi-FI\">Hassuja k\u00e4\u00e4nn\u00f6skukkasia suomen ja karjalan kielen v\u00e4lill\u00e4, samat sanat tarkoittavatkin eri asioita ja syntyy v\u00e4\u00e4rinymm\u00e4rryksi\u00e4, joille voi nauraa makeasti. Timoi ja Natoi selailevat kirjaa \u201dOpi, opastu, ga \u00e4l\u00e4 \u00f6nt\u00e4sty\u201d (kust. Karjalan kielen seura), johon on koottu parhaat hairahdukset.<\/span><\/p>\n<p>&nbsp;<\/p>\n<iframe loading=\"lazy\" src=\"https:\/\/uef.cloud.panopto.eu\/Panopto\/Pages\/Embed.aspx?id=09e7fa24-28b6-4769-9524-afe600fb743a&autoplay=false&offerviewer=false&showtitle=false&showbrand=false&captions=true&interactivity=search\" height=\"405\" width=\"720\" style=\"border: 1px solid #464646;\" allowfullscreen allow=\"autoplay\"><\/iframe>\n<p>&nbsp;<\/p>\n<h2>Timoin eloksenmuutos<\/h2>\n<p>Helsingil\u00e4ine da allunperin suomenkieline karjalastagalaine Timoi on monipuoline mies: kieliaktivistu, tutkii, muzikantu, ozuttelii. Santtu Karhu da Talvisovat -yhtyveh viritettih h\u00e4nes himon opastumah karjalan kieleh. Nenga kogo mies on muuttunuh: Timo Petri Munnes rodih Timoi Pedri Munne, muamankielekse karjala da uskondokunnakse pravoslaunoi kirikk\u00f6.<\/p>\n<p>Helsinkil\u00e4inen ja alun perin suomenkielinen, karjalaistaustainen Timo on monipuolinen mies: kieliaktivisti, tutkija, muusikko, n\u00e4yttelij\u00e4, jossa Santtu Karhu ja Talvisovat-yhtye k\u00e4ynnisti voimallisen halun oppia karjalan kielt\u00e4. Siin\u00e4 prosessissa koko mies muuttui: v\u00e4est\u00f6rekisteriss\u00e4 nimest\u00e4 tuli Timoi Munne, kielest\u00e4 karjala ja uskontokunnasta ortodoksinen kirkko.<\/p>\n<p>&nbsp;<\/p>\n<iframe loading=\"lazy\" src=\"https:\/\/uef.cloud.panopto.eu\/Panopto\/Pages\/Embed.aspx?id=eb82412a-61f4-47d8-8716-afe601302bf3&autoplay=false&offerviewer=false&showtitle=false&showbrand=false&captions=true&interactivity=search\" height=\"405\" width=\"720\" style=\"border: 1px solid #464646;\" allowfullscreen allow=\"autoplay\"><\/iframe>\n<p>&nbsp;<\/p>\n<h2>Hiloin Natoi tutukse<\/h2>\n<p>Natalia Giloeva (Hiloin Natoi) kazvoi Tuuksen hierus Anuksen l\u00e4h\u00e4l. H\u00e4nen perehes paistih livvinkarjalakse, ga ezimerkikse kielioppih h\u00e4i opastui vaste Petroskoin valdivonyliopistos, kus opastundan loppiettuu ruadoi livvinkarjalan opastajannu 1996\u20132011. Nyg\u00f6i h\u00e4i opastau livvinkarjalah P\u00e4iv\u00e4nnouzu-Suomen yliopistos. Kieliaktivistu Natois rodih Ki\u00e4nn\u00e4!-projektan aigua. Yhtes Risto Salmelanke h\u00e4i avai Jovensuus karjalazien Paginpertin, kunne ollah k\u00e4ydy eri murdehien pagizijat. Nyg\u00f6i Paginperti ruadau P\u00e4iv\u00e4nnouzu-Suomen yliopiston karjalan elvytysprojektan hantuzis. Paginpertih pi\u00e4zet Suomen eri \u010durilp\u00e4i, send\u00e4h gu sid\u00e4 piet\u00e4h Zoomas. Hiloin Natoidu tiet\u00e4h Yle uudizien karjalakse ki\u00e4nd\u00e4j\u00e4nny da lugijannu.<\/p>\n<p>Natalia Giloeva kasvoi Aunuksen Tuuksen kyl\u00e4ss\u00e4, kotikielen\u00e4\u00e4n livvinkarjala, jonka opiskelut h\u00e4n aloitti Petroskoin yliopistossa, ja opettaa nyt kielt\u00e4 It\u00e4-Suomen yliopistossa. Kieliaktivisti h\u00e4nest\u00e4 tuli \u201dKi\u00e4nn\u00e4\u201d-hankkeen yhteydess\u00e4, h\u00e4n k\u00e4ynnisti Joensuussa Risto Salmelan kanssa Paginperti-keskustelukerhot, joissa yhdistyv\u00e4t eri murteiden puhujat, ja on tullut tutuksi karjalankielisten radiouutisten lukijana.<\/p>\n<p>&nbsp;<\/p>\n<iframe loading=\"lazy\" src=\"https:\/\/uef.cloud.panopto.eu\/Panopto\/Pages\/Embed.aspx?id=b7b5c4e9-ffa9-43aa-b3bd-afe600fb9357&autoplay=false&offerviewer=false&showtitle=false&showbrand=false&captions=true&interactivity=search\" height=\"405\" width=\"720\" style=\"border: 1px solid #464646;\" allowfullscreen allow=\"autoplay\"><\/iframe>\n<p>&nbsp;<\/p>\n<h2>Armas Petroskoi<\/h2>\n<p>Karjalankielizien keskeine linnu on Petroskoi, kus on kanzalline teatru da kus jullatah karjalankielisty kirjalli\u017euttu. Petroskoil pi\u00e4z\u00f6y ilmah Oma Mua -lehti sego ruadau Karjalan radivo- da TV. Sie luajitah se\u017eo karjalan kielen da karjalazen kul\u2019tuuran tutkumustu.<\/p>\n<p>Karjalankielisten keskeinen kaupunki on Petroskoi, jossa kukoistaa teatteri, kirjallisuus ja karjalankielinen lehdist\u00f6, radio- ja TV-toiminta, karjalan kielen ja kulttuurin tutkimus.<\/p>\n<p>&nbsp;<\/p>\n<iframe loading=\"lazy\" src=\"https:\/\/uef.cloud.panopto.eu\/Panopto\/Pages\/Embed.aspx?id=51446493-c5cc-49c5-a97a-afe600fb0188&autoplay=false&offerviewer=false&showtitle=false&showbrand=false&captions=true&interactivity=search\" height=\"405\" width=\"720\" style=\"border: 1px solid #464646;\" allowfullscreen allow=\"autoplay\"><\/iframe>\n<p>&nbsp;<\/p>\n<h2><span lang=\"fi-FI\">Lapsi da kodikieli<\/span><\/h2>\n<p>Maria<span lang=\"fi-FI\"> Kuismin<\/span> da Rinoi <span lang=\"fi-FI\">Yl\u00f6nen <\/span>paistah omis lapsis, pagizendas karjalakse da p\u00e4ivykoin kohtavundas lapsen karjalan kieleh.<\/p>\n<p><span lang=\"fi-FI\">Maria Kuismin ja Rinoi Yl\u00f6nen keskustelevat lapsistaan, kielen puhumisesta ja p\u00e4iv\u00e4kodin suhtautumisesta lapsen karjalan kieleen.<\/span><\/p>\n<p>&nbsp;<\/p>\n<iframe loading=\"lazy\" src=\"https:\/\/uef.cloud.panopto.eu\/Panopto\/Pages\/Embed.aspx?id=e9bf7b39-5dea-4825-801e-afe601132228&autoplay=false&offerviewer=false&showtitle=false&showbrand=false&captions=true&interactivity=search\" height=\"405\" width=\"720\" style=\"border: 1px solid #464646;\" allowfullscreen allow=\"autoplay\"><\/iframe>\n<p>&nbsp;<\/p>\n<h2>Lapsienke puustos<\/h2>\n<p>Lapsienke pihal olles voit yhteltiedy luadie mid\u00e4gi hy\u00f6vyllisty. T\u00e4l kerdua Maria toi ker\u00e4le puustoh piihtet, kudamien vuoh hyv\u00e4 on ker\u00e4t\u00e4 muasp\u00e4i toppua\u00a0da nenga ymb\u00e4ri sit roihgi \u010domembi.<\/p>\n<p>Kun lasten kanssa ulkoillaan, voi samalla tehd\u00e4 jotain hy\u00f6dyllist\u00e4. Maria toi mukanaan puistoon pihdit, joilla voi mukavasti ker\u00e4t\u00e4 maasta roskia ja kaunistaa maisemaa.<\/p>\n<p>&nbsp;<\/p>\n<iframe loading=\"lazy\" src=\"https:\/\/uef.cloud.panopto.eu\/Panopto\/Pages\/Embed.aspx?id=d11aa210-df29-4e4e-9ab1-afe601136b0d&autoplay=false&offerviewer=false&showtitle=false&showbrand=false&captions=true&interactivity=search\" height=\"405\" width=\"720\" style=\"border: 1px solid #464646;\" allowfullscreen allow=\"autoplay\"><\/iframe>\n<p>&nbsp;<\/p>\n<h2>Muamat paistah da elostetah<\/h2>\n<p>Marian da Rinoin pienet poijat ki\u017eatah da elostetah. Lapsien ki\u017euandukohtan agjal yksinhuoldajat muamat paistah sih n\u00e4h, kui hy\u00f6 voidas kiirehellizes elokses parem hoidua i\u010d\u010deh kunduo.<\/p>\n<p>Marian ja Rinoin pikku pojat leikkiv\u00e4t, ja kent\u00e4n reunalla yksinhuoltaja\u00e4idit miettiv\u00e4t, miten voisivat kiireisess\u00e4 el\u00e4m\u00e4ss\u00e4\u00e4n hoitaa paremmin kuntoaan.<\/p>\n<p>&nbsp;<\/p>\n<iframe loading=\"lazy\" src=\"https:\/\/uef.cloud.panopto.eu\/Panopto\/Pages\/Embed.aspx?id=0b7d3963-5175-4602-aa49-afe60115d75e&autoplay=false&offerviewer=false&showtitle=false&showbrand=false&captions=true&interactivity=search\" height=\"405\" width=\"720\" style=\"border: 1px solid #464646;\" allowfullscreen allow=\"autoplay\"><\/iframe>\n<p>&nbsp;<\/p>\n<h2><span lang=\"fi-FI\">Maria l\u00f6ydi oman karjalan kielen<\/span><\/h2>\n<p>Maria Kuismin on kieliaktivistu, kudai opastuu karjalan kieleh P\u00e4iv\u00e4nnouzu-Suomen yliopistos. H\u00e4nen Iivo-poigu pagizou karjalakse kois da muijalgi, da sit on muamale hyvi\u00e4 mieldy.<\/p>\n<p>Maria Kuismin on kieliaktivisti, joka opiskelee karjalan kielt\u00e4 It\u00e4-Suomen yliopistossa. Iivo-poika puhuu karjalaa kotikielen\u00e4, ja se ilahduttaa \u00e4iti\u00e4.<\/p>\n<p>&nbsp;<\/p>\n<iframe loading=\"lazy\" src=\"https:\/\/uef.cloud.panopto.eu\/Panopto\/Pages\/Embed.aspx?id=24e32556-a24e-40ae-8bb6-afe60114d733&autoplay=false&offerviewer=false&showtitle=false&showbrand=false&captions=true&interactivity=search\" height=\"405\" width=\"720\" style=\"border: 1px solid #464646;\" allowfullscreen allow=\"autoplay\"><\/iframe>\n<p>&nbsp;<\/p>\n<h2><span lang=\"fi-FI\">Iivo-poigu da muamo yhtesruavos<\/span><\/h2>\n<p>Iivo on 7-vuodine briha\u010d\u010du, ga h\u00e4i jo on oman muaman Maria Kuisminan abuniekannu \u00e4ij\u00e4s ruavos. T\u00e4l kerdua yhtehizenny ruavonnu on karjalankieline kniigu ezi\u0161kolaniekkoih n\u00e4h.<\/p>\n<p>Iivo on 7-vuotias mutta osaa jo olla apuna \u00e4idilleen Maria Kuisminille, jolla on ty\u00f6n alla karjalankielinen kirja esikoululaisille.<\/p>\n<p>&nbsp;<\/p>\n<iframe loading=\"lazy\" src=\"https:\/\/uef.cloud.panopto.eu\/Panopto\/Pages\/Embed.aspx?id=f9ba5364-447b-43d0-9ce5-afe601027496&autoplay=false&offerviewer=false&showtitle=false&showbrand=false&captions=true&interactivity=search\" height=\"405\" width=\"720\" style=\"border: 1px solid #464646;\" allowfullscreen allow=\"autoplay\"><\/iframe>\n<p>&nbsp;<\/p>\n<h2>Muamanke me\u010d\u00e4s<\/h2>\n<p>Yl\u00f6in Rinoin buabo da died\u2019oi oldih evakot, da buaban sego vahnembien paginoi kuultes h\u00e4nel virii kiinnostus vesselih karjalankielizih sanoih. Rinoi i\u010de opastui livvinkarjalah da nyg\u00f6i pagizou oman poijanke karjalakse. Yksinhuoldajale se on toi\u010di jygiett\u00e4vy, ga Rinoi on pi\u00e4tt\u00e4v\u00e4ine. Rinoi k\u00e4vel\u00f6y 6-vuodizen Icaro-poijanke syvysme\u010d\u00e4s. Sie l\u00f6ydyy materjualastu \u010domenduksih n\u00e4h kegripruazniekkah ni\u0161koi sego muudugi mieldykiinnitt\u00e4ji\u00e4.<\/p>\n<p>Rinoi Yl\u00f6sen isovanhemmat olivat evakkoja, ja iso\u00e4idin ja vanhempien puheista tarttui kiinnostus hauskoihin karjalankielisiin sanoihin. H\u00e4n opiskeli itsen\u00e4isesti livvinkarjalaa ja puhuu karjalaa pojalleen kotikielen\u00e4. Yksinhuoltajalle se on toisinaan haasteellista, mutta Rinoi on hyvin p\u00e4\u00e4tt\u00e4v\u00e4inen. Rinoi retkeilee 6-vuotiaan Icaro-pojan kanssa syksyisess\u00e4 mets\u00e4ss\u00e4. Sielt\u00e4 l\u00f6ytyy kekrijuhlaan koristuksia ja muutakin mielenkiintoista.<\/p>\n<p>&nbsp;<\/p>\n<iframe loading=\"lazy\" src=\"https:\/\/uef.cloud.panopto.eu\/Panopto\/Pages\/Embed.aspx?id=e36d6236-f8f9-4bbe-b4b2-afe601158d1c&autoplay=false&offerviewer=false&showtitle=false&showbrand=false&captions=true&interactivity=search\" height=\"405\" width=\"720\" style=\"border: 1px solid #464646;\" allowfullscreen allow=\"autoplay\"><\/iframe>\n<p>&nbsp;<\/p>\n<h2>Rinoin # Omua \u010domua<\/h2>\n<p>Rinoi da Icaro ker\u00e4ttih me\u010d\u00e4s sammaldu, muarjua da lehtie. Nyg\u00f6i hy\u00f6 luajitah niil\u00f6is kegri\u010domenduksii. Ne\u010de dielo puuttuu vuitikse Rinoin karjalankielisty sivuu Instagramas. Rinoi on ruadanuh monel alal, ga nyg\u00f6i h\u00e4i on ohjuajannu moizes ruadopajas, kudamas piet\u00e4h kundovuttajua ruadotoimindua h\u00e4tken ruavottah olluzih ni\u0161koi. Ruavon rinnal h\u00e4i opastuu\u00a0ruadovalmistajakse.\u00a0Joudoaijal Rinoi e\u010d\u010diy da luadiu yhtevytty nuorien karjalan pagizijoinke. Pagintiemoin piiri on levei, da sih kuulutah ezimerkikse jogap\u00e4iv\u00e4ine lapsiperehen elos, luondo da uvven luajindan\u00a0himo.<\/p>\n<p>Rinoi ja Icaro ker\u00e4siv\u00e4t mets\u00e4st\u00e4 sammalia, marjoja ja lehti\u00e4. Nyt he askartelevat niist\u00e4 kekrikoristeita. T\u00e4m\u00e4 tapahtuma p\u00e4\u00e4tyy osaksi Rinoin karjalankielist\u00e4 blogia Instagramissa. Rinoi on ty\u00f6skennellyt monella alalla, mutta toimii nyt ohjaajana ty\u00f6pajalla, jossa j\u00e4rjestet\u00e4\u00e4n kuntouttavaa ty\u00f6toimintaa pitk\u00e4aikaisty\u00f6tt\u00f6mille. Ty\u00f6n ohessa h\u00e4n opiskelee ty\u00f6valmentajaksi. Vapaa-ajallaan h\u00e4n blogissaan luo yhteyksi\u00e4 nuorten karjalan puhujien v\u00e4lille. Aiheet kumpuavat lapsiarjen iloista ja huolista, luonnosta ja uuden luomisen palosta.<\/p>\n<p>&nbsp;<\/p>\n<iframe loading=\"lazy\" src=\"https:\/\/uef.cloud.panopto.eu\/Panopto\/Pages\/Embed.aspx?id=2524a7c9-df2c-46ea-86d6-afe6012e9970&autoplay=false&offerviewer=false&showtitle=false&showbrand=false&captions=true&interactivity=search\" height=\"405\" width=\"720\" style=\"border: 1px solid #464646;\" allowfullscreen allow=\"autoplay\"><\/iframe>\n<p>&nbsp;<\/p>\n<h2>K<span lang=\"sms-FI\">arjalankieline dovari\u0161\u0161u Savonlinnas<\/span><\/h2>\n<p>Savonlinnas Rinoi tundou i\u010d\u010deh li\u017e\u00e4kse vaigu yhten karjalan kielen p\u00e4gizijan. H\u00e4i on Savonlinnan rahvahanopiston kielien pi\u00e4opastai P\u00e4ivi Harjusalmi. Rinoi, Icaro\u00a0 da P\u00e4ivi roittih dovari\u0161oikse. K\u00e4velyksen aigua hy\u00f6 ehtit\u00e4h ki\u017eata, duumaija lapsien kazvatandua, kommentiiruija Loimolan Voimua da sen konsertoi sego paista kaikkie muudugi mieldykiinnitt\u00e4ji\u00e4. P\u00e4ivi h\u00e4tken on opastunnuh karjalan kieleh da on hyv\u00e4s mieles P\u00e4iv\u00e4nnouzu-Suomen yliopiston uvvenluaduzes karjalan hibriduopastukses, kuduas on mahtuo loitto-opastundah.<\/p>\n<p><span lang=\"sms-FI\">Kotiseudultaan Savonlinnasta Rinoi tuntee vain yhden karjalan kielen puhujan, Savonlinnan kansalaisopiston kielten p\u00e4\u00e4opettajan P\u00e4ivi Harjusalmen. Rinoi, Icaro ja P\u00e4ivi ovat yst\u00e4vystyneet. K\u00e4velyretkell\u00e4 ehdit\u00e4\u00e4n leikki\u00e4, pohtia lastenkasvatusta ja kaikenlaista mielt\u00e4kiinnitt\u00e4v\u00e4\u00e4. P\u00e4ivi on pitk\u00e4\u00e4n opiskellut karjalan kielt\u00e4 ja iloitsee yliopiston uusista hybridikursseista, jotka mahdollistavat et\u00e4opiskelun.<\/span><\/p>\n<p>&nbsp;<\/p>\n<iframe loading=\"lazy\" src=\"https:\/\/uef.cloud.panopto.eu\/Panopto\/Pages\/Embed.aspx?id=d3e9b0d4-753e-41c1-94d9-afe60108cdb5&autoplay=false&offerviewer=false&showtitle=false&showbrand=false&captions=true&interactivity=search\" height=\"405\" width=\"720\" style=\"border: 1px solid #464646;\" allowfullscreen allow=\"autoplay\"><\/iframe>\n<p>&nbsp;<\/p>\n<h2><span lang=\"fi-FI\">Verneri da Timoi muziciiruijah<\/span><\/h2>\n<p>Verneri Munne opastuu gimnuazies. H\u00e4i ei pagize karjalakse, ga hyv\u00e4l mielel muziciirui\u010d\u010dou omassah tuatan Timoi Munnen kel. Muuzikkah n\u00e4h paistah harjaituksien aigua kahtel kielel.<\/p>\n<p>Verneri Munne on lukiolainen. H\u00e4n ei puhu karjalaa, mutta is\u00e4ns\u00e4 Timoin kanssa h\u00e4n musisoi mielell\u00e4\u00e4n. Musiikista puhutaan harjoituksissa kahdella kielell\u00e4.<\/p>\n<p>&nbsp;<\/p>\n<iframe loading=\"lazy\" src=\"https:\/\/uef.cloud.panopto.eu\/Panopto\/Pages\/Embed.aspx?id=fe58eeeb-b8dc-4561-bd39-afe601309fa8&autoplay=false&offerviewer=false&showtitle=false&showbrand=false&captions=true&interactivity=search\" height=\"405\" width=\"720\" style=\"border: 1px solid #464646;\" allowfullscreen allow=\"autoplay\"><\/iframe>\n<p>&nbsp;<\/p>\n<p><a href=\"https:\/\/blogs.uef.fi\/karjalanelvytys\/?page_id=5389&amp;preview=true\">Linku pi\u00e4sivule<\/a><\/p>\n","protected":false},"excerpt":{"rendered":"<p>Unis da mierol \u2013 Monolouguteatrua livvinkarjalakse Timoi Munnen koskettai monologuozutelmu kierd\u00e4y Suomie sygyzyl 2021, sanellen Hyrzyl\u00e4n pienen briha\u010dun kazvandukerdomustu suomekse pagizijas yhteskunnas. T\u00e4s videos kuuluu se\u017eo suomen kieldy. Timoi Munnen koskettava monologin\u00e4ytelm\u00e4 kiert\u00e4\u00e4 Suomea syksyll\u00e4 2021, kertoen Hyrsyl\u00e4n pikkupojan kasvukertomuksen suomea puhuvassa yhteiskunnassa. T\u00e4ss\u00e4 videossa kuullaan my\u00f6s suomen kielt\u00e4. &nbsp; &nbsp; Karjalankielizet uudizet roitah nenga [&hellip;]<\/p>\n","protected":false},"author":419,"featured_media":0,"parent":0,"menu_order":0,"comment_status":"closed","ping_status":"closed","template":"","meta":{"_acf_changed":false,"footnotes":""},"class_list":["post-5410","page","type-page","status-publish","hentry"],"acf":[],"yoast_head":"<!-- This site is optimized with the Yoast SEO plugin v27.3 - https:\/\/yoast.com\/product\/yoast-seo-wordpress\/ -->\n<title>Opastusvideot livvinkarjala - Karjalan kielen elvytt\u00e4minen<\/title>\n<meta name=\"robots\" content=\"index, follow, max-snippet:-1, max-image-preview:large, max-video-preview:-1\" \/>\n<link rel=\"canonical\" href=\"https:\/\/blogs.uef.fi\/karjalanelvytys\/opastusvideot-livvinkarjala\/\" \/>\n<meta property=\"og:locale\" content=\"fi_FI\" \/>\n<meta property=\"og:type\" content=\"article\" \/>\n<meta property=\"og:title\" content=\"Opastusvideot livvinkarjala - Karjalan kielen elvytt\u00e4minen\" \/>\n<meta property=\"og:description\" content=\"Unis da mierol \u2013 Monolouguteatrua livvinkarjalakse Timoi Munnen koskettai monologuozutelmu kierd\u00e4y Suomie sygyzyl 2021, sanellen Hyrzyl\u00e4n pienen briha\u010dun kazvandukerdomustu suomekse pagizijas yhteskunnas. T\u00e4s videos kuuluu se\u017eo suomen kieldy. Timoi Munnen koskettava monologin\u00e4ytelm\u00e4 kiert\u00e4\u00e4 Suomea syksyll\u00e4 2021, kertoen Hyrsyl\u00e4n pikkupojan kasvukertomuksen suomea puhuvassa yhteiskunnassa. T\u00e4ss\u00e4 videossa kuullaan my\u00f6s suomen kielt\u00e4. &nbsp; &nbsp; Karjalankielizet uudizet roitah nenga [&hellip;]\" \/>\n<meta property=\"og:url\" content=\"https:\/\/blogs.uef.fi\/karjalanelvytys\/opastusvideot-livvinkarjala\/\" \/>\n<meta property=\"og:site_name\" content=\"Karjalan kielen elvytt\u00e4minen\" \/>\n<meta property=\"article:modified_time\" content=\"2022-09-01T09:44:32+00:00\" \/>\n<meta name=\"twitter:card\" content=\"summary_large_image\" \/>\n<meta name=\"twitter:label1\" content=\"Arvioitu lukuaika\" \/>\n\t<meta name=\"twitter:data1\" content=\"8 minuuttia\" \/>\n<script type=\"application\/ld+json\" class=\"yoast-schema-graph\">{\"@context\":\"https:\\\/\\\/schema.org\",\"@graph\":[{\"@type\":\"WebPage\",\"@id\":\"https:\\\/\\\/blogs.uef.fi\\\/karjalanelvytys\\\/opastusvideot-livvinkarjala\\\/\",\"url\":\"https:\\\/\\\/blogs.uef.fi\\\/karjalanelvytys\\\/opastusvideot-livvinkarjala\\\/\",\"name\":\"Opastusvideot livvinkarjala - Karjalan kielen elvytt\u00e4minen\",\"isPartOf\":{\"@id\":\"https:\\\/\\\/blogs.uef.fi\\\/karjalanelvytys\\\/#website\"},\"datePublished\":\"2022-05-16T05:39:47+00:00\",\"dateModified\":\"2022-09-01T09:44:32+00:00\",\"breadcrumb\":{\"@id\":\"https:\\\/\\\/blogs.uef.fi\\\/karjalanelvytys\\\/opastusvideot-livvinkarjala\\\/#breadcrumb\"},\"inLanguage\":\"fi\",\"potentialAction\":[{\"@type\":\"ReadAction\",\"target\":[\"https:\\\/\\\/blogs.uef.fi\\\/karjalanelvytys\\\/opastusvideot-livvinkarjala\\\/\"]}]},{\"@type\":\"BreadcrumbList\",\"@id\":\"https:\\\/\\\/blogs.uef.fi\\\/karjalanelvytys\\\/opastusvideot-livvinkarjala\\\/#breadcrumb\",\"itemListElement\":[{\"@type\":\"ListItem\",\"position\":1,\"name\":\"Home\",\"item\":\"https:\\\/\\\/blogs.uef.fi\\\/karjalanelvytys\\\/\"},{\"@type\":\"ListItem\",\"position\":2,\"name\":\"Opastusvideot livvinkarjala\"}]},{\"@type\":\"WebSite\",\"@id\":\"https:\\\/\\\/blogs.uef.fi\\\/karjalanelvytys\\\/#website\",\"url\":\"https:\\\/\\\/blogs.uef.fi\\\/karjalanelvytys\\\/\",\"name\":\"Karjalan kielen elvytt\u00e4minen\",\"description\":\"\",\"potentialAction\":[{\"@type\":\"SearchAction\",\"target\":{\"@type\":\"EntryPoint\",\"urlTemplate\":\"https:\\\/\\\/blogs.uef.fi\\\/karjalanelvytys\\\/?s={search_term_string}\"},\"query-input\":{\"@type\":\"PropertyValueSpecification\",\"valueRequired\":true,\"valueName\":\"search_term_string\"}}],\"inLanguage\":\"fi\"}]}<\/script>\n<!-- \/ Yoast SEO plugin. -->","yoast_head_json":{"title":"Opastusvideot livvinkarjala - Karjalan kielen elvytt\u00e4minen","robots":{"index":"index","follow":"follow","max-snippet":"max-snippet:-1","max-image-preview":"max-image-preview:large","max-video-preview":"max-video-preview:-1"},"canonical":"https:\/\/blogs.uef.fi\/karjalanelvytys\/opastusvideot-livvinkarjala\/","og_locale":"fi_FI","og_type":"article","og_title":"Opastusvideot livvinkarjala - Karjalan kielen elvytt\u00e4minen","og_description":"Unis da mierol \u2013 Monolouguteatrua livvinkarjalakse Timoi Munnen koskettai monologuozutelmu kierd\u00e4y Suomie sygyzyl 2021, sanellen Hyrzyl\u00e4n pienen briha\u010dun kazvandukerdomustu suomekse pagizijas yhteskunnas. T\u00e4s videos kuuluu se\u017eo suomen kieldy. Timoi Munnen koskettava monologin\u00e4ytelm\u00e4 kiert\u00e4\u00e4 Suomea syksyll\u00e4 2021, kertoen Hyrsyl\u00e4n pikkupojan kasvukertomuksen suomea puhuvassa yhteiskunnassa. T\u00e4ss\u00e4 videossa kuullaan my\u00f6s suomen kielt\u00e4. &nbsp; &nbsp; Karjalankielizet uudizet roitah nenga [&hellip;]","og_url":"https:\/\/blogs.uef.fi\/karjalanelvytys\/opastusvideot-livvinkarjala\/","og_site_name":"Karjalan kielen elvytt\u00e4minen","article_modified_time":"2022-09-01T09:44:32+00:00","twitter_card":"summary_large_image","twitter_misc":{"Arvioitu lukuaika":"8 minuuttia"},"schema":{"@context":"https:\/\/schema.org","@graph":[{"@type":"WebPage","@id":"https:\/\/blogs.uef.fi\/karjalanelvytys\/opastusvideot-livvinkarjala\/","url":"https:\/\/blogs.uef.fi\/karjalanelvytys\/opastusvideot-livvinkarjala\/","name":"Opastusvideot livvinkarjala - Karjalan kielen elvytt\u00e4minen","isPartOf":{"@id":"https:\/\/blogs.uef.fi\/karjalanelvytys\/#website"},"datePublished":"2022-05-16T05:39:47+00:00","dateModified":"2022-09-01T09:44:32+00:00","breadcrumb":{"@id":"https:\/\/blogs.uef.fi\/karjalanelvytys\/opastusvideot-livvinkarjala\/#breadcrumb"},"inLanguage":"fi","potentialAction":[{"@type":"ReadAction","target":["https:\/\/blogs.uef.fi\/karjalanelvytys\/opastusvideot-livvinkarjala\/"]}]},{"@type":"BreadcrumbList","@id":"https:\/\/blogs.uef.fi\/karjalanelvytys\/opastusvideot-livvinkarjala\/#breadcrumb","itemListElement":[{"@type":"ListItem","position":1,"name":"Home","item":"https:\/\/blogs.uef.fi\/karjalanelvytys\/"},{"@type":"ListItem","position":2,"name":"Opastusvideot livvinkarjala"}]},{"@type":"WebSite","@id":"https:\/\/blogs.uef.fi\/karjalanelvytys\/#website","url":"https:\/\/blogs.uef.fi\/karjalanelvytys\/","name":"Karjalan kielen elvytt\u00e4minen","description":"","potentialAction":[{"@type":"SearchAction","target":{"@type":"EntryPoint","urlTemplate":"https:\/\/blogs.uef.fi\/karjalanelvytys\/?s={search_term_string}"},"query-input":{"@type":"PropertyValueSpecification","valueRequired":true,"valueName":"search_term_string"}}],"inLanguage":"fi"}]}},"_links":{"self":[{"href":"https:\/\/blogs.uef.fi\/karjalanelvytys\/wp-json\/wp\/v2\/pages\/5410","targetHints":{"allow":["GET"]}}],"collection":[{"href":"https:\/\/blogs.uef.fi\/karjalanelvytys\/wp-json\/wp\/v2\/pages"}],"about":[{"href":"https:\/\/blogs.uef.fi\/karjalanelvytys\/wp-json\/wp\/v2\/types\/page"}],"author":[{"embeddable":true,"href":"https:\/\/blogs.uef.fi\/karjalanelvytys\/wp-json\/wp\/v2\/users\/419"}],"replies":[{"embeddable":true,"href":"https:\/\/blogs.uef.fi\/karjalanelvytys\/wp-json\/wp\/v2\/comments?post=5410"}],"version-history":[{"count":2,"href":"https:\/\/blogs.uef.fi\/karjalanelvytys\/wp-json\/wp\/v2\/pages\/5410\/revisions"}],"predecessor-version":[{"id":6241,"href":"https:\/\/blogs.uef.fi\/karjalanelvytys\/wp-json\/wp\/v2\/pages\/5410\/revisions\/6241"}],"wp:attachment":[{"href":"https:\/\/blogs.uef.fi\/karjalanelvytys\/wp-json\/wp\/v2\/media?parent=5410"}],"curies":[{"name":"wp","href":"https:\/\/api.w.org\/{rel}","templated":true}]}}