{"id":22315,"date":"2025-06-12T11:57:35","date_gmt":"2025-06-12T08:57:35","guid":{"rendered":"https:\/\/blogs.uef.fi\/karjalanelvytys\/?page_id=22315"},"modified":"2025-06-12T11:57:36","modified_gmt":"2025-06-12T08:57:36","slug":"nepsisanasto","status":"publish","type":"page","link":"https:\/\/blogs.uef.fi\/karjalanelvytys\/nepsisanasto\/","title":{"rendered":"Nepsisanasto"},"content":{"rendered":"\n<p>Ker\u00e4nnyh da luadinuh: <strong>Miikku H\u00e4kki<\/strong><\/p>\n\n\n\n<p>Tarkistannuh da kohendannuh: <strong>Natalia Giloeva<\/strong><\/p>\n\n\n\n<p>Miikku H\u00e4kki kuvuau sanastuo nenga:<\/p>\n\n\n\n<p>&#8221;T\u00e4h sanastoh on ker\u00e4tty nepsiv\u00e4hembist\u00f6h liittyji\u00e4 sanua. Suurin vuitti sanois on pid\u00e4nyh luadie i\u010de libo mugavuttua, send\u00e4h ku karjalas eule olluh mostu sanastuo aijembah.&#8221;<\/p>\n\n\n\n<p>*<\/p>\n\n\n\n<p>neuroep\u00e4tyypillinen \u2013 neuroeb\u00e4tipi\u010dnoi, neuroeb\u00e4tiipalline<\/p>\n\n\n\n<p>neuropsykiatrinen \u2013 neuropsihiatrine<\/p>\n\n\n\n<p>nepsy \u2013 nepsi, nepsi\u010d\u010dy<\/p>\n\n\n\n<p>neurokirjo \u2013 neurospektru<\/p>\n\n\n\n<p>neurov\u00e4hemmist\u00f6 \u2013 neurov\u00e4hembist\u00f6<\/p>\n\n\n\n<p>neuromoninaisuus \u2013 neuromonina\u017eus, neuro\u00e4ijys<\/p>\n\n\n\n<p>neurotyypillinen \u2013 neurotiipalline, neurotavalline<\/p>\n\n\n\n<p>aktiivisuuden ja tarkkaavaisuuden h\u00e4iri\u00f6 \u2013 aktiivi\u017euon da tarkavuon h\u00e4iriv\u00f6<\/p>\n\n\n\n<p>pakko-oireinen h\u00e4iri\u00f6 \u2013 pakkosimptomalline h\u00e4iriv\u00f6<\/p>\n\n\n\n<p>Tourette \u2013 Tourette<\/p>\n\n\n\n<p>nepsypiirteet \u2013 nepsi\/nepsi\u010d\u010dypiirdehet<\/p>\n\n\n\n<p>nepsyvalmennus \u2013 nepsitrenirui\u010dendu, nepsivalmistundu, nepsivarustandu<\/p>\n\n\n\n<p>l\u00e4\u00e4kehoito \u2013 rohtoruokko, rohtohoido<\/p>\n\n\n\n<p>psykiatrinen hoito \u2013 psihiatrine hoido<\/p>\n\n\n\n<p>neurologinen h\u00e4iri\u00f6 \u2013 neurologine h\u00e4iriv\u00f6<\/p>\n\n\n\n<p>lukih\u00e4iri\u00f6 \u2013 lugih\u00e4iriv\u00f6<\/p>\n\n\n\n<p>autismin kirjo \u2013 autizman spektru<\/p>\n\n\n\n<p>autisti \u2013 autistu, autisniekku<\/p>\n\n\n\n<p>fiksaatio \u2013 fiksacii<\/p>\n\n\n\n<p>hyperfiksaatio \u2013 hiberfiksacii<\/p>\n\n\n\n<p>erityisen mielenkiinnonkohde \u2013 eri\u010dysmielenkiinnityksenkohtu<\/p>\n\n\n\n<p>ekko \u2013 eko\u010d\u010du<\/p>\n\n\n\n<p>ekkoilla \u2013 ekoija<\/p>\n\n\n\n<p>ekkoilu \u2013 ekoi\u010dendu<\/p>\n\n\n\n<p>apuv\u00e4line \u2013 abubruja<\/p>\n\n\n\n<p>vastamelukuulokkeet \u2013 h\u00e4lykuulokkehet, kuulokkehet h\u00e4lyy vastah<\/p>\n\n\n\n<p>kuormittuminen \u2013 vaivavundu, (yli)gruuzindu<\/p>\n\n\n\n<p>kuormittua \u2013 vaivatakseh, muokatakseh, gruuzie i\u010d\u010die<\/p>\n\n\n\n<p>kuormittaa \u2013 vaivata, painua, (yli)gruuzie<\/p>\n\n\n\n<p>kuormitus \u2013 vaivu, mielengruuzindu<\/p>\n\n\n\n<p>keskittyminen \u2013 syvenendy<strong>,<\/strong> keskittymine<\/p>\n\n\n\n<p>keskitty\u00e4 \u2013 syvet\u00e4, keskitty\u00f6<\/p>\n\n\n\n<p>aistien ali- tai yliherkkyys \u2013 \u010dusvien\/tundoloin ali- libo yliherkys<\/p>\n\n\n\n<p>toiminnanohjaus \u2013 toimindanohjavus<\/p>\n\n\n\n<p>tarkkaavuus \u2013 tarkavus<\/p>\n\n\n\n<p>tic- tai nykimisoireet \u2013 tik- libo n\u00e4ykkymissimptomat<\/p>\n\n\n\n<p>sosiaalisten tilanteiden hahmottaminen \u2013 socializien tilandehien ellend\u00e4mine<\/p>\n\n\n\n<p>kasvojen ilmeiden tunnistaminen \u2013 n\u00e4v\u00f6n\/ilmehien liikehien tunnistandu<\/p>\n\n\n\n<p>mustavalkoinen ajattelu \u2013 mustuvalgei duumai\u010dendu<\/p>\n\n\n\n<p>\u00e4rsykkeet \u2013 \u00e4rzykkehet<\/p>\n\n\n\n<p>kuormitusherkkyys \u2013 vaivuherkys, (yli)gruuzimisherkys<\/p>\n\n\n\n<p>tunneromahdus \u2013 tundoromahtandu<\/p>\n\n\n\n<p>sulkeutuminen \u2013 salbavundu<\/p>\n\n\n\n<p>sy\u00f6misvaikeus \u2013 sy\u00f6ndyvaigevus<\/p>\n\n\n\n<p>toimintakyky \u2013 toimindumalto, toimindunero, ruandumalto<\/p>\n\n\n\n<p>arkitaidot \u2013 eloksennerot, eloksenmaltot, jogap\u00e4iv\u00e4hizen eloksen maltot<\/p>\n\n\n\n<p>ableismi \u2013 ableizmu<\/p>\n\n\n\n<p>rutiinit \u2013 rutiinat<\/p>\n\n\n\n<p>sosiaaliset s\u00e4\u00e4nn\u00f6t \u2013 socializet si\u00e4nn\u00f6t<\/p>\n\n\n\n<p>impulsiivisuus \u2013 impul\u2019siivi\u017eus<\/p>\n\n\n\n<p>stimmailu \u2013 stimmuandu<\/p>\n\n\n\n<p>stimmailla \u2013 stimmuija<\/p>\n\n\n\n<p>stimmilelu \u2013 stimmuboba<\/p>\n\n\n\n<p>yksil\u00f6lliset opiskeluj\u00e4rjestelyt \u2013 yksil\u00f6llizet, persounallizet opastunduhommailendat<\/p>\n\n\n\n<p>ylivilkas \u2013 yliravei, ylikirmei<\/p>\n\n\n\n<p>prokrastinointi \u2013 prokrastiniirui\u010dendu<\/p>\n\n\n\n<p>prokrastinoida \u2013 prokrastiniiruija<\/p>\n\n\n\n<p>maskaaminen \u2013 maskui\u010dendu, maskuandu<\/p>\n\n\n\n<p>maskata \u2013 maskuija, maskata<\/p>\n","protected":false},"excerpt":{"rendered":"<p>Ker\u00e4nnyh da luadinuh: Miikku H\u00e4kki Tarkistannuh da kohendannuh: Natalia Giloeva Miikku H\u00e4kki kuvuau sanastuo nenga: &#8221;T\u00e4h sanastoh on ker\u00e4tty nepsiv\u00e4hembist\u00f6h liittyji\u00e4 sanua. Suurin vuitti sanois on pid\u00e4nyh luadie i\u010de libo mugavuttua, send\u00e4h ku karjalas eule olluh mostu sanastuo aijembah.&#8221; * neuroep\u00e4tyypillinen \u2013 neuroeb\u00e4tipi\u010dnoi, neuroeb\u00e4tiipalline neuropsykiatrinen \u2013 neuropsihiatrine nepsy \u2013 nepsi, nepsi\u010d\u010dy neurokirjo \u2013 neurospektru neurov\u00e4hemmist\u00f6 [&hellip;]<\/p>\n","protected":false},"author":580,"featured_media":0,"parent":0,"menu_order":0,"comment_status":"closed","ping_status":"closed","template":"","meta":{"_acf_changed":false,"footnotes":""},"class_list":["post-22315","page","type-page","status-publish","hentry"],"acf":[],"yoast_head":"<!-- This site is optimized with the Yoast SEO plugin v27.3 - https:\/\/yoast.com\/product\/yoast-seo-wordpress\/ -->\n<title>Nepsisanasto - Karjalan kielen elvytt\u00e4minen<\/title>\n<meta name=\"robots\" content=\"index, follow, max-snippet:-1, max-image-preview:large, max-video-preview:-1\" \/>\n<link rel=\"canonical\" href=\"https:\/\/blogs.uef.fi\/karjalanelvytys\/nepsisanasto\/\" \/>\n<meta property=\"og:locale\" content=\"fi_FI\" \/>\n<meta property=\"og:type\" content=\"article\" \/>\n<meta property=\"og:title\" content=\"Nepsisanasto - Karjalan kielen elvytt\u00e4minen\" \/>\n<meta property=\"og:description\" content=\"Ker\u00e4nnyh da luadinuh: Miikku H\u00e4kki Tarkistannuh da kohendannuh: Natalia Giloeva Miikku H\u00e4kki kuvuau sanastuo nenga: &#8221;T\u00e4h sanastoh on ker\u00e4tty nepsiv\u00e4hembist\u00f6h liittyji\u00e4 sanua. Suurin vuitti sanois on pid\u00e4nyh luadie i\u010de libo mugavuttua, send\u00e4h ku karjalas eule olluh mostu sanastuo aijembah.&#8221; * neuroep\u00e4tyypillinen \u2013 neuroeb\u00e4tipi\u010dnoi, neuroeb\u00e4tiipalline neuropsykiatrinen \u2013 neuropsihiatrine nepsy \u2013 nepsi, nepsi\u010d\u010dy neurokirjo \u2013 neurospektru neurov\u00e4hemmist\u00f6 [&hellip;]\" \/>\n<meta property=\"og:url\" content=\"https:\/\/blogs.uef.fi\/karjalanelvytys\/nepsisanasto\/\" \/>\n<meta property=\"og:site_name\" content=\"Karjalan kielen elvytt\u00e4minen\" \/>\n<meta property=\"article:modified_time\" content=\"2025-06-12T08:57:36+00:00\" \/>\n<meta name=\"twitter:card\" content=\"summary_large_image\" \/>\n<meta name=\"twitter:label1\" content=\"Arvioitu lukuaika\" \/>\n\t<meta name=\"twitter:data1\" content=\"2 minuuttia\" \/>\n<script type=\"application\/ld+json\" class=\"yoast-schema-graph\">{\"@context\":\"https:\\\/\\\/schema.org\",\"@graph\":[{\"@type\":\"WebPage\",\"@id\":\"https:\\\/\\\/blogs.uef.fi\\\/karjalanelvytys\\\/nepsisanasto\\\/\",\"url\":\"https:\\\/\\\/blogs.uef.fi\\\/karjalanelvytys\\\/nepsisanasto\\\/\",\"name\":\"Nepsisanasto - Karjalan kielen elvytt\u00e4minen\",\"isPartOf\":{\"@id\":\"https:\\\/\\\/blogs.uef.fi\\\/karjalanelvytys\\\/#website\"},\"datePublished\":\"2025-06-12T08:57:35+00:00\",\"dateModified\":\"2025-06-12T08:57:36+00:00\",\"breadcrumb\":{\"@id\":\"https:\\\/\\\/blogs.uef.fi\\\/karjalanelvytys\\\/nepsisanasto\\\/#breadcrumb\"},\"inLanguage\":\"fi\",\"potentialAction\":[{\"@type\":\"ReadAction\",\"target\":[\"https:\\\/\\\/blogs.uef.fi\\\/karjalanelvytys\\\/nepsisanasto\\\/\"]}]},{\"@type\":\"BreadcrumbList\",\"@id\":\"https:\\\/\\\/blogs.uef.fi\\\/karjalanelvytys\\\/nepsisanasto\\\/#breadcrumb\",\"itemListElement\":[{\"@type\":\"ListItem\",\"position\":1,\"name\":\"Home\",\"item\":\"https:\\\/\\\/blogs.uef.fi\\\/karjalanelvytys\\\/\"},{\"@type\":\"ListItem\",\"position\":2,\"name\":\"Nepsisanasto\"}]},{\"@type\":\"WebSite\",\"@id\":\"https:\\\/\\\/blogs.uef.fi\\\/karjalanelvytys\\\/#website\",\"url\":\"https:\\\/\\\/blogs.uef.fi\\\/karjalanelvytys\\\/\",\"name\":\"Karjalan kielen elvytt\u00e4minen\",\"description\":\"\",\"potentialAction\":[{\"@type\":\"SearchAction\",\"target\":{\"@type\":\"EntryPoint\",\"urlTemplate\":\"https:\\\/\\\/blogs.uef.fi\\\/karjalanelvytys\\\/?s={search_term_string}\"},\"query-input\":{\"@type\":\"PropertyValueSpecification\",\"valueRequired\":true,\"valueName\":\"search_term_string\"}}],\"inLanguage\":\"fi\"}]}<\/script>\n<!-- \/ Yoast SEO plugin. -->","yoast_head_json":{"title":"Nepsisanasto - Karjalan kielen elvytt\u00e4minen","robots":{"index":"index","follow":"follow","max-snippet":"max-snippet:-1","max-image-preview":"max-image-preview:large","max-video-preview":"max-video-preview:-1"},"canonical":"https:\/\/blogs.uef.fi\/karjalanelvytys\/nepsisanasto\/","og_locale":"fi_FI","og_type":"article","og_title":"Nepsisanasto - Karjalan kielen elvytt\u00e4minen","og_description":"Ker\u00e4nnyh da luadinuh: Miikku H\u00e4kki Tarkistannuh da kohendannuh: Natalia Giloeva Miikku H\u00e4kki kuvuau sanastuo nenga: &#8221;T\u00e4h sanastoh on ker\u00e4tty nepsiv\u00e4hembist\u00f6h liittyji\u00e4 sanua. Suurin vuitti sanois on pid\u00e4nyh luadie i\u010de libo mugavuttua, send\u00e4h ku karjalas eule olluh mostu sanastuo aijembah.&#8221; * neuroep\u00e4tyypillinen \u2013 neuroeb\u00e4tipi\u010dnoi, neuroeb\u00e4tiipalline neuropsykiatrinen \u2013 neuropsihiatrine nepsy \u2013 nepsi, nepsi\u010d\u010dy neurokirjo \u2013 neurospektru neurov\u00e4hemmist\u00f6 [&hellip;]","og_url":"https:\/\/blogs.uef.fi\/karjalanelvytys\/nepsisanasto\/","og_site_name":"Karjalan kielen elvytt\u00e4minen","article_modified_time":"2025-06-12T08:57:36+00:00","twitter_card":"summary_large_image","twitter_misc":{"Arvioitu lukuaika":"2 minuuttia"},"schema":{"@context":"https:\/\/schema.org","@graph":[{"@type":"WebPage","@id":"https:\/\/blogs.uef.fi\/karjalanelvytys\/nepsisanasto\/","url":"https:\/\/blogs.uef.fi\/karjalanelvytys\/nepsisanasto\/","name":"Nepsisanasto - Karjalan kielen elvytt\u00e4minen","isPartOf":{"@id":"https:\/\/blogs.uef.fi\/karjalanelvytys\/#website"},"datePublished":"2025-06-12T08:57:35+00:00","dateModified":"2025-06-12T08:57:36+00:00","breadcrumb":{"@id":"https:\/\/blogs.uef.fi\/karjalanelvytys\/nepsisanasto\/#breadcrumb"},"inLanguage":"fi","potentialAction":[{"@type":"ReadAction","target":["https:\/\/blogs.uef.fi\/karjalanelvytys\/nepsisanasto\/"]}]},{"@type":"BreadcrumbList","@id":"https:\/\/blogs.uef.fi\/karjalanelvytys\/nepsisanasto\/#breadcrumb","itemListElement":[{"@type":"ListItem","position":1,"name":"Home","item":"https:\/\/blogs.uef.fi\/karjalanelvytys\/"},{"@type":"ListItem","position":2,"name":"Nepsisanasto"}]},{"@type":"WebSite","@id":"https:\/\/blogs.uef.fi\/karjalanelvytys\/#website","url":"https:\/\/blogs.uef.fi\/karjalanelvytys\/","name":"Karjalan kielen elvytt\u00e4minen","description":"","potentialAction":[{"@type":"SearchAction","target":{"@type":"EntryPoint","urlTemplate":"https:\/\/blogs.uef.fi\/karjalanelvytys\/?s={search_term_string}"},"query-input":{"@type":"PropertyValueSpecification","valueRequired":true,"valueName":"search_term_string"}}],"inLanguage":"fi"}]}},"_links":{"self":[{"href":"https:\/\/blogs.uef.fi\/karjalanelvytys\/wp-json\/wp\/v2\/pages\/22315","targetHints":{"allow":["GET"]}}],"collection":[{"href":"https:\/\/blogs.uef.fi\/karjalanelvytys\/wp-json\/wp\/v2\/pages"}],"about":[{"href":"https:\/\/blogs.uef.fi\/karjalanelvytys\/wp-json\/wp\/v2\/types\/page"}],"author":[{"embeddable":true,"href":"https:\/\/blogs.uef.fi\/karjalanelvytys\/wp-json\/wp\/v2\/users\/580"}],"replies":[{"embeddable":true,"href":"https:\/\/blogs.uef.fi\/karjalanelvytys\/wp-json\/wp\/v2\/comments?post=22315"}],"version-history":[{"count":2,"href":"https:\/\/blogs.uef.fi\/karjalanelvytys\/wp-json\/wp\/v2\/pages\/22315\/revisions"}],"predecessor-version":[{"id":22318,"href":"https:\/\/blogs.uef.fi\/karjalanelvytys\/wp-json\/wp\/v2\/pages\/22315\/revisions\/22318"}],"wp:attachment":[{"href":"https:\/\/blogs.uef.fi\/karjalanelvytys\/wp-json\/wp\/v2\/media?parent=22315"}],"curies":[{"name":"wp","href":"https:\/\/api.w.org\/{rel}","templated":true}]}}