{"id":18654,"date":"2024-06-17T11:14:29","date_gmt":"2024-06-17T08:14:29","guid":{"rendered":"https:\/\/blogs.uef.fi\/karjalanelvytys\/?page_id=18654"},"modified":"2025-05-27T15:55:21","modified_gmt":"2025-05-27T12:55:21","slug":"hannu-lappalazen-pajokiannokset","status":"publish","type":"page","link":"https:\/\/blogs.uef.fi\/karjalanelvytys\/hannu-lappalazen-pajokiannokset\/","title":{"rendered":"Hannu Lappalazen pajoki\u00e4nn\u00f6kset"},"content":{"rendered":"\n<p>T\u00e4l sivul l\u00f6vv\u00e4t <strong>Hannu Lappalazen<\/strong> suomenkielizien pajotekstoin ki\u00e4nn\u00f6kset karjalakse. Uuzin ki\u00e4nn\u00f6s on ainos yl\u00e4h\u00e4n. <\/p>\n\n\n\n<p>Ki\u00e4nn\u00f6kset on tarkistannuh <strong>Natalia Giloeva<\/strong>.<\/p>\n\n\n\n<h2 class=\"wp-block-heading\">Kalaniekan pajo<\/h2>\n\n\n\n<p>Suomenkielizet sanat (Kalastajan laulu) tundematoi<\/p>\n\n\n\n<p>Minun veneh eibo ole linnun luus\u00a0<br>Kuaripuut on taivutettu tammipuus\u00a0<br>Ma\u010dtat ei olla ka\u017elas azuttu\u00a0<br>Libo purjeh\u2019 naizien peredniekois vai\u00a0<\/p>\n\n\n\n<p>I\u00e4ni mouttoran kui syv\u00e4in tykytt\u00e4y\u00a0<br>Meren aldo reunan yli brizguttau\u00a0<br>Kolme dovari\u0161\u0161ua ti\u00e4p\u00e4i purjehtau\u00a0<br>Ken se meren tied\u00e4y, kalat pyyd\u00e4ygi<\/p>\n\n\n\n<p>Nuorin heis lienn\u00f6y ylen luja mies\u00a0<br>Vahnembi kai kalakohtat hyvin tiez\u2019\u00a0<br>Kolmas moine ylen hyv\u00e4 pajattai\u00a0<br>Kaigi kalat omal pajol lumuou\u00a0<\/p>\n\n\n\n<p>Yst\u00e4vii tyt\u00f6t rannal vuotetah\u00a0<br>Illan tulles pristanile astutah\u00a0<br>Harvah omua kuldua min\u00e4 n\u00e4ht\u00e4 suan\u00a0<br>Gu on hierun paras lehm\u00e4nlyps\u00e4i h\u00e4i\u00a0<\/p>\n\n\n\n<p>H\u00e4i on \u010doma, no on ylen piidoikas\u00a0<br>Sanou, gu m\u00e4 kalastua malta en\u00a0\u00a0<br>\u201dSuurembi on hy\u00f6dy minun karjas vai\u00a0<br>kui sun hoikis tr\u2019oskois da kambalois\u00a0<\/p>\n\n\n\n<p>Vuotah\u00e4i, gu liidehtuuli puhaldau\u00a0<br>Pyvv\u00f6n maltot sulle min\u00e4 ozutan\u00a0<br>\u00c4ngerj\u00e4h\u00e4t \u0161oihkiet da libiet\u00a0<br>Suorah sinun kodipihal\u2019 sit m\u00e4 vien\u00a0\u00a0<\/p>\n\n\n\n<p>Vuotah\u00e4i s\u00e4 kerras karjan n\u00e4ht\u00e4 suat\u00a0<br>Lohet, siijat luokse sinul\u2019 tuvvahgi <br>Ukonvemmelv\u00e4rit niil\u00f6is hehkutah\u00a0<br>Suomuksien hobjat bokis \u010d\u00e4ijet\u00e4h\u00a0\u00a0\u00a0<br>Ukonvemmelv\u00e4rit niil\u00f6is hehkutah\u00a0<br>Suomuksien hobjat bokis \u010d\u00e4ijet\u00e4h.\u00a0<\/p>\n\n\n\n<figure class=\"wp-block-image size-large is-resized\"><img loading=\"lazy\" decoding=\"async\" width=\"1024\" height=\"682\" src=\"https:\/\/blogs.uef.fi\/karjalanelvytys\/wp-content\/uploads\/sites\/155\/2025\/05\/lugu-lake-1158887_1280-1024x682.jpg\" alt=\"\" class=\"wp-image-22186\" style=\"width:400px\" srcset=\"https:\/\/blogs.uef.fi\/karjalanelvytys\/wp-content\/uploads\/sites\/155\/2025\/05\/lugu-lake-1158887_1280-1024x682.jpg 1024w, https:\/\/blogs.uef.fi\/karjalanelvytys\/wp-content\/uploads\/sites\/155\/2025\/05\/lugu-lake-1158887_1280-300x200.jpg 300w, https:\/\/blogs.uef.fi\/karjalanelvytys\/wp-content\/uploads\/sites\/155\/2025\/05\/lugu-lake-1158887_1280-768x512.jpg 768w, https:\/\/blogs.uef.fi\/karjalanelvytys\/wp-content\/uploads\/sites\/155\/2025\/05\/lugu-lake-1158887_1280.jpg 1280w\" sizes=\"auto, (max-width: 1024px) 100vw, 1024px\" \/><figcaption class=\"wp-element-caption\">Kuva: Pixabay<\/figcaption><\/figure>\n\n\n\n<h2 class=\"wp-block-heading\">Kenbo sen kylyn l\u00e4mmitt\u00e4y?<\/h2>\n\n\n\n<p>Suomelaine rahvahanpajo (Kukapa sen saunan l\u00e4mmitt\u00e4isi?)<\/p>\n\n\n\n<p>Ken-bo sen kyl-yn l\u00e4m-mit-t\u00e4y,<br>gu en bri-ha min\u00e4?<br>Rai-rii, ral-lal-lei,<br>da gu en bri-ha mi-n\u00e4?<\/p>\n\n\n\n<p>Da ken-bo se sit vai l\u00f6ylyy lykki\u00e4y,&nbsp;&nbsp;<br>gu et tyt-t\u00f6 si-n\u00e4?&nbsp;<br>Rai rii, ral-lal-lei&nbsp;&nbsp;<br>da gu et tyt-t\u00f6 si-n\u00e4?&nbsp;<\/p>\n\n\n\n<p>Tah-tot-go si-n\u00e4 tyt-t\u00f6 tul-la&nbsp;&nbsp;&nbsp;&nbsp;&nbsp;&nbsp;&nbsp;&nbsp;&nbsp;&nbsp;&nbsp;&nbsp;<br>t\u00e4-m\u00e4n brihan \u0161ko-lah,&nbsp;<br>Rai-rii, ral-lal-lei,&nbsp;&nbsp;&nbsp;&nbsp;&nbsp;&nbsp;&nbsp;&nbsp;&nbsp;&nbsp;&nbsp;&nbsp;&nbsp;&nbsp;&nbsp;&nbsp;&nbsp;&nbsp;&nbsp;&nbsp;&nbsp;&nbsp;&nbsp;&nbsp;&nbsp;&nbsp;&nbsp;&nbsp;&nbsp;&nbsp;&nbsp;&nbsp;&nbsp;&nbsp;&nbsp;&nbsp;<br>da t\u00e4-m\u00e4n brihan \u0161ko-lah?&nbsp;<\/p>\n\n\n\n<p>Sul\u2019 o-lis elos parembi,&nbsp;&nbsp;&nbsp;&nbsp;&nbsp;&nbsp;&nbsp;&nbsp;&nbsp;&nbsp;&nbsp;&nbsp;&nbsp;&nbsp;&nbsp;<br>kui j\u00e4-n\u00f6il rastavaine,&nbsp;<br>Rai rii, ral-lal-lei,&nbsp;&nbsp;&nbsp;&nbsp;&nbsp;&nbsp;&nbsp;&nbsp;&nbsp;&nbsp;&nbsp;&nbsp;&nbsp;&nbsp;&nbsp;&nbsp;&nbsp;&nbsp;&nbsp;&nbsp;&nbsp;&nbsp;&nbsp;&nbsp;&nbsp;&nbsp;&nbsp;&nbsp;&nbsp;&nbsp;&nbsp;&nbsp;&nbsp;&nbsp;&nbsp;&nbsp;&nbsp;<br>kui j\u00e4-n\u00f6il ras-ta-vaine!&nbsp;<\/p>\n\n\n\n<figure class=\"wp-block-image size-large is-resized\"><img loading=\"lazy\" decoding=\"async\" width=\"1024\" height=\"594\" src=\"https:\/\/blogs.uef.fi\/karjalanelvytys\/wp-content\/uploads\/sites\/155\/2025\/03\/sauna-raft-6809986_1280-1-1024x594.jpg\" alt=\"\" class=\"wp-image-21813\" style=\"width:400px\" srcset=\"https:\/\/blogs.uef.fi\/karjalanelvytys\/wp-content\/uploads\/sites\/155\/2025\/03\/sauna-raft-6809986_1280-1-1024x594.jpg 1024w, https:\/\/blogs.uef.fi\/karjalanelvytys\/wp-content\/uploads\/sites\/155\/2025\/03\/sauna-raft-6809986_1280-1-300x174.jpg 300w, https:\/\/blogs.uef.fi\/karjalanelvytys\/wp-content\/uploads\/sites\/155\/2025\/03\/sauna-raft-6809986_1280-1-768x445.jpg 768w, https:\/\/blogs.uef.fi\/karjalanelvytys\/wp-content\/uploads\/sites\/155\/2025\/03\/sauna-raft-6809986_1280-1.jpg 1280w\" sizes=\"auto, (max-width: 1024px) 100vw, 1024px\" \/><figcaption class=\"wp-element-caption\">Kuva: Pixabay<\/figcaption><\/figure>\n\n\n\n<h2 class=\"wp-block-heading\">Sygyzyn s\u00e4vel<\/h2>\n\n\n\n<p>Suomenkielizet sanat (Syksyn s\u00e4vel) <strong>Juice Leskinen<\/strong><\/p>\n\n\n\n<p>Pi-ha t\u00e4yt-tyy ris-ti-kan-zo-is<br>el-os on vai kuo-le-mis-tu<br>pa-ne k\u00e4-zi k\u00e4-deh oommo hil\u2019-l\u2019ah<br>ku-\u010du mi-nuu huon-des-\u010dua-jul\u2019<br>an-na vet-ty kuih-tu-nuo-le<br>on elo-kuu da mi-n\u00e4 olen vil\u2019-l\u2019ua<\/p>\n\n\n\n<p>En i-los it-ke, en gor\u2019-as it-ke, gu it-ken&nbsp;<br>it-ken mui-te vai&nbsp;<br>da gu mui-jal o-len, ku-ni et huo-mua-gi&nbsp;<\/p>\n\n\n\n<p>H\u00e4n-dy su-vai-\u010din \u00e4i-j\u00e4l<br>si-nuu su-vai-\u010den toi-\u010di e-n\u00e4-mb\u00e4l<br>o-le mi-nul\u2019 v\u00e4-h\u00e4n ai-gua h\u00e4i<\/p>\n\n\n\n<p>O-ta mi-nuu i\u010d-\u010des u-nih<br>hos m\u00e4 nou-zen toi-zih ju-nih<br>on liga-kuu da mi-nus-p\u00e4i n\u00e4-gyy se<br>Gu m\u00e4 tu-len kiin-ni sinuh<br>ju-ma-l se\u017eo uskou minuh<br>hos m\u00e4 i\u010de ai-nos us-ko en<\/p>\n\n\n\n<p>En i-los it-ke, en gor\u2019-as it-ke, gu it-ken&nbsp;<br>it-ken mui-te vai&nbsp;<br>da gu mui-jal o-len, ku-ni et huo-mua-gi&nbsp;<\/p>\n\n\n\n<p>H\u00e4n-dy su-vai-\u010din \u00e4i-j\u00e4l&nbsp;<br>si-nuu su-vai-\u010den toi-\u010di e-n\u00e4-mb\u00e4l&nbsp;<br>o-le mi-nul\u2019 v\u00e4-h\u00e4n ai-gua h\u00e4i&nbsp;<\/p>\n\n\n\n<figure class=\"wp-block-image size-large is-resized\"><img loading=\"lazy\" decoding=\"async\" width=\"1024\" height=\"768\" src=\"https:\/\/blogs.uef.fi\/karjalanelvytys\/wp-content\/uploads\/sites\/155\/2025\/02\/vlad-stawizki-CQbaooHFSWQ-unsplash-1024x768.jpg\" alt=\"\" class=\"wp-image-21709\" style=\"width:400px\" srcset=\"https:\/\/blogs.uef.fi\/karjalanelvytys\/wp-content\/uploads\/sites\/155\/2025\/02\/vlad-stawizki-CQbaooHFSWQ-unsplash-1024x768.jpg 1024w, https:\/\/blogs.uef.fi\/karjalanelvytys\/wp-content\/uploads\/sites\/155\/2025\/02\/vlad-stawizki-CQbaooHFSWQ-unsplash-300x225.jpg 300w, https:\/\/blogs.uef.fi\/karjalanelvytys\/wp-content\/uploads\/sites\/155\/2025\/02\/vlad-stawizki-CQbaooHFSWQ-unsplash-768x576.jpg 768w, https:\/\/blogs.uef.fi\/karjalanelvytys\/wp-content\/uploads\/sites\/155\/2025\/02\/vlad-stawizki-CQbaooHFSWQ-unsplash-1536x1152.jpg 1536w, https:\/\/blogs.uef.fi\/karjalanelvytys\/wp-content\/uploads\/sites\/155\/2025\/02\/vlad-stawizki-CQbaooHFSWQ-unsplash-2048x1536.jpg 2048w\" sizes=\"auto, (max-width: 1024px) 100vw, 1024px\" \/><figcaption class=\"wp-element-caption\">Kuva: Unsplash<\/figcaption><\/figure>\n\n\n\n<h2 class=\"wp-block-heading\">Taivas on sinine da valgei<\/h2>\n\n\n\n<p>T\u00e4s uvves pajoki\u00e4nn\u00f6kses sanat on tavutettu pajattajale avukse. <strong>Carl Collan<\/strong> pani t\u00e4m\u00e4n pajon mustoh Liperis, Suomen Pohjas-Karjalas vuvvennu 1854.<\/p>\n\n\n\n<p>Suomelaine rahvahans\u00e4velmy (Taivas on sininen ja valkoinen)<\/p>\n\n\n\n<p>Tai-vas on si-ni-ne da va-lgei<br>da on t\u00e4y-zi ti\u00e4h-ti-l\u00f6i vai;<br>Tai-vas on si-ni-ne da va-lgei<br>da on t\u00e4y-zi ti\u00e4h-ti-l\u00f6i vai;<br>mi-nun nuo-ri sy-v\u00e4in-ruk-ku<br>on aja-tuk-sii t\u00e4y-zi,<br>mi-nun nuo-ri sy-v\u00e4in-ruk-ku<br>on aja-tuk-sii t\u00e4y-zi,<\/p>\n\n\n\n<p>Toi-zi-le en mi-n\u00e4 sa-ne-le<br>mi-nun o-mii sy-v\u00e4-in-tus-kii,<br>Toi-zi-le en mi-n\u00e4 sa-ne-le<br>mi-nun o-mii sy-v\u00e4-in-tus-kii;<br>mus-tu me\u010d-\u010dy, kir-kas tai-vas<br>tie-t\u00e4h mi-nun tus-kat,<br>mus-tu me\u010d-\u010dy, kir-kas tai-vas<br>tie-t\u00e4h mi-nun tus-kat.<\/p>\n\n\n\n<figure class=\"wp-block-image size-large is-resized\"><img loading=\"lazy\" decoding=\"async\" width=\"1024\" height=\"684\" src=\"https:\/\/blogs.uef.fi\/karjalanelvytys\/wp-content\/uploads\/sites\/155\/2025\/02\/chuttersnap-9AqIdzEc9pY-unsplash-1024x684.jpg\" alt=\"\" class=\"wp-image-21701\" style=\"width:400px\" srcset=\"https:\/\/blogs.uef.fi\/karjalanelvytys\/wp-content\/uploads\/sites\/155\/2025\/02\/chuttersnap-9AqIdzEc9pY-unsplash-1024x684.jpg 1024w, https:\/\/blogs.uef.fi\/karjalanelvytys\/wp-content\/uploads\/sites\/155\/2025\/02\/chuttersnap-9AqIdzEc9pY-unsplash-300x200.jpg 300w, https:\/\/blogs.uef.fi\/karjalanelvytys\/wp-content\/uploads\/sites\/155\/2025\/02\/chuttersnap-9AqIdzEc9pY-unsplash-768x513.jpg 768w, https:\/\/blogs.uef.fi\/karjalanelvytys\/wp-content\/uploads\/sites\/155\/2025\/02\/chuttersnap-9AqIdzEc9pY-unsplash-1536x1025.jpg 1536w, https:\/\/blogs.uef.fi\/karjalanelvytys\/wp-content\/uploads\/sites\/155\/2025\/02\/chuttersnap-9AqIdzEc9pY-unsplash-2048x1367.jpg 2048w\" sizes=\"auto, (max-width: 1024px) 100vw, 1024px\" \/><figcaption class=\"wp-element-caption\">Kuva: Unsplash<\/figcaption><\/figure>\n\n\n\n<h2 class=\"wp-block-heading\">Syvyspajo<\/h2>\n\n\n\n<p>Ruo\u010dinkielizet sanat <strong>Tove Jansson<\/strong>, suomenkielizet sanat (Syyslaulu) <strong>Esko Elstel\u00e4 <\/strong><\/p>\n\n\n\n<p>Kodimatku pitky on, ei vastahtulijua<br>Illat sammutah viluh h\u00e4m\u00e4rih vai<br>Jo tule alevuttamah, gu v\u00e4zynyh m\u00e4 oon<br>syvysildani yksin\u00e4\u017ey\u00f6h<br>Vot pimevysh\u00e4i suau sid\u00e4 ajattelemah,<br>mid\u00e4 muite et mustas ni yhty.<br>Nyg\u00f6i mustan, kuibo \u00e4ijy min\u00e4 azuo<br>tahtoingi,<br>kuibo v\u00e4h\u00e4n min\u00e4 sid\u00e4 aigah saingi.<\/p>\n\n\n\n<p>Kiireht\u00e4, armas, gu suvai\u010dus ku\u010d\u010duu,<br>p\u00e4ivien kodvazet terv\u00e4h kulutah.<br>Anna valgei syttyy, y\u00f6 terv\u00e4h vai tulou,<br>i\u00e4reh kez\u00e4n kukkazet sygyzy viey.<\/p>\n\n\n\n<p>E\u010din mid\u00e4gi, mi meil t\u00e4s unohtunnuh on, &nbsp;<br>min sinun avul l\u00f6ydi\u00e4 m\u00e4 voizin.&nbsp;<br>Nyg\u00f6i kez\u00e4 terv\u00e4h lopeh, se liijan lyhyt on &nbsp;<br>kui huaveh, mid\u00e4 opiin m\u00e4 suaha.&nbsp;<br>Toinah terv\u00e4h tulet, kuni min\u00e4 pimieh en ji\u00e4 &nbsp;<br>eih\u00e4i kai taki liene mennyh tyhj\u00e4h &nbsp;<br>Gu toine toizen l\u00f6vv\u00e4mm\u00f6, vaste sit m\u00e4 n\u00e4in&nbsp;&nbsp; &nbsp;<br>tavan kaiken suammo puhkiemah kukkah.<\/p>\n\n\n\n<p>Kiireht\u00e4, armas, gu suvai\u010dus ku\u010d\u010duu,&nbsp;<br>p\u00e4ivien kodvazet terv\u00e4h kulutah\u2026&nbsp;<\/p>\n\n\n\n<p>Sygyzyn tuuli i\u00e4reh viey kez\u00e4n mustotgi&nbsp;<br>nyg\u00f6i tyhj\u00e4h jo kyzyt kunne vieygi.&nbsp;<\/p>\n\n\n\n<p>Nyg\u00f6i suvainnen v\u00e4hemb\u00e4l, migu enne suvai\u010din, &nbsp;<br>no en\u00e4mb\u00e4l, migu konzutah suat tiedi\u00e4.&nbsp;<br>Nyg\u00f6i majakat my\u00f6 n\u00e4imm\u00f6, ku \u0161tormu bauhuou,&nbsp; &nbsp;<br>tuuli vuahtip\u00e4izen i\u00e4nen t\u00e4nne kandau&nbsp;<br>da t\u00e4rgevin on oman syv\u00e4ini\u00e4ndy novvattua&nbsp;&nbsp;&nbsp;&nbsp;&nbsp;&nbsp;&nbsp;&nbsp;&nbsp;&nbsp;&nbsp;&nbsp;&nbsp;&nbsp;&nbsp;&nbsp;&nbsp;&nbsp;&nbsp;&nbsp;&nbsp; &nbsp;<br>da toizele suvai\u010dustu andua.&nbsp;<\/p>\n\n\n\n<p>Kiireht\u00e4, armas, gu suvai\u010dus ku\u010d\u010duu&nbsp;<br>p\u00e4ivien kodvazet terv\u00e4h kulutah\u2026&nbsp;<\/p>\n\n\n\n<figure class=\"wp-block-image size-large is-resized\"><img loading=\"lazy\" decoding=\"async\" width=\"1024\" height=\"682\" src=\"https:\/\/blogs.uef.fi\/karjalanelvytys\/wp-content\/uploads\/sites\/155\/2025\/01\/forest-6631518_1280-1024x682.jpg\" alt=\"\" class=\"wp-image-21586\" style=\"width:400px\" srcset=\"https:\/\/blogs.uef.fi\/karjalanelvytys\/wp-content\/uploads\/sites\/155\/2025\/01\/forest-6631518_1280-1024x682.jpg 1024w, https:\/\/blogs.uef.fi\/karjalanelvytys\/wp-content\/uploads\/sites\/155\/2025\/01\/forest-6631518_1280-300x200.jpg 300w, https:\/\/blogs.uef.fi\/karjalanelvytys\/wp-content\/uploads\/sites\/155\/2025\/01\/forest-6631518_1280-768x512.jpg 768w, https:\/\/blogs.uef.fi\/karjalanelvytys\/wp-content\/uploads\/sites\/155\/2025\/01\/forest-6631518_1280.jpg 1280w\" sizes=\"auto, (max-width: 1024px) 100vw, 1024px\" \/><figcaption class=\"wp-element-caption\">Kuva: Pixabay<\/figcaption><\/figure>\n\n\n\n<h2 class=\"wp-block-heading\">Mua on moine \u010doma<\/h2>\n\n\n\n<p>Mua moine \u010doma <br>Kirkas Luadijan taivas <br>Ylen hyv\u00e4 hengil\u00f6in toivomustie <br>Muailman kauti <br>Pajattajen astummo <br>Taivastu kohti matku on<\/p>\n\n\n\n<p>Lenn\u00e4ht\u00e4h aigu <br>Hu\u0161ketah vuvvet vai <br>Miespolvet vaivutah unohtukseh <br>Ainos kirkahannu <br>Hengien pajon <br>Spuassaine soindu s\u00e4ilyy ain\u2019<\/p>\n\n\n\n<p>Anhelit ezm\u00e4i <br>Pajatettih paimoloil\u2019 <br>Hengisp\u00e4i hengeh kaigu heliz\u00f6y <br>Kunnivo Herran <br>Muas nyg\u00f6i rauhu <br>Ku Iisus meile armon toi<\/p>\n\n\n\n<figure class=\"wp-block-image size-large is-resized\"><img loading=\"lazy\" decoding=\"async\" width=\"1024\" height=\"682\" src=\"https:\/\/blogs.uef.fi\/karjalanelvytys\/wp-content\/uploads\/sites\/155\/2024\/12\/ice-7788590_1280-1024x682.jpg\" alt=\"\" class=\"wp-image-21214\" style=\"width:400px\" srcset=\"https:\/\/blogs.uef.fi\/karjalanelvytys\/wp-content\/uploads\/sites\/155\/2024\/12\/ice-7788590_1280-1024x682.jpg 1024w, https:\/\/blogs.uef.fi\/karjalanelvytys\/wp-content\/uploads\/sites\/155\/2024\/12\/ice-7788590_1280-300x200.jpg 300w, https:\/\/blogs.uef.fi\/karjalanelvytys\/wp-content\/uploads\/sites\/155\/2024\/12\/ice-7788590_1280-768x512.jpg 768w, https:\/\/blogs.uef.fi\/karjalanelvytys\/wp-content\/uploads\/sites\/155\/2024\/12\/ice-7788590_1280.jpg 1280w\" sizes=\"auto, (max-width: 1024px) 100vw, 1024px\" \/><figcaption class=\"wp-element-caption\">Kuva: Pixabay<\/figcaption><\/figure>\n\n\n\n<h2 class=\"wp-block-heading\">En e\u010di valdua, \u010d\u00e4igyy en<\/h2>\n\n\n\n<p>Ruo\u010dinkielizet sanat (En etsi valtaa, loistoa): <strong>Zachris Topelius<\/strong><\/p>\n\n\n\n<p>En e\u010di valdua, \u010d\u00e4igyy en, engo tahto kulduagi <br>Vai toivon taivahan valguo da rauhua pi\u00e4le muan <br>Anna rastavu, mi ozan tuou da luokse Luadijan mielet suau <br>Ei valdua eigo kulduagi, vai rauhua pi\u00e4le muan.<\/p>\n\n\n\n<p>Anna minule kodi rauha\u017eu da lapsien rastavanpuu <br>Jumalan sanan valguo, mi hengen kirkastau <br>Tuou kodiloih, my\u00f6s pienihgi, nyg\u00f6i rastavaine hyv\u00e4ine <br>Jumalan sanan valguo da mielen rauhua<\/p>\n\n\n\n<p>Luokse k\u00f6yh\u00e4n dai rikkahan suau rastavu \u010domaine <br>Pimevykseh muailman tuou taivahan valguo <br>Sinuu tahtommo, Sinuu vuotammo, meij\u00e4n Herru muan da taivahan<br>Luokse k\u00f6yh\u00e4n dai bohatan hyv\u00e4ine rastavu tuou<\/p>\n\n\n\n<figure class=\"wp-block-image size-large is-resized\"><img loading=\"lazy\" decoding=\"async\" width=\"1024\" height=\"682\" src=\"https:\/\/blogs.uef.fi\/karjalanelvytys\/wp-content\/uploads\/sites\/155\/2024\/12\/winter-7669652_1280-1024x682.jpg\" alt=\"\" class=\"wp-image-21161\" style=\"width:400px\" srcset=\"https:\/\/blogs.uef.fi\/karjalanelvytys\/wp-content\/uploads\/sites\/155\/2024\/12\/winter-7669652_1280-1024x682.jpg 1024w, https:\/\/blogs.uef.fi\/karjalanelvytys\/wp-content\/uploads\/sites\/155\/2024\/12\/winter-7669652_1280-300x200.jpg 300w, https:\/\/blogs.uef.fi\/karjalanelvytys\/wp-content\/uploads\/sites\/155\/2024\/12\/winter-7669652_1280-768x512.jpg 768w, https:\/\/blogs.uef.fi\/karjalanelvytys\/wp-content\/uploads\/sites\/155\/2024\/12\/winter-7669652_1280.jpg 1280w\" sizes=\"auto, (max-width: 1024px) 100vw, 1024px\" \/><figcaption class=\"wp-element-caption\">Kuva: Pixabay<\/figcaption><\/figure>\n\n\n\n<h2 class=\"wp-block-heading\">Sinine uni<\/h2>\n\n\n\n<p>Suomenkielizet sanat (Sininen uni): <strong>P. Mustap\u00e4\u00e4<\/strong><\/p>\n\n\n\n<p>Gu illoil lampu sammuu da tulou oigei y\u00f6<br>Nengai Uni\u010d\u010du h\u00e4i tulou, da ukseh hil\u2019l\u2019ah ly\u00f6y<br>On h\u00e4nel unizet tapkat da niil\u00f6il h\u00e4i sipsuttau <br>H\u00e4i hiivou ukses pertih da hyppi\u00e4y \u0161kuapan tua<\/p>\n\n\n\n<p>Da h\u00e4nel on unine \u0161uapku da sinine, unine vy\u00f6<br>Da unis ji\u00e4maidopuikkuo h\u00e4i pienil hambahil sy\u00f6y<br>Da h\u00e4nel on sinine ma\u0161in da se ma\u0161in hurizou; <br>Surrur, surrur da l\u00e4ht\u00f6y unen sinisty muadu p\u00e4i<\/p>\n\n\n\n<p>Da pieni zontiekkaine on ihan kallalleh<br>Da sinine unien kniigu on h\u00e4nel omas kainalos<br>Da unien sinimuah h\u00e4i lapset autol suau &nbsp;<br>Surrur, surrur da sinne on sinine, unine tie<\/p>\n\n\n\n<p>Da sie on kuldaine me\u010d\u010dy, da me\u010d\u00e4s kuldaine puu<br>Da unien sinilindu, da linnul kuldaine suu<br>Da se unien sinilindu, se lapsii liikuttau <br>Se pajattau bajutuspajon; la-la lalla-la lallallaa<\/p>\n\n\n\n<figure class=\"wp-block-image size-large is-resized\"><img loading=\"lazy\" decoding=\"async\" width=\"1024\" height=\"723\" src=\"https:\/\/blogs.uef.fi\/karjalanelvytys\/wp-content\/uploads\/sites\/155\/2024\/10\/sinine_yo-1024x723.png\" alt=\"\" class=\"wp-image-20309\" style=\"width:400px\" srcset=\"https:\/\/blogs.uef.fi\/karjalanelvytys\/wp-content\/uploads\/sites\/155\/2024\/10\/sinine_yo-1024x723.png 1024w, https:\/\/blogs.uef.fi\/karjalanelvytys\/wp-content\/uploads\/sites\/155\/2024\/10\/sinine_yo-300x212.png 300w, https:\/\/blogs.uef.fi\/karjalanelvytys\/wp-content\/uploads\/sites\/155\/2024\/10\/sinine_yo-768x542.png 768w, https:\/\/blogs.uef.fi\/karjalanelvytys\/wp-content\/uploads\/sites\/155\/2024\/10\/sinine_yo.png 1280w\" sizes=\"auto, (max-width: 1024px) 100vw, 1024px\" \/><figcaption class=\"wp-element-caption\">Kuva: Pixabay<\/figcaption><\/figure>\n\n\n\n<h2 class=\"wp-block-heading\">Oravan pajo<\/h2>\n\n\n\n<p>Suomenkielizet sanat (Oravan laulu): <strong>Aleksis Kivi<\/strong><\/p>\n\n\n\n<p>Magiesti oravaine <br>maguau omas sammalpertis <br>sinnebo ei koiran hammas <br>eigo me\u010d\u010dyniekan rida <br>nikonzu kerrit\u00e4 <\/p>\n\n\n\n<p>Omas korgies kammarisp\u00e4i <br>ka\u010d\u010delou h\u00e4i muailman piirii, <br>monii torii alipuolel; <br>havvuoksan rauhan vimpel <br>pi\u00e4n pi\u00e4l liehuilou.<\/p>\n\n\n\n<p>Mibo elos ozavaine <br>lied\u017eujasgi k\u00e4tkytlinnas! <br>Sieh\u00e4i lied\u017euu oravaine <br>kuuzen armahan muamanrinnas: <br>Me\u010d\u010dolan kandeleh soi\u2019! <\/p>\n\n\n\n<p>:,: Sie nukkuu turbeih\u00e4ndy <br>pikkaraizel ikkunaizel, <br>linnut pajattajen taivahan piiris <br>suattau h\u00e4ndy ildazel <br>uniloih Kuldalah.:,:<\/p>\n\n\n\n<figure class=\"wp-block-image size-full is-resized\"><img loading=\"lazy\" decoding=\"async\" width=\"640\" height=\"414\" src=\"https:\/\/blogs.uef.fi\/karjalanelvytys\/wp-content\/uploads\/sites\/155\/2024\/10\/squirrel-3627114_640.jpg\" alt=\"\" class=\"wp-image-19750\" style=\"width:400px\" srcset=\"https:\/\/blogs.uef.fi\/karjalanelvytys\/wp-content\/uploads\/sites\/155\/2024\/10\/squirrel-3627114_640.jpg 640w, https:\/\/blogs.uef.fi\/karjalanelvytys\/wp-content\/uploads\/sites\/155\/2024\/10\/squirrel-3627114_640-300x194.jpg 300w\" sizes=\"auto, (max-width: 640px) 100vw, 640px\" \/><figcaption class=\"wp-element-caption\">Kuva: Pixabay<\/figcaption><\/figure>\n\n\n\n<h2 class=\"wp-block-heading\">Koin tuohukset<\/h2>\n\n\n\n<p>Suomenkielizet sanat (Kodin kynttil\u00e4t): <strong>Usko Hurmerinta<\/strong><\/p>\n\n\n\n<p>Illan rauhu gu ysk\u00e4h muan j\u00e4tt\u00e4y <br>Parkoin pimeik\u00f6t gu h\u00e4m\u00e4rd\u00e4y. <br>Duumu my\u00f6s menny\u00f6h aigah gu kulgou <br>Loitos kodih tusku on vai.<\/p>\n\n\n\n<p>Ehtil tuohukset siep\u00e4i ku hehkuu, <br>Omis huavehis sie olla suan. <br>Koin tuohuksien l\u00e4mm\u00e4zet tulet, <br>niil\u00f6i unohta nikonzu en.<\/p>\n\n\n\n<p>Nyg\u00f6i vahnannu ikkunan pieles<br>istun ka\u010d\u010dellen y\u00f6n ti\u00e4htil\u00f6i: <br>My\u00f6sgi n\u00e4in oman lapsuon hyv\u00e4n, <br>kui enne my\u00f6s tulen kodihp\u00e4i.<\/p>\n\n\n\n<p>Ehtil tuohukset siep\u00e4i ku hehkuu, <br>omis huavehis sie olla suan. <br>Koin tuohuksien l\u00e4mm\u00e4zet tulet, <br>niil\u00f6i unohta nikonzu en.<\/p>\n\n\n\n<figure class=\"wp-block-image size-large is-resized\"><img loading=\"lazy\" decoding=\"async\" width=\"1024\" height=\"683\" src=\"https:\/\/blogs.uef.fi\/karjalanelvytys\/wp-content\/uploads\/sites\/155\/2024\/10\/candle-386607_1280-1024x683.jpg\" alt=\"\" class=\"wp-image-19687\" style=\"width:400px\" srcset=\"https:\/\/blogs.uef.fi\/karjalanelvytys\/wp-content\/uploads\/sites\/155\/2024\/10\/candle-386607_1280-1024x683.jpg 1024w, https:\/\/blogs.uef.fi\/karjalanelvytys\/wp-content\/uploads\/sites\/155\/2024\/10\/candle-386607_1280-300x200.jpg 300w, https:\/\/blogs.uef.fi\/karjalanelvytys\/wp-content\/uploads\/sites\/155\/2024\/10\/candle-386607_1280-768x512.jpg 768w, https:\/\/blogs.uef.fi\/karjalanelvytys\/wp-content\/uploads\/sites\/155\/2024\/10\/candle-386607_1280.jpg 1280w\" sizes=\"auto, (max-width: 1024px) 100vw, 1024px\" \/><figcaption class=\"wp-element-caption\">Kuva: Pixabay<\/figcaption><\/figure>\n\n\n\n<h2 class=\"wp-block-heading\">Nouzeman vieres<\/h2>\n\n\n\n<p>Suomenkielizet sanat (L\u00e4hteell\u00e4): <strong>Elias L\u00f6nnrot<\/strong>, kolmas s\u00e4keist\u00f6 <strong>P. J. Hannikainen<\/strong><\/p>\n\n\n\n<p>Sinun vetty min\u00e4 ka\u010d\u010delen <br>\u010domaine nouzemu. <br>Konzu pilvet kuvastutah <br>sinun tyynes zirkalos.<\/p>\n\n\n\n<p>Vot, tua on pilvi l\u00e4pett\u00e4i <br>kez\u00e4ine, poudaine. <br>Jo l\u00e4hti i\u00e4re pagenemah <br>ji\u00e4 tervehekse vai.<\/p>\n\n\n\n<p>Min\u00e4 ainos nyg\u00f6i duumai\u010den <br>minun omua hengie. <br>Nenga moni pilvi kuldaine <br>my\u00f6s sengi j\u00e4tti vai.<\/p>\n\n\n\n<figure class=\"wp-block-image size-large is-resized\"><img loading=\"lazy\" decoding=\"async\" width=\"1024\" height=\"678\" src=\"https:\/\/blogs.uef.fi\/karjalanelvytys\/wp-content\/uploads\/sites\/155\/2024\/09\/splashing-165192_1280-1024x678.jpg\" alt=\"\" class=\"wp-image-18970\" style=\"width:400px\" srcset=\"https:\/\/blogs.uef.fi\/karjalanelvytys\/wp-content\/uploads\/sites\/155\/2024\/09\/splashing-165192_1280-1024x678.jpg 1024w, https:\/\/blogs.uef.fi\/karjalanelvytys\/wp-content\/uploads\/sites\/155\/2024\/09\/splashing-165192_1280-300x199.jpg 300w, https:\/\/blogs.uef.fi\/karjalanelvytys\/wp-content\/uploads\/sites\/155\/2024\/09\/splashing-165192_1280-768x509.jpg 768w, https:\/\/blogs.uef.fi\/karjalanelvytys\/wp-content\/uploads\/sites\/155\/2024\/09\/splashing-165192_1280.jpg 1280w\" sizes=\"auto, (max-width: 1024px) 100vw, 1024px\" \/><figcaption class=\"wp-element-caption\">Kuva: Pixabay<\/figcaption><\/figure>\n\n\n\n<h2 class=\"wp-block-heading\">Ozakkahat<\/h2>\n\n\n\n<p>Suomenkielizet sanat (Onnelliset): <strong>Aleksis Kivi<\/strong><\/p>\n\n\n\n<p>Jo valgenou loittoine randu <br>da koillizes p\u00e4iv\u00e4ine nouzou <br>da sumuine i\u00e4reh h\u00e4ibyy, <br>gu Pohjalan y\u00f6valgei v\u00e4istyy, <br>gu mennyh on y\u00f6, <br>gu l\u00e4pett\u00e4y kez\u00e4ine huondes <br>da vid\u017eerdet\u00e4h net linduzet.<\/p>\n\n\n\n<p>Min\u00e4 korgien vuaran pi\u00e4le <br>nyg\u00f6i astun selgies tuules; <br>minun huondeszor\u2019an tahto on, <br>gu kuldazen vastavuon siep\u00e4i <br>gu mennyh on y\u00f6 <br>gu l\u00e4pett\u00e4y kez\u00e4ine huondes <br>da vid\u017eerdet\u00e4h net linduzet.<\/p>\n\n\n\n<p>T\u00e4s seizon min\u00e4 kuldazen kere <br>da liehutah kidzer\u00e4t tuules <br>da notkoloin humineh soittau <br>kui ij\u00e4ksen lemmen i\u00e4ni, <br>gu mennyh on y\u00f6, <br>gu l\u00e4pett\u00e4y kez\u00e4ine huondes <br>da vid\u017eerdet\u00e4h net linduzet.<\/p>\n\n\n\n<figure class=\"wp-block-image size-large is-resized\"><img loading=\"lazy\" decoding=\"async\" width=\"768\" height=\"1024\" src=\"https:\/\/blogs.uef.fi\/karjalanelvytys\/wp-content\/uploads\/sites\/155\/2024\/08\/grass-7298466_1280-768x1024.jpg\" alt=\"\" class=\"wp-image-18885\" style=\"width:400px\" srcset=\"https:\/\/blogs.uef.fi\/karjalanelvytys\/wp-content\/uploads\/sites\/155\/2024\/08\/grass-7298466_1280-768x1024.jpg 768w, https:\/\/blogs.uef.fi\/karjalanelvytys\/wp-content\/uploads\/sites\/155\/2024\/08\/grass-7298466_1280-225x300.jpg 225w, https:\/\/blogs.uef.fi\/karjalanelvytys\/wp-content\/uploads\/sites\/155\/2024\/08\/grass-7298466_1280.jpg 960w\" sizes=\"auto, (max-width: 768px) 100vw, 768px\" \/><figcaption class=\"wp-element-caption\">Kuva: Pixabay<\/figcaption><\/figure>\n\n\n\n<h2 class=\"wp-block-heading\">Itkii fleittu<\/h2>\n\n\n\n<p>Suomenkielizet sanat (Itkev\u00e4 huilu): <strong>Larin-Ky\u00f6sti<\/strong><\/p>\n\n\n\n<p>Luajiin min\u00e4 pajus vessel\u00e4n fleitan <br>No i\u00e4ndy vai min\u00e4 sih en suannuh <br>Duumai\u010din, ei ole ozani hengi <br>Soittajan neruo minule andanuh  <br>Soi, soiseli neruo andanuh <br>Min\u00e4 nevvuo monel kyzyin<\/p>\n\n\n\n<p>N\u00e4in min\u00e4 \u010dakkaizen, \u010dakkaine kuule <br>Fleitah puhalda omassas hengi <br>P\u00e4iv\u00e4ine pastau, aigua ei ole Hurizi \u010dakkaine h\u00e4m\u00e4rin ruadai <br>Soi, soiseli, h\u00e4m\u00e4rin ruadai <br>Da fleittu se p\u00e4iv\u00e4zes \u010d\u00e4ig\u00e4i<\/p>\n\n\n\n<p>Astuin min\u00e4 muailman jarmankudorogoil <br>S\u00e4veldy kyzyin ne\u010die da siep\u00e4i <br>Pi\u00e4l\u00f6i net punottih da vastavust\u2019 en suannuh <br>Kyzelij\u00e4n kieldy net ei ellendetty <br>Soi, soiseli, kyzelij\u00e4n kieldy <br>Da fleittu se tuhmakse ruostui<\/p>\n\n\n\n<p>Sit min\u00e4 ilmoile itkuni pi\u00e4stin <br>Kalbiet ro\u017eani pimieh peitin <br>Duumai\u010din, nyg\u00f6i min\u00e4 kuolta tahton <br>Pahan fleitan i\u00e4res min\u00e4 lykk\u00e4in <br>Soi, soiseli, i\u00e4res min\u00e4 lykk\u00e4in <br>Da sit \u010dilizi fleittu.<\/p>\n\n\n\n<p>\u010cilizij\u00e4n fleitan huulile nostin <br>Sormet net souttih da s\u00e4velet net helistih <br>Tusku suli, li\u017eeni s\u00e4velien virdu <br>\u010comaine p\u00e4iv\u00e4ine hengeh hehkui <br>Soi, soiseli, hengeh hehkui <br>Da fleittu se ilon t\u00e4h itki.<\/p>\n\n\n\n<p>Huom.! Pajata andanuh &#8211; andnuh<\/p>\n\n\n\n<figure class=\"wp-block-image size-large is-resized\"><img loading=\"lazy\" decoding=\"async\" width=\"1024\" height=\"680\" src=\"https:\/\/blogs.uef.fi\/karjalanelvytys\/wp-content\/uploads\/sites\/155\/2024\/08\/flute-2216485_1280-1024x680.jpg\" alt=\"\" class=\"wp-image-18818\" style=\"width:400px\" srcset=\"https:\/\/blogs.uef.fi\/karjalanelvytys\/wp-content\/uploads\/sites\/155\/2024\/08\/flute-2216485_1280-1024x680.jpg 1024w, https:\/\/blogs.uef.fi\/karjalanelvytys\/wp-content\/uploads\/sites\/155\/2024\/08\/flute-2216485_1280-300x199.jpg 300w, https:\/\/blogs.uef.fi\/karjalanelvytys\/wp-content\/uploads\/sites\/155\/2024\/08\/flute-2216485_1280-768x510.jpg 768w, https:\/\/blogs.uef.fi\/karjalanelvytys\/wp-content\/uploads\/sites\/155\/2024\/08\/flute-2216485_1280.jpg 1280w\" sizes=\"auto, (max-width: 1024px) 100vw, 1024px\" \/><figcaption class=\"wp-element-caption\">Kuva: Pixabay<\/figcaption><\/figure>\n\n\n\n<h2 class=\"wp-block-heading\">Karjala<\/h2>\n\n\n\n<p>Suomenkielizet sanat: <strong>Olli Nyk\u00e4nen<\/strong><\/p>\n\n\n\n<p>Ty\u00f6 uskotto, olemmo unohtannuh, <br>kui \u010domaine Karjala on. <br>Se on meile ji\u00e4nnyh syv\u00e4imeh <br>da tusku on pohjatoi. <br>Olemmo itkenyh, olemmo nagranuh, <br>olemmo Karjalua mustelluh. <\/p>\n\n\n\n<p>Jo vahnembat kerrottih lapsilleh, <br>kui suuri Karjala on. <br>Kodialoveh suuri vuaroinke <br>da Luadogu rannatoi. <br>Olemmo pajatannuh, olemmo soittanuh, <br>olemmo Karjalua mustelluh.<\/p>\n\n\n\n<p>Nikonzu ei vieras voi ellendi\u00e4 <br>sen me\u010d\u010dien \u0161upetandua.<br>Sugupolviloin mennyzien tervehtys <br>vai meidy koskettau. <br>Olemmo valvonuh, olemmo kuunnelluh, <br>olemmo Karjalua mustelluh.<\/p>\n\n\n\n<p>Huom.! Pajata &#8221;olemmo &#8211; oommo&#8221;.<\/p>\n\n\n\n<figure class=\"wp-block-image size-large is-resized\"><img loading=\"lazy\" decoding=\"async\" width=\"1024\" height=\"682\" src=\"https:\/\/blogs.uef.fi\/karjalanelvytys\/wp-content\/uploads\/sites\/155\/2024\/06\/lake-7288400_1280-1024x682.jpg\" alt=\"\" class=\"wp-image-18657\" style=\"width:400px\" srcset=\"https:\/\/blogs.uef.fi\/karjalanelvytys\/wp-content\/uploads\/sites\/155\/2024\/06\/lake-7288400_1280-1024x682.jpg 1024w, https:\/\/blogs.uef.fi\/karjalanelvytys\/wp-content\/uploads\/sites\/155\/2024\/06\/lake-7288400_1280-300x200.jpg 300w, https:\/\/blogs.uef.fi\/karjalanelvytys\/wp-content\/uploads\/sites\/155\/2024\/06\/lake-7288400_1280-768x511.jpg 768w, https:\/\/blogs.uef.fi\/karjalanelvytys\/wp-content\/uploads\/sites\/155\/2024\/06\/lake-7288400_1280.jpg 1280w\" sizes=\"auto, (max-width: 1024px) 100vw, 1024px\" \/><figcaption class=\"wp-element-caption\">Luadogu. Kuva: Pixabay<\/figcaption><\/figure>\n\n\n\n<h2 class=\"wp-block-heading\">Pyh\u00e4npi\u00e4n huondeksel<\/h2>\n\n\n\n<p>Suomenkielizet sanat (Sunnuntaiaamuna): <strong>Simo Korpela<\/strong><\/p>\n\n\n\n<p>On kez\u00e4n valgei huondes<br>da Spuasan pyh\u00e4p\u00e4iv.<br>Ei liiku lehti tuomen,<br>vaikkani lindugi on.<\/p>\n\n\n\n<p>\u010comasti kukitah pellot<br>da vuarat vihandoijah<br>da hil\u2019l\u2019ah huondeskellot<br>vai rauhua soitetah.<\/p>\n\n\n\n<p>Gu pyh\u00e4n ristisuattav\u2019<br>k\u00e4vyy soindu pi\u00e4li\u010di muan.<br>Se on kui p\u00e4ivi\u00e4 vaste<br>sen suuren ozakkahan.<\/p>\n\n\n\n<p>Se luadiu tyynen mielen<br>kareiluh hil\u2019l\u2019azeh.<br>Suau sanattomaks\u2019 kielen<br>da silm\u00e4h kyyn\u00e4len.<\/p>\n\n\n\n<h2 class=\"wp-block-heading\">Tuuli hil&#8217;l&#8217;ah puhaldau<\/h2>\n\n\n\n<p>Suomenkielizet sanat (Tuuli hiljaa henk\u00e4ilee): <strong>Olli Wuorinen<\/strong><\/p>\n\n\n\n<p>Tuuli hil\u2019l\u2019ah puhaldau,<br>aldo v\u00e4lly l\u00e4pett\u00e4y,<br>lindu pieni huoletoi<br>vi\u017eerd\u00e4y, nyg\u00f6i kev\u00e4t on.<\/p>\n\n\n\n<p>Tuulik\u2019 kaino n\u2019upusp\u00e4i<br>avuau silm\u00e4t unesp\u00e4i,<br>\u010domat kukat nagrajen<br>nostah kasteniityle.<\/p>\n\n\n\n<p>Veneh \u010doma lied\u017euttau<br>\u0161oriesti sen soudajua.<br>Peldoh pehmieh siemenii<br>kynd\u00e4y, kylv\u00e4y muanruadai.<\/p>\n\n\n\n<p>Lapsukkazet kukkazil<br>\u010domendetah tukkazii.<br>Kev\u00e4tpajo ilokas<br>kuuluu nyg\u00f6i kev\u00e4t on!<\/p>\n\n\n\n<figure class=\"wp-block-image size-large is-resized\"><img loading=\"lazy\" decoding=\"async\" width=\"1024\" height=\"1024\" src=\"https:\/\/blogs.uef.fi\/karjalanelvytys\/wp-content\/uploads\/sites\/155\/2024\/06\/spring-illustration-8594533_1280-1024x1024.jpg\" alt=\"\" class=\"wp-image-18660\" style=\"width:400px\" srcset=\"https:\/\/blogs.uef.fi\/karjalanelvytys\/wp-content\/uploads\/sites\/155\/2024\/06\/spring-illustration-8594533_1280-1024x1024.jpg 1024w, https:\/\/blogs.uef.fi\/karjalanelvytys\/wp-content\/uploads\/sites\/155\/2024\/06\/spring-illustration-8594533_1280-300x300.jpg 300w, https:\/\/blogs.uef.fi\/karjalanelvytys\/wp-content\/uploads\/sites\/155\/2024\/06\/spring-illustration-8594533_1280-150x150.jpg 150w, https:\/\/blogs.uef.fi\/karjalanelvytys\/wp-content\/uploads\/sites\/155\/2024\/06\/spring-illustration-8594533_1280-768x768.jpg 768w, https:\/\/blogs.uef.fi\/karjalanelvytys\/wp-content\/uploads\/sites\/155\/2024\/06\/spring-illustration-8594533_1280.jpg 1280w\" sizes=\"auto, (max-width: 1024px) 100vw, 1024px\" \/><figcaption class=\"wp-element-caption\">Kuva: Pixabay<\/figcaption><\/figure>\n","protected":false},"excerpt":{"rendered":"<p>T\u00e4l sivul l\u00f6vv\u00e4t Hannu Lappalazen suomenkielizien pajotekstoin ki\u00e4nn\u00f6kset karjalakse. Uuzin ki\u00e4nn\u00f6s on ainos yl\u00e4h\u00e4n. Ki\u00e4nn\u00f6kset on tarkistannuh Natalia Giloeva. Kalaniekan pajo Suomenkielizet sanat (Kalastajan laulu) tundematoi Minun veneh eibo ole linnun luus\u00a0Kuaripuut on taivutettu tammipuus\u00a0Ma\u010dtat ei olla ka\u017elas azuttu\u00a0Libo purjeh\u2019 naizien peredniekois vai\u00a0 I\u00e4ni mouttoran kui syv\u00e4in tykytt\u00e4y\u00a0Meren aldo reunan yli brizguttau\u00a0Kolme dovari\u0161\u0161ua ti\u00e4p\u00e4i purjehtau\u00a0Ken [&hellip;]<\/p>\n","protected":false},"author":580,"featured_media":0,"parent":0,"menu_order":0,"comment_status":"closed","ping_status":"closed","template":"","meta":{"_acf_changed":false,"footnotes":""},"class_list":["post-18654","page","type-page","status-publish","hentry"],"acf":[],"yoast_head":"<!-- This site is optimized with the Yoast SEO plugin v27.3 - https:\/\/yoast.com\/product\/yoast-seo-wordpress\/ -->\n<title>Hannu Lappalazen pajoki\u00e4nn\u00f6kset - Karjalan kielen elvytt\u00e4minen<\/title>\n<meta name=\"robots\" content=\"index, follow, max-snippet:-1, max-image-preview:large, max-video-preview:-1\" \/>\n<link rel=\"canonical\" href=\"https:\/\/blogs.uef.fi\/karjalanelvytys\/hannu-lappalazen-pajokiannokset\/\" \/>\n<meta property=\"og:locale\" content=\"fi_FI\" \/>\n<meta property=\"og:type\" content=\"article\" \/>\n<meta property=\"og:title\" content=\"Hannu Lappalazen pajoki\u00e4nn\u00f6kset - Karjalan kielen elvytt\u00e4minen\" \/>\n<meta property=\"og:description\" content=\"T\u00e4l sivul l\u00f6vv\u00e4t Hannu Lappalazen suomenkielizien pajotekstoin ki\u00e4nn\u00f6kset karjalakse. Uuzin ki\u00e4nn\u00f6s on ainos yl\u00e4h\u00e4n. Ki\u00e4nn\u00f6kset on tarkistannuh Natalia Giloeva. Kalaniekan pajo Suomenkielizet sanat (Kalastajan laulu) tundematoi Minun veneh eibo ole linnun luus\u00a0Kuaripuut on taivutettu tammipuus\u00a0Ma\u010dtat ei olla ka\u017elas azuttu\u00a0Libo purjeh\u2019 naizien peredniekois vai\u00a0 I\u00e4ni mouttoran kui syv\u00e4in tykytt\u00e4y\u00a0Meren aldo reunan yli brizguttau\u00a0Kolme dovari\u0161\u0161ua ti\u00e4p\u00e4i purjehtau\u00a0Ken [&hellip;]\" \/>\n<meta property=\"og:url\" content=\"https:\/\/blogs.uef.fi\/karjalanelvytys\/hannu-lappalazen-pajokiannokset\/\" \/>\n<meta property=\"og:site_name\" content=\"Karjalan kielen elvytt\u00e4minen\" \/>\n<meta property=\"article:modified_time\" content=\"2025-05-27T12:55:21+00:00\" \/>\n<meta property=\"og:image\" content=\"https:\/\/blogs.uef.fi\/karjalanelvytys\/wp-content\/uploads\/sites\/155\/2025\/05\/lugu-lake-1158887_1280.jpg\" \/>\n\t<meta property=\"og:image:width\" content=\"1280\" \/>\n\t<meta property=\"og:image:height\" content=\"853\" \/>\n\t<meta property=\"og:image:type\" content=\"image\/jpeg\" \/>\n<meta name=\"twitter:card\" content=\"summary_large_image\" \/>\n<meta name=\"twitter:label1\" content=\"Arvioitu lukuaika\" \/>\n\t<meta name=\"twitter:data1\" content=\"13 minuuttia\" \/>\n<script type=\"application\/ld+json\" class=\"yoast-schema-graph\">{\"@context\":\"https:\\\/\\\/schema.org\",\"@graph\":[{\"@type\":\"WebPage\",\"@id\":\"https:\\\/\\\/blogs.uef.fi\\\/karjalanelvytys\\\/hannu-lappalazen-pajokiannokset\\\/\",\"url\":\"https:\\\/\\\/blogs.uef.fi\\\/karjalanelvytys\\\/hannu-lappalazen-pajokiannokset\\\/\",\"name\":\"Hannu Lappalazen pajoki\u00e4nn\u00f6kset - Karjalan kielen elvytt\u00e4minen\",\"isPartOf\":{\"@id\":\"https:\\\/\\\/blogs.uef.fi\\\/karjalanelvytys\\\/#website\"},\"primaryImageOfPage\":{\"@id\":\"https:\\\/\\\/blogs.uef.fi\\\/karjalanelvytys\\\/hannu-lappalazen-pajokiannokset\\\/#primaryimage\"},\"image\":{\"@id\":\"https:\\\/\\\/blogs.uef.fi\\\/karjalanelvytys\\\/hannu-lappalazen-pajokiannokset\\\/#primaryimage\"},\"thumbnailUrl\":\"https:\\\/\\\/blogs.uef.fi\\\/karjalanelvytys\\\/wp-content\\\/uploads\\\/sites\\\/155\\\/2025\\\/05\\\/lugu-lake-1158887_1280-1024x682.jpg\",\"datePublished\":\"2024-06-17T08:14:29+00:00\",\"dateModified\":\"2025-05-27T12:55:21+00:00\",\"breadcrumb\":{\"@id\":\"https:\\\/\\\/blogs.uef.fi\\\/karjalanelvytys\\\/hannu-lappalazen-pajokiannokset\\\/#breadcrumb\"},\"inLanguage\":\"fi\",\"potentialAction\":[{\"@type\":\"ReadAction\",\"target\":[\"https:\\\/\\\/blogs.uef.fi\\\/karjalanelvytys\\\/hannu-lappalazen-pajokiannokset\\\/\"]}]},{\"@type\":\"ImageObject\",\"inLanguage\":\"fi\",\"@id\":\"https:\\\/\\\/blogs.uef.fi\\\/karjalanelvytys\\\/hannu-lappalazen-pajokiannokset\\\/#primaryimage\",\"url\":\"https:\\\/\\\/blogs.uef.fi\\\/karjalanelvytys\\\/wp-content\\\/uploads\\\/sites\\\/155\\\/2025\\\/05\\\/lugu-lake-1158887_1280.jpg\",\"contentUrl\":\"https:\\\/\\\/blogs.uef.fi\\\/karjalanelvytys\\\/wp-content\\\/uploads\\\/sites\\\/155\\\/2025\\\/05\\\/lugu-lake-1158887_1280.jpg\",\"width\":1280,\"height\":853},{\"@type\":\"BreadcrumbList\",\"@id\":\"https:\\\/\\\/blogs.uef.fi\\\/karjalanelvytys\\\/hannu-lappalazen-pajokiannokset\\\/#breadcrumb\",\"itemListElement\":[{\"@type\":\"ListItem\",\"position\":1,\"name\":\"Home\",\"item\":\"https:\\\/\\\/blogs.uef.fi\\\/karjalanelvytys\\\/\"},{\"@type\":\"ListItem\",\"position\":2,\"name\":\"Hannu Lappalazen pajoki\u00e4nn\u00f6kset\"}]},{\"@type\":\"WebSite\",\"@id\":\"https:\\\/\\\/blogs.uef.fi\\\/karjalanelvytys\\\/#website\",\"url\":\"https:\\\/\\\/blogs.uef.fi\\\/karjalanelvytys\\\/\",\"name\":\"Karjalan kielen elvytt\u00e4minen\",\"description\":\"\",\"potentialAction\":[{\"@type\":\"SearchAction\",\"target\":{\"@type\":\"EntryPoint\",\"urlTemplate\":\"https:\\\/\\\/blogs.uef.fi\\\/karjalanelvytys\\\/?s={search_term_string}\"},\"query-input\":{\"@type\":\"PropertyValueSpecification\",\"valueRequired\":true,\"valueName\":\"search_term_string\"}}],\"inLanguage\":\"fi\"}]}<\/script>\n<!-- \/ Yoast SEO plugin. -->","yoast_head_json":{"title":"Hannu Lappalazen pajoki\u00e4nn\u00f6kset - Karjalan kielen elvytt\u00e4minen","robots":{"index":"index","follow":"follow","max-snippet":"max-snippet:-1","max-image-preview":"max-image-preview:large","max-video-preview":"max-video-preview:-1"},"canonical":"https:\/\/blogs.uef.fi\/karjalanelvytys\/hannu-lappalazen-pajokiannokset\/","og_locale":"fi_FI","og_type":"article","og_title":"Hannu Lappalazen pajoki\u00e4nn\u00f6kset - Karjalan kielen elvytt\u00e4minen","og_description":"T\u00e4l sivul l\u00f6vv\u00e4t Hannu Lappalazen suomenkielizien pajotekstoin ki\u00e4nn\u00f6kset karjalakse. Uuzin ki\u00e4nn\u00f6s on ainos yl\u00e4h\u00e4n. Ki\u00e4nn\u00f6kset on tarkistannuh Natalia Giloeva. Kalaniekan pajo Suomenkielizet sanat (Kalastajan laulu) tundematoi Minun veneh eibo ole linnun luus\u00a0Kuaripuut on taivutettu tammipuus\u00a0Ma\u010dtat ei olla ka\u017elas azuttu\u00a0Libo purjeh\u2019 naizien peredniekois vai\u00a0 I\u00e4ni mouttoran kui syv\u00e4in tykytt\u00e4y\u00a0Meren aldo reunan yli brizguttau\u00a0Kolme dovari\u0161\u0161ua ti\u00e4p\u00e4i purjehtau\u00a0Ken [&hellip;]","og_url":"https:\/\/blogs.uef.fi\/karjalanelvytys\/hannu-lappalazen-pajokiannokset\/","og_site_name":"Karjalan kielen elvytt\u00e4minen","article_modified_time":"2025-05-27T12:55:21+00:00","og_image":[{"width":1280,"height":853,"url":"https:\/\/blogs.uef.fi\/karjalanelvytys\/wp-content\/uploads\/sites\/155\/2025\/05\/lugu-lake-1158887_1280.jpg","type":"image\/jpeg"}],"twitter_card":"summary_large_image","twitter_misc":{"Arvioitu lukuaika":"13 minuuttia"},"schema":{"@context":"https:\/\/schema.org","@graph":[{"@type":"WebPage","@id":"https:\/\/blogs.uef.fi\/karjalanelvytys\/hannu-lappalazen-pajokiannokset\/","url":"https:\/\/blogs.uef.fi\/karjalanelvytys\/hannu-lappalazen-pajokiannokset\/","name":"Hannu Lappalazen pajoki\u00e4nn\u00f6kset - Karjalan kielen elvytt\u00e4minen","isPartOf":{"@id":"https:\/\/blogs.uef.fi\/karjalanelvytys\/#website"},"primaryImageOfPage":{"@id":"https:\/\/blogs.uef.fi\/karjalanelvytys\/hannu-lappalazen-pajokiannokset\/#primaryimage"},"image":{"@id":"https:\/\/blogs.uef.fi\/karjalanelvytys\/hannu-lappalazen-pajokiannokset\/#primaryimage"},"thumbnailUrl":"https:\/\/blogs.uef.fi\/karjalanelvytys\/wp-content\/uploads\/sites\/155\/2025\/05\/lugu-lake-1158887_1280-1024x682.jpg","datePublished":"2024-06-17T08:14:29+00:00","dateModified":"2025-05-27T12:55:21+00:00","breadcrumb":{"@id":"https:\/\/blogs.uef.fi\/karjalanelvytys\/hannu-lappalazen-pajokiannokset\/#breadcrumb"},"inLanguage":"fi","potentialAction":[{"@type":"ReadAction","target":["https:\/\/blogs.uef.fi\/karjalanelvytys\/hannu-lappalazen-pajokiannokset\/"]}]},{"@type":"ImageObject","inLanguage":"fi","@id":"https:\/\/blogs.uef.fi\/karjalanelvytys\/hannu-lappalazen-pajokiannokset\/#primaryimage","url":"https:\/\/blogs.uef.fi\/karjalanelvytys\/wp-content\/uploads\/sites\/155\/2025\/05\/lugu-lake-1158887_1280.jpg","contentUrl":"https:\/\/blogs.uef.fi\/karjalanelvytys\/wp-content\/uploads\/sites\/155\/2025\/05\/lugu-lake-1158887_1280.jpg","width":1280,"height":853},{"@type":"BreadcrumbList","@id":"https:\/\/blogs.uef.fi\/karjalanelvytys\/hannu-lappalazen-pajokiannokset\/#breadcrumb","itemListElement":[{"@type":"ListItem","position":1,"name":"Home","item":"https:\/\/blogs.uef.fi\/karjalanelvytys\/"},{"@type":"ListItem","position":2,"name":"Hannu Lappalazen pajoki\u00e4nn\u00f6kset"}]},{"@type":"WebSite","@id":"https:\/\/blogs.uef.fi\/karjalanelvytys\/#website","url":"https:\/\/blogs.uef.fi\/karjalanelvytys\/","name":"Karjalan kielen elvytt\u00e4minen","description":"","potentialAction":[{"@type":"SearchAction","target":{"@type":"EntryPoint","urlTemplate":"https:\/\/blogs.uef.fi\/karjalanelvytys\/?s={search_term_string}"},"query-input":{"@type":"PropertyValueSpecification","valueRequired":true,"valueName":"search_term_string"}}],"inLanguage":"fi"}]}},"_links":{"self":[{"href":"https:\/\/blogs.uef.fi\/karjalanelvytys\/wp-json\/wp\/v2\/pages\/18654","targetHints":{"allow":["GET"]}}],"collection":[{"href":"https:\/\/blogs.uef.fi\/karjalanelvytys\/wp-json\/wp\/v2\/pages"}],"about":[{"href":"https:\/\/blogs.uef.fi\/karjalanelvytys\/wp-json\/wp\/v2\/types\/page"}],"author":[{"embeddable":true,"href":"https:\/\/blogs.uef.fi\/karjalanelvytys\/wp-json\/wp\/v2\/users\/580"}],"replies":[{"embeddable":true,"href":"https:\/\/blogs.uef.fi\/karjalanelvytys\/wp-json\/wp\/v2\/comments?post=18654"}],"version-history":[{"count":1,"href":"https:\/\/blogs.uef.fi\/karjalanelvytys\/wp-json\/wp\/v2\/pages\/18654\/revisions"}],"predecessor-version":[{"id":22187,"href":"https:\/\/blogs.uef.fi\/karjalanelvytys\/wp-json\/wp\/v2\/pages\/18654\/revisions\/22187"}],"wp:attachment":[{"href":"https:\/\/blogs.uef.fi\/karjalanelvytys\/wp-json\/wp\/v2\/media?parent=18654"}],"curies":[{"name":"wp","href":"https:\/\/api.w.org\/{rel}","templated":true}]}}