{"id":17640,"date":"2024-04-25T13:55:27","date_gmt":"2024-04-25T10:55:27","guid":{"rendered":"https:\/\/blogs.uef.fi\/karjalanelvytys\/?page_id=17640"},"modified":"2024-04-25T14:42:17","modified_gmt":"2024-04-25T11:42:17","slug":"pertit-huoneet-suvikarjala-suomi","status":"publish","type":"page","link":"https:\/\/blogs.uef.fi\/karjalanelvytys\/pertit-huoneet-suvikarjala-suomi\/","title":{"rendered":"Pertit \u2013 Huoneet (suvikarjala\u2013suomi)"},"content":{"rendered":"\n<p>Luadija: <strong>Katerina Paalamo<\/strong><\/p>\n\n\n\n<p>Karjalan kielen elvytysprojekta 2023\u20132024<\/p>\n\n\n\n<p>P\u00e4iv\u00e4nnouzu-Suomen yliopisto<\/p>\n\n\n\n<p>*<\/p>\n\n\n\n<p>T\u00e4st\u00e4 sanassosta l\u00f6yvyt\u00e4h tavallizembien perttil\u00f6in nimet dai eriluaduzien toizien koin tiloin nimil\u00f6i. N\u00e4m\u00e4 tilat ollah moizie, kudamie kodiloissa voibi olla ezimerkiksi el\u00e4jien ruadoloin da himoruadoloin mugah. Sanasson sanat ollah ennen kaikkie nygyaigazih kodiloih p\u00e4dij\u00e4t. Sanasson lopusta liz\u00e4ksi l\u00f6yvyt\u00e4h pertin ozien nimet.<\/p>\n\n\n\n<h2 class=\"wp-block-heading\">Pertit \u2013 Huoneet<\/h2>\n\n\n\n<p><strong>pertti <\/strong>\u2013 pirtti; huone<\/p>\n\n\n\n<p>*<\/p>\n\n\n\n<p><strong>ateljee <\/strong>\u2013 ateljee<\/p>\n\n\n\n<p>taiduolijan ateljee \u2013 taiteilijan ateljee<\/p>\n\n\n\n<p><strong>\u010dardakka <\/strong>\u2013 ullakko, vintti; ullakkohuone<\/p>\n\n\n\n<p>karjalazen pertin \u010dardakka \u2013 karjalaisen pirtin ullakkohuone<\/p>\n\n\n\n<p><strong>\u010dardakkapertti <\/strong>\u2013 ullakkohuone<\/p>\n\n\n\n<p><strong>edehine <\/strong>\u2013 eteinen<\/p>\n\n\n\n<p><strong>gorni\u010d\u010da <\/strong>\u2013 kamari<\/p>\n\n\n\n<p>My\u00f6 olemma s\u00e4ilytt\u00e4n t\u00e4m\u00e4n vanhan gorni\u010dan melgi yhenmoizena kuin se oli buabon aigahgi. \u2013 Me olemme s\u00e4ilytt\u00e4neet t\u00e4m\u00e4n vanhan kamarin melkein samanlaisena kuin se oli iso\u00e4idin aikanakin.<\/p>\n\n\n\n<p><strong>gost\u2019apertti<\/strong> \u2013 vierashuone<\/p>\n\n\n\n<p><strong>himoruadopertti <\/strong>\u2013 harrastehuone, askarteluhuone<\/p>\n\n\n\n<p><strong>jaksauvundapertti <\/strong>\u2013 pukuhuone<\/p>\n\n\n\n<p>Kylyn yhtevy\u00f6ss\u00e4 on jaksauvundapertti. \u2013 Saunan yhteydess\u00e4 on pukuhuone.<\/p>\n\n\n\n<p><strong>kaminapertti <\/strong>\u2013 takkahuone<\/p>\n\n\n\n<p><strong>karzina, podvuala<\/strong> \u2013 kellari<\/p>\n\n\n\n<p><strong>kattilapertti <\/strong>\u2013 pannuhuone<\/p>\n\n\n\n<p><strong>keit\u00e4nd\u00e4pertti <\/strong>\u2013 keitti\u00f6<\/p>\n\n\n\n<p><strong>kez\u00e4pertti <\/strong>\u2013 kes\u00e4huone<\/p>\n\n\n\n<p>Kez\u00e4ll\u00e4 my\u00f6 luajimma mi\u00e4n galdarista \u010doman kez\u00e4pertin. \u2013 Kes\u00e4ll\u00e4 me teemme parvekkeestamme soman kes\u00e4huoneen.<\/p>\n\n\n\n<p><strong>kirjastopertti <\/strong>\u2013 kirjastohuone<\/p>\n\n\n\n<p><strong>kodikundozuala <\/strong>\u2013 kotikuntosali<\/p>\n\n\n\n<p><strong>kodistuudie <\/strong>\u2013 kotistudio<\/p>\n\n\n\n<p><strong>koditeatra <\/strong>\u2013 kotiteatteri<\/p>\n\n\n\n<p><strong>koinhoidopertti <\/strong>\u2013 kodinhoitohuone<\/p>\n\n\n\n<p><strong>kundozuala <\/strong>\u2013 kuntosali<\/p>\n\n\n\n<p>Meil\u00e4 on koissa oma kundozuala. \u2013 Meill\u00e4 on kotona oma kuntosali.<\/p>\n\n\n\n<p><strong>kyly <\/strong>\u2013 sauna<\/p>\n\n\n\n<p><strong>lapsienpertti <\/strong>\u2013 lastenhuone<\/p>\n\n\n\n<p><strong>magavopertti <\/strong>\u2013 makuuhuone<\/p>\n\n\n\n<p><strong>muuzikkapertti <\/strong>\u2013 musiikkihuone<\/p>\n\n\n\n<p><strong>olopertti <\/strong>\u2013 olohuone<\/p>\n\n\n\n<p>pieni, suuri olopertti \u2013 pieni, iso olohuone<\/p>\n\n\n\n<p><strong>ombelendapertti <\/strong>\u2013 ompeluhuone<\/p>\n\n\n\n<p><strong>pezeyvynd\u00e4pertti <\/strong>\u2013 kylpyhuone<\/p>\n\n\n\n<p><strong>ruadopertti <\/strong>\u2013 ty\u00f6huone<\/p>\n\n\n\n<p><strong>soitandapertti <\/strong>\u2013 soittohuone<\/p>\n\n\n\n<p><strong>stuudie <\/strong>\u2013 studio<\/p>\n\n\n\n<p><strong>sy\u00f6nd\u00e4pertti <\/strong>\u2013 ruokailuhuone<\/p>\n\n\n\n<p><strong>tualetta <\/strong>\u2013 WC<\/p>\n\n\n\n<p><strong>varasto <\/strong>\u2013 varasto<\/p>\n\n\n\n<p><strong>varastopertti <\/strong>\u2013 varastohuone<\/p>\n\n\n\n<p><strong>vuatepertti, sobapertti<\/strong> \u2013 vaatehuone<\/p>\n\n\n\n<p><strong>vui\u0161ka <\/strong>\u2013 vintti, ullakko<\/p>\n\n\n\n<figure class=\"wp-block-image size-full is-resized\"><img loading=\"lazy\" decoding=\"async\" width=\"816\" height=\"544\" src=\"https:\/\/blogs.uef.fi\/karjalanelvytys\/wp-content\/uploads\/sites\/155\/2024\/04\/Picture1.jpg\" alt=\"\" class=\"wp-image-17646\" style=\"width:400px\" srcset=\"https:\/\/blogs.uef.fi\/karjalanelvytys\/wp-content\/uploads\/sites\/155\/2024\/04\/Picture1.jpg 816w, https:\/\/blogs.uef.fi\/karjalanelvytys\/wp-content\/uploads\/sites\/155\/2024\/04\/Picture1-300x200.jpg 300w, https:\/\/blogs.uef.fi\/karjalanelvytys\/wp-content\/uploads\/sites\/155\/2024\/04\/Picture1-768x512.jpg 768w\" sizes=\"auto, (max-width: 816px) 100vw, 816px\" \/><figcaption class=\"wp-element-caption\">Keit\u00e4nd\u00e4pertti. Kuva: Pixabay<\/figcaption><\/figure>\n\n\n\n<h2 class=\"wp-block-heading\">Pertin ozat <strong>\u2013<\/strong> Huoneen osat<\/h2>\n\n\n\n<p><strong>\u010duppu<\/strong> \u2013 nurkka<\/p>\n\n\n\n<p><strong>ikkuna<\/strong> \u2013 ikkuna<\/p>\n\n\n\n<p><strong>ki\u00e4g\u00e4<\/strong> \u2013 kahva<\/p>\n\n\n\n<p>uksen ki\u00e4g\u00e4 \u2013 oven kahva<\/p>\n\n\n\n<p><strong>lagi<\/strong> \u2013 sis\u00e4katto<\/p>\n\n\n\n<p><strong>late<\/strong> \u2013 lattia<\/p>\n\n\n\n<p><strong>sein\u00e4<\/strong> \u2013 sein\u00e4<\/p>\n\n\n\n<p><strong>uksi, ovi<\/strong> \u2013 ovi<\/p>\n","protected":false},"excerpt":{"rendered":"<p>Luadija: Katerina Paalamo Karjalan kielen elvytysprojekta 2023\u20132024 P\u00e4iv\u00e4nnouzu-Suomen yliopisto * T\u00e4st\u00e4 sanassosta l\u00f6yvyt\u00e4h tavallizembien perttil\u00f6in nimet dai eriluaduzien toizien koin tiloin nimil\u00f6i. N\u00e4m\u00e4 tilat ollah moizie, kudamie kodiloissa voibi olla ezimerkiksi el\u00e4jien ruadoloin da himoruadoloin mugah. Sanasson sanat ollah ennen kaikkie nygyaigazih kodiloih p\u00e4dij\u00e4t. Sanasson lopusta liz\u00e4ksi l\u00f6yvyt\u00e4h pertin ozien nimet. Pertit \u2013 Huoneet pertti [&hellip;]<\/p>\n","protected":false},"author":580,"featured_media":0,"parent":0,"menu_order":0,"comment_status":"closed","ping_status":"closed","template":"","meta":{"_acf_changed":false,"footnotes":""},"class_list":["post-17640","page","type-page","status-publish","hentry"],"acf":[],"yoast_head":"<!-- This site is optimized with the Yoast SEO plugin v27.3 - https:\/\/yoast.com\/product\/yoast-seo-wordpress\/ -->\n<title>Pertit \u2013 Huoneet (suvikarjala\u2013suomi) - Karjalan kielen elvytt\u00e4minen<\/title>\n<meta name=\"robots\" content=\"index, follow, max-snippet:-1, max-image-preview:large, max-video-preview:-1\" \/>\n<link rel=\"canonical\" href=\"https:\/\/blogs.uef.fi\/karjalanelvytys\/pertit-huoneet-suvikarjala-suomi\/\" \/>\n<meta property=\"og:locale\" content=\"fi_FI\" \/>\n<meta property=\"og:type\" content=\"article\" \/>\n<meta property=\"og:title\" content=\"Pertit \u2013 Huoneet (suvikarjala\u2013suomi) - Karjalan kielen elvytt\u00e4minen\" \/>\n<meta property=\"og:description\" content=\"Luadija: Katerina Paalamo Karjalan kielen elvytysprojekta 2023\u20132024 P\u00e4iv\u00e4nnouzu-Suomen yliopisto * T\u00e4st\u00e4 sanassosta l\u00f6yvyt\u00e4h tavallizembien perttil\u00f6in nimet dai eriluaduzien toizien koin tiloin nimil\u00f6i. N\u00e4m\u00e4 tilat ollah moizie, kudamie kodiloissa voibi olla ezimerkiksi el\u00e4jien ruadoloin da himoruadoloin mugah. Sanasson sanat ollah ennen kaikkie nygyaigazih kodiloih p\u00e4dij\u00e4t. Sanasson lopusta liz\u00e4ksi l\u00f6yvyt\u00e4h pertin ozien nimet. Pertit \u2013 Huoneet pertti [&hellip;]\" \/>\n<meta property=\"og:url\" content=\"https:\/\/blogs.uef.fi\/karjalanelvytys\/pertit-huoneet-suvikarjala-suomi\/\" \/>\n<meta property=\"og:site_name\" content=\"Karjalan kielen elvytt\u00e4minen\" \/>\n<meta property=\"article:modified_time\" content=\"2024-04-25T11:42:17+00:00\" \/>\n<meta property=\"og:image\" content=\"https:\/\/blogs.uef.fi\/karjalanelvytys\/wp-content\/uploads\/sites\/155\/2024\/04\/Picture1.jpg\" \/>\n<meta name=\"twitter:card\" content=\"summary_large_image\" \/>\n<meta name=\"twitter:label1\" content=\"Arvioitu lukuaika\" \/>\n\t<meta name=\"twitter:data1\" content=\"2 minuuttia\" \/>\n<script type=\"application\/ld+json\" class=\"yoast-schema-graph\">{\"@context\":\"https:\\\/\\\/schema.org\",\"@graph\":[{\"@type\":\"WebPage\",\"@id\":\"https:\\\/\\\/blogs.uef.fi\\\/karjalanelvytys\\\/pertit-huoneet-suvikarjala-suomi\\\/\",\"url\":\"https:\\\/\\\/blogs.uef.fi\\\/karjalanelvytys\\\/pertit-huoneet-suvikarjala-suomi\\\/\",\"name\":\"Pertit \u2013 Huoneet (suvikarjala\u2013suomi) - Karjalan kielen elvytt\u00e4minen\",\"isPartOf\":{\"@id\":\"https:\\\/\\\/blogs.uef.fi\\\/karjalanelvytys\\\/#website\"},\"primaryImageOfPage\":{\"@id\":\"https:\\\/\\\/blogs.uef.fi\\\/karjalanelvytys\\\/pertit-huoneet-suvikarjala-suomi\\\/#primaryimage\"},\"image\":{\"@id\":\"https:\\\/\\\/blogs.uef.fi\\\/karjalanelvytys\\\/pertit-huoneet-suvikarjala-suomi\\\/#primaryimage\"},\"thumbnailUrl\":\"https:\\\/\\\/blogs.uef.fi\\\/karjalanelvytys\\\/wp-content\\\/uploads\\\/sites\\\/155\\\/2024\\\/04\\\/Picture1.jpg\",\"datePublished\":\"2024-04-25T10:55:27+00:00\",\"dateModified\":\"2024-04-25T11:42:17+00:00\",\"breadcrumb\":{\"@id\":\"https:\\\/\\\/blogs.uef.fi\\\/karjalanelvytys\\\/pertit-huoneet-suvikarjala-suomi\\\/#breadcrumb\"},\"inLanguage\":\"fi\",\"potentialAction\":[{\"@type\":\"ReadAction\",\"target\":[\"https:\\\/\\\/blogs.uef.fi\\\/karjalanelvytys\\\/pertit-huoneet-suvikarjala-suomi\\\/\"]}]},{\"@type\":\"ImageObject\",\"inLanguage\":\"fi\",\"@id\":\"https:\\\/\\\/blogs.uef.fi\\\/karjalanelvytys\\\/pertit-huoneet-suvikarjala-suomi\\\/#primaryimage\",\"url\":\"https:\\\/\\\/blogs.uef.fi\\\/karjalanelvytys\\\/wp-content\\\/uploads\\\/sites\\\/155\\\/2024\\\/04\\\/Picture1.jpg\",\"contentUrl\":\"https:\\\/\\\/blogs.uef.fi\\\/karjalanelvytys\\\/wp-content\\\/uploads\\\/sites\\\/155\\\/2024\\\/04\\\/Picture1.jpg\",\"width\":816,\"height\":544,\"caption\":\"Keit\u00e4nd\u00e4pertti. Kuva: Pixabay\"},{\"@type\":\"BreadcrumbList\",\"@id\":\"https:\\\/\\\/blogs.uef.fi\\\/karjalanelvytys\\\/pertit-huoneet-suvikarjala-suomi\\\/#breadcrumb\",\"itemListElement\":[{\"@type\":\"ListItem\",\"position\":1,\"name\":\"Home\",\"item\":\"https:\\\/\\\/blogs.uef.fi\\\/karjalanelvytys\\\/\"},{\"@type\":\"ListItem\",\"position\":2,\"name\":\"Pertit \u2013 Huoneet (suvikarjala\u2013suomi)\"}]},{\"@type\":\"WebSite\",\"@id\":\"https:\\\/\\\/blogs.uef.fi\\\/karjalanelvytys\\\/#website\",\"url\":\"https:\\\/\\\/blogs.uef.fi\\\/karjalanelvytys\\\/\",\"name\":\"Karjalan kielen elvytt\u00e4minen\",\"description\":\"\",\"potentialAction\":[{\"@type\":\"SearchAction\",\"target\":{\"@type\":\"EntryPoint\",\"urlTemplate\":\"https:\\\/\\\/blogs.uef.fi\\\/karjalanelvytys\\\/?s={search_term_string}\"},\"query-input\":{\"@type\":\"PropertyValueSpecification\",\"valueRequired\":true,\"valueName\":\"search_term_string\"}}],\"inLanguage\":\"fi\"}]}<\/script>\n<!-- \/ Yoast SEO plugin. -->","yoast_head_json":{"title":"Pertit \u2013 Huoneet (suvikarjala\u2013suomi) - Karjalan kielen elvytt\u00e4minen","robots":{"index":"index","follow":"follow","max-snippet":"max-snippet:-1","max-image-preview":"max-image-preview:large","max-video-preview":"max-video-preview:-1"},"canonical":"https:\/\/blogs.uef.fi\/karjalanelvytys\/pertit-huoneet-suvikarjala-suomi\/","og_locale":"fi_FI","og_type":"article","og_title":"Pertit \u2013 Huoneet (suvikarjala\u2013suomi) - Karjalan kielen elvytt\u00e4minen","og_description":"Luadija: Katerina Paalamo Karjalan kielen elvytysprojekta 2023\u20132024 P\u00e4iv\u00e4nnouzu-Suomen yliopisto * T\u00e4st\u00e4 sanassosta l\u00f6yvyt\u00e4h tavallizembien perttil\u00f6in nimet dai eriluaduzien toizien koin tiloin nimil\u00f6i. N\u00e4m\u00e4 tilat ollah moizie, kudamie kodiloissa voibi olla ezimerkiksi el\u00e4jien ruadoloin da himoruadoloin mugah. Sanasson sanat ollah ennen kaikkie nygyaigazih kodiloih p\u00e4dij\u00e4t. Sanasson lopusta liz\u00e4ksi l\u00f6yvyt\u00e4h pertin ozien nimet. Pertit \u2013 Huoneet pertti [&hellip;]","og_url":"https:\/\/blogs.uef.fi\/karjalanelvytys\/pertit-huoneet-suvikarjala-suomi\/","og_site_name":"Karjalan kielen elvytt\u00e4minen","article_modified_time":"2024-04-25T11:42:17+00:00","og_image":[{"url":"https:\/\/blogs.uef.fi\/karjalanelvytys\/wp-content\/uploads\/sites\/155\/2024\/04\/Picture1.jpg","type":"","width":"","height":""}],"twitter_card":"summary_large_image","twitter_misc":{"Arvioitu lukuaika":"2 minuuttia"},"schema":{"@context":"https:\/\/schema.org","@graph":[{"@type":"WebPage","@id":"https:\/\/blogs.uef.fi\/karjalanelvytys\/pertit-huoneet-suvikarjala-suomi\/","url":"https:\/\/blogs.uef.fi\/karjalanelvytys\/pertit-huoneet-suvikarjala-suomi\/","name":"Pertit \u2013 Huoneet (suvikarjala\u2013suomi) - Karjalan kielen elvytt\u00e4minen","isPartOf":{"@id":"https:\/\/blogs.uef.fi\/karjalanelvytys\/#website"},"primaryImageOfPage":{"@id":"https:\/\/blogs.uef.fi\/karjalanelvytys\/pertit-huoneet-suvikarjala-suomi\/#primaryimage"},"image":{"@id":"https:\/\/blogs.uef.fi\/karjalanelvytys\/pertit-huoneet-suvikarjala-suomi\/#primaryimage"},"thumbnailUrl":"https:\/\/blogs.uef.fi\/karjalanelvytys\/wp-content\/uploads\/sites\/155\/2024\/04\/Picture1.jpg","datePublished":"2024-04-25T10:55:27+00:00","dateModified":"2024-04-25T11:42:17+00:00","breadcrumb":{"@id":"https:\/\/blogs.uef.fi\/karjalanelvytys\/pertit-huoneet-suvikarjala-suomi\/#breadcrumb"},"inLanguage":"fi","potentialAction":[{"@type":"ReadAction","target":["https:\/\/blogs.uef.fi\/karjalanelvytys\/pertit-huoneet-suvikarjala-suomi\/"]}]},{"@type":"ImageObject","inLanguage":"fi","@id":"https:\/\/blogs.uef.fi\/karjalanelvytys\/pertit-huoneet-suvikarjala-suomi\/#primaryimage","url":"https:\/\/blogs.uef.fi\/karjalanelvytys\/wp-content\/uploads\/sites\/155\/2024\/04\/Picture1.jpg","contentUrl":"https:\/\/blogs.uef.fi\/karjalanelvytys\/wp-content\/uploads\/sites\/155\/2024\/04\/Picture1.jpg","width":816,"height":544,"caption":"Keit\u00e4nd\u00e4pertti. Kuva: Pixabay"},{"@type":"BreadcrumbList","@id":"https:\/\/blogs.uef.fi\/karjalanelvytys\/pertit-huoneet-suvikarjala-suomi\/#breadcrumb","itemListElement":[{"@type":"ListItem","position":1,"name":"Home","item":"https:\/\/blogs.uef.fi\/karjalanelvytys\/"},{"@type":"ListItem","position":2,"name":"Pertit \u2013 Huoneet (suvikarjala\u2013suomi)"}]},{"@type":"WebSite","@id":"https:\/\/blogs.uef.fi\/karjalanelvytys\/#website","url":"https:\/\/blogs.uef.fi\/karjalanelvytys\/","name":"Karjalan kielen elvytt\u00e4minen","description":"","potentialAction":[{"@type":"SearchAction","target":{"@type":"EntryPoint","urlTemplate":"https:\/\/blogs.uef.fi\/karjalanelvytys\/?s={search_term_string}"},"query-input":{"@type":"PropertyValueSpecification","valueRequired":true,"valueName":"search_term_string"}}],"inLanguage":"fi"}]}},"_links":{"self":[{"href":"https:\/\/blogs.uef.fi\/karjalanelvytys\/wp-json\/wp\/v2\/pages\/17640","targetHints":{"allow":["GET"]}}],"collection":[{"href":"https:\/\/blogs.uef.fi\/karjalanelvytys\/wp-json\/wp\/v2\/pages"}],"about":[{"href":"https:\/\/blogs.uef.fi\/karjalanelvytys\/wp-json\/wp\/v2\/types\/page"}],"author":[{"embeddable":true,"href":"https:\/\/blogs.uef.fi\/karjalanelvytys\/wp-json\/wp\/v2\/users\/580"}],"replies":[{"embeddable":true,"href":"https:\/\/blogs.uef.fi\/karjalanelvytys\/wp-json\/wp\/v2\/comments?post=17640"}],"version-history":[{"count":1,"href":"https:\/\/blogs.uef.fi\/karjalanelvytys\/wp-json\/wp\/v2\/pages\/17640\/revisions"}],"predecessor-version":[{"id":17670,"href":"https:\/\/blogs.uef.fi\/karjalanelvytys\/wp-json\/wp\/v2\/pages\/17640\/revisions\/17670"}],"wp:attachment":[{"href":"https:\/\/blogs.uef.fi\/karjalanelvytys\/wp-json\/wp\/v2\/media?parent=17640"}],"curies":[{"name":"wp","href":"https:\/\/api.w.org\/{rel}","templated":true}]}}