{"id":16493,"date":"2024-02-29T14:00:17","date_gmt":"2024-02-29T12:00:17","guid":{"rendered":"https:\/\/blogs.uef.fi\/karjalanelvytys\/?page_id=16493"},"modified":"2024-03-28T13:23:36","modified_gmt":"2024-03-28T11:23:36","slug":"vuotamma-aijiapaivia-kalendari","status":"publish","type":"page","link":"https:\/\/blogs.uef.fi\/karjalanelvytys\/vuotamma-aijiapaivia-kalendari\/","title":{"rendered":"Vuotamma \u00c4iji\u00e4p\u00e4ivi\u00e4 -kalendari"},"content":{"rendered":"\n<p>Suvikarjalan paginakurssalla on luajittu kaikkien \u00c4iji\u00e4p\u00e4ivi\u00e4 vuottajien da karjalan kielest\u00e4 kiinnostunuzien lugiettavaksi Vuotamma \u00c4iji\u00e4p\u00e4ivi\u00e4 -kalendari, kumbazessa jogahizen p\u00e4iv\u00e4n kohalda l\u00f6ydyy \u00c4ij\u00e4hp\u00e4iv\u00e4h libo kevi\u00e4h liittyj\u00e4 sana da sanah liittyj\u00e4 teksta. Julguamma kalendarikirjutuksie joga p\u00e4ivi\u00e4 kogo kev\u00e4tkuun aijan kuun loppuh, \u00c4ij\u00e4hp\u00e4iv\u00e4h suaten elvytysprojektan blogassa da Karjalan kieli el\u00e4y -sivulla Facebookassa.&nbsp;<\/p>\n\n\n\n<p>Paginakurssan opastujat ollah kirjutettu kev\u00e4tkuun jogahizen p\u00e4iv\u00e4n kohalla pienen, sen p\u00e4iv\u00e4n sanah liittyj\u00e4n kirjutuksen, ezimerkiksi vuoropaginan, sellityksen libo sy\u00f6misreseptan, libo e\u010ditty sanoih liittyjie sananpolviloi. Kalendarissa on suurehpyh\u00e4h, sra\u0161noih ned\u00e4lih, \u00c4ij\u00e4hp\u00e4iv\u00e4h dai kevi\u00e4h liittyji\u00e4 uutta da vanhua sanastuo. Kalendarin pohjana on k\u00e4ytetty kurssan opastajan <strong>Katerina Paalamon<\/strong> luajittuo \u00c4ij\u00e4hp\u00e4iv\u00e4h liittyji\u00e4 sanastuo: <a href=\"https:\/\/blogs.uef.fi\/karjalanelvytys\/aijahpaivah-liittyja-sanasto-suvikarjala-suomi\/\">linkka sanastoh<\/a>. <\/p>\n\n\n\n<p>Opastujat ollah annettu kalendarilla nimen Vuotamma \u00c4iji\u00e4p\u00e4ivi\u00e4.&nbsp;<\/p>\n\n\n\n<p>Ned\u00e4lin 9 (1.\u20133.3.2024) kirjutukset: Katerina Paalamo (Opastaja on kirjuttan vajuan ned\u00e4lin, kev\u00e4tkuun allun kolmen enzim\u00e4zen p\u00e4iv\u00e4n kirjutukset.)&nbsp;<\/p>\n\n\n\n<p>Ned\u00e4lin 10 (4.\u201310.3.2024) kirjutukset: <strong>Jenni Larinen<\/strong> da <strong>Veera Turkki<\/strong>&nbsp;&nbsp;<\/p>\n\n\n\n<p>Ned\u00e4lin 11 (11.\u201317.3.2024) kirjutukset: <strong>Ira M\u00e4\u00e4r\u00e4nen<\/strong> da <strong>Tuisku R\u00e4ty<\/strong>&nbsp;<\/p>\n\n\n\n<p>Ned\u00e4lin 12 (18.\u201324.3.2024) kirjutukset: <strong>Pirita I. Hipp-Koskenoja<\/strong> da <strong>Kati H\u00e4kkinen<\/strong>&nbsp;<\/p>\n\n\n\n<p>Ned\u00e4lin 13 (25.\u201331.3.2024) kirjutukset: <strong>Kimmo Juntunen<\/strong> da <strong>Svea Kentz<\/strong>&nbsp;<\/p>\n\n\n\n<p>Kielentarkassanda: <strong>Katerina Paalamo<\/strong><\/p>\n\n\n\n<p><\/p>\n\n\n\n<p><\/p>\n\n\n\n<h2 class=\"wp-block-heading\">1. ikkunane, 1.3.<\/h2>\n\n\n\n<p><strong>kev\u00e4tkuu<\/strong>, &#8217;maaliskuu&#8217;<\/p>\n\n\n\n<p>*<\/p>\n\n\n\n<p><em>Kev\u00e4tkuu<\/em>-sana virkkehiss\u00e4:&nbsp;<\/p>\n\n\n\n<p>Kev\u00e4tkuu on enzim\u00e4ne kevi\u00e4n kuuloista.&nbsp;<\/p>\n\n\n\n<p>Kev\u00e4tkuu tuou kevi\u00e4n.&nbsp;<\/p>\n\n\n\n<p>T\u00e4n\u00e4pi\u00e4n\u00e4 on 1. kev\u00e4tkuuda.&nbsp;<\/p>\n\n\n\n<p>Si\u00e4 l\u00e4mben\u00f6y kev\u00e4tkuussa.&nbsp;<\/p>\n\n\n\n<p>*<\/p>\n\n\n\n<p>Kirjuttan: <strong>Katerina Paalamo&nbsp;<\/strong><\/p>\n\n\n\n<figure class=\"wp-block-image size-full\"><img loading=\"lazy\" decoding=\"async\" width=\"427\" height=\"239\" src=\"https:\/\/blogs.uef.fi\/karjalanelvytys\/wp-content\/uploads\/sites\/155\/2024\/03\/Picture1.jpg\" alt=\"\" class=\"wp-image-16504\" srcset=\"https:\/\/blogs.uef.fi\/karjalanelvytys\/wp-content\/uploads\/sites\/155\/2024\/03\/Picture1.jpg 427w, https:\/\/blogs.uef.fi\/karjalanelvytys\/wp-content\/uploads\/sites\/155\/2024\/03\/Picture1-300x168.jpg 300w\" sizes=\"auto, (max-width: 427px) 100vw, 427px\" \/><figcaption class=\"wp-element-caption\">Kuva: Pixabay<\/figcaption><\/figure>\n\n\n\n<h2 class=\"wp-block-heading\">2. ikkunane, 2.3.<\/h2>\n\n\n\n<p><strong>pyh\u00e4 <\/strong>s. \u2019paasto; ehtoollinen\u2019, a. \u2019pyh\u00e4\u2019&nbsp;<\/p>\n\n\n\n<p><strong>suuripyh\u00e4<\/strong> \u2019suuri paasto, p\u00e4\u00e4si\u00e4ispaasto\u2019&nbsp;<\/p>\n\n\n\n<p>*<\/p>\n\n\n\n<p><em>Pyh\u00e4<\/em> on juuri nyt aijankohtane sana: rissittyzet elet\u00e4h suurenpyh\u00e4n aigua. Karjalan kielen sanakirjassa pyhist\u00e4 sanotah nenga:&nbsp;<\/p>\n\n\n\n<p>\u201c<em>\u0144e\u013a\u013a\u00e4 pyh\u00f6\u00e4 oli vuuve\u0161\u0161a. enzin tulou \u0161uuri pyh\u00e4, seitt\u0161emen ned\u00e4\u013aie. \u0161iid\u00e4 pedrum pyh\u00e4, \u0161e on \u0144e\u013a\u013a\u00f6\u00e4 ned\u00e4\u013aie. \u0161iid\u00e4 tulou spoassum pyh\u00e4, \u0161e on kahta ned\u00e4\u013aie. \u0161iid\u00e4 ro\u0161tuom pyh\u00e4 tulou kuutta ned\u00e4\u013aie.<\/em>\u201d Rukaj\u00e4rvi&nbsp;<\/p>\n\n\n\n<p>*<\/p>\n\n\n\n<p>T\u00e4ss\u00e4 <em>pyh\u00e4<\/em>-sanan merki\u010dyksist\u00e4 da k\u00e4ytty\u00f6:&nbsp;<\/p>\n\n\n\n<h5 class=\"wp-block-heading\">s. \u2019paasto\u2019; mon. \u2018ehtoollinen\u2019&nbsp;<\/h5>\n\n\n\n<p>Nyt on sei\u010d\u010demen ned\u00e4lie pyhi\u00e4. \u2013 Nyt on seitsem\u00e4n viikkoa paastoa.&nbsp;<\/p>\n\n\n\n<p>k\u00e4yv\u00e4 pyhill\u00e4 \u2013 k\u00e4yd\u00e4 ehtoollisella&nbsp;<\/p>\n\n\n\n<h5 class=\"wp-block-heading\">a.<strong> <\/strong>\u2018pyh\u00e4\u2019&nbsp;<\/h5>\n\n\n\n<p>Pyh\u00e4 Hengi \u2013 Pyh\u00e4 Henki&nbsp;<\/p>\n\n\n\n<p>Pyh\u00e4 Sroi\u010d\u010da, Pyh\u00e4 Kolminazus \u2013 Pyh\u00e4 Kolminaisuus&nbsp;&nbsp;<\/p>\n\n\n\n<p>Pyh\u00e4 Miikkula \u2013 Pyh\u00e4 Nikolaos&nbsp;<\/p>\n\n\n\n<p>pyh\u00e4t kirjutukset \u2013 pyh\u00e4t kirjoitukset&nbsp;<\/p>\n\n\n\n<p>Kirjuttan: Katerina Paalamo&nbsp;<\/p>\n\n\n\n<figure class=\"wp-block-image size-full is-resized\"><img loading=\"lazy\" decoding=\"async\" width=\"873\" height=\"873\" src=\"https:\/\/blogs.uef.fi\/karjalanelvytys\/wp-content\/uploads\/sites\/155\/2024\/03\/Picture2.jpg\" alt=\"\" class=\"wp-image-16535\" style=\"width:auto;height:400px\" srcset=\"https:\/\/blogs.uef.fi\/karjalanelvytys\/wp-content\/uploads\/sites\/155\/2024\/03\/Picture2.jpg 873w, https:\/\/blogs.uef.fi\/karjalanelvytys\/wp-content\/uploads\/sites\/155\/2024\/03\/Picture2-300x300.jpg 300w, https:\/\/blogs.uef.fi\/karjalanelvytys\/wp-content\/uploads\/sites\/155\/2024\/03\/Picture2-150x150.jpg 150w, https:\/\/blogs.uef.fi\/karjalanelvytys\/wp-content\/uploads\/sites\/155\/2024\/03\/Picture2-768x768.jpg 768w\" sizes=\"auto, (max-width: 873px) 100vw, 873px\" \/><figcaption class=\"wp-element-caption\">Kuva: Pixabay<\/figcaption><\/figure>\n\n\n\n<h2 class=\"wp-block-heading\">3. ikkunane, 3.3.<\/h2>\n\n\n\n<p><strong>ji\u00e4puras, ji\u00e4puikko <\/strong>\u2018j\u00e4\u00e4puikko\u2019&nbsp;<\/p>\n\n\n\n<p>Kevi\u00e4ll\u00e4 r\u00e4yst\u00e4hiss\u00e4 voibi n\u00e4h\u00e4 ji\u00e4purahie. Kev\u00e4tkuussa si\u00e4 l\u00e4mben\u00f6y da lumet ruvetah jo sulamah katoksilda. Konza vezi rubieu tippumah r\u00e4yst\u00e4hist\u00e4 alah, se ji\u00e4dyygi purahiksi. T\u00e4ydyn\u00f6y vett\u00e4 alalleh ji\u00e4purahien agjah suaten, ne kazvetah piduhutta. Toi\u010d\u010di voibi n\u00e4h\u00e4 ylen pitkiegi ji\u00e4purahie.&nbsp;<\/p>\n\n\n\n<p>*<\/p>\n\n\n\n<p>Vuoropagina ji\u00e4purahasta:&nbsp;<\/p>\n\n\n\n<p>\u2013 Mamma, mie tahon tuan pit\u00e4n ji\u00e4purahan!&nbsp;<\/p>\n\n\n\n<p>\u2013 No, vuota, annan sen siula.&nbsp;&nbsp;<\/p>\n\n\n\n<p>\u2013 Oi, mamma, passibo!&nbsp;<\/p>\n\n\n\n<p>\u2013 A voi voi, ji\u00e4purahie ei pie syyv\u00e4!&nbsp;<\/p>\n\n\n\n<p>\u2013 A mint\u00e4h?&nbsp;<\/p>\n\n\n\n<p>\u2013 Ji\u00e4purahien ji\u00e4 on ligane. Sie voit suaha va\u010dan kibieksi ji\u00e4purahan sy\u00f6nn\u00e4st\u00e4.&nbsp;<\/p>\n\n\n\n<p>\u2013 Mamma, ka\u010do, t\u00e4m\u00e4 ji\u00e4puras ei ole ligane.&nbsp;<\/p>\n\n\n\n<p>\u2013 On se, hos my\u00f6 emm\u00e4 ni\u00e4 ji\u00e4ss\u00e4 olijua ligua. Usso vain, mid\u00e4 mamma sanou.&nbsp;&nbsp;<\/p>\n\n\n\n<p>\u2013 Mamma&#8230;&nbsp;<\/p>\n\n\n\n<p>*<\/p>\n\n\n\n<p>Kirjuttan: Katerina Paalamo&nbsp;<\/p>\n\n\n\n<figure class=\"wp-block-image size-full\"><img loading=\"lazy\" decoding=\"async\" width=\"430\" height=\"287\" src=\"https:\/\/blogs.uef.fi\/karjalanelvytys\/wp-content\/uploads\/sites\/155\/2024\/03\/Picture3.jpg\" alt=\"\" class=\"wp-image-16538\" srcset=\"https:\/\/blogs.uef.fi\/karjalanelvytys\/wp-content\/uploads\/sites\/155\/2024\/03\/Picture3.jpg 430w, https:\/\/blogs.uef.fi\/karjalanelvytys\/wp-content\/uploads\/sites\/155\/2024\/03\/Picture3-300x200.jpg 300w\" sizes=\"auto, (max-width: 430px) 100vw, 430px\" \/><figcaption class=\"wp-element-caption\">Kuva: Pixabay<\/figcaption><\/figure>\n\n\n\n<h2 class=\"wp-block-heading\">4. ikkunane, 4.3.<\/h2>\n\n\n\n<p><strong>\u00e4ij\u00e4np\u00e4iv\u00e4ntipane <\/strong>\u2018p\u00e4\u00e4si\u00e4istipu\u2019&nbsp;<\/p>\n\n\n\n<p><strong>tipane <\/strong>\u2018tipu\u2019&nbsp;<\/p>\n\n\n\n<p>*<\/p>\n\n\n\n<p>Vuoropagina:&nbsp;<\/p>\n\n\n\n<p>\u2013 Mi ollou tua i\u00e4ni? Kuuletgo sie?&nbsp;<\/p>\n\n\n\n<p>\u2013 Harakkago ha\u010dattau?&nbsp;<\/p>\n\n\n\n<p>\u2013 Ei tua voi olla harakka.&nbsp;<\/p>\n\n\n\n<p>\u2013 Onnakko \u010dirkkune laulau.&nbsp;<\/p>\n\n\n\n<p>\u2013 Ei, tua ei ole \u010dirkkune.&nbsp;<\/p>\n\n\n\n<p>\u2013 Ka\u010do! Se on \u00e4ij\u00e4np\u00e4iv\u00e4ntipane.&nbsp;<\/p>\n\n\n\n<p>\u2013 No muga on! Tipane piipett\u00e4y.&nbsp;<\/p>\n\n\n\n<p>Kirjutettih<strong> Jenni Larinen<\/strong> da <strong>Veera Turkki<\/strong>.<\/p>\n\n\n\n<figure class=\"wp-block-image size-full\"><img loading=\"lazy\" decoding=\"async\" width=\"436\" height=\"291\" src=\"https:\/\/blogs.uef.fi\/karjalanelvytys\/wp-content\/uploads\/sites\/155\/2024\/03\/Picture4.png\" alt=\"\" class=\"wp-image-16549\" srcset=\"https:\/\/blogs.uef.fi\/karjalanelvytys\/wp-content\/uploads\/sites\/155\/2024\/03\/Picture4.png 436w, https:\/\/blogs.uef.fi\/karjalanelvytys\/wp-content\/uploads\/sites\/155\/2024\/03\/Picture4-300x200.png 300w\" sizes=\"auto, (max-width: 436px) 100vw, 436px\" \/><figcaption class=\"wp-element-caption\">Kuva: Pixabay<\/figcaption><\/figure>\n\n\n\n<h2 class=\"wp-block-heading\">5. ikkunane, 5.3.<\/h2>\n\n\n\n<p><strong>kuli\u010d\u010da <\/strong>\u2018kulitsa\u2019&nbsp;<\/p>\n\n\n\n<p>*<\/p>\n\n\n\n<p>Kuli\u010d\u010da on perindehelline \u00c4ij\u00e4np\u00e4iv\u00e4n magie sy\u00f6mine. Se on dro\u017edeitaiginasta luajittu py\u00f6rie da ylehes korgie bulkka. Internetasta l\u00f6yv\u00e4t monenluaduzie reseptoi, kumbazien mugah voit luadie kuli\u010dan omah \u00c4ij\u00e4np\u00e4iv\u00e4n sy\u00f6nd\u00e4stolah. Tari\u010de kuli\u010d\u010da pashan kera.&nbsp;<\/p>\n\n\n\n<p>Kirjutettih<strong> Jenni Larinen<\/strong> da <strong>Veera Turkki&nbsp;<\/strong><\/p>\n\n\n\n<figure class=\"wp-block-image size-full\"><img loading=\"lazy\" decoding=\"async\" width=\"298\" height=\"451\" src=\"https:\/\/blogs.uef.fi\/karjalanelvytys\/wp-content\/uploads\/sites\/155\/2024\/03\/Picture5.png\" alt=\"\" class=\"wp-image-16610\" srcset=\"https:\/\/blogs.uef.fi\/karjalanelvytys\/wp-content\/uploads\/sites\/155\/2024\/03\/Picture5.png 298w, https:\/\/blogs.uef.fi\/karjalanelvytys\/wp-content\/uploads\/sites\/155\/2024\/03\/Picture5-198x300.png 198w\" sizes=\"auto, (max-width: 298px) 100vw, 298px\" \/><figcaption class=\"wp-element-caption\">Kuva: Pixabay<\/figcaption><\/figure>\n\n\n\n<h2 class=\"wp-block-heading\">6. ikkunane, 6.3.<\/h2>\n\n\n\n<p><strong>ristie silm\u00e4t <\/strong>\u2018tehd\u00e4 ristinmerkki\u2019&nbsp;<\/p>\n\n\n\n<p>*<\/p>\n\n\n\n<p>Karjalazet monda kerdua p\u00e4iv\u00e4ss\u00e4 molitah ristim\u00e4ll\u00e4 silm\u00e4t. Silmie ristiess\u00e4 oigien ki\u00e4n peigalo, ezisormi da keskisormi liitet\u00e4h yhteh da nimet\u00f6in da \u010dagari painetah k\u00e4mmend\u00e4 vas. Sormilla kossetah o\u010d\u010dua, rindua, oigieda olgapi\u00e4d\u00e4 da hurua olgapi\u00e4d\u00e4. Sen j\u00e4lgeh kumarretah kebiesti.&nbsp;<\/p>\n\n\n\n<p>Kirjutettih<strong> Jenni Larinen<\/strong> da <strong>Veera Turkki&nbsp;<\/strong><\/p>\n\n\n\n<figure class=\"wp-block-image size-large is-resized\"><img loading=\"lazy\" decoding=\"async\" width=\"1024\" height=\"578\" src=\"https:\/\/blogs.uef.fi\/karjalanelvytys\/wp-content\/uploads\/sites\/155\/2024\/03\/1880BDD21D702077BE1F9EB021C200FB-1024x578.jpg\" alt=\"Suistamon kirkko\" class=\"wp-image-16634\" style=\"width:464px;height:auto\" srcset=\"https:\/\/blogs.uef.fi\/karjalanelvytys\/wp-content\/uploads\/sites\/155\/2024\/03\/1880BDD21D702077BE1F9EB021C200FB-1024x578.jpg 1024w, https:\/\/blogs.uef.fi\/karjalanelvytys\/wp-content\/uploads\/sites\/155\/2024\/03\/1880BDD21D702077BE1F9EB021C200FB-300x169.jpg 300w, https:\/\/blogs.uef.fi\/karjalanelvytys\/wp-content\/uploads\/sites\/155\/2024\/03\/1880BDD21D702077BE1F9EB021C200FB-768x433.jpg 768w, https:\/\/blogs.uef.fi\/karjalanelvytys\/wp-content\/uploads\/sites\/155\/2024\/03\/1880BDD21D702077BE1F9EB021C200FB.jpg 1200w\" sizes=\"auto, (max-width: 1024px) 100vw, 1024px\" \/><\/figure>\n\n\n\n<p>Kuva: Suistamon kirikk\u00f6. Karjalan Liiton kokoelma, Muzeivirrasto<\/p>\n\n\n\n<h2 class=\"wp-block-heading\">7. ikkunane, 7.3.<\/h2>\n\n\n\n<p><strong>m\u00e4mmi <\/strong>\u2018m\u00e4mmi\u2019&nbsp;<\/p>\n\n\n\n<p>*<\/p>\n\n\n\n<p>Vuoropagina:&nbsp;<\/p>\n\n\n\n<p>&nbsp;&nbsp; \u2013 Suvai\u010detgo sie m\u00e4mmie?<\/p>\n\n\n\n<p>&nbsp;&nbsp;&nbsp;\u2013 Ylen suvai\u010den, mie aivin sy\u00f6n sid\u00e4 \u00c4ij\u00e4n\u00e4p\u00e4iv\u00e4n\u00e4.<\/p>\n\n\n\n<p>&nbsp;&nbsp; \u2013 Kuinba sie m\u00e4mmie viel\u00e4 \u00c4ij\u00e4n\u00e4p\u00e4iv\u00e4n\u00e4gi sy\u00f6t?<\/p>\n\n\n\n<p>&nbsp;&nbsp;&nbsp; \u2013 A, mint\u00e4h en s\u00f6is?<\/p>\n\n\n\n<p>&nbsp; \u2013&nbsp; Ka, etg\u00f6 sie tiij\u00e4, jotta m\u00e4mmi on perindehelline pyh\u00e4hine sy\u00f6mine. Sid\u00e4 on hyv\u00e4 syyv\u00e4 suurenpyh\u00e4n aigah sent\u00e4h, kun se on kazvossy\u00f6mine.<\/p>\n\n\n\n<p>Kirjutettih <strong>Jenni Larinen<\/strong> da <strong>Veera Turkki&nbsp;<\/strong><\/p>\n\n\n\n<figure class=\"wp-block-image size-large is-resized\"><img loading=\"lazy\" decoding=\"async\" width=\"1024\" height=\"678\" src=\"https:\/\/blogs.uef.fi\/karjalanelvytys\/wp-content\/uploads\/sites\/155\/2024\/03\/5324D11C127C4BAADB35B11F4008F3F0-1024x678.jpg\" alt=\"\" class=\"wp-image-16668\" style=\"width:470px;height:auto\" srcset=\"https:\/\/blogs.uef.fi\/karjalanelvytys\/wp-content\/uploads\/sites\/155\/2024\/03\/5324D11C127C4BAADB35B11F4008F3F0-1024x678.jpg 1024w, https:\/\/blogs.uef.fi\/karjalanelvytys\/wp-content\/uploads\/sites\/155\/2024\/03\/5324D11C127C4BAADB35B11F4008F3F0-300x199.jpg 300w, https:\/\/blogs.uef.fi\/karjalanelvytys\/wp-content\/uploads\/sites\/155\/2024\/03\/5324D11C127C4BAADB35B11F4008F3F0-768x508.jpg 768w, https:\/\/blogs.uef.fi\/karjalanelvytys\/wp-content\/uploads\/sites\/155\/2024\/03\/5324D11C127C4BAADB35B11F4008F3F0.jpg 1200w\" sizes=\"auto, (max-width: 1024px) 100vw, 1024px\" \/><\/figure>\n\n\n\n<p>Kuva: Aarne Pietinen Oy 1930-1933, Muzeivirrasto&nbsp;<\/p>\n\n\n\n<h2 class=\"wp-block-heading\">8. ikkunane, 8.3.<\/h2>\n\n\n\n<p><strong>\u010domennus<\/strong> &#8217;koriste&#8217;<\/p>\n\n\n\n<p>*<\/p>\n\n\n\n<p>\u00c4ij\u00e4n\u00e4pi\u00e4n\u00e4 voibi luadie \u010domennuksie lapsien kera. T\u00e4ss\u00e4 on ohjeh hein\u00e4pi\u00e4n luajindah.&nbsp;<\/p>\n\n\n\n<h5 class=\"wp-block-heading\">Hein\u00e4pi\u00e4<\/h5>\n\n\n\n<p>Tarvikkehet:<\/p>\n\n\n\n<ul class=\"wp-block-list\">\n<li>Raihein\u00e4n, ozran libo vehn\u00e4n siemenie&nbsp;<\/li>\n\n\n\n<li>Sukkahouzut&nbsp;<\/li>\n\n\n\n<li>Pilajauhuo&nbsp;<\/li>\n\n\n\n<li>Irdosilm\u00e4t&nbsp;<\/li>\n\n\n\n<li>Liimua&nbsp;<\/li>\n\n\n\n<li>Jogurttabankka&nbsp;<\/li>\n\n\n\n<li>Tu\u0161\u0161it&nbsp;<\/li>\n<\/ul>\n\n\n\n<p>Ohjeh:<\/p>\n\n\n\n<ol class=\"wp-block-list\" start=\"1\">\n<li>Pane siemenie sukkahouzuloin lahkehen pohjah.&nbsp;<\/li>\n<\/ol>\n\n\n\n<ol class=\"wp-block-list\" start=\"2\">\n<li>Lizi\u00e4 pi\u00e4ll\u00e4 pilajauhuo.&nbsp;<\/li>\n<\/ol>\n\n\n\n<ol class=\"wp-block-list\" start=\"3\">\n<li>Luaji mi\u00e4\u010d\u010dy, solmi da leikkua ylimi\u00e4r\u00e4ne palane sukkahouzuloista i\u00e4reh.&nbsp;<\/li>\n<\/ol>\n\n\n\n<ol class=\"wp-block-list\" start=\"4\">\n<li>Pane mi\u00e4\u010d\u010dy jogurttabankan pi\u00e4ll\u00e4.&nbsp;<\/li>\n<\/ol>\n\n\n\n<ol class=\"wp-block-list\" start=\"5\">\n<li>Liimua silm\u00e4t.&nbsp;<\/li>\n<\/ol>\n\n\n\n<ol class=\"wp-block-list\" start=\"6\">\n<li>Piirr\u00e4 nen\u00e4 da suu (kun tahtonet).&nbsp;<\/li>\n<\/ol>\n\n\n\n<ol class=\"wp-block-list\" start=\"7\">\n<li>Kastele joga p\u00e4ivi\u00e4.&nbsp;<\/li>\n<\/ol>\n\n\n\n<ol class=\"wp-block-list\" start=\"8\">\n<li>Leikkua tukat oman mielen mugah.&nbsp;<\/li>\n<\/ol>\n\n\n\n<p>Kirjutettih <strong>Jenni Larinen<\/strong> da <strong>Veera Turkki&nbsp;<\/strong><\/p>\n\n\n\n<figure class=\"wp-block-image size-full\"><img loading=\"lazy\" decoding=\"async\" width=\"476\" height=\"317\" src=\"https:\/\/blogs.uef.fi\/karjalanelvytys\/wp-content\/uploads\/sites\/155\/2024\/03\/Picture8.png\" alt=\"\" class=\"wp-image-16708\" srcset=\"https:\/\/blogs.uef.fi\/karjalanelvytys\/wp-content\/uploads\/sites\/155\/2024\/03\/Picture8.png 476w, https:\/\/blogs.uef.fi\/karjalanelvytys\/wp-content\/uploads\/sites\/155\/2024\/03\/Picture8-300x200.png 300w\" sizes=\"auto, (max-width: 476px) 100vw, 476px\" \/><figcaption class=\"wp-element-caption\">Kuva: Jenni Larinen<\/figcaption><\/figure>\n\n\n\n<h2 class=\"wp-block-heading\">9. ikkunane, 9.3.<\/h2>\n\n\n\n<p><strong>vihanda <\/strong>\u2018vihre\u00e4\u2019<\/p>\n\n\n\n<p>*<\/p>\n\n\n\n<p>Kevi\u00e4ll\u00e4 p\u00e4iv\u00e4t pitet\u00e4h da luondo muuttuu vihannaksi. Enzim\u00e4zet pikkarazet vihannat lehet puhetah da kukat noussah muasta.<\/p>\n\n\n\n<p>Kirjutettih <strong>Jenni Larinen<\/strong> da <strong>Veera Turkki&nbsp;<\/strong><\/p>\n\n\n\n<figure class=\"wp-block-image size-full\"><img loading=\"lazy\" decoding=\"async\" width=\"427\" height=\"320\" src=\"https:\/\/blogs.uef.fi\/karjalanelvytys\/wp-content\/uploads\/sites\/155\/2024\/03\/Picture9.png\" alt=\"\" class=\"wp-image-16715\" srcset=\"https:\/\/blogs.uef.fi\/karjalanelvytys\/wp-content\/uploads\/sites\/155\/2024\/03\/Picture9.png 427w, https:\/\/blogs.uef.fi\/karjalanelvytys\/wp-content\/uploads\/sites\/155\/2024\/03\/Picture9-300x225.png 300w\" sizes=\"auto, (max-width: 427px) 100vw, 427px\" \/><figcaption class=\"wp-element-caption\">Kuva: Pixabay<\/figcaption><\/figure>\n\n\n\n<h2 class=\"wp-block-heading\">10. ikkunane, 10.3.<\/h2>\n\n\n\n<p><strong>molie<\/strong> &#8217;rukoilla&#8217;<\/p>\n\n\n\n<p>*<\/p>\n\n\n\n<p>Joga p\u00e4ivi\u00e4 on hyv\u00e4 molie, a ennen kaikkie suurenpyh\u00e4n aigah. Silmien rissind\u00e4 jo on hyv\u00e4 malittu. Koissa ylehes molitah obraza\u010dupun, suuren\u010dupun, iess\u00e4. Kirik\u00f6ss\u00e4 ristikanzat molitah yhess\u00e4. <\/p>\n\n\n\n<p>Kirjutettih <strong>Jenni Larinen<\/strong> da <strong>Veera Turkki&nbsp;<\/strong><\/p>\n\n\n\n<figure class=\"wp-block-image size-large is-resized\"><img loading=\"lazy\" decoding=\"async\" width=\"1024\" height=\"682\" src=\"https:\/\/blogs.uef.fi\/karjalanelvytys\/wp-content\/uploads\/sites\/155\/2024\/03\/Picture10-1-1024x682.jpg\" alt=\"\" class=\"wp-image-16721\" style=\"width:400px\" srcset=\"https:\/\/blogs.uef.fi\/karjalanelvytys\/wp-content\/uploads\/sites\/155\/2024\/03\/Picture10-1-1024x682.jpg 1024w, https:\/\/blogs.uef.fi\/karjalanelvytys\/wp-content\/uploads\/sites\/155\/2024\/03\/Picture10-1-300x200.jpg 300w, https:\/\/blogs.uef.fi\/karjalanelvytys\/wp-content\/uploads\/sites\/155\/2024\/03\/Picture10-1-768x512.jpg 768w, https:\/\/blogs.uef.fi\/karjalanelvytys\/wp-content\/uploads\/sites\/155\/2024\/03\/Picture10-1.jpg 1100w\" sizes=\"auto, (max-width: 1024px) 100vw, 1024px\" \/><figcaption class=\"wp-element-caption\">Kuva: Pixabay<\/figcaption><\/figure>\n\n\n\n<h2 class=\"wp-block-heading\">11. ikkunane, 11.3.<\/h2>\n\n\n\n<p><strong>\u0161okoluadaj\u00e4i\u010d\u010d\u00e4<\/strong> \u2018suklaamuna\u2019&nbsp;<\/p>\n\n\n\n<p>*<\/p>\n\n\n\n<p>Vuoropagina:&nbsp;<\/p>\n\n\n\n<p>\u2013 Sy\u00f6tg\u00f6 sie \u0161okoluadaj\u00e4i\u010d\u010die?&nbsp;<\/p>\n\n\n\n<p>\u2013 Ka, mie sy\u00f6n \u0161okoluadaj\u00e4i\u010dcie, sent\u00e4h kuin mie ylen suvai\u010den niid\u00e4. A sie, sy\u00f6tg\u00f6 sie \u0161okoluadaj\u00e4i\u010d\u010die?&nbsp;&nbsp;<\/p>\n\n\n\n<p>\u2013 Ka, en ylen suvai\u010de \u0161okoluadaj\u00e4i\u010d\u010die, moizie, kumbazet on luajittu maido\u0161okoluadasta, da mie en voi syyv\u00e4 maido\u0161okoluadua. Sy\u00f6tg\u00f6 sie \u0161okoluadaj\u00e4i\u010dcie, kumbazissa on bobone syd\u00e4mess\u00e4?&nbsp;<\/p>\n\n\n\n<p>\u2013 Ka, mie ylen suvai\u010den \u0161okoluadaj\u00e4i\u010d\u010die, kumbazissa on bobone syd\u00e4mess\u00e4. Voitgo sie syyv\u00e4 muzavasta \u0161okoluadasta luajittuloi \u0161okoluadaj\u00e4i\u010d\u010die?&nbsp;<\/p>\n\n\n\n<p>\u2013 No, muzava \u0161okoluada on miusta ylen hyv\u00e4, da siid\u00e4 ei tule va\u010d\u010da kibieksi.&nbsp;<\/p>\n\n\n\n<p>Kirjutettih <strong>Ira M\u00e4\u00e4r\u00e4nen<\/strong> da <strong>Tuisku R\u00e4ty<\/strong>&nbsp;<\/p>\n\n\n\n<figure class=\"wp-block-image size-large is-resized\"><img loading=\"lazy\" decoding=\"async\" width=\"684\" height=\"1024\" src=\"https:\/\/blogs.uef.fi\/karjalanelvytys\/wp-content\/uploads\/sites\/155\/2024\/03\/Suklaamunia-684x1024.jpg\" alt=\"Suklaamunia\" class=\"wp-image-16732\" style=\"width:341px;height:auto\" srcset=\"https:\/\/blogs.uef.fi\/karjalanelvytys\/wp-content\/uploads\/sites\/155\/2024\/03\/Suklaamunia-684x1024.jpg 684w, https:\/\/blogs.uef.fi\/karjalanelvytys\/wp-content\/uploads\/sites\/155\/2024\/03\/Suklaamunia-200x300.jpg 200w, https:\/\/blogs.uef.fi\/karjalanelvytys\/wp-content\/uploads\/sites\/155\/2024\/03\/Suklaamunia-768x1151.jpg 768w, https:\/\/blogs.uef.fi\/karjalanelvytys\/wp-content\/uploads\/sites\/155\/2024\/03\/Suklaamunia.jpg 815w\" sizes=\"auto, (max-width: 684px) 100vw, 684px\" \/><\/figure>\n\n\n\n<p>Kuva: Pexels&nbsp;<\/p>\n\n\n\n<h2 class=\"wp-block-heading\">12. ikkunane, 12.3.<\/h2>\n\n\n\n<p><strong>kazvossy\u00f6mine<\/strong> \u2018kasvisruoka\u2019&nbsp;<\/p>\n\n\n\n<p>*<\/p>\n\n\n\n<p>\u00c4ij\u00e4np\u00e4iv\u00e4n iell\u00e4 karjalazet ei rakkahalla syyv\u00e4 lihua. Kazvossy\u00f6mine on pi\u00e4azielline sy\u00f6mine pyhitt\u00e4mizen aigah. Sienet ollah iellehgi ylen t\u00e4rgie oza pyhitt\u00e4mist\u00e4. Sienet ker\u00e4t\u00e4h jo kez\u00e4ll\u00e4 da sygyzyll\u00e4 taldeh.&nbsp;&nbsp;<\/p>\n\n\n\n<p><strong>Suolasienet<\/strong>&nbsp;<\/p>\n\n\n\n<p>1 luukka&nbsp;<\/p>\n\n\n\n<p>siemenvoida&nbsp;<\/p>\n\n\n\n<p>pippurie&nbsp;<\/p>\n\n\n\n<p>2\u20133 dl suolasienie&nbsp;<\/p>\n\n\n\n<p>Pilkotah luukka da sienet. Liz\u00e4t\u00e4h siemenvoida da pippurie. Pannah ji\u00e4\u0161kuappah y\u00f6st\u00e4 pi\u00e4li\u010d\u010di.&nbsp;<\/p>\n\n\n\n<p><em>\u201dKen sienen sy\u00f6y, se i mavon sy\u00f6y.\u201d <\/em>(sp.) Suistamo&nbsp; <\/p>\n\n\n\n<p>Kirjutettih <strong>Ira M\u00e4\u00e4r\u00e4nen<\/strong> da <strong>Tuisku R\u00e4ty<\/strong><\/p>\n\n\n\n<figure class=\"wp-block-image size-large is-resized\"><img loading=\"lazy\" decoding=\"async\" width=\"576\" height=\"1024\" src=\"https:\/\/blogs.uef.fi\/karjalanelvytys\/wp-content\/uploads\/sites\/155\/2024\/03\/lactarius-1771134_1280-576x1024.jpg\" alt=\"Sieni\" class=\"wp-image-16784\" style=\"width:329px;height:auto\" srcset=\"https:\/\/blogs.uef.fi\/karjalanelvytys\/wp-content\/uploads\/sites\/155\/2024\/03\/lactarius-1771134_1280-576x1024.jpg 576w, https:\/\/blogs.uef.fi\/karjalanelvytys\/wp-content\/uploads\/sites\/155\/2024\/03\/lactarius-1771134_1280-169x300.jpg 169w, https:\/\/blogs.uef.fi\/karjalanelvytys\/wp-content\/uploads\/sites\/155\/2024\/03\/lactarius-1771134_1280.jpg 720w\" sizes=\"auto, (max-width: 576px) 100vw, 576px\" \/><\/figure>\n\n\n\n<p>Kuva: Pixabay&nbsp;<\/p>\n\n\n\n<h2 class=\"wp-block-heading\">13. ikkunane, 13.3.<\/h2>\n\n\n\n<p><strong>p\u00e4iv\u00e4nvalgie<\/strong> \u2018auringon-, p\u00e4iv\u00e4nvalo\u2019&nbsp;<\/p>\n\n\n\n<p><strong>valgie<\/strong> \u2018valo, valoisa, valkoinen, vaalea\u2019&nbsp;<\/p>\n\n\n\n<p>*<\/p>\n\n\n\n<p>Kev\u00e4tkuussa p\u00e4iv\u00e4t pitet\u00e4h da p\u00e4iv\u00e4nvalgien mi\u00e4r\u00e4 lizen\u00f6y.<\/p>\n\n\n\n<p>Konza m\u00e4nemm\u00e4 l\u00e4hemm\u00e4ksi kev\u00e4tt\u00e4, p\u00e4iv\u00e4t ollah valgiet da si\u00e4 l\u00e4mben\u00f6y.&nbsp;<\/p>\n\n\n\n<p>*<\/p>\n\n\n\n<p>Kev\u00e4tp\u00e4iv\u00e4ntazaus on 20. t\u00e4d\u00e4 kuuda, da se tarkottau, jotta p\u00e4iv\u00e4 da y\u00f6 ollah yhenpiduhuot.&nbsp;<\/p>\n\n\n\n<figure class=\"wp-block-image size-large is-resized\"><img loading=\"lazy\" decoding=\"async\" width=\"1024\" height=\"683\" src=\"https:\/\/blogs.uef.fi\/karjalanelvytys\/wp-content\/uploads\/sites\/155\/2024\/03\/Valo-1024x683.jpg\" alt=\"\" class=\"wp-image-16805\" style=\"width:381px;height:auto\" srcset=\"https:\/\/blogs.uef.fi\/karjalanelvytys\/wp-content\/uploads\/sites\/155\/2024\/03\/Valo-1024x683.jpg 1024w, https:\/\/blogs.uef.fi\/karjalanelvytys\/wp-content\/uploads\/sites\/155\/2024\/03\/Valo-300x200.jpg 300w, https:\/\/blogs.uef.fi\/karjalanelvytys\/wp-content\/uploads\/sites\/155\/2024\/03\/Valo-768x512.jpg 768w, https:\/\/blogs.uef.fi\/karjalanelvytys\/wp-content\/uploads\/sites\/155\/2024\/03\/Valo.jpg 1081w\" sizes=\"auto, (max-width: 1024px) 100vw, 1024px\" \/><\/figure>\n\n\n\n<p>Kuva: Pexels&nbsp;<\/p>\n\n\n\n<h2 class=\"wp-block-heading\">14. ikkunane, 14.3.<\/h2>\n\n\n\n<p><strong>\u00e4ij\u00e4np\u00e4iv\u00e4nj\u00e4n\u00f6ne<\/strong> \u2018p\u00e4\u00e4si\u00e4ispupu\u2019&nbsp;<\/p>\n\n\n\n<p><strong>j\u00e4n\u00f6ne <\/strong>\u2018pupu\u2019&nbsp;<\/p>\n\n\n\n<p>*<\/p>\n\n\n\n<p>Kirjutettu kuvan mugah:&nbsp;<\/p>\n\n\n\n<p>J\u00e4n\u00f6ne on pieni da valgie. J\u00e4n\u00f6ne maguau \u00e4ij\u00e4np\u00e4iv\u00e4nj\u00e4i\u010d\u010dien pi\u00e4ll\u00e4, da tipane istuu j\u00e4n\u00f6zen pi\u00e4ll\u00e4.&nbsp;<\/p>\n\n\n\n<p>Kirjutettih <strong>Ira M\u00e4\u00e4r\u00e4nen<\/strong> da <strong>Tuisku R\u00e4ty<\/strong><\/p>\n\n\n\n<figure class=\"wp-block-image size-full is-resized\"><img loading=\"lazy\" decoding=\"async\" width=\"482\" height=\"723\" src=\"https:\/\/blogs.uef.fi\/karjalanelvytys\/wp-content\/uploads\/sites\/155\/2024\/03\/Pupu.jpg\" alt=\"\" class=\"wp-image-16833\" style=\"width:318px;height:auto\" srcset=\"https:\/\/blogs.uef.fi\/karjalanelvytys\/wp-content\/uploads\/sites\/155\/2024\/03\/Pupu.jpg 482w, https:\/\/blogs.uef.fi\/karjalanelvytys\/wp-content\/uploads\/sites\/155\/2024\/03\/Pupu-200x300.jpg 200w\" sizes=\"auto, (max-width: 482px) 100vw, 482px\" \/><\/figure>\n\n\n\n<p>Kuva: Pexels&nbsp;<\/p>\n\n\n\n<h2 class=\"wp-block-heading\">15. ikkunane, 15.3.<\/h2>\n\n\n\n<p><strong>pyhitti\u00e4<\/strong> \u2018paastota\u2019&nbsp;<\/p>\n\n\n\n<p>*<\/p>\n\n\n\n<p>Ket pyhitet\u00e4h, konza, mist\u00e4 da mint\u00e4h?&nbsp;&nbsp;<\/p>\n\n\n\n<p><em>Pyhitti\u00e4<\/em>-sana Karjalan kielen sanakirjassa:&nbsp;&nbsp;&nbsp;<\/p>\n\n\n\n<p><em>\u201dMeil\u00e4 pyhitettih \u0161uuret pyh\u00e4t, ro\u0161tuom pyh\u00e4t, spoassum pyh\u00e4t.\u201d <\/em>Uhtua&nbsp;<\/p>\n\n\n\n<p><em>\u201dSeitt\u0161evuodiziem pid\u00e4y jo pyhitti\u00e4.\u201d <\/em>Salmi&nbsp;<\/p>\n\n\n\n<p><em>\u201dKymmenen vuvvem mendyy lapset pyhitet\u00e4h.\u201d <\/em>S\u00e4\u00e4m\u00e4j\u00e4rvi&nbsp;<\/p>\n\n\n\n<p><em>\u201dMie pyhit\u00e4n maijo\u0161ta.\u201d<\/em> Tver&nbsp;<\/p>\n\n\n\n<p><em>\u201dMin\u00e4 pyhitin, en sy\u00f6nnyh argee pyh\u00e4s.\u201d <\/em>Tulemaj\u00e4rvi&nbsp;<\/p>\n\n\n\n<p><em>\u201dIg\u00e4zen spoase\u0144\u0144an <\/em>(autuuden) <em>sai, ij\u00e4n kaiken h\u00e4i pyhitti.\u201d <\/em>Suoj\u00e4rvi&nbsp;<\/p>\n\n\n\n<p>*<\/p>\n\n\n\n<p>Vuoropagina suvikarjalaksi:&nbsp;<\/p>\n\n\n\n<p>\u2013 Pyhit\u00e4tg\u00f6 sie \u00c4ij\u00e4np\u00e4iv\u00e4n aigah?&nbsp;<\/p>\n\n\n\n<p>\u2013 Muga, mie pyhit\u00e4n. Nyg\u00f6in mie en ylen tiukkah pyhit\u00e4, sent\u00e4h kuin miula on ylen \u00e4ij\u00e4 piduo samah aigah. A sie, pyhit\u00e4tg\u00f6 sie \u00c4ij\u00e4np\u00e4iv\u00e4n aigah?&nbsp;<\/p>\n\n\n\n<p>\u2013 Ka, mie en pyhit\u00e4 \u00c4ij\u00e4np\u00e4iv\u00e4n aigah. Mid\u00e4 sie et sy\u00f6, konza sie pyhit\u00e4t?&nbsp;<\/p>\n\n\n\n<p>\u2013 Kuottelen aivin ottua kazvossy\u00f6mizie: en juo maiduo, en sy\u00f6 lihua da j\u00e4i\u010d\u010die, a mett\u00e4 panen \u010duajuh.&nbsp;<\/p>\n\n\n\n<p>\u2013 Konza sie et pyhit\u00e4 da miksi et?&nbsp;<\/p>\n\n\n\n<p>\u2013 Konza mie m\u00e4nen gostih, siel\u00e4 taritah aivin mageida sy\u00f6mizie.&nbsp;<\/p>\n\n\n\n<p>Kirjutettih <strong>Ira M\u00e4\u00e4r\u00e4nen<\/strong> da <strong>Tuisku R\u00e4ty<\/strong><\/p>\n\n\n\n<figure class=\"wp-block-image size-full is-resized\"><img loading=\"lazy\" decoding=\"async\" width=\"482\" height=\"642\" src=\"https:\/\/blogs.uef.fi\/karjalanelvytys\/wp-content\/uploads\/sites\/155\/2024\/03\/Pyhittia.jpg\" alt=\"\" class=\"wp-image-16850\" style=\"width:325px;height:auto\" srcset=\"https:\/\/blogs.uef.fi\/karjalanelvytys\/wp-content\/uploads\/sites\/155\/2024\/03\/Pyhittia.jpg 482w, https:\/\/blogs.uef.fi\/karjalanelvytys\/wp-content\/uploads\/sites\/155\/2024\/03\/Pyhittia-225x300.jpg 225w\" sizes=\"auto, (max-width: 482px) 100vw, 482px\" \/><\/figure>\n\n\n\n<p>Kuva: Pexels&nbsp;<\/p>\n\n\n\n<h2 class=\"wp-block-heading\">16. ikkunane, 16.3.<\/h2>\n\n\n\n<p><strong>pajunlammas<\/strong>, <strong>lambahane<\/strong> \u2018pajunkissa\u2019&nbsp;<\/p>\n\n\n\n<p>*<\/p>\n\n\n\n<p>Pajunlambahat kazvetah pajussa. Kevi\u00e4ll\u00e4, konza paju kukkiu, sih kazvetah pehmiet, valgiet da karvazet lambahat. Pajunoksie ker\u00e4t\u00e4h kodih, da kun oksat pannah vedeh, pajunlambahat kukitah.&nbsp;<\/p>\n\n\n\n<p>Kirjutettih <strong>Ira M\u00e4\u00e4r\u00e4nen<\/strong> da <strong>Tuisku R\u00e4ty<\/strong><\/p>\n\n\n\n<figure class=\"wp-block-image size-large is-resized\"><img loading=\"lazy\" decoding=\"async\" width=\"683\" height=\"1024\" src=\"https:\/\/blogs.uef.fi\/karjalanelvytys\/wp-content\/uploads\/sites\/155\/2024\/03\/Lambahazet-683x1024.jpg\" alt=\"Pajunkissoja\" class=\"wp-image-16862\" style=\"width:326px;height:auto\" srcset=\"https:\/\/blogs.uef.fi\/karjalanelvytys\/wp-content\/uploads\/sites\/155\/2024\/03\/Lambahazet-683x1024.jpg 683w, https:\/\/blogs.uef.fi\/karjalanelvytys\/wp-content\/uploads\/sites\/155\/2024\/03\/Lambahazet-200x300.jpg 200w, https:\/\/blogs.uef.fi\/karjalanelvytys\/wp-content\/uploads\/sites\/155\/2024\/03\/Lambahazet.jpg 739w\" sizes=\"auto, (max-width: 683px) 100vw, 683px\" \/><\/figure>\n\n\n\n<p>Kuva: Pexels&nbsp;<\/p>\n\n\n\n<h2 class=\"wp-block-heading\">17. ikkunane, 17.3.<\/h2>\n\n\n\n<p><strong>obraza, ikona<\/strong> \u2018ikoni\u2019&nbsp;<\/p>\n\n\n\n<p>*<\/p>\n\n\n\n<p>Ikona on ikkuna loputtomah aigah. Suuressa \u010dupussa, obraza\u010dupussa, molitah ikonan da tuohuksen iess\u00e4. Jumalua da kaikkie pyhie molimma ikonan iess\u00e4 joga p\u00e4ivi\u00e4 da \u00c4ij\u00e4np\u00e4iv\u00e4n aigah viel\u00e4 en\u00e4mm\u00e4n. Ikonassa on aivin kuva Nei\u010dyt Mariasta, Iisus-lapsesta libo pyhist\u00e4.&nbsp;<\/p>\n\n\n\n<p>Kirjutettih <strong>Ira M\u00e4\u00e4r\u00e4nen<\/strong> da <strong>Tuisku R\u00e4ty<\/strong><\/p>\n\n\n\n<figure class=\"wp-block-image size-full is-resized\"><img loading=\"lazy\" decoding=\"async\" width=\"600\" height=\"757\" src=\"https:\/\/blogs.uef.fi\/karjalanelvytys\/wp-content\/uploads\/sites\/155\/2024\/03\/Ikoni.jpg\" alt=\"\" class=\"wp-image-16865\" style=\"width:329px;height:auto\" srcset=\"https:\/\/blogs.uef.fi\/karjalanelvytys\/wp-content\/uploads\/sites\/155\/2024\/03\/Ikoni.jpg 600w, https:\/\/blogs.uef.fi\/karjalanelvytys\/wp-content\/uploads\/sites\/155\/2024\/03\/Ikoni-238x300.jpg 238w\" sizes=\"auto, (max-width: 600px) 100vw, 600px\" \/><\/figure>\n\n\n\n<p>Kuva: Pixabay<\/p>\n\n\n\n<h2 class=\"wp-block-heading\">18. ikkunane, 18.3.<\/h2>\n\n\n\n<p><strong>raihein\u00e4 <\/strong>\u2018rairuoho\u2019&nbsp;<\/p>\n\n\n\n<p><strong>*<\/strong>&nbsp;<\/p>\n\n\n\n<p>Vuoropagina:&nbsp;<\/p>\n\n\n\n<p>\u2013 Kuinba raihein\u00e4 liittyy \u00c4ij\u00e4hp\u00e4iv\u00e4h? Se kuvuau uutta elosta, kumbane nouzou siemenist\u00e4 n\u00e4bieh.&nbsp;<\/p>\n\n\n\n<p>\u2013 Konza pid\u00e4y siemenet kylvi\u00e4? Mi on n\u00e4bieh? Kaksi ned\u00e4lie ennen \u00c4iji\u00e4p\u00e4ivi\u00e4 pid\u00e4y kylvi\u00e4 da muistua valella.&nbsp;<\/p>\n\n\n\n<p>\u2013 Ongo raihein\u00e4 ainavo \u010domennus vai luajitahgo \u010domennuksie en\u00e4mbi?&nbsp;&nbsp;<\/p>\n\n\n\n<p>\u2013 Muga, j\u00e4i\u010d\u010die, tipazie da j\u00e4n\u00f6zie voibi luadie \u010domennuksiksi raiheinien rinnalla. Ne ollah perindehen mugazie, ga muudagi voibi luadie.&nbsp;&nbsp;<\/p>\n\n\n\n<p>Kirjutettih <strong>Pirita I. Hipp-Koskenoja<\/strong> da <strong>Kati H\u00e4kkinen<\/strong>&nbsp;&nbsp;<\/p>\n\n\n\n<figure class=\"wp-block-image size-full is-resized\"><img loading=\"lazy\" decoding=\"async\" width=\"709\" height=\"482\" src=\"https:\/\/blogs.uef.fi\/karjalanelvytys\/wp-content\/uploads\/sites\/155\/2024\/03\/Rairuoho.jpg\" alt=\"\" class=\"wp-image-16888\" style=\"width:391px;height:auto\" srcset=\"https:\/\/blogs.uef.fi\/karjalanelvytys\/wp-content\/uploads\/sites\/155\/2024\/03\/Rairuoho.jpg 709w, https:\/\/blogs.uef.fi\/karjalanelvytys\/wp-content\/uploads\/sites\/155\/2024\/03\/Rairuoho-300x204.jpg 300w\" sizes=\"auto, (max-width: 709px) 100vw, 709px\" \/><\/figure>\n\n\n\n<p>Kuva: Pixabay&nbsp;<\/p>\n\n\n\n<h2 class=\"wp-block-heading\">19. ikkunane, 19.3.<\/h2>\n\n\n\n<p><strong>keldane <\/strong>\u2018keltainen\u2019&nbsp;<\/p>\n\n\n\n<p><strong>*<\/strong>&nbsp;<\/p>\n\n\n\n<p>Keldane \u2013 \u00c4ij\u00e4np\u00e4iv\u00e4n v\u00e4ri<\/p>\n\n\n\n<p>Keldane simvoloi\u010d\u010dou kev\u00e4tt\u00e4, da sih liittyy p\u00e4iv\u00e4ne, kumbane tanssiu \u00c4ij\u00e4np\u00e4iv\u00e4n huondeksella. P\u00e4iv\u00e4ne tanssiu, konza se nouzou avonazella taivahalla. Konza p\u00e4iv\u00e4ne tanssiu libo hyppiy, l\u00e4pett\u00e4y da s\u00e4riz\u00f6y, lubuau se hyvi\u00e4 tuluo kez\u00e4ll\u00e4. Mid\u00e4 en\u00e4mbi on pilvie p\u00e4iv\u00e4zen iess\u00e4, sid\u00e4 vilumbi da m\u00e4rrembi tulou kez\u00e4st\u00e4.&nbsp;<\/p>\n\n\n\n<p>Keldazet voijah olla narsissat, tipazet da j\u00e4i\u010d\u00e4n keldane \u2013 mi vain on hyv\u00e4 da tuou mieleh kevi\u00e4n tulennan.&nbsp;<\/p>\n\n\n\n<p>Kirjutettih <strong>Pirita I. Hipp-Koskenoja<\/strong> da <strong>Kati H\u00e4kkinen<\/strong>&nbsp;<\/p>\n\n\n\n<figure class=\"wp-block-image size-full is-resized\"><img loading=\"lazy\" decoding=\"async\" width=\"550\" height=\"541\" src=\"https:\/\/blogs.uef.fi\/karjalanelvytys\/wp-content\/uploads\/sites\/155\/2024\/03\/Aurinko.png\" alt=\"Aurinko\" class=\"wp-image-16926\" style=\"width:314px;height:auto\" srcset=\"https:\/\/blogs.uef.fi\/karjalanelvytys\/wp-content\/uploads\/sites\/155\/2024\/03\/Aurinko.png 550w, https:\/\/blogs.uef.fi\/karjalanelvytys\/wp-content\/uploads\/sites\/155\/2024\/03\/Aurinko-300x295.png 300w\" sizes=\"auto, (max-width: 550px) 100vw, 550px\" \/><\/figure>\n\n\n\n<p>Kuva: Pixabay<\/p>\n\n\n\n<h2 class=\"wp-block-heading\">20. ikkunane, 20.3.<\/h2>\n\n\n\n<p><strong>ristihodu, ristahodu<\/strong> \u2018ristisaatto\u2019&nbsp;&nbsp;<\/p>\n\n\n\n<p><em>risti <\/em>(pohjazet murdehet), <em>rista<\/em> (Raja-Karjalan suvikarjalan murdehissa)&nbsp; <\/p>\n\n\n\n<p>*&nbsp;<\/p>\n\n\n\n<p>Ylen t\u00e4rgie da vanha perinneh on ristihodu. \u00c4ij\u00e4np\u00e4iv\u00e4n ristihovussa k\u00e4vell\u00e4h keskiy\u00f6ll\u00e4 kirik\u00f6st\u00e4 ymb\u00e4ri vastap\u00e4iv\u00e4h. Kulgovehen ezipuolessa kulgietah risti da pappi. Papin j\u00e4lless\u00e4 kirikk\u00f6rahvas lauletah da ruguollah. \u00c4ij\u00e4np\u00e4iv\u00e4ny\u00f6n ristihodu kuvuau miiruo tuojien naizien matkua Hristosan kalmalla.&nbsp;<\/p>\n\n\n\n<p>L\u00e4he: ortodoksi.net \/ristisaatto&nbsp;<\/p>\n\n\n\n<p>Kirjutettih <strong>Pirita I. Hipp-Koskenoja<\/strong> da <strong>Kati H\u00e4kkinen<\/strong>&nbsp;<\/p>\n\n\n\n<figure class=\"wp-block-image size-full is-resized\"><img loading=\"lazy\" decoding=\"async\" width=\"589\" height=\"880\" src=\"https:\/\/blogs.uef.fi\/karjalanelvytys\/wp-content\/uploads\/sites\/155\/2024\/03\/Ristisaatto.jpg\" alt=\"\" class=\"wp-image-16995\" style=\"width:331px;height:auto\" srcset=\"https:\/\/blogs.uef.fi\/karjalanelvytys\/wp-content\/uploads\/sites\/155\/2024\/03\/Ristisaatto.jpg 589w, https:\/\/blogs.uef.fi\/karjalanelvytys\/wp-content\/uploads\/sites\/155\/2024\/03\/Ristisaatto-201x300.jpg 201w\" sizes=\"auto, (max-width: 589px) 100vw, 589px\" \/><\/figure>\n\n\n\n<p>Kuva: Finna. Museovirasto, Karjalan liiton kokoelma. Suistamo, 1934&nbsp;<\/p>\n\n\n\n<h2 class=\"wp-block-heading\">21. ikkunane, 21.3.<\/h2>\n\n\n\n<p><strong>pyh\u00e4voi <\/strong>\u2018paastonajan ruoka\u00f6ljy, kasvi\u00f6ljy\u2019&nbsp;<\/p>\n\n\n\n<p>*<strong>&nbsp;<\/strong><\/p>\n\n\n\n<p>Kazviloista luajittu voi. Sid\u00e4 k\u00e4ytet\u00e4h suurenpyh\u00e4n aigah, sent\u00e4h kun argivoida ei silloin k\u00e4ytet\u00e4. Tuagieh pyh\u00e4voida luajittih i\u010de liinasta libo muista siemenist\u00e4.&nbsp;<\/p>\n\n\n\n<p>Kirjutettih <strong>Pirita I. Hipp-Koskenoja<\/strong> da <strong>Kati H\u00e4kkinen<\/strong>&nbsp;&nbsp;<\/p>\n\n\n\n<figure class=\"wp-block-image size-full is-resized\"><img loading=\"lazy\" decoding=\"async\" width=\"755\" height=\"502\" src=\"https:\/\/blogs.uef.fi\/karjalanelvytys\/wp-content\/uploads\/sites\/155\/2024\/03\/Kasvioljy.jpg\" alt=\"Kasvi\u00f6ljy\" class=\"wp-image-17041\" style=\"width:407px;height:auto\" srcset=\"https:\/\/blogs.uef.fi\/karjalanelvytys\/wp-content\/uploads\/sites\/155\/2024\/03\/Kasvioljy.jpg 755w, https:\/\/blogs.uef.fi\/karjalanelvytys\/wp-content\/uploads\/sites\/155\/2024\/03\/Kasvioljy-300x199.jpg 300w\" sizes=\"auto, (max-width: 755px) 100vw, 755px\" \/><\/figure>\n\n\n\n<p>Kuva: Pixabay&nbsp;<\/p>\n\n\n\n<h2 class=\"wp-block-heading\">22. ikkunane, 22.3.<\/h2>\n\n\n\n<p><strong>pasha<\/strong> \u2018pasha\u2019&nbsp;<\/p>\n\n\n\n<p>*&nbsp;<\/p>\n\n\n\n<p><strong>Pasha<\/strong> <strong>\u2013 resepta:<\/strong>&nbsp;<\/p>\n\n\n\n<p>Pasha on \u00c4ij\u00e4np\u00e4iv\u00e4n perindehelline magie sy\u00f6mine. Nyg\u00f6in tuagieh luajitah kebiembie sy\u00f6mizie kuin alla olijan reseptan mugane pasha on.&nbsp;<\/p>\n\n\n\n<p>100 g voida &nbsp;<br>1 dl zuaharie&nbsp;<br>500 g rahkua&nbsp;<br>2 dl kuohusliuhkua&nbsp;<br>1 j\u00e4i\u010d\u010d\u00e4&nbsp;<\/p>\n\n\n\n<p>puolen limonan mehu&nbsp;<\/p>\n\n\n\n<p>2 \u010dl vanil\u2019l\u2019azuaharie&nbsp;<br>0,5 dl mindalirouhehta&nbsp;<br>(0,5 dl izumua libo korinttua) &nbsp;<\/p>\n\n\n\n<ol class=\"wp-block-list\" start=\"1\">\n<li>Pieks\u00e4 voi da zuahari vuaheksi.&nbsp;<\/li>\n<\/ol>\n\n\n\n<ol class=\"wp-block-list\" start=\"2\">\n<li>Lizi\u00e4 rahka, vuaheksi pieksetty sliuhka, j\u00e4i\u010d\u010d\u00e4, limonamehu, vanil\u2019l\u2019azuahari, mindalirouheh da tahtonet, izumatgi.&nbsp;<\/li>\n<\/ol>\n\n\n\n<ol class=\"wp-block-list\" start=\"3\">\n<li>Kua pasha kangahalla vuoritettuh pashaformah, siittah libo koufifil\u2019trah.&nbsp;<\/li>\n<\/ol>\n\n\n\n<ol class=\"wp-block-list\" start=\"4\">\n<li>Pane alla astie, kumbazeh neste voi valuo.&nbsp;<\/li>\n<\/ol>\n\n\n\n<ol class=\"wp-block-list\" start=\"5\">\n<li>Pane pasha ji\u00e4\u0161kuappah luadiudumah.&nbsp;<\/li>\n<\/ol>\n\n\n\n<ol class=\"wp-block-list\" start=\"6\">\n<li>Kumua toizena p\u00e4iv\u00e4n\u00e4 pasha torielkalla da \u010domenna fruktoilla, marjoilla da sliuhkavuahella.<\/li>\n<\/ol>\n\n\n\n<p>Karjalaksi: <strong>Pirita I. Hipp-Koskenoja<\/strong> da <strong>Kati H\u00e4kkinen<\/strong>&nbsp;<\/p>\n\n\n\n<figure class=\"wp-block-image size-full is-resized\"><img loading=\"lazy\" decoding=\"async\" width=\"947\" height=\"630\" src=\"https:\/\/blogs.uef.fi\/karjalanelvytys\/wp-content\/uploads\/sites\/155\/2024\/03\/Pasha.jpg\" alt=\"Pasha, herkku\" class=\"wp-image-17080\" style=\"width:402px;height:auto\" srcset=\"https:\/\/blogs.uef.fi\/karjalanelvytys\/wp-content\/uploads\/sites\/155\/2024\/03\/Pasha.jpg 947w, https:\/\/blogs.uef.fi\/karjalanelvytys\/wp-content\/uploads\/sites\/155\/2024\/03\/Pasha-300x200.jpg 300w, https:\/\/blogs.uef.fi\/karjalanelvytys\/wp-content\/uploads\/sites\/155\/2024\/03\/Pasha-768x511.jpg 768w\" sizes=\"auto, (max-width: 947px) 100vw, 947px\" \/><\/figure>\n\n\n\n<p>L\u00e4he da kuva: Marttaliitto&nbsp;<\/p>\n\n\n\n<h2 class=\"wp-block-heading\">23. ikkunane, 23.3.<\/h2>\n\n\n\n<p><strong>virbovi\u010d\u010da <\/strong>\u2018virpovitsa\u2019&nbsp;<\/p>\n\n\n\n<p>*&nbsp;<\/p>\n\n\n\n<p>Vuoropagina:&nbsp;<\/p>\n\n\n\n<p>\u2013 Ket luajittih ennen virbovi\u010d\u010doi? Lapset luajittih virbovi\u010d\u010doi, da suovattana kirik\u00f6ss\u00e4 vi\u010dat siunattih.<\/p>\n\n\n\n<p>\u2013 Ga mint\u00e4h? Niill\u00e4 virvotettih kaikenmoista hyvi\u00e4 ristikanzoilla, da vi\u010dat ollah muistona Hristosan pal\u2019manlehv\u00e4tervehyksest\u00e4, konza hi\u00e4n ra\u010dasti oslalla Jerusalimah.<\/p>\n\n\n\n<p>L\u00e4he: Karjalan Liitto&nbsp;<\/p>\n\n\n\n<p>Kirjutettih <strong>Pirita I. Hipp-Koskenoja<\/strong> da <strong>Kati H\u00e4kkinen<\/strong><\/p>\n\n\n\n<figure class=\"wp-block-image size-full is-resized\"><img loading=\"lazy\" decoding=\"async\" width=\"643\" height=\"443\" src=\"https:\/\/blogs.uef.fi\/karjalanelvytys\/wp-content\/uploads\/sites\/155\/2024\/03\/Virpovitsa.jpg\" alt=\"Virpovitsa\" class=\"wp-image-17156\" style=\"width:396px;height:auto\" srcset=\"https:\/\/blogs.uef.fi\/karjalanelvytys\/wp-content\/uploads\/sites\/155\/2024\/03\/Virpovitsa.jpg 643w, https:\/\/blogs.uef.fi\/karjalanelvytys\/wp-content\/uploads\/sites\/155\/2024\/03\/Virpovitsa-300x207.jpg 300w\" sizes=\"auto, (max-width: 643px) 100vw, 643px\" \/><\/figure>\n\n\n\n<p>Kuva: Finna. Maria tai Antti Jokipii. 1990-1999.&nbsp;<\/p>\n\n\n\n<h2 class=\"wp-block-heading\">24. ikkunane, 24.3.<\/h2>\n\n\n\n<p><strong>Virbopyh\u00e4p\u00e4iv\u00e4<\/strong> \u2018palmusunnuntai\u2019&nbsp;<\/p>\n\n\n\n<p><strong>virvottua<\/strong> \u2018virpoa\u2019&nbsp;<\/p>\n\n\n\n<p>*&nbsp;<\/p>\n\n\n\n<p>Virbopyh\u00e4np\u00e4iv\u00e4n huondeksella perehen muamo virvotti lapset da \u017eiivatat. Tuatto sen sijah virvotti hebozet, da lapset virvotettih ristikanzat palkkua vastah. Virboluguloi on monie, da ne kaikki ollah vesselie. Palkka k\u00e4ydih vasta ned\u00e4lin per\u00e4st\u00e4 \u00c4ij\u00e4np\u00e4iv\u00e4n huondeksella. Vi\u010dan sai pidi\u00e4 virvottamizen j\u00e4lgeh, da se pandih koissa ikonan tuaksi.&nbsp;<\/p>\n\n\n\n<p>Hyv\u00e4 on muistua, jotta noijat ei liityt\u00e4 karjalazeh perindeheh nikonza. Ne kuulutah p\u00e4iv\u00e4nlaskusuomelazeh perindeheh.&nbsp;<\/p>\n\n\n\n<p>L\u00e4he: Karjalan Liitto&nbsp;<\/p>\n\n\n\n<p>Kirjutettih <strong>Pirita I. Hipp-Koskenoja<\/strong> da <strong>Kati H\u00e4kkinen<\/strong><\/p>\n\n\n\n<figure class=\"wp-block-image size-full is-resized\"><img loading=\"lazy\" decoding=\"async\" width=\"643\" height=\"662\" src=\"https:\/\/blogs.uef.fi\/karjalanelvytys\/wp-content\/uploads\/sites\/155\/2024\/03\/Virpojat.jpg\" alt=\"\" class=\"wp-image-17171\" style=\"width:327px;height:auto\" srcset=\"https:\/\/blogs.uef.fi\/karjalanelvytys\/wp-content\/uploads\/sites\/155\/2024\/03\/Virpojat.jpg 643w, https:\/\/blogs.uef.fi\/karjalanelvytys\/wp-content\/uploads\/sites\/155\/2024\/03\/Virpojat-291x300.jpg 291w\" sizes=\"auto, (max-width: 643px) 100vw, 643px\" \/><\/figure>\n\n\n\n<p>Kuva: Finna. Ilmari Karvonen, 1962.&nbsp;<\/p>\n\n\n\n<h2 class=\"wp-block-heading\">25. ikkunane, 25.3.<\/h2>\n\n\n\n<p><strong>sra<\/strong><strong>\u0161<\/strong><strong>noi ned\u00e4li <\/strong>\u2019piinaviikko, suuri viikko\u2019&nbsp;<\/p>\n\n\n\n<p>*&nbsp;<\/p>\n\n\n\n<p>Vuoropagina:&nbsp;<\/p>\n\n\n\n<p>Lyyti: Terveh!&nbsp;&nbsp;<\/p>\n\n\n\n<p>Juulia: Terveh!&nbsp;<\/p>\n\n\n\n<p>Lyyti: T\u00e4n\u00e4pi\u00e4n\u00e4 algau suuri ned\u00e4li.&nbsp;&nbsp;<\/p>\n\n\n\n<p>Juulia: Muga, sra\u0161noi ned\u00e4li algau.&nbsp;&nbsp;<\/p>\n\n\n\n<p>Lyyti: Huomena mie luajin rahkapiiruan. Miula on ylen hyv\u00e4 resepta.&nbsp;&nbsp;<\/p>\n\n\n\n<p>Juulia: \u00c4ij\u00e4n\u00e4pi\u00e4n\u00e4 stola on magieda sy\u00f6mist\u00e4 t\u00e4yzi, rahkapiiruan miegi luajin.&nbsp;&nbsp;<\/p>\n\n\n\n<p>Liz\u00e4ksi mie narsissat ossan da raiheini\u00e4 kazvatan.&nbsp;&nbsp;<\/p>\n\n\n\n<p>Lyyti: \u00c4iji\u00e4p\u00e4ivi\u00e4 my\u00f6 ylen vuotamma.&nbsp;&nbsp;&nbsp;<\/p>\n\n\n\n<p>Kirjutettih <strong>Kimmo Juntunen<\/strong> da <strong>Svea Kentz<\/strong>&nbsp;<\/p>\n\n\n\n<figure class=\"wp-block-image size-full is-resized\"><img loading=\"lazy\" decoding=\"async\" width=\"643\" height=\"643\" src=\"https:\/\/blogs.uef.fi\/karjalanelvytys\/wp-content\/uploads\/sites\/155\/2024\/03\/Kuvio.png\" alt=\"Kuvio, kasvi\" class=\"wp-image-17198\" style=\"width:332px;height:auto\" srcset=\"https:\/\/blogs.uef.fi\/karjalanelvytys\/wp-content\/uploads\/sites\/155\/2024\/03\/Kuvio.png 643w, https:\/\/blogs.uef.fi\/karjalanelvytys\/wp-content\/uploads\/sites\/155\/2024\/03\/Kuvio-300x300.png 300w, https:\/\/blogs.uef.fi\/karjalanelvytys\/wp-content\/uploads\/sites\/155\/2024\/03\/Kuvio-150x150.png 150w\" sizes=\"auto, (max-width: 643px) 100vw, 643px\" \/><\/figure>\n\n\n\n<p>Kuva: Pixabay&nbsp;<\/p>\n\n\n\n<h2 class=\"wp-block-heading\">26. ikkunane, 26.3.<\/h2>\n\n\n\n<p><strong>rahkapiirua<\/strong> \u2019rahkapiirakka\u2019&nbsp;<\/p>\n\n\n\n<p>*&nbsp;<\/p>\n\n\n\n<p>\u00c4ij\u00e4np\u00e4iv\u00e4n aigua luajimma rahkapiiruan.&nbsp;&nbsp;<\/p>\n\n\n\n<p><strong>Rahkapiirua<\/strong> (proutivon suurus libo pienet py\u00f6r\u00f6t)&nbsp;<\/p>\n\n\n\n<p>Piiruan pohja:&nbsp;&nbsp;<\/p>\n\n\n\n<p>8 dl maiduo&nbsp;<\/p>\n\n\n\n<p>1 dl zuaharie&nbsp;<\/p>\n\n\n\n<p>50 g voida&nbsp;<\/p>\n\n\n\n<p>1,5 \u010dl dro\u017edeida&nbsp;<\/p>\n\n\n\n<p>1,5 kiluo jauhuo&nbsp;<\/p>\n\n\n\n<p>1 j\u00e4i\u010d\u010d\u00e4&nbsp;<\/p>\n\n\n\n<p>50 g kardamonua&nbsp;<\/p>\n\n\n\n<p>T\u00e4yteh:&nbsp;<\/p>\n\n\n\n<p>2 pakkausta rahkua&nbsp;&nbsp;<\/p>\n\n\n\n<p>3 j\u00e4i\u010d\u010di\u00e4&nbsp;&nbsp;<\/p>\n\n\n\n<p>zuaharie mavun mugah&nbsp;<\/p>\n\n\n\n<p>izumua&nbsp;<\/p>\n\n\n\n<p>Luaji pohja&nbsp;<\/p>\n\n\n\n<p>L\u00e4mmit\u00e4 maido. Lizi\u00e4 dro\u017edei maidoh da sevota. Lizi\u00e4 zuahari, voi, j\u00e4i\u010d\u010d\u00e4, suolua da mavusseh.&nbsp;&nbsp;<\/p>\n\n\n\n<p>Sevota jauho v\u00e4hitellen taiginah. Lopuksi lizi\u00e4 voi da alussa taigina.&nbsp;&nbsp;<\/p>\n\n\n\n<p>Sevota t\u00e4ytehainehet kesken\u00e4h.&nbsp;&nbsp;<\/p>\n\n\n\n<p>Luaji taiginasta syv\u00e4inkokkoloi. Paina stokanalla syv\u00e4in da lizi\u00e4 t\u00e4yteht\u00e4.&nbsp;&nbsp;<\/p>\n\n\n\n<p>Paissa piirualoi 200 astehessa nenga 20 minuuttua.&nbsp;&nbsp;<\/p>\n\n\n\n<p>Voidele l\u00e4mbim\u00e4t piiruat voilla.&nbsp;&nbsp;<\/p>\n\n\n\n<p>L\u00e4he: \u201dSuuri karjalane piiruakniiga\u201d&nbsp;<\/p>\n\n\n\n<p>Suvikarjalaksi: <strong>Kimmo Juntunen<\/strong> da <strong>Svea Kentz<\/strong><\/p>\n\n\n\n<figure class=\"wp-block-image size-full is-resized\"><img loading=\"lazy\" decoding=\"async\" width=\"482\" height=\"723\" src=\"https:\/\/blogs.uef.fi\/karjalanelvytys\/wp-content\/uploads\/sites\/155\/2024\/03\/Rahkapiirakka.png\" alt=\"Rahkapiirakka\" class=\"wp-image-17235\" style=\"width:339px;height:auto\" srcset=\"https:\/\/blogs.uef.fi\/karjalanelvytys\/wp-content\/uploads\/sites\/155\/2024\/03\/Rahkapiirakka.png 482w, https:\/\/blogs.uef.fi\/karjalanelvytys\/wp-content\/uploads\/sites\/155\/2024\/03\/Rahkapiirakka-200x300.png 200w\" sizes=\"auto, (max-width: 482px) 100vw, 482px\" \/><\/figure>\n\n\n\n<p>Kuva: Pixabay&nbsp;<\/p>\n\n\n\n<h2 class=\"wp-block-heading\">27. ikkunane, 27.3.<\/h2>\n\n\n\n<p><strong>narsissa <\/strong>\u2019narsissi\u2019&nbsp;<\/p>\n\n\n\n<p>*&nbsp;<\/p>\n\n\n\n<p>Narsissat ollah keldazie kukkie, kumbazie voi kevi\u00e4ll\u00e4 n\u00e4h\u00e4 ylen \u00e4ij\u00e4n.&nbsp;&nbsp;<\/p>\n\n\n\n<p>Ristikanzat ossetah da kazvatetah niid\u00e4 \u00c4ij\u00e4np\u00e4iv\u00e4n aigah en\u00e4mbi kuin muida kukkie.&nbsp;<\/p>\n\n\n\n<p>Narsissat kuvatah uuven eloksen synnyndi\u00e4, da sent\u00e4h ne p\u00e4diet\u00e4h hyvin kevi\u00e4n aigah. Silloin rubieu kai luonnossa kazvamah da kirik\u00f6ss\u00e4 sanellah uuvelleh synnynn\u00e4st\u00e4.&nbsp;<\/p>\n\n\n\n<p>Sanotah, jotta kukan nimi tulou Narcissukselda, kumbane ka\u010d\u010do omua kuvua veiss\u00e4 muga pitk\u00e4h, jotta kuoli da muuttu narsissaksi.&nbsp;<\/p>\n\n\n\n<p>Kirjutettih <strong>Kimmo Juntunen<\/strong> da <strong>Svea Kentz<\/strong>&nbsp;<\/p>\n\n\n\n<figure class=\"wp-block-image size-full is-resized\"><img loading=\"lazy\" decoding=\"async\" width=\"388\" height=\"693\" src=\"https:\/\/blogs.uef.fi\/karjalanelvytys\/wp-content\/uploads\/sites\/155\/2024\/03\/Narsissit.jpg\" alt=\"Narsissit, kissa\" class=\"wp-image-17282\" style=\"width:342px;height:auto\" srcset=\"https:\/\/blogs.uef.fi\/karjalanelvytys\/wp-content\/uploads\/sites\/155\/2024\/03\/Narsissit.jpg 388w, https:\/\/blogs.uef.fi\/karjalanelvytys\/wp-content\/uploads\/sites\/155\/2024\/03\/Narsissit-168x300.jpg 168w\" sizes=\"auto, (max-width: 388px) 100vw, 388px\" \/><\/figure>\n\n\n\n<p>Kuva: Svea Kentz&nbsp;<\/p>\n\n\n\n<h2 class=\"wp-block-heading\">28. ikkunane, 28.3.<\/h2>\n\n\n\n<p><strong>Suuri nell\u00e4sp\u00e4iv\u00e4 <\/strong>\u2019kiirastorstai, suuri torstai\u2019&nbsp;<\/p>\n\n\n\n<p>*&nbsp;<\/p>\n\n\n\n<p>Suurena nell\u00e4n\u00e4pi\u00e4n\u00e4 pertit puhassettih. Se oli suurin puhassusp\u00e4iv\u00e4.&nbsp;Ezimerkiksi vanhat da ligazet sovat heitettih i\u00e4reh da suorittih uuzih sobih.<\/p>\n\n\n\n<figure class=\"wp-block-image size-large is-resized\"><img loading=\"lazy\" decoding=\"async\" width=\"768\" height=\"1024\" src=\"https:\/\/blogs.uef.fi\/karjalanelvytys\/wp-content\/uploads\/sites\/155\/2024\/03\/broom-3304458_1280-768x1024.jpg\" alt=\"Luuta\" class=\"wp-image-17305\" style=\"width:336px;height:auto\" srcset=\"https:\/\/blogs.uef.fi\/karjalanelvytys\/wp-content\/uploads\/sites\/155\/2024\/03\/broom-3304458_1280-768x1024.jpg 768w, https:\/\/blogs.uef.fi\/karjalanelvytys\/wp-content\/uploads\/sites\/155\/2024\/03\/broom-3304458_1280-225x300.jpg 225w, https:\/\/blogs.uef.fi\/karjalanelvytys\/wp-content\/uploads\/sites\/155\/2024\/03\/broom-3304458_1280.jpg 960w\" sizes=\"auto, (max-width: 768px) 100vw, 768px\" \/><\/figure>\n\n\n\n<p>&nbsp;<\/p>\n\n\n\n<p>Kuva: Pixabay\u00a0<\/p>\n\n\n\n<h2 class=\"wp-block-heading\">29. ikkunane, 29.3.<\/h2>\n\n\n\n<p><strong>\u00c4ij\u00e4np\u00e4iv\u00e4<\/strong><strong>npi\u00e4tin<\/strong><strong>\u010d\u010d<\/strong><strong>\u00e4<\/strong> \u2019pitk\u00e4perjantai, suuri perjantai\u2019&nbsp;&nbsp;<\/p>\n\n\n\n<p>*&nbsp;<\/p>\n\n\n\n<p>\u00c4ij\u00e4np\u00e4iv\u00e4npi\u00e4tin\u010d\u010d\u00e4n\u00e4 k\u00e4ydih ainos kirikk\u00f6h.\u00a0Ylen pitk\u00e4 oli p\u00e4iv\u00e4. Nimid\u00e4 ei suanun ruadua \u00c4ij\u00e4np\u00e4iv\u00e4npi\u00e4tin\u010d\u010d\u00e4n\u00e4.<\/p>\n\n\n\n<figure class=\"wp-block-image size-large is-resized\"><img loading=\"lazy\" decoding=\"async\" width=\"1024\" height=\"768\" src=\"https:\/\/blogs.uef.fi\/karjalanelvytys\/wp-content\/uploads\/sites\/155\/2024\/03\/Pitkaperjantai-1024x768.jpg\" alt=\"Ikoni, kirkko\" class=\"wp-image-17358\" style=\"width:389px;height:auto\" srcset=\"https:\/\/blogs.uef.fi\/karjalanelvytys\/wp-content\/uploads\/sites\/155\/2024\/03\/Pitkaperjantai-1024x768.jpg 1024w, https:\/\/blogs.uef.fi\/karjalanelvytys\/wp-content\/uploads\/sites\/155\/2024\/03\/Pitkaperjantai-300x225.jpg 300w, https:\/\/blogs.uef.fi\/karjalanelvytys\/wp-content\/uploads\/sites\/155\/2024\/03\/Pitkaperjantai-768x576.jpg 768w, https:\/\/blogs.uef.fi\/karjalanelvytys\/wp-content\/uploads\/sites\/155\/2024\/03\/Pitkaperjantai.jpg 1280w\" sizes=\"auto, (max-width: 1024px) 100vw, 1024px\" \/><\/figure>\n\n\n\n<p>Kuva: Pixabay\u00a0<\/p>\n\n\n\n<h2 class=\"wp-block-heading\">30. ikkunane, 30.3.<\/h2>\n\n\n\n<p><strong>\u00e4ij\u00e4np\u00e4iv\u00e4nj\u00e4i\u010d\u010d\u00e4 <\/strong>\u2019p\u00e4\u00e4si\u00e4ismuna\u2019&nbsp;<\/p>\n\n\n\n<p><strong>j\u00e4i\u010d\u010d\u00e4 <\/strong>\u2019(kanan)muna\u2019&nbsp;<\/p>\n\n\n\n<p>*&nbsp;<\/p>\n\n\n\n<p>\u00c4ij\u00e4np\u00e4iv\u00e4nsuovattana j\u00e4i\u010d\u00e4t keitettih luukan kera.\u00a0J\u00e4i\u010dist\u00e4 tulou keldazet libo ruskiet luukan v\u00e4rin mugah.\u00a0Ruskiet ollah ylen \u010domat.\u00a0J\u00e4i\u010d\u010die annettih virvottajilla palkaksi \u00c4ij\u00e4n\u00e4p\u00e4iv\u00e4n\u00e4. <\/p>\n\n\n\n<figure class=\"wp-block-image size-full is-resized\"><img loading=\"lazy\" decoding=\"async\" width=\"482\" height=\"320\" src=\"https:\/\/blogs.uef.fi\/karjalanelvytys\/wp-content\/uploads\/sites\/155\/2024\/03\/Paasiaismunia.png\" alt=\"\" class=\"wp-image-17361\" style=\"width:389px;height:auto\" srcset=\"https:\/\/blogs.uef.fi\/karjalanelvytys\/wp-content\/uploads\/sites\/155\/2024\/03\/Paasiaismunia.png 482w, https:\/\/blogs.uef.fi\/karjalanelvytys\/wp-content\/uploads\/sites\/155\/2024\/03\/Paasiaismunia-300x199.png 300w\" sizes=\"auto, (max-width: 482px) 100vw, 482px\" \/><\/figure>\n\n\n\n<p>Kuva: Pixabay\u00a0<\/p>\n\n\n\n<h2 class=\"wp-block-heading\">31. ikkunane, 31.3.<\/h2>\n\n\n\n<p><strong>\u00c4ij\u00e4p\u00e4iv\u00e4<\/strong> \u2019p\u00e4\u00e4si\u00e4inen\u2019&nbsp;<\/p>\n\n\n\n<p>*&nbsp;<\/p>\n\n\n\n<p>Hyvi\u00e4 \u00c4iji\u00e4p\u00e4ivi\u00e4!&nbsp;<\/p>\n\n\n\n<p>*&nbsp;<\/p>\n\n\n\n<p>Vuoropagina:&nbsp;<\/p>\n\n\n\n<p>Tanja: Hyvi\u00e4 \u00c4iji\u00e4p\u00e4ivi\u00e4!&nbsp;<\/p>\n\n\n\n<p>Maria: Hyvi\u00e4 \u00c4ij\u00e4np\u00e4iv\u00e4n pruazniekkua!&nbsp;<\/p>\n\n\n\n<p>Tanja: T\u00e4ss\u00e4 on siula j\u00e4i\u010d\u010d\u00e4, kumbane on ji\u00e4nyn ned\u00e4liksi vellaksi.&nbsp;<\/p>\n\n\n\n<p>Maria: N\u00e4itg\u00f6 harakkua \u00c4ij\u00e4np\u00e4iv\u00e4n huondeksella?&nbsp;<\/p>\n\n\n\n<p>Tanja: En n\u00e4hnyn. A tulou hyv\u00e4 vuozi, n\u00e4in kuin p\u00e4iv\u00e4ne kizai huondeksella.&nbsp;&nbsp;<\/p>\n\n\n\n<p>Maria: Muga, tulou.\u00a0\u00a0<\/p>\n\n\n\n<p>*<\/p>\n\n\n\n<p>\u00c4ij\u00e4n\u00e4pi\u00e4n\u00e4 kirik\u00f6ss\u00e4 toine toista tervehittih \u00e4ij\u00e4np\u00e4iv\u00e4ntervehyksell\u00e4:&nbsp;&nbsp;<\/p>\n\n\n\n<p>Il\u2019l\u2019a: Hristos nouzi kuolluzista!&nbsp;<\/p>\n\n\n\n<p>Puavila: Toven nouzi!&nbsp;<\/p>\n\n\n\n<p>Kirjutettih <strong>Kimmo Juntunen<\/strong> da <strong>Svea Kentz<\/strong>\u00a0\u00a0<\/p>\n\n\n\n<figure class=\"wp-block-image size-large is-resized\"><img loading=\"lazy\" decoding=\"async\" width=\"682\" height=\"1024\" src=\"https:\/\/blogs.uef.fi\/karjalanelvytys\/wp-content\/uploads\/sites\/155\/2024\/03\/sun-2297746_1280-682x1024.jpg\" alt=\"\" class=\"wp-image-17364\" style=\"width:341px;height:auto\" srcset=\"https:\/\/blogs.uef.fi\/karjalanelvytys\/wp-content\/uploads\/sites\/155\/2024\/03\/sun-2297746_1280-682x1024.jpg 682w, https:\/\/blogs.uef.fi\/karjalanelvytys\/wp-content\/uploads\/sites\/155\/2024\/03\/sun-2297746_1280-200x300.jpg 200w, https:\/\/blogs.uef.fi\/karjalanelvytys\/wp-content\/uploads\/sites\/155\/2024\/03\/sun-2297746_1280-768x1152.jpg 768w, https:\/\/blogs.uef.fi\/karjalanelvytys\/wp-content\/uploads\/sites\/155\/2024\/03\/sun-2297746_1280.jpg 853w\" sizes=\"auto, (max-width: 682px) 100vw, 682px\" \/><\/figure>\n\n\n\n<p>Suistamolla sanottih \u00c4ij\u00e4np\u00e4iv\u00e4n huondeksella nenga:\u00a0\u00a0<\/p>\n\n\n\n<p>\u201dP\u00e4iv\u00e4 ki\u017eoau, tuloo ilone vuozi.\u201d\u00a0<\/p>\n\n\n\n<p>Kuva: Pixabay  <\/p>\n","protected":false},"excerpt":{"rendered":"<p>Suvikarjalan paginakurssalla on luajittu kaikkien \u00c4iji\u00e4p\u00e4ivi\u00e4 vuottajien da karjalan kielest\u00e4 kiinnostunuzien lugiettavaksi Vuotamma \u00c4iji\u00e4p\u00e4ivi\u00e4 -kalendari, kumbazessa jogahizen p\u00e4iv\u00e4n kohalda l\u00f6ydyy \u00c4ij\u00e4hp\u00e4iv\u00e4h libo kevi\u00e4h liittyj\u00e4 sana da sanah liittyj\u00e4 teksta. Julguamma kalendarikirjutuksie joga p\u00e4ivi\u00e4 kogo kev\u00e4tkuun aijan kuun loppuh, \u00c4ij\u00e4hp\u00e4iv\u00e4h suaten elvytysprojektan blogassa da Karjalan kieli el\u00e4y -sivulla Facebookassa.&nbsp; Paginakurssan opastujat ollah kirjutettu kev\u00e4tkuun jogahizen p\u00e4iv\u00e4n [&hellip;]<\/p>\n","protected":false},"author":580,"featured_media":0,"parent":0,"menu_order":0,"comment_status":"closed","ping_status":"closed","template":"","meta":{"_acf_changed":false,"footnotes":""},"class_list":["post-16493","page","type-page","status-publish","hentry"],"acf":[],"yoast_head":"<!-- This site is optimized with the Yoast SEO plugin v27.3 - https:\/\/yoast.com\/product\/yoast-seo-wordpress\/ -->\n<title>Vuotamma \u00c4iji\u00e4p\u00e4ivi\u00e4 -kalendari - Karjalan kielen elvytt\u00e4minen<\/title>\n<meta name=\"robots\" content=\"index, follow, max-snippet:-1, max-image-preview:large, max-video-preview:-1\" \/>\n<link rel=\"canonical\" href=\"https:\/\/blogs.uef.fi\/karjalanelvytys\/vuotamma-aijiapaivia-kalendari\/\" \/>\n<meta property=\"og:locale\" content=\"fi_FI\" \/>\n<meta property=\"og:type\" content=\"article\" \/>\n<meta property=\"og:title\" content=\"Vuotamma \u00c4iji\u00e4p\u00e4ivi\u00e4 -kalendari - Karjalan kielen elvytt\u00e4minen\" \/>\n<meta property=\"og:description\" content=\"Suvikarjalan paginakurssalla on luajittu kaikkien \u00c4iji\u00e4p\u00e4ivi\u00e4 vuottajien da karjalan kielest\u00e4 kiinnostunuzien lugiettavaksi Vuotamma \u00c4iji\u00e4p\u00e4ivi\u00e4 -kalendari, kumbazessa jogahizen p\u00e4iv\u00e4n kohalda l\u00f6ydyy \u00c4ij\u00e4hp\u00e4iv\u00e4h libo kevi\u00e4h liittyj\u00e4 sana da sanah liittyj\u00e4 teksta. Julguamma kalendarikirjutuksie joga p\u00e4ivi\u00e4 kogo kev\u00e4tkuun aijan kuun loppuh, \u00c4ij\u00e4hp\u00e4iv\u00e4h suaten elvytysprojektan blogassa da Karjalan kieli el\u00e4y -sivulla Facebookassa.&nbsp; Paginakurssan opastujat ollah kirjutettu kev\u00e4tkuun jogahizen p\u00e4iv\u00e4n [&hellip;]\" \/>\n<meta property=\"og:url\" content=\"https:\/\/blogs.uef.fi\/karjalanelvytys\/vuotamma-aijiapaivia-kalendari\/\" \/>\n<meta property=\"og:site_name\" content=\"Karjalan kielen elvytt\u00e4minen\" \/>\n<meta property=\"article:modified_time\" content=\"2024-03-28T11:23:36+00:00\" \/>\n<meta property=\"og:image\" content=\"https:\/\/blogs.uef.fi\/karjalanelvytys\/wp-content\/uploads\/sites\/155\/2024\/03\/Picture1.jpg\" \/>\n<meta name=\"twitter:card\" content=\"summary_large_image\" \/>\n<meta name=\"twitter:label1\" content=\"Arvioitu lukuaika\" \/>\n\t<meta name=\"twitter:data1\" content=\"20 minuuttia\" \/>\n<script type=\"application\/ld+json\" class=\"yoast-schema-graph\">{\"@context\":\"https:\\\/\\\/schema.org\",\"@graph\":[{\"@type\":\"WebPage\",\"@id\":\"https:\\\/\\\/blogs.uef.fi\\\/karjalanelvytys\\\/vuotamma-aijiapaivia-kalendari\\\/\",\"url\":\"https:\\\/\\\/blogs.uef.fi\\\/karjalanelvytys\\\/vuotamma-aijiapaivia-kalendari\\\/\",\"name\":\"Vuotamma \u00c4iji\u00e4p\u00e4ivi\u00e4 -kalendari - Karjalan kielen elvytt\u00e4minen\",\"isPartOf\":{\"@id\":\"https:\\\/\\\/blogs.uef.fi\\\/karjalanelvytys\\\/#website\"},\"primaryImageOfPage\":{\"@id\":\"https:\\\/\\\/blogs.uef.fi\\\/karjalanelvytys\\\/vuotamma-aijiapaivia-kalendari\\\/#primaryimage\"},\"image\":{\"@id\":\"https:\\\/\\\/blogs.uef.fi\\\/karjalanelvytys\\\/vuotamma-aijiapaivia-kalendari\\\/#primaryimage\"},\"thumbnailUrl\":\"https:\\\/\\\/blogs.uef.fi\\\/karjalanelvytys\\\/wp-content\\\/uploads\\\/sites\\\/155\\\/2024\\\/03\\\/Picture1.jpg\",\"datePublished\":\"2024-02-29T12:00:17+00:00\",\"dateModified\":\"2024-03-28T11:23:36+00:00\",\"breadcrumb\":{\"@id\":\"https:\\\/\\\/blogs.uef.fi\\\/karjalanelvytys\\\/vuotamma-aijiapaivia-kalendari\\\/#breadcrumb\"},\"inLanguage\":\"fi\",\"potentialAction\":[{\"@type\":\"ReadAction\",\"target\":[\"https:\\\/\\\/blogs.uef.fi\\\/karjalanelvytys\\\/vuotamma-aijiapaivia-kalendari\\\/\"]}]},{\"@type\":\"ImageObject\",\"inLanguage\":\"fi\",\"@id\":\"https:\\\/\\\/blogs.uef.fi\\\/karjalanelvytys\\\/vuotamma-aijiapaivia-kalendari\\\/#primaryimage\",\"url\":\"https:\\\/\\\/blogs.uef.fi\\\/karjalanelvytys\\\/wp-content\\\/uploads\\\/sites\\\/155\\\/2024\\\/03\\\/Picture1.jpg\",\"contentUrl\":\"https:\\\/\\\/blogs.uef.fi\\\/karjalanelvytys\\\/wp-content\\\/uploads\\\/sites\\\/155\\\/2024\\\/03\\\/Picture1.jpg\",\"width\":427,\"height\":239},{\"@type\":\"BreadcrumbList\",\"@id\":\"https:\\\/\\\/blogs.uef.fi\\\/karjalanelvytys\\\/vuotamma-aijiapaivia-kalendari\\\/#breadcrumb\",\"itemListElement\":[{\"@type\":\"ListItem\",\"position\":1,\"name\":\"Home\",\"item\":\"https:\\\/\\\/blogs.uef.fi\\\/karjalanelvytys\\\/\"},{\"@type\":\"ListItem\",\"position\":2,\"name\":\"Vuotamma \u00c4iji\u00e4p\u00e4ivi\u00e4 -kalendari\"}]},{\"@type\":\"WebSite\",\"@id\":\"https:\\\/\\\/blogs.uef.fi\\\/karjalanelvytys\\\/#website\",\"url\":\"https:\\\/\\\/blogs.uef.fi\\\/karjalanelvytys\\\/\",\"name\":\"Karjalan kielen elvytt\u00e4minen\",\"description\":\"\",\"potentialAction\":[{\"@type\":\"SearchAction\",\"target\":{\"@type\":\"EntryPoint\",\"urlTemplate\":\"https:\\\/\\\/blogs.uef.fi\\\/karjalanelvytys\\\/?s={search_term_string}\"},\"query-input\":{\"@type\":\"PropertyValueSpecification\",\"valueRequired\":true,\"valueName\":\"search_term_string\"}}],\"inLanguage\":\"fi\"}]}<\/script>\n<!-- \/ Yoast SEO plugin. -->","yoast_head_json":{"title":"Vuotamma \u00c4iji\u00e4p\u00e4ivi\u00e4 -kalendari - Karjalan kielen elvytt\u00e4minen","robots":{"index":"index","follow":"follow","max-snippet":"max-snippet:-1","max-image-preview":"max-image-preview:large","max-video-preview":"max-video-preview:-1"},"canonical":"https:\/\/blogs.uef.fi\/karjalanelvytys\/vuotamma-aijiapaivia-kalendari\/","og_locale":"fi_FI","og_type":"article","og_title":"Vuotamma \u00c4iji\u00e4p\u00e4ivi\u00e4 -kalendari - Karjalan kielen elvytt\u00e4minen","og_description":"Suvikarjalan paginakurssalla on luajittu kaikkien \u00c4iji\u00e4p\u00e4ivi\u00e4 vuottajien da karjalan kielest\u00e4 kiinnostunuzien lugiettavaksi Vuotamma \u00c4iji\u00e4p\u00e4ivi\u00e4 -kalendari, kumbazessa jogahizen p\u00e4iv\u00e4n kohalda l\u00f6ydyy \u00c4ij\u00e4hp\u00e4iv\u00e4h libo kevi\u00e4h liittyj\u00e4 sana da sanah liittyj\u00e4 teksta. Julguamma kalendarikirjutuksie joga p\u00e4ivi\u00e4 kogo kev\u00e4tkuun aijan kuun loppuh, \u00c4ij\u00e4hp\u00e4iv\u00e4h suaten elvytysprojektan blogassa da Karjalan kieli el\u00e4y -sivulla Facebookassa.&nbsp; Paginakurssan opastujat ollah kirjutettu kev\u00e4tkuun jogahizen p\u00e4iv\u00e4n [&hellip;]","og_url":"https:\/\/blogs.uef.fi\/karjalanelvytys\/vuotamma-aijiapaivia-kalendari\/","og_site_name":"Karjalan kielen elvytt\u00e4minen","article_modified_time":"2024-03-28T11:23:36+00:00","og_image":[{"url":"https:\/\/blogs.uef.fi\/karjalanelvytys\/wp-content\/uploads\/sites\/155\/2024\/03\/Picture1.jpg","type":"","width":"","height":""}],"twitter_card":"summary_large_image","twitter_misc":{"Arvioitu lukuaika":"20 minuuttia"},"schema":{"@context":"https:\/\/schema.org","@graph":[{"@type":"WebPage","@id":"https:\/\/blogs.uef.fi\/karjalanelvytys\/vuotamma-aijiapaivia-kalendari\/","url":"https:\/\/blogs.uef.fi\/karjalanelvytys\/vuotamma-aijiapaivia-kalendari\/","name":"Vuotamma \u00c4iji\u00e4p\u00e4ivi\u00e4 -kalendari - Karjalan kielen elvytt\u00e4minen","isPartOf":{"@id":"https:\/\/blogs.uef.fi\/karjalanelvytys\/#website"},"primaryImageOfPage":{"@id":"https:\/\/blogs.uef.fi\/karjalanelvytys\/vuotamma-aijiapaivia-kalendari\/#primaryimage"},"image":{"@id":"https:\/\/blogs.uef.fi\/karjalanelvytys\/vuotamma-aijiapaivia-kalendari\/#primaryimage"},"thumbnailUrl":"https:\/\/blogs.uef.fi\/karjalanelvytys\/wp-content\/uploads\/sites\/155\/2024\/03\/Picture1.jpg","datePublished":"2024-02-29T12:00:17+00:00","dateModified":"2024-03-28T11:23:36+00:00","breadcrumb":{"@id":"https:\/\/blogs.uef.fi\/karjalanelvytys\/vuotamma-aijiapaivia-kalendari\/#breadcrumb"},"inLanguage":"fi","potentialAction":[{"@type":"ReadAction","target":["https:\/\/blogs.uef.fi\/karjalanelvytys\/vuotamma-aijiapaivia-kalendari\/"]}]},{"@type":"ImageObject","inLanguage":"fi","@id":"https:\/\/blogs.uef.fi\/karjalanelvytys\/vuotamma-aijiapaivia-kalendari\/#primaryimage","url":"https:\/\/blogs.uef.fi\/karjalanelvytys\/wp-content\/uploads\/sites\/155\/2024\/03\/Picture1.jpg","contentUrl":"https:\/\/blogs.uef.fi\/karjalanelvytys\/wp-content\/uploads\/sites\/155\/2024\/03\/Picture1.jpg","width":427,"height":239},{"@type":"BreadcrumbList","@id":"https:\/\/blogs.uef.fi\/karjalanelvytys\/vuotamma-aijiapaivia-kalendari\/#breadcrumb","itemListElement":[{"@type":"ListItem","position":1,"name":"Home","item":"https:\/\/blogs.uef.fi\/karjalanelvytys\/"},{"@type":"ListItem","position":2,"name":"Vuotamma \u00c4iji\u00e4p\u00e4ivi\u00e4 -kalendari"}]},{"@type":"WebSite","@id":"https:\/\/blogs.uef.fi\/karjalanelvytys\/#website","url":"https:\/\/blogs.uef.fi\/karjalanelvytys\/","name":"Karjalan kielen elvytt\u00e4minen","description":"","potentialAction":[{"@type":"SearchAction","target":{"@type":"EntryPoint","urlTemplate":"https:\/\/blogs.uef.fi\/karjalanelvytys\/?s={search_term_string}"},"query-input":{"@type":"PropertyValueSpecification","valueRequired":true,"valueName":"search_term_string"}}],"inLanguage":"fi"}]}},"_links":{"self":[{"href":"https:\/\/blogs.uef.fi\/karjalanelvytys\/wp-json\/wp\/v2\/pages\/16493","targetHints":{"allow":["GET"]}}],"collection":[{"href":"https:\/\/blogs.uef.fi\/karjalanelvytys\/wp-json\/wp\/v2\/pages"}],"about":[{"href":"https:\/\/blogs.uef.fi\/karjalanelvytys\/wp-json\/wp\/v2\/types\/page"}],"author":[{"embeddable":true,"href":"https:\/\/blogs.uef.fi\/karjalanelvytys\/wp-json\/wp\/v2\/users\/580"}],"replies":[{"embeddable":true,"href":"https:\/\/blogs.uef.fi\/karjalanelvytys\/wp-json\/wp\/v2\/comments?post=16493"}],"version-history":[{"count":1,"href":"https:\/\/blogs.uef.fi\/karjalanelvytys\/wp-json\/wp\/v2\/pages\/16493\/revisions"}],"predecessor-version":[{"id":17367,"href":"https:\/\/blogs.uef.fi\/karjalanelvytys\/wp-json\/wp\/v2\/pages\/16493\/revisions\/17367"}],"wp:attachment":[{"href":"https:\/\/blogs.uef.fi\/karjalanelvytys\/wp-json\/wp\/v2\/media?parent=16493"}],"curies":[{"name":"wp","href":"https:\/\/api.w.org\/{rel}","templated":true}]}}