{"id":12641,"date":"2023-10-26T09:37:24","date_gmt":"2023-10-26T06:37:24","guid":{"rendered":"https:\/\/blogs.uef.fi\/karjalanelvytys\/?page_id=12641"},"modified":"2026-03-04T10:47:07","modified_gmt":"2026-03-04T08:47:07","slug":"livvinkarjalaine-paginkluubu","status":"publish","type":"page","link":"https:\/\/blogs.uef.fi\/karjalanelvytys\/livvinkarjalaine-paginkluubu\/","title":{"rendered":"Livvinkarjalaine paginkluubu"},"content":{"rendered":"\n<p>Terveh teile! T\u00e4l sivul my\u00f6 julguammo paginkluubalazien kirjutuksii, starinoi, runoloi, uudizii, vuoropaginoi da konzu mid\u00e4gi. Yhty sin\u00e4gi meij\u00e4n paginkluubah!<\/p>\n\n\n\n<p>Paginkluuban sivul julguammo se\u017eo livvinkarjalan opastujien kodiruadoloi da ruadopajois luajittuloi kirjutuksii. <\/p>\n\n\n\n<p>Kielentarkastandu: <strong>Natalia Giloeva<\/strong> (Hiloin Natoi)<\/p>\n\n\n\n<p>Livvinkarjalaine paginkluubu Facebookas: <a href=\"https:\/\/www.facebook.com\/groups\/326474152732811\/\">linku.<\/a><\/p>\n\n\n\n<figure class=\"wp-block-image size-medium\"><img loading=\"lazy\" decoding=\"async\" width=\"300\" height=\"225\" src=\"https:\/\/blogs.uef.fi\/karjalanelvytys\/wp-content\/uploads\/sites\/155\/2023\/10\/KuvaPaginkluubu-768x576-1-300x225.jpg\" alt=\"\" class=\"wp-image-12644\" srcset=\"https:\/\/blogs.uef.fi\/karjalanelvytys\/wp-content\/uploads\/sites\/155\/2023\/10\/KuvaPaginkluubu-768x576-1-300x225.jpg 300w, https:\/\/blogs.uef.fi\/karjalanelvytys\/wp-content\/uploads\/sites\/155\/2023\/10\/KuvaPaginkluubu-768x576-1.jpg 768w\" sizes=\"auto, (max-width: 300px) 100vw, 300px\" \/><\/figure>\n\n\n\n<p>4.3.2026<\/p>\n\n\n\n<p><strong>Livvinkarjalan paginkursan opastujien kirjutuksii<\/strong><\/p>\n\n\n\n<p><strong>Aju Jurvanen: Paginildu k\u00e4ziruadoh n\u00e4h Jovensuus<\/strong><\/p>\n\n\n\n<p>Olin 19. tuhukuudu enzim\u00e4sty kerdua Taito Pohjois-Karjala ry:n pietys K\u00e4ziruavon vieres -paginillas. \u00c4ijy tuli sih rahvastu da ylen mielu\u017eu pido oli. \u00c4ij\u00e4n pagizimmo k\u00e4ziruadolois da sit, kui k\u00e4ziruavot ollah ker\u00e4l jogap\u00e4iv\u00e4hizes elokses ezimerkikse er\u00e4his perehis sego mittumua starinua liittyy perehien k\u00e4ziruadoloih. Paginillas oli hyv\u00e4 vaihtua ajatuksii eri-ig\u00e4hizien ristikanzoinke. K\u00e4zipaikkoi da perindehellisty karjalastu k\u00e4ziruaduo oli ozutannuh Lea Lihavainen da ainehettomua kul\u2019tuuruperindy\u00f6 Venla Vainikka. Ildu oli ilmaine da sie kaikkii gostitettih se\u017eo \u010duajul-koufeil. Minun tied\u00e4m\u00e4l joga tostu kuudu Taito Pohjois-Karjala ry pid\u00e4y samanmostu ildua da tulii pido on oraskuul. Tulien kerran tiemannu on kanzallisruutat. Ylen hyv\u00e4!<\/p>\n\n\n\n<figure class=\"wp-block-image size-large\"><img loading=\"lazy\" decoding=\"async\" width=\"1024\" height=\"768\" src=\"https:\/\/blogs.uef.fi\/karjalanelvytys\/wp-content\/uploads\/sites\/155\/2026\/03\/TaitokortteliAju-1024x768.jpg\" alt=\"\" class=\"wp-image-23505\" srcset=\"https:\/\/blogs.uef.fi\/karjalanelvytys\/wp-content\/uploads\/sites\/155\/2026\/03\/TaitokortteliAju-1024x768.jpg 1024w, https:\/\/blogs.uef.fi\/karjalanelvytys\/wp-content\/uploads\/sites\/155\/2026\/03\/TaitokortteliAju-300x225.jpg 300w, https:\/\/blogs.uef.fi\/karjalanelvytys\/wp-content\/uploads\/sites\/155\/2026\/03\/TaitokortteliAju-768x576.jpg 768w, https:\/\/blogs.uef.fi\/karjalanelvytys\/wp-content\/uploads\/sites\/155\/2026\/03\/TaitokortteliAju-1536x1152.jpg 1536w, https:\/\/blogs.uef.fi\/karjalanelvytys\/wp-content\/uploads\/sites\/155\/2026\/03\/TaitokortteliAju.jpg 2048w\" sizes=\"auto, (max-width: 1024px) 100vw, 1024px\" \/><\/figure>\n\n\n\n<p>25.2.2026<\/p>\n\n\n\n<p><strong>Livvinkarjalan paginkursan opastujien kirjutuksii<\/strong><\/p>\n\n\n\n<p><strong>Anniina Ljokkoi: Pyh\u00e4n aigua pabupihoit ollah mieleh<\/strong><\/p>\n\n\n\n<p>Sy\u00f6tt\u00f6go ty\u00f6 lihua, on p\u00e4tt\u00e4vy kyzymys gostile, kudamile tahtotah tarita sy\u00f6misty. Pyhit\u00e4tt\u00f6go ty\u00f6, voibi se\u017eo kyzy\u00f6, et olle varmu, novvatetahko gost\u2019at pravoslaunoin kirik\u00f6n pyhit\u00e4ndyzakonoi. Yksikai p\u00e4it\u00e4h kazvossy\u00f6mizet stolale hos joga p\u00e4ivi\u00e4.<\/p>\n\n\n\n<p>Laukas l\u00f6vv\u00e4t monenmostu babuu-hernehty i veganistu pihoidu-kotliettua. Ollou aigua, sit n\u00e4mm\u00e4 pihoit voit i\u010de luadie kuivattulois peldopabulois \u2013 niidy enne kazvatettih jogahizen taloin peldoloil.<\/p>\n\n\n\n<p>12 pihoidu:<\/p>\n\n\n\n<p>4 dl libo 300 g kuivattuu peldopabuu<\/p>\n\n\n\n<p>1\u20132 laukkastu<\/p>\n\n\n\n<p>1 dl odra- libo ni\u017eujauhuo<\/p>\n\n\n\n<p>1 dl vetty<\/p>\n\n\n\n<p>suolua<\/p>\n\n\n\n<p>pippurii<\/p>\n\n\n\n<p>siemenvoidu \u017euarimizekse<\/p>\n\n\n\n<p>Ezm\u00e4i peze pavut. Sen j\u00e4lles livota pabuloi vies \u010duassuu 8 libo y\u00f6n aijan.<\/p>\n\n\n\n<p>Vaihta viet da keit\u00e4 pabuloi \u010duassuu kaksi kannen al. Konzu pavut jo ollah pehmiet, sit valata keit\u00e4ndyviet i\u00e4reh da survo pavut pudrokse.<\/p>\n\n\n\n<p>Li\u017ei\u00e4 ker\u00e4le jauhot, suolu da pippuri.<\/p>\n\n\n\n<p>Pilko laukkaine da \u017euari libo havvo pehmiekse siemenvoinke. Li\u017ei\u00e4 pudroh da sevoita.<\/p>\n\n\n\n<p>Luaji pudros k\u00e4zin pihoit da \u017euari siemenvoinke mollembal puolel bruunikse.<\/p>\n\n\n\n<p>Sanastuo:<\/p>\n\n\n\n<p>peldopabu = h\u00e4rk\u00e4papu<br>laukku, laukkaine = sipuli<br>siemenvoi, pyh\u00e4voi = \u00f6ljy<br>pyhitti\u00e4 = paastota<br>\u017euarie = paistaa<\/p>\n\n\n\n<p>Kuva: Tuuli Mathisen, Taimsed p\u00e4rimustoidud, Anniina Ljokkoi da Liisa Kaski, Varrak 2022<\/p>\n\n\n\n<figure class=\"wp-block-image size-large\"><img loading=\"lazy\" decoding=\"async\" width=\"682\" height=\"1024\" src=\"https:\/\/blogs.uef.fi\/karjalanelvytys\/wp-content\/uploads\/sites\/155\/2026\/02\/Oakakid-Pilt-Tuuli-Mathisen-1-682x1024.jpg\" alt=\"\" class=\"wp-image-23488\" srcset=\"https:\/\/blogs.uef.fi\/karjalanelvytys\/wp-content\/uploads\/sites\/155\/2026\/02\/Oakakid-Pilt-Tuuli-Mathisen-1-682x1024.jpg 682w, https:\/\/blogs.uef.fi\/karjalanelvytys\/wp-content\/uploads\/sites\/155\/2026\/02\/Oakakid-Pilt-Tuuli-Mathisen-1-200x300.jpg 200w, https:\/\/blogs.uef.fi\/karjalanelvytys\/wp-content\/uploads\/sites\/155\/2026\/02\/Oakakid-Pilt-Tuuli-Mathisen-1-768x1154.jpg 768w, https:\/\/blogs.uef.fi\/karjalanelvytys\/wp-content\/uploads\/sites\/155\/2026\/02\/Oakakid-Pilt-Tuuli-Mathisen-1-1023x1536.jpg 1023w, https:\/\/blogs.uef.fi\/karjalanelvytys\/wp-content\/uploads\/sites\/155\/2026\/02\/Oakakid-Pilt-Tuuli-Mathisen-1-1364x2048.jpg 1364w, https:\/\/blogs.uef.fi\/karjalanelvytys\/wp-content\/uploads\/sites\/155\/2026\/02\/Oakakid-Pilt-Tuuli-Mathisen-1-scaled.jpg 1704w\" sizes=\"auto, (max-width: 682px) 100vw, 682px\" \/><\/figure>\n\n\n\n<ul class=\"wp-block-list\">\n<li><\/li>\n<\/ul>\n\n\n\n<p>24.2.2026<\/p>\n\n\n\n<p><strong>Livvinkarjalan paginkursan opastujien kirjutuksii<\/strong><\/p>\n\n\n\n<p><strong>Sikke Kaasinen: Meij\u00e4n ravei Tora-ka\u017ei<\/strong><\/p>\n\n\n\n<p>Meil mielespiett\u00e4v\u00e4nke kois on kaksi ka\u017eii, Tora da M\u00f6rg\u00f6, da vie koiru, Arwen. Kai hy\u00f6 ollah ylen armahat kodiel\u00e4tit da t\u00e4rgei oza meij\u00e4n perehty, ga nyg\u00f6i pagizen vaigu Torah n\u00e4h.<\/p>\n\n\n\n<p>Tora on kyl\u00e4ka\u017ei da h\u00e4nel on sei\u010d\u010die vuottu igi\u00e4. Toi\u010di Tora on moine \u010dortu ka\u017ei. H\u00e4i kirvottau meij\u00e4n ji\u00e4\u0161kuappumagniettoi, purou minun lego-kukkazii da revitt\u00e4y kniigoi da mit\u00e4tahto bumuagahistu. Puaksuh h\u00e4i rubieu \u010dortakse, konzu tahtou sy\u00f6misty libo mitah muu dielo ei ole h\u00e4nen neni\u00e4 my\u00f6te, ezimerkikse sit, konzu h\u00e4i ei ei suvai\u010de mid\u00e4tahto sy\u00f6misty, kudamua olen h\u00e4nele andanuh. Ga tiett\u00e4v\u00e4ine h\u00e4i on se\u017eo moine \u010dir\u010du ka\u017ei.<\/p>\n\n\n\n<p>Ga on Tora se\u017eo ylen vessel, \u010doma da hyv\u00e4 ka\u017ei. H\u00e4i keksiy kummallizii kohtii, kus h\u00e4i tahtou muata. H\u00e4i suvai\u010d\u010dou muata esimerkikse soba\u0161kuapas, pezokonehes, k\u00e4zasties, kartonvakois da gostien jalla\u010d\u010dilois. Tora on ylen boikoi da nen\u00e4nsydii ka\u017ei da h\u00e4i luadivuu kebjieh kaikkienke. H\u00e4i se\u017eo suvai\u010d\u010dou kaikkii gostii, se\u017eo lapsii, da tahtou tuttavustuo kaikkien el\u00e4ttil\u00f6inke. H\u00e4i ainos ravieh tulou veri\u00e4le, konzu tulen j\u00e4rilleh kodih kusp\u00e4itahto. Kois h\u00e4nel on \u00e4ijy nimie, ezimerkikse ku\u010dun h\u00e4ndy minun pikkarazekse poijakse, \u010dond\u017eoikse da tuhomehil\u00e4zekse.<\/p>\n\n\n\n<figure class=\"wp-block-image size-large\"><img loading=\"lazy\" decoding=\"async\" width=\"1024\" height=\"1024\" src=\"https:\/\/blogs.uef.fi\/karjalanelvytys\/wp-content\/uploads\/sites\/155\/2026\/02\/Tora-da-jallacit-1024x1024.jpeg\" alt=\"\" class=\"wp-image-23474\" srcset=\"https:\/\/blogs.uef.fi\/karjalanelvytys\/wp-content\/uploads\/sites\/155\/2026\/02\/Tora-da-jallacit-1024x1024.jpeg 1024w, https:\/\/blogs.uef.fi\/karjalanelvytys\/wp-content\/uploads\/sites\/155\/2026\/02\/Tora-da-jallacit-300x300.jpeg 300w, https:\/\/blogs.uef.fi\/karjalanelvytys\/wp-content\/uploads\/sites\/155\/2026\/02\/Tora-da-jallacit-150x150.jpeg 150w, https:\/\/blogs.uef.fi\/karjalanelvytys\/wp-content\/uploads\/sites\/155\/2026\/02\/Tora-da-jallacit-768x768.jpeg 768w, https:\/\/blogs.uef.fi\/karjalanelvytys\/wp-content\/uploads\/sites\/155\/2026\/02\/Tora-da-jallacit.jpeg 1499w\" sizes=\"auto, (max-width: 1024px) 100vw, 1024px\" \/><\/figure>\n\n\n\n<p><strong>Uskin \u0160an&#8217;a: Uuzi k\u00e4zipaikku japounielazeh luaduh<\/strong><\/p>\n\n\n\n<p>Mie rubein luadimah uuttu k\u00e4zipaikkua omale dovari\u0161ale. Mie l\u00f6vvin uvven kirjondumallin Instagramas. Malli ongi japounielaine, a duumai\u010den, jotta se p\u00e4d\u00f6y ylen hyvin k\u00e4zipaikkah ni\u0161koi. Kirjondua luajitah edu\u010d\u00f6kehkirjondal da tehniekku on ylen prostoi, ga \u010doma.<br>Malli p\u00e4d\u00f6y hyvin sih, konzu tahtotah kirjondua suuren ozan k\u00e4zipaikkua lyhy\u00f6s aijas.<br>Tuaste duumai\u010den, gu meile ei pie varata k\u00e4ytti\u00e4 toizenjyttyzii malliloi da kuvii, konzu luajimmo mid\u00e4tah \u010domua. K\u00e4ziruadois maksau olla kreativnoi da duumaija vakan ulgopuolel, nenga suat luadie kaikkie \u010domua da ainavoluadustu.<\/p>\n\n\n\n<figure class=\"wp-block-image size-large\"><img loading=\"lazy\" decoding=\"async\" width=\"768\" height=\"1024\" src=\"https:\/\/blogs.uef.fi\/karjalanelvytys\/wp-content\/uploads\/sites\/155\/2026\/02\/Kazipaikku-768x1024.jpg\" alt=\"\" class=\"wp-image-23472\" srcset=\"https:\/\/blogs.uef.fi\/karjalanelvytys\/wp-content\/uploads\/sites\/155\/2026\/02\/Kazipaikku-768x1024.jpg 768w, https:\/\/blogs.uef.fi\/karjalanelvytys\/wp-content\/uploads\/sites\/155\/2026\/02\/Kazipaikku-225x300.jpg 225w, https:\/\/blogs.uef.fi\/karjalanelvytys\/wp-content\/uploads\/sites\/155\/2026\/02\/Kazipaikku-1152x1536.jpg 1152w, https:\/\/blogs.uef.fi\/karjalanelvytys\/wp-content\/uploads\/sites\/155\/2026\/02\/Kazipaikku.jpg 1536w\" sizes=\"auto, (max-width: 768px) 100vw, 768px\" \/><\/figure>\n\n\n\n<p><strong>23.2.2026<\/strong><\/p>\n\n\n\n<p><strong>Livvinkarjalan paginkursan opastujien kirjutuksii<\/strong><\/p>\n\n\n\n<p><strong>Vita: Minun armas peredniekku<\/strong><\/p>\n\n\n\n<p>Karjalaizile ruutat on olluh taba sanella omas i\u010des da tuvva oma histourii n\u00e4g\u00f6vih. Omis ruutis da sovis tahton se\u017eo jagua oman starinan da nenga tuvva oman kul\u2019tuuran da karjalazen urbuanu identitietan n\u00e4g\u00f6vih. Minun died\u2019oi da buabo elettih hierus. Hy\u00f6 muutettih Sordavalah opastundan da ruavon t\u00e4h da sit urbaniziiruittihes. Min\u00e4 olen roinnuhes jo linnas da minun lapsus meni moizes 9-kerroksizes talois, Petroskoin Drevl&#8217;ankas. Drevl&#8217;anka on linnan suurin rajon, se on buito kivime\u010d\u010dy, kudamas el\u00e4y 60 000 hengie. Drevl&#8217;ankal olet buitegu labiristas, kudamas kai taloit ollah yhtenjyttym\u00e4t. Taloit ollah korgiet, harmuat da massiivizet. Yhtell\u00e4h niil\u00f6is on omua \u010domua ornuamentua galdarilois da da taloloi yhtist\u00e4j\u00e4s re\u0161otkas.<br>Minul himoitti suaja lapsusaijan peredniekakse. H\u00e4tken olen sebrannuh Kristina K\u00e4hh\u00f6zen projektua @karjalassa da ihaloi\u010din sid\u00e4, mittuine kreativnoi neroniekku Kristina on. Smietiin, \u0161to voin kyzy\u00f6 Kristinua luadimah urbuanua kirjondua. H\u00e4i on Petroskoilp\u00e4i da nyg\u00f6i el\u00e4y Braziilies, kus h\u00e4nel on oma design-studio \u201ck\u00e4ki\u201d<\/p>\n\n\n\n<p>Peredniekas rodih \u010domembi, migu huaveilin! Stilizu\u010den sid\u00e4 omien jogapaiv\u00e4zien sobien da oman r\u00e4\u010d\u010din\u00e4n kel.<\/p>\n\n\n\n<figure class=\"wp-block-image size-full\"><img loading=\"lazy\" decoding=\"async\" width=\"632\" height=\"864\" src=\"https:\/\/blogs.uef.fi\/karjalanelvytys\/wp-content\/uploads\/sites\/155\/2026\/02\/Screenshot_20260223_093300_M365-Copilot.jpg\" alt=\"\" class=\"wp-image-23449\" srcset=\"https:\/\/blogs.uef.fi\/karjalanelvytys\/wp-content\/uploads\/sites\/155\/2026\/02\/Screenshot_20260223_093300_M365-Copilot.jpg 632w, https:\/\/blogs.uef.fi\/karjalanelvytys\/wp-content\/uploads\/sites\/155\/2026\/02\/Screenshot_20260223_093300_M365-Copilot-219x300.jpg 219w\" sizes=\"auto, (max-width: 632px) 100vw, 632px\" \/><\/figure>\n\n\n\n<p><\/p>\n\n\n\n<p><strong>Jussi Konttinen: Matikkurokku on paras talvisy\u00f6mine<\/strong><\/p>\n\n\n\n<p>Minun armas sy\u00f6mine t\u00e4h talviaigah on matikkurokku. Sid\u00e4 luajiin da s\u00f6in vai ned\u00e4li tagaperin, ga kuvua enbo ehtinyh ottua. Ozakse Martoil l\u00f6ydyi kuva dai hyv\u00e4 reseptu. Matikkua en ole nikonzu i\u010de pyyd\u00e4nyh, gu en ole ylen nerokas kalaniekku. Da \u00e4ij\u00e4l suurembal mielihyv\u00e4l sid\u00e4 maltan syvv\u00e4. T\u00e4l kerdua sain matikan tuttaval kalastajalp\u00e4i, kudai oli pyyd\u00e4nyh sen vie samazennu pi\u00e4n P\u00e4ij\u00e4ntees. H\u00e4i on kalastai Jorma K\u00e4\u00e4p\u00e4, kudaman rodn&#8217;at oldih kalastajii Terijovel da kudaman diedoi opasti Pentti Linkolan kalastamah. K\u00e4\u00e4p\u00e4 virkoi, gu nyg\u00f6i ei suanne j\u00e4rves matikkua, ga sit ei sua sid\u00e4 nikonzu. Eht\u00e4l valmistin vereksen kalan. Ezm\u00e4zekse keitin kalua da sit li\u017e\u00e4in kartohkat, morkouhkat da laukan. Toven sanuo, mu\u010doi avvutti puhtastamal ruvvat. J\u00e4lgiper\u00e4h vie li\u017e\u00e4zin ukroppua. A vot! J\u00e4rgieh s\u00f6imm\u00f6 valmehen rokan da hyv\u00e4h\u00e4i se oli. Vai lapset ei sih koskiettu, gu ollah \u010dir\u010dat da syvv\u00e4h vaigu ruskiedu kalua. Se on heij\u00e4n huigei, da meile nenga sit j\u00e4i vie en\u00e4mbi rokkua! \u017di\u00e4li vai, gu t\u00e4l kerdua ei olluh keral maksua, se on ylen-ylen magei.<\/p>\n\n\n\n<figure class=\"wp-block-image size-large\"><img loading=\"lazy\" decoding=\"async\" width=\"1024\" height=\"569\" src=\"https:\/\/blogs.uef.fi\/karjalanelvytys\/wp-content\/uploads\/sites\/155\/2026\/02\/Messenger_creation_5314C1CB-3578-4AAD-90E8-BC8DF84D387D-1024x569.jpeg\" alt=\"\" class=\"wp-image-23442\" srcset=\"https:\/\/blogs.uef.fi\/karjalanelvytys\/wp-content\/uploads\/sites\/155\/2026\/02\/Messenger_creation_5314C1CB-3578-4AAD-90E8-BC8DF84D387D-1024x569.jpeg 1024w, https:\/\/blogs.uef.fi\/karjalanelvytys\/wp-content\/uploads\/sites\/155\/2026\/02\/Messenger_creation_5314C1CB-3578-4AAD-90E8-BC8DF84D387D-300x167.jpeg 300w, https:\/\/blogs.uef.fi\/karjalanelvytys\/wp-content\/uploads\/sites\/155\/2026\/02\/Messenger_creation_5314C1CB-3578-4AAD-90E8-BC8DF84D387D-768x426.jpeg 768w, https:\/\/blogs.uef.fi\/karjalanelvytys\/wp-content\/uploads\/sites\/155\/2026\/02\/Messenger_creation_5314C1CB-3578-4AAD-90E8-BC8DF84D387D.jpeg 1367w\" sizes=\"auto, (max-width: 1024px) 100vw, 1024px\" \/><\/figure>\n\n\n\n<p>T\u00e4s l\u00f6vv\u00e4t parahan matikkurokan reseptan. Kuva: Martat<\/p>\n\n\n\n<p><\/p>\n\n\n\n<p>16.2.2026<\/p>\n\n\n\n<p>Livvinkarjalan paginkursan opastujien kirjutuksii<\/p>\n\n\n\n<p><strong>Anniina Ljokkoi: Kunne k\u00e4vv\u00e4 Tallinnas? T\u00e4s kolme laukkuvihjavustu<\/strong><\/p>\n\n\n\n<p>Tallinnan paras \u0161okoluadulaukku<\/p>\n\n\n\n<p>Tallinnan Vahnanlinnan pienel pihal ruadau pikkaraine \u0161okoluadulaukku \u201dKaru Talu \u0160okolaad\u201d. Laukku my\u00f6y erijyttymi\u00e4 \u010domua \u0161okoluadun\u2019amuu, p\u00e4ppii da piro\u017enoidu, kudamat on pandu my\u00f6ndystolale vahnan aijan luaduh. T\u00e4vven my\u00f6ndystolan ies on jygei vallita, mittustu ottua. Kai my\u00f6d\u00e4v\u00e4t t\u00e4s laukas ollah veguanizet. \u017di\u00e4li ku laukku on avvoi vaigu vuitin ned\u00e4lis, a puuttunou se olemah salvas sinun k\u00e4vynd\u00e4n aijal, sit pid\u00e4y vaiku ihailla ikkunas l\u00e4bi. Pienenny urostuksennu voibi sit olla k\u00e4vyndy Kalevin \u0161okoluadulaukkah, kudamii on linnas sie da ti\u00e4.<\/p>\n\n\n\n<p>Kniigulaukku da koufeilu REaD<\/p>\n\n\n\n<p>T\u00e4m\u00e4 ylen omaper\u00e4ine kniigulaukku avavui se-t\u00e4m\u00e4 vuozi tagaperin P\u00f5hjalan vahnas zavodukvartualas. Laukku my\u00f6y uuttu da vahnua kniigua, i sie voit l\u00f6ydi\u00e4 se\u017eo suomenkielisty kniigua. Suurin el\u00e4mys on istuo koufeil-\u010duajul da vaiku ka\u010della suurii kniigupuali\u010d\u010doi. Vahnois kniigois on luajittu yhtele tagasein\u00e4le suuri kuva. Kohtas on roinnuh moine popul\u2019arnoi, ga kai sie organiziiruijah kaikenjyttymi\u00e4 tapahtumua i kuvatah televiizoruprogrammuagi. Zavodukvartualu \u201dP\u00f5hjala tehas\u201d on Koplis, viizi kilometrii Tallinnan keskilinnassah, ga sinne on ylen kebjei ajua Koplin tramvail.<\/p>\n\n\n\n<p>Jogahizel linnanvuitil on oma ostoskeskus<\/p>\n\n\n\n<p>Tallinnan portan rinnal on ostoskeskus Nautica, kunne turistat puaksuh puututah. Eestil\u00e4zis ostoskeskuksis ollah nyg\u00f6i en\u00e4mbi-v\u00e4hembi samat laukat da tuottehet kuigi Suomes, i hinnatgi ollah l\u00e4s yhtenjyttym\u00e4t. Tallinnan kaikis suurin ostoskeskus on \u201d\u00dclemiste keskus\u201d lendokent\u00e4l l\u00e4h\u00e4l. Sie tovengi voit n\u00e4ht\u00e4 ylen \u00e4ij\u00e4n rahvastu da rahvas tullah sinne se\u017eo linnan toizes agjasp\u00e4i \u0161oppailemah da sy\u00f6m\u00e4h, nuoret istumah da perehet pid\u00e4m\u00e4h roindup\u00e4ivi\u00e4. Suurii ostoskeskuksii on tiett\u00e4v\u00e4ine jogahizel linnan\u010dural. Tahtonet n\u00e4ht\u00e4 lokal\u2019noidu rahvastu, sit k\u00e4vy ostoskeskuksih linnan eri agjoil: Lasnam\u00e4en keskukseh, Mustam\u00e4en keskukseh, Kristiinen keskukseh\u2026<\/p>\n\n\n\n<p>Kuva: Age Peterson, REaD<\/p>\n\n\n\n<figure class=\"wp-block-image size-large\"><img loading=\"lazy\" decoding=\"async\" width=\"1024\" height=\"683\" src=\"https:\/\/blogs.uef.fi\/karjalanelvytys\/wp-content\/uploads\/sites\/155\/2026\/02\/Age-Peterson-REaD-1024x683.jpg\" alt=\"\" class=\"wp-image-23367\" srcset=\"https:\/\/blogs.uef.fi\/karjalanelvytys\/wp-content\/uploads\/sites\/155\/2026\/02\/Age-Peterson-REaD-1024x683.jpg 1024w, https:\/\/blogs.uef.fi\/karjalanelvytys\/wp-content\/uploads\/sites\/155\/2026\/02\/Age-Peterson-REaD-300x200.jpg 300w, https:\/\/blogs.uef.fi\/karjalanelvytys\/wp-content\/uploads\/sites\/155\/2026\/02\/Age-Peterson-REaD-768x512.jpg 768w, https:\/\/blogs.uef.fi\/karjalanelvytys\/wp-content\/uploads\/sites\/155\/2026\/02\/Age-Peterson-REaD-1536x1024.jpg 1536w, https:\/\/blogs.uef.fi\/karjalanelvytys\/wp-content\/uploads\/sites\/155\/2026\/02\/Age-Peterson-REaD.jpg 2048w\" sizes=\"auto, (max-width: 1024px) 100vw, 1024px\" \/><\/figure>\n\n\n\n<p>13.2.2026<\/p>\n\n\n\n<p>14. tuhukuudu piet\u00e4h yst\u00e4v\u00e4np\u00e4ivi\u00e4.<\/p>\n\n\n\n<p><strong>Hyvi\u00e4 pruazniekkua kaikile dovari\u0161oile dai mielespiett\u00e4vile!&nbsp;<\/strong><\/p>\n\n\n\n<p>P\u00e4iv\u00e4nnouzu-Suomen yliopiston livvinkarjalan paginkursan opastujien duumavoloi dovari\u0161\u0161oih n\u00e4h:<\/p>\n\n\n\n<ul class=\"wp-block-list\">\n<li>Minul ei ole \u00e4iji\u00e4 dovari\u0161\u0161ua, ga net, ket ollah, ilos dai gor&#8217;as ollah minunke.<\/li>\n\n\n\n<li>Minuu yst\u00e4v\u00e4nke yhtist\u00e4y ruado, himoruado dai kogo elos.<\/li>\n\n\n\n<li>Konzu vastain oman dovari\u0161an enzim\u00e4zen kerran, j\u00e4rgieh oli kebjei paista da ellendi\u00e4 toine tostu.<\/li>\n\n\n\n<li>My\u00f6 dovari\u0161anke mollembat olemmo veguanat, se se\u017eo yhtist\u00e4y meidy.<\/li>\n\n\n\n<li>Suvai\u010den k\u00e4vv\u00e4 oman dovari\u0161anke yhtes&#8230;hos kunne.<\/li>\n\n\n\n<li>Olen suannuh hyvi\u00e4 nevvuo omil yst\u00e4vilp\u00e4i eloksen eri tilandehih.<\/li>\n\n\n\n<li>Meij\u00e4n ukot se\u017eo ollah dovari\u0161at.<\/li>\n\n\n\n<li>En \u00e4ij\u00e4l suvai\u010de sportua, ga yst\u00e4vienke k\u00e4vyn sportuimah.<\/li>\n\n\n\n<li>Vai armas dovari\u0161\u0161u on avvutannuh kest\u00e4m\u00e4h eloksen jygiet aijat.<\/li>\n\n\n\n<li>Kai minun yst\u00e4v\u00e4t ollah ainavoluaduzet.<\/li>\n\n\n\n<li>Parahat eloksen momentat minul ollah oldu dovari\u0161anke.<\/li>\n<\/ul>\n\n\n\n<p>Duumavot ker\u00e4nnyh kirjutuksisp\u00e4i: Natalia Giloeva<\/p>\n\n\n\n<p>Kuva: Pixabay<\/p>\n\n\n\n<figure class=\"wp-block-image size-large\"><img loading=\"lazy\" decoding=\"async\" width=\"1024\" height=\"681\" src=\"https:\/\/blogs.uef.fi\/karjalanelvytys\/wp-content\/uploads\/sites\/155\/2026\/02\/adonyig-valentines-3915129_1920-1024x681.jpg\" alt=\"\" class=\"wp-image-23358\" srcset=\"https:\/\/blogs.uef.fi\/karjalanelvytys\/wp-content\/uploads\/sites\/155\/2026\/02\/adonyig-valentines-3915129_1920-1024x681.jpg 1024w, https:\/\/blogs.uef.fi\/karjalanelvytys\/wp-content\/uploads\/sites\/155\/2026\/02\/adonyig-valentines-3915129_1920-300x199.jpg 300w, https:\/\/blogs.uef.fi\/karjalanelvytys\/wp-content\/uploads\/sites\/155\/2026\/02\/adonyig-valentines-3915129_1920-768x510.jpg 768w, https:\/\/blogs.uef.fi\/karjalanelvytys\/wp-content\/uploads\/sites\/155\/2026\/02\/adonyig-valentines-3915129_1920-1536x1021.jpg 1536w, https:\/\/blogs.uef.fi\/karjalanelvytys\/wp-content\/uploads\/sites\/155\/2026\/02\/adonyig-valentines-3915129_1920-rotated.jpg 1920w\" sizes=\"auto, (max-width: 1024px) 100vw, 1024px\" \/><\/figure>\n\n\n\n<p><strong>10.2.2026<\/strong><\/p>\n\n\n\n<p>Livvinkarjalan paginkursan opastujien kirjutuksii<\/p>\n\n\n\n<p><strong>Sikke Kaasinen: L\u00e4kk\u00e4 laukkah yhtes!<\/strong><\/p>\n\n\n\n<p>Pe\u0161a: Terveh! Voizimmogo k\u00e4vv\u00e4 sinun ma\u0161inal laukkah? Minul pid\u00e4y \u00e4ijy mid\u00e4 ostua, jygei olis kandua laukasp\u00e4i kodissah, ku laukku ei ole l\u00e4h\u00e4l.<\/p>\n\n\n\n<p>Tan&#8217;oi: L\u00e4kk\u00e4 vai minun ma\u0161inal! Minulgi pid\u00e4y k\u00e4vv\u00e4 laukkah t\u00e4n\u00e4p\u00e4i.<\/p>\n\n\n\n<p>Pe\u0161a: Ga se on ylen hyv\u00e4! Mid\u00e4 sinul pid\u00e4y ostua?<\/p>\n\n\n\n<p>Tan&#8217;oi: Minul pid\u00e4y ostua ni\u017eujauhuo, zuaharii, dro\u017ediedu da varen\u2019n\u2019ua, gu duumai\u010din pastua pyh\u00e4laskup\u00e4ppii. Tahtoin se\u017eo k\u00e4vv\u00e4 \u010dond\u017eoibazaril. L\u00e4htetgo minunke?<\/p>\n\n\n\n<p>Pe\u0161a: Ga voin l\u00e4htiegi! E\u010ditgo mid\u00e4gi tiettyy vai menemm\u00f6go muite ka\u010d\u010delemah, toinah mid\u00e4 l\u00f6ydysgi?<\/p>\n\n\n\n<p>Tan&#8217;oi: Opin l\u00f6ydi\u00e4 uvven mal\u2019l\u2019akon. Minun ka\u017ei kirvotti vahnan stolalp\u00e4i alah da se mal\u2019l\u2019akko mureni.<\/p>\n\n\n\n<p>Pe\u0161a: A voi voi. Tahtottavalleh my\u00f6 l\u00f6vv\u00e4mm\u00f6 uvven da lujemban. Pid\u00e4sgo k\u00e4vv\u00e4 \u010dond\u017eoibazaril ezm\u00e4i, gu kylm\u00e4ttehet ei sulettas ma\u0161inas? Minul pid\u00e4y ostua kylm\u00e4teh ka\u017ein murginua.<\/p>\n\n\n\n<p>Tan&#8217;oi: P\u00e4d\u00f6y minule! \u010cond\u017eoibazarit toinah salvatahes aijoi. P\u00e4d\u00f6ygo sinule l\u00e4htie murginan j\u00e4lles?<\/p>\n\n\n\n<p>Pe\u0161a: Muga p\u00e4d\u00f6y! Olisgo kahten aigah hyv\u00e4?<\/p>\n\n\n\n<p>Tan&#8217;oi: P\u00e4d\u00f6y hyvin! Tulen sinuu ottamah sih aigah. N\u00e4imm\u00f6kseh!<\/p>\n\n\n\n<p>Pe\u0161a: N\u00e4imm\u00f6kseh!<\/p>\n\n\n\n<figure class=\"wp-block-image size-large\"><img loading=\"lazy\" decoding=\"async\" width=\"768\" height=\"1024\" src=\"https:\/\/blogs.uef.fi\/karjalanelvytys\/wp-content\/uploads\/sites\/155\/2026\/02\/Kazi-da-mallakko-768x1024.jpeg\" alt=\"\" class=\"wp-image-23302\" srcset=\"https:\/\/blogs.uef.fi\/karjalanelvytys\/wp-content\/uploads\/sites\/155\/2026\/02\/Kazi-da-mallakko-768x1024.jpeg 768w, https:\/\/blogs.uef.fi\/karjalanelvytys\/wp-content\/uploads\/sites\/155\/2026\/02\/Kazi-da-mallakko-225x300.jpeg 225w, https:\/\/blogs.uef.fi\/karjalanelvytys\/wp-content\/uploads\/sites\/155\/2026\/02\/Kazi-da-mallakko-1152x1536.jpeg 1152w, https:\/\/blogs.uef.fi\/karjalanelvytys\/wp-content\/uploads\/sites\/155\/2026\/02\/Kazi-da-mallakko.jpeg 1536w\" sizes=\"auto, (max-width: 768px) 100vw, 768px\" \/><\/figure>\n\n\n\n<p>9.2.2026<\/p>\n\n\n\n<p><strong>Livvinkarjalan paginkursan opastujien kirjutuksii<\/strong><\/p>\n\n\n\n<p><strong>Jussi Konttinen: Vahnu \u010dasounu<\/strong><\/p>\n\n\n\n<p>Hyrzyl oli Suomen kaikkii p\u00e4iv\u00e4nnouzupuolizembi kyl\u00e4. Sie valdukunnan raja luadi mutkan da send\u00e4h Ven\u2019a oli hierusp\u00e4i ka\u010dotunnu p\u00e4iv\u00e4nlaskupuolel.<\/p>\n\n\n\n<p>Autonoumien aigah raja oli avvoi, ga Ven\u2019an vallankumovuksen da Suomen i\u010d\u010den\u00e4stymizen j\u00e4lgeh se salvattih.<\/p>\n\n\n\n<p>\u010casounu seizoi niemen nen\u00e4s muga, gu kirikk\u00f6zualu j\u00e4i Suomen puolele da sen\u010doi da ver\u00e4i Nevvostoliitole. Send\u00e4h ei i\u010d\u010den\u00e4stymizen j\u00e4lles \u010dasounua k\u00e4ytt\u00e4nyh niken, vai se sai lahota pystyi. Ven\u2019an puolel j\u00e4i kalmoi, kudamas muatah minungi pravodied&#8217;oi da toizet rodn&#8217;at. Uuzi \u010dasounu srojittih Suomen puolele da nyg\u00f6i jo sid\u00e4gi eule. T\u00e4n\u00e4p\u00e4i voizit k\u00e4vv\u00e4 kui vahnale, mugai uvvele kalmi\u017eemale, gu vai pi\u00e4\u017eizit Hyrzyl\u00e4h\u2026<\/p>\n\n\n\n<p>Kuva on kniigasp\u00e4i Anna Harjunen 1997: Muistan teid\u00e4t aina&nbsp;<\/p>\n\n\n\n<figure class=\"wp-block-image size-full\"><img loading=\"lazy\" decoding=\"async\" width=\"1014\" height=\"636\" src=\"https:\/\/blogs.uef.fi\/karjalanelvytys\/wp-content\/uploads\/sites\/155\/2026\/02\/Jussi-Konttinen-casounu.jpg\" alt=\"\" class=\"wp-image-23297\" srcset=\"https:\/\/blogs.uef.fi\/karjalanelvytys\/wp-content\/uploads\/sites\/155\/2026\/02\/Jussi-Konttinen-casounu.jpg 1014w, https:\/\/blogs.uef.fi\/karjalanelvytys\/wp-content\/uploads\/sites\/155\/2026\/02\/Jussi-Konttinen-casounu-300x188.jpg 300w, https:\/\/blogs.uef.fi\/karjalanelvytys\/wp-content\/uploads\/sites\/155\/2026\/02\/Jussi-Konttinen-casounu-768x482.jpg 768w\" sizes=\"auto, (max-width: 1014px) 100vw, 1014px\" \/><\/figure>\n\n\n\n<p><strong>Anniina Ljokkoi: Kapustusuuppu ylen hyvin p\u00e4d\u00f6y talviaigua<\/strong><\/p>\n\n\n\n<p>Kev\u00e4tty vuottajes on hyv\u00e4 ka\u010dahtuakseh keit\u00e4ndypertin \u0161kuappah \u2013 mid\u00e4 kaikkie l\u00f6vv\u00e4t puali\u010doil? Ongo vie mid\u00e4gi kez\u00e4l-sygyzyl ker\u00e4ttyy ji\u00e4nnyh k\u00e4ytt\u00e4m\u00e4tt\u00e4h, i rippuugo pertin levos kuivattuu rohtoheini\u00e4 libo gribua-siendy? Net ylen hyvin p\u00e4it\u00e4h kapustusuuppah!<\/p>\n\n\n\n<p>Suolattuu kapustua ennevahnas rahvas sy\u00f6dih ylen \u00e4ij\u00e4n. Eih\u00e4i talvizel aijal olluh veresty ogur\u010dua-tomuattua \u2013 vaiku kapustu-, sieni- i buolupu\u010dit seizottih aitas libo \u010dardakan pordahis. Suolatus kapustas libo hapainkapustas keit\u00e4t magien suupan, i seh\u00e4i p\u00e4d\u00f6y hyv\u00e4zesti se\u017eo pyh\u00e4n aijan murginakse.<\/p>\n\n\n\n<p>1 laukku<\/p>\n\n\n\n<p>siemenvoidu<\/p>\n\n\n\n<p>300 g suolattuu kapustua<\/p>\n\n\n\n<p>3\u20134 kartohkua<\/p>\n\n\n\n<p>kobrant\u00e4yzi kuivattuu gribua libo siendy<\/p>\n\n\n\n<p>1 l vetty<\/p>\n\n\n\n<p>1 kazvosliemikuubiekku<\/p>\n\n\n\n<p>kuivattuu rohtoheini\u00e4: ukroppua, levistiekkua, petru\u0161kua<\/p>\n\n\n\n<p>mustupippurii<\/p>\n\n\n\n<p>1 sl puatokkua<\/p>\n\n\n\n<p>suolua<\/p>\n\n\n\n<p>Pilko laukku da \u017euari kattilas pehmiekse siemenvoinke.<\/p>\n\n\n\n<p>Kuorita kartohkat da t\u2019orkua hienombakse libo leikkua kuubiekoikse. Li\u017ei\u00e4 kattilazeh yhteh laukanke.<\/p>\n\n\n\n<p>Leikkua kapustua v\u00e4h\u00e4zen pienemb\u00e4kse i pane kattilah.<\/p>\n\n\n\n<p>Mi\u00e4ri\u00e4 litru vetty, vala kattilah da kiehahuta. Murenda kazvosliemikuubiekku suuppah.<\/p>\n\n\n\n<p>Murenda grivat-sienetgi v\u00e4h\u00e4sty pienembikse da li\u017ei\u00e4 kerale.<\/p>\n\n\n\n<p>Keit\u00e4 suuppua kartohkoin i kapustan kypsenend\u00e4ss\u00e4h.<\/p>\n\n\n\n<p>Mavusta suuppu pippuril, puatokal da mielu\u017eil rohtoheinil. Tarkista suolu.<\/p>\n\n\n\n<p>Mid\u00e4 h\u00e4tkemb\u00e4h suuppu vuottau sy\u00f6jii, sid\u00e4 magiembi roih.<\/p>\n\n\n\n<p>Kuva: Tuuli Mathisen, Perinnevege\u00e4, Anniina Ljokkoi da Liisa Kaski, SKS Kirjat 2021<\/p>\n\n\n\n<figure class=\"wp-block-image size-large\"><img loading=\"lazy\" decoding=\"async\" width=\"682\" height=\"1024\" src=\"https:\/\/blogs.uef.fi\/karjalanelvytys\/wp-content\/uploads\/sites\/155\/2026\/02\/Hapankaalikeitto1-682x1024.jpg\" alt=\"\" class=\"wp-image-23293\" srcset=\"https:\/\/blogs.uef.fi\/karjalanelvytys\/wp-content\/uploads\/sites\/155\/2026\/02\/Hapankaalikeitto1-682x1024.jpg 682w, https:\/\/blogs.uef.fi\/karjalanelvytys\/wp-content\/uploads\/sites\/155\/2026\/02\/Hapankaalikeitto1-200x300.jpg 200w, https:\/\/blogs.uef.fi\/karjalanelvytys\/wp-content\/uploads\/sites\/155\/2026\/02\/Hapankaalikeitto1-768x1154.jpg 768w, https:\/\/blogs.uef.fi\/karjalanelvytys\/wp-content\/uploads\/sites\/155\/2026\/02\/Hapankaalikeitto1-1022x1536.jpg 1022w, https:\/\/blogs.uef.fi\/karjalanelvytys\/wp-content\/uploads\/sites\/155\/2026\/02\/Hapankaalikeitto1-1363x2048.jpg 1363w, https:\/\/blogs.uef.fi\/karjalanelvytys\/wp-content\/uploads\/sites\/155\/2026\/02\/Hapankaalikeitto1-scaled.jpg 1704w\" sizes=\"auto, (max-width: 682px) 100vw, 682px\" \/><\/figure>\n\n\n\n<ul class=\"wp-block-list\">\n<li><\/li>\n<\/ul>\n\n\n\n<p><strong>Uskin \u0160an\u2019a: Suvai\u010den kartohkuolan&#8217;n&#8217;oi kannateksenke<\/strong><\/p>\n\n\n\n<p>Yksi miun armahembis sy\u00f6mizis on dranikat libo kartohkuolan\u2019n\u2019at. Dranikat ollah Valgo-Ven&#8217;an kanzallissy\u00f6mine, ga net tuldih sinne Pol\u2019\u0161an kautti Germuaniesp\u00e4i. Net valmistetah t\u2019orkuamal kartohkat da laukkazet, kudamih li\u017e\u00e4t\u00e4h kannatestu, j\u00e4i\u010d\u010dy, maustehii da se\u017eo toi\u010di ni\u017eujauhuo. Olan\u2019n\u2019at \u017euaritah riehtil\u00e4l vois da syvv\u00e4h kannateksenke. Mie i\u010de tavan mugah panen puolen bankua kannatestu, da nenga sit voibi se\u017eo sanuo, \u0161to kannates on yksi miun armahembis sy\u00f6mizis.<\/p>\n\n\n\n<p>Kuva: Uskin \u0160an\u2019a<\/p>\n\n\n\n<figure class=\"wp-block-image size-large\"><img loading=\"lazy\" decoding=\"async\" width=\"768\" height=\"1024\" src=\"https:\/\/blogs.uef.fi\/karjalanelvytys\/wp-content\/uploads\/sites\/155\/2026\/02\/Uskin-Sana_syomizet-768x1024.jpg\" alt=\"\" class=\"wp-image-23290\" srcset=\"https:\/\/blogs.uef.fi\/karjalanelvytys\/wp-content\/uploads\/sites\/155\/2026\/02\/Uskin-Sana_syomizet-768x1024.jpg 768w, https:\/\/blogs.uef.fi\/karjalanelvytys\/wp-content\/uploads\/sites\/155\/2026\/02\/Uskin-Sana_syomizet-225x300.jpg 225w, https:\/\/blogs.uef.fi\/karjalanelvytys\/wp-content\/uploads\/sites\/155\/2026\/02\/Uskin-Sana_syomizet-1152x1536.jpg 1152w, https:\/\/blogs.uef.fi\/karjalanelvytys\/wp-content\/uploads\/sites\/155\/2026\/02\/Uskin-Sana_syomizet-1536x2048.jpg 1536w, https:\/\/blogs.uef.fi\/karjalanelvytys\/wp-content\/uploads\/sites\/155\/2026\/02\/Uskin-Sana_syomizet-scaled.jpg 1920w\" sizes=\"auto, (max-width: 768px) 100vw, 768px\" \/><\/figure>\n\n\n\n<h4 class=\"wp-block-heading\">27.1.2026<\/h4>\n\n\n\n<p><strong>Livvinkarjalan paginkursan opastujien kirjutuksii<\/strong><\/p>\n\n\n\n<p>Terveh! Olen Vita, karjalaine performansutaidoilii da kul\u2019tuurualan ruadai Helsingisp\u00e4i. Olen ker\u00e4l karjalazes taidoduos \u2018iulianyaaa da vitamiinu\u2019.<br><br>Duo yhtist\u00e4y eksperimentallistu muuzikkua, performatiivistu teatrua da post-druamallistu tekstua. Uliana (iulianyaaa) tuou muuzikallistu ozua luadimal noisie da Vita (vitamiinu) kirjuttau da ozuttelou omua prouzua da runotekstua.<br>Olemmo Uliananke mollembat roittuhes Karjalas, ga eri linnois &#8211; Karhum\u00e4is da Sordavalas, a vot kazvoimmo jo tazavallan pi\u00e4linnas, Petroskoil. My\u00f6 kuulummo uudeh sugupolveh, olemmo urbuanoi karjalazii.<br><br>Meij\u00e4n enzim\u00e4ine performansu oli ozutus &#8221;KARJALAN KIELIZAKON NYG\u00d6I!&#8221;<br>Ozutus on olluh karjalan kielen azemas da kielizakonas. T\u00e4s tevokses kirjutin dekolonualistu tekstua, kudai e\u010d\u010diy uuttu soindua, ritmua da merki\u010dysty luadimal uuzii yhtevyksii. Se siird\u00e4y fokuksen tekstan estiettizes kielimuvvos en\u00e4m sih, kui tekstan \u010dusvui\u010det. Send\u00e4h kirjutin translingualizen tekstan: performansu on olluh nellikieline angliekse, suomekse, ven\u2019akse da livvinkarjalakse.<br><br>Hos tiemu ongi ylen vagavu, juumoru oli ker\u00e4l. Ozutukses \u0161uutimmo, pla\u0161imm\u00f6, nagrammo da sy\u00f6mm\u00f6 kartohku\u0161ipainiekkua. Vessel da atkal puaksuh astutah k\u00e4zikk\u00e4i.<br><br>Meij\u00e4n j\u00e4lgim\u00e4ine tevos on video &#8221;L.S.I &#8211; Luaji Se I\u010de&#8221; . Video on livvinkarjalakse. Videos anglienkieline tekstaitus, send\u00e4h gu tahtommo suavuttua karjalazii muailman eri \u010duuril. Videon voit ka\u010d\u010duo minun Instagramas (@vitamiinu) <a href=\"https:\/\/www.instagram.com\/p\/DRkc8F9D7yC\/\">https:\/\/www.instagram.com\/p\/DRkc8F9D7yC\/<\/a><br><br>Omas taijos tahtommo ozuttua, \u0161to karjala\u017eus virduau da on l\u00f6yd\u00e4nyh uuzii muodoloi. Meile karjala\u017eus on se\u017eo mostu luavukastu da hiilavua. Videos juammmo omua elostu, duumavoloi da probliemoi. Oma i\u010detundo ven&#8217;ankielizenny karjalazennu Suomes on buito Petroskoin Tetris-ostoskeskus, eri palois ker\u00e4vynnyh. Meij\u00e4n muailmu on k\u00f6hmi\u0161k\u00f6 da magei i kargei.<br><br>Kaikenualaine yhtevys karjalazih on ylen t\u00e4rgei. Karjalaine yhtehist\u00f6 andau \u00e4ij\u00e4n inspiraciedu da v\u00e4gie. Yhten ozutuksen j\u00e4lles er\u00e4s heimolaine sanoi nenga: \u201cMinun buabo olis suvainnuh teij\u00e4n performansua\u201d. Ne\u010de on meile kaikis paras komplimentu.<br><\/p>\n\n\n\n<figure class=\"wp-block-image size-large is-resized\"><img loading=\"lazy\" decoding=\"async\" width=\"768\" height=\"1024\" src=\"https:\/\/blogs.uef.fi\/karjalanelvytys\/wp-content\/uploads\/sites\/155\/2026\/01\/iulianiyaaa-vitamiinu-768x1024.jpg\" alt=\"\" class=\"wp-image-23232\" style=\"width:auto;height:400px\" srcset=\"https:\/\/blogs.uef.fi\/karjalanelvytys\/wp-content\/uploads\/sites\/155\/2026\/01\/iulianiyaaa-vitamiinu-768x1024.jpg 768w, https:\/\/blogs.uef.fi\/karjalanelvytys\/wp-content\/uploads\/sites\/155\/2026\/01\/iulianiyaaa-vitamiinu-225x300.jpg 225w, https:\/\/blogs.uef.fi\/karjalanelvytys\/wp-content\/uploads\/sites\/155\/2026\/01\/iulianiyaaa-vitamiinu.jpg 960w\" sizes=\"auto, (max-width: 768px) 100vw, 768px\" \/><figcaption class=\"wp-element-caption\">Foto: Ekaterina Antonova \/ @kwitmank<\/figcaption><\/figure>\n\n\n\n<h4 class=\"wp-block-heading\">26.1.2026<\/h4>\n\n\n\n<p>Livvinkarjalan paginkursan opastujien kirjutuksii<\/p>\n\n\n\n<p><strong>Anniina Ljokkoi: Died\u2019oin fotokuvan arbaitus<\/strong><\/p>\n\n\n\n<p>Nenga kaksiene vuottu tagaperin olin Pohjanmual Kuortanes e\u010d\u010dim\u00e4s oman died\u2019oin lapsuon el\u00e4ndysijoi. Tiezin, gu h\u00e4i jatkovoinan lopus tuli Karjalan Imbilahtesp\u00e4i Kuortaneh da eli sie perehenke er\u00e4h\u00e4t vuvvet \u2013 no en tied\u00e4nyh, kus. Minule oli Kuortane muga\u017ee vieras, kui heilegi.<\/p>\n\n\n\n<p>Kuortanen taloimuzeis ka\u010d\u010delin vahnoi pertilomui i ruadovehkehii. Pertinstolale oli pandu alovehellizien kyl\u00e4yhtistyksien kniigoi hieruloin histourieh n\u00e4h. \u0160elailin niidy, l\u00f6vvin terv\u00e4h sivut karjalazih evakkoloih n\u00e4h. M\u00e4yryn kyl\u00e4n kniigas oldih luvettelot talolois, kudamis evakot elettih, i perehien nimet oldih ker\u00e4l. Kerras n\u00e4in \u2013 Vuorenmuan talois oli el\u00e4nyh kaikkiedah kolme perehty i yksi niil\u00f6is Jokkoin pereh. Voisgo se olla minun died\u2019oin pereh?<\/p>\n\n\n\n<p>My\u00f6h\u00e4i olemmo Ljokkoit, ga Karjalas k\u00e4ytettih sugunimie se\u017eo muvvos L&#8217;okkoi, no eih\u00e4i mostu nimie ellendetty Suomen p\u00e4iv\u00e4nlasku\u010dural \u2013 Jokkoi vois hyvin p\u00e4it\u00e4 meij\u00e4n pereheh. Nyg\u00f6i minul pidi vaiku l\u00f6ydi\u00e4 Vuorenmuan taloi.<\/p>\n\n\n\n<p>Muzein nuoret kez\u00e4ruadajat istuttih terassal telefonoinke. Duumai\u010din, gu sudre men\u00f6y kyzelendy \u2013 mid\u00e4 tiet\u00e4h moizet nuoret voinanaigazih taloloih n\u00e4h, a kyzy\u00f6 yksikai pid\u00e4y.<\/p>\n\n\n\n<p>\u201dProstikkua, toinah ty\u00f6 tiij\u00e4tt\u00f6, kus ti\u00e4 Kuortanes M\u00e4yryn kyl\u00e4s vois olla moine Vuorenmuan taloi? Ollougo en\u00e4mbi\u00e4 olemasgi?\u201d<\/p>\n\n\n\n<p>Nuoret ka\u010dottih minuh muheloittajen. \u201dTiett\u00e4v\u00e4ine my\u00f6 Vuorenmuan taloin tiij\u00e4mm\u00f6, mieh\u00e4i el\u00e4n l\u00e4s rinnal\u201d, sanoi yksi heis.<\/p>\n\n\n\n<p>Sukkelah avai h\u00e4i telefonas kartan, e\u010d\u010di oigien kohtan, ozutti \u010domua ruskiedu taloidu da sellitti, kuibo sen l\u00f6vv\u00e4t. \u201dMenet vai kyzym\u00e4h! V\u00e4himy\u00f6lleh egl\u00e4i oli rahvas kois\u201d, h\u00e4i rohkai.<\/p>\n\n\n\n<p>Tulien pi\u00e4n ajoin M\u00e4yryn kyl\u00e4h i kebjieh l\u00f6vvin oigien taloin. Sieh\u00e4i tovengi oli rahvas kois, pihas oli ma\u0161inua i traktorua, i\u017e\u00e4ndy da em\u00e4ndy. Sellitin, gu e\u010din i\u010d\u010deni died\u2019oin perehen evakkokohtii.<\/p>\n\n\n\n<p>El\u00e4j\u00e4t oldih pagizijat ristikanzat i tiettih, gu heij\u00e4n talois oli olluh karjalazii.<\/p>\n\n\n\n<p>\u201dNe\u010dis alakerran pertis hy\u00f6 elettih\u201d, mies ozutti ikkunah.<\/p>\n\n\n\n<p>Perehien nimil\u00f6i heil yksikai eulluh mieles, hy\u00f6h\u00e4i i\u010de oldih roittuhes voinan j\u00e4lles. A hy\u00f6 rakkahal ozutettih omua pihua. Puuhine taloi, i alovehellizen tavan mugah keldazel da ruskiel mualatut piharakendukset.<\/p>\n\n\n\n<p>Pitk\u00e4n aitan kivizel pordahal kerras dogadiin, gu seh\u00e4i on minule tuttavu. T\u00e4d\u00e4 aittua olen aijembahgi ka\u010d\u010donuh. Ne\u010den kon\u2019u\u0161in veri\u00e4n da veri\u00e4le nouzijan sillan aitan toizes agjas olen kustahto n\u00e4hnyh.<\/p>\n\n\n\n<p>Tiedokonehele pi\u00e4styy ka\u010doin j\u00e4rgieh \u2013 tovengi! Minun died\u2019oi istuu lapsennu ne\u010dil kivikrin\u010dazel. Olen ka\u010delluh t\u00e4d\u00e4 kuvua kymmenii kerdoi i duumainnuh, kusp\u00e4i se olis \u2013 voisgo olla Karjalas. No ei olluh Karjalas, oli Kuortanes M\u00e4yryn kyl\u00e4s, jatkovoinan lopus da uvven eloksen allus.<\/p>\n\n\n\n<figure class=\"wp-block-image size-large is-resized\"><img loading=\"lazy\" decoding=\"async\" width=\"1024\" height=\"809\" src=\"https:\/\/blogs.uef.fi\/karjalanelvytys\/wp-content\/uploads\/sites\/155\/2026\/01\/Ilmo-Vuorenmaan-talon-ulkorakennuksen-portaalla-1024x809.jpg\" alt=\"\" class=\"wp-image-23208\" style=\"width:auto;height:400px\" srcset=\"https:\/\/blogs.uef.fi\/karjalanelvytys\/wp-content\/uploads\/sites\/155\/2026\/01\/Ilmo-Vuorenmaan-talon-ulkorakennuksen-portaalla-1024x809.jpg 1024w, https:\/\/blogs.uef.fi\/karjalanelvytys\/wp-content\/uploads\/sites\/155\/2026\/01\/Ilmo-Vuorenmaan-talon-ulkorakennuksen-portaalla-300x237.jpg 300w, https:\/\/blogs.uef.fi\/karjalanelvytys\/wp-content\/uploads\/sites\/155\/2026\/01\/Ilmo-Vuorenmaan-talon-ulkorakennuksen-portaalla-768x607.jpg 768w, https:\/\/blogs.uef.fi\/karjalanelvytys\/wp-content\/uploads\/sites\/155\/2026\/01\/Ilmo-Vuorenmaan-talon-ulkorakennuksen-portaalla-1536x1213.jpg 1536w, https:\/\/blogs.uef.fi\/karjalanelvytys\/wp-content\/uploads\/sites\/155\/2026\/01\/Ilmo-Vuorenmaan-talon-ulkorakennuksen-portaalla-2048x1617.jpg 2048w\" sizes=\"auto, (max-width: 1024px) 100vw, 1024px\" \/><figcaption class=\"wp-element-caption\">Kuva: Ljokkoin suvun fotoarhiivu<\/figcaption><\/figure>\n\n\n\n<h4 class=\"wp-block-heading\">21.1.2026<\/h4>\n\n\n\n<p>Livvinkarjalan paginkursan opastujien kirjutuksii<\/p>\n\n\n\n<p><strong>Uskin \u0160an&#8217;a: Pl\u00e4\u0161indy yhtist\u00e4y meidy<\/strong><\/p>\n\n\n\n<p>Mie ylen suvai\u010den pl\u00e4\u0161\u0161ie, da joga ned\u00e4lin suovattan menen pl\u00e4\u0161\u0161im\u00e4h pl\u00e4\u0161indyharjaituksih, kudamii piet\u00e4h ti\u00e4 Jovensuus. Mie nyg\u00f6i se\u017eo i\u010de opastan sie. Konzu mie pl\u00e4\u0161in, mie en duumai\u010de nimid\u00e4 da voin j\u00e4tti\u00e4 kai eloksen gor\u2019at tuakse.<br>Ennevahnas pl\u00e4\u0161indy oli nuorien taba vastata toine tostu, da juuri sikse mius on ylen hyv\u00e4, jotta nuoret pl\u00e4\u0161it\u00e4h yhtes, se yhtist\u00e4y meidy da elvytt\u00e4y kul&#8217;tuurua. Jogahine tansi da kuvivo omistau starinan libo sen tagan on historiedu, kuduat kerrotah vahnan ajan elokseh n\u00e4h, da mius on ylen mieldykiinnit\u00e4i kuulta, kuibo rahvas \u00e4ij\u00e4n vuottu tagaperih duumaittih elokseh n\u00e4h.<br>Ainos ned\u00e4linlopul vuotan, konzu pi\u00e4zen my\u00f6s pl\u00e4\u0161\u0161im\u00e4h da n\u00e4gem\u00e4h sego luadimah el\u00e4vi\u00e4 histouriedu.<\/p>\n\n\n\n<p>Kuva: Sanni&nbsp;<em>Hyd\u00e9n, instagr: @shh.visuals<\/em><\/p>\n\n\n\n<figure class=\"wp-block-image size-large is-resized\"><img loading=\"lazy\" decoding=\"async\" width=\"681\" height=\"1024\" src=\"https:\/\/blogs.uef.fi\/karjalanelvytys\/wp-content\/uploads\/sites\/155\/2026\/01\/Plasindy-681x1024.jpg\" alt=\"\" class=\"wp-image-23196\" style=\"width:auto;height:400px\" srcset=\"https:\/\/blogs.uef.fi\/karjalanelvytys\/wp-content\/uploads\/sites\/155\/2026\/01\/Plasindy-681x1024.jpg 681w, https:\/\/blogs.uef.fi\/karjalanelvytys\/wp-content\/uploads\/sites\/155\/2026\/01\/Plasindy-200x300.jpg 200w, https:\/\/blogs.uef.fi\/karjalanelvytys\/wp-content\/uploads\/sites\/155\/2026\/01\/Plasindy-768x1154.jpg 768w, https:\/\/blogs.uef.fi\/karjalanelvytys\/wp-content\/uploads\/sites\/155\/2026\/01\/Plasindy-1022x1536.jpg 1022w, https:\/\/blogs.uef.fi\/karjalanelvytys\/wp-content\/uploads\/sites\/155\/2026\/01\/Plasindy-1363x2048.jpg 1363w, https:\/\/blogs.uef.fi\/karjalanelvytys\/wp-content\/uploads\/sites\/155\/2026\/01\/Plasindy-scaled.jpg 1703w\" sizes=\"auto, (max-width: 681px) 100vw, 681px\" \/><\/figure>\n\n\n\n<h4 class=\"wp-block-heading\">16.1.2026<\/h4>\n\n\n\n<p>Livvinkarjalan paginkursan opastujien kirjutuksii<\/p>\n\n\n\n<p><strong>Anniina Ljokkoi: Yhtes armahas eestil\u00e4zes koufeilas&nbsp;<\/strong><\/p>\n\n\n\n<p>Mennyt suovattan oli moine lumituu\u010d\u010du, gu m\u00e4is pulkal \u010duruamah ei himoitannuh. Aigua olis olluh, i lundugi joga \u010duassuu vaiku&nbsp;rodih vai&nbsp;en\u00e4mbi, no m\u00e4geh ei tahtonuh niken. Koisp\u00e4i yksikai himoitti i\u00e4reh.<\/p>\n\n\n\n<p>\u201cL\u00e4kki\u00e4&nbsp;sit Laulasmaale koufeilah\u201d, Ville ehtoitti.<\/p>\n\n\n\n<p>Werner sanoi, gu h\u00e4i ei tahto, no my\u00f6 uskaldimmo h\u00e4nele mid\u00e4tahto magiedu.<\/p>\n\n\n\n<p>\u201cKa\u010dommo, tulougo prezidentugi\u201d, min\u00e4 sanoin.<\/p>\n\n\n\n<p>\u201cL\u00e4kki\u00e4!\u201d<\/p>\n\n\n\n<p>Ott &amp; Matilda -koufeilan ver\u00e4ile oli pannuh kivoksen lundu, no my\u00f6 emmo olluh ainavot, kudamat oldih tahtottu tulla. L\u00e4s kai stolat oldih t\u00e4vvet.<\/p>\n\n\n\n<p>Otimmo veguanizet \u0161okoluadutryffelit i \u010duajuu. Werner tahtoi juvva hiilavua \u0161okoluadua.<\/p>\n\n\n\n<p>\u201cKuibo se sit eruou kakaos?\u201d h\u00e4i diivui\u010d\u010di.<\/p>\n\n\n\n<p>Saimmo juomizet, n\u00e4imm\u00f6: hiilavu \u0161okoluadu ongi&nbsp;moine, kui&nbsp;sulanuh \u0161okoluadu,&nbsp;kakaodu<strong> <\/strong>sagiembi, v\u00e4hi\u00e4 vajai kiiseli. Meile&nbsp;nyg\u00f6i t\u00e4ydyi \u0161okoluadua.<\/p>\n\n\n\n<p>Koufeilas oli l\u00e4mmin, i hyv\u00e4s mieles istuin da ka\u010d\u010delin \u010domenduksii i vahnoi puuhizii pertilomuloi. Rinnal olijas stolas kaksi ristikanzua sy\u00f6dih lihasy\u00f6mizii. Dogadiin, gu hy\u00f6 ei&nbsp;ni oldu&nbsp;kahtei \u2013 heij\u00e4n stolan al istui<strong>&nbsp;<\/strong>kaksi suurdu koirua. Istuttih i n&#8217;uustettih duuhuloi, no ei pi\u00e4stetty ni i\u00e4ndy.&nbsp;<\/p>\n\n\n\n<p>\u201cEi istus meij\u00e4n Tessu muga vaikkani\u201d,&nbsp;\u0161upetin.<\/p>\n\n\n\n<p>Mustelimmo sid\u00e4 kerdua, gu&nbsp;er\u00e4s vuozi&nbsp;tagaperin k\u00e4vyimm\u00f6 t\u00e4nne kez\u00e4l i Eestin prezidentu Kersti Kaljulaid&nbsp;pi\u00e4dyi olemah koufeilas&nbsp;samal aijal. H\u00e4i ajoi polgupy\u00f6r\u00e4l toizien polgupy\u00f6ryniekoinke koufeilan edeh i heij\u00e4n j\u00e4lles suattamisjoukkoveh kahten mustan ma\u0161inanke. Sit h\u00e4i astui pertih, otti cappucinon i istui terassale sid\u00e4 juomah, turvamiehien seizojes l\u00e4h\u00e4l.&nbsp;<\/p>\n\n\n\n<p>J\u00e4llesp\u00e4i luvimmo uudizis, gu prezidentu Kaljulaid tahtoi se\u017eo prezidentannu jatkua tavallistu elostu. H\u00e4nel dovari\u0161oinke oli olluh perindehenny<strong>&nbsp;<\/strong>menn\u00e4 joga kezi\u00e4 polgupy\u00f6rymatkale, i hy\u00f6 mendih \u2013 yksikai&nbsp;oli,&nbsp;mittuzet oldih virrat da eloksentilandehet.<\/p>\n\n\n\n<p>Koufeilan ver\u00e4i avavui i pertih astui&nbsp;kaksi perehty&nbsp;lapsienke. Heis rodih&nbsp;pitky jono my\u00f6ndystolan edeh. Lapset&nbsp;tahtottih teri\u00e4mb\u00e4h pi\u00e4st\u00e4&nbsp;talvisovis i\u00e4reh l\u00e4mm\u00e4s koufeilas i aiguhizet tilattih \u00e4ij\u00e4n&nbsp;sy\u00f6misty. My\u00f6&nbsp;joimmo rakkahal omua&nbsp;\u010duajuu-\u0161okoluadua&nbsp;i muhizimmo lapsile, kudamat lekuttih piro\u017enoivitriinan ies. Vitriinust\u2019oklah ji\u00e4dih heij\u00e4n n\u2019okkien i sormien j\u00e4llet.&nbsp;<\/p>\n\n\n\n<figure class=\"wp-block-image size-large is-resized\"><img loading=\"lazy\" decoding=\"async\" width=\"1024\" height=\"1024\" src=\"https:\/\/blogs.uef.fi\/karjalanelvytys\/wp-content\/uploads\/sites\/155\/2026\/01\/Kohvik-Ott-Matilda-Laulasmaa-1024x1024.jpg\" alt=\"\" class=\"wp-image-23086\" style=\"width:auto;height:400px\" srcset=\"https:\/\/blogs.uef.fi\/karjalanelvytys\/wp-content\/uploads\/sites\/155\/2026\/01\/Kohvik-Ott-Matilda-Laulasmaa-1024x1024.jpg 1024w, https:\/\/blogs.uef.fi\/karjalanelvytys\/wp-content\/uploads\/sites\/155\/2026\/01\/Kohvik-Ott-Matilda-Laulasmaa-300x300.jpg 300w, https:\/\/blogs.uef.fi\/karjalanelvytys\/wp-content\/uploads\/sites\/155\/2026\/01\/Kohvik-Ott-Matilda-Laulasmaa-150x150.jpg 150w, https:\/\/blogs.uef.fi\/karjalanelvytys\/wp-content\/uploads\/sites\/155\/2026\/01\/Kohvik-Ott-Matilda-Laulasmaa-768x769.jpg 768w, https:\/\/blogs.uef.fi\/karjalanelvytys\/wp-content\/uploads\/sites\/155\/2026\/01\/Kohvik-Ott-Matilda-Laulasmaa.jpg 1439w\" sizes=\"auto, (max-width: 1024px) 100vw, 1024px\" \/><figcaption class=\"wp-element-caption\">Kuva: Ott &amp; Matilda Kohvik Laulasmaal&nbsp;<\/figcaption><\/figure>\n\n\n\n<h4 class=\"wp-block-heading\">14.1.2026<\/h4>\n\n\n\n<p>Livvinkarjalan paginkursan opastujien kirjutuksii<\/p>\n\n\n\n<p><strong>Jussi Konttinen:<\/strong> Paginpertis rodih piiraiperti<\/p>\n\n\n\n<p>Mennyt suovattan olin pastamas \u0161ipainiekkua Tamberen karjalazes paginpertis. Se oli vikse ezm\u00e4ine kerdu, konzu luajiin n\u00e4mmii piirualoi \u0161kolan koditalovuon urokoil. Aijembah \u00e4ij\u00e4n kerdua smietiin, gu pid\u00e4y sri\u00e4ppie \u0161ipainiekkua oman t\u2019outanke, ga smietiin muga h\u00e4tken, \u0161to h\u00e4i jo kuoli.<\/p>\n\n\n\n<p>Paginpertis \u0161ipainiekkua pastamah meidy opasti Sanna-Riikka Knuuttila. Ga h\u00e4i oli valmehekse luadinuh kartohku- da riissusyv\u00e4imen, send\u00e4h gu net pidi olla vilut ja niil\u00f6in&nbsp;luadimizeh olis mennyh \u00e4ij\u00e4n aigua. Meidy oli \u201dpiiraipertis\u201d nenga kymmene hengie. Pastandan aigua smietiimm\u00f6, mis on roinnuh \u0161ipainiekku-sana, suomekseh\u00e4i net ollah \u201dkarjalanpiirakat\u201d da ven\u2019akse \u201dkalitkat\u201d. Da tiijustin sit my\u00f6hemb\u00e4, gu vikse \u0161ipaija-verbis da se viey \u0161ipainiekoin luajindah \u0161ipaimal, yhtist\u00e4m\u00e4l.<\/p>\n\n\n\n<p>Allukse luajiimmo tahtahan, sit p\u00f6tk\u00f6n (vualu\u0161kan), min j\u00e4lles ajelimmo kuoret pualikal. Sit panimmo kuorile syv\u00e4imet, rupitimmo-yhtistimm\u00f6, paistoimmo 15 minuuttua da voijimmo hyv\u00e4zesti. Minul roittih ylen suuret piiruat, ihan kui kirikk\u00f6venehet, ga se se\u017eo oli tarkoituksennugi. Magiet oldih! Toinah luajin tuliet \u0161ipainiekat teri\u00e4mb\u00e4h, migu kymmenien vuozien per\u00e4s.<\/p>\n\n\n\n<figure class=\"wp-block-image size-large is-resized\"><img loading=\"lazy\" decoding=\"async\" width=\"768\" height=\"1024\" src=\"https:\/\/blogs.uef.fi\/karjalanelvytys\/wp-content\/uploads\/sites\/155\/2026\/01\/Jussi-Konttinen-768x1024.jpg\" alt=\"\" class=\"wp-image-23072\" style=\"width:auto;height:400px\" srcset=\"https:\/\/blogs.uef.fi\/karjalanelvytys\/wp-content\/uploads\/sites\/155\/2026\/01\/Jussi-Konttinen-768x1024.jpg 768w, https:\/\/blogs.uef.fi\/karjalanelvytys\/wp-content\/uploads\/sites\/155\/2026\/01\/Jussi-Konttinen-225x300.jpg 225w, https:\/\/blogs.uef.fi\/karjalanelvytys\/wp-content\/uploads\/sites\/155\/2026\/01\/Jussi-Konttinen-1152x1536.jpg 1152w, https:\/\/blogs.uef.fi\/karjalanelvytys\/wp-content\/uploads\/sites\/155\/2026\/01\/Jussi-Konttinen-1536x2048.jpg 1536w, https:\/\/blogs.uef.fi\/karjalanelvytys\/wp-content\/uploads\/sites\/155\/2026\/01\/Jussi-Konttinen-scaled.jpg 1920w\" sizes=\"auto, (max-width: 768px) 100vw, 768px\" \/><figcaption class=\"wp-element-caption\">Kuva: Sanna Myll\u00e4ri<\/figcaption><\/figure>\n\n\n\n<h4 class=\"wp-block-heading\">27.2.2024<\/h4>\n\n\n\n<p>Livvinkarjalan paginkursan opastujien kirjutuksii: <strong>Kielibiogruafii<\/strong><\/p>\n\n\n\n<p><strong>Jaana Petsalo (Jaana Pajattai, Mi\u0161in Jaana): Evakon tytt\u00e4ren troppu karjalan kieleh<\/strong><\/p>\n\n\n\n<p><strong>Minun kielet<\/strong><\/p>\n\n\n\n<p>Minun muamankieli on suomi, ga minun muaman muamankieli on karjala(liygi). \u0160kolas opastuin anglien, ruo\u010din da germuanien kielih. Gimnuazies opastuin se\u017eo francien kieldy. Yliopistos olen opastunnuh ruo\u010din, anglien da germuanien kielih. Li\u017e\u00e4kse maltan v\u00e4h\u00e4zen ven\u2019an da pohjassaamen kieldy. Karjalan kieli on minun nyg\u00f6ine himoruado.<\/p>\n\n\n\n<p><strong>Juuret Salmin Virdil\u00e4s<\/strong><\/p>\n\n\n\n<p>Minun muaman vahnembat paistih karjalakse. Buabo (1911\u2013 1993) oli k\u00e4ynnyh suomenkielizeh \u0161kolah Salmin Karkus. Died\u2019oi (1903\u20131997) pagizi, kirjutti da pajatti se\u017eo ven\u2019akse, gu h\u00e4i oli k\u00e4ynnyh Man\u0161ilan ven\u2019ankielizeh \u0161kolah. Sie h\u00e4i oli opastunnuh se\u017eo kirikk\u00f6sluavih. Mollembat paistih suomeksegi da maltettih kirjuttua suomekse.<\/p>\n\n\n\n<p>Muamo ei ole paissuh karjalakse meij\u00e4nke kois, ga buaban da died\u2019oinke h\u00e4i ainos pagizi vai karjalakse, se\u017eo telefonas. Send\u00e4h tiij\u00e4n, konzu paistah putillistu karjalua.<\/p>\n\n\n\n<p>Died\u2019oi kirjutti muaman roindup\u00e4iv\u00e4nny nengoman lyhy\u010d\u010d\u00e4zen tekstan omassah suomenkielizeh p\u00e4ivykirjah: \u201dKylvetty Hakasel\u00e4n pelto 100 kg ruista \u00e1 5\/80. Perj. iltana&nbsp;synnytti Lea tytt\u00e4ren&nbsp;kello 9-10 v\u00e4lill\u00e4. Oli ilo, tyt\u00e4r tuli.\u201d<\/p>\n\n\n\n<p><strong>\u201dMibo sinuu nagrattaa?\u201d<\/strong><\/p>\n\n\n\n<p>Minun muamo (1942\u2013 &nbsp;) on livvinkarjalaine da pravoslaunoi, h\u00e4i on roinnuhes Salmin Man\u0161ilas\/Virdil\u00e4s perehen enzim\u00e4zen evakkomatkan (R\u00e4\u00e4kkyl\u00e4n Oravisalo 1939, Jalasj\u00e4rvi 1939\u201342) j\u00e4lles. Pereh l\u00e4hti toizen da j\u00e4lgim\u00e4zen kerran evakkoh kez\u00e4l 1944 Pielaviele, ga vuvvennu 1949 hy\u00f6 muutettih Ran\u010dilan Ker\u00e4l\u00e4h Pohjas-Pohjanmuale. Sygyzyl muamo meni karjalankielizenny suomenkielizeh \u0161kolah.<\/p>\n\n\n\n<p>Muaman kyzymys enzim\u00e4zenny \u0161kolap\u00e4iv\u00e4nny, konzu \u0161koladovari\u0161\u0161u nagroi h\u00e4nen karjalankielisty paginua. Ne\u010de dovari\u0161su oli i\u010degi Salmin evakko, ga h\u00e4i oli el\u00e4nyh perehenke Ran\u010dilas jo v\u00e4h\u00e4sty pitkemb\u00e4n aijan. Muamo on yhtell\u00e4h sanelluh, gu h\u00e4ndy ei \u0161kolas muokattu kielen libo evakkohuon t\u00e4h; opastai oli moine hyv\u00e4 inehmine.<\/p>\n\n\n\n<p>L\u00e4s kaikis karjalan murdehis sanotah nagrattau (diftongu), ga Salmin Man\u0161ilan\/Virdil\u00e4n murdehes sanotah nagrattaa (pitky vokali).<\/p>\n\n\n\n<p><strong>Salmin murreh<\/strong><\/p>\n\n\n\n<p>Lapsennu kuulin salmilastu paginua vai silloi-toi\u010di, ga se on minun korvih se ainavo, kui sanotah, oigei paginluadu. I\u010de en malta paista putilleh.<\/p>\n\n\n\n<p>Vala\u0161in pruazniekku Pielaviel oli meij\u00e4n perehen matkukohtu joga kezi\u00e4 1970- da 1980-luvuil. Savos kuulit ainos karjalua, gu muaman kai rodn\u2019at sie paistih karjalakse.<\/p>\n\n\n\n<p>T\u00e4s er\u00e4hii sanoi, kudamii viegi mustelen hyv\u00e4l mielel: L\u00e4kki\u00e4 pertih! A-voi-voi! Tule l\u00e4hemb\u00e4 leibi\u00e4!, ielleh-j\u00e4rilleh, vikse, mu\u010doi, ruo\u010d\u010di.<\/p>\n\n\n\n<p><strong>Opastundu ei ojah kua<\/strong><\/p>\n\n\n\n<p>Rubein opastumah karjalan kieleh Snellman-kez\u00e4yliopiston verkokursoil sygyzyl 2017. Enzim\u00e4ine kursu oli <em>Ka\u010dahtus karjalan kieleh<\/em>, opastajannu Maria Kuismin. T\u00e4l kursal kuulin karjalua enzim\u00e4sty kerdua virrallizes yhtevy\u00f6s. Toine kursu oli <em>Pagizemmo karjalakse &#8211; karjalan kielen algukursu, <\/em>kevi\u00e4l 2021, opastajannu oli Olga Kuusela. T\u00e4m\u00e4gi oli ylen vessel kursu. Kolmas kursu oli <em>Pagizemmo karjalakse &#8211; karjalan kielen jatkokursu<\/em>, opastajannu my\u00f6sgi Olga Kuusela. T\u00e4l kursal oli kui kieldy mugai kul\u2019tuurua.<\/p>\n\n\n\n<p><strong>Ig\u00e4 el\u00e4, ig\u00e4 opastu<\/strong><\/p>\n\n\n\n<p>Sygyzyl 2021 rodih mahto opastuo karjalan kieldy P\u00e4iv\u00e4nnouzu-Suomen avvonazes yliopistos loito\u010di da vie tallendehien vuoh. Enzim\u00e4i minun pidi ottua vai karjalan peruskursu, ga eih\u00e4i se muga mennyhgi. Vuvvinnu 2021-2022, 2022-2023 da 2023-2024 suoritin nenne Natalia Giloevan kursat:<\/p>\n\n\n\n<p><em>Karjalan kielen peruskursu (livvinkarjala)<\/em>; t\u00e4l kursal oli ylen raviedu opastundua. <em>Karjalan kielen jatkokursu (livvinkarjala)<\/em>; kursal oli li\u017ei\u00e4 raviedu opastundua, ezim. verbil\u00f6in refleksiivutaivutus, kondicionualu. <em>Karjalan kielen murdehet<\/em>; t\u00e4m\u00e4 oli ylen mieldykiinnitt\u00e4i da p\u00e4tt\u00e4vy kursu. <em>Ki\u00e4nn\u00f6sseminuaru I (karjala)<\/em>; t\u00e4l kursal luajitut kodiruavot oldih kui oigieh elokseh n\u00e4h.<\/p>\n\n\n\n<p>Li\u017e\u00e4kse otin vie n\u00e4mm\u00e4 kursat: <em>Karjala da ven\u2019a<\/em>, opastajannu Susanna Tavi; opastundu oli i\u010d\u010den\u00e4sty opastundua. <em>Karjalan kielen sanakniigu- da sanastoruado<\/em>, opastajinnu Helka Riionheimo da Susanna Tavi; t\u00e4l kursal luajiin Yle Uudizet karjalakse -sanaston. <em>Opastus karjalan kieleh da kul\u2019tuurah<\/em>, opastajannu Susanna Tavi; t\u00e4m\u00e4 oli ylen monipuoline da p\u00e4tt\u00e4vy kursu, hos t\u00e4m\u00e4 olis pid\u00e4nyh ottua ihan opastundan allus.<\/p>\n\n\n\n<p>Tallendehien vuoh opastundan j\u00e4lles oli mahto ottua <em>Karjalan kielen paginkursu (livvinkarjala)<\/em>. Nyg\u00f6i pi\u00e4zin enzim\u00e4sty kerdua kerale live-luvendoloile, send\u00e4h gu otin palkattomua oza-aigahistu opastunduv\u00e4lli\u00e4 ruavos. \u010coma oli pi\u00e4st\u00e4 pagizemah toizien opastujienke. Opastajannu oli my\u00f6sgi Natalia Giloeva.<\/p>\n\n\n\n<p>Minun <em>Karjalan histourii<\/em> -kursu ei ole viegi valmis, send\u00e4h gu kursan kniigat ollah vie l\u00e4s lugemattah da essie kogonah kirjuttamattah. Ga aigua vie on.<\/p>\n\n\n\n<p><strong>Kieliaktivismua<\/strong><\/p>\n\n\n\n<p>Kirjutan toi\u010di mid\u00e4gi Facebookah karjalakse, kuundelen YLE Uudizet karjalakse joga ned\u00e4lii. Olen olluh keral karjalan elvytysprojektan Paginpertil\u00f6is Zooma\u010di, yhten kerran olen olluh Oulun Paginpertis. Vellenke my\u00f6 toi\u010di kirjutammo WhatsApp-viestil\u00f6i karjalakse. Silloi-toi\u010di ostan da luvengi kniigoi karjalakse.<\/p>\n\n\n\n<p>Piin minun enzim\u00e4zen virrallizen paginan karjalakse Huabuviel Karjalazien paginpertis syvyskuul 2022. Paginan rubriekannu oli <em>Ka\u010dahtus karjalan kieleh &#8211; evakon tytt\u00e4ren paginua livvinkarjalakse<\/em>. Mennyt talvikuul luvin Rastavanjevangelien saman yhtistyksen rastavanpruazniekas.<\/p>\n\n\n\n<p>Olen kirjutannuh yhten karjalankielizen Wikipedii-kirjutuksen, tiemannu oli tiett\u00e4v\u00e4ine Huabuvezi. Tuliel aijal tahtozin n\u00e4ht\u00e4 da lugie hos vai yhten Aku Ankka -lehten karjalakse, gu onh\u00e4i Aku Ankka -lehtii ki\u00e4nnetty ezimerkikse er\u00e4hile suomen murdehilegi.<\/p>\n\n\n\n<p>Minun opastundu karjalan kieleh tiett\u00e4v\u00e4ine vie jatkuu, gu vie en ole valmis. Karjala j\u00e4rilleh &#8211; sana kerrallah!<\/p>\n\n\n\n<p>Materjualua:<\/p>\n\n\n\n<p><a href=\"https:\/\/olo.wikipedia.org\/wiki\/Huabuvezi\">Huabuvezi \u2013 Wikipedii (wikipedia.org)<\/a><\/p>\n\n\n\n<p><a href=\"https:\/\/salmi-saatio.fi\/leomirala\/\">Leo <\/a><a href=\"https:\/\/salmi-saatio.fi\/leomirala\/\">Miralan<\/a><a href=\"https:\/\/salmi-saatio.fi\/leomirala\/\"> kotisivut &#8211; Salmin historiaa ja sukututkimusta (salmi-saatio.fi)<\/a><\/p>\n\n\n\n<p><a href=\"https:\/\/www.youtube.com\/watch?v=Gjr_5mOr7Yg&amp;t=5s\">Valassi<\/a><a href=\"https:\/\/www.youtube.com\/watch?v=Gjr_5mOr7Yg&amp;t=5s\"> 1973, Pielavesi \u2013 YouTube<\/a><\/p>\n\n\n\n<figure class=\"wp-block-image size-full\"><img loading=\"lazy\" decoding=\"async\" width=\"315\" height=\"315\" src=\"https:\/\/blogs.uef.fi\/karjalanelvytys\/wp-content\/uploads\/sites\/155\/2024\/02\/JaanaPetsalo.jpg\" alt=\"\" class=\"wp-image-16458\" srcset=\"https:\/\/blogs.uef.fi\/karjalanelvytys\/wp-content\/uploads\/sites\/155\/2024\/02\/JaanaPetsalo.jpg 315w, https:\/\/blogs.uef.fi\/karjalanelvytys\/wp-content\/uploads\/sites\/155\/2024\/02\/JaanaPetsalo-300x300.jpg 300w, https:\/\/blogs.uef.fi\/karjalanelvytys\/wp-content\/uploads\/sites\/155\/2024\/02\/JaanaPetsalo-150x150.jpg 150w\" sizes=\"auto, (max-width: 315px) 100vw, 315px\" \/><figcaption class=\"wp-element-caption\">Minun enzim\u00e4ine \u0161kolap\u00e4ivy sygyzyl 1976. Kuva: Veikko Kuusirati<\/figcaption><\/figure>\n\n\n\n<h4 class=\"wp-block-heading\">21.2.2024<\/h4>\n\n\n\n<p>Karjalakse voibi paista kaikkii dieloloi! T\u00e4s P\u00e4iv\u00e4nnouzu-Suomen yliopiston livvinkarjalan paginkursan opastujat <strong>Heli Palviainen<\/strong> da <strong>Keri Kallio<\/strong> paistah teatrah n\u00e4h. <strong>Suvai\u010detgo sin\u00e4 teatrua?<\/strong><\/p>\n\n\n\n<p>&#8211; Keri, suvai\u010detgo sin\u00e4 teatrua?<\/p>\n\n\n\n<p>&#8211; Muga, \u00e4ij\u00e4l suvai\u010den! Olen moine teatruniekku, da olen ainos rakkahal k\u00e4ynnyh teatrah. Suvai\u010detgo sin\u00e4?<\/p>\n\n\n\n<p>&#8211; Suvai\u010den min\u00e4gi. Olen nuores suate olluh i\u010de teatras ozuttelijannu da toi\u010di taki ka\u010d\u010donuhgi teatruozutelmoi. Ga en\u00e4mb\u00e4n olen olluh i\u010de laval. Olen k\u00e4ynnyh se\u017eo ozuttelijanruavon opastundan.<\/p>\n\n\n\n<p>&#8211; I\u010de olen ouperupajattai da ozuttajannu on ouperu minule tuttavembi. Olen nuorennu se\u017eo olluh himoruadoteatras, da \u0161kolas se\u017eo v\u00e4h\u00e4zen ozutelluh. Teatru on minule ainos olluh ylen t\u00e4rgei da armas dielo. Tahtozin puaksumbah k\u00e4vv\u00e4 teatrah. Puaksuh olen eht\u00e4l ruavos da en pi\u00e4ze.<\/p>\n\n\n\n<p>&#8211; Ongo mittustu eruo ozutella ouperas, migu teatras?<\/p>\n\n\n\n<p>&#8211; No toinah t\u00e4rgevin ero on, gu ouperas pid\u00e4y ainos duumaija pajatandua da muuzikkua. Muuzikku ei seizatu da ei ole aigua ji\u00e4h\u00e4 nimid\u00e4 duumaimah. \u0160ou pid\u00e4y jatkuo, sanotah! Ongo sinul armastu ozutelmankirjuttajua?<\/p>\n\n\n\n<p>&#8211; En malta sanuo. Suvai\u010den, ku suau ozutella eriluaduzis ozutelmois. A vikse en\u00e4mb\u00e4l olen suvainnuh ozutellakseh klassikkuozutelmois. Ezimerkikse Niskavuori -ozutelmas libo Lieksan Vuonislahtel ozuteltuloi ozutelmoi, kudamat sijoitutah sih, ezimerkikse Heikki Turuzen ozutelmat. Ongo sinul armastu ozutelmankirjuttajua?<\/p>\n\n\n\n<p>&#8211; I\u010de suvai\u010den se\u017eo vahnoi ozutelmoi da klassikkua. Niskavuori-ozutelmat olen gimnuazis lugenuh da duumai\u010din, gu net oldih ylen hyv\u00e4t. Tahtozin net teatras n\u00e4ht\u00e4. Suvai\u010den tovengi se\u017eo lugie ozutelmoi, ga duumai\u010den, gu on ainos parembi, konzu net suau teatras n\u00e4ht\u00e4, net ollah ozuttamole kirjutettu! Minun rakkahin ozutelmankirjuttai on Shakespeare da minun rakkahin ozutelmu on vikse Hamlet.<\/p>\n\n\n\n<p>Teatrusanastuo l\u00f6vv\u00e4t t\u00e4s:<\/p>\n\n\n\n<p><a href=\"https:\/\/blogs.uef.fi\/karjalanelvytys\/teatrusanastuo-livvinkarjalakse\/\">Teatrusanastuo livvinkarjalakse &#8211; Karjalan kielen elvytt\u00e4minen (uef.fi)<\/a><\/p>\n\n\n\n<p>Kuva: Pixabay<\/p>\n\n\n\n<figure class=\"wp-block-image size-large is-resized\"><img loading=\"lazy\" decoding=\"async\" width=\"1024\" height=\"736\" src=\"https:\/\/blogs.uef.fi\/karjalanelvytys\/wp-content\/uploads\/sites\/155\/2024\/02\/mask-3149305_1280-1024x736.jpg\" alt=\"\" class=\"wp-image-16395\" style=\"width:400px\" srcset=\"https:\/\/blogs.uef.fi\/karjalanelvytys\/wp-content\/uploads\/sites\/155\/2024\/02\/mask-3149305_1280-1024x736.jpg 1024w, https:\/\/blogs.uef.fi\/karjalanelvytys\/wp-content\/uploads\/sites\/155\/2024\/02\/mask-3149305_1280-300x216.jpg 300w, https:\/\/blogs.uef.fi\/karjalanelvytys\/wp-content\/uploads\/sites\/155\/2024\/02\/mask-3149305_1280-768x552.jpg 768w, https:\/\/blogs.uef.fi\/karjalanelvytys\/wp-content\/uploads\/sites\/155\/2024\/02\/mask-3149305_1280.jpg 1280w\" sizes=\"auto, (max-width: 1024px) 100vw, 1024px\" \/><\/figure>\n\n\n\n<h4 class=\"wp-block-heading\">19.2.2024<\/h4>\n\n\n\n<p>P\u00e4iv\u00e4nnouzu-Suomen yliopiston livvinkarjalan paginkursan opastujat toi\u010di luajitah v\u00e4llillisty kodiruaduo, kudamua keksit\u00e4h i\u010de. Ilo on jullata!<\/p>\n\n\n\n<p>P\u00e4iv\u00e4nnouzu-Suomen yliopiston livvinkarjalan paginkursan opastujat toi\u010di luajitah v\u00e4llillisty kodiruaduo, kudamua keksit\u00e4h i\u010de. Ilo on jullata!<\/p>\n\n\n\n<p><strong>Kirjutus: Tero Tikkanen<\/strong><\/p>\n\n\n\n<p>Kuva: Pentti Tikkazen pereharhiivu<\/p>\n\n\n\n<p><strong>Armahin himoruado<\/strong><\/p>\n\n\n\n<p>Min\u00e4 mustan, gu min\u00e4 olin algu\u0161kolas da meij\u00e4n opastai andoi meile ruavokse luadie sugupuu. Kois min\u00e4 kyzelin minun vahnembil, ket oldih heij\u00e4n buabot da died\u00b4oit. Se oli ylen mieldykiinnitt\u00e4i dielo. Min\u00e4 tiijustin, \u0161to tuatan died\u00b4oi oli kuolluh talvivoinas. Li\u017e\u00e4kse muamo kerdoi, \u0161to h\u00e4nen buabal oli ruo\u010dinkieline sugunimi. Mind\u00e4h h\u00e4nel nengone oli? Oligo h\u00e4i ruo\u010d\u010dilaine? Sid\u00e4 muamo ei maltanuh sanuo, ga h\u00e4i duumai\u010d\u010di, \u0161to Aune-buabo oli suomelaine.<\/p>\n\n\n\n<p>Aigu meni, ga suvun histourii pyzyi mieldykiinnitt\u00e4j\u00e4nny dielonnu. Min\u00e4 olin jo aiguhine briha, konzu alloin uvvessah sellitt\u00e4m\u00e4h omua suguu dai ezi-i\u017eii. Sen j\u00e4lles ei olluh tuluo. Nyg\u00f6i olen l\u00e4s viittytostu vuottu tutkinuh minun suguu ja olen sellit\u00e4nnyh kaikenluadustu dieluo. Ezimerkikse muaman buaban sugunimi oli ruo\u010dinkieline send\u00e4h, gu h\u00e4nen ezi-i\u017e\u00e4 oli p\u00e4\u010d\u010diniekku Asikkalas. Ammui k\u00e4ziruadajil pidi olla ruo\u010dinkieline sugunimi, hos hy\u00f6 oldihgi suomenkielizet. Pravoslaunoidu sugu\u0161uarua minul ei ole, gu kai minun ezi-i\u017e\u00e4t ollah Pohjas-Pohjanmual, H\u00e4mehes libo Savosp\u00e4i.<\/p>\n\n\n\n<p>Minun mieles sugututkimus on ylen hyv\u00e4 himoruado, send\u00e4h gu se on mieldykiinnitt\u00e4i. Minun mieles on mugahtembuaju dielo kuulta libo sellitti\u00e4, mid\u00e4 minun ezi-i\u017e\u00e4t ollah ruattu. T\u00e4l kodvazel min\u00e4 luven vahnoi ruo\u010dinkielizii suudoloin protokoloi da tutkin vahnoi fotokuvii. Li\u017e\u00e4kse sugututkimus on huovis himoruado, hos toi\u010di jovvutgi tiluamah sellityksii prihodoil da se maksau. Ga enimy\u00f6lleh tarvi\u010det vai tiedokonehen, Internetan da aigua. T\u00e4m\u00e4 himoruado on se\u017eo andanuh minule ylen \u00e4ij\u00e4n. Olen l\u00f6yd\u00e4nyh \u201duuzii\u201d sugulazii, se on l\u00e4hend\u00e4nnyh minuu \u201dvahnoih\u201d sugulazih da se on avvutannuh minuu parem ellend\u00e4m\u00e4h omua i\u010d\u010die. Mennyzys vaikuttau meij\u00e4n argizeh elokseh. Min\u00e4 se\u017eo duumai\u010den, \u0161to t\u00e4m\u00e4 on kunnivoi\u010dendu minun ezi-i\u017eile, gu min\u00e4 kerron heij\u00e4n starinua da yhteltiedy hy\u00f6 hava\u010dutah hengih.<\/p>\n\n\n\n<figure class=\"wp-block-image size-large is-resized\"><img loading=\"lazy\" decoding=\"async\" width=\"1024\" height=\"705\" src=\"https:\/\/blogs.uef.fi\/karjalanelvytys\/wp-content\/uploads\/sites\/155\/2024\/02\/Tero-Tikkanen_19.2-1024x705.jpg\" alt=\"\" class=\"wp-image-16358\" style=\"width:400px\" srcset=\"https:\/\/blogs.uef.fi\/karjalanelvytys\/wp-content\/uploads\/sites\/155\/2024\/02\/Tero-Tikkanen_19.2-1024x705.jpg 1024w, https:\/\/blogs.uef.fi\/karjalanelvytys\/wp-content\/uploads\/sites\/155\/2024\/02\/Tero-Tikkanen_19.2-300x207.jpg 300w, https:\/\/blogs.uef.fi\/karjalanelvytys\/wp-content\/uploads\/sites\/155\/2024\/02\/Tero-Tikkanen_19.2-768x529.jpg 768w, https:\/\/blogs.uef.fi\/karjalanelvytys\/wp-content\/uploads\/sites\/155\/2024\/02\/Tero-Tikkanen_19.2-1536x1058.jpg 1536w, https:\/\/blogs.uef.fi\/karjalanelvytys\/wp-content\/uploads\/sites\/155\/2024\/02\/Tero-Tikkanen_19.2.jpg 2042w\" sizes=\"auto, (max-width: 1024px) 100vw, 1024px\" \/><\/figure>\n\n\n\n<p><strong>Kirjutus da kuva: Tarja Tonteri<\/strong><\/p>\n\n\n\n<p>Sadu<\/p>\n\n\n\n<p>Kev\u00e4t kulgou edehp\u00e4i terv\u00e4zeh da sen j\u00e4lles j\u00e4rgieh tulou se\u017eo kez\u00e4. Ka\u010d\u010do ki\u00e4ndyy nyg\u00f6i puaksuh pihamuah, saduh. On aigu kylvi\u00e4 siemenii padoih da se ongi minule ylen mieldykiinnitt\u00e4i ruado. Sadulaukois on hyv\u00e4 kazvossiemensortimentu jo pakkas- dai tuhukuun aigah. Vessel on ka\u010d\u010duo, kui piendy taimendu nouzou muasp\u00e4i, konzu vai mustat valella niil\u00f6i da konzu net suajah p\u00e4iv\u00e4sty tarbehekse ikkunasp\u00e4i.&nbsp;<\/p>\n\n\n\n<p>I\u010de suvai\u010den kazvattua kui hy\u00f6dykazvoksii, mugai \u010domenduskazviloi. Mennyt vuon istutin kolme tuija-tuhjuo da net ollah vihandat vuvven ymb\u00e4ri. Ylen suvai\u010den niidy. Savus on se\u017eo vahnua puustuo. Savun keskel on t\u00e4vves komehuos suuri juablokkupuu, kudamua linduzet suvaijah. Sygyzyl meij\u00e4n perehes syvv\u00e4h puaksuh juablokkua da min\u00e4 pastan juablokkupiiruadu se\u017eo luajin varen\u2019n\u2019ua dai pyretty.<\/p>\n\n\n\n<p>Ilon kodvaine koittau, konzu suat kez\u00e4kuus istuttua taimenii pihamuah. Net kazvetah monivuodizien sadukazvoksien ker yhten libo kahten kez\u00e4n aijan. Moni hy\u00f6dykazvos on se\u017eo \u010domenduksennu savus. Min\u00e4 suvai\u010den \u00e4ij\u00e4l ruskeijuurikoidu, konzu ne\u010den lehtet ollah \u010domat da net ollah mieleh i\u010d\u010deni savus. T\u00e4rgei on mustua valella kazvoksii tarbehekse, konzu kez\u00e4 on r\u00e4kki da vihmuu vai harvazeh.<\/p>\n\n\n\n<p>Savun hoido ongi minun himoruado.<\/p>\n\n\n\n<figure class=\"wp-block-image size-full is-resized\"><img loading=\"lazy\" decoding=\"async\" width=\"640\" height=\"481\" src=\"https:\/\/blogs.uef.fi\/karjalanelvytys\/wp-content\/uploads\/sites\/155\/2024\/02\/Tarja-Tonteri19.2.jpg\" alt=\"Punaisia ja keltaisia kukkia ulkoruukussa\" class=\"wp-image-16330\" style=\"width:400px\" srcset=\"https:\/\/blogs.uef.fi\/karjalanelvytys\/wp-content\/uploads\/sites\/155\/2024\/02\/Tarja-Tonteri19.2.jpg 640w, https:\/\/blogs.uef.fi\/karjalanelvytys\/wp-content\/uploads\/sites\/155\/2024\/02\/Tarja-Tonteri19.2-300x225.jpg 300w\" sizes=\"auto, (max-width: 640px) 100vw, 640px\" \/><\/figure>\n\n\n\n<p>Kirjutus da kuva: <strong>Marja Kopeli<\/strong><\/p>\n\n\n\n<p><strong>Saimuan uardehii: skiittusuari da n\u2019orpat<\/strong><\/p>\n\n\n\n<p>Olemmo l\u00e4s kymmendy kezi\u00e4 ajelluh omal venehel pitkin-poikki Saimuadu. Saimuan suaris on hos mittuzii hyvii da \u010domii kohtii, kudamis enimy\u00f6lleh ei tiet\u00e4 net, ket ei suvaija venehel ajelendua. Kerron nyg\u00f6i er\u00e4his Saimuan ainavoluaduzis uardehis.<\/p>\n\n\n\n<p>Ilkonsuari on 18 kilometrii Lappeenrannasp\u00e4i pohjazeh. Venehel matkua sinne tulou l\u00e4s 25 kilometrii. Suareh enzim\u00e4sty kerdua menii voibi h\u00e4mm\u00e4sty\u00f6, ka\u010do ku suares on viizi pravoslaunoidu \u010dasounua libo piendy kirikky\u00f6. Net on nostettu 2009\u20132019, da niil\u00f6in mallit ollah eriluaduzet manasterit V\u00e4limerelp\u00e4i pohjazeh Ji\u00e4merele.<\/p>\n\n\n\n<p>Jogahine \u010dasounu on nimetty olijan manasterin sivumanasterikse libo skiitakse. Skiittoin mallit ollah pe\u010damolaine, konevi\u010dalaine, valamolaine da novgorodalaine kirikk\u00f6 da Athos-goran manasterin kirikk\u00f6 Grecies. Hos \u010dazounat ollah pienet, ezimerkikse novgorodalazen kirik\u00f6n akustiekku on uskomatoi da obrazat da kupolan mualavukset ollah ylen kaunehet.<\/p>\n\n\n\n<p>Suares l\u00e4bi kulgou yhten kilometrin piduhine troppu, da sie on kahtet randutelat, kudamih voit tulla venehenke. Suareh pi\u00e4zet se\u017eo laivumatkal Lappeenrannasp\u00e4i.<\/p>\n\n\n\n<p>Olemmo k\u00e4ynnyh suareh monennu kez\u00e4nny, da ainos k\u00e4vymm\u00f6 ilmai kiirehty ka\u010d\u010domah kai \u010dasounat. Olemmo se\u017eo y\u00f6bynyh Ilkonsuaren randutelois er\u00e4hii kerdoi. Rannan grillipaikas voit luadie mid\u00e4tahto ildupalua da ihaloija Saimuan rauha\u017eua ehtytunnelmua.<\/p>\n\n\n\n<p>En jo malta olla maini\u010d\u010demattah tostu suardu, kudamah ainos k\u00e4vymm\u00f6, konzu ajammo venehel l\u00e4h\u00e4l sid\u00e4. P\u00e4tt\u00e4v\u00e4s kohtas v\u00e4h\u00e4zel Savonlinnan suvipuolel Pihlajaviel on Juuvinsuari. Sen randutelat ollah suoja\u017eat monil tuulil, da send\u00e4h \u00e4ij\u00e4t venehel ajelijat suvaijah ji\u00e4h\u00e4 sih y\u00f6bym\u00e4h.<\/p>\n\n\n\n<p>Suares on omaluaduine ped\u00e4i, kudamas on ylen sangei oksu kallivon pi\u00e4l. Joga kerdua, konzu olemmo suares, k\u00e4vymm\u00f6 rippumah oksas da otammo fotokuvan. Minul on kogonaine sarju vesseli\u00e4 oksasripundukuvua eri vuozil.<\/p>\n\n\n\n<p>Saimuan alovehel el\u00e4y saimuann\u2019orpu, kudai on yksi muailman harvinazimis t\u2019ulenilois. N\u2019orpat ollah Saimuan suurimii uardehii. Olemmo n\u00e4hnyh niidy er\u00e4hii kerdoi ezimerkikse l\u00e4h\u00e4l Juuvinsuardu Pihlajavien monis salmis. N\u2019orpan n\u00e4gemine on ainos syk\u00e4htytt\u00e4i kodvaine.<\/p>\n\n\n\n<p>Kez\u00e4l n\u2019orpii voit n\u00e4ht\u00e4 uimas: ainos pi\u00e4 n\u00e4gyy vies gu mustu kumisuappuan ter\u00e4. Kevi\u00e4l net puaksuh virutah randukivil, konzu niil\u00f6il on karvanvaihtoaigu. Ihan nyg\u00f6i n\u2019orpat e\u010dit\u00e4h pez\u00e4paikkoi, da niil\u00f6il on sanottu julgi pezoittumisrauhu. Toivotah, \u0161to pezoittumine lykystyy da n\u2019orpurodu lujenou.<\/p>\n\n\n\n<p>Li\u017e\u00e4tieduo Ilkonsuareh da sen skiittoih n\u00e4h: <a href=\"https:\/\/www.visitlappeenranta.fi\/fi\/Teemat-ja-tarinat\/Retkeilijan-Lappeenranta\/Ilkonsaari-\">linku<\/a> da <a href=\"https:\/\/saimaanskiitat.fi\/\">linku<\/a>.<\/p>\n\n\n\n<p>Liz\u00e4tieduo saimuann\u2019orpah n\u00e4h: <a href=\"https:\/\/wwf.fi\/elainlajit\/saimaannorppa\/\">linku<\/a>. <\/p>\n\n\n\n<figure class=\"wp-block-image size-full is-resized\"><img loading=\"lazy\" decoding=\"async\" width=\"940\" height=\"529\" src=\"https:\/\/blogs.uef.fi\/karjalanelvytys\/wp-content\/uploads\/sites\/155\/2024\/02\/MarjaKopeli19.2.2024.png\" alt=\"Norppapehmolelu ja kortti, jossa on kukkien kuvia\" class=\"wp-image-16318\" style=\"width:400px\" srcset=\"https:\/\/blogs.uef.fi\/karjalanelvytys\/wp-content\/uploads\/sites\/155\/2024\/02\/MarjaKopeli19.2.2024.png 940w, https:\/\/blogs.uef.fi\/karjalanelvytys\/wp-content\/uploads\/sites\/155\/2024\/02\/MarjaKopeli19.2.2024-300x169.png 300w, https:\/\/blogs.uef.fi\/karjalanelvytys\/wp-content\/uploads\/sites\/155\/2024\/02\/MarjaKopeli19.2.2024-768x432.png 768w\" sizes=\"auto, (max-width: 940px) 100vw, 940px\" \/><\/figure>\n\n\n\n<p>Kirjutus da kuva: <strong>Helena Silvennoinen-Kuikka<\/strong><\/p>\n\n\n\n<p><strong>Vierahien kielien opastundu &nbsp;<\/strong><\/p>\n\n\n\n<p>Tahtozin v\u00e4h\u00e4zen sanella teile, kui vierahien kielien opastundu on minun elokses mennyh. Opastuin enzim\u00e4zes luokas \u0161kolas, konzu meil oli kodiruavonnu lugie yksi tekstu, kuduas oli&nbsp;ruo\u010dinkieline sugunimi Str\u00f6mberg. Mustan, kui opiin lugie sid\u00e4 sanua uvvessah da uvvessah, ga en sid\u00e4 maltanuh sanuo. Muamo sanoi, \u0161to t\u00e4l tyt\u00f6l on vie vaigevuksii vierahien kielien opastundas.<\/p>\n\n\n\n<p id=\"yui_3_17_2_1_1708323922344_54\">Nelli vuottu opastuin meij\u00e4n oman hierun \u0161kolas da sit pi\u00e4zin&nbsp;opastumah ke\u0161ki\u0161kolah kirik\u00f6nkyl\u00e4h.&nbsp;Ke\u0161ki\u0161kolas&nbsp;alloimmo opastuo ruo\u010din da anglien kielii. Mustan, kui my\u00f6 ki\u00e4nnimm\u00f6 tekstoi da kodiruavokse oli ainos pitky listu uuttu sanua. Emmo nikonzu paissuh n\u00e4mmil kielil da konzu luvimmo tekstoi, sanoimmo sanat muga, kui net kirjutettih.<\/p>\n\n\n\n<p>Ke\u0161ki\u0161kolan j\u00e4lles rubein opastumah gimnuazies vierahien kielien liiniel. Se oli suuri muutos minun elokses, send\u00e4h ku pidi j\u00e4tti\u00e4 kodi da vahnembat da menn\u00e4 el\u00e4m\u00e4h yksin Jovensuun linnah. Gimnuazies ruo\u010din da anglien li\u017e\u00e4kse rubein opastumah francien da germuanien kielii. Opastundan metoudu oli tuttavu jo ke\u0161ki\u0161kolan aijoilp\u00e4i: tekstoin ki\u00e4nd\u00e4misty, lugemistu da grammuatiekkua. Pagizendua oli ylen v\u00e4h\u00e4ine. Anglien kielen opastai meil oli ylen p\u00e4devy da vuadii. Mustan, kui l\u00e4s joga ildua meni \u010duassuu yksi-kaksi anglien kielen kodiruadoloinke.<\/p>\n\n\n\n<p>Gimnuazien j\u00e4lles tahtoin menn\u00e4 Jyv\u00e4skyl\u00e4n yliopistoh, ga jygei oli pi\u00e4st\u00e4 opastumah sih aigahgi. Duumai\u010din, \u0161to vikse pi\u00e4zen opastumah anglien kieleh da mugah\u00e4i se rodihgi. Yliopistos sanottih, \u0161to tahtonet opastajakse, pid\u00e4y vie ottua toine kieli sivuainehekse. Sih aigah en vie \u00e4iji\u00e4 duumainnuh ruaduo, tahtoin vaiku opastuo. Ga mibo kieli olis hyv\u00e4 sivuainehekse? Sie samas yliopistos opastui yksi neidine meij\u00e4n hierusp\u00e4i da h\u00e4i opastui anglien da ven\u2019an kielii da min\u00e4 duumai\u010din, \u0161to vikse nenga on hyv\u00e4 minulegi. &nbsp;Rubein opastumah ven\u2019an kieldy se\u017eo send\u00e4h, ku sih aigah 1970- luvul sanottih, \u0161to maksau opastuo ven\u2019an kieldy, se on tulien aijan kieli.<\/p>\n\n\n\n<p>Vuozien da vuozikymmenien aigah olen vie opastunnuh v\u00e4h\u00e4zen italien da eestin kielii, &nbsp;ga net oldih minule vaiku himoruavonnu. &nbsp;Norvegien kieldy pidi opastuo send\u00e4h, ku my\u00f6 elimm\u00f6 sie kaksi vuottu. Konzu opastuin norvegien kieldy, rubein ellend\u00e4m\u00e4h se\u017eo danienkielisty tekstua, ga pagizendua en ole ellend\u00e4nnyh.<\/p>\n\n\n\n<p>Nyg\u00f6i sit opastun karjalan kieldy. Enzim\u00e4sty kerdua opastun varavonalastu kieldy da enzim\u00e4sty kerdua min\u00e4 duumai\u010den, \u0161to vikse minuu vie tarvitah. Kai suuret kielet ylen hyvin elet\u00e4h ilmai minuu, ga karjalan kieli tarvi\u010d\u010dou jogahistu opastajua da opastujua, jogahistu pagizijua da jogahistu kirjuttajua. Da jogahistu pajattajua \u2013 nenga k\u00e4ski minun KarjalaBriha- ukko li\u017e\u00e4t\u00e4!<\/p>\n\n\n\n<p>Kielien opastundu on ylen mieldykiinnitt\u00e4i dielo. Jogahine kieli kuvuau muailman da eloksen omah luaduh. Konzu rubiet opastumah vierahii kielii, opastut samal aigua ezimerkikse kul\u2019tuurua, histouriedu, muantieduo, da kirjalli\u017euttu.<\/p>\n\n\n\n<figure class=\"wp-block-image size-full is-resized\"><img loading=\"lazy\" decoding=\"async\" width=\"716\" height=\"944\" src=\"https:\/\/blogs.uef.fi\/karjalanelvytys\/wp-content\/uploads\/sites\/155\/2024\/02\/Screenshot_20240219_082232_Outlook.jpg\" alt=\"Kirjahylly, jossa on viron kielen oppikirjoja\" class=\"wp-image-16297\" style=\"width:auto;height:400px\" srcset=\"https:\/\/blogs.uef.fi\/karjalanelvytys\/wp-content\/uploads\/sites\/155\/2024\/02\/Screenshot_20240219_082232_Outlook.jpg 716w, https:\/\/blogs.uef.fi\/karjalanelvytys\/wp-content\/uploads\/sites\/155\/2024\/02\/Screenshot_20240219_082232_Outlook-228x300.jpg 228w\" sizes=\"auto, (max-width: 716px) 100vw, 716px\" \/><\/figure>\n\n\n\n<p><strong>Kirjutus: Heli Palviainen<\/strong><\/p>\n\n\n\n<p>Kuva: Jari Palviainen<\/p>\n\n\n\n<p>Tuatan roindup\u00e4ivy<\/p>\n\n\n\n<p>Nell\u00e4npi\u00e4n oli minun armahan tuatan roindup\u00e4ivy. Sen kunnivokse luajiin meile brunsan. Ainos on mieleh vastavuo tuatanke, puaksuh juommo yhtes \u010duajuu. A nyg\u00f6i tahtoin n\u00e4ht\u00e4 pitk\u00e4n kuavan mugah, sih on brunsu ylen p\u00e4tt\u00e4vy! Pruazniekkustolas oli p\u00e4\u010d\u010dij\u00e4i\u0161niekki\u00e4, bekonua, linzuleibi\u00e4, huondesveroblinua vavarjonke da \u00e4ijy kaikkie muudugi. Pagizimmo l\u00e4s kolme \u010duassuu eri tiemoih n\u00e4h da oli ylen vessel olla yhtes. N\u00e4ll\u00e4s niken ei stolasp\u00e4i nossuh! Tuatto vie sai kodih tuomazikse puolet blinois da v\u00e4h\u00e4zen \u0161okoluadua. Yhtell\u00e4h minule j\u00e4i \u00e4ij\u00e4n sy\u00f6misty. Toinah mielespiett\u00e4v\u00e4n kel net sy\u00f6mm\u00f6 ned\u00e4linlopul, konzu pruaznui\u010demmo vuozip\u00e4ivi\u00e4. Elos on toi\u010di yhty pruazniekkua!<\/p>\n\n\n\n<figure class=\"wp-block-image size-large is-resized\"><img loading=\"lazy\" decoding=\"async\" width=\"1024\" height=\"1007\" src=\"https:\/\/blogs.uef.fi\/karjalanelvytys\/wp-content\/uploads\/sites\/155\/2024\/02\/HeliP-1024x1007.jpg\" alt=\"P\u00f6yt\u00e4, jossa tarjolla erilaisia ruokia kuten vihanneksia, leikkeleit\u00e4, lettuja, pekonia ja juomia\" class=\"wp-image-16285\" style=\"width:auto;height:400px\" srcset=\"https:\/\/blogs.uef.fi\/karjalanelvytys\/wp-content\/uploads\/sites\/155\/2024\/02\/HeliP-1024x1007.jpg 1024w, https:\/\/blogs.uef.fi\/karjalanelvytys\/wp-content\/uploads\/sites\/155\/2024\/02\/HeliP-300x295.jpg 300w, https:\/\/blogs.uef.fi\/karjalanelvytys\/wp-content\/uploads\/sites\/155\/2024\/02\/HeliP-768x756.jpg 768w, https:\/\/blogs.uef.fi\/karjalanelvytys\/wp-content\/uploads\/sites\/155\/2024\/02\/HeliP.jpg 1536w\" sizes=\"auto, (max-width: 1024px) 100vw, 1024px\" \/><\/figure>\n\n\n\n<h4 class=\"wp-block-heading\">19.2.2024<\/h4>\n\n\n\n<p>P\u00e4iv\u00e4nnouzu-Suomen yliopiston livvinkarjalan paginkursan opastujat puaksuh paistah omii aijankohtazii dieloloi da ruadoloi sego luajitah niil\u00f6ih n\u00e4h kirjutuksii. Mieleh on jullata nengomii paginoi da kerdomuksii.<\/p>\n\n\n\n<p><strong>Kirjutus: Keri Kallio<\/strong><\/p>\n\n\n\n<p>Kuva: BIS Records<\/p>\n\n\n\n<p>Mennyt ned\u00e4lil rodih er\u00e4s t\u00e4rgei dielo minun elokses, da minun karjalan kielen opastai Hiloin Natoi ehtoitti, gu voizin v\u00e4h\u00e4zen sanella sih n\u00e4h karjalakse. Minun armas hora, kudamas olen l\u00e4s viitty vuottu pajatannuh, voitti Grammy-palkindon! Palkindokategourii oli Paras Horaozutus da se annettih diskale Reconnaissance, kudamal on Kaija Saariahon horamuuzikkua. Olemmo kaikin ylen ozakkahat da kiitollizet &#8211; ei ole nikonzu aijemba suomelaine hora mostu palkinduo suannuh!<\/p>\n\n\n\n<p>Disku i\u00e4nitettih vuvvennu 2022 Vihdin kirik\u00f6s. Vuvvennu 2022 pruaznuittih se\u017eo Kaija Saariahon 70. roindup\u00e4ivi\u00e4, da diskan i\u00e4nitt\u00e4mizen li\u017e\u00e4kse oli meil se\u017eo konsertua. Kogo Suomi da klassillizen muuzikan muailmu pruaznuittih Kaijua yhtes. H\u00e4i oli meile &#8211; da tovengi kaikile suomelazile muzikantoile &#8211; ylen t\u00e4rgei s\u00e4veld\u00e4i da ristikanzu. Olemmo ylen ozakkahat, gu saimmo enne h\u00e4nen tuonilmazih l\u00e4htendi\u00e4 h\u00e4nenke yhtes ruadua, h\u00e4nele ozuttua da h\u00e4ndy passiboija da hyvitell\u00e4.&nbsp;<\/p>\n\n\n\n<p>Passibo suuri Kaijale kaikes hyv\u00e4s da t\u00e4rgies ruavos! Olemme kai ylen ozakkahat, gu suammo h\u00e4nen muuzikkua kuunnella da ozuttua.<\/p>\n\n\n\n<figure class=\"wp-block-image size-full is-resized\"><img loading=\"lazy\" decoding=\"async\" width=\"1024\" height=\"1024\" src=\"https:\/\/blogs.uef.fi\/karjalanelvytys\/wp-content\/uploads\/sites\/155\/2024\/02\/reconnaissance_keri_kallio.jpg\" alt=\"Helsingin kuoron esityksen mainoskuva\" class=\"wp-image-16270\" style=\"width:auto;height:400px\" srcset=\"https:\/\/blogs.uef.fi\/karjalanelvytys\/wp-content\/uploads\/sites\/155\/2024\/02\/reconnaissance_keri_kallio.jpg 1024w, https:\/\/blogs.uef.fi\/karjalanelvytys\/wp-content\/uploads\/sites\/155\/2024\/02\/reconnaissance_keri_kallio-300x300.jpg 300w, https:\/\/blogs.uef.fi\/karjalanelvytys\/wp-content\/uploads\/sites\/155\/2024\/02\/reconnaissance_keri_kallio-150x150.jpg 150w, https:\/\/blogs.uef.fi\/karjalanelvytys\/wp-content\/uploads\/sites\/155\/2024\/02\/reconnaissance_keri_kallio-768x768.jpg 768w\" sizes=\"auto, (max-width: 1024px) 100vw, 1024px\" \/><\/figure>\n\n\n\n<h4 class=\"wp-block-heading\">14.2.2024<\/h4>\n\n\n\n<p>P\u00e4iv\u00e4nnouzu-Suomen yliopiston livvinkarjalan paginkursan opastujat paistih yst\u00e4v\u00e4np\u00e4ivi\u00e4 vaste&#8230; yst\u00e4v\u00e4np\u00e4iv\u00e4s, kudamua sanotah vie mielespiett\u00e4vien p\u00e4iv\u00e4kse. T\u00e4s net paginat. Hyvi\u00e4 pruazniekkua kaikile yst\u00e4vile, dovari\u0161oile, mielespiett\u00e4vile dai bratanoile!<\/p>\n\n\n\n<p><strong>Keri Kallio da Jaana Petsalo<\/strong><br><br>Keri: Pietgo sin\u00e4 yst\u00e4v\u00e4np\u00e4ivi\u00e4?<\/p>\n\n\n\n<p>Jaana: No en tiij\u00e4, piengo libo pruaznui\u010dengo, ga toinah ostan da sy\u00f6n \u0161okoluadua, a en tiij\u00e4, piengo muite. Kuibo sin\u00e4?&nbsp;<\/p>\n\n\n\n<p>Keri: Min\u00e4gi en pruaznui\u010de. Hos vastavun yst\u00e4vienke, toivotan hyvi\u00e4 yst\u00e4v\u00e4np\u00e4ivi\u00e4, ga ei muudu.<\/p>\n\n\n\n<p>Jaana: Minun mieles toven sanuo ei ole Suomes mostu yst\u00e4v\u00e4np\u00e4iv\u00e4n pruazniekkua.<\/p>\n\n\n\n<p>Keri: Ei vikse ole samah luaduh, kui ezimerkikse Amerikas. A minun mieles on ylen vessel, gu Suomes se on moine p\u00e4ivy, konzu voibi se\u017eo pruaznuija dovari\u0161\u0161oi. \u0160otlandies oli se ainos p\u00e4ivy vai mielespiett\u00e4vih ni\u0161koi.<\/p>\n\n\n\n<p>Jaana: Muga, sil on moine leviembi merki\u010dys Suomes.&nbsp;<\/p>\n\n\n\n<p>Keri: Oletgo konzutahto andanuh libo suannuh podarkua yst\u00e4v\u00e4np\u00e4iv\u00e4nny?<\/p>\n\n\n\n<p>Jaana: Olen vikse suannuh \u0161okoluadua kelp\u00e4itah, da olen se\u017eo andanuh \u0161okoluadua.&nbsp;<\/p>\n\n\n\n<p>Keri: I\u010de en ni musta, olengo konzutahto suannuh libo andanuh, vikse olen.&nbsp;<\/p>\n\n\n\n<p>Jaana: Oletgo suannuh kartii?<\/p>\n\n\n\n<p>Keri: Vikse olen suannuh, a en musta. \u0160kolas niidy ainos juattih.&nbsp;<br><br>Jaana: Min\u00e4 olen suannuh kaksi kartii. Yhten muamalp\u00e4i da tuatalp\u00e4i, toizen siz\u00e4relp\u00e4i.&nbsp;<\/p>\n\n\n\n<p><strong>Heli Palviainen da Tero Tikkanen<\/strong><\/p>\n\n\n\n<p>Tero: Heli, mid\u00e4 sin\u00e4 duumai\u010det yst\u00e4v\u00e4np\u00e4iv\u00e4h n\u00e4h, pruaznui\u010detgo sid\u00e4?<\/p>\n\n\n\n<p>Heli: Enne pruaznui\u010din ylen harvah, a nyg\u00f6i se on minun da minun mielespiett\u00e4v\u00e4n vuozip\u00e4ivy. Nyg\u00f6i meile tulou kolme vuottu. Sid\u00e4 pruaznui\u010demmo l\u00e4him\u00e4zel ned\u00e4linlopul. Suomen yst\u00e4v\u00e4np\u00e4ivy toven ei sih n\u00e4h p\u00e4i, ga karjalan mielespiett\u00e4vien p\u00e4ivy p\u00e4d\u00f6y! Kuibo sin\u00e4, pruaznui\u010detgo?<\/p>\n\n\n\n<p>Tero: Min\u00e4 en pruaznui\u010de sid\u00e4, send\u00e4h gu ei ole olluh meij\u00e4n perehes tabua pruaznuija yst\u00e4v\u00e4np\u00e4ivi\u00e4. Min\u00e4 en suvai\u010de sid\u00e4 amerikkalastu tabua, \u0161to kai on ruskenah da syv\u00e4imil.&nbsp;<\/p>\n\n\n\n<p>Heli: Min\u00e4 olen yhty mieldy sinunke, en suvai\u010de Amerikan mallii.<\/p>\n\n\n\n<p>Tero: Li\u017e\u00e4kse yst\u00e4v\u00e4np\u00e4ivy on minun da minun seukun roindup\u00e4ivy!<\/p>\n\n\n\n<p>Heli: Hyvi\u00e4 roindup\u00e4ivi\u00e4 jo edukyndeh! Pruaznui\u010detgo omua roindup\u00e4ivi\u00e4?<\/p>\n\n\n\n<p>Tero: Passibot! Tovenn\u00e4g\u00f6zesti en, ga menen ned\u00e4linlopul minun mielespiett\u00e4v\u00e4lly\u00f6 da sie sit keit\u00e4mm\u00f6 koufeit da sy\u00f6mm\u00f6 mid\u00e4tah parembastu.<\/p>\n\n\n\n<p><strong>Tarja Tonteri da Helena Silvennoinen-Kuikka<\/strong><\/p>\n\n\n\n<p>Tarja:&nbsp;Kuibo sin\u00e4 pruaznui\u010det yst\u00e4v\u00e4np\u00e4ivi\u00e4?<\/p>\n\n\n\n<p>Helena:&nbsp; Min\u00e4 en \u00e4iji\u00e4 sid\u00e4 pruaznui\u010de, send\u00e4h ku se ei vie olluh perindeh, konzu min\u00e4 olin lapsennu da nuorennu. A kuibo sin\u00e4 pruaznui\u010det yst\u00e4v\u00e4np\u00e4ivi\u00e4?<\/p>\n\n\n\n<p>Tarja: Toi\u010di min\u00e4 ty\u00f6nn\u00e4n yst\u00e4v\u00e4np\u00e4iv\u00e4n kartiloi. T\u00e4n\u00e4 vuon min\u00e4 ostin kartit i\u010d\u010deni poijile da nevesk\u00f6ile sego sevoittarele, kudai on minun ylen hyv\u00e4 yst\u00e4vy,&nbsp;no en mustanuh niil\u00f6i ty\u00f6ndi\u00e4 po\u0161ta\u010di. Kartit vuotetah tuliedu vuottu. Ty\u00f6nnitgo sin\u00e4, Helena, kartiloi t\u00e4n\u00e4 vuon?<\/p>\n\n\n\n<p>Helena: Min\u00e4 ty\u00f6nnin kartit meij\u00e4n bunukoile, send\u00e4h ku tiij\u00e4n, \u0161to se on heile t\u00e4rgei dielo. Min\u00e4 ty\u00f6nn\u00e4n yst\u00e4v\u00e4np\u00e4iv\u00e4n hyvittelyt Facebookas.<\/p>\n\n\n\n<p>Tarja: Muga, muga. Min\u00e4 se\u017eo hyvittelen dovari\u0161\u0161oi Facebookas.&nbsp;<\/p>\n\n\n\n<p>Kuva: Natalia Giloeva (Hiloin Natoi)<\/p>\n\n\n\n<figure class=\"wp-block-image size-large is-resized\"><img loading=\"lazy\" decoding=\"async\" width=\"905\" height=\"1024\" src=\"https:\/\/blogs.uef.fi\/karjalanelvytys\/wp-content\/uploads\/sites\/155\/2024\/02\/20240213_092135-905x1024.jpg\" alt=\"Pahvista tehty punavihre\u00e4 syd\u00e4nkoriste\" class=\"wp-image-15853\" style=\"width:auto;height:400px\" srcset=\"https:\/\/blogs.uef.fi\/karjalanelvytys\/wp-content\/uploads\/sites\/155\/2024\/02\/20240213_092135-905x1024.jpg 905w, https:\/\/blogs.uef.fi\/karjalanelvytys\/wp-content\/uploads\/sites\/155\/2024\/02\/20240213_092135-265x300.jpg 265w, https:\/\/blogs.uef.fi\/karjalanelvytys\/wp-content\/uploads\/sites\/155\/2024\/02\/20240213_092135-768x869.jpg 768w, https:\/\/blogs.uef.fi\/karjalanelvytys\/wp-content\/uploads\/sites\/155\/2024\/02\/20240213_092135-1357x1536.jpg 1357w, https:\/\/blogs.uef.fi\/karjalanelvytys\/wp-content\/uploads\/sites\/155\/2024\/02\/20240213_092135-1810x2048.jpg 1810w\" sizes=\"auto, (max-width: 905px) 100vw, 905px\" \/><\/figure>\n\n\n\n<h4 class=\"wp-block-heading\">5.2.2024<\/h4>\n\n\n\n<p>P\u00e4iv\u00e4nnouzu-Suomen yliopiston livvinkarjalan paginkursan opastujat ollah luajittu kirjutuksii sy\u00f6mizih da juomizih n\u00e4h. Mieleh on jullata!<\/p>\n\n\n\n<p>Kirjutus:<strong> Keri Kallio<\/strong><\/p>\n\n\n\n<p>Kuva: Pixabay<\/p>\n\n\n\n<p>Ei ole kebjei dielo sanella, mi on minun armas sy\u00f6mine libo juomine, gu rakkahal suvai\u010den monenluadustu sy\u00f6misty da juomistu. En ole moine \u010dir\u010du, ga hyv\u00e4l mielel opittelen tundemattomiigi maguloi. A yhtell\u00e4h on minul se\u017eo kudamid\u00e4gi tabua sy\u00f6mizih n\u00e4h &#8211; ezimerkikse huondeksel sy\u00f6n puaksuh ainos yhtenjyttym\u00e4n huondesveron. Suvai\u010den muga koufeidu da \u010duajuu, ga huondeksel juon ainos kupin koufeidu kagrumaijonke. Koufein li\u017e\u00e4kse sy\u00f6n kagrupudruo varen\u2019n\u2019anke da leibi\u00e4 juustonke. Moizen huondesveron j\u00e4lles jatkuu p\u00e4ivy hyvin.<\/p>\n\n\n\n<p>Ruadop\u00e4iv\u00e4n aigua juon kupin-kaksi vie koufeidu, a eht\u00e4l kodih tulduu juon ainos \u010duajuu. \u010cuajuu juon konzu mienke, konzu kagrumaijonke, konzu ilmai mollembii, a zuaharii en nikonzu \u010duajunke k\u00e4yt\u00e4. Pitk\u00e4n ruadop\u00e4iv\u00e4n j\u00e4lles on ylen hyv\u00e4 luadie \u010duajut, l\u00f6ydi\u00e4 muga\u017eu azendo da lugie kniigua libo ka\u010d\u010duo televiizorua kaikes rauhas! Eht\u00e4l sy\u00f6n puaksuh leibi\u00e4 da jogurtua myslin da mienke &#8211; da tiett\u00e4v\u00e4ine juon se\u017eo \u010dua\u0161kazen \u010duajuu. Silloi-toi\u010di ostan laukas tuorehtu muarjua da sy\u00f6n net jogurtanke.<\/p>\n\n\n\n<figure class=\"wp-block-image size-large is-resized\"><img loading=\"lazy\" decoding=\"async\" width=\"1024\" height=\"681\" src=\"https:\/\/blogs.uef.fi\/karjalanelvytys\/wp-content\/uploads\/sites\/155\/2024\/02\/granola-3440204_1280-1024x681.jpg\" alt=\"Lasikulho, jossa on mysli\u00e4 ja erilaisia marjoja\" class=\"wp-image-15536\" style=\"width:400px\" srcset=\"https:\/\/blogs.uef.fi\/karjalanelvytys\/wp-content\/uploads\/sites\/155\/2024\/02\/granola-3440204_1280-1024x681.jpg 1024w, https:\/\/blogs.uef.fi\/karjalanelvytys\/wp-content\/uploads\/sites\/155\/2024\/02\/granola-3440204_1280-300x199.jpg 300w, https:\/\/blogs.uef.fi\/karjalanelvytys\/wp-content\/uploads\/sites\/155\/2024\/02\/granola-3440204_1280-768x511.jpg 768w, https:\/\/blogs.uef.fi\/karjalanelvytys\/wp-content\/uploads\/sites\/155\/2024\/02\/granola-3440204_1280.jpg 1280w\" sizes=\"auto, (max-width: 1024px) 100vw, 1024px\" \/><\/figure>\n\n\n\n<p>Kirjutus da kuva: <strong>Tarja Tonteri<\/strong><\/p>\n\n\n\n<p>Monenluaduzet sy\u00f6mizet ollah minule mieleh, no ainos olen duumainnuh, \u0161to parahat sy\u00f6mizet ollah net, kudamat luajit i\u010de. Toi\u010di on vai v\u00e4h\u00e4 aigua, ga sit voit ostua valmistu sy\u00f6misty laukasp\u00e4i.<\/p>\n\n\n\n<p>Nyg\u00f6i i\u010de olen enimite&nbsp; kield\u00e4vynnyh lihansy\u00f6nd\u00e4s. Valmistan yhtell\u00e4h puaksuh lihahistu, send\u00e4h gu minun koirat tarvitah sid\u00e4. Hy\u00f6 syvv\u00e4h hyv\u00e4l mielel katliettua.<\/p>\n\n\n\n<p>Kazvossy\u00f6mizet ollah&nbsp; ylen tervehellizet da ristikanzan sy\u00f6ndylaudazel pid\u00e4s ainos olla se\u017eo ouvessii da fruktua. Suvai\u010den keitti\u00e4 puaksuh kartohkanke morkouhkua da muidu ouvessiloi, mid\u00e4 vai (ji\u00e4)skuapas l\u00f6ydyygi.<\/p>\n\n\n\n<p>Sanotah, \u0161to ainos pid\u00e4s olla stolal se\u017eo j\u00e4lgisy\u00f6misty, ga se tiett\u00e4v\u00e4ine puaksuh on magei. Send\u00e4h fruktat yhtell\u00e4h ollah hyv\u00e4 vaihtoehto, send\u00e4h gu niil\u00f6is on vai v\u00e4h\u00e4 kalouriedu. Juablokkua, gruu\u0161\u0161ua, banuanua da mondu citrussua l\u00f6vv\u00e4t laukas ymb\u00e4ri vuvven. I\u010de suvai\u010den kaikenualastu muarjupiiruadu. Moizien piirualoinke koufei, \u010duaju libo kakao ollah hyv\u00e4t juomizet. Juon liijan mondu kuppii koufeidu p\u00e4iv\u00e4n aigua. Olen koufeimuagari!<\/p>\n\n\n\n<p>Kaikenualastu sy\u00f6misty suvai\u010den, ga pid\u00e4s ainos mustua, gu magiedu ei pie syvv\u00e4 liijakse \u00e4iji\u00e4.<\/p>\n\n\n\n<p>Buaban \u0161ipainiekat da toizet h\u00e4nen&nbsp; luajitut perind\u00f6llizet karjalazet sy\u00f6mizet juohtutah puaksuh mieleh da voin tundie niil\u00f6in duuhun i\u010d\u010deni nen\u00e4s da mavun kielel. Niil\u00f6i ainos atkaloi\u010den.<\/p>\n\n\n\n<figure class=\"wp-block-image size-full is-resized\"><img loading=\"lazy\" decoding=\"async\" width=\"640\" height=\"640\" src=\"https:\/\/blogs.uef.fi\/karjalanelvytys\/wp-content\/uploads\/sites\/155\/2024\/02\/tarjatoinerisyomizet.jpg\" alt=\"Lasikulho, jossa on mandariineja, viiniryp\u00e4leit\u00e4 ja p\u00e4\u00e4ryn\u00e4\" class=\"wp-image-15518\" style=\"width:auto;height:400px\" srcset=\"https:\/\/blogs.uef.fi\/karjalanelvytys\/wp-content\/uploads\/sites\/155\/2024\/02\/tarjatoinerisyomizet.jpg 640w, https:\/\/blogs.uef.fi\/karjalanelvytys\/wp-content\/uploads\/sites\/155\/2024\/02\/tarjatoinerisyomizet-300x300.jpg 300w, https:\/\/blogs.uef.fi\/karjalanelvytys\/wp-content\/uploads\/sites\/155\/2024\/02\/tarjatoinerisyomizet-150x150.jpg 150w\" sizes=\"auto, (max-width: 640px) 100vw, 640px\" \/><\/figure>\n\n\n\n<p>Kirjutus da kuva:<strong> Tero Tikkanen<\/strong><\/p>\n\n\n\n<p>Minun armahin juomine on kiist\u00e4m\u00e4tt\u00e4h koufei. En musta, konzu rubein juomah koufeidu, ga uskozin, gu vikse brihastamisij\u00e4s. Nyg\u00f6i se on oza minun jogap\u00e4iv\u00e4sty elostu. Huondeksil minun p\u00e4ivy algavuu huondesverol da li\u017e\u00e4kse vie juon kaksiene kuppii koufeidu. Se nostattau minuu da samah aigah on muga\u017eu lugie huondeksen uudizii. T\u00e4rgei on, \u0161to se pid\u00e4y luadie rauhas. Tullou konzu kiireh koufein juomizenke, ga sit minus tunduu, buitegu kogo p\u00e4ivy on kiirehelline. Minun pid\u00e4y se\u017eo tunnustua, \u0161to gu en suanne huondeksel koufeidu, minun pi\u00e4dy algau kivisti\u00e4. Voibi sanuo, \u0161to koufei on minule v\u00e4lt\u00e4m\u00e4t\u00f6i.<\/p>\n\n\n\n<p>Se\u017eo murginan j\u00e4lles min\u00e4 suvai\u010den juvva koufeidu. Se on minule merki rauhoittuo. Nimi ei ole moine hyv\u00e4 dielo, kui pitk\u00e4n p\u00e4iv\u00e4n j\u00e4lles syvv\u00e4 hyvin da sen j\u00e4lles juvva kaksiene kuppii koufeidu maijonke. Se on minule \u201dminun kodvaine\u201d.<\/p>\n\n\n\n<p>Koufeil on minule my\u00f6s socialine merki\u010dys. Min\u00e4 suvai\u010den k\u00e4vv\u00e4 dovari\u0161oinke koufei\u010duppuzih. Sie minul on tavannu oppie eriluadustu koufeidu. On v\u00e4h\u00e4zel tyl\u010dy dielo juvva ainos yhtenjyttymi\u00e4 koufeidu. Li\u017e\u00e4kse gostis olles puaksuh taritah koufeidu. Voibi sit sanuo, \u0161to koufeil on suuri merki\u010dys minun jogap\u00e4iv\u00e4zes elokses. &nbsp;<\/p>\n\n\n\n<figure class=\"wp-block-image size-large is-resized\"><img loading=\"lazy\" decoding=\"async\" width=\"756\" height=\"1024\" src=\"https:\/\/blogs.uef.fi\/karjalanelvytys\/wp-content\/uploads\/sites\/155\/2024\/02\/TeroS-756x1024.jpg\" alt=\"Sinivakoinen kuppi, jossa on kahvia\" class=\"wp-image-15509\" style=\"width:auto;height:400px\" srcset=\"https:\/\/blogs.uef.fi\/karjalanelvytys\/wp-content\/uploads\/sites\/155\/2024\/02\/TeroS-756x1024.jpg 756w, https:\/\/blogs.uef.fi\/karjalanelvytys\/wp-content\/uploads\/sites\/155\/2024\/02\/TeroS-221x300.jpg 221w, https:\/\/blogs.uef.fi\/karjalanelvytys\/wp-content\/uploads\/sites\/155\/2024\/02\/TeroS-768x1040.jpg 768w, https:\/\/blogs.uef.fi\/karjalanelvytys\/wp-content\/uploads\/sites\/155\/2024\/02\/TeroS-1134x1536.jpg 1134w, https:\/\/blogs.uef.fi\/karjalanelvytys\/wp-content\/uploads\/sites\/155\/2024\/02\/TeroS-1512x2048.jpg 1512w, https:\/\/blogs.uef.fi\/karjalanelvytys\/wp-content\/uploads\/sites\/155\/2024\/02\/TeroS.jpg 1523w\" sizes=\"auto, (max-width: 756px) 100vw, 756px\" \/><\/figure>\n\n\n\n<p><strong>Kirjutus: Heli Palviainen<\/strong><\/p>\n\n\n\n<p>Kuvat: Heli Palviainen da Merja Kurki<\/p>\n\n\n\n<p>Ei mid\u00e4, ga kellebo!<\/p>\n\n\n\n<p>Minul ei ole nimid\u00e4 tiettyy armahastu sy\u00f6misty libo juomistu. Omien tervehysprobliemoin peri\u00e4 sy\u00f6ndy on minule v\u00e4h\u00e4zel monimutkaine dielo, a hos en suvai\u010de valmistua sy\u00f6misty, em\u00e4nd\u00f6i\u010den hyv\u00e4 mielel rakkahih ni\u0161koi da testiirui\u010den uuzii reseptoi. Ezimerkikse mennyt sygyzyn organizui\u010din roindup\u00e4ivypruazniekan minun muaman da tuatindaman kud\u017eule. Ku roindup\u00e4ivyniekku on koiru, emmo tiett\u00e4v\u00e4ine voinnuh andua h\u00e4nele samazii magiezii, kudamii i\u010de s\u00f6imm\u00f6. Mand\u017eoit taki oldih ylen mieleh h\u00e4nelegi! Send\u00e4h gu meil ristikanzoil oli oma tortu, pi\u00e4tin luadie Rockyllegi roindup\u00e4iv\u00e4n kunnivokse koirien muffensoi. Li\u017e\u00e4kse luajiin niil\u00f6ih koiruyst\u00e4v\u00e4llizen glazirui\u010dendan, kuduas oli muun keskes muaoriehuvoidu. Rocky on toi\u010di \u010dir\u010du sy\u00f6mizienke, a n\u00e4mm\u00e4 tevokset ozakse p\u00e4ittih pienele herrazele!<\/p>\n\n\n\n<p>Toinah minun keskikohtu t\u00e4s on se, \u0161to minule pi\u00e4dielo eule i\u010de sy\u00f6mine, vaiku kenenke yhtes sid\u00e4 sy\u00f6misty sy\u00f6n. Sy\u00f6mizien da magieloin luadimine da tari\u010dendu on yksi mielu\u017eu taba ozuttua suvai\u010dustu-rakkahuttu!<\/p>\n\n\n\n<figure class=\"wp-block-image size-full is-resized\"><img loading=\"lazy\" decoding=\"async\" width=\"600\" height=\"800\" src=\"https:\/\/blogs.uef.fi\/karjalanelvytys\/wp-content\/uploads\/sites\/155\/2024\/02\/heliS.jpg\" alt=\"Lautanen, jolla on koiralle tehtyj\u00e4 muffinsseja\" class=\"wp-image-15485\" style=\"width:400px\" srcset=\"https:\/\/blogs.uef.fi\/karjalanelvytys\/wp-content\/uploads\/sites\/155\/2024\/02\/heliS.jpg 600w, https:\/\/blogs.uef.fi\/karjalanelvytys\/wp-content\/uploads\/sites\/155\/2024\/02\/heliS-225x300.jpg 225w\" sizes=\"auto, (max-width: 600px) 100vw, 600px\" \/><\/figure>\n\n\n\n<figure class=\"wp-block-image size-full is-resized\"><img loading=\"lazy\" decoding=\"async\" width=\"619\" height=\"739\" src=\"https:\/\/blogs.uef.fi\/karjalanelvytys\/wp-content\/uploads\/sites\/155\/2024\/02\/helis1.jpg\" alt=\"Pieni valkoinen koira sy\u00f6 ihmisen tarjoamaa herkkua\" class=\"wp-image-15488\" style=\"width:400px\" srcset=\"https:\/\/blogs.uef.fi\/karjalanelvytys\/wp-content\/uploads\/sites\/155\/2024\/02\/helis1.jpg 619w, https:\/\/blogs.uef.fi\/karjalanelvytys\/wp-content\/uploads\/sites\/155\/2024\/02\/helis1-251x300.jpg 251w\" sizes=\"auto, (max-width: 619px) 100vw, 619px\" \/><\/figure>\n\n\n\n<p><strong>Kirjutus da kuva: Jaana Petsalo<\/strong><\/p>\n\n\n\n<p><strong>Syvv\u00e4 p\u00e4d\u00f6y, syvv\u00e4 pid\u00e4y<\/strong><\/p>\n\n\n\n<p>\u0160ipainiekku on minun oma armas karjalaine sy\u00f6mine. Pahakse mielekse viegi en i\u010de malta luadie niil\u00f6i, ga ozakse minun muamo on \u0161ipainiekoin malta\u010d\u010du pastai. Muaman t\u00e4vvellizien \u0161ipainiekoin syv\u00e4in on riisupudruo, niil\u00f6in kuoret ollah ainos hoikat, l\u00e4s l\u00e4bin\u00e4gyj\u00e4t, tazareunazet da yhtenkogozet, ei liijan pienet. Ulgon\u00e4v\u00f6n puoles net ollah kui konehen luajitut, da magu on t\u00e4vvelline. N\u00e4mmii \u0161ipainiekoi muamo on pastanuh vuozikymmenien aloh ezimerkikse muahpanendoih, minun da ukon svuad\u2019bah, poigien ristindypidoloih i yliopastujien pruazniekkoih da monih roindup\u00e4ivypruazniekkoih. Syvv\u00e4 p\u00e4d\u00f6y!<\/p>\n\n\n\n<p>Eb\u00e4karjalazeh tabah min\u00e4 en ole nimittuine malta\u010d\u010du keitt\u00e4i libo pastai. Minun sy\u00f6ndyhimo on ihan hyv\u00e4, ga keit\u00e4ndy libo pastandu ei kuuluta minun himoruadoloih. Gastronoumies en tiij\u00e4 nimid\u00e4; sy\u00f6n vai konzu n\u00e4lgy roih, ga n\u00e4lgyh\u00e4i roih puaksuh, joga p\u00e4ivi\u00e4. Huondesverokse juon ainos vihandua \u010duajuu i koufeidu da sy\u00f6n rugehistu leibi\u00e4 juustonke. Minun ilduvero on yhtenjyttyine, ga koufeidu en juo en\u00e4mbi\u00e4 kuvven j\u00e4lles. Ruavos sy\u00f6n murginakse puaksuh einehii, ga toi\u010di k\u00e4vyn ammatti\u0161kolan restoranah sy\u00f6m\u00e4h \u00c0 la carte -listal mintahto algusy\u00f6mizen, pi\u00e4sy\u00f6mizen da j\u00e4lgisy\u00f6mizen. Ildup\u00e4iv\u00e4l juon tavan mugah espresson da sy\u00f6n mid\u00e4gi magiembastu ammatti\u0161kolan koufei\u010duppuzes, silloi-toi\u010di v\u00e4lipalannu on jogurtu libo fruktu. Ruavosp\u00e4i tulduu sy\u00f6n, mid\u00e4 ji\u00e4\u0161kuapas l\u00f6vv\u00e4n. Syvv\u00e4 pid\u00e4y!<\/p>\n\n\n\n<p>(Kuvan \u0161ipainiekal da muaman \u0161ipainiekoil ei ole nimittumua yhtevytty.)<\/p>\n\n\n\n<figure class=\"wp-block-image size-full is-resized\"><img loading=\"lazy\" decoding=\"async\" width=\"640\" height=\"480\" src=\"https:\/\/blogs.uef.fi\/karjalanelvytys\/wp-content\/uploads\/sites\/155\/2024\/02\/JP_S.jpg\" alt=\"Kaksi lautasta: toisella karjalanpiirakka munavoilla, toisella kahvikuppi\" class=\"wp-image-15461\" style=\"width:400px\" srcset=\"https:\/\/blogs.uef.fi\/karjalanelvytys\/wp-content\/uploads\/sites\/155\/2024\/02\/JP_S.jpg 640w, https:\/\/blogs.uef.fi\/karjalanelvytys\/wp-content\/uploads\/sites\/155\/2024\/02\/JP_S-300x225.jpg 300w\" sizes=\"auto, (max-width: 640px) 100vw, 640px\" \/><\/figure>\n\n\n\n<p><strong>Kirjutus: Marja Kopeli<\/strong><\/p>\n\n\n\n<p>Kuva: Esa Pakonen<\/p>\n\n\n\n<p>Letut ollah minun armahat sy\u00f6mizet. Niil\u00f6ih liittyy er\u00e4hii merki\u010dyksellizii&nbsp;mustoloi eloksen varrel.<\/p>\n\n\n\n<p>Konzu olin pieni tytt\u00f6, olin silloi-toi\u010di buaballuo gostis. H\u00e4i eli l\u00e4h\u00e4l minun omua kodii. Mustoh on ji\u00e4nnyh yksi kerdu, konzu buabo pastoi meile lettuloi. Sit s\u00f6imm\u00f6 niil\u00f6i yhtes, avot gu net oldih hyv\u00e4t! Sy\u00f6ndystola oli ikkunalluo. Buabo sanoi minule muheloittajen, \u0161to emmoh\u00e4i ozuta meij\u00e4n lettuloi siiri\u010dimenij\u00f6ile, gu heilgi ei himoittas niil\u00f6i. Minule lapsennu oli merki\u010dykselline dielo, \u0161to buabo otti minuu muga kui samah&nbsp;\u0161uutkah.&nbsp;Yhtes s\u00f6imm\u00f6 lettuloi buiteku peito\u010di.<\/p>\n\n\n\n<p>Toine musto liittyy muamah da h\u00e4nen nevvoh. Olin vie lapsi. Luajiimmo yhtes muamanke lettutahtahan da soviimmo, \u0161to min\u00e4 suan pastua lettuloi keit\u00e4ndypertis, enzim\u00e4sty kerdua yksin\u00e4h. Muamo da tuatto istuttih pihalied\u017eus pagizemas. Min\u00e4 toin sit heile valmehii lettuloi. Hy\u00f6 niil\u00f6i hyv\u00e4l mielel sy\u00f6dih. Muamo lopukse maini\u010d\u010di buitegu ei ylen t\u00e4rgienny dielonnu, \u0161to ainos on hyv\u00e4 pastua letut varmah kyps\u00e4kse. No, enh\u00e4i tiij\u00e4, oldihgo minun letut silloi kogonah kyps\u00e4t. En kyzynyh. Ga nevvo j\u00e4i mieleh, da sen j\u00e4lles olen ainos varmistannuh, \u0161to pastan letut syv\u00e4imeh suate kyps\u00e4kse. Olen toko eloksen aigua suannuh kenentah muun lettuloi, kudamis voizin sanuo, \u0161to net ei oldu kogonah kyps\u00e4t. Monii letunpastamizii on minun elokseh tuan j\u00e4lles syndynyh. Vie kerron yhten muston mennyt kez\u00e4l. Olimmo mielespiett\u00e4v\u00e4nke olluh er\u00e4hii ned\u00e4lil\u00f6i venehreisul Saimual da muijalgi j\u00e4rvi-Suomen j\u00e4rvil. Menimm\u00f6 y\u00f6bym\u00e4h Haukiviel suariportah, kudamas oli nuodivopaikku, kuivua halguo da muudugi tarvittavua. Sie minun mielespiett\u00e4v\u00e4le \u010d\u00f6kk\u00e4i pi\u00e4h, \u0161to h\u00e4nel himoittau lettuloi. Minungi mieles se oli hyv\u00e4 duumu. Ga sit my\u00f6 pastoimmo yhtes lettuloi nuodivol. Si\u00e4 oli kaunis da l\u00e4mmin, muga kui kez\u00e4eht\u00e4l olla voi. Kez\u00e4loma, ei kiirehty nikunne, mieli rauhoitunnuh. Se lettunuodivon tunnelmu j\u00e4i mieleh kaunehennu da t\u00e4rgienny mustonnu. Kuvas n\u00e4gyy nuodivopaikku, ehtymaizemu da on sie lettugi riehtil\u00e4s pal\u2019l\u2019ahal tulel valmistumas.<\/p>\n\n\n\n<figure class=\"wp-block-image size-full is-resized\"><img loading=\"lazy\" decoding=\"async\" width=\"940\" height=\"529\" src=\"https:\/\/blogs.uef.fi\/karjalanelvytys\/wp-content\/uploads\/sites\/155\/2024\/02\/MarjaK_syomizet.png\" alt=\"Nainen punaisessa mekossa paistaa muurinpohjalettuja j\u00e4rven rannalla\" class=\"wp-image-15446\" style=\"width:400px\" srcset=\"https:\/\/blogs.uef.fi\/karjalanelvytys\/wp-content\/uploads\/sites\/155\/2024\/02\/MarjaK_syomizet.png 940w, https:\/\/blogs.uef.fi\/karjalanelvytys\/wp-content\/uploads\/sites\/155\/2024\/02\/MarjaK_syomizet-300x169.png 300w, https:\/\/blogs.uef.fi\/karjalanelvytys\/wp-content\/uploads\/sites\/155\/2024\/02\/MarjaK_syomizet-768x432.png 768w\" sizes=\"auto, (max-width: 940px) 100vw, 940px\" \/><\/figure>\n\n\n\n<p><\/p>\n\n\n\n<p><strong>Kirjutus da kuva: Helena Silvennoinen-Kuikka<\/strong><\/p>\n\n\n\n<p>Minun telefonas on mieldykiinnitt\u00e4i sobivutus. Se keri\u00e4y kai tiijot minun ostoksih n\u00e4h da luadiu ker\u00e4ttyl\u00f6is tiedolois kaikenjyttysty statistiekkua.<\/p>\n\n\n\n<p>Sobivutus ozuttau, \u0161to vuvven 2023 aigua 64 prosentua dengois meni einehih, 21 prosentua poltoainehih da 8 prosentua koin materjualoih.<\/p>\n\n\n\n<p>Sy\u00f6mizis en\u00e4m dengua, 32 %, meni maidohizet, j\u00e4i\u010d\u00e4t da razvat -joukkoh. Fruktoih da kazvoksih meni 24 % dengois da juomizih da kuivih einehih meni mollembih 11 prosentua dengois.<\/p>\n\n\n\n<p>Lihua my\u00f6 ostammo laukas vaiku harvazeh, send\u00e4h ku minun ukko on me\u010d\u00e4st\u00e4i. Kaluagi enimite ostammo alovehellizel kalaniekal. Sen li\u017e\u00e4kse my\u00f6 i\u010de keri\u00e4mm\u00f6 muarjua da siendy da luajimmo kai varen\u2019n\u2019at da mehut.<\/p>\n\n\n\n<p>Sobivutus ozuttau se\u017eo, ollahgo minun ostokset tervehellizet. Enimy\u00f6lleh net ollah moizet, ga liijakse on vie suolua. Tarkembah ku ka\u010d\u010donen, ga suolua olen ostanuh \u00e4ij\u00e4n heiny- da elokuul.&nbsp; Sih aigah on paras sieniaigu da my\u00f6 suoluammo kai sienet!<\/p>\n\n\n\n<figure class=\"wp-block-image size-large is-resized\"><img loading=\"lazy\" decoding=\"async\" width=\"502\" height=\"1024\" src=\"https:\/\/blogs.uef.fi\/karjalanelvytys\/wp-content\/uploads\/sites\/155\/2024\/02\/Ruokakorin-ravintoainelaskuri-502x1024.jpg\" alt=\"Kuva S-ryhm\u00e4n Ruokakorin ravintolaskuri -ominaisuudesta\" class=\"wp-image-15437\" style=\"width:auto;height:400px\" srcset=\"https:\/\/blogs.uef.fi\/karjalanelvytys\/wp-content\/uploads\/sites\/155\/2024\/02\/Ruokakorin-ravintoainelaskuri-502x1024.jpg 502w, https:\/\/blogs.uef.fi\/karjalanelvytys\/wp-content\/uploads\/sites\/155\/2024\/02\/Ruokakorin-ravintoainelaskuri-147x300.jpg 147w, https:\/\/blogs.uef.fi\/karjalanelvytys\/wp-content\/uploads\/sites\/155\/2024\/02\/Ruokakorin-ravintoainelaskuri-768x1567.jpg 768w, https:\/\/blogs.uef.fi\/karjalanelvytys\/wp-content\/uploads\/sites\/155\/2024\/02\/Ruokakorin-ravintoainelaskuri-753x1536.jpg 753w, https:\/\/blogs.uef.fi\/karjalanelvytys\/wp-content\/uploads\/sites\/155\/2024\/02\/Ruokakorin-ravintoainelaskuri-1004x2048.jpg 1004w, https:\/\/blogs.uef.fi\/karjalanelvytys\/wp-content\/uploads\/sites\/155\/2024\/02\/Ruokakorin-ravintoainelaskuri.jpg 1080w\" sizes=\"auto, (max-width: 502px) 100vw, 502px\" \/><\/figure>\n\n\n\n<h4 class=\"wp-block-heading\">31.1.2024<\/h4>\n\n\n\n<p>P\u00e4iv\u00e4nnouzu-Suomen yliopiston livvinkarjalan paginkursan opastujat toi\u010di luajitah mugasanottuu v\u00e4llillisty kodiruaduo, kudamua keksit\u00e4h i\u010de. T\u00e4l kerdua julguammo <strong>Marja Kopelin<\/strong> kirjutuksen, kudai on ki\u00e4nn\u00f6s h\u00e4nen omassah blogasp\u00e4i.<\/p>\n\n\n\n<p>Linku suomenkielizeh algutekstah: <a href=\"https:\/\/blogit.savonsanomat.fi\/liiketta-liiketoimintaan\/dialogiringit-tekivat-meista-tiimin\/\">linku.<\/a><\/p>\n\n\n\n<p><strong>Dialougukruugat luajittih meis paremban ruadojoukon<\/strong><\/p>\n\n\n\n<p>Savonia-ammattikorgei\u0161kolas jogahine kuuluu mihtah ruadojoukkoh. Vuozi tagaperin meij\u00e4n ruadojoukko pi\u00e4tti ruveta k\u00e4ytt\u00e4m\u00e4h dialougukruugua. Soviimmo, \u0161to meil on kerran kuus kahten \u010duasun piduine ker\u00e4hm\u00f6 aziilistanke da vuorokkai senke yhten \u010duasun piduine dialougukruugu. Dialougukruugat ollah oldu ylen hyv\u00e4 dielo meij\u00e4n ruadojoukon yhtehizeh hengeh ni\u0161koi.<\/p>\n\n\n\n<p>Meidy on ruadojoukos nyg\u00f6i yksitostu hengie: on kui Savonias jo en\u00e4m kolmiekymmendy vuottu ruavos olluzii vahnoi dokkoloi, mugai vastevai ruadojoukkoh tulluzii. Meil on monipuolistu ruado- da opastusperi\u00e4, da ig\u00e4jagavo on 32\u201363 vuottu. Meij\u00e4n dielo on luadie, kehitti\u00e4 da koordiniiruija opastundoi ruadoelokses olijoile, ket ollah jo pi\u00e4sty l\u00e4bi tutkindos. Moine ruado vuadiu selgiel\u00f6i yhtehizii tavoittehii, maltandua puhuo yhteh hiileh da enne kaikkie hyvii ruadojoukkoneroloi.<\/p>\n\n\n\n<p><strong>Enzim\u00e4ine dialougukruugu: Misbo on pagin?<\/strong><\/p>\n\n\n\n<p>Meij\u00e4n enzim\u00e4ine dialougukruugu oli 6.2.2023 (kuvves tuhukuudu kaksituhattu kaksikymmen kolme). Send\u00e4h gu metoudu ei olluh kaikil tuttavu, yksi meis ezitteli ezm\u00e4i lyhy\u010d\u010d\u00e4zeh, mid\u00e4bo dialougukruugu tarkoittau. H\u00e4nel oli aiembua praktiekkua tervehysalan ruadokollektiivois piettyl\u00f6ih dialougukruugoih n\u00e4h, da net oldih p\u00e4itty ylen hyvin ruadokollektiivoin yhtehizen hengen luadijannu.<\/p>\n\n\n\n<p>Dialougukruugas kaikin istutah sananmugazeh kruugas. Nikel ei sua olla iesp\u00e4i stolua kannettavua tiedokonehtu libo sum\u010dua eigo ni sua da ei sua ka\u010dahtellakseh telefonua. Pi\u00e4si\u00e4nd\u00f6l\u00f6in mugah kaikin syvet\u00e4h kuundelemah toizii, vuotetah omua vuoruo, kunnivoijah toizien n\u00e4g\u00f6kohtii da paistah kohti omis ajatuksis da tundolois. My\u00f6 soviimmo, \u0161to dialougukruugah ei voi ottua ozua loito\u010di, hos hibriduruadoaigua el\u00e4mm\u00f6gi, da \u0161to telefonat kaikin piet\u00e4h i\u00e4nett\u00f6minny.<\/p>\n\n\n\n<p>Enzim\u00e4zes kruugas olimmo uvven da tundemattoman ies. Alloimmo dialogukruugat samah aigah, konzu ruadojoukkoh oli tulluh kaksi uuttu hengie, da sen j\u00e4lles on vie tulluh kaksi uuttu ozanottajua.<\/p>\n\n\n\n<p>Mustohpanoloi enzim\u00e4zen kruugan j\u00e4lles: <em>&#8221;Oli innostustu, tahdondua, vuottamuksii da toizielp\u00e4i eb\u00e4ilyksii, tarvitahgo n\u00e4mmii libo p\u00e4it\u00e4hgo moizet meile. Oli selgei, \u0161to metoudu ei olluh tuttu kaikile. Toizet oldih vikse sen peri\u00e4 vaikkani. Er\u00e4h\u00e4s kohtas otimmo bumuagu-uzlan, da alloimmo lyk\u00e4t\u00e4 sid\u00e4 kruugas pitkin-poikki tulien paginanvuoron merkikse se\u017eo heile, kuduat oldih oldu enimite vaikkani. Se p\u00e4di hyvin. J\u00e4i v\u00e4h\u00e4zel sevonnuh olo, tottu ielleh vuottai.&#8221;<\/em><\/p>\n\n\n\n<p><strong>Toine dialougukruugu: Ei en\u00e4mbi\u00e4 eb\u00e4ilyksii<\/strong><\/p>\n\n\n\n<p>Avvonazen vuorovaikutuksen ehto on vuorojoukon ozanottajien keskeine luottamus. Luottamus nouzou, konzu ruadojoukon ozanottajat opastutah tundemah toine toizii mahtollizembah hyvin: toizien nerot, voimat, heikkovuot, arvot, n\u00e4g\u00f6kannat, persounan, sanonduluavun da histourien. Konzu luottamus on tarbehekse luja, ruadojoukon ozanottai vobii luottua, \u0161to h\u00e4ndy kuunnellah, h\u00e4nen mielii arvostetah, h\u00e4i tulou ellendetykse da h\u00e4ndy suvaijah omannu i\u010denny.<\/p>\n\n\n\n<p>Dialougukruugas ruadojoukon ozanottajat voijah turvallizeh luaduh harjaitella kesken\u00e4h kuundelemistu da tilan andamistu toizele da samah aigah tuttavuo toine toizeh uuzis n\u00e4g\u00f6kohtis \u2013 se\u017eo nengomis n\u00e4g\u00f6kohtis, kudamat ei v\u00e4lt\u00e4m\u00e4tt\u00e4h liity nikui ruadoh.<\/p>\n\n\n\n<p>Toine dialougukruugu oli 3.3.2023 (kolmas kev\u00e4tkuudu kaksituhattu kaksikymmen kolme). Ruadojoukon ozanottajat kaikin oldih paikal da li\u017e\u00e4kse vie silloine opastuspi\u00e4llikk\u00f6. Olimmo pi\u00e4tt\u00e4nyh oppie paginan nostattajannu kartipua\u010dkua, kudaman kartilois on kyzymyksii. Dialougukruugan allus otetah pi\u00e4vynd\u00e4hizeh luaduh yksi karti, da sen j\u00e4lles kaikin vastatah vuorokkai sih olluoh kyzymykseh. Enzim\u00e4ine paginanvuoro on kartin nostajan hurual puolel istujal.<\/p>\n\n\n\n<p>Meij\u00e4n ruadojoukon enzim\u00e4ine kyzymys oli nengoine: Kenbo sinus rodies, gu suazit nyg\u00f6i vallita uvven ruavon da alan? Jogahine kerdoi omis ajatuksis da toizet kommentiiruittih. Kierrokseh meni puoli \u010duassuu libo puolet dialougukruugan aijas. Loppuaijal planiirui\u010dimmo tuliedu ruadojoukkomenuo da kuibo parem olis viestitti\u00e4 sih n\u00e4h.<\/p>\n\n\n\n<p>Ajatuksii toizen dialougukruugan j\u00e4lles: &#8221;<em>Tunnelmu oli ihan vallatoi. Ei olluh en\u00e4mbi\u00e4 nimittumua tieduo enzim\u00e4zen kerran segovuos, ep\u00e4varmuos da eb\u00e4ilykses. &#8211; &#8211; -Tulou nengoine olo, \u0161to ruadojoukon hengi algau tovengi roitakseh. Ihan t\u00e4mm\u00f6sty yhtes idejoin luadimistu da nagramistu meij\u00e4n ruadojoukko tarvi\u010d\u010dou.<\/em>&#8221;<\/p>\n\n\n\n<p><strong>Ruadojoukon syv\u00e4inpuoline luottamus lujenou<\/strong><\/p>\n\n\n\n<p>Olemmo t\u00e4h sah pid\u00e4nyh kaheksa dialougukruugua: nelli kevi\u00e4l da nelli sygyzyl. Kartipua\u010dkan k\u00e4ytt\u00e4mine lujeni j\u00e4rgieh enzim\u00e4zen eksperimentan j\u00e4lles dialougukruugan allukse. Er\u00e4hii kerdoi kartin kyzymykseh vastuandah on mennyh kogo \u010duassu, toi\u010di olemmo kerrinnyh paista kudamid\u00e4gi muudu. Olemmo se\u017eo oppinuh luadie tiemoi kruugoil, ga juuri niil\u00f6il kerroil kartin kyzymys on virit\u00e4nnyh moizen elo\u017ean paginan, \u0161to tiemua ei ole olluh aigua niyhty ka\u010d\u010duo.<\/p>\n\n\n\n<p>Olemmo se\u017eo yhtes hyll\u00e4nnyh er\u00e4hii kartipua\u010dkas nostettuloi kyzymyksii. Enne Rastavua hylg\u00e4imm\u00f6 kyzymyksen, kudamas pakittih kerdomah mitahto peito\u010dus. Niken ei tahtonuh kerduo omii sekriettoi, gu eih\u00e4i net sen j\u00e4lles oldas en\u00e4mbi\u00e4 oldu peito\u010duksii.<\/p>\n\n\n\n<p>Kevi\u00e4l nostimmo uvven kartin sen j\u00e4lles, konzu karti paki\u010d\u010di kerdomah enzirakkahuos. My\u00f6 emmo silloi vie olluh valmehet kerdomah mostu intimnoidu dieluo. Sama karti nouzi uvvessah sygyzyl, da silloi meij\u00e4n ruadojoukon syv\u00e4inpuoline luottamus oli jo moine luja, \u0161to voimmo kerduo ylen intimnoloigi mustoloi, jogahine tiett\u00e4v\u00e4ine oman ajattelendan mugah. Li\u017e\u00e4kse olemmo paissuh, mid\u00e4 jogahine azus mahtollizen vuorotteluv\u00e4lly\u00f6n aigua, mid\u00e4 muuttazimmo i\u010des, mid\u00e4 omina\u017euttu arvostammo toizis libo mis emmo kield\u00e4vy nimittumas hinnas.<\/p>\n\n\n\n<p><strong>Dialougukruugat jatkutah<\/strong><\/p>\n\n\n\n<p>Jatkammo meij\u00e4n ruadojoukon dialougukruugoi t\u00e4n\u00e4 vuon samah tabah, kui mennyt vuon. Kartipua\u010dku on ylen hyv\u00e4 kruugan allus, gu se andau tieman, kudai on tazapuoline da mieldykiinnitt\u00e4i.<\/p>\n\n\n\n<p>Mennyt vuvven malton perustehel rekomendui\u010demmo dialougukruugoi kaikile ruadojoukkoloile, kuduat piet\u00e4h syv\u00e4inpuolizen luottamuksen nostamistu t\u00e4rgienny.<\/p>\n\n\n\n<p><strong>Marja Kopeli<\/strong>, opastusazientundii, ki\u00e4nn\u00f6s livvinkarjalakse<br><strong>Aija Hietanen<\/strong>, lektoru<br>Savonia-ammattikorgei\u0161kola, jatkujan opastundan yksikk\u00f6<\/p>\n\n\n\n<figure class=\"wp-block-image size-full is-resized\"><img loading=\"lazy\" decoding=\"async\" width=\"856\" height=\"503\" src=\"https:\/\/blogs.uef.fi\/karjalanelvytys\/wp-content\/uploads\/sites\/155\/2024\/01\/MarjaKopelidialogirinki-crop.jpg\" alt=\"\" class=\"wp-image-15321\" style=\"width:400px\" srcset=\"https:\/\/blogs.uef.fi\/karjalanelvytys\/wp-content\/uploads\/sites\/155\/2024\/01\/MarjaKopelidialogirinki-crop.jpg 856w, https:\/\/blogs.uef.fi\/karjalanelvytys\/wp-content\/uploads\/sites\/155\/2024\/01\/MarjaKopelidialogirinki-crop-300x176.jpg 300w, https:\/\/blogs.uef.fi\/karjalanelvytys\/wp-content\/uploads\/sites\/155\/2024\/01\/MarjaKopelidialogirinki-crop-768x451.jpg 768w\" sizes=\"auto, (max-width: 856px) 100vw, 856px\" \/><figcaption class=\"wp-element-caption\">Dialougukruugu, kudamas meidy oli paikal sei\u010d\u010die ruadojoukon ozanottajua. Kuva: Marjut Hentunen<\/figcaption><\/figure>\n\n\n\n<h4 class=\"wp-block-heading\">23.1.2024<\/h4>\n\n\n\n<p>P\u00e4iv\u00e4nnouzu-Suomen yliopiston livvinkarjalan paginkursan opastujien ruadoloi: e\u010di kuva da luaji kirjutus sih.<\/p>\n\n\n\n<p><strong>Kirjutus da kuva: Keri Kallio<\/strong><\/p>\n\n\n\n<p>Ezm\u00e4ssargen ruavon j\u00e4lles tulin kesku\u010d\u010dubibliotiekkah opastumah da i\u00e4nest\u00e4m\u00e4h. Kesku\u010d\u010dubibliotiekku Oodi on suuri bibliotiekku Helsingin keskilinnas, da sie on joga p\u00e4ivi\u00e4 \u00e4ijy rahvastu ruadamas, opastumas, lugemas libo muite viett\u00e4m\u00e4s aigua. Oodi on suuri da komei puuhine da st\u2019oklahine huonus, kudamua turistatgi tullah rakkahal ka\u010d\u010domah. Linnan el\u00e4jile se on ylen t\u00e4rgei paikku, kus voibi ruadua monenluaduzii dieloloi da kus voibi l\u00f6ydi\u00e4 hil\u2019l\u2019azen \u010dupun omah ruadoh ni\u0161koi.&nbsp;<\/p>\n\n\n\n<p>Toinargi on j\u00e4lgim\u00e4ine p\u00e4ivy i\u00e4nesti\u00e4 edukyndeh prezidentanvalli\u010duksis, da send\u00e4h i\u00e4nestin ezm\u00e4ssargen, gu ehtizin varmahgi. I\u00e4nestyspaikal ei olluh \u00e4iji\u00e4 rahvastu. I\u00e4nest\u00e4mizen j\u00e4lles menin luguzualah ka\u010d\u010domah karjalan kielen luvendotallendehtu da kirjuttamah kodiruaduo. Mennyt ned\u00e4lil en pi\u00e4ssyh nikudamale luvendole, send\u00e4h gu olen olluh ruavos, da send\u00e4h on minul nyg\u00f6i \u00e4ijy i\u010d\u010den\u00e4sty opastundua ruattavannu.&nbsp;<\/p>\n\n\n\n<p>Suvai\u010den \u00e4ij\u00e4l bibliotiekas opastundua. Kois minul on &nbsp;jygiembi syvet\u00e4 opastundah. Bibliotiekas ei ole nimid\u00e4 muudu azumistu da voibi istuo da kirjuttua kaikes rauhas. Bibliotiekas on se\u017eo \u00e4ijy muudu rahvastu opastumas libo ruadamas. Duumai\u010den, gu on ylen vessel yhtes tundemattomien ristikanzoinke vaikkani ruadua jogahine omii dieloloi.&nbsp;<\/p>\n\n\n\n<figure class=\"wp-block-image size-full is-resized\"><img loading=\"lazy\" decoding=\"async\" width=\"1024\" height=\"768\" src=\"https:\/\/blogs.uef.fi\/karjalanelvytys\/wp-content\/uploads\/sites\/155\/2024\/01\/Keskustubibliotiekku-Oodi.jpg\" alt=\"\" class=\"wp-image-15051\" style=\"width:auto;height:400px\" srcset=\"https:\/\/blogs.uef.fi\/karjalanelvytys\/wp-content\/uploads\/sites\/155\/2024\/01\/Keskustubibliotiekku-Oodi.jpg 1024w, https:\/\/blogs.uef.fi\/karjalanelvytys\/wp-content\/uploads\/sites\/155\/2024\/01\/Keskustubibliotiekku-Oodi-300x225.jpg 300w, https:\/\/blogs.uef.fi\/karjalanelvytys\/wp-content\/uploads\/sites\/155\/2024\/01\/Keskustubibliotiekku-Oodi-768x576.jpg 768w\" sizes=\"auto, (max-width: 1024px) 100vw, 1024px\" \/><\/figure>\n\n\n\n<p><strong>Kirjutus da kuva: Aleksandra Soloveva<\/strong><\/p>\n\n\n\n<p>Opastundan li\u017e\u00e4kse min\u00e4 vie ruan suomen kielen opastajannu. Minun opastujat ollah turvupaikanpaki\u010d\u010dijat. Hy\u00f6 ollah tuldu ezimerkikse Ukrainasp\u00e4i da Somalisp\u00e4i. Yksi urkainalaine naine k\u00e4vyy urokoile ainos oman poijanke. Briha\u010d\u010du istuu rauhas da resui\u010d\u010dou. Mennyt ned\u00e4lil h\u00e4i kruassi t\u00e4d\u00e4 ma\u0161inua. H\u00e4i valli\u010d\u010di Urkainan flavun v\u00e4rit: keldazen da sinizen. Urokan j\u00e4lgeh h\u00e4i andoi podarkakse minule t\u00e4m\u00e4n kuvan. Briha\u010d\u010du se\u017eo maltau suomekse. H\u00e4i sanoi, \u0161to terv\u00e4h l\u00e4ht\u00f6y p\u00e4ivykodih! Hyv\u00e4\u010d\u010d\u00e4ine briha\u010d\u010duine!<\/p>\n\n\n\n<figure class=\"wp-block-image size-full is-resized\"><img loading=\"lazy\" decoding=\"async\" width=\"600\" height=\"800\" src=\"https:\/\/blogs.uef.fi\/karjalanelvytys\/wp-content\/uploads\/sites\/155\/2024\/01\/Aleksandra2.jpg\" alt=\"\" class=\"wp-image-15036\" style=\"width:auto;height:400px\" srcset=\"https:\/\/blogs.uef.fi\/karjalanelvytys\/wp-content\/uploads\/sites\/155\/2024\/01\/Aleksandra2.jpg 600w, https:\/\/blogs.uef.fi\/karjalanelvytys\/wp-content\/uploads\/sites\/155\/2024\/01\/Aleksandra2-225x300.jpg 225w\" sizes=\"auto, (max-width: 600px) 100vw, 600px\" \/><\/figure>\n\n\n\n<h4 class=\"wp-block-heading\">22.1.2024<\/h4>\n\n\n\n<p>P\u00e4iv\u00e4nnouzu-Suomen yliopiston livvinkarjalan paginkursan opastujien ruadoloi: e\u010di kuva da luaji kirjutus sih.<\/p>\n\n\n\n<p><strong>Kirjutus da kuva: Tarja Tonteri<\/strong><\/p>\n\n\n\n<p>Viluzen talven keskel ristikanzu algau vuottua kev\u00e4tty da kezi\u00e4. Fotoalbumois l\u00f6vvin kuvii vuvvel 2021, konzu olimmo kulleskelemas Espoon Tr\u00e4sk\u00e4ndan usad\u2019bas. Nyg\u00f6i usad\u00e4\u2019ban omistau Espoon linnu, da ne\u010den parahat aijat oldih sih aigah, konzu v\u00e4llyherratar Aurora Karamzina (1808-1902) omisti usad\u2019ban.&nbsp;<\/p>\n\n\n\n<p>Usad\u2019bua ymb\u00e4r\u00f6i\u010d\u010d\u00f6y suuri puusto, kunne tuodih puuloi Uralisp\u00e4i suate. Usad\u2019ban ies on Aurora Karamzinan mustomerki. \u017di\u00e4li, ku minul ei ole sit kuvua. Aurora otti vastah usad\u2019bas \u00e4ij\u00e4n gost\u2019ua, da yksi oli \u010duari Aleksandr II vuvvennu 1863, konzu Suomes oldih valdivop\u00e4iv\u00e4t.<\/p>\n\n\n\n<p>Aurora Karamzina oli olluh nuorennu Piiteris \u010duari Aleksandr II:n dvor\u010das, da Piiteris h\u00e4i oli tuttavunnuh se\u017eo diakonieh, hyvy\u00f6nluajindah. My\u00f6hemb\u00e4h vuvvennu 1869 Helsingih perustettih Diakonissalaitos Auroran perind\u00f6n avul.<\/p>\n\n\n\n<p>Tr\u00e4sk\u00e4ndan puusto on ylen \u010doma matkailemizen kohtu. Meij\u00e4n lemmikit, Helmi da Heikki, suvaittih \u00e4ij\u00e4l juoksendella suurel nurmel, konzu p\u00e4iv\u00e4ine lo\u0161kotti pilvett\u00f6m\u00e4s taivahas.<\/p>\n\n\n\n<p>Arvakkua, kudai on Helmi?<\/p>\n\n\n\n<figure class=\"wp-block-image size-large is-resized\"><img loading=\"lazy\" decoding=\"async\" width=\"768\" height=\"1024\" src=\"https:\/\/blogs.uef.fi\/karjalanelvytys\/wp-content\/uploads\/sites\/155\/2024\/01\/tarja-tonteri-768x1024.jpg\" alt=\"\" class=\"wp-image-15019\" style=\"width:auto;height:400px\" srcset=\"https:\/\/blogs.uef.fi\/karjalanelvytys\/wp-content\/uploads\/sites\/155\/2024\/01\/tarja-tonteri-768x1024.jpg 768w, https:\/\/blogs.uef.fi\/karjalanelvytys\/wp-content\/uploads\/sites\/155\/2024\/01\/tarja-tonteri-225x300.jpg 225w, https:\/\/blogs.uef.fi\/karjalanelvytys\/wp-content\/uploads\/sites\/155\/2024\/01\/tarja-tonteri.jpg 828w\" sizes=\"auto, (max-width: 768px) 100vw, 768px\" \/><\/figure>\n\n\n\n<p><\/p>\n\n\n\n<p><strong>Kirjutus: Heli Palviainen<\/strong><\/p>\n\n\n\n<p>Kuva: Kuva: iStock<\/p>\n\n\n\n<p>Suomengi noita on oppii da tiedoiniekku! Luvendol oli paginua sih n\u00e4h, gu sanal \u201dnoita\u201d suomes on buitegu ig\u00e4v\u00e4nluaduine konnotacii. Karjalas dielo ongi jo parembi, gu paistah tiedoiniekas libo oppijas! A suomeksegi voibi hyvin paista \u201dnoidas\u201d, eigo se ainos ole paha dielo. Enne toinah duumaittih, \u0161to <em>noita<\/em> on se suarnois da kinolois ozuttelii pahan ruadai. <em>Noita<\/em> n\u00e4gyi tuhmannu \u2019rumana\u2019, varaittavannu da ilgienny. T\u00e4m\u00e4h\u00e4i ei tovengi ole tottu, ku jo ammui eri kul\u2019tuurois on olluh viizahii (miehii da naizii), kudamien puoleh on ki\u00e4nnytty da ket ollah maltettu ezimerkikse parandua rahvastu da el\u00e4ttil\u00f6i da tarkailla luonnos ennustuksii. Vaste valduvierot da j\u00e4lgim\u00e4zekse medii on luadinuh tiedoiniekois pahoi. Muga my\u00f6 <em>noidat<\/em>, kui muutgi ollah yksil\u00f6l\u00f6i da monenmostu syndyy keral, a nimenomah nygymuailmas i\u010d\u010die <em>noidakse<\/em> ku\u010d\u010duu ainos vie en\u00e4mbi da i\u010del se juohattau mieleh juurigi ristikanzua, kel on viizahuttu, yhtevytty i\u010d\u010deh da luondoh, kunnivoi\u010dustu t\u00e4h muailmah da sen v\u00e4gih (er\u00e4h\u00e4t paistah luondovieros). Vierol eule nimid\u00e4 v\u00e4lii, kengi voibi olla ristitty libo atejistu, libo ezimerkikse wicca, da on se\u017eo <em>noitia,<\/em> kuduat ei harjaiteta nimittumua vieruo. On aigu j\u00e4tti\u00e4 j\u00e4llele net ig\u00e4vyt n\u00e4g\u00f6kannat ne\u010dengi tieman ymb\u00e4ri da ottua mallii karjalazis: paista tiedovoi\u010d\u010demizes \u010domannu perindehtiedoloin i tiijon kunnivoi\u010dendannu da rakkahuonnu luonnon puoleh.<\/p>\n\n\n\n<figure class=\"wp-block-image size-full is-resized\"><img loading=\"lazy\" decoding=\"async\" width=\"612\" height=\"408\" src=\"https:\/\/blogs.uef.fi\/karjalanelvytys\/wp-content\/uploads\/sites\/155\/2024\/01\/HeliPalviainen2.png\" alt=\"\" class=\"wp-image-15001\" style=\"width:400px\" srcset=\"https:\/\/blogs.uef.fi\/karjalanelvytys\/wp-content\/uploads\/sites\/155\/2024\/01\/HeliPalviainen2.png 612w, https:\/\/blogs.uef.fi\/karjalanelvytys\/wp-content\/uploads\/sites\/155\/2024\/01\/HeliPalviainen2-300x200.png 300w\" sizes=\"auto, (max-width: 612px) 100vw, 612px\" \/><\/figure>\n\n\n\n<p><\/p>\n\n\n\n<p><strong>Kirjutus: Jaana Petsalo<\/strong><\/p>\n\n\n\n<p>Kuva: Eliisa Pihlaja-Vihel\u00e4<\/p>\n\n\n\n<p>Huabuvien karjalazet ker\u00e4vyttih pruaznuimah rastavastu da Suomen i\u010d\u010den\u00e4\u017eytty kolmanpi\u00e4n 6. talvikuudu 2023. Pruazniekkupaikakse oli vallittu keskilinnas sijai\u010d\u010dii Pekan Pirtit (Pe\u0161an Pertit). Vahnu parzihuonus oligi ylen p\u00e4tt\u00e4vy t\u00e4h pruazniekkah ni\u0161koi. Pruaznuimas meidy oli nenga 20 hengie, ker\u00e4l kui yhtistyksen ozanottajii mugai ozanottajien vastinehii. Nuorin pruaznui\u010d\u010dii oli 20-vuodehine, kaikin toizet oldih \u00e4iji\u00e4 vahnembat.<\/p>\n\n\n\n<p>Programmas oli putillizen sy\u00f6mizen li\u017e\u00e4kse pai\u010di muudu v\u00e4lli\u00e4 paginua da ylen mieldykiinnitt\u00e4i tiedokilbu Suomen histourieh n\u00e4h. P\u00e4ivy oli vilu, l\u00e4s -20 astehtu, ga tunnelmu meij\u00e4n pruazniekas oli ylen l\u00e4mmin.<\/p>\n\n\n\n<p>Kuvas min\u00e4 luven rastavanjevangeliedu livvikse ferezi pi\u00e4l, sorokku pi\u00e4s, paikku hardieloil da villusukat jallas. Ferezi on nenga 40 vuottu vahnu, minulgi se on olluh jo l\u00e4s 20 vuottu. Sorokku on \u00e4iji\u00e4 uvvembi, tilain sen er\u00e4s vuozi tagaperin nuorel k\u00e4ziruavonopastujal Inarisp\u00e4i, ga t\u00e4s se on minul enzim\u00e4sty kerdua k\u00e4yt\u00f6s. Kuvas ei ozakse voi n\u00e4ht\u00e4, gu min\u00e4 v\u00e4h\u00e4zel edukyndeh varain kogo lugemistu.<\/p>\n\n\n\n<figure class=\"wp-block-image size-full is-resized\"><img loading=\"lazy\" decoding=\"async\" width=\"483\" height=\"640\" src=\"https:\/\/blogs.uef.fi\/karjalanelvytys\/wp-content\/uploads\/sites\/155\/2024\/01\/jaana-petsalo.jpg\" alt=\"\" class=\"wp-image-14992\" style=\"width:auto;height:400px\" srcset=\"https:\/\/blogs.uef.fi\/karjalanelvytys\/wp-content\/uploads\/sites\/155\/2024\/01\/jaana-petsalo.jpg 483w, https:\/\/blogs.uef.fi\/karjalanelvytys\/wp-content\/uploads\/sites\/155\/2024\/01\/jaana-petsalo-226x300.jpg 226w\" sizes=\"auto, (max-width: 483px) 100vw, 483px\" \/><\/figure>\n\n\n\n<p><\/p>\n\n\n\n<p><strong>Kirjutus da kuva: Helena Silvennoinen-Kuikka<\/strong><\/p>\n\n\n\n<p><strong>Polvij\u00e4rven pravoslaunoi kirikk\u00f6<\/strong><\/p>\n\n\n\n<p>Meij\u00e4n hierun kiist\u00e4m\u00e4tt\u00e4h kaunehin sroju on Pyh\u00e4n Iivan Valattajan pravoslaunoi kirikk\u00f6. &nbsp;Kirikk\u00f6 sijai\u010d\u010dou Polvij\u00e4rven hierus Pohjas-Karjalas da se on yksi Taibalehen pravoslaunoin prihodan kirikk\u00f6l\u00f6is. T\u00e4l samal kohtal srojittih Polvij\u00e4rven enzim\u00e4ine pravoslaunoi kirikk\u00f6 vuvvennu 1902, ga se h\u00e4vii tulipalos jo vuvvennu 1909.<\/p>\n\n\n\n<p>Hierun pravoslaunoit ristikanzat tahtottih yhtell\u00e4h suaja oman kirik\u00f6n da sen pidi olla kaunehembi, migu Jovensuun kirikk\u00f6. Kirik\u00f6n planiirui\u010d\u010di Piiteris el\u00e4i suomelaine arhitektoru Ivan Kanninen. Paikallizet pravoslaunoit annettih dengat uvven kirik\u00f6n nostamizekse. Sen li\u017e\u00e4kse suadih puutavarua \u010duarin k\u00e4skyn mugah. Kuuzi polvij\u00e4rvel\u00e4sty kirvesmiesty srojittih kirik\u00f6n da heinykuul vuvvennu 1914 arhijepiskoppu Sergei (Stratorodskii) sv\u00e4tii kirik\u00f6n.<\/p>\n\n\n\n<p>Kirik\u00f6s on \u00e4ijy Iivan Valattajale pyhitettyy obrazua. Kirik\u00f6n pruazniekkup\u00e4ivi\u00e4 piet\u00e4h Iivan Valattajan roindupi\u00e4n 24. kez\u00e4kuudu.<\/p>\n\n\n\n<p>L\u00e4htehmaterjualu:&nbsp;<a href=\"https:\/\/ortodoksinenkulttuurikeskus.fi\/fi\/vaeltajan-polku\/polvijarven-johannes-kastajan-kirkko\">https:\/\/ortodoksinenkulttuurikeskus.fi\/fi\/vaeltajan-polku\/polvijarven-johannes-kastajan-kirkko<\/a><\/p>\n\n\n\n<figure class=\"wp-block-image size-full is-resized\"><img loading=\"lazy\" decoding=\"async\" width=\"712\" height=\"949\" src=\"https:\/\/blogs.uef.fi\/karjalanelvytys\/wp-content\/uploads\/sites\/155\/2024\/01\/Screenshot_20240120_181331_Outlook.jpg\" alt=\"\" class=\"wp-image-14980\" style=\"width:auto;height:400px\" srcset=\"https:\/\/blogs.uef.fi\/karjalanelvytys\/wp-content\/uploads\/sites\/155\/2024\/01\/Screenshot_20240120_181331_Outlook.jpg 712w, https:\/\/blogs.uef.fi\/karjalanelvytys\/wp-content\/uploads\/sites\/155\/2024\/01\/Screenshot_20240120_181331_Outlook-225x300.jpg 225w\" sizes=\"auto, (max-width: 712px) 100vw, 712px\" \/><\/figure>\n\n\n\n<h4 class=\"wp-block-heading\">17.1.2024<\/h4>\n\n\n\n<p>Kirjutus: <strong>Helena Silvennoinen Kuikka<\/strong><\/p>\n\n\n\n<p>Kuva: Pixabay<\/p>\n\n\n\n<p>Menny\u00f6n ned\u00e4lin argip\u00e4ivyhuolet<\/p>\n\n\n\n<p>Mennyt ned\u00e4lil minul on olluh kaikenjyttysty ruadamistu da argip\u00e4ivyhuoldu. Yhtenny p\u00e4iv\u00e4nny minun auto ei l\u00e4htenyh k\u00e4ym\u00e4h, akkumul\u2019uattoru oli tyhjennyh pakkazes. &nbsp;Ga mibo nevvokse? Ukko abuh \u2013 tiett\u00e4v\u00e4ine! T\u00e4n\u00e4p\u00e4i huondeksel duumai\u010din, \u0161to nyg\u00f6i rubien ruadamah tiedokonehel, ga internet-yhtevys ei rua. Ga &nbsp;mibo nevvokse? Ukko abuh \u2013 tiett\u00e4v\u00e4ine! Ildupuolel tahtoin ravieh k\u00e4vv\u00e4 azieloi spruavimah yhten yst\u00e4v\u00e4n luo, ga en tied\u00e4nyh, \u0161to h\u00e4nen pihamuadu ei vie oldu puhtastettu lumes. Minun auto juutui lumeh. Ga mibo nevvokse? Ukko viruu kois da ka\u010d\u010dou televiizorua. Labju k\u00e4deh da i\u010de abuh!<\/p>\n\n\n\n<figure class=\"wp-block-image size-large is-resized\"><img loading=\"lazy\" decoding=\"async\" width=\"1024\" height=\"1024\" src=\"https:\/\/blogs.uef.fi\/karjalanelvytys\/wp-content\/uploads\/sites\/155\/2024\/01\/wintry-2915190_1280-1024x1024.png\" alt=\"Talvinen maisema, jossa on puita ja taloja, joiden piipusta nousee savua. Piirroskuva\" class=\"wp-image-14894\" style=\"width:auto;height:400px\" srcset=\"https:\/\/blogs.uef.fi\/karjalanelvytys\/wp-content\/uploads\/sites\/155\/2024\/01\/wintry-2915190_1280-1024x1024.png 1024w, https:\/\/blogs.uef.fi\/karjalanelvytys\/wp-content\/uploads\/sites\/155\/2024\/01\/wintry-2915190_1280-300x300.png 300w, https:\/\/blogs.uef.fi\/karjalanelvytys\/wp-content\/uploads\/sites\/155\/2024\/01\/wintry-2915190_1280-150x150.png 150w, https:\/\/blogs.uef.fi\/karjalanelvytys\/wp-content\/uploads\/sites\/155\/2024\/01\/wintry-2915190_1280-768x768.png 768w, https:\/\/blogs.uef.fi\/karjalanelvytys\/wp-content\/uploads\/sites\/155\/2024\/01\/wintry-2915190_1280.png 1280w\" sizes=\"auto, (max-width: 1024px) 100vw, 1024px\" \/><\/figure>\n\n\n\n<h4 class=\"wp-block-heading\">15.1.2024<\/h4>\n\n\n\n<p>P\u00e4iv\u00e4nnouzu-Suomen yliopistos karjalan kielen opastandu sobivuu kielen elvyt\u00e4nd\u00e4h da popul&#8217;arizacieh. My\u00f6 piemm\u00f6 kieldy n\u00e4g\u00f6vis da kehit\u00e4mm\u00f6 sid\u00e4 yhtes opastujienke. Nyg\u00f6i on menem\u00e4s pai\u010di muudu livvinkarjalan paginkursu, kudual opastujat paistah karjalakse sego luajitah kodiruavokse da ruadopajois vuoropaginoi da kirjutuksii. Niil\u00f6i rubiemmo hil&#8217;l&#8217;akkazin julguamah.<\/p>\n\n\n\n<p>Kirjutus da kuva: <strong>Tarja Tonteri<\/strong><\/p>\n\n\n\n<p>Ned\u00e4linloppu on kulgenuh meil hil\u2019l\u2019akkazin&nbsp;<\/p>\n\n\n\n<p>Ti\u00e4 suvi\u010duralgi talvi on olluh ylen vilu. \u00c4ij\u00e4n on pannuh lundu da pakkaine on r\u00e4ck\u00e4nnyh. Meij\u00e4n koirat uinotah ruttozeh koin syd\u00e4mes, konzu pihal niil\u00f6in k\u00e4b\u00e4l\u00e4t kylmet\u00e4h da tulou pakkazenpuremii. Em\u00e4ndy&nbsp;se\u017eo suvai\u010d\u010dou viruo da uinota p\u00e4\u010din l\u00e4mbiem\u00e4s. (Se on vai syv\u00e4 tahto, ku tovelli\u017euos meij\u00e4n kois ei ole p\u00e4\u010d\u010dii, on vai kallis s\u00e4hk\u00f6.)<\/p>\n\n\n\n<p>Suovattan aijoi huondeksel oli ylen \u010doma taivas, konzu sit oli herkii v\u00e4ril\u00f6i. Fotografiirui\u010din taivastu.&nbsp;<\/p>\n\n\n\n<p>Meil on ti\u00e4 kodihierus ylen hyvii laduloi da net avatah ainos&nbsp; tuu\u010dan j\u00e4lles, send\u00e4h duumai\u010den, \u0161to pid\u00e4s l\u00e4htie&nbsp;hiiht\u00e4m\u00e4h. No, sukset vuotetah uksen vieres.<\/p>\n\n\n\n<figure class=\"wp-block-image size-full is-resized\"><img loading=\"lazy\" decoding=\"async\" width=\"640\" height=\"640\" src=\"https:\/\/blogs.uef.fi\/karjalanelvytys\/wp-content\/uploads\/sites\/155\/2024\/01\/TarjaTonteri1.jpg\" alt=\"Sinivioletti auringonlasku talvisella takapihalla\" class=\"wp-image-14878\" style=\"width:auto;height:400px\" srcset=\"https:\/\/blogs.uef.fi\/karjalanelvytys\/wp-content\/uploads\/sites\/155\/2024\/01\/TarjaTonteri1.jpg 640w, https:\/\/blogs.uef.fi\/karjalanelvytys\/wp-content\/uploads\/sites\/155\/2024\/01\/TarjaTonteri1-300x300.jpg 300w, https:\/\/blogs.uef.fi\/karjalanelvytys\/wp-content\/uploads\/sites\/155\/2024\/01\/TarjaTonteri1-150x150.jpg 150w\" sizes=\"auto, (max-width: 640px) 100vw, 640px\" \/><\/figure>\n\n\n\n<p>Kirjutus: <strong>Satu Honka<\/strong><\/p>\n\n\n\n<p>Kuva: Pixabay<\/p>\n\n\n\n<p>Mid\u00e4 olen ruadunuh loppuned\u00e4lil da ned\u00e4linlopul<\/p>\n\n\n\n<p>Nell\u00e4npi\u00e4n k\u00e4vyin laukkah, gu min\u00e4 en ehtinyh k\u00e4vv\u00e4 sinne ned\u00e4lin allus. Ostin kaikenualastu magiedu sy\u00f6misty, toizin sanoin: en ostanuh nimid\u00e4 tervehellisty.&nbsp;<\/p>\n\n\n\n<p>Nell\u00e4npi\u00e4n ruavoin kogo p\u00e4iv\u00e4n, da illal olin kielikursal. Min\u00e4 olen kielen opastai da se\u017eo suvai\u010den opastuo uuzii kielii. Maltan&nbsp;min\u00e4 se\u017eo ylen v\u00e4h\u00e4zen muinazen jegiptan kirjutustu.<\/p>\n\n\n\n<p>Pi\u00e4ten\u010d\u00e4n ruavoin huondekses ildassah. Illal my\u00f6h\u00e4 en ka\u010d\u010donuh ni televiizorua, send\u00e4h gu olin ylen v\u00e4zynyh.<\/p>\n\n\n\n<p>Suavattan p\u00e4iv\u00e4ine pastoi da min\u00e4 l\u00e4htin k\u00e4velyksele j\u00e4lles murginua. Illal ka\u010doin YouTubes videoloi ka\u017eilois send\u00e4h gu en voinnuh nimid\u00e4 ajatella. Menin aijoi muate, viizitostu minuuttua yheks\u00e4tty.<\/p>\n\n\n\n<figure class=\"wp-block-image size-large is-resized\"><img loading=\"lazy\" decoding=\"async\" width=\"1024\" height=\"682\" src=\"https:\/\/blogs.uef.fi\/karjalanelvytys\/wp-content\/uploads\/sites\/155\/2024\/01\/cat-323262_1280-1024x682.jpg\" alt=\"Oranssi k\u00e4p\u00e4l\u00e4\u00e4ns\u00e4 pesev\u00e4 kissa\" class=\"wp-image-14850\" style=\"width:400px\" srcset=\"https:\/\/blogs.uef.fi\/karjalanelvytys\/wp-content\/uploads\/sites\/155\/2024\/01\/cat-323262_1280-1024x682.jpg 1024w, https:\/\/blogs.uef.fi\/karjalanelvytys\/wp-content\/uploads\/sites\/155\/2024\/01\/cat-323262_1280-300x200.jpg 300w, https:\/\/blogs.uef.fi\/karjalanelvytys\/wp-content\/uploads\/sites\/155\/2024\/01\/cat-323262_1280-768x512.jpg 768w, https:\/\/blogs.uef.fi\/karjalanelvytys\/wp-content\/uploads\/sites\/155\/2024\/01\/cat-323262_1280.jpg 1280w\" sizes=\"auto, (max-width: 1024px) 100vw, 1024px\" \/><\/figure>\n\n\n\n<p><\/p>\n\n\n\n<p>Kirjutus: <strong>Jaana Petsalo<\/strong><\/p>\n\n\n\n<p>Kuva: Pixabay<\/p>\n\n\n\n<p>Ned\u00e4linlopun ruadoloi<\/p>\n\n\n\n<p>Enzim\u00e4ine kogonaine ruadoned\u00e4li rastavan j\u00e4lgeh oli rounoku tavanmugastu pitkembi, ga eih\u00e4i se viitty ruadop\u00e4ivi\u00e4 pitkembi olluhgi. Pi\u00e4ten\u010d\u00e4n eht\u00e4l pidi enzim\u00e4i huogavuo da syvv\u00e4 vuvven 2024 toinah jo viijes magei sy\u00f6mine kanzallisrunoilijan kunnivokse. Ozakse en ole andanuh nimittumua uvvenvuvvenuskalmuo sy\u00f6mizeh libo liikkumizeh n\u00e4h; suvai\u010den hiiht\u00e4misty ylen \u00e4ij\u00e4l, ga vie en ole hiiht\u00e4nyh ni yhty kilometrii. Minun sy\u00f6misharjavuksetgi ei olla mullostu tervehellizemb\u00e4t, toinah juuri vastukavai.<\/p>\n\n\n\n<p>Suovattan oli Nuutinp\u00e4ivy, perindehelline rastavan\u010domenduksien i\u00e4rehotandup\u00e4ivy. T\u00e4l kerdua meil oli kois ylen v\u00e4h\u00e4ine rastavan\u010domehdustu, vai keit\u00e4ndypertin rastavanripustimet pidi ottua i\u00e4re da panna niil\u00f6in sijah toizet, jo kevi\u00e4mb\u00e4zet. Ezm\u00e4i net pidi tiett\u00e4v\u00e4ine ut\u2019uu\u017eie. Kev\u00e4t roih!<\/p>\n\n\n\n<p>Oman koin remontuagi duumai\u010dimmo ukonke. K\u00e4vyimm\u00f6 paikallizeh laukkah da tilaimmo yhteh magavopertih uvven harmuan viniilulattien da harmuat latekarniizat. Meil on ne\u010dis remontas ylen selgei ruavonjago: ukko ruadau, min\u00e4 maksan \u010dotat.<br><\/p>\n\n\n\n<figure class=\"wp-block-image size-large is-resized\"><img loading=\"lazy\" decoding=\"async\" width=\"1024\" height=\"682\" src=\"https:\/\/blogs.uef.fi\/karjalanelvytys\/wp-content\/uploads\/sites\/155\/2024\/01\/soap-bubble-1958650_1280-1024x682.jpg\" alt=\"J\u00e4\u00e4tynyt saippuakupla\" class=\"wp-image-14841\" style=\"width:400px\" srcset=\"https:\/\/blogs.uef.fi\/karjalanelvytys\/wp-content\/uploads\/sites\/155\/2024\/01\/soap-bubble-1958650_1280-1024x682.jpg 1024w, https:\/\/blogs.uef.fi\/karjalanelvytys\/wp-content\/uploads\/sites\/155\/2024\/01\/soap-bubble-1958650_1280-300x200.jpg 300w, https:\/\/blogs.uef.fi\/karjalanelvytys\/wp-content\/uploads\/sites\/155\/2024\/01\/soap-bubble-1958650_1280-768x512.jpg 768w, https:\/\/blogs.uef.fi\/karjalanelvytys\/wp-content\/uploads\/sites\/155\/2024\/01\/soap-bubble-1958650_1280.jpg 1280w\" sizes=\"auto, (max-width: 1024px) 100vw, 1024px\" \/><\/figure>\n\n\n\n<p>Kirjutus da kuva: <strong>Tero Tikkanen<\/strong><\/p>\n\n\n\n<p>Minul oli ned\u00e4linlopul ylen kiireh. Minul ollah algavuttu monet kursat yliopistol da niil\u00f6is on tulluh ylen \u00e4ijy ennep\u00e4ilugemistu. Li\u017e\u00e4kse minul oli ezm\u00e4ssargen ekzuamenu Nevvostoliiton arren histouries. Se oli ylen mieldykiinnitt\u00e4i kursu, send\u00e4h gu minuu interesuijah Ven\u2019an da Nevvostoliiton historii da se kursu andoi \u00e4ij\u00e4n uuttu n\u00e4g\u00f6kandua sih.<\/p>\n\n\n\n<p>Hyv\u00e4kse mielekse maltoin se\u017eo huogavuo. K\u00e4vyin dovari\u0161oinke Keski-Suomen muzeih ka\u010d\u010domah, mittuzii ozutteluloi sie olis. Sie luvimmo \u00e4ij\u00e4n Keski-Suomen histories da yksi ozuttelu kerdoi kylys da sen merki\u010dyksis. Li\u017e\u00e4kse suovattan k\u00e4vyin gostih minun rodnielluo. Minun seukul on kolmevuodine briha\u010d\u010du. Se on ainos ylen vessel. H\u00e4nel on muga \u00e4ijy energiedu da h\u00e4nen n\u00e4gemine elvytt\u00e4y minuu. Toi\u010di tahtozin, \u0161tobi minul i\u010del olis muga\u017ee \u00e4ijy energiedu, kui h\u00e4nel.<\/p>\n\n\n\n<p>Mustin min\u00e4 se\u017eo olla liikkehelgi. Meil on Kortepohjas opastujile ilmaine kundozualu, kunne min\u00e4 k\u00e4vyn. Liikkehel olemine tazapainottau minun opastuselostu. Tundui my\u00f6s ylen hyv\u00e4l l\u00e4htie k\u00e4ym\u00e4h kundozualal rastavan j\u00e4lles.<\/p>\n\n\n\n<figure class=\"wp-block-image size-large is-resized\"><img loading=\"lazy\" decoding=\"async\" width=\"768\" height=\"1024\" src=\"https:\/\/blogs.uef.fi\/karjalanelvytys\/wp-content\/uploads\/sites\/155\/2024\/01\/1000067278-768x1024.jpg\" alt=\"Kasa kahvakuulia kuntosalilla\" class=\"wp-image-14832\" style=\"width:auto;height:400px\" srcset=\"https:\/\/blogs.uef.fi\/karjalanelvytys\/wp-content\/uploads\/sites\/155\/2024\/01\/1000067278-768x1024.jpg 768w, https:\/\/blogs.uef.fi\/karjalanelvytys\/wp-content\/uploads\/sites\/155\/2024\/01\/1000067278-225x300.jpg 225w, https:\/\/blogs.uef.fi\/karjalanelvytys\/wp-content\/uploads\/sites\/155\/2024\/01\/1000067278-1152x1536.jpg 1152w, https:\/\/blogs.uef.fi\/karjalanelvytys\/wp-content\/uploads\/sites\/155\/2024\/01\/1000067278-1536x2048.jpg 1536w, https:\/\/blogs.uef.fi\/karjalanelvytys\/wp-content\/uploads\/sites\/155\/2024\/01\/1000067278-rotated.jpg 1734w\" sizes=\"auto, (max-width: 768px) 100vw, 768px\" \/><\/figure>\n\n\n\n<p><\/p>\n\n\n\n<p>Kirjutus da kuva: <strong>Aleksandra Soloveva<\/strong><\/p>\n\n\n\n<p>Suovattan olen ainos ruavos. Min\u00e4 arendui\u010din yliopiston bibliotiekan pertin da ruavoin sie. Minul oli 3 urokkua da yhten niil\u00f6is piin omatahtozennu. Sen j\u00e4lgeh my\u00f6 l\u00e4htimm\u00f6 mielespiett\u00e4v\u00e4nke sy\u00f6m\u00e4h turcielazeh kebab-restoranah. Sie sy\u00f6mine ei ollun kallis, ga yhtell\u00e4h ylen magei! Tiij\u00e4mm\u00f6 nyg\u00f6i vie yhten hyv\u00e4n paikan!<\/p>\n\n\n\n<p>Pyh\u00e4npi\u00e4n minul oli yksi ker\u00e4hm\u00f6. My\u00f6 pagizimmo tulien vuvven pluanoih n\u00e4h. Ken mid\u00e4 luadiu da pai\u010di muudu vie se\u017eo minun projektah n\u00e4h. Min\u00e4 tahtozin luadie Nurmekses bes\u2019odan. Nenga ruttoh ned\u00e4linloppu menigi!<\/p>\n\n\n\n<figure class=\"wp-block-image size-large is-resized\"><img loading=\"lazy\" decoding=\"async\" width=\"768\" height=\"1024\" src=\"https:\/\/blogs.uef.fi\/karjalanelvytys\/wp-content\/uploads\/sites\/155\/2024\/01\/AleksandraSoloveva1-768x1024.jpg\" alt=\"Luentosalissa p\u00f6yd\u00e4ll\u00e4 olevat tietokone, vihko ja kuulokkeet\" class=\"wp-image-14820\" style=\"width:auto;height:400px\" srcset=\"https:\/\/blogs.uef.fi\/karjalanelvytys\/wp-content\/uploads\/sites\/155\/2024\/01\/AleksandraSoloveva1-768x1024.jpg 768w, https:\/\/blogs.uef.fi\/karjalanelvytys\/wp-content\/uploads\/sites\/155\/2024\/01\/AleksandraSoloveva1-225x300.jpg 225w, https:\/\/blogs.uef.fi\/karjalanelvytys\/wp-content\/uploads\/sites\/155\/2024\/01\/AleksandraSoloveva1-1152x1536.jpg 1152w, https:\/\/blogs.uef.fi\/karjalanelvytys\/wp-content\/uploads\/sites\/155\/2024\/01\/AleksandraSoloveva1-1536x2048.jpg 1536w, https:\/\/blogs.uef.fi\/karjalanelvytys\/wp-content\/uploads\/sites\/155\/2024\/01\/AleksandraSoloveva1.jpg 1620w\" sizes=\"auto, (max-width: 768px) 100vw, 768px\" \/><\/figure>\n\n\n\n<p><\/p>\n\n\n\n<p>Kirjutus: <strong>Heli Palviainen<\/strong><\/p>\n\n\n\n<p>Kuva: iStock<\/p>\n\n\n\n<p>Tulin mielespiett\u00e4v\u00e4lly\u00f6 jo aijoin aijal ruadoned\u00e4lil, send\u00e4h gu suovattan menemm\u00f6 pruaznuimah h\u00e4nen siz\u00e4ren roindup\u00e4ivi\u00e4. Siz\u00e4rele roih kolmekymmen vuottu. Pivot alletah ildupuolel, i ezm\u00e4i sy\u00f6mm\u00f6 yhtes. Tiluammo eriluadustu pitsua, ku kaikin suajah i\u010de vallita, mittumua tahtottas syvv\u00e4. Sy\u00f6nd\u00e4n j\u00e4lles viet\u00e4mm\u00f6 ildua yhtes: pagizemmo, toinah pajatammo da piemm\u00f6 vesseli\u00e4. Meidy ei ole suuri joukko, vaiku hy\u00f6 siz\u00e4rekset da velli (kudai on minun mielespiett\u00e4vy) dai my\u00f6 vastinehet. Yhtell\u00e4h pruazniekkukohtas on vie \u00c4ij\u00e4, kudai on taloin kud\u017eu. Nimeh ka\u010d\u010domattah h\u00e4i on vaiku yksi pieni mu\u017eikkaine! Hos t\u00e4h aigah vuvves on olluh \u00e4ijy pruazniekkua da hos mittumua muudu menendi\u00e4 da olemmo v\u00e4zyny\u00f6t, vuotammo ned\u00e4linloppuu hyv\u00e4s mieles. A sen j\u00e4lles huogavummo h\u00e4tken!<\/p>\n\n\n\n<figure class=\"wp-block-image size-full is-resized\"><img loading=\"lazy\" decoding=\"async\" width=\"612\" height=\"408\" src=\"https:\/\/blogs.uef.fi\/karjalanelvytys\/wp-content\/uploads\/sites\/155\/2024\/01\/Heli-Paulasto-kaly.png\" alt=\"Joukko nuoria aikuisia sy\u00f6m\u00e4ss\u00e4 pitsaa ja juomassa viini\u00e4\" class=\"wp-image-14811\" style=\"width:auto;height:400px\" srcset=\"https:\/\/blogs.uef.fi\/karjalanelvytys\/wp-content\/uploads\/sites\/155\/2024\/01\/Heli-Paulasto-kaly.png 612w, https:\/\/blogs.uef.fi\/karjalanelvytys\/wp-content\/uploads\/sites\/155\/2024\/01\/Heli-Paulasto-kaly-300x200.png 300w\" sizes=\"auto, (max-width: 612px) 100vw, 612px\" \/><\/figure>\n\n\n\n<p><\/p>\n\n\n\n<p>Kirjutus da kuva: <strong>Marja Kopeli<\/strong><\/p>\n\n\n\n<p><strong>Kniigu- da lugemisdieloloi mennyt suovattan<\/strong><\/p>\n\n\n\n<p>Hava\u010duin suovattan huondeksel sei\u010d\u010demen aigah. Se on vessel da merkilline dielo: konzu voizit muata h\u00e4tken huondeksel, ga juuri sit hava\u010dutgi ylen aijoi. No, olih\u00e4i en\u00e4mbi aigua, gu minul oli monenluadustu dieluo ruattavannu.<\/p>\n\n\n\n<p>K\u00e4vyin kirjastoh. Kuopion linnankirjasto on ylen hyv\u00e4, sie on \u00e4ijy kniigua da yst\u00e4v\u00e4lline palvelendu. Toin j\u00e4rilleh er\u00e4h\u00e4t kniigat, kudamii olin lugenuh rastavan da uvven vuvven aigua. Minul oli laihinas ezimerkikse Salmis kerdoi kniigu &#8221;Rajoil da randamil&#8221;.<\/p>\n\n\n\n<p>Ka\u010d\u010delin se\u017eo, mittumua uuttu kniigua voizin ottua laihinah. Gu opastun karjalan kieldy, e\u010din nyg\u00f6i ainos se\u017eo karjalankielizii tevoksii. T\u00e4l kerdua otin laihinah Sandra Stepanovan kirjutetun kniigan &#8221;El\u00e4m\u00e4ni polku. \u0160ombaj\u00e4rven kyl\u00e4n istorija \u0161ek\u00e4 muisselmie miun elok\u0161e\u0161ta.&#8221; Se on kirjutettu vienankarjalakse.<\/p>\n\n\n\n<p>Minul i\u010del on kaksi livvinkarjalakse kirjutettuu kniigua. Net ollah mollembat muumikniigoi: &#8221;Varattavu Iivananp\u00e4ivy&#8221; da &#8221;Muuminotkon kylmykuu&#8221;. &#8221;Muuminotkon kylmykuun&#8221; luvin sygyzyl da nyg\u00f6i luven &#8221;Varattavua Iivananp\u00e4ivi\u00e4&#8221;. Net ollah vessel\u00e4t da lapsilegi p\u00e4tt\u00e4v\u00e4t, no niil\u00f6is on se\u017eo syv\u00e4llizembi puoli aiguzile lugijoile. Duumai\u010den, \u0161to muumikniigois on suurdu eloksenviizahuttu.<\/p>\n\n\n\n<p>T\u00e4n\u00e4 talven olen jo lugenuh er\u00e4hii muidugi karjalakse kirjutettuloi tekstoi. Hos karjalankielisty tekstua lugijes et ainos ellend\u00e4 jogahistu sanua, voit ellendi\u00e4, mid\u00e4 tapahtuu libo mid\u00e4 tarkoitetah. Luven joga ehti\u00e4 muate viertes v\u00e4h\u00e4zen, muga tekstu yhtell\u00e4h men\u00f6y edehp\u00e4i hil&#8217;l&#8217;akkazin.<\/p>\n\n\n\n<figure class=\"wp-block-image size-large is-resized\"><img loading=\"lazy\" decoding=\"async\" width=\"1024\" height=\"625\" src=\"https:\/\/blogs.uef.fi\/karjalanelvytys\/wp-content\/uploads\/sites\/155\/2024\/01\/Muumikniigat-1024x625.jpg\" alt=\"Kaksi karjalankielist\u00e4 Muumi-kirjaa: Varattavu Iivananp\u00e4ivy ja Muuminotkon kylmykuu\" class=\"wp-image-14801\" style=\"width:400px\" srcset=\"https:\/\/blogs.uef.fi\/karjalanelvytys\/wp-content\/uploads\/sites\/155\/2024\/01\/Muumikniigat-1024x625.jpg 1024w, https:\/\/blogs.uef.fi\/karjalanelvytys\/wp-content\/uploads\/sites\/155\/2024\/01\/Muumikniigat-300x183.jpg 300w, https:\/\/blogs.uef.fi\/karjalanelvytys\/wp-content\/uploads\/sites\/155\/2024\/01\/Muumikniigat-768x468.jpg 768w, https:\/\/blogs.uef.fi\/karjalanelvytys\/wp-content\/uploads\/sites\/155\/2024\/01\/Muumikniigat-1536x937.jpg 1536w, https:\/\/blogs.uef.fi\/karjalanelvytys\/wp-content\/uploads\/sites\/155\/2024\/01\/Muumikniigat-2048x1249.jpg 2048w\" sizes=\"auto, (max-width: 1024px) 100vw, 1024px\" \/><figcaption class=\"wp-element-caption\">Kuva: Marja Kopeli<\/figcaption><\/figure>\n\n\n\n<p><\/p>\n\n\n\n<h4 class=\"wp-block-heading\">10.1.2024<\/h4>\n\n\n\n<p><strong>Janne Ojaj\u00e4rvi<\/strong> on ty\u00f6nd\u00e4nyh jullattavakse omassah \u010doman runon. Mulloi h\u00e4i oli livvinkarjalan peruskursan opastujannu. Janne Ojaj\u00e4rvi: \u201dTahtoin ki\u00e4ndi\u00e4 livvinkarjalakse runon, kudaman olin kirjutannuh aijembah suomekse. Tekstu muutui v\u00e4h\u00e4zel. Kirjutin runon silloi dua\u010dal lammen rannal, kus kaigui jou\u010d\u010denen pajo.\u201d<\/p>\n\n\n\n<p><strong>Janne Ojaj\u00e4rvi: Jou\u010den<\/strong><\/p>\n\n\n\n<p>Terveh terveh jou\u010den-lindu<br>Terveh taivahan tabailii<br>Jovvu jovvu jou\u010den-lindu<br>Jovvu pilven reunan pi\u00e4le<\/p>\n\n\n\n<p>Luodehesp\u00e4i tuli lindu<br>Paginakas pajolindu<br>Siibi ilmua silitti<br>Taivahankantu tabaili<\/p>\n\n\n\n<p>Heityi hil\u2019l\u2019azen vien luokse<br>Kierdi suuren allon kauti<br>Keilui aldoloin avul<br>Viiletti vezii my\u00f6te<\/p>\n\n\n\n<p>Terveh terveh jou\u010deneni<br>Terveh lindu taivahaine<br>Tulit tuulen soiton kyydis<br>Vellamon ysk\u00e4h vaivuit<\/p>\n\n\n\n<p>Tule t\u00e4nne valdulindu<br>K\u00e4p\u010dynahkazet nuoretgi<br>Kylyn l\u00e4mb\u00f6l\u00f6i luajittu<br>L\u00f6ylyy linnule l\u00e4mm\u00e4kse<\/p>\n\n\n\n<p>Puutui jou\u010den l\u00f6ylyn l\u00e4mm\u00e4h<br>Valgoselgy vezilindu<br>L\u00f6ylys lindu tervehtyi<br>Miellytt\u00e4i l\u00f6ylyn l\u00e4mmi\u00e4<\/p>\n\n\n\n<p>Jovvu jovvu jou\u010den-lindu<br>Jovvu pilven reunan pi\u00e4le<br>E\u010di pez\u00e4le sijua<br>Muni monii j\u00e4i\u010d\u010dii pez\u00e4h<\/p>\n\n\n\n<p><strong>Runo suomekse:<\/strong><\/p>\n\n\n\n<p>Terve terve joutseheni<br>Terve taivaan tavoittaja<br>Jouvvu jouvvu joutseheni<br>Jouvvu pilven reunan p\u00e4\u00e4lle<\/p>\n\n\n\n<p>Liiteli l\u00e4nnest\u00e4 lintu<br>Kaarti kaihon laulun lintu<br>Siipi ilmoa siveli<br>Taivon kantta tavoitteli<\/p>\n\n\n\n<p>Lensi yll\u00e4 j\u00e4rven lauhan<br>Kaarsi lainehisen kautta<br>Kellui aaltojen avulla<br>Vaelsi vesi\u00e4 my\u00f6ten<\/p>\n\n\n\n<p>Terve terve joutseheni<br>Terve taivaan tavoittaja<br>Saavuit tuulen soiton my\u00f6t\u00e4<br>Vellamon sylihin vaivuit<\/p>\n\n\n\n<p>Tule t\u00e4nne joutseheni<br>Valkoselk\u00e4 seilahuta<br>Saunan l\u00e4mp\u00f6 laitettunna<br>Valkolinnulle l\u00f6yly\u00e4<\/p>\n\n\n\n<p>Joutui juotsen l\u00f6ylyehen<br>Valkoselk\u00e4 vesilintu<br>Taivaan lintu terveheksi<br>Nautti l\u00f6ylyn l\u00e4mp\u00f6sist\u00e4<\/p>\n\n\n\n<p>Jouvvu jouvvu joutseheni<br>Jouvvu pilven reunan p\u00e4\u00e4lle<br>Etsi pes\u00e4lle sijoa<br>Muni kymmenen munaista<\/p>\n\n\n\n<figure class=\"wp-block-image is-resized\"><img loading=\"lazy\" decoding=\"async\" width=\"300\" height=\"168\" src=\"https:\/\/blogs.uef.fi\/karjalanelvytys\/wp-content\/uploads\/sites\/155\/2024\/01\/thumbnail_Jannen-Lumia520_20140427_18_24_03_Pro-300x168.jpg\" alt=\"Kaksi joutsenta uimassa matalassa vedess\u00e4\" class=\"wp-image-14521\" style=\"width:400px\" srcset=\"https:\/\/blogs.uef.fi\/karjalanelvytys\/wp-content\/uploads\/sites\/155\/2024\/01\/thumbnail_Jannen-Lumia520_20140427_18_24_03_Pro-300x168.jpg 300w, https:\/\/blogs.uef.fi\/karjalanelvytys\/wp-content\/uploads\/sites\/155\/2024\/01\/thumbnail_Jannen-Lumia520_20140427_18_24_03_Pro-1024x575.jpg 1024w, https:\/\/blogs.uef.fi\/karjalanelvytys\/wp-content\/uploads\/sites\/155\/2024\/01\/thumbnail_Jannen-Lumia520_20140427_18_24_03_Pro-768x431.jpg 768w, https:\/\/blogs.uef.fi\/karjalanelvytys\/wp-content\/uploads\/sites\/155\/2024\/01\/thumbnail_Jannen-Lumia520_20140427_18_24_03_Pro-1536x862.jpg 1536w, https:\/\/blogs.uef.fi\/karjalanelvytys\/wp-content\/uploads\/sites\/155\/2024\/01\/thumbnail_Jannen-Lumia520_20140427_18_24_03_Pro-992x558.jpg 992w, https:\/\/blogs.uef.fi\/karjalanelvytys\/wp-content\/uploads\/sites\/155\/2024\/01\/thumbnail_Jannen-Lumia520_20140427_18_24_03_Pro.jpg 1920w\" sizes=\"auto, (max-width: 300px) 100vw, 300px\" \/><\/figure>\n\n\n\n<p>Kuva: Janne Ojaj\u00e4rvi<\/p>\n\n\n\n<h4 class=\"wp-block-heading\">20.10.2023<\/h4>\n\n\n\n<p>Livvinkarjalan peruskursan opastui <strong>Laura Orta<\/strong>: Minun pertis on ombelusma\u0161in, kudai tuli Karjalasp\u00e4i perehenke<\/p>\n\n\n\n<p>Meij\u00e4n taloi on puuhine da keldaine. Taloi on jo vahnu, buaban vahnembat nostettih ne\u010den taloin voinan j\u00e4lles da nyg\u00f6i min\u00e4 el\u00e4n sie oman ukonke. Talois on kaksi kerrostu da se on parzilois luajittu. Alahan ollah keit\u00e4ndyperti yhtes olopertinke da magavoperti. Alahan se\u017eo on meij\u00e4n kyly, ga yhtell\u00e4h toine kyly on rannas taloin l\u00e4h\u00e4l. Magavopertin seinil on kirjavat \u0161parielit da keit\u00e4ndypertin seinis n\u00e4vyt\u00e4h maksankarvaizet parret. Keit\u00e4ndypertis on suuri p\u00e4\u010d\u010di da p\u00e4\u010din rinnal seizou plita. Yl\u00e4h\u00e4n on kaksi pertii himoruadoloih ni\u0161koi.<\/p>\n\n\n\n<p>Minun pertis on ombelusma\u0161in, kudai tuli Karjalasp\u00e4i perehenke. Ma\u0161inal on igi\u00e4 pi\u00e4le suan vuvven, ga se ombelou parem, migu uuzi. Ukko suvai\u010d\u010dou ti\u00e4htil\u00f6i. H\u00e4nen pertis on ylen sangei loittobutki, kudamal h\u00e4i puaksuh ka\u010d\u010dou taivahal. Ti\u00e4htil\u00f6in ka\u010dondah ni\u0161koi se\u017eo olemmo luadinuh suuren terasan.<\/p>\n\n\n\n<figure class=\"wp-block-image size-medium\"><img loading=\"lazy\" decoding=\"async\" width=\"300\" height=\"135\" src=\"https:\/\/blogs.uef.fi\/karjalanelvytys\/wp-content\/uploads\/sites\/155\/2023\/10\/IMG_20220529_084723-300x135.jpg\" alt=\"Vanhanaikainen ompelukone\" class=\"wp-image-12617\" srcset=\"https:\/\/blogs.uef.fi\/karjalanelvytys\/wp-content\/uploads\/sites\/155\/2023\/10\/IMG_20220529_084723-300x135.jpg 300w, https:\/\/blogs.uef.fi\/karjalanelvytys\/wp-content\/uploads\/sites\/155\/2023\/10\/IMG_20220529_084723-1024x461.jpg 1024w, https:\/\/blogs.uef.fi\/karjalanelvytys\/wp-content\/uploads\/sites\/155\/2023\/10\/IMG_20220529_084723-768x346.jpg 768w, https:\/\/blogs.uef.fi\/karjalanelvytys\/wp-content\/uploads\/sites\/155\/2023\/10\/IMG_20220529_084723-1536x691.jpg 1536w, https:\/\/blogs.uef.fi\/karjalanelvytys\/wp-content\/uploads\/sites\/155\/2023\/10\/IMG_20220529_084723-2048x922.jpg 2048w\" sizes=\"auto, (max-width: 300px) 100vw, 300px\" \/><figcaption class=\"wp-element-caption\">Kuva: Laura Orta<\/figcaption><\/figure>\n\n\n\n<h4 class=\"wp-block-heading\">19.10.2023<\/h4>\n\n\n\n<p>Livvinkarjalan paginkursan opastujat ollah luajittu kerdomuksii omah endizeh, nyg\u00f6zeh da tuliehgi kodih n\u00e4h. T\u00e4s yksi j\u00e4lgim\u00e4zis.<\/p>\n\n\n\n<p>Kirjutannuh: <strong>Joonas Koskela<\/strong><\/p>\n\n\n\n<p>Puaksuh duumai\u010den, kusbo tahtozin eli\u00e4 monen vuvven per\u00e4s. Vikse loitton ulgomual, kenbo tied\u00e4y? Nyg\u00f6i se\u017eo tovenn\u00e4g\u00f6ine alternatiivu on, \u0161to ji\u00e4n Suomeh libo sen l\u00e4hialovehele. Yksikai tahtozin eli\u00e4 fatieras kerrostalois, kudai olis tarbehekse hil\u2019l\u2019a\u017eal alovehel. Ezimerkikse mitah linnan agju vois olla hyv\u00e4 paikku, a gu oldas laukat da himoruadopaikat l\u00e4h\u00e4l kodii da ei olis liijakse pa\u010dkehtu.<\/p>\n\n\n\n<p>Ne\u010dis fatieras olis kolme pertii. Pertil\u00f6i \u010domendazin mualavuksil da rauha\u017eoil kruaskoil. Joga pertis ikkunat oldas suuret da niil\u00f6is n\u00e4gys hyvin, konzu p\u00e4iv\u00e4l p\u00e4iv\u00e4ine pastau libo eht\u00e4l taivas ruskottau. Oma kyly olis hyv\u00e4 dielo, a gu silloi-toi\u010di huogavun kylyn laudazil. Moine on minun n\u00e4gemys omas tulies kois.<\/p>\n\n\n\n<figure class=\"wp-block-image size-medium\"><img loading=\"lazy\" decoding=\"async\" width=\"225\" height=\"300\" src=\"https:\/\/blogs.uef.fi\/karjalanelvytys\/wp-content\/uploads\/sites\/155\/2023\/10\/Screenshot_20231018_202756_Outlook-225x300.jpg\" alt=\"Muureja ja mehikasveja, kes\u00e4inen maisema\" class=\"wp-image-12586\" srcset=\"https:\/\/blogs.uef.fi\/karjalanelvytys\/wp-content\/uploads\/sites\/155\/2023\/10\/Screenshot_20231018_202756_Outlook-225x300.jpg 225w, https:\/\/blogs.uef.fi\/karjalanelvytys\/wp-content\/uploads\/sites\/155\/2023\/10\/Screenshot_20231018_202756_Outlook.jpg 720w\" sizes=\"auto, (max-width: 225px) 100vw, 225px\" \/><figcaption class=\"wp-element-caption\">Kuva: Joonas Koskela<\/figcaption><\/figure>\n\n\n\n<h4 class=\"wp-block-heading\">19.10.2023<\/h4>\n\n\n\n<p>Oma kodi kullan kallis. Livvinkarjalan peruskursan opastujien kirjutukset omah kodih n\u00e4h ollah ylen \u010domat. Moizet ollah se\u017eo niil\u00f6ih liitetyt kuvatgi.<\/p>\n\n\n\n<p>Kirjutannuh: <strong>Sofia Silfvast<\/strong><\/p>\n\n\n\n<p>Taloi on vahnu, keldaine da puuhine. Taloi on srojittu voinan j\u00e4lles suuren m\u00e4in pi\u00e4le. Ikkunasp\u00e4i n\u00e4gyy peldoloi, pieni j\u00e4rvi da taloin tagan on sagei me\u010d\u010dy. Pihas kasvau monii suurii koivuloi. Pihas se\u017eo ollah kazvimua, lied\u017eu da \u010doma pikkaraine oja. Pihan per\u00e4s on kon\u2019u\u0161\u0161i, kus enne eli heboine. Taloin vieres on hil\u2019l\u2019aine dorogu. Talois on kolme kerrostu. Oloperti on korgei da valgei, ku sit on viizi ikkunua. Olopertis on suuri p\u00e4\u010d\u010di da ruskiekse mualattu late. Keit\u00e4ndyperti on olopertin yhtevykses. Talois on \u010doma verandu, kus on \u00e4ijy kukkua. Talois on nelli magavopertii. Keskikerroksen suuri magavoperti oli ennevahnas hierun laukku. Yl\u00e4kerrokses libo \u010dardakal on kaksi magavopertii. Alakerrokses on kyly da varasto kaikenualazile dieloloile. Kylysp\u00e4i on pihaver\u00e4i saduh. Taloi on ylen korei.<\/p>\n\n\n\n<figure class=\"wp-block-image size-medium\"><img loading=\"lazy\" decoding=\"async\" width=\"300\" height=\"218\" src=\"https:\/\/blogs.uef.fi\/karjalanelvytys\/wp-content\/uploads\/sites\/155\/2023\/10\/Screenshot_20231019_075758_OneDrive-300x218.jpg\" alt=\"Keltainen talo vanhassa valokuvassa, edustalla pensaita ja ihminen\" class=\"wp-image-12580\" srcset=\"https:\/\/blogs.uef.fi\/karjalanelvytys\/wp-content\/uploads\/sites\/155\/2023\/10\/Screenshot_20231019_075758_OneDrive-300x218.jpg 300w, https:\/\/blogs.uef.fi\/karjalanelvytys\/wp-content\/uploads\/sites\/155\/2023\/10\/Screenshot_20231019_075758_OneDrive.jpg 715w\" sizes=\"auto, (max-width: 300px) 100vw, 300px\" \/><figcaption class=\"wp-element-caption\">Kuva: Sofia Silfvast<\/figcaption><\/figure>\n\n\n\n<h4 class=\"wp-block-heading\">18.10.2023<\/h4>\n\n\n\n<p>Enim\u00e4t livvinkarjalan peruskursan opastujat ollah ty\u00f6tty jullattavakse kirjutukset omah kodih n\u00e4h. Oma kodi kullan kallis! Eih\u00e4i sudre sanota.<\/p>\n\n\n\n<p>Kirjutannuh: <strong>Tarja Tonteri<\/strong><\/p>\n\n\n\n<p>Minun pereh el\u00e4y pienes hierus kyl\u00e4alovehel l\u00e4h\u00e4l kirikky\u00f6. Pyh\u00e4npi\u00e4n kirik\u00f6n kellot kuulutah meij\u00e4n kodih, konzu ikkun on avvoi. Min\u00e4 \u00e4ij\u00e4l suvai\u010den ne\u010did\u00e4.<\/p>\n\n\n\n<p>My\u00f6 el\u00e4mm\u00f6 puutalois, kuduas on kaksi kerrostu. Meij\u00e4n kois on nelli pertii, kolme alakerrokses da yksi yl\u00e4kerrokses, kus meij\u00e4n buabo el\u00e4y. H\u00e4i on ylen hyv\u00e4 sadouniekku.<\/p>\n\n\n\n<p>Kuhn\u2019as on puul\u00e4mmitykselline p\u00e4\u010d\u010di, kuduas pastutah p\u00e4ppizet da \u0161ipainniekat. Pihamua on suuri da sit ymb\u00e4ri on korgei aidu. Pihas kazvau \u010doma juablokkupuu, kuduas sygyzyl on \u00e4ijy juablokkua. Halgosarai da kyly ollah ulgohuonukses. Kylyy se\u017eo l\u00e4mmit\u00e4mm\u00f6 halgoloil. Kylyp\u00e4ivy on ainos suavattu.<\/p>\n\n\n\n<figure class=\"wp-block-image size-medium\"><img loading=\"lazy\" decoding=\"async\" width=\"300\" height=\"225\" src=\"https:\/\/blogs.uef.fi\/karjalanelvytys\/wp-content\/uploads\/sites\/155\/2023\/10\/IMG_0725-300x225.jpg\" alt=\"Punainen ruusu\" class=\"wp-image-12560\" srcset=\"https:\/\/blogs.uef.fi\/karjalanelvytys\/wp-content\/uploads\/sites\/155\/2023\/10\/IMG_0725-300x225.jpg 300w, https:\/\/blogs.uef.fi\/karjalanelvytys\/wp-content\/uploads\/sites\/155\/2023\/10\/IMG_0725.jpg 640w\" sizes=\"auto, (max-width: 300px) 100vw, 300px\" \/><figcaption class=\"wp-element-caption\">Kuva: Tarja Tonteri<\/figcaption><\/figure>\n\n\n\n<h4 class=\"wp-block-heading\">18.10.2023<\/h4>\n\n\n\n<p>Livvinkarjalan peruskursan opastujat ollah luajittu kodiruavokse da ruadopajois kerdomuksii eri tiemois. Niil\u00f6is nyg\u00f6i roittih kirjutukset da t\u00e4s vie yksi ylen-ylen \u010doma!<\/p>\n\n\n\n<p>Kirjutannuh: <strong>Helena Silvennoinen-Kuikka<\/strong><\/p>\n\n\n\n<p>Meij\u00e4n kodi hierun agjal<\/p>\n\n\n\n<p>My\u00f6 el\u00e4mm\u00f6 minun ukonke suures, vahnas talois, kudaman sroittih prarodiitel\u2019at. Taloile on kerdynyh igi\u00e4 jo 120 vuottu. Taloi sijai\u010d\u010dou hierun agjal da ikkunat ka\u010dotah me\u010d\u010d\u00e4h da peldoloih. Meij\u00e4n taloin syv\u00e4in on oloperti, kudamas ollah parzisein\u00e4t, suuri p\u00e4\u010d\u010di da kuhn\u2019u. Talois on li\u017e\u00e4kse mondu magavopertii da omat ruadopertit meile mollembile. Magavopertil\u00f6is ollah valpahat \u0161parielit da kuvii sein\u00e4l. Konzu minul pid\u00e4y ruokkie pertit, min\u00e4 ainos duumai\u010den, \u0161to taloi on liijakse suuri. A konzu lapset da bunukat tullah gostih, sit taloi on ylen p\u00e4tt\u00e4vy. Vahnu taloi vahnoin pertilomuloinke on meile kahtele pelvaspi\u00e4le mieldy my\u00f6te.<\/p>\n\n\n\n<figure class=\"wp-block-image size-medium\"><img loading=\"lazy\" decoding=\"async\" width=\"228\" height=\"300\" src=\"https:\/\/blogs.uef.fi\/karjalanelvytys\/wp-content\/uploads\/sites\/155\/2023\/10\/Screenshot_20231018_132103_Outlook-228x300.jpg\" alt=\"Tupa, jossa uuni, penkki ja p\u00f6yt\u00e4\" class=\"wp-image-12552\" srcset=\"https:\/\/blogs.uef.fi\/karjalanelvytys\/wp-content\/uploads\/sites\/155\/2023\/10\/Screenshot_20231018_132103_Outlook-228x300.jpg 228w, https:\/\/blogs.uef.fi\/karjalanelvytys\/wp-content\/uploads\/sites\/155\/2023\/10\/Screenshot_20231018_132103_Outlook.jpg 720w\" sizes=\"auto, (max-width: 228px) 100vw, 228px\" \/><figcaption class=\"wp-element-caption\">Kuva: Helena Silvennoinen-Kuikka<\/figcaption><\/figure>\n\n\n\n<h4 class=\"wp-block-heading\">17.10.2023<\/h4>\n\n\n\n<p>Livvinkarjalan peruskursan opastujat jo ravieh luajitah kirjutuksii er\u00e4his tiemois. T\u00e4s vie yksi hyv\u00e4 kerdomus da senke \u010doma kuva.<\/p>\n\n\n\n<p>Kirjutannuh: <strong>Keri Kallio<\/strong><\/p>\n\n\n\n<p>Nyg\u00f6i kerron dieloloi omah kodih n\u00e4h. Min\u00e4 el\u00e4n yksin yksipertizes fatieras kerrostalois. Taloi on Helsingis, l\u00e4hev\u00f6s linnan agjal. Nyg\u00f6i olen el\u00e4nyh ti\u00e4 puolitostu vuottu da ylen suvai\u010den minun piendy kodii. Enzim\u00e4sty kerdua el\u00e4n yksin, ga duumai\u010den, gu se minule ylen hyvin p\u00e4d\u00f6y. Suvai\u010den, gu on kois omua rauhua. Puaksuh on minun elos ylen kiirehelline \u2013 kois voibi huogavuo.<\/p>\n\n\n\n<p>Minun fatieru on aiga pieni, a ylen kodikas. Ti\u00e4 on mondu rakastu tavarua \u2013 minun kniigat, buaban obrazat da kanzallisruutat, minun soittimet. Olen \u010domendannuh fatierua seinil riputettuloil kuvil da \u010domil ezinehil, kazviloil da kuivattuloil kukkazil. Ikkunan ies on minun ruadosija, kus ruan, kirjutan da opastun. Ikkunasp\u00e4i n\u00e4gyy taloidu da puudu \u2013 nyg\u00f6i n\u00e4gyy sygyzyn da ilduruskon \u010domat v\u00e4rit.<\/p>\n\n\n\n<p>Yksin el\u00e4n, ga puaksuh ker\u00e4vymm\u00f6 perehenke yhteh muaman da tuatan luokse. Sy\u00f6mm\u00f6, juommo, pagizemmo \u2013 se on vesseli\u00e4 yhtesolendua. Muamo da tuatto vie elet\u00e4h samazes talois, kus olen lapsennu el\u00e4nyh. Sinne on ylen vessel k\u00e4vv\u00e4 gostih.<\/p>\n\n\n\n<figure class=\"wp-block-image size-medium\"><img loading=\"lazy\" decoding=\"async\" width=\"300\" height=\"225\" src=\"https:\/\/blogs.uef.fi\/karjalanelvytys\/wp-content\/uploads\/sites\/155\/2023\/10\/1000017498-300x225.jpg\" alt=\"N\u00e4kym\u00e4 ikkunasta, alhaalla pihakeinu\" class=\"wp-image-12520\" srcset=\"https:\/\/blogs.uef.fi\/karjalanelvytys\/wp-content\/uploads\/sites\/155\/2023\/10\/1000017498-300x225.jpg 300w, https:\/\/blogs.uef.fi\/karjalanelvytys\/wp-content\/uploads\/sites\/155\/2023\/10\/1000017498-1024x768.jpg 1024w, https:\/\/blogs.uef.fi\/karjalanelvytys\/wp-content\/uploads\/sites\/155\/2023\/10\/1000017498-768x576.jpg 768w, https:\/\/blogs.uef.fi\/karjalanelvytys\/wp-content\/uploads\/sites\/155\/2023\/10\/1000017498-1536x1152.jpg 1536w, https:\/\/blogs.uef.fi\/karjalanelvytys\/wp-content\/uploads\/sites\/155\/2023\/10\/1000017498-2048x1536.jpg 2048w\" sizes=\"auto, (max-width: 300px) 100vw, 300px\" \/><figcaption class=\"wp-element-caption\">Kuva: Keri Kallio<\/figcaption><\/figure>\n\n\n\n<h4 class=\"wp-block-heading\">16.10.2023<\/h4>\n\n\n\n<p>Livvinkarjalan peruskursan opastujat ollah luajittu kerdomuksii omah i\u010d\u010deh, pereheh da kodih n\u00e4h. T\u00e4s yksi \u010doma kirjutus kuvanke:<\/p>\n\n\n\n<p>Kirjutannuh: <strong>Maija Tyt\u00e4rniemi<\/strong><\/p>\n\n\n\n<p><strong>Karjalazet juuret<\/strong><\/p>\n\n\n\n<p>Minun vahnembien yhtehine kodi oli Raja-Karjalas, minun oma lapsuskodi p\u00e4iv\u00e4nnouzun da p\u00e4iv\u00e4nlaskun rajal. Ga nyg\u00f6i jo olen el\u00e4kkehel\u00e4ine. El\u00e4n ti\u00e4 Keski-Suomes vahnan usad\u2019ban alovehel. Ikkunasp\u00e4i n\u00e4gyy komieloi, vahnoi, korgieloi ped\u00e4jii. Kaikis loitombazennu n\u00e4gyy ylen korgei m\u00e4gi.<\/p>\n\n\n\n<p>Lapsuskoin da el\u00e4kkehele pi\u00e4zend\u00e4n v\u00e4lil olen el\u00e4nyh joga \u010dural Suomen niemie. Olen el\u00e4nyh sego pogostal sego linnas \u2013 pi\u00e4linnasgi. Minul oli kaksipertihine libo kolmen pertin fatieru rivitalois libo monikerroksizes kivitalois. Opastumisaijan sen sijah elin opastujien yhteiskois. Min\u00e4 se\u017eo olen oman ukonke srojinuh meile puuhizen taloin p\u00e4iv\u00e4nlaskun kyl\u00e4alovehel. Meil oli sie se\u017eo pikkaraine kon\u2019u\u0161\u0161i ponil da li\u00e4vy kahtel lambahal. Olin oman taloin em\u00e4ndy.<br>Kir\u010dinniemi, Temppeliuuli\u010d\u010du, Korpiojandorogu, Karjakujo, Norolanraitti i muga ielleh nellitostu adressii \u2013 net ollah minun nellitostu muuttamistu. Olen mennyh omii troppii my\u00f6te sinne t\u00e4nne. Kodi on olluh sie, kus minun syv\u00e4in.<\/p>\n\n\n\n<p>Yksi dielo yhtell\u00e4h on luja. Minul ainos on olopertis obrazu\u010duppu. Obrazu on ikkun i\u00e4nkaikki\u017euoh. Ikkun kodih. Panen obrazan pertin per\u00e4\u010duppuh, parahah kohtah. Obrazu da sen ymb\u00e4ri k\u00e4zipaikku. Da lampadku vie obrazan ies. Puaksuh virit\u00e4n vie tuohuksengi obrazan l\u00e4h\u00e4le.<\/p>\n\n\n\n<p>Ti\u00e4 m\u00e4ndyl\u00f6in al (net ei olla karjalazii m\u00e4ndyl\u00f6i) min\u00e4 nyg\u00f6i kirjuttelen kniigua rajakarjalazien evakkoloin tytt\u00e4ren omaeloskerdua, biogruafiedu. A mittuine se olis livvinkarjalakse? Toven hyv\u00e4 ajatus!<\/p>\n\n\n\n<figure class=\"wp-block-image size-medium\"><img loading=\"lazy\" decoding=\"async\" width=\"182\" height=\"300\" src=\"https:\/\/blogs.uef.fi\/karjalanelvytys\/wp-content\/uploads\/sites\/155\/2023\/10\/Screenshot_20231014_121707_Gallery-182x300.jpg\" alt=\"M\u00e4nty veden \u00e4\u00e4rell\u00e4\" class=\"wp-image-12421\" srcset=\"https:\/\/blogs.uef.fi\/karjalanelvytys\/wp-content\/uploads\/sites\/155\/2023\/10\/Screenshot_20231014_121707_Gallery-182x300.jpg 182w, https:\/\/blogs.uef.fi\/karjalanelvytys\/wp-content\/uploads\/sites\/155\/2023\/10\/Screenshot_20231014_121707_Gallery-621x1024.jpg 621w, https:\/\/blogs.uef.fi\/karjalanelvytys\/wp-content\/uploads\/sites\/155\/2023\/10\/Screenshot_20231014_121707_Gallery.jpg 731w\" sizes=\"auto, (max-width: 182px) 100vw, 182px\" \/><figcaption class=\"wp-element-caption\">Kuva: Maija Tyt\u00e4rniemi<\/figcaption><\/figure>\n\n\n\n<h4 class=\"wp-block-heading\">13.10.2023<\/h4>\n\n\n\n<p>Livvinkarjalan peruskursan opastujat ollah luajittu kerdomuksii omah i\u010d\u010deh, pereheh, sy\u00f6mizih-juomizih sego kodih n\u00e4h. Rubiemmo hil\u2019l\u2019akkazin julguamah niil\u00f6i. T\u00e4s enzim\u00e4ine magei kerdomus, tarkembah reseptan jyttyine kirjutus. Kuva on kirjutuksen luadijan: h\u00e4i sanoi, gu ei ole l\u00f6yd\u00e4nyh sen magien rastavantortan kuvua, ga rastavanaijan kuvan tahtos sih liitti\u00e4.<\/p>\n\n\n\n<p>Kirjutannuh: <strong>Marja Kopeli<\/strong><\/p>\n\n\n\n<p>Min\u00e4 kerron teile nyg\u00f6i omas rastavanperindehpastokses.<\/p>\n\n\n\n<p>Joga vuottu enne Rastavua pastan anglielastu fruktutortua. Tortan reseptu on ylen vahnu, olen kirjutannuh sen mustoh jo vuvvennu 1985.<\/p>\n\n\n\n<p>Fruktutortu on minun rakas rastavanpastos, da se oli se\u017eo minun muamalegi mieldy my\u00f6. Muamo l\u00e4hti tuonilmazih kaksi vuottu tagaperin. Tortua pastajes mustelen muamua da meij\u00e4n yhtehizii Rastavoi ig\u00e4v\u00f6ijen da kiitollizennu.<\/p>\n\n\n\n<p>Anglielaine fruktutortu ei ole moine kebjei sy\u00f6mine. Sih pannah voidu, zuaharii, j\u00e4i\u010d\u010di\u00e4, ni\u017eujauhuo, tahtahankohottajua da mittumiitahto kuivattuloi fruktii: vi\u0161n\u2019ua, izmua, mindalii, luumuu i muga ielleh. Mi vai on kenengi mieldy my\u00f6, sid\u00e4i pane.<\/p>\n\n\n\n<p>Fruktat voit livottua y\u00f6n aigua mistahto valpahas nestehes, minul on puaksuh pun\u0161ua libo lik\u2019ourua libo mollembii segai. Voit k\u00e4ytti\u00e4 se\u017eo tiett\u00e4v\u00e4ine kampottua, gu eittahtone k\u00e4ytti\u00e4 nimid\u00e4 alkohol\u2019ua.<\/p>\n\n\n\n<p>Ezm\u00e4i voi da zuahari vuahtatah, sit li\u017e\u00e4t\u00e4h j\u00e4i\u010d\u00e4t da jauhot da lopukse pilkotut da livotetut fruktat. Tahtas valutetah tortuformah. Tortu pastetah p\u00e4\u010dis 200 gruadusis l\u00e4s 1\u20131,5 \u010duassuu.<\/p>\n\n\n\n<p>Vot on hyv\u00e4! A tortu vie paranou, konzu vuotat er\u00e4h\u00e4n p\u00e4iv\u00e4n libo kai ned\u00e4lin. Rastavakse olis se\u017eo hyv\u00e4 si\u00e4sti\u00e4 hos v\u00e4h\u00e4ine libo pastua uuzi.<\/p>\n\n\n\n<figure class=\"wp-block-image size-medium\"><img loading=\"lazy\" decoding=\"async\" width=\"300\" height=\"272\" src=\"https:\/\/blogs.uef.fi\/karjalanelvytys\/wp-content\/uploads\/sites\/155\/2023\/10\/Jaalyhty-300x272.jpg\" alt=\"J\u00e4\u00e4lyhty, jonka sis\u00e4ll\u00e4 kynttil\u00e4\" class=\"wp-image-12413\" srcset=\"https:\/\/blogs.uef.fi\/karjalanelvytys\/wp-content\/uploads\/sites\/155\/2023\/10\/Jaalyhty-300x272.jpg 300w, https:\/\/blogs.uef.fi\/karjalanelvytys\/wp-content\/uploads\/sites\/155\/2023\/10\/Jaalyhty-1024x929.jpg 1024w, https:\/\/blogs.uef.fi\/karjalanelvytys\/wp-content\/uploads\/sites\/155\/2023\/10\/Jaalyhty-768x697.jpg 768w, https:\/\/blogs.uef.fi\/karjalanelvytys\/wp-content\/uploads\/sites\/155\/2023\/10\/Jaalyhty-1536x1394.jpg 1536w, https:\/\/blogs.uef.fi\/karjalanelvytys\/wp-content\/uploads\/sites\/155\/2023\/10\/Jaalyhty-2048x1858.jpg 2048w\" sizes=\"auto, (max-width: 300px) 100vw, 300px\" \/><figcaption class=\"wp-element-caption\">Kuva: Marja Kopeli<\/figcaption><\/figure>\n\n\n\n<h4 class=\"wp-block-heading\">27.2.2023<\/h4>\n\n\n\n<p>Livvinkarjalan paginkursan opastujat ollah kirjutettu omii mielii karjalan kielen opastundah n\u00e4h.<\/p>\n\n\n\n<h5 class=\"wp-block-heading\">Eila Markkinen da Aira Sumiloff: Vessel oli paista karjalakse da kuulta karjalan kieldy<\/h5>\n\n\n\n<p><strong>Mid\u00e4 ty\u00f6 duumai\u010detto livvinkarjalan paginkursah n\u00e4h, kudai on mennyt ned\u00e4lil loppenuhes?<\/strong><\/p>\n\n\n\n<p><strong>Aira<\/strong>: Minus ne\u010de kursu on paras kursu t\u00e4h sah, gu suammo vaigu paista da joi v\u00e4h\u00e4izen maltan karjalua, gu olemmo mondu kursua suannuh k\u00e4vv\u00e4.<\/p>\n\n\n\n<p>Minul gu ei ti\u00e4 suves ole niked\u00e4, kenen kel voizin paista karjalua. Vai kui opastummo lugemah da kirjuttamah, emmo voi kieldy ielleh siirdi\u00e4, emmo maltane paista.<\/p>\n\n\n\n<p><strong>Eila<\/strong>: Paginkursu on olluh interesnoi. Vessel on olluh paista livvinkarjalakse da kuulta karjalan kieldy. Mieldykiinnitt\u00e4j\u00e4t se\u017eo oldih gost\u2019at, kudamat saneltih omua ruaduo karjalan kielen hyv\u00e4kse.<\/p>\n\n\n\n<p><strong>\u00c4ij\u00e4ngo kursua oletto jo k\u00e4ynnyh?<\/strong><\/p>\n\n\n\n<p><strong>Aira<\/strong>: Min\u00e4 olen k\u00e4vynnyh moizet kursat: opastus karjalan kieleh da kul\u2019tuurah, livvikarjalan perus- da jatkokursat, karjalan kielen murdehet da ki\u00e4nn\u00e4seminuaran.<\/p>\n\n\n\n<p><strong>Eila<\/strong>: Jo mondu vuottu tagaperin rubein opastumah karjalan kielen livvin murrehtu. Net oldih intensiivukursat, vuorokkai Karjalan tazavallas da Suomes. Sit olen opastunnuh n\u00e4mmil avvonazen yliopiston kursiloil, livvinkarjalan algukursal da jatkokursal dai nyg\u00f6i t\u00e4l paginkursal.<\/p>\n\n\n\n<p><strong>Mid\u00e4bo kursua vie tahtotto suaja?<\/strong><\/p>\n\n\n\n<p><strong>Aira<\/strong>: Min\u00e4 tahtozin, \u0161tobi olis paginkursua \u00e4ijy, kielioppikursu olis se\u017eo ylen, ylen tarbehelline, se\u017eo lyhy\u010d\u010d\u00e4ine fonetiekan kursu, li\u017ei\u00e4 ki\u00e4nn\u00e4sseminuarua da mid\u00e4tah mostu kursua, kuduas suazimmo se\u017eo kuulta da paista sego kirjuttua karjalakse.<\/p>\n\n\n\n<p><strong>Eila<\/strong>: Min\u00e4 tahtozin grammuatiekkukursan da se\u017eo jatkopaginkursan.<\/p>\n\n\n\n<h5 class=\"wp-block-heading\">Hannu Lappalainen: Pagizemah opastutah vaiku pagizemal<\/h5>\n\n\n\n<p>Konzu rubiemmo pagizemah karjalan kielen opastundah n\u00e4h, jogahizen meis pid\u00e4y kyzy\u00f6 i\u010del, \u201dMikse min\u00e4 opastun karjalan kieldy?\u201d. Li\u017e\u00e4kse on hyv\u00e4 duumaija omii l\u00e4ht\u00f6kohtii karjalan kielen opastumizeh n\u00e4h.<\/p>\n\n\n\n<p>Minun persounalline l\u00e4ht\u00f6kohtu karjalan kielen opastumizeh on mielenkiindo suomi-ugrilaizih kielih da kul\u2019tuurah. Minul ei ole karjalankielizii juurii, no karjalazii juuri on; minun buabo on Liberin Dimitroffiloi. Mih min\u00e4 sit tarvi\u010den karjalan kieldy. Kieli on v\u00e4lineh ellendi\u00e4 karjalastu kul\u2019tuurua da olla yhtevyksis toizih karjalankielizih kirjallizeh libo suullizeh luaduh.<\/p>\n\n\n\n<p>Olen nyg\u00f6i Karjalan kielen koin abuniekkoin paginanved\u00e4i. Ihan t\u00e4s ruavos min\u00e4 tarvi\u010den da se dielo motiviirui\u010d\u010dou minuu opastumah karjalan kieldy. Ellend\u00e4mizes da tekstan luadimizes olen jo verduallizen pitk\u00e4l, no pagizemizen malto vuadiu vie \u00e4ij\u00e4n harjaitustu.<\/p>\n\n\n\n<p>Pagizemah opastutah vaiku pagizemal, no moizii paikkoi, kus on mahto k\u00e4ytti\u00e4 karjalan kieldy on ylen v\u00e4h\u00e4ine. Eriluaduzet paginjoukot ollah yksi opastumizen muodo. Er\u00e4hii probliemoi voibi paginjoukkolois olla; ezimerkikse, ollou joukko ylen suuri libo pagintiemat ollah ainos yhtet da samat libo ei-mieldykiinnitt\u00e4j\u00e4t libo ollou joukos vai se-t\u00e4m\u00e4 pagizii, kieldy hyvin k\u00e4ytt\u00e4i ristikanzu, er\u00e4hien ozanottajien paginkursat voijah muuttuo kuundelukursoikse. Meij\u00e4n joukos mostu probliemua oletteli toi\u010di -no ei puaksuh. I\u010de huomain, gu v\u00e4zyny\u00f6nny libo ollou olluh moine tiemu, kudai on yksikai olis libo ji\u00e4s olemattah (ezim. ka\u017eit), siirryin helpoh kuundelijakse. Da opastumizeh n\u00e4h tundiettu toziazii on, gu parem opastummo sid\u00e4, mid\u00e4 jo maltammo; muasterikirjuttajat kirjutetah, muasteripagizijat paistah i muga ielleh.<\/p>\n\n\n\n<p>Suan t\u00e4n\u00e4 kevi\u00e4n karjalan kielen perusopastuksen valmehekse da duumai\u010den jatkua opastumistu ainehopastukseh. Monien ainehopastuksen kursoin opastuskieli on yhtell\u00e4h suomi libo karjalan kielen k\u00e4ytto opastuksen yhtevykses v\u00e4hen\u00f6y. Ehoitangi, gu universitiettu libo elvytysprojektu organizui\u010d\u010dis karjalazen kultuuran pagizemizen- da kirjuttamizen jatkokursan karjalan kielel. Suomekielizii karjalazen kul\u2019tuuran kursua on opastuspluanas jo kyll\u00e4l.<\/p>\n\n\n\n<h4 class=\"wp-block-heading\">23.2.2023<\/h4>\n\n\n\n<p>Livvinkarjalan paginkursan opastujat ollah luajittu vuoropaginoi. Nenga <strong>Sanna Myll\u00e4ri<\/strong> da<strong> Miikku H\u00e4kki <\/strong>paistih 21.2. pietyn muamankielen libo oman kielen p\u00e4iv\u00e4n j\u00e4lles:<\/p>\n\n\n\n<p>\u2013 J\u00e4in luvendon j\u00e4lgeh duumaimah n\u00e4mmii muamankieli da oma kieli -termin\u00f6i. Muamankieli eule ainos ihan hyv\u00e4 terminy. Parembat oldas enzikieli da oma kieli, konzu pagin on moizih v\u00e4hembist\u00f6kielih n\u00e4h, kui karjal.<\/p>\n\n\n\n<p>\u2013 Olen yhty mieldy sinunke! Muamankieli eule ainos ristikanzan oma kieli. Puaksuh nenga on monikul\u2019tuurallizil da v\u00e4hembist\u00f6kielien pagizijoil. Minul on i\u010del kaksi enzikieldy, ga nikudai ei ole niil\u00f6is minun oma kieli.<\/p>\n\n\n\n<p>\u2013 No muga. Karjalua en malta ku\u010d\u010duo omakse muamankielekse sih tabah, kudamal se sana enimy\u00f6lleh ellendet\u00e4h. Karjal pahakse mielekse eule minun enzikieli, ga oma kieli se on.<\/p>\n\n\n\n<p>\u2013 Min\u00e4gi en voi ku\u010d\u010duo karjalua muamankielekse, ga se on minun oma kieli. Yhtell\u00e4h minul n\u00e4gyy virrallizis bumuagois, ku karjal olis minun muamankieli.<\/p>\n\n\n\n<p>\u2013 Min\u00e4 olen se\u017eo duumainnuh jo h\u00e4tken, ku vaihtazin karjalan virrallizekse muamankielekse. Ga vikse minuu on me\u0161ainnuh se, ku muamankieli-terminy ei p\u00e4i minun tilandeheh. Onnuako avvuttas, duumainnen karjalua omannu kielenny.<\/p>\n\n\n\n<p>\u2013 Toinah se avvuttas! Ga olis ylen hyv\u00e4, ku olis mahto panna sinne en\u00e4mbi, migu vai yksi muamankieli.<\/p>\n\n\n\n<p>\u2013 Tovengi! No nyg\u00f6i vikse planiiruijah nengostu muutostu. Se olis tovessah hyv\u00e4 dielo.<\/p>\n\n\n\n<h4 class=\"wp-block-heading\">16.2.2023<\/h4>\n\n\n\n<h5 class=\"wp-block-heading\">Hannu Lappalainen: Anni-t\u2019outan voronkusieni- libo gribavatru\u0161kat Iloman\u010disp\u00e4i<\/h5>\n\n\n\n<p>(20\u201330 palua suuruos rippujen)<\/p>\n\n\n\n<p>T\u00e4ytteheh tarvi\u010det:<\/p>\n\n\n\n<ul class=\"wp-block-list\">\n<li>45\u201350 gr. kuivattuu voronkusiendy libo gribua<\/li>\n\n\n\n<li>1-2 laukkua<\/li>\n\n\n\n<li>3\u20134 dl riissuu<\/li>\n\n\n\n<li>suolua<\/li>\n\n\n\n<li>\u010dosnokkua<\/li>\n\n\n\n<li>sulatettuu argivoidu (sego voideluh)<\/li>\n<\/ul>\n\n\n\n<p>Kuoreh:<\/p>\n\n\n\n<ul class=\"wp-block-list\">\n<li>1 kilo kartohkua<\/li>\n\n\n\n<li>1\u20130,5 dl ni\u017eujauhuo<\/li>\n\n\n\n<li>1 j\u00e4i\u010d\u010dy<\/li>\n<\/ul>\n\n\n\n<p>Azu nenga:<\/p>\n\n\n\n<p>Livoita kuivatut voronkusienet libo grivat v\u00e4h\u00e4zes, l\u00e4mm\u00e4s vies da pilko net. Freesua \u017duari v\u00e4h\u00e4zes temperatuuras pilkottu laukku da sienet\/grivat dai mavusta sevoites pippuril, \u010dosnokal, suolal dai pienel mi\u00e4r\u00e4l puatokkua. Mavustehtu voibi olla \u00e4ijy, gu kartohkalline tahtas ved\u00e4y maguloi i\u010d\u010deh. Keit\u00e4 riisut dai sevoita net sieni\/griba-laukkusevoiteksenke. Li\u017ei\u00e4 sevokseh sulatettu argivoi da anna sevoiteksel v\u00e4h\u00e4ine vilustuo muga, ku se olis kebjei levitti\u00e4.<\/p>\n\n\n\n<p>Keit\u00e4 kartohkat kuorienke, kuorita net hiilavannu da survo net tazazekse massakse dai li\u017ei\u00e4 suolua. Voit k\u00e4ytti\u00e4 sego kuorittuu vaguumakartohkua. Vilustuta kartohkumassu, sevoita (\u00e4l\u00e4 pieks\u00e4) massah yksi j\u00e4i\u010d\u010dy da l\u00e4s 1\u20130,5 dl ni\u017eujauhuo.<\/p>\n\n\n\n<p>Luaji tahtahas salgo da leikkua se samankogozikse paloikse. Taputtele palazet piduli\u010doikse 0,5 cm:n sangieloikse pohjikse. Pane pohjan toizele puolele bohattu sy\u00f6ndyluzikalline t\u00e4ytehty ja ki\u00e4n\u00e4 toine puoli pi\u00e4le. Typit\u00e4 reunat, gu t\u00e4yte ei valus ullos pastamizen aigah. Pasta vatru\u0161kat 250\u2013300 gruadusis, kuni net roitah \u010doman maksankarvazii. Pastoaigu on 15\u201320 minuuttua riippujen p\u00e4\u010din temperatuuras. Voidele valmehet vatru\u0161kat sulatetul argivoil.<\/p>\n\n\n\n<p>Sy\u00f6 vatru\u0161kat vereksen saluatanke! \u2013 Hyvi\u00e4 sy\u00f6ndyhimuo!<\/p>\n\n\n\n<figure class=\"wp-block-image size-medium\"><img loading=\"lazy\" decoding=\"async\" width=\"300\" height=\"202\" src=\"https:\/\/blogs.uef.fi\/karjalanelvytys\/wp-content\/uploads\/sites\/155\/2023\/10\/20230214_093812-768x518-1-300x202.jpg\" alt=\"Kolme vatruskaa lautasella\" class=\"wp-image-12656\" srcset=\"https:\/\/blogs.uef.fi\/karjalanelvytys\/wp-content\/uploads\/sites\/155\/2023\/10\/20230214_093812-768x518-1-300x202.jpg 300w, https:\/\/blogs.uef.fi\/karjalanelvytys\/wp-content\/uploads\/sites\/155\/2023\/10\/20230214_093812-768x518-1.jpg 768w\" sizes=\"auto, (max-width: 300px) 100vw, 300px\" \/><figcaption class=\"wp-element-caption\">Kuva: Hannu Lappalainen<\/figcaption><\/figure>\n\n\n\n<h4 class=\"wp-block-heading\">15.2.2023<\/h4>\n\n\n\n<p>Livvinkarjalan paginkursan opastujat suadih yhtekse kodiruavokse ka\u010d\u010duo mitahto karjalankieline video da sanuo sih n\u00e4h omii mielii. Video pidi e\u010d\u010die i\u010del.<\/p>\n\n\n\n<h5 class=\"wp-block-heading\">Eila Markkinen: Zinaida Dubinina suvai\u010d\u010di karjalua, eli karjalakse da kirjutti karjalakse<\/h5>\n\n\n\n<p>Min\u00e4 kuundelin Kirjakamari-programman vuvvel 2016 karjalazes kirjuttajas <strong>Zinaida Dubininas<\/strong> (2.8.1934\u201327.1.2022), dai ka\u010doin h\u00e4nes luajitut uudizet Viestit Karjala -programmois vuozil 2019 da 2022.<\/p>\n\n\n\n<p>Zinaida Dubinina oli Karjalan tundiettu runoniekku, kirjuttai da ki\u00e4nd\u00e4i. H\u00e4i on kirjutannuh runuo da prouzua livvinkarjalakse. H\u00e4nen suurembii ki\u00e4nn\u00f6sruadoloi ollah Biblii lapsile, Uuzi Sana, psaltiri da Kalevala-eepossu. H\u00e4i se\u017eo kirjutti \u00e4ij\u00e4n runuo kui lapsile, mugai aiguhizile.<\/p>\n\n\n\n<p>Zinaida Dubinina algoi kirjuttua livvinkarjalakse, konzu meij\u00e4n armas karjalan kieli oli ajettu \u010duppuh. H\u00e4ndy ty\u00f6nn\u00e4ldi kirjuttamah kuulu\u017eu karjalaine runoilii <strong>Vladimir Brendojev<\/strong>, kudai \u010domasti ku\u010dui Dubininua \u201dAnuksen silmykaivozekse\u201d. Zinaida Dubininan ezm\u00e4ine runokniigu &#8221;Silmykaivoine\u201d \u2013 karjalazet runot lapsile \u2013 jullattih vuvvennu 1995.<\/p>\n\n\n\n<p>Zinaida Dubinina suvai\u010d\u010di karjalua, eli karjalakse da kirjutti karjalakse. H\u00e4i ongi sanonuh nenga: \u201dmeij\u00e4n elaijas ainos on mid\u00e4 kirjuttua\u201d. Kirjakamari programmas Anuksen kanzallizen kirjaston ruadai Galina Fedulova sanelou Zinaida Dubininas da lugou h\u00e4nen runoloi.<\/p>\n\n\n\n<p>Minule n\u00e4mm\u00e4 runot ollah mieldy my\u00f6 muga\u017ee, kui kai Dubininan kirjutukset. Konzu niil\u00f6i kuundelen libo luven, suan matkata karjalazeh elokseh dai bohattah livvinkarjalah. Rakkahal mustelen t\u00e4d\u00e4 ruadajua tovellistu karjalastu kirjuttajua, inehmisty, kudaman kel olen suannuh vastavuogi vuvvennu 2013 \u010domaizes Kotkatj\u00e4rven hierus, kus livvinkarjalah opastumas olin.<\/p>\n\n\n\n<p>Zinaida Dubininan mustokse tahton kirjuttua t\u00e4h h\u00e4nen omua tekstua:<\/p>\n\n\n\n<p>\u201dMin\u00e4 kuoltesgi ylbei olen,<br>hyv\u00e4s mieles elaijan agjas,<br>sil, gu ainos sinunke elin,<br>minun mua da Karjalan rahvas\u201d.<\/p>\n\n\n\n<p>Olgah mua h\u00e4nele h\u00f6yhenenny.<\/p>\n\n\n\n<figure class=\"wp-block-image size-medium\"><img loading=\"lazy\" decoding=\"async\" width=\"224\" height=\"300\" src=\"https:\/\/blogs.uef.fi\/karjalanelvytys\/wp-content\/uploads\/sites\/155\/2023\/10\/326379159_786474036378141_3729660619518575854_n-765x1024-1-224x300.jpg\" alt=\"Kolme karjalankielist\u00e4 kirjaa p\u00f6yd\u00e4ll\u00e4: Uuzi sana, Biblii lapsile ja Silmykaivoine\" class=\"wp-image-12665\" srcset=\"https:\/\/blogs.uef.fi\/karjalanelvytys\/wp-content\/uploads\/sites\/155\/2023\/10\/326379159_786474036378141_3729660619518575854_n-765x1024-1-224x300.jpg 224w, https:\/\/blogs.uef.fi\/karjalanelvytys\/wp-content\/uploads\/sites\/155\/2023\/10\/326379159_786474036378141_3729660619518575854_n-765x1024-1.jpg 765w\" sizes=\"auto, (max-width: 224px) 100vw, 224px\" \/><figcaption class=\"wp-element-caption\">Kuva: Eila Markkinen<\/figcaption><\/figure>\n\n\n\n<h4 class=\"wp-block-heading\">13.2.2023<\/h4>\n\n\n\n<p>Livvinkarjalan paginkursan opastujat suadih kodiruavokse sanuo omii mielii huomenizeh pruazniekkah n\u00e4h. <\/p>\n\n\n\n<h5 class=\"wp-block-heading\">Eila Markkinen on kirjutannuh nenga:<\/h5>\n\n\n\n<p>Yst\u00e4v\u00e4np\u00e4ivy, Valentinan p\u00e4ivy, dovari\u0161anp\u00e4ivy, mielespiett\u00e4vien p\u00e4ivy\u2026 Kui t\u00e4d\u00e4 p\u00e4ivi\u00e4 ku\u010dummo, rippuu meis i\u010des da sit, ked\u00e4 tahtommo mustua.<\/p>\n\n\n\n<p>Omua armastu voit mustua kukkubukietan kel dai mielespiett\u00e4v\u00e4nkartinke libo voit ostua podarkakse mid\u00e4tahto muudu. On taki laukois \u00e4ijy mid\u00e4 ostua.<\/p>\n\n\n\n<p>Yst\u00e4v\u00e4n kel voit k\u00e4vv\u00e4 koufei\u010duppuzeh koufeidu libo \u010duajuu juomah magien piro\u017enoinke. Yst\u00e4vile voit se\u017eo kartin andua libo ty\u00f6ndi\u00e4 po\u0161ta\u010di. I\u010de suvai\u010den ila\u0161koittua yst\u00e4vii kartiloil, kudamih kirjutan oman pikkarazen runozen. Nyg\u00f6i jo ongi yst\u00e4v\u00e4np\u00e4ivykarti, kus on livvikse pikkaraine runoine, omas pi\u00e4s azuttu. Ylen \u010doman kuvan kartih on mualannuh Ka\u017ein L&#8217;uba, Hiloin Natoin idejas. T\u00e4m\u00e4 yst\u00e4v\u00e4np\u00e4ivykarti on jo iha\u0161koitannuh mondu ristikanzua. Mugah\u00e4i hyv\u00e4s mieles olen.<\/p>\n\n\n\n<p>Nu, vie on kolme pikkarastu tekstua, kudamat minule himoittau suaha po\u0161tukartiloikse. Anna vai l\u00f6ydyy ristikanzu, kudai tahtos n\u00e4mmih runozih kuvat kruassie.<\/p>\n\n\n\n<p>1.<\/p>\n\n\n\n<p>Solovei \u010doma pajolindu<br>moneh luaduh pajattau<br>sinule omale armahale<br>yst\u00e4v\u00e4np\u00e4ivi\u00e4 toivottau.<\/p>\n\n\n\n<p>Roikkah sinun p\u00e4iv\u00e4h kyll\u00e4l hyvi\u00e4 mieldy.<\/p>\n\n\n\n<p>2.<\/p>\n\n\n\n<p>Sinuu kuldoi armastan<br>hyvi\u00e4 yst\u00e4v\u00e4np\u00e4ivi\u00e4 toivotan<br>roikkah p\u00e4iv\u00e4h hyvi\u00e4 mieldy<br>kyll\u00e4l magiedu sy\u00f6misty.<\/p>\n\n\n\n<p>3.<\/p>\n\n\n\n<p>Oma kulduk\u00e4g\u00f6zeni<br>armas syv\u00e4ink\u00e4byzeni<br>rouzan n&#8217;uppu kuldoizeni<br>sinuu min\u00e4 rakastan<br>mielespiett\u00e4vien p\u00e4ivi\u00e4 toivotan.<\/p>\n\n\n\n<figure class=\"wp-block-image size-medium\"><img loading=\"lazy\" decoding=\"async\" width=\"224\" height=\"300\" src=\"https:\/\/blogs.uef.fi\/karjalanelvytys\/wp-content\/uploads\/sites\/155\/2023\/10\/kortti-224x300.jpeg\" alt=\"Postikortti\" class=\"wp-image-12668\" srcset=\"https:\/\/blogs.uef.fi\/karjalanelvytys\/wp-content\/uploads\/sites\/155\/2023\/10\/kortti-224x300.jpeg 224w, https:\/\/blogs.uef.fi\/karjalanelvytys\/wp-content\/uploads\/sites\/155\/2023\/10\/kortti.jpeg 766w\" sizes=\"auto, (max-width: 224px) 100vw, 224px\" \/><figcaption class=\"wp-element-caption\">Kuva: Eila Markkinen<\/figcaption><\/figure>\n\n\n\n<h5 class=\"wp-block-heading\">Miikku H\u00e4kki on kirjutannuh nenga:<\/h5>\n\n\n\n<p>Ylen harvah pruaznui\u010den yst\u00e4v\u00e4np\u00e4ivi\u00e4. Tavan mugah olen ty\u00f6nd\u00e4nyh dovari\u0161oile hyvittelyl\u00f6i viesti\u010di, ku olen mustanuh. T\u00e4n\u00e4 vuon toinah pruaznui\u010demmo v\u00e4h\u00e4zel minun mielespiett\u00e4vienke. Ka\u010dommo tiett\u00e4v\u00e4ine, roihgo aigua, ku meil on muutandu uudeh kodih ned\u00e4linlopul da pid\u00e4s vie pakuija vahnas fatieras enne ned\u00e4linloppuu.<\/p>\n\n\n\n<h5 class=\"wp-block-heading\">Hannu Lappalainen on kirjutannuh nenga:<\/h5>\n\n\n\n<p>Mid\u00e4 yst\u00e4vys on?<\/p>\n\n\n\n<p>Yst\u00e4vys on kahten ristityn keskeine rahvahanv\u00e4line kontaktu, kudai on l\u00e4h\u00e4zembi, migu tuttavus, ga loittozembi, migu yhtes olemine. Yst\u00e4vys on omatahtoine da taza-arvoine v\u00e4li, kudaman ozapuolet puaksuh vietet\u00e4h joudoaigua yhtes da paistah persounallizeh dielois. Hyv\u00e4s yst\u00e4vy\u00f6s mollembat ozapuolet hyv\u00e4ksyt\u00e4h toine tostu moizinnu, mittuzet hy\u00f6 ollah. Hyv\u00e4 yst\u00e4vysv\u00e4li on se\u017eo turvalline; luotettavu yst\u00e4vy ei sortui\u010de yhtehizii peito\u010duksii edehp\u00e4i.<\/p>\n\n\n\n<p>Nenga tovelline yst\u00e4vy ruadau:<\/p>\n\n\n\n<ul class=\"wp-block-list\">\n<li>H\u00e4i kuundelou Sinuu \u2013 ei vaiku pagize da toitota omii mielii. Yst\u00e4vy rohkenou se\u017eo olla eri mieldy sinunke.<\/li>\n\n\n\n<li>Soittau Sinule sit, konzu h\u00e4nel on ig\u00e4vy sinuu \u2013 ei vaiku sit, konzu h\u00e4nel on mitah probliemu.<\/li>\n\n\n\n<li>Hyv\u00e4ksyy Sinuu sangiennu, laihannu, v\u00e4zyny\u00f6nny, rakastunuonnu libo ihan moizennu kui olet.<\/li>\n\n\n\n<li>Maltau sanuo Sinule, mittuine soba p\u00e4d\u00f6y sinulles.<\/li>\n\n\n\n<li>Ellend\u00e4y, \u0161to toi\u010di Sin\u00e4 tahtot olla kogo p\u00e4iv\u00e4n yksin pi\u017eamas da villazis sukis.<\/li>\n\n\n\n<li>Soittau da hyvittel\u00f6y Sinuu, konzu Sinul on olluh lykkyy.<\/li>\n\n\n\n<li>Mustau, gu Sin\u00e4 avvutit h\u00e4ndy vaigevuksis da avvuttau Sinuu, konzu tarvi\u010det abuu.<\/li>\n\n\n\n<li>Tied\u00e4y, gu luottamus on monen v\u00e4lin t\u00e4rgevin kleisteri.<\/li>\n<\/ul>\n\n\n\n<h5 class=\"wp-block-heading\">Aira Sumiloff on kirjutannuh nenga:<\/h5>\n\n\n\n<p>Huomei, 14. tuhukuudu piet\u00e4h yst\u00e4v\u00e4np\u00e4ivi\u00e4 joga puolel muailmua.<\/p>\n\n\n\n<p>Sanotah, \u0161to yst\u00e4v\u00e4np\u00e4iv\u00e4l on hristianskoloi perindehii da se on tulluh pyh\u00e4n Valentinuksen eloksen da onnuako kuoldendangi mugah. Valentinus on er\u00e4hien histourien kirjuttajien mugah mistiekalline pyh\u00e4 ristikanzu da h\u00e4nes on saneltu hos mittustugi legendua.<\/p>\n\n\n\n<p>Er\u00e4s niil\u00f6is on nengoine: Jepiskoppu Valentinus eli 200-luvul da er\u00e4hien kirjuttajien mugah h\u00e4i tahtoi ven\u010daija saldattoi, hos suari Markus Aurelius Cladius oli mi\u00e4r\u00e4nnyh, saldatat ei suau olla naizis, gu naizis olijat saldatat ei olla ylen innokkahat vojuimah. Valentinus vangittih da vi\u0161kattih tyrm\u00e4h, da saldatoin mu\u010doit ty\u00f6ttih h\u00e4nele kirjazii, podarkoi da kartiloi. Markus Aurelius pi\u00e4tti, \u0161to pyh\u00e4 Valentinus pid\u00e4y kuaznie, da h\u00e4ndy kuaznittih.<\/p>\n\n\n\n<p>Er\u00e4h\u00e4n toizen legendan mugah pyh\u00e4 Valentinus tapettih, gu h\u00e4i tahtoi auttua ristittyl\u00f6i pagoh tyrmisp\u00e4i da er\u00e4h\u00e4n legendan mugah pyh\u00e4 Valentinus ty\u00f6ndi omale mielespiett\u00e4v\u00e4le kartin, kudamas allekirjutuksennu oli Sinun Valentinuksel.<\/p>\n\n\n\n<p>Mi lien\u00f6y oigei, voimmo vaigu arbailla.<\/p>\n\n\n\n<p>Min\u00e4 en \u00e4iji\u00e4 suvai\u010de nengomua pruazniekkua, gu se on ylen, ylen kaupalline da se ei ole meij\u00e4n oma pruazniekku, engo ni suvai\u010de ylehizesti, \u0161to amerikkalazii perindehii ti\u00e4 vietet\u00e4h.<\/p>\n\n\n\n<h5 class=\"wp-block-heading\">Sanna Myll\u00e4ri on kirjutannuh nenga:<\/h5>\n\n\n\n<p>Yst\u00e4v\u00e4np\u00e4ivy, mielespiett\u00e4vien p\u00e4ivy libo pyh\u00e4n Valentinan p\u00e4ivy ei ole minule ylen t\u00e4rgei p\u00e4ivy. Se on muijalp\u00e4i tulluh pruazniekku, kudamal ei ole Suomes perindehty. No onh\u00e4i sid\u00e4 jo nyg\u00f6i mingi aigua pietty Suomesgi da toinah nuorembile se on toven mittuinengi perindeh. En \u00e4ij\u00e4l suvai\u010de sid\u00e4 amerikkalastu, ylen romantillistu tabua pruaznuija yst\u00e4v\u00e4np\u00e4ivi\u00e4. Ga dovari\u0161\u0161oi on tiett\u00e4v\u00e4ine toi\u010d\u010dinah hyv\u00e4 duumaija da mustua milgi taval, olgah t\u00e4m\u00e4 p\u00e4ivy sih ni\u0161koi. Da tiett\u00e4v\u00e4ine omua vastinehtu, ollou sinul nengoine.<\/p>\n\n\n\n<h4 class=\"wp-block-heading\">13.2.2023<\/h4>\n\n\n\n<p>Livvinkarjalan paginkursan opastujat suadih yhtekse kodiruavokse ka\u010d\u010duo mitahto karjalankieline video da sanuo sih n\u00e4h omii mielii. Video pidi e\u010d\u010die i\u010del.<\/p>\n\n\n\n<h5 class=\"wp-block-heading\">Aira Sumiloff: Vladimir Brendojev on kirjutannuh minungi tundolois<\/h5>\n\n\n\n<p>Kodiruavokse tahtoin kuunnella, kui Zinaida Dubinina pagizou omas elokses, ga konzu rubein programmua e\u010d\u010dim\u00e4h, tuli n\u00e4g\u00f6vih Youtubes Karjalan TV:n programmu \u201dSa armas olet\u201d. Sid\u00e4 rubein ka\u010d\u010domah, gu oli ylen mieldykiinnitt\u00e4i da sit kerrottih Vladimir Brendojevas. Brendojev oli suuri karjalane runoniekku, kudai oli enzim\u00e4ine, ken kirjutti karjalankielizii runoloi. Programmas pagizuteltih Vladimiran siz\u00e4rdy, ammustu mielespiett\u00e4vi\u00e4 dai er\u00e4sty mu\u017eikkua. Ylen, ylen mieldykiinnitt\u00e4i programmu oligi, ku min\u00e4 suvai\u010den V. Brendojevan runoloi. En mobilniekal n\u00e4hnyh, ken oli toimittai, onnuako Olga Ogneva libo Anna Usova, gu selgei da rauha\u017eu oli pagizuttelijan i\u00e4ni.<\/p>\n\n\n\n<p>Siz\u00e4r kerdoi, kui Vladimir oli sanonuh, gu h\u00e4i rubieu karjalakse kirjuttamah runoloi. Sih aigah, ammui, ei suannuh joga kohtas paista karjalakse eigo ni olluh livvikarjalan kirjua k\u00e4deh ottua. Siz\u00e4r oli sanonuh Vladimirale: \u201dHeit\u00e4 t\u00e4m\u00e4 tyhjy ruado, kenbo rubieu niil\u00f6i lugemah, ylen on jygei lugie.\u201d Sih Vladimir vastai: \u201d\u00c4l\u00e4 vai sano, min\u00e4 roimmos karjalane Pu\u0161kin.\u201d<\/p>\n\n\n\n<p>Programmas ristikanzat kerrottih, mittuine Vladimir oli ristikanzannu. Hy\u00f6 sanottih, gu h\u00e4i oli ylen hyv\u00e4luaduine, h\u00e4nel oli \u00e4ijy ristikanzua ymb\u00e4ri da h\u00e4ndy neidizet suvaittih \u00e4ij\u00e4l da kui h\u00e4i kaksi akkua ven\u010dal vei. H\u00e4nel oma Karjalan mua oli armahin dai karjalan kieli, kodirandu, me\u010d\u010dy da me\u010d\u00e4n el\u00e4tit. H\u00e4nen siz\u00e4r kerdoi, gu Vladimir er\u00e4h\u00e4l kerdua tapoi j\u00e4n\u00f6in da konzu tuli j\u00e4rilleh me\u010d\u00e4sp\u00e4i, sanoi: \u201dbuitegu ristikanzan olizin tappanuh.\u201d<\/p>\n\n\n\n<p>Programmas lugiettih Vladimiran runoloi, vuitti niil\u00f6is on se\u017eo s\u00e4veldetty pajoloikse. Runo \u201dSa armas olet\u201d on minun rynd\u00e4h\u00e4s, gu Vladimir Brendojev on kirjutannuh \u00e4ij\u00e4n minungi tunduo t\u00e4h runoh.<\/p>\n\n\n\n<figure class=\"wp-block-image size-medium\"><img loading=\"lazy\" decoding=\"async\" width=\"214\" height=\"300\" src=\"https:\/\/blogs.uef.fi\/karjalanelvytys\/wp-content\/uploads\/sites\/155\/2023\/10\/20230213_084346-731x1024-1-214x300.jpg\" alt=\"Vladimir Brendojevin runo &quot;Sa armas olet...&quot;\" class=\"wp-image-12676\" srcset=\"https:\/\/blogs.uef.fi\/karjalanelvytys\/wp-content\/uploads\/sites\/155\/2023\/10\/20230213_084346-731x1024-1-214x300.jpg 214w, https:\/\/blogs.uef.fi\/karjalanelvytys\/wp-content\/uploads\/sites\/155\/2023\/10\/20230213_084346-731x1024-1.jpg 731w\" sizes=\"auto, (max-width: 214px) 100vw, 214px\" \/><figcaption class=\"wp-element-caption\">Kuva: Aira Sumiloff<\/figcaption><\/figure>\n\n\n\n<h4 class=\"wp-block-heading\">9.2.2023<\/h4>\n\n\n\n<p>Livvinkarjalan paginkursan opastujat ollah saneltu omih armahih sy\u00f6mizih da juomizih n\u00e4h. <\/p>\n\n\n\n<h5 class=\"wp-block-heading\">T\u00e4m\u00e4n kirjutuksen on luadinuh Sanna Myll\u00e4ri<\/h5>\n\n\n\n<p>Minun uvvekse lembiruttomurginakse ollah tuldu pelmenit. Mennyt vuon sain oppie pelmenil\u00f6i er\u00e4h\u00e4n kerran, sid\u00e4 enne olin niil\u00f6i sy\u00f6nnyh vikse vaigu kerran. A se ideju on ihan tuttavu, olen n\u00e4hnyh Masterchef Austraalii -programmas \u00e4ij\u00e4n kerdua, konzu hy\u00f6 luajitah kitailazii dumplingsil\u00f6i da italielazii ravioliloi. Kylm\u00e4ttimes olijat pelmenit ollah ylen hyv\u00e4t ruttomurgiakse. En malta pelmenil\u00f6i i\u010de luadie, ga l\u00f6vvin Prismas kylm\u00e4tehpelmenil\u00f6i. Suvai\u010den niil\u00f6i lihaliemes keitetynny, kannateksen libo creme fraichen kel. A minule on sanottu, ku eestilaukan pelmenit ollah parembat. No tuliel kerdua Tamberel k\u00e4vves menen sit eestilaukkah pelmenil\u00f6i ostamah. Toinah niil\u00f6i voizin konzugi i\u010de oppie azuo.<\/p>\n\n\n\n<h5 class=\"wp-block-heading\">T\u00e4m\u00e4n kirjutuksen on luadinuh Aira Sumiloff<\/h5>\n\n\n\n<p>Min\u00e4h\u00e4i suvai\u010den hos mittustu sy\u00f6misty, send\u00e4h oli jygei re\u0161\u0161ie, mis sy\u00f6mizes kirjutan. Kalat, grivat da se\u017eo sienet ollah ylen armahat, vai gu t\u00e4n\u00e4p\u00e4i tuulou da vilu on, duumai\u010den kirjuttua lohisuupas.<\/p>\n\n\n\n<p>En nikonzu mittua, \u00e4ij\u00e4ngo mid\u00e4gi suuppah panen.<\/p>\n\n\n\n<p>Minun suuppah tulou kalua, laukkua, kartohkua, sliuhkua, vetty, mavustehpippurii, ukroppua da suolua.<\/p>\n\n\n\n<p>Puhkuan lohen da panen ruvvat, pi\u00e4n da ketun v\u00e4h\u00e4zekse aigua vedeh kiehumah. Konzu net ollah kiehuttu da liemi on mavustunnuh, fil\u2019trui\u010den sen da panen liemeh kartohkat da kogonaizen laukan, suolua da mavustehpippurii. Annan kiehuo. Konzu kartohkat ollah l\u00e4s kyps\u00e4t, panen lohen palat suuppah da annan vie kiehuu kaksi-kolme minuuttua. Lopu\u0161kal panen sliuhkua da ukroppua da vie hiilutan.<\/p>\n\n\n\n<p>Ylen hyvi\u00e4 on rugehizen leiv\u00e4n ker.<\/p>\n\n\n\n<p>Lohisuupan liendy ei ole nikonzu liigua.<\/p>\n\n\n\n<h5 class=\"wp-block-heading\">T\u00e4m\u00e4n kirjutuksen on luadinuh Eila Markkinen<\/h5>\n\n\n\n<p>Savulohipastos<\/p>\n\n\n\n<p>Duumai\u010din, mi sy\u00f6mine minule on kaikis paras. Kaikensy\u00f6jy olen, sy\u00f6n kalua, lihua, siendy, kazvoksii imi\u2026 Vaigei on sanuo, mi paras on. Nu, tiett\u00e4v\u00e4ine p\u00e4\u010dis pastettuloi sy\u00f6mizii suvai\u010den. Pastossy\u00f6mizet ollahgi perindehellizii mavukkahii sy\u00f6mizii, kudamii se\u017eo on kebjei azuo, mugakui t\u00e4m\u00e4gi savvulohipastos. Pastoksen voit azuo kylm\u00e4tettyl\u00f6is kartohkois da laukois, muga varustat sy\u00f6mizenraviembah.<\/p>\n\n\n\n<p>Valmistusainehet:<\/p>\n\n\n\n<ul class=\"wp-block-list\">\n<li>1 kg kartohku-laukkusevoitustu<\/li>\n\n\n\n<li>500 g l\u00e4mminsavvustettuu lohtu<\/li>\n\n\n\n<li>1\/2 dl sie\u010dkattuu ukroppua<\/li>\n\n\n\n<li>3 mavustehogur\u010dua<\/li>\n\n\n\n<li>260 g juustot&#8217;orkatestu<\/li>\n\n\n\n<li>5 dl sliuhkua<\/li>\n\n\n\n<li>2 \u010dl suolua<\/li>\n\n\n\n<li>1 \u010dl mustuapippurii<\/li>\n<\/ul>\n\n\n\n<p>Pastoksen azumine:<\/p>\n\n\n\n<ol class=\"wp-block-list\">\n<li>Pilko mavustehogur\u010dat da sevoita kai ainehet p\u00e4\u010d\u010diformas. J\u00e4t\u00e4<br>v\u00e4h\u00e4ine juustot&#8217;orkatestu ripoitettavakse pastoksen pi\u00e4le.<\/li>\n\n\n\n<li>Vala sliuhkat da ripoita juustot&#8217;orkates pastoksen pi\u00e4le. Pasta 200<br>astehes l\u00e4s 30 minuuttua.<\/li>\n\n\n\n<li>Leiby-suolu sy\u00f6jile!<\/li>\n<\/ol>\n\n\n\n<h4 class=\"wp-block-heading\">8.2.2023<\/h4>\n\n\n\n<p>Livvinkarjalan paginkursan opastujat ollah saneltu omih armahih sy\u00f6mizih da juomizih n\u00e4h. T\u00e4s on <strong>Miikku H\u00e4kin<\/strong> kirjutus.<\/p>\n\n\n\n<h5 class=\"wp-block-heading\">Su\u0161i<\/h5>\n\n\n\n<p>Su\u0161i on japounielaine sy\u00f6mine, kudai tavan mugah roih riisus, vezihein\u00e4s, kalas libo erijyttyzis kazvoksis. Min\u00e4 suvai\u010den su\u0161in t\u00e4yttehinny enimy\u00f6lleh lohtu, veresty juustuo da avokaduo. Tavan mugah nyg\u00f6i luajin su\u0161ii dovari\u0161oinke libo dovari\u0161oile.<\/p>\n\n\n\n<figure class=\"wp-block-image size-medium\"><img loading=\"lazy\" decoding=\"async\" width=\"279\" height=\"300\" src=\"https:\/\/blogs.uef.fi\/karjalanelvytys\/wp-content\/uploads\/sites\/155\/2023\/10\/sushi-279x300.jpg\" alt=\"Sushia lautasella\" class=\"wp-image-12679\" srcset=\"https:\/\/blogs.uef.fi\/karjalanelvytys\/wp-content\/uploads\/sites\/155\/2023\/10\/sushi-279x300.jpg 279w, https:\/\/blogs.uef.fi\/karjalanelvytys\/wp-content\/uploads\/sites\/155\/2023\/10\/sushi.jpg 768w\" sizes=\"auto, (max-width: 279px) 100vw, 279px\" \/><figcaption class=\"wp-element-caption\">Kuva: Miikku H\u00e4kki<\/figcaption><\/figure>\n\n\n\n<h5 class=\"wp-block-heading\">Hannu-di\u00e4d\u00e4n (Hannu Lappalainen) ahven-juurikoipastos<\/h5>\n\n\n\n<p>P\u00e4\u010dis kypsend\u00e4mine, juurekset, kala dai kannates ollah kai p\u00e4iv\u00e4nnouzupuolizen sy\u00f6misperindehen elementoi. Perindehen pohjalp\u00e4i kehitettyh sy\u00f6mizeh tarvi\u010det:<\/p>\n\n\n\n<ul class=\"wp-block-list\">\n<li>500 grammua ahvenfiletty<\/li>\n\n\n\n<li>100 grammua keldujuurikoidu<\/li>\n\n\n\n<li>100 grammua palsternakkua<\/li>\n\n\n\n<li>100 grammua juurisellerii<\/li>\n\n\n\n<li>100 grammua kartohkua<\/li>\n\n\n\n<li>100 grammua laukkastu<\/li>\n\n\n\n<li>100 grammua poreilaukkua<\/li>\n\n\n\n<li>150 rammua kannatestu<\/li>\n\n\n\n<li>\u00bd detsilitrua sliuhkua<\/li>\n\n\n\n<li>sen-t\u00e4m\u00e4n palazen voidu<\/li>\n\n\n\n<li>sen-t\u00e4m\u00e4n tippazen limonanmehuu<\/li>\n\n\n\n<li>suolua da pippurii<\/li>\n\n\n\n<li>v\u00e4h\u00e4zen ukroppu\u010dilmua<\/li>\n<\/ul>\n\n\n\n<p>Peze, kuorita da leikkua juurekset puikkozikse, pane net p\u00e4\u010d\u010diformah, li\u017ei\u00e4 nenga kaksi palastu voidu da r\u00e4kit\u00e4 niil\u00f6i 175 astehes l\u00e4s 10 minuuttua. Pane suolal, pippuril, limonanmehul da ukroppu\u010dilmul mavustetut ahvenfiliet juureksien pi\u00e4le da vala kannateksen da sliuhkan sevoitus kaloin pi\u00e4le. Pyh\u00e4n aigah voit kannateksen da sliuhkan sijah ottua kalaliendy da argivoin sijas kazvosmargariinua libo pyh\u00e4voidu. Pasta p\u00e4\u010dis, kuni kalat da juurekset ollah kyps\u00e4t. Tari\u010de pastos vereksen saluatanke.<\/p>\n\n\n\n<figure class=\"wp-block-image size-medium\"><img loading=\"lazy\" decoding=\"async\" width=\"161\" height=\"300\" src=\"https:\/\/blogs.uef.fi\/karjalanelvytys\/wp-content\/uploads\/sites\/155\/2023\/10\/Screenshot_20230208_064728_Microsoft-365-Office-161x300.jpg\" alt=\"Kalapaistosta vuuassa\" class=\"wp-image-12682\" srcset=\"https:\/\/blogs.uef.fi\/karjalanelvytys\/wp-content\/uploads\/sites\/155\/2023\/10\/Screenshot_20230208_064728_Microsoft-365-Office-161x300.jpg 161w, https:\/\/blogs.uef.fi\/karjalanelvytys\/wp-content\/uploads\/sites\/155\/2023\/10\/Screenshot_20230208_064728_Microsoft-365-Office.jpg 545w\" sizes=\"auto, (max-width: 161px) 100vw, 161px\" \/><figcaption class=\"wp-element-caption\">Kuva: Hannu Lappalainen<\/figcaption><\/figure>\n\n\n\n<h4 class=\"wp-block-heading\">7.2.2023<\/h4>\n\n\n\n<p>Livvinkarjalan paginkursan opastujat suadih yhtekse kodiruavokse ka\u010d\u010duo mitahto karjalankieline video da sanuo sih n\u00e4h omii mielii. Video pidi e\u010d\u010die i\u010del.<\/p>\n\n\n\n<h5 class=\"wp-block-heading\">Kirjutannuh Sanna Myll\u00e4ri<\/h5>\n\n\n\n<p>\u201cPahan\u201d brihan pajatukset. Santtu Karhu. Karjalan TV 2001.<\/p>\n\n\n\n<p>Vuozi tagaperin Santtu Karhun roindupi\u00e4n Viestit Karjala julgai Youtubes programman Santtu Karhuh n\u00e4h. \u201cPahan\u201d brihan pajatukset on luajittu da ilmah pi\u00e4stetty Karjalan televiizoras allunperin jo en\u00e4m 20 vuottu tagaperin, vuvvennu 2001. No mieldykiinnitt\u00e4i se on vie nyg\u00f6igi.<\/p>\n\n\n\n<p>Programman on toimitannuh Ol\u2019ga Ogneva, Karjalan tv:n toimittai da Santun sevoitar. Iellizenny vuon (v. 2000) Santtu Karhu &amp; Talvisovat oldih pi\u00e4stetty ilmah heij\u00e4n enzim\u00e4zen al\u2019bouman \u201cPahoin brihoin pajatukset\u201d. Programmah ni\u0161koi oli luajittu muuzikkuvideoloi al\u2019bouman er\u00e4his pajolois da pagizutettu Santtuu. Ol\u2019ga Ogneva se\u017eo k\u00e4vyi l\u00e4bi joukkovehen histouriedu mieldykiinnitt\u00e4jien televiizoru- da gaziettupalaizienke.<\/p>\n\n\n\n<p>Olen n\u00e4hnyh programman silloi vuozi tagaperin, ga mieldykiinnitt\u00e4i dielo oli ka\u010d\u010duo se uvvessah. Nyg\u00f6i ellendin paginat vie parembah. Ol\u2019gan da Santun paginua oli vessel kuunnella: \u201cMih ni\u0161koi sin\u00e4 pajatat vai karjalakse?\u201d \u201cNo pid\u00e4yh\u00e4i yksi urai olla hos t\u00e4s pienes linnaizes.\u201d \u201cYhtell\u00e4h opastath\u00e4i omii lapsii pagizemah karjalakse?\u201d \u201cNo olgah vie kaksi uruadu, minun li\u017e\u00e4kse.\u201d \u201cMind\u00e4h moine nimi diskal, Pahoin brihoin pajatukset?\u201d \u201cNo emmoh\u00e4i my\u00f6 hyv\u00e4t ole\u2026 ku t\u00e4l kielel pajatammo, huliguanut olemmo.\u201d Hos Santtu paginat \u0161uutkakse panougi, yhtell\u00e4h h\u00e4i pagizou vagavua dieluo kielen h\u00e4viend\u00e4h n\u00e4h. Pahakse mieleksi nyg\u00f6i 20 vuvven j\u00e4lgeh Santun paistut dielot ollah n\u00e4g\u00f6vis. Ga ozakse on meidy nuorembiigi, kudamat tahtommo huliguanat olla da karjalakse paista! Hyvittelyt Santule roindup\u00e4iv\u00e4nke!<\/p>\n\n\n\n<h4 class=\"wp-block-heading\">6.2.2023<\/h4>\n\n\n\n<h5 class=\"wp-block-heading\">Kirjutannuh Hannu Lappalainen<\/h5>\n\n\n\n<p>Ka\u010doin Karjalan TV:n Kirjakamari-programman, kudai saneli tundietu\u0442 kielentutkijan L\u2019udmila Markianovan ruavos da uvves Raija Py\u00f6lin kirjutetus kniigas \u201dElostu suurembi ruado\u201d. Programman luadi redaktor Olga Ogneva, ken on suanuh monii preemiel\u00f6i da huomavonozutuksii hyvis da korgeitazozis ohjelmois dai kirjutuksis; j\u00e4lgim\u00e4ine niil\u00f6is on \u201dKarjalan an\u0161ijoitunut lehtimie\u0161 -arvonimi, kudaman h\u00e4i sai t\u00e4m\u00e4n vuvven allus. Nyg\u00f6i Olga on Karjalan TV- ta ratijoyhtyvehen kan\u0161alliskielisen toimituk\u0161en johtajan \u0161ijahini.\u201d Olga on se\u017eo v\u00e4zym\u00e4t\u00f6i karjalan kielen puolespagizii da h\u00e4i ruadau Karjalan kielen koin yhtistyksen halli\u010dukses.<\/p>\n\n\n\n<p>Programman tunnelmu on ylen rauhalline da taga-alamuuzikku aksentiirui\u010d\u010dou sid\u00e4. Olgan i\u00e4nenk\u00e4ytt\u00f6 p\u00e4d\u00f6y ylen hyvin tunnelmah; se on selgei da garmounine. Elostu suurembi ruado -kniigu on kirjutettu suomen kielel. Kirjuttai, suomenkarjalaine Raija Py\u00f6li on karjalan kielen tutkii, folosoufien dohtoru da L\u2019udmilan yst\u00e4vy. H\u00e4i ku\u010d\u010duu L\u2019udmilua Ven\u2019an Karjalan Mikael Agricolakse, mi on minun mieles ylen p\u00e4tt\u00e4vy arvonimi t\u00e4l karjalan kirjukielen muamal.<\/p>\n\n\n\n<p>Luvin kniigan terv\u00e4zeh, konzu vai se pi\u00e4zi ilmah. T\u00e4m\u00e4 dielo auttoi minuu sen ellend\u00e4mizes.<\/p>\n\n\n\n<p>Programman allus Olga ezittel\u00f6y kniigan kaksi pi\u00e4hengie, kudamat ollah L\u2019udmila Markianova, karjalan kirjukielen muamo dai i\u010de karjalan kieli. Li\u017e\u00e4kse Olga tuou julgi vuvven 1990 \u00e4lyllizen tilandehen da L\u2019udmilan stuatusan t\u00e4s kaikes; 1990 elettih karjalan kieleh n\u00e4h pozitiivistu aigua. Tagan on kummalline vuozituhandeh vaihton aigu, konzu kieldy elvytettih da kirjukieldy luajittih. L\u2019udmila oli t\u00e4m\u00e4n ruavon keskes oigei ristikanzu, oigies paikas da oigieh aigah.<\/p>\n\n\n\n<p>Olga ezittel\u00f6y ylen hyvin kniigan mugah L\u2019udmilan lapsuon, opastumisaijan da ammattitien tapahtumii. Hi\u00e4 luadiu boikoizin yhtehvedoloi L\u2019udmilan elokses. L\u2019udmilan suavutuksen peito\u010duksii oldih 1. karjalaine roinduper\u00e4, 2. pagizendan da kirjuttamizen nero, 3.korgien alan opastus. Li\u017e\u00e4kse h\u00e4i oli syd\u00e4me\u010di opastai dai h\u00e4nel oli korgei vastuontundo. H\u00e4i oli ruadai da sitkei.<\/p>\n\n\n\n<p>Minun mieles t\u00e4m\u00e4 programmu oli kui veres, kev\u00e4ine tuulahtus libo kajo\u017eu, sygyzylline p\u00e4ivy. Rekomendui\u010den!<\/p>\n\n\n\n<h4 class=\"wp-block-heading\">6.2.2023<\/h4>\n\n\n\n<p>Livvinkarjalan paginkursan opastujienke puaksuh pagizemmo aijankohtazii dieloloi. Net voijah olla kui ylehizet aijankohtazet uudizet, dielot libo ruavot, mugai jogahizen omat.<strong> Eila Markkinen<\/strong> on kirjutannuh omah aijankohtazeh himoruadoh n\u00e4h.<\/p>\n\n\n\n<p>Minul ainos on himoitannuh opastuo mualuamah obrazua. Jo mondu vuottutagaperin duumai\u010din algua k\u00e4vv\u00e4 opastumah t\u00e4h dieloh rahvahanopistoh.Vai ei jo ole olluh aigua. Ruavot dai kai muut eloksen dielot ollah temmattu kaiken aijan. Nu yhtell\u00e4h vuvvennu 2021 ilmoitimmos obrazan mualuandan algukursale Valamoih. Ga sie ned\u00e4lin opastuin kruassimah enzim\u00e4sty omua obrazua \u201dRavieh kuulijua Jumaldomua\u201d (Jumaldoma on Jumalanmuamo), kudamua piet\u00e4h ihmehienluadijannu. Ne\u010de obrazu sijai\u010d\u010dou Athosgoral, Dohiaran manasteris.<\/p>\n\n\n\n<p>Mennyt vuon se\u017eo k\u00e4vyin Valamoih opastumah li\u017ei\u00e4 obrazan mualuamistu. Silloi azuin \u201dKor\u0161unan Jumaldoman\u201d, mi oligi kursan tiemannu. Ne\u010de obrazu kuuluu tipi\u010dnoih obrazuluaduh, kudamua ku\u010dutah \u201dEleusa\u201d, Jumaldoma-obrazat. N\u00e4mm\u00e4 obrazat vie parembah tiet\u00e4h \u201dhell\u00e4n Jumaldoman\u201d obrazoinnu. Mennyt sygyzyn ilmoitimmos rahvahanopistoh obrazan mualuandan kursale.<\/p>\n\n\n\n<p>Kursuillat ollah joga ned\u00e4lii ezm\u00e4ssargen. Meidy opastujii sinne k\u00e4vyy yheks\u00e4 inehmisty, kudamis er\u00e4h\u00e4t ollah kruasittu jo mondu vuottu, ga se\u017eo on moizii, kudamat vaste allettih ne\u010den himoruavon. Min\u00e4 rubein azumah obrazua ylianheli Gabriel\u2019as, kudamua se\u017eo ku\u010dutah kuldutukakse. Vai enzm\u00e4zikse olifoi\u010dimmo opastajankeminun \u201dKor\u0161unan Jumaldoma\u201d -obrazan. Anna vai kaikin n\u00e4htih dai opastuttih sih ruadoh. Nyg\u00f6i ylen hyv\u00e4s mieles olen, gu ilmoitimmos kursale. Obrazan mualuamine minule hyvi\u00e4 da rauha\u017eua mieldy andau.<\/p>\n\n\n\n<figure class=\"wp-block-image size-medium\"><img loading=\"lazy\" decoding=\"async\" width=\"224\" height=\"300\" src=\"https:\/\/blogs.uef.fi\/karjalanelvytys\/wp-content\/uploads\/sites\/155\/2023\/10\/ikoni-224x300.jpeg\" alt=\"Ikoni, jossa Neitsyt Maria ja Jeesus-lapsi\" class=\"wp-image-12685\" srcset=\"https:\/\/blogs.uef.fi\/karjalanelvytys\/wp-content\/uploads\/sites\/155\/2023\/10\/ikoni-224x300.jpeg 224w, https:\/\/blogs.uef.fi\/karjalanelvytys\/wp-content\/uploads\/sites\/155\/2023\/10\/ikoni.jpeg 766w\" sizes=\"auto, (max-width: 224px) 100vw, 224px\" \/><figcaption class=\"wp-element-caption\">Kuva: Eila Markkinen<\/figcaption><\/figure>\n\n\n\n<h2 class=\"wp-block-heading\">2.2.2023<\/h2>\n\n\n\n<p>Livvinkarjalan paginkursan opastujien yhtenny kodiruavonnu oli sanella aijankohtazih dieloloih n\u00e4h somes. T\u00e4s <strong>Aira Sumiloffan<\/strong> postavus er\u00e4h\u00e4s aijankohtazes tiemas:<\/p>\n\n\n\n<p>Egl\u00e4i Savon Sanomat -lehtes oli mieldykiinnitt\u00e4i dielo. Toimittai kirjutti koneh\u00e4lys da saneli, kuibo se konzugi maltau kerduo dielot l\u00e4s putilleh da konzugi men\u00f6y sudre.<\/p>\n\n\n\n<p>Nagroin i\u00e4neh, konzu luvin, mid\u00e4 koneh\u00e4ly oli kirjutannuh savolazeh \u201dmykyrokkah\u201d n\u00e4h. (En tiij\u00e4 mi on myky karjalakse, germuanekse se on kn\u00f6del, voibigo olla kurkko, gu mykyrokan \u201dmykyih\u201d pandih \u017eiivatan verdu da ozrujauhuo da luajittih kurkot, mit keitettih rokas, kuduas oli se\u017eo kartohkua, laukkua, lihua, syv\u00e4indy, maksua, syv\u00e4inkeri\u00e4). Koneh\u00e4ly sellitti, \u0161to kurkkorokku on tiedokonehprogrammu, kudai on planiiruittu lujendamah tiedokonehen ruaduo er\u00e4his kohtis. Ga sit kone\u00e4lyh oli ki\u00e4nd\u00e4nyh monikon sanakse mykyrokkoja \u2013 kurkkorubiloi da kerdoi, kus niil\u00f6i voit ostua. Min\u00e4 nyg\u00f6i duumai\u010den, suago ne\u010dis verkolaukas muidugi rubiloi ostua, tuhkuruvengi onnuako.<\/p>\n\n\n\n<p>Er\u00e4s bratan pyyzi kone\u00e4lyy sellitt\u00e4m\u00e4h karjalan kielen astevaihteluu.<\/p>\n\n\n\n<p>Koneh\u00e4ly vastai: \u201dKarjalan kielen astevaihtelu on kielen opastuksen ilmenemismuodo, kuduas sanan merki\u010dys muuttuu toizekse astevaihtelun t\u00e4h. Ne\u010de tapahtuu, konzu muutetah sanoin vokaliloin piduhuttu. Esimerkikse sanas \u201dk\u00e4zi (lyhyt \u00e4-i\u00e4nneh) merki\u010dys on \u201dk\u00e4zi\u201d, gu sanas \u201dk\u00e4\u00e4zi\u201d (pitky \u00e4-i\u00e4nneh) merki\u010dys on \u201dmado\u201d. \u201d<\/p>\n\n\n\n<h5 class=\"wp-block-heading\">Suomen karjalazen sy\u00f6misperindehen omaluaduzii piirdehii<\/h5>\n\n\n\n<p>Kirjutannuh: Hannu Lappalainen<\/p>\n\n\n\n<p>Kolakat luonnonolot da syrj\u00e4ine paikku loitton suuris kesku\u010dois ollah muovailtu karjalastu sy\u00f6miskul\u2019tuurua kauti aijoin. Jago p\u00e4iv\u00e4nnouzu- da p\u00e4iv\u00e4nlaskupuolizeh sy\u00f6ndytalovusaloveheh rubei roimahes jo 1000-luvul, konzu p\u00e4ivanouzu- da paiv\u00e4nlaskupuolizet kirik\u00f6t erottih. Karjalazen sy\u00f6ndytalovusalovehen t\u00e4rgevim\u00e4t piirdehet ollah p\u00e4\u010din k\u00e4ytt\u00f6 einehenluadimizes, eriluaduzet piiruat da kurniekat, mieldymine muigieh maguh dai bohattu kaloin, kazvoksien dai enne kaikkie sienien-grivoin k\u00e4ytt\u00e4mine.<\/p>\n\n\n\n<p>Jago p\u00e4iv\u00e4nnouzu- da p\u00e4iv\u00e4nlaskupuolizeh sy\u00f6miskul\u2019tuurah s\u00e4ilyi misgi muvvos 1940-luvule suate. P\u00e4iv\u00e4nnouzupuolizel alovehel on Suomen rikkahin pastoskul\u2019tuuru; eriluaduzet rieskat, lugemattomat piiruat da \u0161ipainiekat, kurniekat, kukkozet da py\u00f6r\u00f6it sego muut pastokset ollah t\u00e4s parahannu tovestuksennu.<\/p>\n\n\n\n<p>P\u00e4iv\u00e4nlasku- da p\u00e4iv\u00e4nnouzupuolizen sy\u00f6miskul\u2019tuuran pi\u00e4lim\u00e4izet erot Suomes:<\/p>\n\n\n\n<p>P\u00e4iv\u00e4nlaskupuoline, keit\u00e4ndykuhn\u2019u:<\/p>\n\n\n\n<ul class=\"wp-block-list\">\n<li>ruo\u010d\u010dilaine vaikutus<\/li>\n\n\n\n<li>katolii\u010deskoi\/l\u2019uteranstvu (sy\u00f6ndypyhi\u00e4 ei aksentiiruittu)<\/li>\n\n\n\n<li>tulel keitt\u00e4mine\/hiiloksel pastamine<\/li>\n\n\n\n<li>suurpastamine (kova leiby)<\/li>\n\n\n\n<li>magei leiby<\/li>\n<\/ul>\n\n\n\n<p>P\u00e4iv\u00e4nnouzupuoline, p\u00e4\u010d\u010dikuhn\u2019u:<\/p>\n\n\n\n<ul class=\"wp-block-list\">\n<li>sluavilaine vaikutus<\/li>\n\n\n\n<li>pravoslaunoi (\u00e4ijy sy\u00f6ndypyhi\u00e4 vuvves)<\/li>\n\n\n\n<li>p\u00e4\u010din k\u00e4ytt\u00f6 sy\u00f6mizen luadimizes<\/li>\n\n\n\n<li>pastandu joga ned\u00e4lii (pehmei leiby, piiruat)<\/li>\n\n\n\n<li>muigei, rugehine leiby<\/li>\n\n\n\n<li>sienien-grivoin k\u00e4ytt\u00e4mine<\/li>\n<\/ul>\n\n\n\n<h5 class=\"wp-block-heading\">J\u00e4lgim\u00e4i<\/h5>\n\n\n\n<p>Livvinkarjalan paginkursan opastujien yhtenny kodiruavonnu oli sanella aijankohtazih dieloloih n\u00e4h somes. T\u00e4s <strong>Miikku H\u00e4kin<\/strong> postavus t\u00e4m\u00e4n ned\u00e4lin aijankohtazes tiemas:<\/p>\n\n\n\n<p>Suomen parluamentu j\u00e4lgim\u00e4i hyv\u00e4ksyi tranzakonan uvvistuksen i\u00e4nin 113-69. T\u00e4m\u00e4 oli pieni askel transrahvahan oigevuksien eist\u00e4mizeh edehp\u00e4i Suomes. Transaktivistat oldih ruattu transzakonan uvvistamizen edeh en\u00e4m kymmendy vuottu. Translapsii da -nuorii, muun- da intersugupuolizii ei otettuh huomavoh t\u00e4s uvvistukses. Ruaduo on vie \u00e4ijy iel! Toinah konzutah vie meil kaikil roitah Suomes yhtenverdazet i\u010denmi\u00e4ri\u00e4misoigevukset, ga se p\u00e4ivy ei ole vie t\u00e4n\u00e4p\u00e4i. V\u00e4gie kaikile transristikanzoile, kudamat puututtih kuundelemah suomelazien deputuatoin vihapaginua transzakonan ka\u010d\u010delendan aigua.<\/p>\n\n\n\n<figure class=\"wp-block-image size-medium\"><img loading=\"lazy\" decoding=\"async\" width=\"225\" height=\"300\" src=\"https:\/\/blogs.uef.fi\/karjalanelvytys\/wp-content\/uploads\/sites\/155\/2023\/10\/maura-225x300.jpg\" alt=\"Ihminen laskeutuu portaita; on ripustanut selk\u00e4\u00e4ns\u00e4 translipun\" class=\"wp-image-12688\" srcset=\"https:\/\/blogs.uef.fi\/karjalanelvytys\/wp-content\/uploads\/sites\/155\/2023\/10\/maura-225x300.jpg 225w, https:\/\/blogs.uef.fi\/karjalanelvytys\/wp-content\/uploads\/sites\/155\/2023\/10\/maura.jpg 768w\" sizes=\"auto, (max-width: 225px) 100vw, 225px\" \/><figcaption class=\"wp-element-caption\">Kuva: Miikku H\u00e4kki<\/figcaption><\/figure>\n\n\n\n<h4 class=\"wp-block-heading\">26.1.2023<\/h4>\n\n\n\n<h5 class=\"wp-block-heading\">Tulipa\u010d\u010dahat<\/h5>\n\n\n\n<p>Kuva: <strong>Sirpa M\u00e4nty<\/strong><\/p>\n\n\n\n<p>Teksti: <strong>Miikku H\u00e4kki<\/strong><\/p>\n\n\n\n<p>Pilkoin pihal halguo. Oli moine vilu, ga kai hengitys rubei minul menem\u00e4h h\u00f6yrykse. Huomain pimiel taivahal v\u00e4rikk\u00e4hii figuuroi. Kerras rubein tarkistamah, onh\u00e4i minul pi\u00e4hineh pi\u00e4s, send\u00e4h ku buabo konzutah pagizi, ku konzu net ollah taivahal, ei sua menn\u00e4 pihale ilmai pi\u00e4hinehty eigo ni viheldi\u00e4. Ozakse minul oligi treuhka pi\u00e4s.<\/p>\n\n\n\n<figure class=\"wp-block-image size-medium\"><img loading=\"lazy\" decoding=\"async\" width=\"300\" height=\"214\" src=\"https:\/\/blogs.uef.fi\/karjalanelvytys\/wp-content\/uploads\/sites\/155\/2023\/10\/revontulet_OopaSaniid_SirpaManty-768x547-1-300x214.jpg\" alt=\"Piirroskuva revontulista\" class=\"wp-image-12691\" srcset=\"https:\/\/blogs.uef.fi\/karjalanelvytys\/wp-content\/uploads\/sites\/155\/2023\/10\/revontulet_OopaSaniid_SirpaManty-768x547-1-300x214.jpg 300w, https:\/\/blogs.uef.fi\/karjalanelvytys\/wp-content\/uploads\/sites\/155\/2023\/10\/revontulet_OopaSaniid_SirpaManty-768x547-1.jpg 768w\" sizes=\"auto, (max-width: 300px) 100vw, 300px\" \/><\/figure>\n\n\n\n<h4 class=\"wp-block-heading\">24.1.2023<\/h4>\n\n\n\n<h5 class=\"wp-block-heading\">Kirjutannuh Hannu Lappalainen<\/h5>\n\n\n\n<p>Kuvas on ylen mistiekalline da azetunnuh tunnelmu. On y\u00f6, tuuldu ei ole, kai luonnon i\u00e4net kuulutah ylen hyvin; aigu on azettunuh. On elokuuhine, l\u00e4mmin da pimei ildu. Ka\u010d\u010delen pilvil\u00f6in v\u00e4lis taivahal lo\u0161kottajua kuudamua da hyr\u00e4ilen hil\u2019l\u2019azeh Claude Debussyn Kuudam-pajuo (Clair de lune), kudamua olen pajatannuh yksinpajourokal. Olen ozakas.<\/p>\n\n\n\n<figure class=\"wp-block-image size-medium\"><img loading=\"lazy\" decoding=\"async\" width=\"300\" height=\"253\" src=\"https:\/\/blogs.uef.fi\/karjalanelvytys\/wp-content\/uploads\/sites\/155\/2023\/10\/kuu_OopaSaniid_SirpaManty-768x647-1-300x253.jpg\" alt=\"Piirroskuva kapenevasta kuusta\" class=\"wp-image-12694\" srcset=\"https:\/\/blogs.uef.fi\/karjalanelvytys\/wp-content\/uploads\/sites\/155\/2023\/10\/kuu_OopaSaniid_SirpaManty-768x647-1-300x253.jpg 300w, https:\/\/blogs.uef.fi\/karjalanelvytys\/wp-content\/uploads\/sites\/155\/2023\/10\/kuu_OopaSaniid_SirpaManty-768x647-1.jpg 768w\" sizes=\"auto, (max-width: 300px) 100vw, 300px\" \/><figcaption class=\"wp-element-caption\">Kuva: Sirpa M\u00e4nty<\/figcaption><\/figure>\n\n\n\n<h5 class=\"wp-block-heading\">Avando<\/h5>\n\n\n\n<p>Kirjutannuh: Aira Sumiloff<\/p>\n\n\n\n<p>Ammui, konzu ristikanzoil ei olluh kois nimittustu pezokonehtu, sovat pestih kylys. Gu hy\u00f6 elettih joven libo j\u00e4rven l\u00e4h\u00e4l, sovat huuhteltih kezil da talvil jogilois libo j\u00e4rvil\u00f6is. Net viedih talvel veziregyzil sinne. Sit porattih ji\u00e4h avando, kudamas nenne sovat huuhteltih. On olluh ylen vilu k\u00e4zil, ei nyg\u00f6i voi ni ellendi\u00e4, mittuine jygei ruado se on inehmizil olluh. Mu\u017eikat ei tiett\u00e4v\u00e4ine sobii pesty eigo huuhteltu. Briha\u010dut k\u00e4ydih se\u017eo avandol, hy\u00f6 ongitettih hienuo kalua kurniekkah ni\u0161koi.<\/p>\n\n\n\n<p>Nyg\u00f6i er\u00e4h\u00e4t ristikanzat k\u00e4vv\u00e4h avandos uidamah. Sid\u00e4 en min\u00e4 ellend\u00e4 nivouse, gu en viluu vetty suvai\u010de. Olgah hos kui se hyv\u00e4 tervehy\u00f6le, ga min\u00e4 onnuako suazin syv\u00e4ininfarktan, hyp\u00e4nnen avandoh.<\/p>\n\n\n\n<figure class=\"wp-block-image size-medium\"><img loading=\"lazy\" decoding=\"async\" width=\"300\" height=\"192\" src=\"https:\/\/blogs.uef.fi\/karjalanelvytys\/wp-content\/uploads\/sites\/155\/2023\/10\/avanto_OopaSaniid_SirpaManty-768x491-1-300x192.jpg\" alt=\"Piirroskuva avannosta\" class=\"wp-image-12697\" srcset=\"https:\/\/blogs.uef.fi\/karjalanelvytys\/wp-content\/uploads\/sites\/155\/2023\/10\/avanto_OopaSaniid_SirpaManty-768x491-1-300x192.jpg 300w, https:\/\/blogs.uef.fi\/karjalanelvytys\/wp-content\/uploads\/sites\/155\/2023\/10\/avanto_OopaSaniid_SirpaManty-768x491-1.jpg 768w\" sizes=\"auto, (max-width: 300px) 100vw, 300px\" \/><figcaption class=\"wp-element-caption\">Kuva: Sirpa M\u00e4nty<\/figcaption><\/figure>\n\n\n\n<h5 class=\"wp-block-heading\">Vuvvenaijat<\/h5>\n\n\n\n<p>Kevi\u00e4l luondo hava\u010d\u010duu da aijoi algau sellitti\u00e4 i\u010d\u010die \u010domih kirkahih<br>v\u00e4ril\u00f6ih.<\/p>\n\n\n\n<p>Kez\u00e4l p\u00e4iv\u00e4zen sugahat da vihmusi\u00e4t v\u00e4ril\u00f6i muzavembikse dai<br>pehmiembikse luajitah.<\/p>\n\n\n\n<p>Sygyzy luonduo ruskiekse mujuttau. On aigu sellit\u00e4 kuldazen sygyzyn aigah.<\/p>\n\n\n\n<p>Talveh ni\u0161koi luondo jaksahes da vier\u00f6y muate lumikattien alle.<\/p>\n\n\n\n<h5 class=\"wp-block-heading\">Suari<\/h5>\n\n\n\n<p>Kirjutannuh: Sanna Myll\u00e4ri<\/p>\n\n\n\n<p>Konzu olin lapsi, minun perehel oli kodvazen aigua vahnu kalastajanveneh. Se oli pieni puuhine mouttoruveneh, kudai pidi kovua i\u00e4ndy, hos kulgigi hil\u2019l\u2019akkazin. Sil my\u00f6 tytyttelimm\u00f6 kez\u00e4l Saimual, toi\u010d\u010dinah h\u00e4tkemb\u00e4hgi. Saimual oli pikkaraine suari, kunne my\u00f6 puaksuh k\u00e4vyimm\u00f6. Se oli el\u00e4m\u00e4t\u00f6i, \u010doma peskurandaine suari, kudamah oli kebei ajua meij\u00e4n madalpohjazel venehel. Peskurannan rinnal kazvoi harvazeh ped\u00e4jii, niil\u00f6in uale oli hyv\u00e4 panna palatku.<\/p>\n\n\n\n<p>Sit suares tuli meij\u00e4n moine alalline huogavundukohtu, kudamas puaksuh olettelimmo monii p\u00e4ivii. Min\u00e4 uijin peskurannas da k\u00e4vyin \u0161eikuimah ka\u017el\u2019oin keskes da loitombannu olijoil kivil. Rannas vien rajas oli alalleh moine pehmei ka\u017el\u2019umatto, kuduan pi\u00e4l oli \u010doma k\u00e4vell\u00e4 pal\u2019l\u2019ahil varbahil. Azuimmo murginua hiiligrillil da pienel pohodukeittimel. Nikonzu eule murgin olluh moine hyv\u00e4, kui sie meij\u00e4n pienes suares! Toi\u010d\u010dinah veimm\u00f6 sinne gost\u2019iigi. Ga sit my\u00f6 muutimmo P\u00e4iv\u00e4nlasku-Suomeh da venehgi my\u00f6dih. Nyg\u00f6i en ole k\u00e4ynnyh minun armahas suares pi\u00e4l 30 vuodeh. Tahtozin vie pi\u00e4st\u00e4 uvvessah, sie oli ainos moine hyv\u00e4 da rauha\u017eu olla.<\/p>\n\n\n\n<figure class=\"wp-block-image size-medium\"><img loading=\"lazy\" decoding=\"async\" width=\"300\" height=\"164\" src=\"https:\/\/blogs.uef.fi\/karjalanelvytys\/wp-content\/uploads\/sites\/155\/2023\/10\/saari_OopaSaniid_SirpaManty-768x421-1-300x164.jpg\" alt=\"Piirroskuva saaresta\" class=\"wp-image-12700\" srcset=\"https:\/\/blogs.uef.fi\/karjalanelvytys\/wp-content\/uploads\/sites\/155\/2023\/10\/saari_OopaSaniid_SirpaManty-768x421-1-300x164.jpg 300w, https:\/\/blogs.uef.fi\/karjalanelvytys\/wp-content\/uploads\/sites\/155\/2023\/10\/saari_OopaSaniid_SirpaManty-768x421-1.jpg 768w\" sizes=\"auto, (max-width: 300px) 100vw, 300px\" \/><figcaption class=\"wp-element-caption\">Kuva: Sirpa M\u00e4nty<\/figcaption><\/figure>\n\n\n\n<h4 class=\"wp-block-heading\">23.1.2023<\/h4>\n\n\n\n<p><strong>Aira Sumiloff <\/strong>juohatti yhten luguzen suomekse, kudaman on sanelluh h\u00e4nelleh omahine <strong>Hermes Sumiloff<\/strong>. Ne\u010den luguzen nimi Airan mugah vois olla \u201dLa\u0161kan ristikanzan ned\u00e4li\u201d. T\u00e4s \u010d\u00f6kki\u00e4y silm\u00e4h se, gu joga ned\u00e4linp\u00e4ivy da sih liittyi verbi alletah yhtenjyttym\u00e4l kirjaimel. <strong>Natalia Giloeva <\/strong>on luadinuh luguzen karjalakse, da sitgi kirjaimet menn\u00e4h yhteh luaduh.<\/p>\n\n\n\n<p>Suomekse:<\/p>\n\n\n\n<p>Maanantaina ei malta, tiistaina ei tied\u00e4, mit\u00e4 tekee, keskiviikkona ei kehtaa, torstaina ei tohdi, perjantaina pelottaa, lauantaina laiskottaa ja pyh\u00e4p\u00e4iv\u00e4 ei ole kenenk\u00e4\u00e4n ty\u00f6p\u00e4iv\u00e4!<\/p>\n\n\n\n<p>Karjalakse:<\/p>\n\n\n\n<p>Ezm\u00e4ssargen en ehti, tossargen en tiij\u00e4, mid\u00e4 ruadua, kolmanpi\u00e4n en kehtua, nell\u00e4npi\u00e4n en navedi, pi\u00e4tteni\u010d\u010d\u00e4n p\u00f6ll\u00e4styn, suovattan siirr\u00e4ld\u00e4n, pyh\u00e4npi\u00e4n panen mattii oman la\u0161kuon t\u00e4h.<\/p>\n\n\n\n<h4 class=\"wp-block-heading\">19.1.2023<\/h4>\n\n\n\n<p>Kirjutannuh: Eila Markkinen<\/p>\n\n\n\n<p>Min\u00e4 ruan laukas kuuzi p\u00e4ivi\u00e4 ned\u00e4lis, mugah\u00e4i ned\u00e4linloput lyhy\u00f6kse ji\u00e4j\u00e4h. Konzu suovattan laukan veri\u00e4n salbuan, toi\u010di vie ji\u00e4n ombelemah klijentoin sobii, kudamii hy\u00f6 ollah tuodu kohendettavikse. Mugah\u00e4i mennyt suovattangi sobii kohendelemah j\u00e4in. T\u00e4m\u00e4n ruavon j\u00e4lgeh vie laukan ruokin dai einehlaukkah k\u00e4vyin mid\u00e4tahto sy\u00f6misty ostamah, sit kodih astuin. Konzu ruadop\u00e4ivy v\u00f6nyi pitk\u00e4kse, en jo \u00e4iji\u00e4 kois pertil\u00f6i ruokkinuh, vaiku v\u00e4h\u00e4zen kabrastin. Tiett\u00e4v\u00e4ine sobii pezin dai su\u00f6misty azuin. Ildazen j\u00e4lgeh v\u00e4h\u00e4zen huogavuin, sen j\u00e4lgeh kylyy kylbem\u00e4h k\u00e4vyin. Oi kui hyv\u00e4 oli kylyn laudazil huogavuo! Kyly armas ainos huogaittau kui rungua, mugai mieldygi. Kylyn kylvend\u00e4n j\u00e4lgeh divanal ka\u017ein kel istuin, kniigua opittelin lugie, ga puaksuzeh nukahtimmos. \u201dParembi viert\u00e4 muate\u201d, duumai\u010din da ka\u017einke muate vierimm\u00f6.<\/p>\n\n\n\n<p>Pyh\u00e4p\u00e4ivy rodih moine pilvine, tuuline da vihma\u017eu dai r\u00f6\u010d\u010d\u00e4igi \u00e4ij\u00e4l. Nengomal pahal si\u00e4l ei jo himoita k\u00e4vell\u00e4 pihal. \u201dNu enh\u00e4i zuaharii ole\u201d duumai\u010din da \u0161uoriin sobih, kudamat ollah parahat moizel si\u00e4l. Mugah\u00e4i pihale menin da l\u00e4s \u010duasun gul\u2019ai\u010din.<\/p>\n\n\n\n<p>Ildup\u00e4iv\u00e4l nuaburilinnah yst\u00e4v\u00e4n luokse gostih ma\u0161inal ajoin. Sie h\u00e4nen kel koufeidu joimmo, magiedu must\u2019oipiiruadu s\u00f6imm\u00f6 dai huondeksel azuttuu \u0161\u00edpainiekkua. Kai kuulumizet taraitimmo da \u00e4ij\u00e4n nagroimmo. Avoivoi, kui ravieh aigu gostis lendi, muga kui illa\u010d\u010dulois. Jo taki ildu rodih, konzu j\u00e4rilleh kodih tulin. Vie muate viertes duumai\u010din, mittuine hyv\u00e4 da muga\u017eu gostindu minule rodih. Moine ilo oli vastavuo yst\u00e4v\u00e4nke.<\/p>\n\n\n\n<h5 class=\"wp-block-heading\">Sevoittarekset vastavutah laukas da paistah talvi-ilmah n\u00e4h<\/h5>\n\n\n\n<p>Kirjutannuh: Eila Markkinen<\/p>\n\n\n\n<p><strong>Anni<\/strong>: Terveh, Leena.<\/p>\n\n\n\n<p><strong>Leena<\/strong>: Ga terveh. Ka\u010do vai mittuine si\u00e4 rodih! Jo taki lundu panou.<\/p>\n\n\n\n<p><strong>Anni<\/strong>: Muga, lumihauhtuo tulou kyll\u00e4l. Anna vai illakse korgiet kivokset roitah.<\/p>\n\n\n\n<p><strong>Leena<\/strong>: Lapset jo vuotetah, konzu pi\u00e4st\u00e4h \u010duruamah. V\u00e4h\u00e4 on lundu m\u00e4gil\u00f6is olluh.<\/p>\n\n\n\n<p><strong>Anni<\/strong>: Muga on. Min\u00e4 \u0161uvai\u010den suksittua. Vikse terv\u00e4h hiiht\u00e4m\u00e4h pi\u00e4zen, sid\u00e4 vuotan.<\/p>\n\n\n\n<p><strong>Leena<\/strong>: Se\u017eo min\u00e4gi. Minulgi himoruado on hiiht\u00e4mine.<\/p>\n\n\n\n<p><strong>Anni<\/strong>: Mennyt kuun allus, konzu lundu da pakkastugi vie oli, k\u00e4vyin l\u00e4s joga p\u00e4ivi\u00e4 suksittamah. Nu mibo rodih nyg\u00f6i. Si\u00e4 l\u00e4mbeni, \u00e4ij\u00e4l vihmui, roittihes moizet libiet dorogat.<\/p>\n\n\n\n<p><strong>Leena<\/strong>: Ga \u00e4l\u00e4 ni virka. Meij\u00e4ngi hierun dorogat oldih toi\u010di ylen libiet, varaittau astuogi. Paha oli ma\u0161inal ajua.<\/p>\n\n\n\n<p><strong>Anni<\/strong>: Dorogat ollah moizet libiet, kui j\u00e4rven ji\u00e4. Pid\u00e4y olla varovaine k\u00e4veltes, sit et livesty.<\/p>\n\n\n\n<p><strong>Leena<\/strong>: Muga. Mu\u017eikat puaksuh traktoral ajetah da ripoitetah \u010duuruu ji\u00e4hizile k\u00e4velytiel\u00f6ile da dorogoile.<\/p>\n\n\n\n<p><strong>Anni<\/strong>: Nyg\u00f6i roih hyv\u00e4, konzu lundu panou, sit dorogat ei en\u00e4mbi\u00e4 olla ji\u00e4hizet.<\/p>\n\n\n\n<p><strong>Leena<\/strong>: Se on hyv\u00e4 dielo. Si\u00e4ennustehesgi uskaldettih kogo ned\u00e4likse lundu.<\/p>\n\n\n\n<p><strong>Anni<\/strong>: Roinnougo vie lujua pakkastu t\u00e4n\u00e4 talven?<\/p>\n\n\n\n<p><strong>Leena<\/strong>: Sid\u00e4 emmo ni tiij\u00e4. N\u00e4ht\u00e4v\u00e4kse ji\u00e4y.<\/p>\n\n\n\n<p><strong>Anni<\/strong>: Vot kui muga\u017eu oli sinun kel paista, ga nyg\u00f6i pid\u00e4y k\u00e4vv\u00e4 mid\u00e4tahto sy\u00f6misty ostamah.<\/p>\n\n\n\n<p><strong>Leena<\/strong>: Mugah\u00e4i minulgi pid\u00e4y. Kaikkie hyvi\u00e4 sinulles. N\u00e4imm\u00f6kseh!<\/p>\n\n\n\n<p><strong>Anni<\/strong>: N\u00e4imm\u00f6kseh!<\/p>\n\n\n\n<h4 class=\"wp-block-heading\">18.1.2023<\/h4>\n\n\n\n<h5 class=\"wp-block-heading\">Kirjutannuh Hannu Lappalainen<\/h5>\n\n\n\n<p>Kuvat: Yngve Lostedt<\/p>\n\n\n\n<p>Pieten\u010d\u00e4n huondesp\u00e4iv\u00e4l olin ozanottajannu N\u00e4k\u00f6kulmia karjalaiseen kulttuuriin -kursan luvendol, kudual Pekka Hakamies pagizi Suomen Pohjas-Karjalan libo minun kodimuakunnan mieldykiinnittaj\u00e4s histouries. Ildup\u00e4iv\u00e4l ajoimmo gostih minun hyv\u00e4n yst\u00e4v\u00e4n Tapio M\u00e4kitalon fermale Viljolahten hieruh.<\/p>\n\n\n\n<figure class=\"wp-block-image size-medium\"><img loading=\"lazy\" decoding=\"async\" width=\"217\" height=\"300\" src=\"https:\/\/blogs.uef.fi\/karjalanelvytys\/wp-content\/uploads\/sites\/155\/2023\/10\/Screenshot_20230118-081909_Office-217x300.jpg\" alt=\"Mies istuu p\u00f6yd\u00e4n \u00e4\u00e4ress\u00e4 ja silitt\u00e4\u00e4 kissaa\" class=\"wp-image-12703\" srcset=\"https:\/\/blogs.uef.fi\/karjalanelvytys\/wp-content\/uploads\/sites\/155\/2023\/10\/Screenshot_20230118-081909_Office-217x300.jpg 217w, https:\/\/blogs.uef.fi\/karjalanelvytys\/wp-content\/uploads\/sites\/155\/2023\/10\/Screenshot_20230118-081909_Office.jpg 527w\" sizes=\"auto, (max-width: 217px) 100vw, 217px\" \/><\/figure>\n\n\n\n<p>Tapio on ruavos Valamoin manasteris Trapesa-restoranan johtajannu da on tovelline karjalaizien sy\u00f6mizien specialistu. H\u00e4nen tuatan sugu on roindua my\u00f6te Uomaan hierus Impilahten voulostisp\u00e4i. Tapio el\u00e4y omas lapsuskois Ville-ka\u017einke. H\u00e4nel on ylen hyv\u00e4 musta kyly, ga t\u00e4l kerdua k\u00e4vyimm\u00f6 pi\u00e4srojan saunah da ildazekse s\u00f6imm\u00f6 hirvenp\u00e4\u010d\u010dilihua p\u00e4\u010d\u010diouve\u0161\u0161iloinke.<\/p>\n\n\n\n<p>Suovattan k\u00e4velimm\u00f6 pihal, opastuimmo ruisleiv\u00e4n pastamistu da ildazel oli ned\u00e4linlopun pi\u00e4kohtu \u2013 karaoke- da tansi-ildu hierutaloil.<\/p>\n\n\n\n<figure class=\"wp-block-image size-medium\"><img loading=\"lazy\" decoding=\"async\" width=\"217\" height=\"300\" src=\"https:\/\/blogs.uef.fi\/karjalanelvytys\/wp-content\/uploads\/sites\/155\/2023\/10\/Screenshot_20230118-081920_Office-217x300.jpg\" alt=\"Mies laulaa karaokea juhlasalissa\" class=\"wp-image-12706\" srcset=\"https:\/\/blogs.uef.fi\/karjalanelvytys\/wp-content\/uploads\/sites\/155\/2023\/10\/Screenshot_20230118-081920_Office-217x300.jpg 217w, https:\/\/blogs.uef.fi\/karjalanelvytys\/wp-content\/uploads\/sites\/155\/2023\/10\/Screenshot_20230118-081920_Office.jpg 528w\" sizes=\"auto, (max-width: 217px) 100vw, 217px\" \/><\/figure>\n\n\n\n<p>Pyh\u00e4pi\u00e4n magaimmo my\u00f6h\u00e4ss\u00e4h da enne kodih l\u00e4htendi\u00e4 i\u017e\u00e4ndy pastoi vie \u010dupukkua da gostin\u010dakse kodih saimmo vie ouve\u0161\u0161ii omas ogrodasp\u00e4i dai gribua kylm\u00e4ttimesp\u00e4i.<\/p>\n\n\n\n<figure class=\"wp-block-image size-medium\"><img loading=\"lazy\" decoding=\"async\" width=\"227\" height=\"300\" src=\"https:\/\/blogs.uef.fi\/karjalanelvytys\/wp-content\/uploads\/sites\/155\/2023\/10\/Screenshot_20230118-082223_Outlook-1-227x300.jpg\" alt=\"Leivinuunissa l\u00e4mmitet\u00e4\u00e4n lettua paistinpannulla\" class=\"wp-image-12709\" srcset=\"https:\/\/blogs.uef.fi\/karjalanelvytys\/wp-content\/uploads\/sites\/155\/2023\/10\/Screenshot_20230118-082223_Outlook-1-227x300.jpg 227w, https:\/\/blogs.uef.fi\/karjalanelvytys\/wp-content\/uploads\/sites\/155\/2023\/10\/Screenshot_20230118-082223_Outlook-1.jpg 603w\" sizes=\"auto, (max-width: 227px) 100vw, 227px\" \/><\/figure>\n\n\n\n<h5 class=\"wp-block-heading\">Kirjutannuh: Miikku H\u00e4kki<\/h5>\n\n\n\n<p>Pi\u00e4ten\u010d\u00e4n k\u00e4vyin huondeksel ottamah uvven tatujirouhkan. Sit rodih ylen hyv\u00e4! Illal ruokiimmo mielespiett\u00e4v\u00e4n pertin, send\u00e4h ku olimmo sen dovari\u0161oinke \u010d\u00e4ll\u00e4nnyh. Suovattan k\u00e4vyimm\u00f6 mielespiett\u00e4v\u00e4nke Utransuareh pastamah halloumijuustuo da tofuo. Meil oli keral se\u017eo l\u00e4mmi\u00e4 kakavuo. Sit meile rodih vilu da l\u00e4htimm\u00f6 mielespiett\u00e4v\u00e4lly\u00f6. Illal vie planiirui\u010dimmo mielespiett\u00e4v\u00e4le uuttu tatuu. Pyh\u00e4npi\u00e4n s\u00f6imm\u00f6 vafl\u2019ua nutellanke da sit tulin j\u00e4rilleh omah kodih. Kois pezin sobii da kupetin ka\u017eiloi. Illal ka\u010doin vie sarjoi televiizoras.<\/p>\n\n\n\n<figure class=\"wp-block-image size-medium\"><img loading=\"lazy\" decoding=\"async\" width=\"169\" height=\"300\" src=\"https:\/\/blogs.uef.fi\/karjalanelvytys\/wp-content\/uploads\/sites\/155\/2023\/10\/nedalinloppu_MH-576x1024-1-169x300.jpg\" alt=\"Tulipaikalla grillataan kasvisvartaita ja juustoa\" class=\"wp-image-12712\" srcset=\"https:\/\/blogs.uef.fi\/karjalanelvytys\/wp-content\/uploads\/sites\/155\/2023\/10\/nedalinloppu_MH-576x1024-1-169x300.jpg 169w, https:\/\/blogs.uef.fi\/karjalanelvytys\/wp-content\/uploads\/sites\/155\/2023\/10\/nedalinloppu_MH-576x1024-1.jpg 576w\" sizes=\"auto, (max-width: 169px) 100vw, 169px\" \/><figcaption class=\"wp-element-caption\">Kuva: Miikku H\u00e4kki<\/figcaption><\/figure>\n\n\n\n<h4 class=\"wp-block-heading\">16.1.2023<\/h4>\n\n\n\n<h5 class=\"wp-block-heading\">Kirjutannuh: Aira Sumiloff<\/h5>\n\n\n\n<p>\u2013 Terveh, oligo libei astuo, gu meteoroulogat uskaldettih ylen libiedy kelii.<\/p>\n\n\n\n<p>\u2013 Terveh, terveh. Kai meni putilleh, libei oli, ga hyv\u00e4kse mielekse en langennuh, vai \u00e4ij\u00e4l pidi vardoijakseh, astuo varovazilleh.<\/p>\n\n\n\n<p>Nyg\u00f6i sanottih, gu tulou ylen vilu ilmu, kova pakkaine v\u00e4h\u00e4zekse aigua, ga tuliel ned\u00e4lil roih l\u00e4mmin ilmu, tuu\u010d\u010duau, lundugi panou, sen j\u00e4lles tulou r\u00f6\u010d\u010dy da vikse vihmugi.<\/p>\n\n\n\n<p>Minun mieles ilmaston muuttujes kai kirkiet muutokset roitahgi, da ei h\u00e4tkie yhtenjyttyine ilmu pyzy, vaihtelehes se kaiken aigua. Voimmo vai n\u00e4ht\u00e4, kui ielleh kai roihes. Nyg\u00f6i tulou uuttu sanuagi si\u00e4h n\u00e4h, egl\u00e4i sanottih, \u0161to on hyv\u00e4 energiisi\u00e4, gu tuulou.<\/p>\n\n\n\n<p>Muga, seh\u00e4i se onnuako on. Mennyt vuon oli vikse ylen \u00e4ijy lundu. Mustango oigieh?<\/p>\n\n\n\n<p>Oigieh Muaman pihal et tied\u00e4nyh, kunnebo kaiken lumen voitgi panna, gu ei voi linnan \u010durale ty\u00f6ndi\u00e4.<\/p>\n\n\n\n<p>A meil on hyv\u00e4, gu ei i\u010dele pie menn\u00e4 lumiloi suomimah, gu kerrostalois el\u00e4mm\u00f6.<\/p>\n\n\n\n<p>Suau n\u00e4ht\u00e4, \u00e4ij\u00e4ngo lundu vie panou, gu tuhukuugi on iesp\u00e4i. Tulis vai teri\u00e4mb\u00e4h kev\u00e4t da roittas sit l\u00e4mm\u00e4t ilmat, nyg\u00f6i pid\u00e4y \u00e4ij\u00e4l l\u00e4mmitti\u00e4gi da \u00e4ijy men\u00f6y dengua s\u00e4hk\u00f6h. A voi voi!<\/p>\n\n\n\n<p>Kev\u00e4tty sit vai vuotammo da kezi\u00e4gi, a sit joi p\u00e4iv\u00e4ine pastau da l\u00e4mmitt\u00e4y.<\/p>\n\n\n\n<h5 class=\"wp-block-heading\">Kirjutannuh: Miikku H\u00e4kki<\/h5>\n\n\n\n<p><strong>X<\/strong>: Ongo t\u00e4n\u00e4p\u00e4i ilmu vilustunnuh?<\/p>\n\n\n\n<p><strong>Y<\/strong>: Mugon! Huondeksel pakastih da oli kova pakkaine.<\/p>\n\n\n\n<p><strong>X<\/strong>: Toinah huomei roih l\u00e4mmembi.<\/p>\n\n\n\n<p><strong>Y<\/strong>: En vellin usko. Kogo tuliekse ned\u00e4lii uskaldetah lujua pakkastu.<\/p>\n\n\n\n<p><strong>X<\/strong>: Min\u00e4 tuaste duumai\u010din, ku olis vaigu vilu tuuli.<\/p>\n\n\n\n<p><strong>X<\/strong>: Pid\u00e4y sit panna pi\u00e4le en\u00e4mbi l\u00e4mmi\u00e4 sobua.<\/p>\n\n\n\n<p><strong>Y<\/strong>: Ga minul eule talvitakkii!<\/p>\n\n\n\n<p><strong>X<\/strong>: Minul on ylimi\u00e4r\u00e4hine. Voin andua sen sinulles!<\/p>\n\n\n\n<h5 class=\"wp-block-heading\">Kirjutannuh: Sanna Myll\u00e4ri<\/h5>\n\n\n\n<p>\u2013 Kuibos tuaste rodih nengoine si\u00e4? Ezm\u00e4i oli luja pakkaine, ga sit kerrasgi rodih ylen l\u00e4mmin.<\/p>\n\n\n\n<p>\u2013 \u00c4l\u00e4 ni virka, kummua sanot! \u0160lia\u010d\u010dysi\u00e4 tuli kerras.<\/p>\n\n\n\n<p>\u2013 Moine vilu rodih meile vahnas talois, konzu oli kova pakkaine da sit vie tuulistih, pideli alalleh vai p\u00e4\u010d\u010dii l\u00e4mmitti\u00e4.<\/p>\n\n\n\n<p>\u2013 No nyg\u00f6i ei vikse pie nenga \u00e4iji\u00e4 halguo kandua.<\/p>\n\n\n\n<p>\u2013 Ei pie, ga lundu suau olla suomimas kogo aijan.<\/p>\n\n\n\n<p>\u2013 Muga se vikse on, r\u00f6\u010d\u010di\u00e4 on tuaste uskaldettu.<\/p>\n\n\n\n<p>\u2013 Da r\u00f6\u010d\u010dylundu on vie ylen jygei suomie, ga ei voi ni suomimattah j\u00e4tti\u00e4.<\/p>\n\n\n\n<p>\u2013 Eibo voi, muite terv\u00e4h juututah ma\u0161inat da muut.<\/p>\n\n\n\n<h4 class=\"wp-block-heading\">24.11.2022<\/h4>\n\n\n\n<h5 class=\"wp-block-heading\">Timoi Munne: Olen paginkarjalaine!<\/h5>\n\n\n\n<p>Olen vuozii ka\u010delluh, kui nerorahvas opitah kehitti\u00e4 mittustugi karjalan kirjukieldy. Hyv\u00e4 dielo. Vikse kieli sit libuu parembakse, sen stuatussu da rahvahan kielenmalto kohetah. Ga hyv\u00e4 olis minulegi tiedi\u00e4, kuibo parem kirjuttua puhtaskielizeh tabah. Yhtell\u00e4h kuibos minun kieli enimite todevuu? Minun karjalankielistymine algoi 1990-luvul sid\u00e4 kuunneltes. Se on olluh er\u00e4hien minun dovari\u0161oin muamankieli. H\u00e4tken kuultuu da kielenke \u0161uutkumieles ki\u017eattuu, min\u00e4 hil\u2019l\u2019akkazin alloin k\u00e4ytti\u00e4 sid\u00e4 en\u00e4mbi vagavah luaduh paginkielenny. Kaikis t\u00e4rgevin aigu oli vuozinnu 2008-2009, konzu min\u00e4 rubein pagizemah karjalakse Santun da sit my\u00f6hemb\u00e4 toizien kielenmaltajienke. Nyg\u00f6zes elaijas min\u00e4 pagizen er\u00e4h\u00e4n \u010duasun joga p\u00e4ivi\u00e4 heittelem\u00e4tt\u00e4h. Min\u00e4 olen paginkarjalaine! Minun mieles minul on oigevus kirjuttua da paista karjalan kieldy pahoi. Minun kieli on varavonalaine v\u00e4hembist\u00f6kieli da sih ei voi rinnastua yhtenjyttyzii vuadimuksii, kui valdukieleh. Minul ei ole aigua vuottua mittuzengi kirjukielen valmistumistu. Eigo karjalan kieli ole minul nimittuine mustopa\u010das, kudamah min\u00e4 v\u00e4lt\u00e4m\u00e4tt\u00e4h tahton oman nimen send\u00e4h, ku olen moine hajukas da muga oigies. Min\u00e4 el\u00e4n nyg\u00f6i t\u00e4s kieliyhtehist\u00f6s t\u00e4l kielel. Min\u00e4 tiett\u00e4v\u00e4ine suvai\u010den ne\u010did\u00e4 kieldy, ga vie t\u00e4rgiembi on, gu min\u00e4 suvai\u010den t\u00e4l kielel.<\/p>\n\n\n\n<figure class=\"wp-block-image size-medium\"><img loading=\"lazy\" decoding=\"async\" width=\"300\" height=\"225\" src=\"https:\/\/blogs.uef.fi\/karjalanelvytys\/wp-content\/uploads\/sites\/155\/2023\/10\/Santtu-da-Timoi-768x576-1-300x225.jpg\" alt=\"Santtu Karhu ja Timoi Munne soittavat kitaroita; takana sein\u00e4, jolla paljon ikoneita\" class=\"wp-image-12715\" srcset=\"https:\/\/blogs.uef.fi\/karjalanelvytys\/wp-content\/uploads\/sites\/155\/2023\/10\/Santtu-da-Timoi-768x576-1-300x225.jpg 300w, https:\/\/blogs.uef.fi\/karjalanelvytys\/wp-content\/uploads\/sites\/155\/2023\/10\/Santtu-da-Timoi-768x576-1.jpg 768w\" sizes=\"auto, (max-width: 300px) 100vw, 300px\" \/><figcaption class=\"wp-element-caption\">Kuvassa: Santtu Karhu ja Timoi Munne<\/figcaption><\/figure>\n\n\n\n<h4 class=\"wp-block-heading\">1.9.2022<\/h4>\n\n\n\n<h5 class=\"wp-block-heading\">Eila Markkinen: Min\u00e4go karjalaine -kursu<\/h5>\n\n\n\n<p>26.\u201328.8.2022 Valamoin rahvanopistos piettih kursu nimel \u201dMin\u00e4go karjalaine\u201d. Hyv\u00e4\u010d\u010d\u00e4ine joukko rahvastu Suomen eri \u010durilp\u00e4i ker\u00e4vyi ned\u00e4linlopukse pagizemah nygyaijan karjala\u017euos, mid\u00e4 karjala\u017eus t\u00e4n\u00e4p\u00e4i merki\u010d\u010d\u00f6y, kui my\u00f6 panemmo oman vuitin, ruammo karjalan kielen dai kul&#8217;tuuran edeh.<\/p>\n\n\n\n<p>Yhtehizis paginois nostih n\u00e4g\u00f6vih lapset da nuori\u017eo, tulii aigu. Kuibo suaha heij\u00e4t viriem\u00e4h karjalan kieleh da karjalazeh kul&#8217;tuurah. Pyh\u00e4npi\u00e4n saimmogi kuulta kahtu nuordu, kudamat kuulutah &#8221;Karjalazet Nuoret Suomes&#8221; ry:n joukkoh. <strong>Niko Tynnyrinen <\/strong>da <strong>Miikku H\u00e4kki <\/strong>kerrottih, kui yhtistyksen tavoittehennu on puolistua karjalazien oigevuttu omah kieleh da kul&#8217;tuurah, kehitti\u00e4 da suaha tundietukse karjalan kieldy da karjalastu kul&#8217;tuurua, kannattua karjalazien nuorien kielellisty da kul&#8217;tuurallistu identitiettua dai karjalan kielen elvyt\u00e4ndyruaduo sego eisti\u00e4 edehp\u00e4i kielellisty yhtenverda\u017euttu Suomes. Niko da Miikku saneltih, kui yhtistys j\u00e4rjesty\u00e4 monenluadustu kul&#8217;tuurutoimindua nuorih ni\u0161koi, ottau ozua yhteiskunnallizeh paginah, luadiu tiijoitusruaduo da ruadau yhtes toizien, yhtistyksen omih tavoittehih p\u00e4tt\u00e4vien yhtistyksien da ristikanzoin kel.<\/p>\n\n\n\n<figure class=\"wp-block-image size-medium\"><img loading=\"lazy\" decoding=\"async\" width=\"224\" height=\"300\" src=\"https:\/\/blogs.uef.fi\/karjalanelvytys\/wp-content\/uploads\/sites\/155\/2023\/10\/received_759551458637264-766x1024-1-224x300.jpeg\" alt=\"Maura H\u00e4kki ja Milla Tynnyrinen pit\u00e4m\u00e4ss\u00e4 luentoa Valamon opistossa lavalla\" class=\"wp-image-12718\" srcset=\"https:\/\/blogs.uef.fi\/karjalanelvytys\/wp-content\/uploads\/sites\/155\/2023\/10\/received_759551458637264-766x1024-1-224x300.jpeg 224w, https:\/\/blogs.uef.fi\/karjalanelvytys\/wp-content\/uploads\/sites\/155\/2023\/10\/received_759551458637264-766x1024-1.jpeg 766w\" sizes=\"auto, (max-width: 224px) 100vw, 224px\" \/><figcaption class=\"wp-element-caption\">Kuva: Eila Markkinen<\/figcaption><\/figure>\n\n\n\n<p>Kul&#8217;tuurua, omua neruo meile kursalazile ozutettih <strong>Timoi Munne<\/strong>, <strong>Sanna Riissanen<\/strong> dai <strong>Loimolan Voima<\/strong>. Saimmo n\u00e4ht\u00e4 enzim\u00e4zen ammatillizeh luaduh Suomes luajitun teatrumonolougan \u201cUnis da mierol\u201d, mi on karjalazen brihan kazvandukerdomus kuduas ka\u010dotah karjalazien ozua pienen briha\u010dun n\u00e4g\u00f6kohtasp\u00e4i. Monolougu pohjavuu histouriellizih tozidieloloih talvivoinan algajes vuvvennu 1939. Ylen \u00e4ij\u00e4l t\u00e4m\u00e4 monolougu k\u00e4vyi tundoloih, kyyn\u00e4let silmih nostih. Timoi Munne ammatillizeh luaduh on luadinnuh monolougan . H\u00e4nen oman i\u010den ollah kui k\u00e4zikirjutus, tuotando mugai ozutusgi.<\/p>\n\n\n\n<p>Soprano Sanna Riissanen kerdoi omas karjala\u017euos dai pajatti. Mieleh oli kuulta pajot, kudamis kuului karjalazii runoloi: <strong>Zinaida Dubininan<\/strong> \u201cKevi\u00e4n i\u00e4ni\u201d, <strong>Klavdija Vinogradovan<\/strong> \u201cTule uni uionottamah\u201d, <strong>Tyyne Rugojevan<\/strong> \u201cMieleh on ji\u00e4nyn\u201d dai <strong>Miikul Pahomovan<\/strong> \u201cMustad puud\u201d. N\u00e4mm\u00e4 runot ollah nerokkahasti s\u00e4veldetty i\u0161kusoittimile.<\/p>\n\n\n\n<p>Loimolan Voiman muzikantat, \u0160ua\u010din vellekset <strong>Levoin Mi\u0161a<\/strong> da <strong>Levoin Miikkula<\/strong> saneltih luvendol omas ruavos karjalan kielen dai kul`tuuran edeh. Saimmo kuulta, kui Loimolan Voima, karjalankieline lofi-folk-yhtyveh on rodivunnuh. Velleksien tavottehennu on luadie varavonalastu karjalan kieldy n\u00e4gyj\u00e4kse muuzikan kauti. Mi\u0161a s\u00e4veld\u00e4y da Miikkula kirjuttau tekstat suorah karjalakse. My\u00f6 vie saimmo kuunnella Loimolan Voimua heij\u00e4n konsertas. Vellekset soitettih da pajatettih pajoloi heij\u00e4n uvvel \u201cMi on praudua\u201d -diskalp\u00e4i da se\u017eo er\u00e4hii \u201cRuttomu\u017eikan kyyn\u00e4l\u201d albomasp\u00e4i. Vot oli hyv\u00e4 da vessel konserta n\u00e4ht\u00e4 da kuulta. Vie muate viertes pajot pi\u00e4nahkas helistih.<\/p>\n\n\n\n<figure class=\"wp-block-image size-medium\"><img loading=\"lazy\" decoding=\"async\" width=\"224\" height=\"300\" src=\"https:\/\/blogs.uef.fi\/karjalanelvytys\/wp-content\/uploads\/sites\/155\/2023\/10\/received_3258445061095986-1-766x1024-1-224x300.jpeg\" alt=\"Loimolan Voima esiintym\u00e4ss\u00e4 Valamon opistossa\" class=\"wp-image-12721\" srcset=\"https:\/\/blogs.uef.fi\/karjalanelvytys\/wp-content\/uploads\/sites\/155\/2023\/10\/received_3258445061095986-1-766x1024-1-224x300.jpeg 224w, https:\/\/blogs.uef.fi\/karjalanelvytys\/wp-content\/uploads\/sites\/155\/2023\/10\/received_3258445061095986-1-766x1024-1.jpeg 766w\" sizes=\"auto, (max-width: 224px) 100vw, 224px\" \/><figcaption class=\"wp-element-caption\">Kuva: Eila Markkinen<\/figcaption><\/figure>\n\n\n\n<h4 class=\"wp-block-heading\">16.8.2022<\/h4>\n\n\n\n<h5 class=\"wp-block-heading\">Kielenk\u00e4ytt\u00f6tilandehet -hairiehved\u00e4i tutkimus: \u0161uutkakse, ilokse dai tiijokse<\/h5>\n\n\n\n<p>Kirjutannuh: <strong>Timoi Munne<\/strong>, rinnal nagranuh: <strong>Sanna Myll\u00e4ri<\/strong>, loito\u010di ka\u010d\u010donuh: <strong>Natalia Giloeva <\/strong>(Hiloin Natoi)<\/p>\n\n\n\n<p>Pagizuttelu Hoilolas libo kus 14.8.2022<\/p>\n\n\n\n<p><strong>Pagizuttelii<\/strong>:<\/p>\n\n\n\n<p>Mittuzii kielenk\u00e4ytt\u00f6tilandehii teil on?<\/p>\n\n\n\n<p><strong>Pagizuteltavat<\/strong>:<\/p>\n\n\n\n<p>Meij\u00e4n kielenk\u00e4ytt\u00f6tilandehet liityt\u00e4h ainos vaiku puaruv\u00e4lih.<\/p>\n\n\n\n<p><strong>Pagizuttelii<\/strong>:<\/p>\n\n\n\n<p>Ahah. Ty\u00f6 k\u00e4yt\u00e4tt\u00f6 kieldy vaiku kahtei? Eigo monikieli\u017eys ole juohtunuh mieleh?<\/p>\n\n\n\n<p><strong>Pagizuteltavat<\/strong>:<\/p>\n\n\n\n<p>Eigo ole huigei! Emmo ole duumainuh, gu monikieli\u017eys olis tarbeheh. Ne\u010de dielo on kahten piett\u00e4v\u00e4nny moine magei!<\/p>\n\n\n\n<p><strong>Pagizuttelii<\/strong>:<\/p>\n\n\n\n<p>\u00d6h. Kusbo ty\u00f6 sit k\u00e4yt\u00e4tt\u00f6 kieldy da mittuizis tilandehis?<\/p>\n\n\n\n<p><strong>Pagizuteltavat<\/strong>:<\/p>\n\n\n\n<p>Vaiku kois da enimy\u00f6lleh magavopertis da magavosijas.<\/p>\n\n\n\n<p><strong>Pagizuttelii<\/strong>:<\/p>\n\n\n\n<p>Vuottakkua nyg\u00f6i\u2026<\/p>\n\n\n\n<p><strong>Pagizuteltavat<\/strong>:<\/p>\n\n\n\n<p>Parahat kielenk\u00e4ytt\u00f6tilandehet ollah huondeksel, konzu olemmo mollembat muattu putilleh. Enzim\u00e4i pid\u00e4y tiett\u00e4v\u00e4ine k\u00e4vv\u00e4 pezol. Toi\u010d\u010dinah olemmo opitelluh kielil p\u00e4iv\u00e4lgi, ga silloi enimy\u00f6lleh suures hi\u00e4s.<\/p>\n\n\n\n<p><strong>Pagizuttelii<\/strong>:<\/p>\n\n\n\n<p>Mittumasbo kumman hi\u00e4s?<\/p>\n\n\n\n<p><strong>Pagizuteltavat<\/strong>:<\/p>\n\n\n\n<p>Ka\u010dos, gu olemmo vaste vai alganuh n\u00e4m\u00e4 hommat. Terv\u00e4h voibi tulla moine h\u00e4d\u00e4. Tuo ukko-ra\u0161ku muitegi suvai\u010d\u010dou sid\u00e4 p\u00e4iv\u00e4l, gu h\u00e4i tahtou n\u00e4ht\u00e4 kai hyvin. Pid\u00e4y olla hyv\u00e4t tulet. H\u00e4i ka\u010dos on nengoine ylen vizualine ristikanzu.<\/p>\n\n\n\n<p><strong>Pagizuttelii<\/strong>:<\/p>\n\n\n\n<p>N\u00e4ht\u00e4 kielitilandehen?<\/p>\n\n\n\n<p><strong>Pagizuteltavat<\/strong>:<\/p>\n\n\n\n<p>Eibo vai yhty sid\u00e4, ga kogo kogona\u017euon, rungan da kai mieldykiinnitt\u00e4j\u00e4t kohtat.<\/p>\n\n\n\n<p><strong>Pagizuttelii<\/strong>:<\/p>\n\n\n\n<p>Nyg\u00f6i vikse en ihan ellend\u00e4. Ty\u00f6 pagizitto, gu oletto vaste vai zavedinnuh.<\/p>\n\n\n\n<p><strong>Pagizutetltavat<\/strong>:<\/p>\n\n\n\n<p>Muga. Meil on t\u00e4s perehdysjakso menem\u00e4s. Perehty ei vie ole, ga jaksavumine k\u00e4vyy ylen ravieh. Toinah sid\u00e4 perehtygi algau suittumah, gu vai harjaitammo ne\u010did\u00e4 puaksuh da putilleh. Tiett\u00e4v\u00e4ine sih ei vaiku kielihommat t\u00e4vvy. Pid\u00e4y olla toizetgi brujat k\u00e4yt\u00f6s. My\u00f6 tahtommo, gu t\u00e4m\u00e4 opittelu olis ylen \u00e4ij\u00e4nluaduine da mollembat suazimmo hyv\u00e4n mielen.<\/p>\n\n\n\n<p><strong>Pagizuttelii<\/strong>:<\/p>\n\n\n\n<p>Olettogo ty\u00f6 k\u00e4ynnyh milgi kursal n\u00e4mii opastumah da toinah teil on k\u00e4yt\u00f6s mittuinegi kielioppi?<\/p>\n\n\n\n<p><strong>Pagizuteltavat<\/strong>:<\/p>\n\n\n\n<p>Ihan kahtei olemmo opastunnuh da taki meil on kielioppigi, se ilmanig\u00e4ine: oma himo ved\u00e4y. Sih tabah olemmo suannuh kielioppii. Nyg\u00f6i rubiemmo kehitt\u00e4m\u00e4h omua kielineruo da lugemah sih ni\u0161koi kielikontaktututkimustu.<\/p>\n\n\n\n<p><strong>Pagizuttelii<\/strong>:<\/p>\n\n\n\n<p>Kuibo sit yliopisto? Onh\u00e4i sie se elvytysprojektu.<\/p>\n\n\n\n<p><strong>Pagizuteltavat<\/strong>:<\/p>\n\n\n\n<p>Emmo ole ni tied\u00e4nyh, gu sie voinnus opastuo n\u00e4mmih dieloloih. No emmoh\u00e4i my\u00f6 nenga v\u00e4zyksih livuttele, gu pid\u00e4s ihan tovessah elvytti\u00e4, hos akku-ra\u0161ku toi\u010dinah ohkau ylen syv\u00e4h. Olisgo vie mid\u00e4gi kyzytt\u00e4vi\u00e4?<\/p>\n\n\n\n<p><strong>Pagizuttelii<\/strong>:<\/p>\n\n\n\n<p>\u00d6\u00f6, eibo ole.<\/p>\n\n\n\n<h4 class=\"wp-block-heading\">17.6.2022<\/h4>\n\n\n\n<h5 class=\"wp-block-heading\">Opastusvideot karjalakse: ka\u010doin \u00e4ij\u00e4n kerdua<\/h5>\n\n\n\n<p>Karjalankielizet paginvideot jullattih oraskuul. Kogona\u017eus avuau hyvin eriluaduzii n\u00e4g\u00f6kohtii kieleh da suau duumaimah kielen tilua holisti\u010dnoilleh.<\/p>\n\n\n\n<p>Livvinkarjalastu paginvidedu on viizitostu da niil\u00f6is pagizijua on kaikkiedah kaheksa lapset ker\u00e4le \u010dotaijen. Kai aiguhizet pagizijat ollah kielenaktivistat. Yksi videovuitti kest\u00e4y l\u00e4s viitty minuttua. Kuvuamine da i\u00e4nentoistamine on ammatillizesti luajittu.<\/p>\n\n\n\n<p>Videosarjan allus tuvvah ezile sid\u00e4 tunnehtakkua, kudai on siirdynyh evakkoloin lapsile da kudamua hy\u00f6 vie nyg\u00f6igi kannetah. Klipas on hyvin ozutettu net kielellizet toizenluadu\u017euon kogemukset, kudamat omas puoles suadih karjalazet vaikastumah Suomes da monis tapahtuksis heitt\u00e4m\u00e4h kielen. Ven\u2019an puolel histourii on olluh eriluaduine, ga siegi karjalan kielizien oza oli jygei. Mollembii, kui Suomen muga i Ven&#8217;an karjalazii, on yhtist\u00e4nnyh se ig\u00e4vy toziazii, \u0161to kieldy paistih, ga sid\u00e4 ei opastettu kirjuttamah. Nyg\u00f6i mollembis mualois ruatah ruaduo kielen hyv\u00e4kse.<\/p>\n\n\n\n<p>Karjalankielizet uudizet, kudamih n\u00e4h se\u017eo luajittih video, on yksi t\u00e4rgei suavutus kielen elvytykses. Uudizii on kuultu Ylel jo sei\u010d\u010die vuottu, ga sanozin i\u010de vaiku sei\u010d\u010die vuottu. Uudizet ollah t\u00e4rgei karjalankielizile, ga my\u00f6s net ollah n\u00e4ytehikkun karjalankieles suomelazile kuundelijoile. Oli ylen ker\u00e4letembuaju dielo n\u00e4ht\u00e4, kui uudizet roitah da Hiloin Natoi on lugemas niidy! Kui kehityt\u00e4h kai muut kielet, mugai se\u017eo karjalagi kehittyy, nygyaigastu karjalankieldy luajitahgi ylen \u00e4ijy ihan uudizii azujes.<\/p>\n\n\n\n<p>I\u010de pien juumorua eloit\u00e4rgienny vuitinnu karjala\u017euttu. Juumoru avvuttau ristikanzua kest\u00e4m\u00e4h da se se\u017eo yhtist\u00e4y rahvastu. Yhtes videovuitis ka\u010dotah hairiehved\u00e4jii sanoi da sit suau jogahine nagrua kyll\u00e4l. My\u00f6s yhtes olemizen t\u00e4rgevys n\u00e4gyy kaikis n\u00e4mmis starinois.<\/p>\n\n\n\n<p>Videot ollah kuvattu Jovensuus, kus opastetah karjalan kieleh yliopistos da karjalua voit v\u00e4h\u00e4zen kuultagi. Yksi videovuitti kuvattih Savonlinnas, kus kaksi karjalastu l\u00f6ydi toine toizes paginkanzan.<\/p>\n\n\n\n<p>Yhtes videovuitis pi\u00e4zemm\u00f6 Tuuksele, ihan Anuksen Karjalah, kus karjalan kielen kehitt\u00e4i Hiloin Natoi on roinnuhes. Natoi kerdou omas matkas kielen elvytt\u00e4j\u00e4kse, buabas, kudai h\u00e4nel andoi armahan karjalan kielen. H\u00e4i opastui karjalan kieleh Petroskoin valdivonyliopistos, kus h\u00e4i my\u00f6hemb\u00e4 se\u017eo ruadoi kielen opastajannu. Natoi ku\u010d\u010duu, kui \u00e4ij\u00e4t muutgi, omassah opastajua L&#8217;udmila Markianovua karjalan kielen muamakse, h\u00e4ih\u00e4i oli normiiruinnuh livvinkarjalan kielimuvvon. Nyg\u00f6i Natoi on ki\u00e4nd\u00e4i da opastai P\u00e4iv\u00e4nnouzu-Suomen yliopistos. Karjalan opastundu tuli ozakse avvonazen yliopiston tari\u010dustu da opastundas rodih mahtoline dielo loito\u010digi. Natoi iloi\u010deh, gu t\u00e4n\u00e4 vuon livvinkarjalan peruskursal oli rekordumi\u00e4ry opastujua, ker\u00e4l oliv se\u017eo \u00e4ijy nuordu.<\/p>\n\n\n\n<p>Lapsis da lastenkazvatukses on \u00e4ijy videovuittii, rippuuh\u00e4i kielensiirdymine j\u00e4lgim\u00e4i sit, omaksutahgo uvvet sugupolvet karjalan kielen da ruvetahgo k\u00e4ytt\u00e4m\u00e4h sid\u00e4.<\/p>\n\n\n\n<p>Olen ka\u010d\u010donuh n\u00e4mm\u00e4 videot, kudamis paistah livvinkarjalakse mondu kerdua, gu kieldy on mieleh kuunnella, da kuundelen vie en\u00e4mb\u00e4zengi kerdua.<\/p>\n\n\n\n<p>Videoloin ka\u010dondan j\u00e4lgeh nouzou joga kerdua ylen t\u00e4rgei kyzymys: a kui da mid\u00e4 min\u00e4 i\u010de voizin ruadua en\u00e4mb\u00e4n karjalan kielen hyv\u00e4kse?<\/p>\n\n\n\n<h4 class=\"wp-block-heading\">25.5.2022<\/h4>\n\n\n\n<h5 class=\"wp-block-heading\">Laukkusanastuo livvinkarjalakse<\/h5>\n\n\n\n<p>Ker\u00e4nnyh da luadinuh: <strong>Eila Markkinen<\/strong><\/p>\n\n\n\n<p>Laukan pid\u00e4i ylen hyvin tied\u00e4y, mittumua sanastuo laukas k\u00e4ytet\u00e4h. Konzu laukan pid\u00e4i maltau karjalakse, h\u00e4nel on mahto ker\u00e4t\u00e4 dai luadie laukkusanastuo da nenga sit kehitti\u00e4 nyg\u00f6sty karjalan kieldy.<\/p>\n\n\n\n<p>Ka\u010do ne\u010did\u00e4 sanastuo da sano omii mielii da ehoituksii:<\/p>\n\n\n\n<p>logo \u2013 logo<\/p>\n\n\n\n<p>kupsu, kaupi\u010d\u010dii \u2013 kauppias<\/p>\n\n\n\n<p>my\u00f6jy \u2013 myyj\u00e4<\/p>\n\n\n\n<p>klijentu \u2013 asiakas<\/p>\n\n\n\n<p>myvv\u00e4 \u2013 myyd\u00e4<\/p>\n\n\n\n<p>tarita \u2013 tarjota<\/p>\n\n\n\n<p>ostua \u2013 ostaa<\/p>\n\n\n\n<p>kassu \u2013 kassa<\/p>\n\n\n\n<p>kassukoneh \u2013 kassakone<\/p>\n\n\n\n<p>maksopi\u00e4teh \u2013 maksup\u00e4\u00e4te<\/p>\n\n\n\n<p>kvitansii, \u010diekku \u2013 kuitti<\/p>\n\n\n\n<p>bankukarti \u2013 pankkikortti<\/p>\n\n\n\n<p>k\u00e4zidengu \u2013 k\u00e4siraha, k\u00e4teinen<\/p>\n\n\n\n<p>maksua k\u00e4zidengal \u2013 maksaa k\u00e4teisell\u00e4<\/p>\n\n\n\n<p>maksua bankukartil \u2013 maksaa pankkikortilla<\/p>\n\n\n\n<p>plastiekkupakiettu \u2013 muovikassi<\/p>\n\n\n\n<p>bumuagupakiettu \u2013 paperikassi<\/p>\n\n\n\n<p>rekluamu \u2013 mainos<\/p>\n\n\n\n<p>reklamiirui\u010dendu \u2013mainonta<\/p>\n\n\n\n<p>reklamiiruija \u2013 mainostaa<\/p>\n\n\n\n<p>rekluamukampuanii \u2013 mainoskampanja<\/p>\n\n\n\n<p>rekluamutekstu \u2013 mainosteksti<\/p>\n\n\n\n<p>reklamacii \u2013 reklamaatio (valitus, korvausvaatimus)<\/p>\n\n\n\n<p>luadie reklamacii \u2013 tehd\u00e4 reklamaatio<\/p>\n\n\n\n<p>hindu \u2013 hinta<\/p>\n\n\n\n<p>hindulippuine \u2013 hintalappu<\/p>\n\n\n\n<p>hinnasto\/hindulistu \u2013 hinnasto<\/p>\n\n\n\n<p>hinnottelendu \u2013 hinnoittelu<\/p>\n\n\n\n<p>hinnoittua\/andua hindu\/panna hindu \u2013 hinnoittaa<\/p>\n\n\n\n<p>hindutazo \u2013 hintataso<\/p>\n\n\n\n<p>hinnan nostandu \u2013 hinnan korotus<\/p>\n\n\n\n<p>hinnantied\u00e4i \u2013 hintatietoinen<\/p>\n\n\n\n<p>tari\u010dushindu \u2013 tarjoushinta<\/p>\n\n\n\n<p>tari\u010dendu\/tari\u010dus \u2013 tarjous, tarjonta<\/p>\n\n\n\n<p>tari\u010duskilbu \u2013tarjouskilpailu<\/p>\n\n\n\n<p>tavarantuoju \u2013 tavarantoimittaja<\/p>\n\n\n\n<p>my\u00f6ndy \u2013 myynti<\/p>\n\n\n\n<p>tukulmy\u00f6jy\/tukullehmy\u00f6jy \u2013 tukkumyyj\u00e4<\/p>\n\n\n\n<p>tavaran my\u00f6ndy \u2013menekki<\/p>\n\n\n\n<p>tavaran my\u00f6nd\u00e4n kazvandu \u2013 menekin kasvu<\/p>\n\n\n\n<p>my\u00f6ndyvoitto\/dohodu \u2013 myyntivoitto<\/p>\n\n\n\n<p>my\u00f6ndyh\u00e4viv\u00f6\/my\u00f6ndymenetys \u2013 myyntitappio<\/p>\n\n\n\n<p>moudu \u2013 muoti<\/p>\n\n\n\n<p>mallivalli\u010dendu \u2013 mallivalikoima<\/p>\n\n\n\n<p>soba, sovat \u2013vaate,vaatteet<\/p>\n\n\n\n<p>ruuttu, ruutat \u2013 (juhla)vaate, -vaatteet<\/p>\n\n\n\n<p>sobaripustin, vie\u0161alku \u2013 henkari<\/p>\n\n\n\n<p>sellitti\u00e4 \u2013 pukea<\/p>\n\n\n\n<p>sellit\u00e4, \u0161uorita \u2013 pukeutua<\/p>\n\n\n\n<p>mi\u00e4r\u00e4v\u00f6kabinku \u2013 sovituskoppi \/-huone<\/p>\n\n\n\n<p>mi\u00e4r\u00e4t\u00e4, sovittua \u2013 sovittaa<\/p>\n\n\n\n<p>n\u00e4ytehikkun \u2013 n\u00e4yteikkuna<\/p>\n\n\n\n<p>mallitytti \u2013 mallinukke<\/p>\n\n\n\n<p>mi\u00e4r\u00e4v\u00f6tytti \u2013 sovitusnukke\/torso<\/p>\n\n\n\n<p>\u010domendua \u2013 somistaa<\/p>\n\n\n\n<p>h\u00f6yrytti\u00e4 \u2013 h\u00f6yrytt\u00e4\u00e4<\/p>\n\n\n\n<p>h\u00f6yrytin \u2013 h\u00f6yrytin<\/p>\n\n\n\n<p>ut&#8217;uu\u017eie \u2013 silitt\u00e4\u00e4<\/p>\n\n\n\n<p>ut&#8217;ugu \u2013 silitysrauta<\/p>\n\n\n\n<p>kohendusombelendu \u2013 korjausompelu<\/p>\n\n\n\n<p>ommella \u2013 ommella (koneella)<\/p>\n\n\n\n<p>puuttua \u2013 ommella (k\u00e4sin)<\/p>\n\n\n\n<h2 class=\"wp-block-heading\">24.5.2022<\/h2>\n\n\n\n<h5 class=\"wp-block-heading\">Briha ostoksil mu\u017eikoin sobalaukas<\/h5>\n\n\n\n<p>Kirjutannuh: Eila Markkinen<\/p>\n\n\n\n<p>Briha k\u00e4vel\u00f6y suures ostoskeskukses da duumai\u010d\u010dou, kus olis l\u00f6ydi\u00e4 moine hyv\u00e4 dai movvakas laukku, kudamas myvv\u00e4h mu\u017eikoin sobii. Mones laukas siiri\u010di h\u00e4i jo on astunuh, ga nyg\u00f6i seizattuu ka\u010d\u010delemah yhty n\u00e4ytehikkunua, kus kokotetah \u010domih, movvakkahih dai v\u00e4rikk\u00e4hih kez\u00e4sobih sellitetyt mallitytit. Kodvazen briha niil\u00f6i ihailou, da duumai\u010d\u010dou: k\u00e4v\u00e4ht\u00e4mm\u00f6s laukkah.<\/p>\n\n\n\n<p>Sie h\u00e4i suau n\u00e4ht\u00e4 monenluadustu \u010domua miehien sobua, kudamat vie\u0161alkois riputah. My\u00f6jy huomuau, ku brihua interesuijah kaprit da sit h\u00e4i men\u00f6ygi brihua palvelemah.<\/p>\n\n\n\n<p><strong>My\u00f6jy<\/strong>: Terveh! Kuibo voizin avvuttua?<\/p>\n\n\n\n<p><strong>Briha<\/strong>: Terveh! Tahtozin ostua kaprit, kudamis on kormanit salbaimienke.<\/p>\n\n\n\n<p><strong>My\u00f6jy<\/strong>: Ka\u010do, n\u00e4mm\u00e4 sinizet da ruskiet ollah salbainkormaniloinke. Vie se\u017eo er\u00e4h\u00e4t mustat ollah j\u00e4llel.<\/p>\n\n\n\n<p><strong>Briha<\/strong>: Suvai\u010den ruskiedu v\u00e4rii. Tahtozin mi\u00e4r\u00e4t\u00e4 ruskiet kaprit.<\/p>\n\n\n\n<p><strong>My\u00f6jy<\/strong>: Mibo sinun razmieru on? Vikse 50?<\/p>\n\n\n\n<p><strong>Briha<\/strong>: Minun razmieru on 50.<\/p>\n\n\n\n<p><strong>My\u00f6jy<\/strong>: T\u00e4s sinule p\u00e4tt\u00e4vy razmieru, ole hyv\u00e4. Mi\u00e4ri\u00e4ndykabinku on hurual, laukan \u010dupus.<\/p>\n\n\n\n<p><strong>Briha<\/strong>: Yhteltiedy voizin mi\u00e4r\u00e4t\u00e4 kagluspaidoi, kudamis ollah lyhy\u00f6t da pitk\u00e4t hiemuat.<\/p>\n\n\n\n<p><strong>My\u00f6jy<\/strong>: Tahtotgo pruazniekkupaijan vai v\u00e4ll\u00e4naijanpaijan?<\/p>\n\n\n\n<p><strong>Briha<\/strong>: Tahton ostua v\u00e4ll\u00e4naijanpaijan. Minul algavuu ned\u00e4lin per\u00e4s kez\u00e4loma. Matkuan sevoittaren kez\u00e4m\u00f6kile huogavumah dai kalastamah.<\/p>\n\n\n\n<p><strong>My\u00f6jy<\/strong>: Paijat ollah t\u00e4s. Tule, muga ka\u010dommo sinule p\u00e4tt\u00e4v\u00e4t mallit. T\u00e4s on kodazilolijua puuvillupaidua, sinisty, ruskiedu, maksankarvastu da be\u017eevoidu. Vie on yksiv\u00e4risty pelvaspaiduagi, vaiku pelvahankarvastu dai pitkien hiemualoinke.<\/p>\n\n\n\n<p><strong>Briha<\/strong>: Mittuzet hinnat ollah n\u00e4mmil paijoil?<\/p>\n\n\n\n<p><strong>My\u00f6jy<\/strong>: Puuvillupaijat pitkien hiemualoinke ollah tari\u010dukses, maksetah vaiku 20 euruo. Niil\u00f6in normal\u2019noi hindu on 39 euruo. Ga puuvillupaijat lyhy\u00f6l\u00f6in hiemualoinke maksetah 29.90 da pelvahas luajitun paijan hindu on 149 euruo.<\/p>\n\n\n\n<p><strong>Briha<\/strong>: Tahtozin mi\u00e4r\u00e4t\u00e4 be\u017eevoidu paidua, kudamas on pitk\u00e4t hiemuat dai pelvaspaidua.<\/p>\n\n\n\n<p><strong>My\u00f6jy<\/strong>: T\u00e4s sinule razmierat S dai M. Suat sovittua mollembua razmierua, kudai sit roinnougi parembi.<\/p>\n\n\n\n<p><strong>Briha<\/strong>: Passibo, k\u00e4vyn mi\u00e4r\u00e4ndykabinkah.<\/p>\n\n\n\n<p>Kodvazen per\u00e4s briha \u010d\u00f6k\u00e4ht\u00e4hes ozuttamah my\u00f6j\u00e4le, kui parahite h\u00e4nele ollah kaprit da puuvillupaidu.<\/p>\n\n\n\n<p><strong>Briha<\/strong>: N\u00e4mm\u00e4 kaprit mugakui paidugi ollah buitegu minuh n\u00e4h ommeltu. Se\u017eo materjualu minuu miellytt\u00e4y.<\/p>\n\n\n\n<p><strong>My\u00f6jy<\/strong>: Muga, puuvillas luajitut, kuigi se\u017eo pelvahas luajitut sovat ollah luonnonmaterjualua. Net hengitet\u00e4h, niil\u00f6is et hiesty.<\/p>\n\n\n\n<p><strong>Briha<\/strong>: N\u00e4mm\u00e4 sovat ollah minule mieldy my\u00f6. Ostan n\u00e4mm\u00e4 kaprit, t\u00e4m\u00e4n puuvillupaijan dai se\u017eo pelvaspaijan. Mollembat paijat razmierua M. Tahton vie ostua kodazilolijan sinizen paijan lyhyzien hiemualoinke. Seh\u00e4i on moine huovisgi, vaiku 20 euruo.<\/p>\n\n\n\n<p><strong>My\u00f6jy<\/strong>: Muga, nyg\u00f6i maksau ostua. Tari\u010dukses ollah se\u017eo hein\u00e4nkarvazet bor\u010dui\u010d\u010dijanmaikat. Hindu vaiku 8.90.<\/p>\n\n\n\n<p><strong>Briha<\/strong>: No vot ollah huogehet! Kerras ostan kolme bor\u010dui\u010d\u010dijanmaikkua, razmieru M. N\u00e4mm\u00e4 hyvin p\u00e4it\u00e4h kez\u00e4kse dai kundozualahgi.<\/p>\n\n\n\n<p><strong>My\u00f6jy<\/strong>: Muga, dai hein\u00e4nkarvaine nyg\u00f6i on ylen movvakas v\u00e4ri. Ga t\u00e4s, ole hyv\u00e4:<\/p>\n\n\n\n<p><strong>Briha<\/strong>: Passibo. T\u00e4s nyg\u00f6i ollah kai. Kunne voin maksua? Kus on kassu?<\/p>\n\n\n\n<p><strong>My\u00f6jy<\/strong>: Ka\u010do, kassu on oigiel, ne\u010die, kus nevvondumerkis lugou kassu.<\/p>\n\n\n\n<p><strong>Briha<\/strong>: Passibo.<\/p>\n\n\n\n<p><strong>My\u00f6jy<\/strong>: Passibo suuri sinule. Hyvi\u00e4 kezi\u00e4. Tule toi\u010di.<\/p>\n\n\n\n<p>Briha men\u00f6y kassale.<\/p>\n\n\n\n<p><strong>Briha<\/strong>: Terveh!<\/p>\n\n\n\n<p><strong>Kassuneidine<\/strong>: Terveh!<\/p>\n\n\n\n<p><strong>Briha<\/strong>: \u00c4ij\u00e4n l\u00f6vvin hyvi\u00e4 kez\u00e4sobua. Ka\u010dommo, \u00e4ij\u00e4ngo kai n\u00e4mm\u00e4 maksetah.<\/p>\n\n\n\n<p><strong>Kassuneidine<\/strong>: \u010cotai\u010den. Kaprit 69.90, puuvillupaidu lyhyzien hiemualoinke 29.90, pelvaspaidu 149 euruo, puuvillupaidu pitkien hiemualoinke 20 euruo, kolme bor\u010dui\u010d\u010dijanmaikkua 26.70. N\u00e4mm\u00e4 kaikkiedah 295.50 \u20ac.<\/p>\n\n\n\n<p><strong>Briha<\/strong>: Passibo. Voibigo maksua bankukartil?<\/p>\n\n\n\n<p><strong>Kassuneidine<\/strong>: Tiett\u00e4v\u00e4ine, t\u00e4s, ole hyv\u00e4.<\/p>\n\n\n\n<p><strong>Briha<\/strong>: Passibo!<\/p>\n\n\n\n<p><strong>Kassuneidine<\/strong>: T\u00e4s sinule kvitansii, ole hyv\u00e4.<\/p>\n\n\n\n<p><strong>Briha<\/strong>: Passibo suuri. N\u00e4gemizih.<\/p>\n\n\n\n<p><strong>Kassuneidine<\/strong>: N\u00e4gemizih. Tule toi\u010di.<\/p>\n\n\n\n<p><strong>Huom. da muhahtus<\/strong>! Kassu on kassa dai letti, palmikko, ga t\u00e4s se on kassa.<\/p>\n\n\n\n<h4 class=\"wp-block-heading\">11.5.2022<\/h4>\n\n\n\n<h5 class=\"wp-block-heading\">Ongo vahnal kaunehkirjallizel kniigal mid\u00e4tahto annettavua nyg\u00f6zen aijan ristittyl\u00f6ile?<\/h5>\n\n\n\n<p>Min\u00e4 opastun karjalan kieldy P\u00e4iv\u00e4nnouzu-Suomen yliopistos. T\u00e4n\u00e4 kevi\u00e4n otin ozua Karjalan kielen lugupiiri -verkokursah. Er\u00e4h\u00e4nny opastusruavonnu oli kirjuttua mitahto karjalankieline kaunehkirjallizen kniigan arvostelu. Min\u00e4 valli\u010din oma lugemine -tevoksekse Juhani Ahon kirjutetun pienen romuanan \u201cRaudutie\u201d, kudai pi\u00e4zi ilmah vuvvennu 1864. 1800-lugu oli Suomes kanzallizen nouzun aigua, konzu muga sanotut suomenmielizet (fennomuanat) torattih suomen kielen stuatusas ruo\u010dinkielizienke da j\u00e4llemb\u00e4\u010di se\u017eo ven\u2019an kielen kel.<\/p>\n\n\n\n<p>Johannes Brofeldt oli roinnuhes 11. syvyskuudu vuvvennu 1861 da l\u00e4hti tuonilmazih 8. elokuudu vuvvennu 1921. H\u00e4i ki\u00e4ndi oman nimen suomekse vuvvennu 1907, konzu se muutui Juhani Ahokse. H\u00e4i oligi enzim\u00e4zii suomenkielizii ammattikirjuttajii da h\u00e4nen ala kesti l\u00e4s 40 vuottu.<\/p>\n\n\n\n<p>Mikse min\u00e4 valli\u010din Raudutie-tevoksen? Juhani Aho oli fennomuanu da h\u00e4nele suomekse kirjuttamine oli i\u010dest\u00e4h selgei. Kniigan pi\u00e4henget Matti da Liiza ollah p\u00e4iv\u00e4nnouzupuolizii ristittyl\u00f6i da kniigan tapahtumat ollah sijoitettu P\u00e4iv\u00e4nnouzu-Suomeh, Savoh, kudamih meil karjalaizil on viha-rakkahus-v\u00e4li. Tuttavuin Raudutie-kniigah, konzu opastuin gimnuazies da \u201cRaudutien\u201d lugemine oli pakolline vuitti muamankielen kursua. Toine kosketus t\u00e4h kniigah oli 1970-luvul, konzu sen pohjal luajittih tv-fil\u2019mu. Gimnuazies \u201cRaudutie\u201d oli minun mieles ainos igivahnu, p\u00f6lyhine kniigu, kudai oli pakko lugie. Fil\u2019mu oli minun mieles ylen hyv\u00e4 da li\u017e\u00e4i minun mielenkiinduo kniigua kohtah. Karjalankieline ki\u00e4nn\u00f6s on kohtavukzellizen uuzi, se on pi\u00e4ssyh ilmah 2000-luvun allus. Konzu sain kniigan i\u010delleni, vastas oli vie vessel h\u00e4mm\u00e4stys: ki\u00e4nd\u00e4i oli i\u010de L\u2019udmila Markianova.<\/p>\n\n\n\n<p>Gu alloin silm\u00e4ill\u00e4 tevostu, huomain terv\u00e4h, mittuine kebjieh ellendett\u00e4vy L\u2019udmilan ki\u00e4nn\u00f6s on. Se\u017eo luonnon kuvuamine on veres da el\u00e4vy; \u201cPakkaine paukkuu \u010duppulois, r\u00e4\u0161k\u00e4y pitkin aijan selgi\u00e4 da sieglou huurrehtu puuloih da tuhjoloih. \u2026 Kuuzen ladvas kyhnist\u00e4y harakku, kaglu lyhy\u00f6nny da sangiennu, pi\u00e4 h\u00f6yhenien syd\u00e4mes.\u201d\u2026 \u201cAijan sell\u00e4l istui harakku. Se hypp\u00e4i siep\u00e4i seib\u00e4h\u00e4n nen\u00e4h ra\u010dkahtih imel\u00e4h nagroh\u2026\u201dNo tol\u2019kovai sil nyg\u00f6i on vessel\u2026tyhj\u00e4n nagrajal\u201d burbetti Matti da riuhtoi tammua parembah juoksuh\u2026\u201detgo sin\u00e4 ellend\u00e4, ku sinuu harakatgi nagretah-!\u201d Tekstas on ylen \u00e4ijy mostu yhtenjyttymi\u00e4 sanua libo sanondua, kui minun omas pohjaskarjalazes murdehes. Send\u00e4h tekstu tunduu kodihizel.<\/p>\n\n\n\n<p>Hos \u201cRaudutie\u201d on pi\u00e4ssyh ilmah l\u00e4s 150 vuottu tagaperin, sen tiemu on nyg\u00f6igi aijankohtaine. Tundematoi, uuzi da kummalline varaittavu, no yhtel aigua lumuoju. Ji\u00e4ndy vahnah, tuttavas da turvallizes el\u00e4ndy tunduu parembal vaihtoehtol, migu vastavundu tundemattomanke. Uvven dielon eksperimentu vuadiu nen\u00e4nsyvindi\u00e4 da rohkevuttu.<\/p>\n\n\n\n<p>Tevoksen allus Matti on maksamas arendujyvii pappilas. Protopappi kyzel\u00f6y Matil, ongo h\u00e4i kuulluh rauduties, kudai kulgou ihan l\u00e4h\u00e4l Lapinlahten kirikky\u00f6. Protopappi kehoittau Mattii, gu pid\u00e4s yhtell\u00e4h k\u00e4vv\u00e4 ozuttamah Liizale raudutiedy. T\u00e4s tapahtumas algau mieldykiinnitt\u00e4i da jumornoi kerdomus, kahten yksinkerdazen kyl\u00e4l\u00e4zen rohkies \u0161eikui\u010dendas da tuttavundas uudeh dieloh.<\/p>\n\n\n\n<p>Ahon sarkazmu kukkiu kui kniigu- da rahvahanviizahuon, mugai progsessiivi\u017euon da konservatiivi\u017euon keskel. H\u00e4i panou hyvin rahvahan syvien rivil\u00f6in deputantat, Matin da Liizan, kummeksimah da nen\u00e4nsydij\u00e4nny, no muga\u017ee eb\u00e4ilij\u00e4nny tarkastelemah progresan uuzimua tuotehtu. Mustelen i\u010de mostu: silloi konzu saimmo meij\u00e4n \u0161kolah enzim\u00e4zet tiedokonehet, niil\u00f6i kallehii konehii piettih lukkuloin tagan, net viritettih suurdu mielenkiinduo, ga ainos harvoil da vallituil oli luba k\u00e4ytti\u00e4 nennii.<\/p>\n\n\n\n<p>Kniigan juoni men\u00f6y hil\u2019l\u2019ah, kui kai dielot tuah aigah. Matti kuuli protopapilp\u00e4i uudizen kummallizes azies, rauduties. Kniigan toizes luvus kuvaillah Matin konkretnoloi mielikuvii rauduties dai sid\u00e4, mid\u00e4 raudutiemielikuvat tuodih h\u00e4nen i\u010denviend\u00e4h. \u201dMatti oli aiga hajamieline\u2026Huttulan taloin palvelijal h\u00e4i kyzyi, ollogo iz\u00e4ndy mennyh raudutiedy ka\u010d\u010domah\u2026raudutie oli Matin mieles kogo kodimatkan aijan. Kylys ei Matti da Liiza \u00e4iji\u00e4 nimid\u00e4 paistu. Ei Matti da Liiza vie ildastu syvvesgi paginoih pi\u00e4sty. V\u00e4lil Matti duumai\u010d\u010di mainita rauditiedy, no j\u00e4tti dielon tuliekse p\u00e4iv\u00e4kse. Raudutie oli Matin mieles y\u00f6lgi muga, \u0161to uni ei tulluh\u201d.<\/p>\n\n\n\n<p>Kolmandes luvus Matti yhtell\u00e4h sai mainittuu raudutie-sanan i\u00e4neh. H\u00e4i sanoi sen mennen siiri\u010di muun paginan joukos v\u00e4linpid\u00e4m\u00e4tt\u00f6m\u00e4sti, kui vai maltoi. \u201dNyg\u00f6i se on Lapinlahtengi kirik\u00f6l raudutie\u2026oletgo kuulluh?\u201d T\u00e4s luvus Matin da Liizan sanelmus libo pagin on parahimilleh. Mollembua, kui kirjuttajua, mugai ki\u00e4nd\u00e4ji\u00e4 lykysti tuvva ezih tunnelmua ylen hyvin.<\/p>\n\n\n\n<p>Sit Liiza k\u00e4i yksin\u00e4h pappilah da sai li\u017ei\u00e4 tieduo rauduties. Mattii ei miellyt\u00e4nnyh, gu akku tied\u00e4y azies en\u00e4mbi h\u00e4ndy. Send\u00e4h rauduties ei paistu Korventaustal ni yhty sanua lopputalven aigah.<\/p>\n\n\n\n<p>Hy\u00f6 pi\u00e4tettih l\u00e4htie Lapinlahteh kuundelemah paikallistu pappii da muga\u017ee k\u00e4vv\u00e4 ka\u010d\u010domah raudutiedy Iivananp\u00e4iv\u00e4n aigah. Kirikk\u00f6h hy\u00f6 ei kerritty, gu juna oli Lapinlahtel kirikk\u00f6aigah. Kniigan lopus ollah Lapinlahten raudutieazemal. Matti da Liiza kummeksitah kaikkii: stroikkii, ristikanzoi, istutuksii. Liizan mieles monet ristityt azemal oldih eb\u00e4yst\u00e4v\u00e4llizet da jyrkysanazet. Matin da Liizan negatiivizen el\u00e4myksen tagaper\u00e4l oli varmah uudeh azieh liittyi eb\u00e4varmus. T\u00e4m\u00e4 tulou enne kaikkie ilmi kuvavukses Matin da Liizan enzim\u00e4zes junamatkuel\u00e4mykses.<\/p>\n\n\n\n<p>Kniigu oli vahnu, no mieldykiinnitt\u00e4i. T\u00e4m\u00e4n lugemiskerran aigah sain ihan uuzii n\u00e4g\u00f6puolii kniigah n\u00e4h. Se on ylen hyv\u00e4 aijankuva 1800-luvun lopun elostu Suomen kyl\u00e4alovehel. Nyg\u00f6zeh aigah p\u00e4it\u00e4h kahten ristikanzan puaruv\u00e4lin dinuamiekku libo vuorovaikutus dai uvven menemizen procesan elementat. Ki\u00e4nn\u00f6s on parasluaduine da sid\u00e4 on kebjei ellendi\u00e4.<\/p>\n\n\n\n<p>Kniigan allus tunnelmu on tyyni da ozutahes, buitegu aigu olis azetunnuh. Kniigan lopus vauhti li\u017e\u00e4vyy, aziet tapahtutah ruttoh da segavah. Lienn\u00f6ygo t\u00e4m\u00e4 olluh ennustus tulies aijas. Matti humalduu da vastus matkanazundas ji\u00e4y silkeskie Liizale. Liiza hoidi uvven dielon ylen hyvin. Kirjuttai tahtoi ozuttua, gu naine voibi tarbehen mugah ottua vastuttu dielolois. Kodihtulendu merki\u010d\u010di tulemistu vahnah da turvallizeh ymb\u00e4rist\u00f6h, kudai on suojas muailman myrskyl\u00f6il. Lopus vuotin er\u00e4hii vihjavuksii Liizan da Matin starinan jatkokse, no kirjuttai j\u00e4tti jatkon luadimizen jogahizen mielikuvan varah.<\/p>\n\n\n\n<h2 class=\"wp-block-heading\">27.4.2022<\/h2>\n\n\n\n<h5 class=\"wp-block-heading\">Kirjutannuh da kuvat: Eila Markkinen<\/h5>\n\n\n\n<p>Obrazan mualuamine on moine ruado, kudamua pid\u00e4y azuo hil\u2019l\u2019akkazin t\u00e4vvel syv\u00e4imel malittuloinke. Enzim\u00e4zekse pid\u00e4y pohjustetule lavvale tarkah piirdi\u00e4 kuva, kudaman tahtot mualata. I\u010de mualuamizeh tarvitah \u00e4ijy eriluadustu v\u00e4ripigmentua, kudamat hierret\u00e4h hierdimel? J\u00e4i\u010d\u010dyemul\u2019sienke.<\/p>\n\n\n\n<figure class=\"wp-block-image size-medium\"><img loading=\"lazy\" decoding=\"async\" width=\"300\" height=\"300\" src=\"https:\/\/blogs.uef.fi\/karjalanelvytys\/wp-content\/uploads\/sites\/155\/2023\/10\/vari-300x300.jpg\" alt=\"Kananmunakenno, jonka tyhj\u00e4\u00e4n kohtaan on laitettu pullo laventelinv\u00e4rist\u00e4 v\u00e4riainetta\" class=\"wp-image-12727\" srcset=\"https:\/\/blogs.uef.fi\/karjalanelvytys\/wp-content\/uploads\/sites\/155\/2023\/10\/vari-300x300.jpg 300w, https:\/\/blogs.uef.fi\/karjalanelvytys\/wp-content\/uploads\/sites\/155\/2023\/10\/vari-150x150.jpg 150w, https:\/\/blogs.uef.fi\/karjalanelvytys\/wp-content\/uploads\/sites\/155\/2023\/10\/vari.jpg 768w\" sizes=\"auto, (max-width: 300px) 100vw, 300px\" \/><\/figure>\n\n\n\n<p>T\u00e4h vie li\u017e\u00e4t\u00e4h v\u00e4h\u00e4ine vetty: mugah\u00e4i roih hyv\u00e4 muju kruasindah ni\u0161koi.<\/p>\n\n\n\n<figure class=\"wp-block-image size-medium\"><img loading=\"lazy\" decoding=\"async\" width=\"300\" height=\"300\" src=\"https:\/\/blogs.uef.fi\/karjalanelvytys\/wp-content\/uploads\/sites\/155\/2023\/10\/O2-768x768-1-300x300.jpg\" alt=\"Alusta, jolle on levitetty laventeliv\u00e4ri\u00e4\" class=\"wp-image-12730\" srcset=\"https:\/\/blogs.uef.fi\/karjalanelvytys\/wp-content\/uploads\/sites\/155\/2023\/10\/O2-768x768-1-300x300.jpg 300w, https:\/\/blogs.uef.fi\/karjalanelvytys\/wp-content\/uploads\/sites\/155\/2023\/10\/O2-768x768-1-150x150.jpg 150w, https:\/\/blogs.uef.fi\/karjalanelvytys\/wp-content\/uploads\/sites\/155\/2023\/10\/O2-768x768-1.jpg 768w\" sizes=\"auto, (max-width: 300px) 100vw, 300px\" \/><\/figure>\n\n\n\n<p>Kistii se\u017eo on hyv\u00e4 olla monenluadustu, piendy dai suurembua, oravankarvastu dai ni\u00e4j\u00e4n karvas luajittuu. Nenne ollah parembazet, migu sintiettizet kistit. On taki muitegi hyv\u00e4 k\u00e4ytti\u00e4 obrazan luadimizeh luonnonmaterjualua, kudamat ollah luomukunnasp\u00e4i.<\/p>\n\n\n\n<figure class=\"wp-block-image size-medium\"><img loading=\"lazy\" decoding=\"async\" width=\"224\" height=\"300\" src=\"https:\/\/blogs.uef.fi\/karjalanelvytys\/wp-content\/uploads\/sites\/155\/2023\/10\/ObrazuM1-765x1024-1-224x300.jpg\" alt=\"Ikoni, johon on piirretty vasta \u00e4\u00e4riviivat; aiheena Neitsyt Maria ja Jeesus-lapsi\" class=\"wp-image-12733\" srcset=\"https:\/\/blogs.uef.fi\/karjalanelvytys\/wp-content\/uploads\/sites\/155\/2023\/10\/ObrazuM1-765x1024-1-224x300.jpg 224w, https:\/\/blogs.uef.fi\/karjalanelvytys\/wp-content\/uploads\/sites\/155\/2023\/10\/ObrazuM1-765x1024-1.jpg 765w\" sizes=\"auto, (max-width: 224px) 100vw, 224px\" \/><\/figure>\n\n\n\n<p>Obrazan mualuamizeh n\u00e4h pid\u00e4y olla \u00e4ijy aigua, ei pie h\u00e4d\u00e4v\u00f6ij\u00e4. Konzu suat sen valmehekse, on sih mualattu ylen mondu v\u00e4rikerrostu dai vallenduskerrostu. Obrazu pid\u00e4y vie voidua. Vuottua vai pid\u00e4y mondu kuudu, anna v\u00e4rikerrokset hyvin kuivetah.<\/p>\n\n\n\n<figure class=\"wp-block-image size-medium\"><img loading=\"lazy\" decoding=\"async\" width=\"224\" height=\"300\" src=\"https:\/\/blogs.uef.fi\/karjalanelvytys\/wp-content\/uploads\/sites\/155\/2023\/10\/Obrazu5M-765x1024-1-224x300.jpg\" alt=\"Valmis Neitsyt Marian ja Jeesus-lapsen ikoni\" class=\"wp-image-12736\" srcset=\"https:\/\/blogs.uef.fi\/karjalanelvytys\/wp-content\/uploads\/sites\/155\/2023\/10\/Obrazu5M-765x1024-1-224x300.jpg 224w, https:\/\/blogs.uef.fi\/karjalanelvytys\/wp-content\/uploads\/sites\/155\/2023\/10\/Obrazu5M-765x1024-1.jpg 765w\" sizes=\"auto, (max-width: 224px) 100vw, 224px\" \/><\/figure>\n\n\n\n<h4 class=\"wp-block-heading\">19.4.2022<\/h4>\n\n\n\n<h5 class=\"wp-block-heading\">Ka\u017eiloin hirvei p\u00e4ivy<\/h5>\n\n\n\n<p>Kirjutannuh: Niko Tynnyrinen<\/p>\n\n\n\n<p>Egl\u00e4i ka\u017eit hava\u010duttuu kerras ruvettih kirgumah n\u00e4lgi\u00e4 da heij\u00e4n va\u010dat lujah kuristih. Varmahgi hy\u00f6 duumaittih, gu heij\u00e4n ristikanzat oldih ihan h\u00f6bl\u00f6ikse tulluot, gu ei maltettu ni ka\u017eii en\u00e4m sy\u00f6tti\u00e4. Ka\u017eit ei mustettu, konzu hy\u00f6 iellizen kerran oldih suadu murginua, eigo ni yhty lihanpalastu huondeksel puuttunuh heij\u00e4n torielkoile! Vikse hy\u00f6 kuultih ristikanzoin paginua sih n\u00e4h, mind\u00e4h olis ka\u017eiloin turvalli\u017euon peri\u00e4 ylen t\u00e4rgei dielo olla sy\u00f6m\u00e4tt\u00e4h, ga yhtell\u00e4h heij\u00e4n h\u00e4d\u00e4-n\u00e4lgy oli moine suuri, gu heil eulluh mahtuo ellendi\u00e4 nimid\u00e4.<\/p>\n\n\n\n<p>No, murginua nikonzu ei tulluh, da ka\u017eit puututtih kandoko\u017einoloih \u2013 mind\u00e4hbo my\u00f6s!? Ka\u017eiloile t\u00e4m\u00e4 dielo ei olluh mieldy my\u00f6 da hy\u00f6 \u010diihottih da opittih murdua ko\u017einoloin uksii. Ma\u0161inas ajajes hy\u00f6 v\u00e4ngyttih, toinah liijakse ravien ajelendan t\u00e4h rodih heile paha olo.<\/p>\n\n\n\n<p>Pahakse mielekse ka\u017eit dogadittih, gu hy\u00f6 oldih tuaste el\u00e4ttil\u00f6in li\u00e4g\u00e4ris. T\u00e4l kerdua hy\u00f6 ei h\u00e4tkie duumaittu omua hirviedy ozua, send\u00e4h gu li\u00e4g\u00e4ri pani heih v\u00e4gevi\u00e4 rohtuo, kudai kerras sordi heij\u00e4t da sai maguamah li\u00e4g\u00e4rin pertin koval lattiel.<\/p>\n\n\n\n<p>Tulien kerran ka\u017eit hava\u010duttih el\u00e4ttil\u00f6in li\u00e4g\u00e4rin leikavus\u017eualas, kuduas hy\u00f6 vuotettih narkouzan loppevundua. Kummu dielo, hy\u00f6 toinah duumaittih, vastevaih\u00e4i my\u00f6 olimmo sit toizes pertis, kuduas meih ainos \u010d\u00f6k\u00e4t\u00e4h konzu mittustugi injekciedu da rohtuo, ga nyg\u00f6i olemmo ti\u00e4! Lekarsvoin da narkouzan t\u00e4h ka\u017eit oldih ylen p\u00f6ll\u00e4stynny\u00f6t eigo vikse ni tietty, gu heis yhtel oli otettu suusp\u00e4i i\u00e4res hammaskivie da toizel li\u017e\u00e4kse vie kolme hammastu!<\/p>\n\n\n\n<p>Nyg\u00f6i ka\u017eit ollah omassah kois da huogavutah egl\u00e4zien varavoloin j\u00e4lgeh. Ezm\u00e4i hy\u00f6 voijah olla v\u00e4h\u00e4zel v\u00e4zyny\u00f6t, ga terv\u00e4h hy\u00f6 tahtottavalleh dogaditah, gu elos on \u00e4iji\u00e4 parembi, konzu suus eule hammaskivie libo kibiedy hammastu.<\/p>\n\n\n\n<figure class=\"wp-block-image size-medium\"><img loading=\"lazy\" decoding=\"async\" width=\"225\" height=\"300\" src=\"https:\/\/blogs.uef.fi\/karjalanelvytys\/wp-content\/uploads\/sites\/155\/2023\/10\/Kazi_MT1-768x1023-1-225x300.jpg\" alt=\"Kermanv\u00e4rinen kissa kantokopassa\" class=\"wp-image-12739\" srcset=\"https:\/\/blogs.uef.fi\/karjalanelvytys\/wp-content\/uploads\/sites\/155\/2023\/10\/Kazi_MT1-768x1023-1-225x300.jpg 225w, https:\/\/blogs.uef.fi\/karjalanelvytys\/wp-content\/uploads\/sites\/155\/2023\/10\/Kazi_MT1-768x1023-1.jpg 768w\" sizes=\"auto, (max-width: 225px) 100vw, 225px\" \/><figcaption class=\"wp-element-caption\">Kuva: Niko Tynnyrinen<\/figcaption><\/figure>\n\n\n\n<h4 class=\"wp-block-heading\">15.3.2022<\/h4>\n\n\n\n<h5 class=\"wp-block-heading\">Pyh\u00e4lasku da Kalevalan p\u00e4ivy<\/h5>\n\n\n\n<p>Nivalan linnas pruaznuittih 27. tuhukuudu pyh\u00e4laskuu dai Kalevalan p\u00e4ivi\u00e4. P\u00e4ivy oli ylen \u010doma, p\u00e4iv\u00e4ine pastoi i pakkastugi oli vai viizi astehtu.<\/p>\n\n\n\n<p>Pyssym\u00e4geh ker\u00e4vyi \u00e4ijy rahvastu \u010duruamah, suksittamah, ki\u017euamah dai muite vai vesseli\u00e4 aigua viett\u00e4m\u00e4h.<\/p>\n\n\n\n<p>Kalevalan p\u00e4iv\u00e4n (28.2.) kunnivokse oli se\u017eo moine tembavus, kudamas naizet \u0161uorivuttih kanzallizih ruuttih da suksitettih. Ylen oldih \u010domat ka\u010d\u010duo moizet hiiht\u00e4j\u00e4t!<\/p>\n\n\n\n<figure class=\"wp-block-image size-medium\"><img loading=\"lazy\" decoding=\"async\" width=\"300\" height=\"215\" src=\"https:\/\/blogs.uef.fi\/karjalanelvytys\/wp-content\/uploads\/sites\/155\/2023\/10\/PyhalaskuEM1-768x550-1-300x215.jpg\" alt=\"Joukko kansan- ja kansallispukuihin pukeutuneita hiiht\u00e4ji\u00e4\" class=\"wp-image-12742\" srcset=\"https:\/\/blogs.uef.fi\/karjalanelvytys\/wp-content\/uploads\/sites\/155\/2023\/10\/PyhalaskuEM1-768x550-1-300x215.jpg 300w, https:\/\/blogs.uef.fi\/karjalanelvytys\/wp-content\/uploads\/sites\/155\/2023\/10\/PyhalaskuEM1-768x550-1.jpg 768w\" sizes=\"auto, (max-width: 300px) 100vw, 300px\" \/><figcaption class=\"wp-element-caption\">Kuva: Eila Markkinen<\/figcaption><\/figure>\n\n\n\n<p>T\u00e4m\u00e4 tuhukuun pruazniekku oli jogahizele mieldy my\u00f6. Kaikile roittih ruskiet ro\u017eat dai kyll\u00e4l vesseli\u00e4 mieldy.<\/p>\n\n\n\n<h2 class=\"wp-block-heading\">7.3.2022<\/h2>\n\n\n\n<p>Sellit\u00e4 sana -ki\u017ea on ylen hyv\u00e4! Oletgo konzutahto ki\u017eannuh moizeh? Paginpertil\u00e4zet sid\u00e4 ylen suvaittih da nyg\u00f6i karjalazet nuoret livuttih sih.<\/p>\n\n\n\n<h5 class=\"wp-block-heading\">Kirjutannuh: Niko Tynnyrinen<\/h5>\n\n\n\n<p>Suovattan min\u00e4 da minun mielespiett\u00e4vy vastavuimmo meij\u00e4n dovari\u0161an Miikunke, send\u00e4h gu meile pidi ka\u010d\u010duo valmehekse se-t\u00e4m\u00e4 dielo karjalazien nuorien yhtistyksen tulieh vastavundah ni\u0161koi. My\u00f6h\u00e4i azuimmo yhtistyksen korona-aijannu da send\u00e4h emmo ylen puaksuh ole voinnuh ker\u00e4vy\u00f6 yhteh meij\u00e4n ozanottajienke. Suurin vuitti meij\u00e4n toimindas on olluh internetas, ga nyg\u00f6i j\u00e4lgim\u00e4i tilandeh on v\u00e4h\u00e4sty parembi da voimmo ruveta puaksumbah vastavumah i ro\u017ea\u010di.<\/p>\n\n\n\n<p>Mid\u00e4bo karjalazet nuoret sit ruatah, konzu yhteh pertih puututah? No, tavan mugah olemmo juonnuh \u010duajuu-koufeidu da paissuh konzu mid\u00e4gi. Karjalakse i\u00e4neh pagizendu voi yhtell\u00e4h olla \u00e4ijile jygei dielo, v\u00e4himy\u00f6lleh allus, da send\u00e4h tahtoimmo yhtes l\u00f6ydi\u00e4 mintahto tavan, kuduan vuoh voizimmo luadie paginas kebjiemb\u00e4n.<\/p>\n\n\n\n<p>Kerras juohtui mieleh, gu kuuluu Paginpertis puaksuh ki\u017eatah sellit\u00e4 sana -ki\u017eah. Ideju oli moine hyv\u00e4, gu kerras duumai\u010dimmo azuo oman versien t\u00e4s ki\u017eas. Ezimerkinny meil oli minun vahnu Alias-ki\u017ea, kuduan kartilois sanakniigoin li\u017e\u00e4kse ka\u010d\u010delimmo sanazii. T\u00e4h tabah kartiloih tuli kui karjala\u017euoh suorah liittyji\u00e4 sanua (\u0161ipainiekku, Loimolan Voima, k\u00e4zipaikku), mugai tostugi sanastuo (irvisti\u00e4, nozni\u010dat, oriehu). Minun mieles n\u00e4mm\u00e4 kartit ylen hyvin kuvastetah karjalan kieldy: se on \u010doma da ainos kehittyi kieli, kudamal voit sanella kai i\u010delles t\u00e4rgiet dielot.<\/p>\n\n\n\n<figure class=\"wp-block-image size-medium\"><img loading=\"lazy\" decoding=\"async\" width=\"224\" height=\"300\" src=\"https:\/\/blogs.uef.fi\/karjalanelvytys\/wp-content\/uploads\/sites\/155\/2023\/10\/sanakiza_MT-765x1024-1-224x300.jpg\" alt=\"Paperilapuista askarreltu karjalankielinen sananselityspeli ihmisen k\u00e4dess\u00e4, taustalla askartelutarvikkeita\" class=\"wp-image-12745\" srcset=\"https:\/\/blogs.uef.fi\/karjalanelvytys\/wp-content\/uploads\/sites\/155\/2023\/10\/sanakiza_MT-765x1024-1-224x300.jpg 224w, https:\/\/blogs.uef.fi\/karjalanelvytys\/wp-content\/uploads\/sites\/155\/2023\/10\/sanakiza_MT-765x1024-1.jpg 765w\" sizes=\"auto, (max-width: 224px) 100vw, 224px\" \/><figcaption class=\"wp-element-caption\">Kuva: Niko Tynnyrinen<\/figcaption><\/figure>\n\n\n\n<h4 class=\"wp-block-heading\">3.3.2022<\/h4>\n\n\n\n<p>Kirjutannuh Niko Tynnyrinen<\/p>\n\n\n\n<p>Terveh! T\u00e4s kerdomus minun egl\u00e4zes p\u00e4iv\u00e4s.<\/p>\n\n\n\n<p>8.00<\/p>\n\n\n\n<p>T\u00e4n\u00e4p\u00e4i hava\u010duin ammui send\u00e4h, gu minuu vuotti kiirehelline p\u00e4ivy. Yhtell\u00e4h en kerras suorivunnuh, ga ezm\u00e4i vaigu viruin kruavatis da luvin uudizii. Kruavatisp\u00e4i noustuu s\u00f6in huondesverokse leibi\u00e4 pestonke da rubein avuamah tiedokonehtu.<\/p>\n\n\n\n<p>10.00<\/p>\n\n\n\n<p>P\u00e4iv\u00e4n ezm\u00e4ine planiiruittu dielo oli ker\u00e4hm\u00f6 yhteh projektah ni\u0161koi. Ker\u00e4hm\u00f6 piettih Teams-sobivutuksen kauti da paginua t\u00e4ydyi l\u00e4s \u010duasukse. Ker\u00e4hm\u00f6s ka\u010dottih vaigieloi dieloloi, kudamis toi\u010di en ellend\u00e4nnyh nimid\u00e4, no ozakse ker\u00e4l oli mostu ristikanzua, ket en\u00e4m tiet\u00e4h moizis projektois.<\/p>\n\n\n\n<p>11.00<\/p>\n\n\n\n<p>Sit oligi murginaigu. Olin jo egl\u00e4i luadinuh sy\u00f6misty valmehekse da send\u00e4h murginan azumine oli ylen kebjei: torielku mikrop\u00e4\u010d\u010dih da kerras rodih valmis.<\/p>\n\n\n\n<p>Sy\u00f6d\u00e4v\u00e4nny oli p\u00e4\u010dis luajittu pastos, kudamas oli tomuattua, kartohkugnocchii, hernehprotejiinupalastu, kagrusliuhkua, kazvosjuustuo da tiett\u00e4v\u00e4ine mavustehii.<\/p>\n\n\n\n<p>12.00<\/p>\n\n\n\n<p>Murginan j\u00e4lles minul oli ka\u010dottavannu se-t\u00e4m\u00e4 ruadodielo. Ezm\u00e4i pagizin telefonas Helsingin linnan rahvahanopiston vastuajanke, send\u00e4h gu min\u00e4 da minun dovari\u0161\u0161u piemm\u00f6 sie my\u00f6hemb\u00e4 t\u00e4n\u00e4p\u00e4i luvenduo karjalazih nuorih ni\u0161koi. Li\u017e\u00e4kse kirjutin s\u00e4hk\u00f6po\u0161tua da ka\u010doin er\u00e4hii Karjalazet Nuoret Suomes -yhtistyksen dieloloi. Minul on ylen puaksuh mostu piendy ruaduo yhtistykseh n\u00e4h, gu ruan sen halli\u010dukses jo kaksi vuottu. Nyg\u00f6i alganuh vuozi on kolmas.<\/p>\n\n\n\n<p>13.00<\/p>\n\n\n\n<p>Kodvazen ruattuu duumai\u010din, gu olis hyv\u00e4 k\u00e4vv\u00e4 kunnetahto, eigo vai kogo p\u00e4ivi\u00e4 istuo omas fatieras. \u010cuassu yhten mail p\u00e4iv\u00e4ine rubei pastamah, da k\u00e4vyimm\u00f6 mielespiett\u00e4v\u00e4nke meij\u00e4n fatierua l\u00e4h\u00e4l olijah koufei\u010duppuzeh. Ostimmo pyh\u00e4laskun kunnivokse p\u00e4ppizet. Vikse olimmo p\u00e4iv\u00e4n libo kaksi my\u00f6h\u00e4s, ga p\u00e4ppizet yhtell\u00e4h oldih ylen hyv\u00e4t.<\/p>\n\n\n\n<p>Koufei\u010duppuzes istujes sain viestii, gu minun mennyt ned\u00e4lil pakittu pasportu on valmis da vuotti minuu policiiazemal. K\u00e4vyimm\u00f6 sit sid\u00e4 ottamah. Ei pid\u00e4nyh h\u00e4tkie vuottua omua vuoruo, hos en olluhgi tilannuh aigua interneta\u010di.<\/p>\n\n\n\n<p>14.30<\/p>\n\n\n\n<p>Kodih tulduu ellendin, gu minul oli vaigu kaksi da puoli \u010duassuu aigua luvendon algussah. Kabrastin v\u00e4h\u00e4zen keit\u00e4ndypertis da sit kodvazen vaigu huogavuin kirjua lugijen. Li\u017e\u00e4kse s\u00f6in suuren v\u00e4liveron, send\u00e4h gu tiezin, \u0161to eht\u00e4l pi\u00e4zen murginale vaste my\u00f6h\u00e4.<\/p>\n\n\n\n<p>16.00<\/p>\n\n\n\n<p>V\u00e4liveron j\u00e4lgeh minun hyv\u00e4 dovari\u0161\u0161u Miikku H\u00e4kki tuli meij\u00e4n luo. Rubeimmo yhtes planiiruimah li\u017ei\u00e4 meij\u00e4n luvenduo, kuduah n\u00e4h jo aijemba kirjutin. Luvendodielo oli meis ylen varattavu, send\u00e4h gu emmo ole nikonzu aijemba mostu pitki\u00e4 paginua pid\u00e4nyh.<\/p>\n\n\n\n<p>18.30<\/p>\n\n\n\n<p>Luvendo loppih da kai dielot mendih ylen hyvin, molo\u010dat my\u00f6! Internetanke ei tulluh probliemua, da saimmo luvendon j\u00e4lgeh hyvi\u00e4 kommentua da kyzymysty. Pi\u00e4l \u010duasun kahtei paistuu olimmo v\u00e4zyny\u00f6t, ga vie oli v\u00e4gie keitti\u00e4 \u010duajuu da paista opastundas, muailman tilandehes da ned\u00e4linlopun pluanois. Vikse k\u00e4vymm\u00f6 yhtes luistelemah, ollou aigua da roinnou hyv\u00e4 ilmu.<\/p>\n\n\n\n<p>20.00<\/p>\n\n\n\n<p>Miikku l\u00e4hti kodih da min\u00e4 mielespiett\u00e4v\u00e4nke s\u00f6in my\u00f6h\u00e4zen ildazen. Sy\u00f6mizekse oli samua pastostu, kui aijembagi t\u00e4n\u00e4p\u00e4i. Viegi oli magei.<\/p>\n\n\n\n<p>21.00<\/p>\n\n\n\n<p>Nyg\u00f6i j\u00e4lgim\u00e4i voin huogavuo! T\u00e4s eht\u00e4l olen kirjutannuh t\u00e4d\u00e4 kerdomustu omah p\u00e4iv\u00e4h n\u00e4h. Konzu suan t\u00e4m\u00e4n tekstan valmehekse, rubien lugemah kniigua da kahten-kolmen \u010duasun per\u00e4s menen magavosijah.<\/p>\n\n\n\n<figure class=\"wp-block-image size-medium\"><img loading=\"lazy\" decoding=\"async\" width=\"225\" height=\"300\" src=\"https:\/\/blogs.uef.fi\/karjalanelvytys\/wp-content\/uploads\/sites\/155\/2023\/10\/Milla-Tynnyrinen_1-768x1023-1-225x300.jpg\" alt=\"Kahvi ja laskiaispulla, ikkunan takana talvinen parkkipaikka\" class=\"wp-image-12828\" srcset=\"https:\/\/blogs.uef.fi\/karjalanelvytys\/wp-content\/uploads\/sites\/155\/2023\/10\/Milla-Tynnyrinen_1-768x1023-1-225x300.jpg 225w, https:\/\/blogs.uef.fi\/karjalanelvytys\/wp-content\/uploads\/sites\/155\/2023\/10\/Milla-Tynnyrinen_1-768x1023-1.jpg 768w\" sizes=\"auto, (max-width: 225px) 100vw, 225px\" \/><figcaption class=\"wp-element-caption\">Kuva: Niko Tynnyrinen<\/figcaption><\/figure>\n\n\n\n<h4 class=\"wp-block-heading\">3.3.2022<\/h4>\n\n\n\n<h5 class=\"wp-block-heading\">Minun p\u00e4ivy<\/h5>\n\n\n\n<p>Kirjutannuh: Hannu Lappalainen<\/p>\n\n\n\n<p>Min\u00e4 olen Hannu, 69-vuodehine penzionieru. Enne el\u00e4kehele pi\u00e4zemisty ruavoin opastusohjuajannu ammattikorgei\u0161kolas da olin yritt\u00e4j\u00e4nny karjalaizes sy\u00f6mizrestoranas Iloman\u010dis. Minul on hotelli- da restoranualan dai opastajan opastus. Li\u017e\u00e4kse olen pedagougien magistru. Suvai\u010den hora- da yksinpajuo, fiskul\u2019tuurua da karjalan kieldy. Olen se\u017eo aktiivine pravoslaunoin prihodan ozanottai.<\/p>\n\n\n\n<p>Pagizen t\u00e4s yhtes minun p\u00e4iv\u00e4s. Se oli toinah v\u00e4h\u00e4sty kiirehellizembi, migu tavalline p\u00e4ivy. Ned\u00e4linp\u00e4ivy oli toinargi da Suomes sid\u00e4 ku\u010dutah \u201dlaskiaiastiistaikse\u201d. Perindehellizesti silloi enne \u010durattih, ga min\u00e4 olin huondeksel vezigimnastiekas, mi on minun himoruado noumeru 1. Minul on sie virtualine, l\u00e4s yhten \u010duasun programmu. K\u00e4vyn vezigimnastiekkah 2-3 kerdua ned\u00e4lis.<\/p>\n\n\n\n<p>Tulin kodih vezigimnastiekasp\u00e4i l\u00e4s 10 aigah, s\u00f6in huondespudron da azuin karjalan kielen kodiruadoloi. Sen j\u00e4lgeh alloin valmistella pyh\u00e4laskumurginua. Olin ku\u010d\u010dunuh murginale yhten aigah meij\u00e4n suvinuaburit Espoosp\u00e4i da i\u010d\u010deni kaksossiz\u00e4ren ukon kel. Murginakse tari\u010din perindehellisty pyh\u00e4laskusy\u00f6misty, hernehrokkua, kudaman olin keitt\u00e4nyh jo aijembah. J\u00e4lgisy\u00f6mizekse oli pyh\u00e4laskup\u00e4ppil\u00f6i, kudamat minun siz\u00e4r oli pastanuh da t\u00e4ytt\u00e4nyh mand\u017eoivaren\u2019n\u2019an da pieksetyn kinuskisliuhkoin kel. Meidy oli stolas sei\u010d\u010die hengie, sy\u00f6mizet oldih hyv\u00e4t da tunnelmu oli muga\u017eu. Min\u00e4 duumai\u010den, \u0161to ristittyzil on ylen istuo kaikes rauhas yhtehizen stolan ymb\u00e4ri hyvien yst\u00e4vien kel, paista dai syvv\u00e4 magiedu sy\u00f6misty.<\/p>\n\n\n\n<p>Loppup\u00e4ivy menigi yhten himoruavon, pajattamizen, merkil\u00f6is; n\u00e4it ku nell\u00e4n aigah minul oli rahvahanpajon urokku kandelehtaidoilijan Liisa Matveizen opastamizel da kuvven aigah menin vie kirikk\u00f6horan harjaittamizeh Pyh\u00e4n Elian kirikk\u00f6h. Yksinpajon urokal harjaittelin karjalankielizii pajoloi, kirikk\u00f6horas programmas oli pyh\u00e4n aijan pajoloi.<\/p>\n\n\n\n<p>Kois s\u00f6in vie ildazen, ka\u010doin TV-uudizet da luvin p\u00e4iv\u00e4n lehtet digi-muvvos. Menin muate yhtentostu aigah v\u00e4zyny\u00f6nny, ga ozakkahannu.<\/p>\n\n\n\n<h4 class=\"wp-block-heading\">23.2.2022<\/h4>\n\n\n\n<h5 class=\"wp-block-heading\">Minun ruadop\u00e4ivy sobalaukas<\/h5>\n\n\n\n<p>Kirjutannuh: Eila Markkinen<\/p>\n\n\n\n<p>Onh\u00e4i moine sanondaine: vuvvet ei olla vellekset kesken\u00e4h. Yhteh luaduh voibi sanuo ned\u00e4lil\u00f6is dai p\u00e4ivisgi. Mugai se\u017eo minul ruadop\u00e4iv\u00e4t naizien sobalaukas ei olla yhtenluaduzet. Tiett\u00e4v\u00e4ine jogahizes p\u00e4iv\u00e4s on rutiinanjyttysty ruaduo, ga on taki laukas konzu mid\u00e4gi muudu klijentan palvelendan li\u017e\u00e4kse.<\/p>\n\n\n\n<p>Toi\u010di pid\u00e4y planiiruija tapahtumua, azuo rekluamua gaziettah dai socializeh medieh, muga kui Facebookah, \u010domendua ozutehikkunua, vastavuo sobamy\u00f6ndytiijustajienke, ostua kevi\u00e4l tulien sygyzyn dai talven sobua da ruuttua. Sygyzyl jo ostat mallivalli\u010dukset tuliekse kev\u00e4tty dai kezi\u00e4.<\/p>\n\n\n\n<p>Toi\u010di inehmizet tahtotah tiedi\u00e4, mibo on heij\u00e4n v\u00e4rivuvvenaigu. Sit hy\u00f6 zvonitah libo tullah laukkah tiluamah aigua v\u00e4rianualizah. T\u00e4m\u00e4 ruado ongi ylen mieldykiinnitt\u00e4i: sellitti\u00e4 klientale kai h\u00e4nele parahat v\u00e4rit selgiemizeh ni\u0161koi.<\/p>\n\n\n\n<p>Tiett\u00e4v\u00e4ine yritt\u00e4j\u00e4l ainos on \u00e4ijy ruaduo, muga se\u017eo minulgi. Toi\u010di p\u00e4iv\u00e4t v\u00f6nyt\u00e4h ylen pitkikse, pid\u00e4yh\u00e4i laukku vie ruokkiegi veri\u00e4n salbuamizen j\u00e4lgeh.<\/p>\n\n\n\n<p>Yksikai suvai\u010den ruadua laukas, onh\u00e4i ne\u010de ruado moine hyv\u00e4 pagizijale inehmizele. Suan vastavuo ristikanzoinke, tuttavuogi heij\u00e4nke dai avvuttua heidy.<\/p>\n\n\n\n<p>Anna vai ruaduo on \u00e4ijy, ga ei ruado ruandal loppei dai vierii kivi ei sammaldu!<\/p>\n\n\n\n<figure class=\"wp-block-image size-medium\"><img loading=\"lazy\" decoding=\"async\" width=\"300\" height=\"225\" src=\"https:\/\/blogs.uef.fi\/karjalanelvytys\/wp-content\/uploads\/sites\/155\/2023\/10\/Minun_paivy_Eila_Markinen1-768x576-1-300x225.jpg\" alt=\"Kaksi ompelukonetta ja ompelutarvikkeita\" class=\"wp-image-12831\" srcset=\"https:\/\/blogs.uef.fi\/karjalanelvytys\/wp-content\/uploads\/sites\/155\/2023\/10\/Minun_paivy_Eila_Markinen1-768x576-1-300x225.jpg 300w, https:\/\/blogs.uef.fi\/karjalanelvytys\/wp-content\/uploads\/sites\/155\/2023\/10\/Minun_paivy_Eila_Markinen1-768x576-1.jpg 768w\" sizes=\"auto, (max-width: 300px) 100vw, 300px\" \/><figcaption class=\"wp-element-caption\">Kuva: Eila Markkinen<\/figcaption><\/figure>\n\n\n\n<h4 class=\"wp-block-heading\">22.2.2022<\/h4>\n\n\n\n<h4 class=\"wp-block-heading\">Kirkas gribasuuppu Elvira-mu\u010doin tabah<\/h4>\n\n\n\n<p>Kirjutannuh: Hannu Lappalainen<\/p>\n\n\n\n<p>Pravoslaunois kirik\u00f6s algau kev\u00e4tkuun allus suuri pyh\u00e4, kudai kest\u00e4y sei\u010d\u010die ned\u00e4lii da lopeh \u00c4ij\u00e4npi\u00e4n. Pyh\u00e4 on ainos rungalline da hengelline. Hos enimy\u00f6lleh duumaijah, \u0161to pyhitt\u00e4mine koskeh ainos moizii tiettyl\u00f6i sy\u00f6mizii kui liha, j\u00e4i\u010d\u010dy da maidohizet. Pyh\u00e4 algau sobupyh\u00e4npi\u00e4n \/ sovindupyh\u00e4npi\u00e4n kirik\u00f6s, konzu sie on yhtehine pro\u0161ken\u2019n\u2019an paki\u010dendu da andamine. Kuajivus da pro\u0161ken\u2019n\u2019an andamine ollahgi t\u00e4rgiel\u00f6i hengellizen pyh\u00e4n dieloloi.<\/p>\n\n\n\n<p>Tiettyl\u00f6in sy\u00f6mizien li\u017e\u00e4kse pyh\u00e4n aigah pietell\u00e4hes se\u017eo eriluaduzis ilonpiend\u00f6is da pruazniekois. Pyh\u00e4n aigah suittunuot dengat pid\u00e4y andua hyvy\u00f6ntevgoh. Kirikk\u00f6i\u017e\u00e4t oldih viizahat, ku sijoitettih pyh\u00e4aijan ainos pruazniekan iele: ristikanzal on hyv\u00e4 hillet\u00e4 pruzniekan iel.<\/p>\n\n\n\n<p>Sain t\u00e4m\u00e4n pyh\u00e4suuppureseptan V\u00e4rskan pravoslaunoin prihodan protopapin mu\u010doil Elviira P\u00f5ldil Estouniesp\u00e4i. Elviira on roindua my\u00f6te Komisp\u00e4i.<\/p>\n\n\n\n<p>Tarvi\u010det:<\/p>\n\n\n\n<ul class=\"wp-block-list\">\n<li>3 keldujuurikoidu<\/li>\n\n\n\n<li>3-4 kartohkua<\/li>\n\n\n\n<li>1 laukan<\/li>\n\n\n\n<li>3 \u010dosnokan kynty<\/li>\n\n\n\n<li>50 gr kuivattuu gribua<\/li>\n\n\n\n<li>(libo l\u00e4s 400 gr tuorehtu)<\/li>\n\n\n\n<li>30 gr gre\u010d\u010duu<\/li>\n\n\n\n<li>1 l vetty<\/li>\n\n\n\n<li>2 ouve\u0161\u0161ikuubiekkua<\/li>\n\n\n\n<li>mustupippurii<\/li>\n\n\n\n<li>suolua<\/li>\n\n\n\n<li>hienondettuu ukroppua<\/li>\n<\/ul>\n\n\n\n<p>Azu nenga:<\/p>\n\n\n\n<p>Livota grivat l\u00e4mm\u00e4s vies puoli \u010duassuu. Ota grivoin livotusliemi tallele da pilko grivat v\u00e4h\u00e4sty pienembikse. Pilko laukku da \u010dosnokan kynnet dai freezua net grivoin kel pyh\u00e4vois.<\/p>\n\n\n\n<p>Kuorita keldujuurikoit da kartohkat dai pilko net kuubiekoikse. Vala grivoin livotusliemi kattilah da li\u017ei\u00e4 vetty muga, kun nestetty on kaikkiedah yksi litru. Kiehahuta neste, li\u017ei\u00e4 sih ouve\u0161\u0161ikuubiekat, laukku-\u010dosnokku-gribasevos, gre\u010d\u010du dai keldujuurikoi- da kartohkukuubiekat. Keit\u00e4 kartohkoin kypsenend\u00e4ss\u00e4h.<\/p>\n\n\n\n<p>Mavusta suuppu pippuril da ukropal dai tarkista suolu. Suolan konah pid\u00e4y olla varovaine: k\u00e4ytt\u00e4net ouve\u0161\u0161ikuubiekkoi, musta, ku niil\u00f6is on \u00e4ijy suolua. Tari\u010de suuppu mustan tostuleiv\u00e4n da kazvosmargarinan kel. Et olle pyh\u00e4niekku, sy\u00f6 gribasuuppua kannateksen kel.<\/p>\n\n\n\n<figure class=\"wp-block-image size-medium\"><img loading=\"lazy\" decoding=\"async\" width=\"225\" height=\"300\" src=\"https:\/\/blogs.uef.fi\/karjalanelvytys\/wp-content\/uploads\/sites\/155\/2023\/10\/Gribasuuppu_HL-768x1024-1-225x300.jpg\" alt=\"Kuivattuja sieni\u00e4 p\u00f6yd\u00e4ss\u00e4 ja purkissa\" class=\"wp-image-12834\" srcset=\"https:\/\/blogs.uef.fi\/karjalanelvytys\/wp-content\/uploads\/sites\/155\/2023\/10\/Gribasuuppu_HL-768x1024-1-225x300.jpg 225w, https:\/\/blogs.uef.fi\/karjalanelvytys\/wp-content\/uploads\/sites\/155\/2023\/10\/Gribasuuppu_HL-768x1024-1.jpg 768w\" sizes=\"auto, (max-width: 225px) 100vw, 225px\" \/><figcaption class=\"wp-element-caption\">Kuva: Hannu Lappalainen<\/figcaption><\/figure>\n\n\n\n<h4 class=\"wp-block-heading\">14.2.2022<\/h4>\n\n\n\n<h5 class=\"wp-block-heading\">Ka\u017eitgi tiet\u00e4h, kui hyv\u00e4 on, konzu dovari\u0161\u0161u on rinnal!<\/h5>\n\n\n\n<p>T\u00e4s ollah minun ka\u017eit, Aini da Iita. Hy\u00f6 ollah rakkahat dovari\u0161at minule. Ka\u017eizet ollah ihan eriluaduzet da toi\u010di heil roih mid\u00e4gi riidua huogavundukohtih libo veziastieloih t\u00e4h. Yhtell\u00e4h hy\u00f6 se\u017eo ki\u017eatah yhtes da toi\u010di v\u00e4h\u00e4zen \u00e4b\u00e4z\u00f6ij\u00e4h toine tostu. Minun ka\u017eit ei suvaija muata ihan bokku bokas, ga puaksuh hy\u00f6 muatah samazes kohtas, toine toizen rinnal. Ka\u017eitgi duumaijah, \u0161to elos on \u010domembi dovari\u0161anke. Hyvi\u00e4 yst\u00e4v\u00e4np\u00e4ivi\u00e4 kaikile!<\/p>\n\n\n\n<figure class=\"wp-block-image size-medium\"><img loading=\"lazy\" decoding=\"async\" width=\"202\" height=\"300\" src=\"https:\/\/blogs.uef.fi\/karjalanelvytys\/wp-content\/uploads\/sites\/155\/2023\/10\/Kaksi_kazii_SM-690x1024-1-202x300.jpg\" alt=\"Kaksi kissaa kiipeilypuussa\" class=\"wp-image-12837\" srcset=\"https:\/\/blogs.uef.fi\/karjalanelvytys\/wp-content\/uploads\/sites\/155\/2023\/10\/Kaksi_kazii_SM-690x1024-1-202x300.jpg 202w, https:\/\/blogs.uef.fi\/karjalanelvytys\/wp-content\/uploads\/sites\/155\/2023\/10\/Kaksi_kazii_SM-690x1024-1.jpg 690w\" sizes=\"auto, (max-width: 202px) 100vw, 202px\" \/><figcaption class=\"wp-element-caption\">Kuva: Sanna Myll\u00e4ri<\/figcaption><\/figure>\n\n\n\n<h4 class=\"wp-block-heading\">14.2.2022<\/h4>\n\n\n\n<p>Konzu suat jullattavakse moizen vessel\u00e4n runozen da rubiet e\u010d\u010dim\u00e4h sih p\u00e4tt\u00e4vi\u00e4 kuvua etgo ni l\u00f6vv\u00e4. Mid\u00e4 sit ruat \u2013 kirjutaldat yhtele armahale yst\u00e4v\u00e4le da kyzyt: ehtitgo t\u00e4n\u00e4p\u00e4i kuvazen luadie, yst\u00e4v\u00e4np\u00e4ivyh\u00e4i on t\u00e4n\u00e4p\u00e4i?! Ga ehtin, vastuau h\u00e4i.<\/p>\n\n\n\n<p>Runo: <strong>Eila Markkinen<\/strong><\/p>\n\n\n\n<p>Kuva: <strong>Ka\u017ein L&#8217;uba<\/strong><\/p>\n\n\n\n<p>Parahat yst\u00e4v\u00e4t ollah<br>kui ri\u00e4p\u00f6it kurniekas:<br>hy\u00f6 kaikin ollah syv\u00e4imes da yhtes!<br>Hyvi\u00e4 yst\u00e4v\u00e4np\u00e4ivi\u00e4 sinule, yst\u00e4vy armas!<\/p>\n\n\n\n<figure class=\"wp-block-image size-medium\"><img loading=\"lazy\" decoding=\"async\" width=\"300\" height=\"208\" src=\"https:\/\/blogs.uef.fi\/karjalanelvytys\/wp-content\/uploads\/sites\/155\/2023\/10\/Riapoit-768x533-2-300x208.jpg\" alt=\"Piirroskuva kalakukosta\" class=\"wp-image-12843\" srcset=\"https:\/\/blogs.uef.fi\/karjalanelvytys\/wp-content\/uploads\/sites\/155\/2023\/10\/Riapoit-768x533-2-300x208.jpg 300w, https:\/\/blogs.uef.fi\/karjalanelvytys\/wp-content\/uploads\/sites\/155\/2023\/10\/Riapoit-768x533-2.jpg 768w\" sizes=\"auto, (max-width: 300px) 100vw, 300px\" \/><\/figure>\n\n\n\n<h4 class=\"wp-block-heading\">14.2.2022<\/h4>\n\n\n\n<h5 class=\"wp-block-heading\">Yst\u00e4v\u00e4np\u00e4ivy vai mielespiett\u00e4vien p\u00e4ivy? Ga mollembat \u2013 luve mind\u00e4h.<\/h5>\n\n\n\n<p>Kirjutannuh: Niko Tynnyrinen<\/p>\n\n\n\n<p>Tuhukuul muailman eri \u010duril pruaznuijah yst\u00e4v\u00e4n- libo mielespiett\u00e4vien p\u00e4ivi\u00e4. \u00c4ijis kul\u2019tuurois ristikanzat hyvitell\u00e4h yst\u00e4v\u00e4npi\u00e4n omua mielespiett\u00e4vi\u00e4 libo vastinehtu, ga Suomes puaksumbah pruaznuijah yst\u00e4vytty da hyvitell\u00e4h omua dovari\u0161\u0161ua. Kallistu podarkua ei pie dovari\u0161ale ty\u00f6ndi\u00e4, ga prostoi da \u010doma karti hyvin p\u00e4d\u00f6y.<\/p>\n\n\n\n<p>Tiett\u00e4v\u00e4ine t\u00e4n\u00e4p\u00e4i Suomesgi yst\u00e4v\u00e4np\u00e4iv\u00e4h liittyy romantielline suvai\u010dus, kudai on kallis da alalline tiemu ezimerkikse medies da kinolois. Romantiellizen suvai\u010duksen teroitandu yst\u00e4v\u00e4np\u00e4iv\u00e4s paistes en\u00e4m ei ole Suomes nimittuine poikkevus \u2013 vikse t\u00e4s voit n\u00e4ht\u00e4 kanzoinv\u00e4lizen medien da eriluaduzien yst\u00e4v\u00e4np\u00e4iv\u00e4npodarkoin markinoi\u010dendan vaikutustu.<br>Karjalazet ollah tavan mugah pietty yst\u00e4v\u00e4np\u00e4ivi\u00e4 kahteh eri luaduh ezimerkikse send\u00e4h, gu hy\u00f6 elet\u00e4h kui Suomes, mugai Ven\u2019al. N\u00e4mmis mualois yst\u00e4v\u00e4np\u00e4iv\u00e4h liityt\u00e4h eriluaduzet pruazniekat da perindehet, da Ven\u2019al yst\u00e4v\u00e4np\u00e4ivy on juuri kaikkien mielespiett\u00e4vien p\u00e4ivy.<\/p>\n\n\n\n<p>\u00c4ij\u00e4t karjalazet ollah harjavuttu pruaznuimah yst\u00e4v\u00e4npi\u00e4n mollembah luaduh da hyvitell\u00e4 sin\u00e4 pi\u00e4n kaikkii i\u010dele t\u00e4rgiel\u00f6i ristikanzoi. Da miksebo ei hyvitelt\u00e4s sid\u00e4gi dovari\u0161\u0161ua, ken ei ni ole ristikanzu? Min\u00e4 ezimerkiksi voizin sanuo hyvi\u00e4 yst\u00e4v\u00e4np\u00e4ivi\u00e4 omassah vahnembien Niilo-ka\u017eile, kuduale t\u00e4n\u00e4 vuon roih jo 12 vuottu. H\u00e4i on olluh minun elokses minun lapsuos algajen da send\u00e4h voin h\u00e4ndy rakkahal yst\u00e4v\u00e4kse ku\u010d\u010duo.<\/p>\n\n\n\n<figure class=\"wp-block-image size-medium\"><img loading=\"lazy\" decoding=\"async\" width=\"225\" height=\"300\" src=\"https:\/\/blogs.uef.fi\/karjalanelvytys\/wp-content\/uploads\/sites\/155\/2023\/10\/Millan_kazi_1-768x1024-1-225x300.jpg\" alt=\"Sohvalla nukkuva kissa\" class=\"wp-image-12846\" srcset=\"https:\/\/blogs.uef.fi\/karjalanelvytys\/wp-content\/uploads\/sites\/155\/2023\/10\/Millan_kazi_1-768x1024-1-225x300.jpg 225w, https:\/\/blogs.uef.fi\/karjalanelvytys\/wp-content\/uploads\/sites\/155\/2023\/10\/Millan_kazi_1-768x1024-1.jpg 768w\" sizes=\"auto, (max-width: 225px) 100vw, 225px\" \/><figcaption class=\"wp-element-caption\">Kuva: Niko Tynnyrinen<\/figcaption><\/figure>\n\n\n\n<h4 class=\"wp-block-heading\">13.2.2022<\/h4>\n\n\n\n<p>Yst\u00e4v\u00e4np\u00e4iv\u00e4s on roinnuh mielespiett\u00e4vien p\u00e4ivy. Luve t\u00e4m\u00e4 \u010doma kirjutus sih n\u00e4h.<\/p>\n\n\n\n<p>Kirjutannuh: Heli Palviainen<\/p>\n\n\n\n<p>Yst\u00e4vile po\u0161tukartit, ukole ukkavo!<\/p>\n\n\n\n<p>Enne yst\u00e4v\u00e4np\u00e4ivy merki\u010d\u010di minule vaiku p\u00e4ivi\u00e4, konzu pruaznuijah dovari\u0161oin da l\u00e4h\u00e4zien pruazniekkua. Romantiekku ei sih kuulunuh, kui monis muis mualois. Vuozi tagaperin dielo yhtell\u00e4h oli muuttunuh, konzu rubeimmo olemah yhtes minun nyg\u00f6zen mielespiett\u00e4v\u00e4nke.<\/p>\n\n\n\n<p>Yst\u00e4v\u00e4np\u00e4iv\u00e4n huondeksel mulloi duumai\u010dimmo, mid\u00e4 voinnuzimmo toine toizele toivottua. Emmo my\u00f6 en\u00e4mbi\u00e4 vaigu yst\u00e4vii olluh, ga toizielp\u00e4i emmo olluh sobinuh nimid\u00e4 muudu. Luajiimmo kompromisan da nagratellen toivotimmo toine toizele varakse vaiku \u201dhyvi\u00e4 p\u00e4ivi\u00e4\u201d. Eht\u00e4l dielo tuli uvvessah paginakse da pi\u00e4timm\u00f6, \u0161to ne\u010dis algajen toivottazimmo toine toizele hyvi\u00e4 vuozip\u00e4ivi\u00e4. Rubeimmo sit virrallizesti olemah yhtes.<\/p>\n\n\n\n<p>Nyg\u00f6i, ezm\u00e4zenny vuozip\u00e4iv\u00e4nny, emmo ehti n\u00e4ht\u00e4kseh, send\u00e4h gu el\u00e4mm\u00f6 eri linnois da ne\u010de p\u00e4ivy puuttuu ezm\u00e4ssargeh. Pruaznu\u010dimmo sit sid\u00e4 eduk\u00e4deh jo ned\u00e4linlopul. Nimid\u00e4 suurdu emmo planiiruinnuh, send\u00e4h gu olimmo minun muaman luo pid\u00e4m\u00e4s huoldu ka\u017eilois. Suovattan luajiin i katoin meile romantiellizen ildazen, kudaman lopukse otimmo palat tortua, kudaman pi\u00e4le olin pannuh pruazniekkutuohuksen, kui konzutahto roindup\u00e4iv\u00e4le. Ka\u010doimmo fil\u2019moi i ki\u017eaimmo videoki\u017eoih. Ned\u00e4linloppu oli ylen hyv\u00e4!<\/p>\n\n\n\n<p>Suvai\u010duksellistu yst\u00e4v\u00e4np\u00e4ivi\u00e4 da mielespiett\u00e4vien p\u00e4ivi\u00e4 kaikile!<\/p>\n\n\n\n<h4 class=\"wp-block-heading\">11.2.2022<\/h4>\n\n\n\n<p>Yst\u00e4v\u00e4np\u00e4ivy l\u00e4hen\u00f6y. Sid\u00e4 sanotah vie mielespiett\u00e4vien p\u00e4iv\u00e4kse. <strong>Eila Markkinen<\/strong> on kirjutannuh piendy \u010domua hyvittelyrunostu tulieh pruazniekkah ni\u0161koi. Luve runozet omale yst\u00e4v\u00e4le libo mielespiett\u00e4v\u00e4le!<\/p>\n\n\n\n<p>Oma kulduk\u00e4g\u00f6zeni,<br>armas syv\u00e4ink\u00e4byzeni,<br>rouzan n`uppu kuldoizeni,<br>sinuu min\u00e4 rakastan,<br>mielespiett\u00e4vien p\u00e4ivi\u00e4 toivotan.<\/p>\n\n\n\n<p>Sinuu kuldoi armastan,<br>hyvi\u00e4 yst\u00e4v\u00e4np\u00e4ivi\u00e4 toivotan,<br>roikkah p\u00e4iv\u00e4h hyvi\u00e4 mieldy,<br>kyll\u00e4l magiedu sy\u00f6misty.<\/p>\n\n\n\n<p>Solovei \u010doma pajolindu,<br>moneh luaduh pajattau,<br>sinule omale armahale<br>yst\u00e4v\u00e4np\u00e4ivi\u00e4 toivottau.<\/p>\n\n\n\n<h4 class=\"wp-block-heading\">8.2.2022<\/h4>\n\n\n\n<p>Mid\u00e4 paistah naizet, konzu tullah sobalaukkah? Hy\u00f6 tahtotah tiedi\u00e4, mittuzet ruutat ollah movvas juuri nyg\u00f6i da kui olis parem sellit\u00e4 pruazniekkah. Luve tarkembah t\u00e4s vuoropaginas, kuduan on kirjutannuh <strong>Eila Markkinen<\/strong>.<\/p>\n\n\n\n<h5 class=\"wp-block-heading\">Sobalaukas<\/h5>\n\n\n\n<p>Kaksi naistu tuli laukkah.<\/p>\n\n\n\n<p>\u2013 Terveh!<\/p>\n\n\n\n<p>\u2013 Tulgua terveh! Kuibo voizin avvuttua?<\/p>\n\n\n\n<p>\u2013 Saimmo ku\u010dun kez\u00e4pruazniekkah, ga emmo tiij\u00e4, kui sih sellit\u00e4. Mittuzet sovat ollah movvakkahat tuliel kez\u00e4l?<\/p>\n\n\n\n<p>\u2013 Min\u00e4bo kerron dai ozuttelen teile kevi\u00e4n da kez\u00e4n moudua. Ka\u010dommo sit p\u00e4tt\u00e4v\u00e4t mallit da v\u00e4rit, kudamat ollah teile parahat.<\/p>\n\n\n\n<p>\u2013 Passibo. Hyv\u00e4l mielel mi\u00e4ri\u00e4mm\u00f6 sobii. Mibo vuozikymmenii nyg\u00f6i on movvas?<\/p>\n\n\n\n<p>\u2013 Vuozi 2000, millenium. Bootcut-houzut kudamis ollah lahkiet alahal leviet, dai Grunge-d\u017einsat, kudamat ollah ylen v\u00e4ll\u00e4t da leviet. N\u00e4mmis vy\u00f6d\u00e4r\u00f6t se\u017eo ollah ylen madalat, n\u2019avat n\u00e4vyt\u00e4h.<\/p>\n\n\n\n<p>\u2013 Mittuzet pluat\u2019at da jupkat ollah movvas? Ollahgo helmat pitk\u00e4t libo lyhy\u00f6t?<\/p>\n\n\n\n<p>\u2013 Mollembat ollah movvas. Kaikis movvakkahin on lyhyt, minijupku dai minipluat\u2019t\u2019u Jupkan vy\u00f6d\u00e4r\u00f6 on madal, anna vai n\u2019aba n\u00e4gyy. Muitengi pal\u2019l\u2019astu yl\u00e4rungua ozutetah, konzu jupkan libo houzuloin kel pannah pi\u00e4le pikoi pikkaraine toupiekku.<\/p>\n\n\n\n<p>\u2013 A kuibo parem olis sellit\u00e4, konzu yl\u00e4rungu libo si\u00e4ret ollah moizet, kudamii et jo tahto ozuttua?<\/p>\n\n\n\n<p>\u2013 Movvas se\u017eo ollah naizekkahat maxipluat\u2019at, kudamis ollah pitk\u00e4t helmat da puhvihiemuat. Kaikenualastu muudugi movvakastu sobua on. Pluat\u2019an da houzut se\u017eo voit yhtisti\u00e4. Variantua on \u00e4ijy. On vie moinegi soba: \u201ccat suit\u201d. T\u00e4h runganmugazeh kiindieh kombinezonah \u0161uorivutah rohkiembat inehmizet.<\/p>\n\n\n\n<p>\u2013 Mittuzet ollah kevi\u00e4n da kez\u00e4n materjualat da mouduv\u00e4rit?<\/p>\n\n\n\n<p>\u2013 Materjualois ylen komiet ollah sifon da \u0161ulku. N\u00e4mmis azutut paijat da pluat\u2019at ollah \u010domat dai pruazniekallizet. Onh\u00e4i se\u017eo puuvillahistu, pelvahas luajittuu dai viskouzusobuagi. V\u00e4rii on \u00e4ijy da net ollah ylen \u010domat. On kirkkahii dai pasteliv\u00e4ril\u00f6i, vilumbastu dai l\u00e4mmemb\u00e4sty v\u00e4rivivahtustu. Pantone color -instituutas jullattih vuvven 2022 mouduv\u00e4rikse \u201cVery peri\u201d. T\u00e4m\u00e4 on fiolietovoih vivahtai sinine, kudamas se\u017eo on ruskiedu v\u00e4rii. V\u00e4ri on yhtenmoine talviokukanke (=periwinkle).<\/p>\n\n\n\n<p>\u2013 Mid\u00e4bo muudu v\u00e4rii vie on?<\/p>\n\n\n\n<p>\u2013 Zelen\u00e4ine my\u00f6s on ylen movvakas. Kai sen eriluaduzet n\u2019uansat ollah movvas. Sinizis valpahat dai keskimuzavat v\u00e4rit. Valpahanruskei muga kui pudri, muzavu valpahanruskei muga kui n\u2019amu. Harmuat ollah hiilen da ter\u00e4ksen v\u00e4rizii. Se\u017eo oran\u017eevoi, korallanruskei, tipazen keldaine da koufeinkarvaine ollah movvas.<\/p>\n\n\n\n<p>\u2013 Ongo valgei v\u00e4ri movvakas?<\/p>\n\n\n\n<p>\u2013 Tiett\u00e4v\u00e4ine on, no viluhko valgei moine, kui lumi. Bee\u017eevoit se\u017eo ollah viluttavat. N\u00e4mmis v\u00e4ril\u00f6is n\u00e4vyt\u00e4h \u010duurun vivahtukset.<\/p>\n\n\n\n<p>\u2013 No vot, \u00e4ijy on mis vallita.<\/p>\n\n\n\n<p>\u2013 Muga, assortimentua on \u00e4ijy. On yksiv\u00e4risty dai figuurallistu sobua. Nyg\u00f6i voit sellit\u00e4 vivahtus vivahtukseh libo kirkahih v\u00e4ril\u00f6ih. Kai ollah movvakkahat. Hobjua se\u017eo ei pie unohtua. Hobjazet sovat dai \u010domendukset ollah ylen movvakkahat. Naizet ka\u010dokkua, t\u00e4s minul teile on \u010domua pruazniekkupluat\u2019t\u2019ua teij\u00e4n kez\u00e4pruazniekkah. Minun mieles t\u00e4s mallivalli\u010dukses l\u00f6vvyt\u00e4h teij\u00e4n rungoi my\u00f6 \u010domat ruutat. Kuibo sit, tahtottogo mi\u00e4r\u00e4t\u00e4 n\u00e4mmii?<\/p>\n\n\n\n<p>\u2013 Oi mittuzet \u010domat ollah. Passibo, rubiemmo sovittamah.<\/p>\n\n\n\n<h4 class=\"wp-block-heading\">7.2.2022<\/h4>\n\n\n\n<p>Paginkluubalazet maltetah magiedu sy\u00f6misty varustua. T\u00e4s yksi hyv\u00e4\u010d\u010d\u00e4ine reseptu livvinkarjalakse, kuduan on kirjutannuh <strong>Hannu Lappalainen<\/strong>.<\/p>\n\n\n\n<h5 class=\"wp-block-heading\">Hannu-di\u00e4d\u00e4n kalapastos<\/h5>\n\n\n\n<p>P\u00e4\u010dis havvotut pastokset p\u00e4it\u00e4h hyvin sy\u00f6mizekse murginal libo ildupalakse y\u00f6niekoil. Pastokset varustat kebjieh: pid\u00e4y vai sevoittua ruohkuainehet da p\u00e4\u010d\u010di hoidau loput. Nenga em\u00e4nd\u00e4l da iz\u00e4nd\u00e4l ji\u00e4y aigua olla yhtes gostien kel. Pastoksen pi\u00e4ruohkuaineh voibi ollah liha, kana, kala libo eriluaduzet ouve\u0161it. Pastoksien li\u017e\u00e4ttehekse voibi tarita ezimerkikse ruskeijuurikoidu da suolattuu ogur\u010dua libo saluattua dai batonastu libo valgiedu leibi\u00e4.<\/p>\n\n\n\n<p>T\u00e4n\u00e4p\u00e4i valmistan pastoksen ilmai lihua, send\u00e4h gu t\u00e4m\u00e4n illan gost\u2019u ei sy\u00f6 lihua. Kala voibi olla gruavattuu (zuaharin kel suolattuu), savustetuu libo pilkottuu kalafiletty.<\/p>\n\n\n\n<p>T\u00e4s on reseptu 3\u20135 hengele.<\/p>\n\n\n\n<p>Tarvi\u010det:<\/p>\n\n\n\n<ul class=\"wp-block-list\">\n<li>300 gr gruavattuu lohtu<\/li>\n\n\n\n<li>200 gr savustettuu kalua<\/li>\n\n\n\n<li>1-2 kpl laukkua<\/li>\n\n\n\n<li>v\u00e4h\u00e4zen puatokkua<\/li>\n\n\n\n<li>500 gr kylm\u00e4tettyl\u00f6i kartohkupuikkozii<\/li>\n\n\n\n<li>200 gr kylm\u00e4tettyl\u00f6i ouve\u0161\u0161ipuikkozii<\/li>\n\n\n\n<li>3-4 dl sagiedu sliuhkuo<\/li>\n\n\n\n<li>2-3 dl kalaliendy<\/li>\n\n\n\n<li>ukroppua, pippurii, \u010dosnoukkua, suolua, limonansokkua<\/li>\n<\/ul>\n\n\n\n<p>Azu nenga:<\/p>\n\n\n\n<p>Pilko laukat, li\u017ei\u00e4 v\u00e4h\u00e4ine puatokkua da kypsend\u00e4 pyh\u00e4vois madalas l\u00e4mm\u00f6s (freesua). Li\u017ei\u00e4 palazikse leikatut kalat da anna hauduo kodvaine. Li\u017ei\u00e4 kalan joukkoh vie limonansokkua, gu ezm\u00e4zikse kalan magu tarvi\u010d\u010dou happuo da toizekse limonansokan mavul voibi korvata suolan maguu. Sevoita sulanuot kartohkat da ouve\u0161it laukku-kalasevoitekseh dai mavusta se ukropal, pippuril da \u010dosnokal. Li\u017ei\u00e4 lopukse sliuhkat da kalaliemi sego tarkista suolu. Suolan konah pid\u00e4y olla se\u017eo varovaine: k\u00e4ytt\u00e4net gruavattuu libo savustettuu kalua libo kalaliemikuubiekkoi, musta, sto niil\u00f6is on \u00e4ijy suolua. Pasta p\u00e4\u010dis 200 gruadusis 1-1,5 \u010duassuu.<\/p>\n\n\n\n<p>Hyvi\u00e4 sy\u00f6ndyhimuo! Leiby-suolu sy\u00f6jile!<\/p>\n\n\n\n<figure class=\"wp-block-image size-medium\"><img loading=\"lazy\" decoding=\"async\" width=\"225\" height=\"300\" src=\"https:\/\/blogs.uef.fi\/karjalanelvytys\/wp-content\/uploads\/sites\/155\/2023\/10\/Hannun-kalapastos-225x300.jpg\" alt=\"Vuoka, jossa on kalapaistosta; p\u00f6yd\u00e4ss\u00e4 on my\u00f6s lisukkeita ja kolme viinilasia\" class=\"wp-image-12849\" srcset=\"https:\/\/blogs.uef.fi\/karjalanelvytys\/wp-content\/uploads\/sites\/155\/2023\/10\/Hannun-kalapastos-225x300.jpg 225w, https:\/\/blogs.uef.fi\/karjalanelvytys\/wp-content\/uploads\/sites\/155\/2023\/10\/Hannun-kalapastos.jpg 720w\" sizes=\"auto, (max-width: 225px) 100vw, 225px\" \/><figcaption class=\"wp-element-caption\">Kuva: Hannu Lappalainen<\/figcaption><\/figure>\n\n\n\n<h4 class=\"wp-block-heading\">1.2.2022<\/h4>\n\n\n\n<p>Paginkluubalazet \u00e4ij\u00e4l suvaijah ka\u017eiloi. My\u00f6 kai tahtoimmo ezm\u00e4i avata sivun nimel Ka\u017eiloin uudizet! Nyg\u00f6i t\u00e4l sivul meil on ka\u017eiloin rubriekkua, da t\u00e4n\u00e4p\u00e4i on Runoloi ka\u017eiloih n\u00e4h -rubriekan avuandan vuoro.<\/p>\n\n\n\n<p>Kirjutannuh: Eila Markkinen<\/p>\n\n\n\n<p>Ka\u017einpoigazet pikoi pikkarazet,<br>p\u00f6rh\u00e4kk\u00f6zet, pehmiet,<br>t\u00f6lmet\u00e4h hy\u00f6 nurmikol<br>jagahizel vessel on.<\/p>\n\n\n\n<p>P\u00e4iv\u00e4ine pastau l\u00e4mm\u00e4sti,<br>tuulen heng\u00e4vys hil<code>l<\/code>azeh<br>kukkazii lied\u017euttau.<\/p>\n\n\n\n<p>Ka\u017einpoigazet pikoi pikkarazet,<br>p\u00f6rh\u00e4kk\u00f6zet, pehmiet,<br>ki\u017eates hy\u00f6 v\u00e4zyt\u00e4h,<br>kerras muate viert\u00e4h,<br>nurmikole uinotah.<\/p>\n\n\n\n<p>Linduzet pajuo pajatetah<br>Heiny\u010dirkat viulul soitetah,<br>ka\u017einpogazii uinotetah.<\/p>\n\n\n\n<h4 class=\"wp-block-heading\">31.1.2022<\/h4>\n\n\n\n<p>Kirjutannuh: Niko Tynnyrinen<\/p>\n\n\n\n<p>Terveh! T\u00e4s ka\u017eiloin uudizet pakkaskuul:<\/p>\n\n\n\n<p>Terveh teile, t\u00e4s vereksemb\u00e4t ka\u017eiloin uudizet Jovensuusp\u00e4i.<\/p>\n\n\n\n<p>Toi\u010di sanotah, gu ka\u017eile on parahite mieldy my\u00f6 moine elos, kuduas ei ole liijakse uuttu libo kummakastu. Nengomah hil\u2019l\u2019akkazeh tabah ollah ka\u017eit eletty talvikuul ti\u00e4 Jovensuusgi sen j\u00e4lgeh, konzu hy\u00f6 ezm\u00e4i yhten kerran puututtih kandoko\u017einoloih da niil\u00f6is el\u00e4ttil\u00f6in li\u00e4g\u00e4rih. Toizel ka\u017eil on liijakse aktiivine suojusrauhaine, send\u00e4h h\u00e4nel pid\u00e4y puaksuh ottua verikoittehet. Toine ka\u017ei oli keral vaigu rokotehtu suamas.<\/p>\n\n\n\n<p>Ozakse li\u00e4g\u00e4rin tiijot oldih hyv\u00e4t, nyg\u00f6i voijah ka\u017eit huogavuo. T\u00e4l ned\u00e4lil hy\u00f6 ollah vaigu ka\u010dottu-duumaittu ainos muuttujua si\u00e4dy. Konzu p\u00e4ivy on ylen l\u00e4mmin, ka\u017eit virutah lattiel da ihan unohtetah kai kattiet da od\u2019d\u2019ualazet. No, talvikuul yhtell\u00e4h voit tuliruttoh kylmi\u00e4 da pakkazel ka\u017eit muatahgi toine toizen pi\u00e4l libo muite rinnakkai hos divanal.<\/p>\n\n\n\n<p>Pakkazen t\u00e4h ka\u017eiloin mieles ned\u00e4lin paras dielo oligi varmah se, konzu heij\u00e4n ristikanzat liikutettih omassah kruavatin toizeh kohtah. Nyg\u00f6i se on ka\u017eiloin kruavatti, send\u00e4h gu on l\u00e4mb\u00f6bartarein vieres.<\/p>\n\n\n\n<figure class=\"wp-block-image size-medium\"><img loading=\"lazy\" decoding=\"async\" width=\"225\" height=\"300\" src=\"https:\/\/blogs.uef.fi\/karjalanelvytys\/wp-content\/uploads\/sites\/155\/2023\/10\/kazit_Milla-768x1023-1-225x300.jpg\" alt=\"Kermanvaalea ja musta kissa nojaavat toisiinsa sohvalla\" class=\"wp-image-12852\" srcset=\"https:\/\/blogs.uef.fi\/karjalanelvytys\/wp-content\/uploads\/sites\/155\/2023\/10\/kazit_Milla-768x1023-1-225x300.jpg 225w, https:\/\/blogs.uef.fi\/karjalanelvytys\/wp-content\/uploads\/sites\/155\/2023\/10\/kazit_Milla-768x1023-1.jpg 768w\" sizes=\"auto, (max-width: 225px) 100vw, 225px\" \/><figcaption class=\"wp-element-caption\">Kuva: Niko Tynnyrinen<\/figcaption><\/figure>\n\n\n\n<h4 class=\"wp-block-heading\">28.1.2022<\/h4>\n\n\n\n<p>Kirjutannuh: Eila Markkinen<\/p>\n\n\n\n<p>Terveh teile! Min\u00e4 olen Aatu, na\u010dal\u2019niekku t\u00e4s perehes. T\u00e4m\u00e4 on minun valduistuin, kusp\u00e4i on hyv\u00e4 vardoija i ka\u010della, mid\u00e4 minun palvelijat ruatah.<\/p>\n\n\n\n<p>Onh\u00e4i minul vie toinegi nimi \u2013 Kuldupalaine. T\u00e4m\u00e4 nimi on minule mieldy my\u00f6, muuzikkua korvih tulou, konzu em\u00e4ndy minuu ku\u010d\u010duu \u201domakse rakkahakse Kuldupalazekse\u201d.<\/p>\n\n\n\n<p>Toinah konzu mid\u00e4tah pahua olen luadimas, kerras Aatukse ku\u010d\u010duu minuu em\u00e4ndy. En voi ellendi\u00e4, mind\u00e4h kukkupadazisp\u00e4i ei sua muldua kuobie i\u00e4res. Tiett\u00e4v\u00e4ine ellend\u00e4n, mind\u00e4h em\u00e4ndy ei sid\u00e4 minun ruaduo suvai\u010de, h\u00e4nele roih kabrastamistu. Nu h\u00e4i ei ellend\u00e4, \u0161to min\u00e4 h\u00e4ndy avvutan, kukkii hoijan, mullat kouhakokse azun.<\/p>\n\n\n\n<p>Onh\u00e4i muudugi dieluo, kudamis emmo ainos ole yhty mieldy, ga yksikai olen h\u00e4nele rakas dai h\u00e4i minule.<\/p>\n\n\n\n<figure class=\"wp-block-image size-medium\"><img loading=\"lazy\" decoding=\"async\" width=\"189\" height=\"300\" src=\"https:\/\/blogs.uef.fi\/karjalanelvytys\/wp-content\/uploads\/sites\/155\/2023\/10\/Kazi_Paginkluubu-189x300.jpg\" alt=\"Oranssi kissa makaa kiipeilypuussa\" class=\"wp-image-12855\" srcset=\"https:\/\/blogs.uef.fi\/karjalanelvytys\/wp-content\/uploads\/sites\/155\/2023\/10\/Kazi_Paginkluubu-189x300.jpg 189w, https:\/\/blogs.uef.fi\/karjalanelvytys\/wp-content\/uploads\/sites\/155\/2023\/10\/Kazi_Paginkluubu.jpg 546w\" sizes=\"auto, (max-width: 189px) 100vw, 189px\" \/><figcaption class=\"wp-element-caption\">Kuva: Eila Markkinen<\/figcaption><\/figure>\n","protected":false},"excerpt":{"rendered":"<p>Terveh teile! T\u00e4l sivul my\u00f6 julguammo paginkluubalazien kirjutuksii, starinoi, runoloi, uudizii, vuoropaginoi da konzu mid\u00e4gi. Yhty sin\u00e4gi meij\u00e4n paginkluubah! Paginkluuban sivul julguammo se\u017eo livvinkarjalan opastujien kodiruadoloi da ruadopajois luajittuloi kirjutuksii. Kielentarkastandu: Natalia Giloeva (Hiloin Natoi) Livvinkarjalaine paginkluubu Facebookas: linku. 4.3.2026 Livvinkarjalan paginkursan opastujien kirjutuksii Aju Jurvanen: Paginildu k\u00e4ziruadoh n\u00e4h Jovensuus Olin 19. tuhukuudu enzim\u00e4sty kerdua [&hellip;]<\/p>\n","protected":false},"author":580,"featured_media":0,"parent":0,"menu_order":0,"comment_status":"closed","ping_status":"closed","template":"","meta":{"_acf_changed":false,"footnotes":""},"class_list":["post-12641","page","type-page","status-publish","hentry"],"acf":[],"yoast_head":"<!-- This site is optimized with the Yoast SEO plugin v27.3 - https:\/\/yoast.com\/product\/yoast-seo-wordpress\/ -->\n<title>Livvinkarjalaine paginkluubu - Karjalan kielen elvytt\u00e4minen<\/title>\n<meta name=\"robots\" content=\"index, follow, max-snippet:-1, max-image-preview:large, max-video-preview:-1\" \/>\n<link rel=\"canonical\" href=\"https:\/\/blogs.uef.fi\/karjalanelvytys\/livvinkarjalaine-paginkluubu\/\" \/>\n<meta property=\"og:locale\" content=\"fi_FI\" \/>\n<meta property=\"og:type\" content=\"article\" \/>\n<meta property=\"og:title\" content=\"Livvinkarjalaine paginkluubu - Karjalan kielen elvytt\u00e4minen\" \/>\n<meta property=\"og:description\" content=\"Terveh teile! T\u00e4l sivul my\u00f6 julguammo paginkluubalazien kirjutuksii, starinoi, runoloi, uudizii, vuoropaginoi da konzu mid\u00e4gi. Yhty sin\u00e4gi meij\u00e4n paginkluubah! Paginkluuban sivul julguammo se\u017eo livvinkarjalan opastujien kodiruadoloi da ruadopajois luajittuloi kirjutuksii. Kielentarkastandu: Natalia Giloeva (Hiloin Natoi) Livvinkarjalaine paginkluubu Facebookas: linku. 4.3.2026 Livvinkarjalan paginkursan opastujien kirjutuksii Aju Jurvanen: Paginildu k\u00e4ziruadoh n\u00e4h Jovensuus Olin 19. tuhukuudu enzim\u00e4sty kerdua [&hellip;]\" \/>\n<meta property=\"og:url\" content=\"https:\/\/blogs.uef.fi\/karjalanelvytys\/livvinkarjalaine-paginkluubu\/\" \/>\n<meta property=\"og:site_name\" content=\"Karjalan kielen elvytt\u00e4minen\" \/>\n<meta property=\"article:modified_time\" content=\"2026-03-04T08:47:07+00:00\" \/>\n<meta property=\"og:image\" content=\"https:\/\/blogs.uef.fi\/karjalanelvytys\/wp-content\/uploads\/sites\/155\/2023\/10\/KuvaPaginkluubu-768x576-1.jpg\" \/>\n\t<meta property=\"og:image:width\" content=\"768\" \/>\n\t<meta property=\"og:image:height\" content=\"576\" \/>\n\t<meta property=\"og:image:type\" content=\"image\/jpeg\" \/>\n<meta name=\"twitter:card\" content=\"summary_large_image\" \/>\n<meta name=\"twitter:label1\" content=\"Arvioitu lukuaika\" \/>\n\t<meta name=\"twitter:data1\" content=\"159 minuuttia\" \/>\n<script type=\"application\/ld+json\" class=\"yoast-schema-graph\">{\"@context\":\"https:\\\/\\\/schema.org\",\"@graph\":[{\"@type\":\"WebPage\",\"@id\":\"https:\\\/\\\/blogs.uef.fi\\\/karjalanelvytys\\\/livvinkarjalaine-paginkluubu\\\/\",\"url\":\"https:\\\/\\\/blogs.uef.fi\\\/karjalanelvytys\\\/livvinkarjalaine-paginkluubu\\\/\",\"name\":\"Livvinkarjalaine paginkluubu - Karjalan kielen elvytt\u00e4minen\",\"isPartOf\":{\"@id\":\"https:\\\/\\\/blogs.uef.fi\\\/karjalanelvytys\\\/#website\"},\"primaryImageOfPage\":{\"@id\":\"https:\\\/\\\/blogs.uef.fi\\\/karjalanelvytys\\\/livvinkarjalaine-paginkluubu\\\/#primaryimage\"},\"image\":{\"@id\":\"https:\\\/\\\/blogs.uef.fi\\\/karjalanelvytys\\\/livvinkarjalaine-paginkluubu\\\/#primaryimage\"},\"thumbnailUrl\":\"https:\\\/\\\/blogs.uef.fi\\\/karjalanelvytys\\\/wp-content\\\/uploads\\\/sites\\\/155\\\/2023\\\/10\\\/KuvaPaginkluubu-768x576-1-300x225.jpg\",\"datePublished\":\"2023-10-26T06:37:24+00:00\",\"dateModified\":\"2026-03-04T08:47:07+00:00\",\"breadcrumb\":{\"@id\":\"https:\\\/\\\/blogs.uef.fi\\\/karjalanelvytys\\\/livvinkarjalaine-paginkluubu\\\/#breadcrumb\"},\"inLanguage\":\"fi\",\"potentialAction\":[{\"@type\":\"ReadAction\",\"target\":[\"https:\\\/\\\/blogs.uef.fi\\\/karjalanelvytys\\\/livvinkarjalaine-paginkluubu\\\/\"]}]},{\"@type\":\"ImageObject\",\"inLanguage\":\"fi\",\"@id\":\"https:\\\/\\\/blogs.uef.fi\\\/karjalanelvytys\\\/livvinkarjalaine-paginkluubu\\\/#primaryimage\",\"url\":\"https:\\\/\\\/blogs.uef.fi\\\/karjalanelvytys\\\/wp-content\\\/uploads\\\/sites\\\/155\\\/2023\\\/10\\\/KuvaPaginkluubu-768x576-1.jpg\",\"contentUrl\":\"https:\\\/\\\/blogs.uef.fi\\\/karjalanelvytys\\\/wp-content\\\/uploads\\\/sites\\\/155\\\/2023\\\/10\\\/KuvaPaginkluubu-768x576-1.jpg\",\"width\":768,\"height\":576},{\"@type\":\"BreadcrumbList\",\"@id\":\"https:\\\/\\\/blogs.uef.fi\\\/karjalanelvytys\\\/livvinkarjalaine-paginkluubu\\\/#breadcrumb\",\"itemListElement\":[{\"@type\":\"ListItem\",\"position\":1,\"name\":\"Home\",\"item\":\"https:\\\/\\\/blogs.uef.fi\\\/karjalanelvytys\\\/\"},{\"@type\":\"ListItem\",\"position\":2,\"name\":\"Livvinkarjalaine paginkluubu\"}]},{\"@type\":\"WebSite\",\"@id\":\"https:\\\/\\\/blogs.uef.fi\\\/karjalanelvytys\\\/#website\",\"url\":\"https:\\\/\\\/blogs.uef.fi\\\/karjalanelvytys\\\/\",\"name\":\"Karjalan kielen elvytt\u00e4minen\",\"description\":\"\",\"potentialAction\":[{\"@type\":\"SearchAction\",\"target\":{\"@type\":\"EntryPoint\",\"urlTemplate\":\"https:\\\/\\\/blogs.uef.fi\\\/karjalanelvytys\\\/?s={search_term_string}\"},\"query-input\":{\"@type\":\"PropertyValueSpecification\",\"valueRequired\":true,\"valueName\":\"search_term_string\"}}],\"inLanguage\":\"fi\"}]}<\/script>\n<!-- \/ Yoast SEO plugin. -->","yoast_head_json":{"title":"Livvinkarjalaine paginkluubu - Karjalan kielen elvytt\u00e4minen","robots":{"index":"index","follow":"follow","max-snippet":"max-snippet:-1","max-image-preview":"max-image-preview:large","max-video-preview":"max-video-preview:-1"},"canonical":"https:\/\/blogs.uef.fi\/karjalanelvytys\/livvinkarjalaine-paginkluubu\/","og_locale":"fi_FI","og_type":"article","og_title":"Livvinkarjalaine paginkluubu - Karjalan kielen elvytt\u00e4minen","og_description":"Terveh teile! T\u00e4l sivul my\u00f6 julguammo paginkluubalazien kirjutuksii, starinoi, runoloi, uudizii, vuoropaginoi da konzu mid\u00e4gi. Yhty sin\u00e4gi meij\u00e4n paginkluubah! Paginkluuban sivul julguammo se\u017eo livvinkarjalan opastujien kodiruadoloi da ruadopajois luajittuloi kirjutuksii. Kielentarkastandu: Natalia Giloeva (Hiloin Natoi) Livvinkarjalaine paginkluubu Facebookas: linku. 4.3.2026 Livvinkarjalan paginkursan opastujien kirjutuksii Aju Jurvanen: Paginildu k\u00e4ziruadoh n\u00e4h Jovensuus Olin 19. tuhukuudu enzim\u00e4sty kerdua [&hellip;]","og_url":"https:\/\/blogs.uef.fi\/karjalanelvytys\/livvinkarjalaine-paginkluubu\/","og_site_name":"Karjalan kielen elvytt\u00e4minen","article_modified_time":"2026-03-04T08:47:07+00:00","og_image":[{"width":768,"height":576,"url":"https:\/\/blogs.uef.fi\/karjalanelvytys\/wp-content\/uploads\/sites\/155\/2023\/10\/KuvaPaginkluubu-768x576-1.jpg","type":"image\/jpeg"}],"twitter_card":"summary_large_image","twitter_misc":{"Arvioitu lukuaika":"159 minuuttia"},"schema":{"@context":"https:\/\/schema.org","@graph":[{"@type":"WebPage","@id":"https:\/\/blogs.uef.fi\/karjalanelvytys\/livvinkarjalaine-paginkluubu\/","url":"https:\/\/blogs.uef.fi\/karjalanelvytys\/livvinkarjalaine-paginkluubu\/","name":"Livvinkarjalaine paginkluubu - Karjalan kielen elvytt\u00e4minen","isPartOf":{"@id":"https:\/\/blogs.uef.fi\/karjalanelvytys\/#website"},"primaryImageOfPage":{"@id":"https:\/\/blogs.uef.fi\/karjalanelvytys\/livvinkarjalaine-paginkluubu\/#primaryimage"},"image":{"@id":"https:\/\/blogs.uef.fi\/karjalanelvytys\/livvinkarjalaine-paginkluubu\/#primaryimage"},"thumbnailUrl":"https:\/\/blogs.uef.fi\/karjalanelvytys\/wp-content\/uploads\/sites\/155\/2023\/10\/KuvaPaginkluubu-768x576-1-300x225.jpg","datePublished":"2023-10-26T06:37:24+00:00","dateModified":"2026-03-04T08:47:07+00:00","breadcrumb":{"@id":"https:\/\/blogs.uef.fi\/karjalanelvytys\/livvinkarjalaine-paginkluubu\/#breadcrumb"},"inLanguage":"fi","potentialAction":[{"@type":"ReadAction","target":["https:\/\/blogs.uef.fi\/karjalanelvytys\/livvinkarjalaine-paginkluubu\/"]}]},{"@type":"ImageObject","inLanguage":"fi","@id":"https:\/\/blogs.uef.fi\/karjalanelvytys\/livvinkarjalaine-paginkluubu\/#primaryimage","url":"https:\/\/blogs.uef.fi\/karjalanelvytys\/wp-content\/uploads\/sites\/155\/2023\/10\/KuvaPaginkluubu-768x576-1.jpg","contentUrl":"https:\/\/blogs.uef.fi\/karjalanelvytys\/wp-content\/uploads\/sites\/155\/2023\/10\/KuvaPaginkluubu-768x576-1.jpg","width":768,"height":576},{"@type":"BreadcrumbList","@id":"https:\/\/blogs.uef.fi\/karjalanelvytys\/livvinkarjalaine-paginkluubu\/#breadcrumb","itemListElement":[{"@type":"ListItem","position":1,"name":"Home","item":"https:\/\/blogs.uef.fi\/karjalanelvytys\/"},{"@type":"ListItem","position":2,"name":"Livvinkarjalaine paginkluubu"}]},{"@type":"WebSite","@id":"https:\/\/blogs.uef.fi\/karjalanelvytys\/#website","url":"https:\/\/blogs.uef.fi\/karjalanelvytys\/","name":"Karjalan kielen elvytt\u00e4minen","description":"","potentialAction":[{"@type":"SearchAction","target":{"@type":"EntryPoint","urlTemplate":"https:\/\/blogs.uef.fi\/karjalanelvytys\/?s={search_term_string}"},"query-input":{"@type":"PropertyValueSpecification","valueRequired":true,"valueName":"search_term_string"}}],"inLanguage":"fi"}]}},"_links":{"self":[{"href":"https:\/\/blogs.uef.fi\/karjalanelvytys\/wp-json\/wp\/v2\/pages\/12641","targetHints":{"allow":["GET"]}}],"collection":[{"href":"https:\/\/blogs.uef.fi\/karjalanelvytys\/wp-json\/wp\/v2\/pages"}],"about":[{"href":"https:\/\/blogs.uef.fi\/karjalanelvytys\/wp-json\/wp\/v2\/types\/page"}],"author":[{"embeddable":true,"href":"https:\/\/blogs.uef.fi\/karjalanelvytys\/wp-json\/wp\/v2\/users\/580"}],"replies":[{"embeddable":true,"href":"https:\/\/blogs.uef.fi\/karjalanelvytys\/wp-json\/wp\/v2\/comments?post=12641"}],"version-history":[{"count":2,"href":"https:\/\/blogs.uef.fi\/karjalanelvytys\/wp-json\/wp\/v2\/pages\/12641\/revisions"}],"predecessor-version":[{"id":23507,"href":"https:\/\/blogs.uef.fi\/karjalanelvytys\/wp-json\/wp\/v2\/pages\/12641\/revisions\/23507"}],"wp:attachment":[{"href":"https:\/\/blogs.uef.fi\/karjalanelvytys\/wp-json\/wp\/v2\/media?parent=12641"}],"curies":[{"name":"wp","href":"https:\/\/api.w.org\/{rel}","templated":true}]}}