{"id":11476,"date":"2023-08-21T09:50:19","date_gmt":"2023-08-21T06:50:19","guid":{"rendered":"https:\/\/blogs.uef.fi\/karjalanelvytys\/?page_id=11476"},"modified":"2026-01-19T15:35:28","modified_gmt":"2026-01-19T13:35:28","slug":"kurssien-kirjoitukset","status":"publish","type":"page","link":"https:\/\/blogs.uef.fi\/karjalanelvytys\/kurssien-kirjoitukset\/","title":{"rendered":"Kurssien kirjoitukset"},"content":{"rendered":"<p>Karjalan kielen elvytyshankkeen ja karjalan kielen oppiaineen toiminta tukevat toisiaan. Sen lis\u00e4ksi, ett\u00e4 elvytyshankkeen tuottamia materiaaleja voidaan k\u00e4ytt\u00e4\u00e4 opetuksessa, julkaistaan karjalan kielen opiskelijoiden ja karjalan kielen keskustelukerhojen osallistujen tekstej\u00e4 elvytyshankkeen blogissa.<\/p>\n<p>Karjalaini nimist\u00f6: <a href=\"https:\/\/blogs.uef.fi\/karjalanelvytys\/karjalaini-nimisto\/\" target=\"_blank\" rel=\"noopener\">Linkki nimist\u00f6aiheisiin kirjoituksiin<\/a><\/p>\n<p>Ki\u00e4nn\u00f6sseminuaran \u010duppu: <a href=\"https:\/\/blogs.uef.fi\/karjalanelvytys\/kiannosseminuaran-cuppu\/\" target=\"_blank\" rel=\"noopener\">Linkki karjalan k\u00e4\u00e4nn\u00f6sseminaarikurssien kirjoituksiin<\/a><\/p>\n<p>Vienankarjalaini pakinaklupi: <a href=\"https:\/\/blogs.uef.fi\/karjalanelvytys\/vienankarjalaini-pakinaklupi\/\" target=\"_blank\" rel=\"noopener\">Linkki vienankarjalan keskustelukerhon osallistujien kirjoituksiin<\/a><\/p>\n<p>Vienankarjalan opa\u0161tujat kirjutetah:\u00a0<a href=\"https:\/\/blogs.uef.fi\/karjalanelvytys\/vienankarjalan-opastujat-kirjutetah\/\" target=\"_blank\" rel=\"noopener\">Linkki vienankarjalan opiskelijoiden kirjoituksiin ja muihin kielimaterialeihin<\/a><\/p>\n<p>Suvikarjalan opastujat kirjutetah: <a href=\"https:\/\/blogs.uef.fi\/karjalanelvytys\/suvikarjalan-opastujat-kirjutetah\/\" target=\"_blank\" rel=\"noopener\">Linkki etel\u00e4karjalan opiskelijoiden kirjoituksiin<\/a><\/p>\n<p>Livvinkarjalaine paginkluubu: <a href=\"https:\/\/blogs.uef.fi\/karjalanelvytys\/livvinkarjalaine-paginkluubu\/\" target=\"_blank\" rel=\"noopener\">Linkki livvinkarjalan kurssien ja keskustelukerhojen osallistujien kirjoituksiin<\/a><\/p>\n\n\n<p><\/p>\n","protected":false},"excerpt":{"rendered":"<p>Karjalan kielen elvytyshankkeen ja karjalan kielen oppiaineen toiminta tukevat toisiaan. Sen lis\u00e4ksi, ett\u00e4 elvytyshankkeen tuottamia materiaaleja voidaan k\u00e4ytt\u00e4\u00e4 opetuksessa, julkaistaan karjalan kielen opiskelijoiden ja karjalan kielen keskustelukerhojen osallistujen tekstej\u00e4 elvytyshankkeen blogissa. Karjalaini nimist\u00f6: Linkki nimist\u00f6aiheisiin kirjoituksiin Ki\u00e4nn\u00f6sseminuaran \u010duppu: Linkki karjalan k\u00e4\u00e4nn\u00f6sseminaarikurssien kirjoituksiin Vienankarjalaini pakinaklupi: Linkki vienankarjalan keskustelukerhon osallistujien kirjoituksiin Vienankarjalan opa\u0161tujat kirjutetah:\u00a0Linkki vienankarjalan opiskelijoiden kirjoituksiin [&hellip;]<\/p>\n","protected":false},"author":580,"featured_media":0,"parent":0,"menu_order":0,"comment_status":"closed","ping_status":"closed","template":"","meta":{"_acf_changed":false,"footnotes":""},"class_list":["post-11476","page","type-page","status-publish","hentry"],"acf":[],"yoast_head":"<!-- This site is optimized with the Yoast SEO plugin v27.3 - https:\/\/yoast.com\/product\/yoast-seo-wordpress\/ -->\n<title>Kurssien kirjoitukset - Karjalan kielen elvytt\u00e4minen<\/title>\n<meta name=\"robots\" content=\"index, follow, max-snippet:-1, max-image-preview:large, max-video-preview:-1\" \/>\n<link rel=\"canonical\" href=\"https:\/\/blogs.uef.fi\/karjalanelvytys\/kurssien-kirjoitukset\/\" \/>\n<meta property=\"og:locale\" content=\"fi_FI\" \/>\n<meta property=\"og:type\" content=\"article\" \/>\n<meta property=\"og:title\" content=\"Kurssien kirjoitukset - Karjalan kielen elvytt\u00e4minen\" \/>\n<meta property=\"og:description\" content=\"Karjalan kielen elvytyshankkeen ja karjalan kielen oppiaineen toiminta tukevat toisiaan. Sen lis\u00e4ksi, ett\u00e4 elvytyshankkeen tuottamia materiaaleja voidaan k\u00e4ytt\u00e4\u00e4 opetuksessa, julkaistaan karjalan kielen opiskelijoiden ja karjalan kielen keskustelukerhojen osallistujen tekstej\u00e4 elvytyshankkeen blogissa. Karjalaini nimist\u00f6: Linkki nimist\u00f6aiheisiin kirjoituksiin Ki\u00e4nn\u00f6sseminuaran \u010duppu: Linkki karjalan k\u00e4\u00e4nn\u00f6sseminaarikurssien kirjoituksiin Vienankarjalaini pakinaklupi: Linkki vienankarjalan keskustelukerhon osallistujien kirjoituksiin Vienankarjalan opa\u0161tujat kirjutetah:\u00a0Linkki vienankarjalan opiskelijoiden kirjoituksiin [&hellip;]\" \/>\n<meta property=\"og:url\" content=\"https:\/\/blogs.uef.fi\/karjalanelvytys\/kurssien-kirjoitukset\/\" \/>\n<meta property=\"og:site_name\" content=\"Karjalan kielen elvytt\u00e4minen\" \/>\n<meta property=\"article:modified_time\" content=\"2026-01-19T13:35:28+00:00\" \/>\n<meta name=\"twitter:card\" content=\"summary_large_image\" \/>\n<meta name=\"twitter:label1\" content=\"Arvioitu lukuaika\" \/>\n\t<meta name=\"twitter:data1\" content=\"1 minuutti\" \/>\n<script type=\"application\/ld+json\" class=\"yoast-schema-graph\">{\"@context\":\"https:\\\/\\\/schema.org\",\"@graph\":[{\"@type\":\"WebPage\",\"@id\":\"https:\\\/\\\/blogs.uef.fi\\\/karjalanelvytys\\\/kurssien-kirjoitukset\\\/\",\"url\":\"https:\\\/\\\/blogs.uef.fi\\\/karjalanelvytys\\\/kurssien-kirjoitukset\\\/\",\"name\":\"Kurssien kirjoitukset - Karjalan kielen elvytt\u00e4minen\",\"isPartOf\":{\"@id\":\"https:\\\/\\\/blogs.uef.fi\\\/karjalanelvytys\\\/#website\"},\"datePublished\":\"2023-08-21T06:50:19+00:00\",\"dateModified\":\"2026-01-19T13:35:28+00:00\",\"breadcrumb\":{\"@id\":\"https:\\\/\\\/blogs.uef.fi\\\/karjalanelvytys\\\/kurssien-kirjoitukset\\\/#breadcrumb\"},\"inLanguage\":\"fi\",\"potentialAction\":[{\"@type\":\"ReadAction\",\"target\":[\"https:\\\/\\\/blogs.uef.fi\\\/karjalanelvytys\\\/kurssien-kirjoitukset\\\/\"]}]},{\"@type\":\"BreadcrumbList\",\"@id\":\"https:\\\/\\\/blogs.uef.fi\\\/karjalanelvytys\\\/kurssien-kirjoitukset\\\/#breadcrumb\",\"itemListElement\":[{\"@type\":\"ListItem\",\"position\":1,\"name\":\"Home\",\"item\":\"https:\\\/\\\/blogs.uef.fi\\\/karjalanelvytys\\\/\"},{\"@type\":\"ListItem\",\"position\":2,\"name\":\"Kurssien kirjoitukset\"}]},{\"@type\":\"WebSite\",\"@id\":\"https:\\\/\\\/blogs.uef.fi\\\/karjalanelvytys\\\/#website\",\"url\":\"https:\\\/\\\/blogs.uef.fi\\\/karjalanelvytys\\\/\",\"name\":\"Karjalan kielen elvytt\u00e4minen\",\"description\":\"\",\"potentialAction\":[{\"@type\":\"SearchAction\",\"target\":{\"@type\":\"EntryPoint\",\"urlTemplate\":\"https:\\\/\\\/blogs.uef.fi\\\/karjalanelvytys\\\/?s={search_term_string}\"},\"query-input\":{\"@type\":\"PropertyValueSpecification\",\"valueRequired\":true,\"valueName\":\"search_term_string\"}}],\"inLanguage\":\"fi\"}]}<\/script>\n<!-- \/ Yoast SEO plugin. -->","yoast_head_json":{"title":"Kurssien kirjoitukset - Karjalan kielen elvytt\u00e4minen","robots":{"index":"index","follow":"follow","max-snippet":"max-snippet:-1","max-image-preview":"max-image-preview:large","max-video-preview":"max-video-preview:-1"},"canonical":"https:\/\/blogs.uef.fi\/karjalanelvytys\/kurssien-kirjoitukset\/","og_locale":"fi_FI","og_type":"article","og_title":"Kurssien kirjoitukset - Karjalan kielen elvytt\u00e4minen","og_description":"Karjalan kielen elvytyshankkeen ja karjalan kielen oppiaineen toiminta tukevat toisiaan. Sen lis\u00e4ksi, ett\u00e4 elvytyshankkeen tuottamia materiaaleja voidaan k\u00e4ytt\u00e4\u00e4 opetuksessa, julkaistaan karjalan kielen opiskelijoiden ja karjalan kielen keskustelukerhojen osallistujen tekstej\u00e4 elvytyshankkeen blogissa. Karjalaini nimist\u00f6: Linkki nimist\u00f6aiheisiin kirjoituksiin Ki\u00e4nn\u00f6sseminuaran \u010duppu: Linkki karjalan k\u00e4\u00e4nn\u00f6sseminaarikurssien kirjoituksiin Vienankarjalaini pakinaklupi: Linkki vienankarjalan keskustelukerhon osallistujien kirjoituksiin Vienankarjalan opa\u0161tujat kirjutetah:\u00a0Linkki vienankarjalan opiskelijoiden kirjoituksiin [&hellip;]","og_url":"https:\/\/blogs.uef.fi\/karjalanelvytys\/kurssien-kirjoitukset\/","og_site_name":"Karjalan kielen elvytt\u00e4minen","article_modified_time":"2026-01-19T13:35:28+00:00","twitter_card":"summary_large_image","twitter_misc":{"Arvioitu lukuaika":"1 minuutti"},"schema":{"@context":"https:\/\/schema.org","@graph":[{"@type":"WebPage","@id":"https:\/\/blogs.uef.fi\/karjalanelvytys\/kurssien-kirjoitukset\/","url":"https:\/\/blogs.uef.fi\/karjalanelvytys\/kurssien-kirjoitukset\/","name":"Kurssien kirjoitukset - Karjalan kielen elvytt\u00e4minen","isPartOf":{"@id":"https:\/\/blogs.uef.fi\/karjalanelvytys\/#website"},"datePublished":"2023-08-21T06:50:19+00:00","dateModified":"2026-01-19T13:35:28+00:00","breadcrumb":{"@id":"https:\/\/blogs.uef.fi\/karjalanelvytys\/kurssien-kirjoitukset\/#breadcrumb"},"inLanguage":"fi","potentialAction":[{"@type":"ReadAction","target":["https:\/\/blogs.uef.fi\/karjalanelvytys\/kurssien-kirjoitukset\/"]}]},{"@type":"BreadcrumbList","@id":"https:\/\/blogs.uef.fi\/karjalanelvytys\/kurssien-kirjoitukset\/#breadcrumb","itemListElement":[{"@type":"ListItem","position":1,"name":"Home","item":"https:\/\/blogs.uef.fi\/karjalanelvytys\/"},{"@type":"ListItem","position":2,"name":"Kurssien kirjoitukset"}]},{"@type":"WebSite","@id":"https:\/\/blogs.uef.fi\/karjalanelvytys\/#website","url":"https:\/\/blogs.uef.fi\/karjalanelvytys\/","name":"Karjalan kielen elvytt\u00e4minen","description":"","potentialAction":[{"@type":"SearchAction","target":{"@type":"EntryPoint","urlTemplate":"https:\/\/blogs.uef.fi\/karjalanelvytys\/?s={search_term_string}"},"query-input":{"@type":"PropertyValueSpecification","valueRequired":true,"valueName":"search_term_string"}}],"inLanguage":"fi"}]}},"_links":{"self":[{"href":"https:\/\/blogs.uef.fi\/karjalanelvytys\/wp-json\/wp\/v2\/pages\/11476","targetHints":{"allow":["GET"]}}],"collection":[{"href":"https:\/\/blogs.uef.fi\/karjalanelvytys\/wp-json\/wp\/v2\/pages"}],"about":[{"href":"https:\/\/blogs.uef.fi\/karjalanelvytys\/wp-json\/wp\/v2\/types\/page"}],"author":[{"embeddable":true,"href":"https:\/\/blogs.uef.fi\/karjalanelvytys\/wp-json\/wp\/v2\/users\/580"}],"replies":[{"embeddable":true,"href":"https:\/\/blogs.uef.fi\/karjalanelvytys\/wp-json\/wp\/v2\/comments?post=11476"}],"version-history":[{"count":2,"href":"https:\/\/blogs.uef.fi\/karjalanelvytys\/wp-json\/wp\/v2\/pages\/11476\/revisions"}],"predecessor-version":[{"id":23154,"href":"https:\/\/blogs.uef.fi\/karjalanelvytys\/wp-json\/wp\/v2\/pages\/11476\/revisions\/23154"}],"wp:attachment":[{"href":"https:\/\/blogs.uef.fi\/karjalanelvytys\/wp-json\/wp\/v2\/media?parent=11476"}],"curies":[{"name":"wp","href":"https:\/\/api.w.org\/{rel}","templated":true}]}}