{"id":11223,"date":"2023-06-30T15:18:27","date_gmt":"2023-06-30T12:18:27","guid":{"rendered":"https:\/\/blogs.uef.fi\/karjalanelvytys\/?page_id=11223"},"modified":"2024-02-14T09:17:39","modified_gmt":"2024-02-14T07:17:39","slug":"kylysanasto-suomi-suvikarjala","status":"publish","type":"page","link":"https:\/\/blogs.uef.fi\/karjalanelvytys\/kylysanasto-suomi-suvikarjala\/","title":{"rendered":"Kylysanasto (suomi\u2013suvikarjala)"},"content":{"rendered":"<h1>Saunasanasto (suomi\u2013etel\u00e4karjala)<br \/>\nKylysanasto (suomi\u2013suvikarjala)<\/h1>\n<p>Luadija: <strong>Katerina Paalamo<\/strong><\/p>\n<p>Karjalan kielen elvytysprojekta<br \/>\nP\u00e4iv\u00e4nnouzu-Suomen yliopisto<\/p>\n<p>Kuvat:\u00a0<strong>Sirpa M\u00e4nty<br \/>\n<\/strong><\/p>\n<p>Karjalazet rakkahalla k\u00e4yv\u00e4h kylyh. T\u00e4m\u00e4 kylysanasto ongi luajittu avuksi tavallizilla kielenk\u00e4ytt\u00e4jill\u00e4, kumbazet suvaijah kylbie kyly\u00f6. Sanassosta l\u00f6ydyy t\u00e4ss\u00e4 aijassa tarbehellista kylysanua, da siin\u00e4 on kuin hallolla l\u00e4mmitett\u00e4vi\u00e4 kyly\u00f6, mugai uuvembie kylytiippoi da kylvend\u00e4taboi koskijua sanua. Tarbehen mugah sanoin k\u00e4ytty\u00f6 on sellitetty leviemm\u00e4sti. Sanat on pandu luvetteloh pienembien tiemoin mugah, jotta k\u00e4ytt\u00e4j\u00e4 kerrassa l\u00f6yd\u00e4is yhteh tiemah kuulujat sanat. Sanastoh on pandu k\u00e4ytt\u00e4j\u00e4n avuksi viel\u00e4 ezimerkkie sanoin k\u00e4yt\u00f6st\u00e4.<\/p>\n<p>*<\/p>\n<h3>Sauna \u2013 Kyly<\/h3>\n<p>sauna (rakennus, tila; saunassa kylpemisest\u00e4) \u2013 kyly<\/p>\n<p>oma sauna, taloyhti\u00f6n sauna, uimahallin sauna, kylpyl\u00e4n sauna, yleinen sauna \u2013<\/p>\n<p>oma kyly, taloyhtiv\u00f6n kyly, uimalan kyly, kylbyl\u00e4n kyly, ylehine kyly<\/p>\n<p>Millainen sauna teill\u00e4 on ? \u2013 Mimmone kyly teil\u00e4 on?<\/p>\n<p>Meill\u00e4 on oma sauna. \u2013 Meil\u00e4 on oma kyly.<\/p>\n<p>Minulla on yhteinen sauna yst\u00e4vien kanssa. \u2013 Miula on yhtehine kyly yst\u00e4vien kera.<\/p>\n<p>Min\u00e4 kylven aina yleiss\u00e4 saunassa. \u2013 Mie ainos kylven ylehizess\u00e4 kylyss\u00e4.<\/p>\n<p>Me k\u00e4ymme kylpem\u00e4ss\u00e4 taloyhti\u00f6n saunassa. \u2013 My\u00f6 k\u00e4ymm\u00e4 taloyhtiv\u00f6n kylyh kylbem\u00e4h.<\/p>\n<p>Meill\u00e4 on kes\u00e4m\u00f6kki, ja m\u00f6kill\u00e4 on sauna. \u2013 Meil\u00e4 on kez\u00e4m\u00f6kki, da m\u00f6kill\u00e4 on kyly.<\/p>\n<p>savusauna \u2013 savukyly, musta kyly<\/p>\n<p>Savusaunan sein\u00e4t ja (sis\u00e4)katto ovat mustuneet. \u2013 Savukylyn \/ mussan kylyn sein\u00e4t da lagi ollah mussuttu.<\/p>\n<p>sis\u00e4\u00e4nl\u00e4mpi\u00e4v\u00e4 \u2013 syd\u00e4mehl\u00e4mbiej\u00e4<\/p>\n<p>ulosl\u00e4mpi\u00e4v\u00e4 \u2013 ullosl\u00e4mbiej\u00e4<\/p>\n<p>T\u00e4m\u00e4 vanha savusauna on muutettu ulosl\u00e4mpi\u00e4v\u00e4ksi ja siihen on tehty savupiippu. \u2013 T\u00e4m\u00e4 vanha musta kyly on muutettu ullosl\u00e4mbiej\u00e4ksi da sih on luajittu truba.<\/p>\n<p>r\u00e4pp\u00e4n\u00e4 \u2013 repp\u00e4n\u00e4, savuloukko<\/p>\n<p>R\u00e4pp\u00e4n\u00e4st\u00e4 savu p\u00e4\u00e4see ulos. \u2013 Repp\u00e4n\u00e4st\u00e4 savu pi\u00e4z\u00f6y pihalla.<\/p>\n<p>savupiippu \u2013 truba<\/p>\n<p>hirsi \u2013 hirzi, parzi<\/p>\n<p>hirrest\u00e4 tehty sauna \u2013 hirrest\u00e4 \/ parresta luajittu kyly<\/p>\n<p>lauta \u2013 lauda<\/p>\n<p>laudoittaa, vuorata \u2013 lauvottua<\/p>\n<p>laudoitettu ulkosein\u00e4 \u2013 lauvotettu ulgosein\u00e4<\/p>\n<p>puu \u2013 puu<\/p>\n<p>puinen \u2013 puuhine<\/p>\n<p>rakentaa \u2013 srojie, rakendua<\/p>\n<p>salvoa, salvaa, loveta hirsien p\u00e4\u00e4t ja liitt\u00e4\u00e4 ne toisiinsa rakennuksen nurkaksi; salvaa, kuohita \u2013 salvua (salvan, salvau, salvetah)<\/p>\n<p>salvottu nurkkaliitos \u2013 salmo<\/p>\n<p>*<\/p>\n<p>s\u00e4hk\u00f6 \u2013 s\u00e4hk\u00f6<\/p>\n<p>l\u00e4mmit\u00e4 s\u00e4hk\u00f6ll\u00e4 \u2013 l\u00e4mmit\u00e4 s\u00e4hk\u00f6ll\u00e4<\/p>\n<p>s\u00e4hk\u00f6sauna \u2013 s\u00e4hk\u00f6kyly<\/p>\n<p>Meill\u00e4 ei ole puulla l\u00e4mmitett\u00e4v\u00e4\u00e4 saunaa, vaan talossamme on s\u00e4hk\u00f6sauna. \u2013 Meil\u00e4 ei ole hallolla l\u00e4mmitett\u00e4vi\u00e4 kyly\u00f6, vain mi\u00e4n talossa on s\u00e4hk\u00f6kyly.<\/p>\n<p>h\u00f6yrysauna \u2013 h\u00f6yrykyly<\/p>\n<p>infrapuna \u2013 infraruskie<\/p>\n<p>infrapunasauna \u2013 infraruskiekyly<\/p>\n<p>*<\/p>\n<p>k\u00e4yd\u00e4 saunassa \u2013 k\u00e4yv\u00e4 kylyh<\/p>\n<p>Me k\u00e4ymme saunassa joka lauantai. \u2013 My\u00f6 joga suovattua k\u00e4ymm\u00e4 kylyh.<br \/>\nusein \u2013 tuagieh<\/p>\n<p>Miten usein k\u00e4yt saunassa? \u2013 Kuin tuagieh k\u00e4yt kylyh?<\/p>\n<p>harvoin \u2013 harvah<\/p>\n<p>K\u00e4yn saunassa harvoin. \u2013 Harvah k\u00e4yn kylyh.<\/p>\n<p>kahdesti, kaksi kertaa \u2013 kahi\u010d\u010di<\/p>\n<p>kerta \u2013 kerda<\/p>\n<p>K\u00e4yn saunassa kaksi kertaa viikossa. \u2013 K\u00e4yn kylyh kaksi kerdua \/ kahi\u010d\u010di ned\u00e4liss\u00e4.<\/p>\n<p>toisinaan, joskus; toiste, toisen kerran \u2013 toi\u010d\u010di<\/p>\n<p>mielell\u00e4\u00e4n \u2013 rakkahalla<\/p>\n<p>Min\u00e4 k\u00e4yn mielell\u00e4ni saunassa. \u2013 Mie rakkahalla k\u00e4yn kylyh.<\/p>\n<p>L\u00e4hdet\u00e4\u00e4n saunaan! \u2013 L\u00e4kk\u00e4 kylyh!<\/p>\n<p>synti \u2013 ri\u00e4hk\u00e4<\/p>\n<p>On synti k\u00e4yd\u00e4 saunassa my\u00f6h\u00e4\u00e4n sunnuntaita vasten. \u2013 Ri\u00e4hk\u00e4 on pyhi\u00e4p\u00e4ivi\u00e4 vas my\u00f6h\u00e4 k\u00e4yv\u00e4 kylyh.<\/p>\n<p>*<\/p>\n<p>Kuv. saunasta:<\/p>\n<p>antaa selk\u00e4sauna \u2013 andua (vilu) kyly<\/p>\n<p>kohdella huonosti \u2013 andua vilu kyly<\/p>\n<p>kitua, olla suuressa ahdingossa \u2013 kuin viluo kyly\u00f6 kylbie<\/p>\n<p>Olen suuressa ahdingossa. \u2013 Kuin viluo kyly\u00f6 kylven.<\/p>\n<p>*<\/p>\n<p>kutsua \u2013 ku\u010d\u010duo<\/p>\n<p>k\u00e4ske\u00e4 \u2013 k\u00e4skie<\/p>\n<p>valmis \u2013 valmis<\/p>\n<p>Sauna on valmis, menk\u00e4\u00e4 vain saunaan. \u2013 Kyly on valmis, m\u00e4ngi\u00e4 vain kylyh.<\/p>\n<p>varustautua, valmistautua \u2013 varustauduo<\/p>\n<p>valmistautua kylpem\u00e4\u00e4n \u2013 varustauduo kylbem\u00e4h<\/p>\n<p>varautua, valmistautua \u2013 varustuo<\/p>\n<div id=\"attachment_11226\" style=\"width: 310px\" class=\"wp-caption alignleft\"><img loading=\"lazy\" decoding=\"async\" aria-describedby=\"caption-attachment-11226\" class=\"size-medium wp-image-11226\" src=\"https:\/\/blogs.uef.fi\/karjalanelvytys\/wp-content\/uploads\/sites\/155\/2023\/06\/Kyly-300x230.jpg\" alt=\"\" width=\"300\" height=\"230\" srcset=\"https:\/\/blogs.uef.fi\/karjalanelvytys\/wp-content\/uploads\/sites\/155\/2023\/06\/Kyly-300x230.jpg 300w, https:\/\/blogs.uef.fi\/karjalanelvytys\/wp-content\/uploads\/sites\/155\/2023\/06\/Kyly.jpg 526w\" sizes=\"auto, (max-width: 300px) 100vw, 300px\" \/><p id=\"caption-attachment-11226\" class=\"wp-caption-text\">Kyly. Kuva: Sirpa M\u00e4nty<\/p><\/div>\n<h3>Saunomaan \u2013 Kyly\u00f6 kylbem\u00e4h<\/h3>\n<p>kylpe\u00e4, saunoa \u2013 kylbie<\/p>\n<p>Me kylvemme illalla. \u2013 My\u00f6 kylvemm\u00e4 illalla.<\/p>\n<p>saunoa \u2013 kylbie kyly\u00f6<\/p>\n<p>\u2013 Tykk\u00e4\u00e4tk\u00f6 sin\u00e4 saunoa? \u2013 Suvai\u010detgo sie kyly\u00f6 kylbie?<\/p>\n<p>\u2013 Tykk\u00e4\u00e4n. \/ En tykk\u00e4\u00e4. \u2013 Suvai\u010den. \/ En suvai\u010de.<\/p>\n<p>kylpe\u00e4 vastalla, vihdalla \u2013 kylbie vassalla<\/p>\n<p>uida, k\u00e4yd\u00e4 uimassa \u2013 kylbie kezoida<\/p>\n<p>kastautua \u201cjordanassa\u201d (avanto, vedenpyhityspaikka loppiaisena) \u2013 kylbie jordanua<\/p>\n<p>kylpeminen, saunominen \u2013 kylbemine, kylvend\u00e4<\/p>\n<p>saunominen \u2013 kylyn kylbemine \/ kylvend\u00e4, kylyss\u00e4 kylbemine \/ kylvend\u00e4; kylyh k\u00e4ynd\u00e4<\/p>\n<p>saunoja \u2013 kylbij\u00e4, kylyn \/ kylyss\u00e4 kylbij\u00e4; kylyh k\u00e4yj\u00e4<\/p>\n<p>kylvett\u00e4\u00e4 \u2013 kylvetti\u00e4<\/p>\n<p>Isovanhemmat kylvettiv\u00e4t lastenlapsiaan saunassa. \u2013 Buabo da diedo kylvetettih omie bunukkoi kylyss\u00e4.<\/p>\n<p>kylvett\u00e4\u00e4 vastalla \u2013 kylvetti\u00e4 vassalla<\/p>\n<p>antaa selk\u00e4sauna \u2013 kylvetti\u00e4 (vilu) kyly<\/p>\n<p>*<\/p>\n<p>l\u00f6yly; l\u00f6ylytys, selk\u00e4sauna \u2013 l\u00f6yly<\/p>\n<p>heitt\u00e4\u00e4 l\u00f6yly\u00e4 \u2013 lyk\u00e4t\u00e4 l\u00f6yly\u00f6<\/p>\n<p>Heit\u00e4 l\u00f6yly\u00e4! \u2013 Lykki\u00e4 l\u00f6yly\u00f6!<\/p>\n<p>Kotiin tultua sain kyll\u00e4 l\u00f6ylytyksen! \u2013 Vain kodih tulduo sain l\u00f6ylyn!<\/p>\n<p>makea, maukas \u2013 magie<\/p>\n<p>miellytt\u00e4v\u00e4 l\u00f6yly \u2013 magie l\u00f6yly<\/p>\n<p>kitker\u00e4 \u2013 kargie<\/p>\n<p>kitker\u00e4 l\u00f6yly \u2013 kargie l\u00f6yly<\/p>\n<p>hyv\u00e4l\u00f6ylyinen \u2013 l\u00f6ylyk\u00e4s, l\u00f6ylyz\u00e4<\/p>\n<p>hyv\u00e4l\u00f6ylyinen sauna \u2013 l\u00f6ylyk\u00e4s kyly<\/p>\n<p>kauha \u2013 kauha<\/p>\n<p>saunakauha \u2013 kylykauha<\/p>\n<p>saunakiulu \u2013 kylykippa, kyly\u0161aikka<\/p>\n<p>*<\/p>\n<p>vasta, vihta; lehdesluuta \u2013 vasta<\/p>\n<p>Otitko vastan mukaan? \u2013 Otitgo vassan keralla?<\/p>\n<p>saunavasta, saunavihta \u2013 kylyvasta, kylvend\u00e4vasta<\/p>\n<p>koivu-, nokkos-, kataja-, viinimarjavasta \u2013 koivu-, \u010diilahais-, kadaja-, smorodinavasta<\/p>\n<p>tehd\u00e4 (obj.) \u2013 luadie<\/p>\n<p>Min\u00e4 teen vastan. \u2013 Mie luajin vassan.<\/p>\n<p>Vastat tehd\u00e4\u00e4n rauduskoivusta. \u2013 Vassat luajitah rauvuskoivusta.<\/p>\n<p>vieh\u00e4tysvoima \u2013 lembi<\/p>\n<p>lemmennostatusvasta \u2013 lembivasta<\/p>\n<p>kukkavasta (koivunoksista ja kukista tehty lemmennostatusvasta) \u2013 kukkavasta<\/p>\n<p>Juhannuksen ja petrunp\u00e4iv\u00e4n v\u00e4lill\u00e4 tyt\u00f6t kylpiv\u00e4t kukkavastoilla, ett\u00e4 heid\u00e4n vieh\u00e4tysvoimansa kasvaisi. \u2013 Vi\u00e4nd\u00f6inaigah tyt\u00f6t kylbiettih kukkavassoilla, kuin lembi nouzis.<\/p>\n<p>yhteen sidottu vastapari; kuv. pariskunta \u2013 kammi\u010d\u010da<\/p>\n<p>vastan k\u00e4densija, tyvi \u2013 vassantyvi<\/p>\n<p>vastas, vihdas \u2013 vassas<\/p>\n<p>Pit\u00e4\u00e4 saada vastakset vastoja varten. \u2013 Pid\u00e4y suaha vassakset vastoi varoin.<br \/>\nl\u00e4hte\u00e4, menn\u00e4 vastakseen, olla vastaksessa \u2013 l\u00e4htie, m\u00e4nn\u00e4 vassakseh, olla vassaksessa; (lehti) l\u00e4htie, m\u00e4nn\u00e4 lehteh, olla lehess\u00e4; (lehes) l\u00e4htie, m\u00e4nn\u00e4 lehekseh, olla leheksess\u00e4<\/p>\n<p>veitsi, puukko \u2013 vei\u010d\u010di<\/p>\n<p>sitoa \u2013 siduo<\/p>\n<p>side \u2013 sije<\/p>\n<p>hautoa, pehmitt\u00e4\u00e4 \u2013 hauduo<\/p>\n<p>hautoa, pehmitt\u00e4\u00e4 vasta vedess\u00e4 \u2013 hauduo vasta veiss\u00e4<\/p>\n<p>juhannuksen ja petrunp\u00e4iv\u00e4n v\u00e4linen aika (24.\u201329.6.) \u2013 Vi\u00e4nd\u00f6i, vi\u00e4nd\u00f6inaiga<\/p>\n<p>Vastat pit\u00e4\u00e4 tehd\u00e4 juhannuksen ja petrunp\u00e4iv\u00e4n v\u00e4lisen\u00e4 aikana. \u2013 Vassat pid\u00e4y luadie vi\u00e4nd\u00f6inaigah.<\/p>\n<p><img loading=\"lazy\" decoding=\"async\" class=\"size-medium wp-image-11229 aligncenter\" src=\"https:\/\/blogs.uef.fi\/karjalanelvytys\/wp-content\/uploads\/sites\/155\/2023\/06\/Picture2-229x300.jpg\" alt=\"\" width=\"229\" height=\"300\" srcset=\"https:\/\/blogs.uef.fi\/karjalanelvytys\/wp-content\/uploads\/sites\/155\/2023\/06\/Picture2-229x300.jpg 229w, https:\/\/blogs.uef.fi\/karjalanelvytys\/wp-content\/uploads\/sites\/155\/2023\/06\/Picture2.jpg 537w\" sizes=\"auto, (max-width: 229px) 100vw, 229px\" \/><\/p>\n<p>lauteet \u2013 lauvat<\/p>\n<p>Nouse lauteille! \u2013 Nouze lauvoilla!<\/p>\n<p>alalauteet \u2013 alalauvat, alizet lauvat, alembazet lauvat<\/p>\n<p>yl\u00e4lauteet \u2013 yl\u00e4lauvat, ylizet lauvat, ylemb\u00e4zet lauvat<\/p>\n<p>saunanlauteet \u2013 kylynlauvat<\/p>\n<p>laudeliina, pefletti \u2013 aluspaikkane<\/p>\n<p>penkki \u2013 lau\u010d\u010da<\/p>\n<p>jakkara \u2013 skammi<\/p>\n<p>tyyny \u2013 pielus<\/p>\n<p>saunatyyny \u2013 kylypielus<\/p>\n<p>*<\/p>\n<h3>Saunap\u00e4iv\u00e4 \u2013 Kylyp\u00e4iv\u00e4<\/h3>\n<p>saunap\u00e4iv\u00e4 \u2013 kylyp\u00e4iv\u00e4<\/p>\n<p>keskiviikko \u2013 kolmasp\u00e4iv\u00e4<\/p>\n<p>keskiviikkona \u2013 kolmanapi\u00e4n\u00e4<\/p>\n<p>lauantai \u2013 suovatta<\/p>\n<p>lauantaina \u2013 suovattana<\/p>\n<p>saunavuoro \u2013 kylyvuoro, kylvend\u00e4vuoro<\/p>\n<p>varata \u2013 varata<\/p>\n<p>varata saunavuoro \u2013 varata kylyvuoro<\/p>\n<p>Mille p\u00e4iv\u00e4lle varaisin meille saunavuoron? \u2013 Mill\u00e4 p\u00e4iv\u00e4ll\u00e4 varuazin meil\u00e4 kylyvuoron?<\/p>\n<p>Min\u00e4 varasin meille saunavuoron huomiseksi. \u2013 Mie varain meil\u00e4 kylyvuoron huomeneksi.<\/p>\n<p>*<\/p>\n<h3>Saunan l\u00e4mmitt\u00e4minen \u2013 Kylyn l\u00e4mmit\u00e4nd\u00e4<\/h3>\n<p>uuni, kiuas \u2013 p\u00e4\u010d\u010di; (kylyss\u00e4) kylynp\u00e4\u010d\u010di<\/p>\n<p>kivist\u00e4 ladottu, muurattu kiuas \u2013 kivil\u00f6ist\u00e4 kuvottu p\u00e4\u010d\u010di<\/p>\n<p>kertal\u00e4mmitteinen kiuas \u2013 kerralla l\u00e4mmitt\u00e4v\u00e4 kylynp\u00e4\u010d\u010di<\/p>\n<p>Kertal\u00e4mmitteist\u00e4 kiuasta ei l\u00e4mmitet\u00e4 en\u00e4\u00e4 saunomisen aikana. \u2013 Kerralla l\u00e4mmitt\u00e4vi\u00e4 kylynp\u00e4\u010d\u010die en\u00e4mbi\u00e4 ei l\u00e4mmitet\u00e4 kylbemizen aigah.<\/p>\n<p>jatkuval\u00e4mmitteinen kiuas \u2013 alalleh l\u00e4mmitett\u00e4v\u00e4 kylynp\u00e4\u010d\u010di<\/p>\n<p>Jatkuval\u00e4mmitteist\u00e4 kiuasta l\u00e4mmitet\u00e4\u00e4n viel\u00e4 saunomisen aikanakin, kunnes viimeinenkin saunoja on k\u00e4ynyt saunassa. \u2013 Alalleh l\u00e4mmitt\u00e4vi\u00e4 kylynp\u00e4\u010d\u010die l\u00e4mmitet\u00e4h viel\u00e4 kylbemizen aigahgi, kuni j\u00e4lgim\u00e4negi kylbij\u00e4 on k\u00e4ynyn kylyh.<\/p>\n<p>saunankiuas \u2013 kylynp\u00e4\u010d\u010di<\/p>\n<p>Musta h\u00e4kki mullerone korvon vett\u00e4 juou, sylen puuda sy\u00f6y (= kylynp\u00e4\u010d\u010di; arv.).<\/p>\n<p>vaihtaa \u2013 vaihtua<\/p>\n<p>vaihtaa kiuaskivet \u2013 vaihtua kylynp\u00e4\u010din kivet<\/p>\n<p>*<\/p>\n<p>l\u00e4mmitt\u00e4\u00e4 \u2013 l\u00e4mmitti\u00e4<\/p>\n<p>L\u00e4mmit\u00e4tk\u00f6 sin\u00e4 saunan t\u00e4ll\u00e4 kerralla? \u2013 L\u00e4mmit\u00e4tg\u00f6 sie kylyn t\u00e4ll\u00e4 kerdua?<\/p>\n<p>l\u00e4mmit\u00e4 \u2013 l\u00e4mmit\u00e4<\/p>\n<p>panna sauna l\u00e4mpi\u00e4m\u00e4\u00e4n \u2013 panna kyly l\u00e4mbiem\u00e4h<\/p>\n<p>Sauna l\u00e4mpi\u00e4\u00e4. \u2013 Kyly l\u00e4mbiey.<\/p>\n<p>l\u00e4mmin; l\u00e4mp\u00f6 \u2013 l\u00e4mmin<\/p>\n<p>l\u00e4mmin sauna \u2013 l\u00e4mmin kyly<\/p>\n<p>Koivuhalot antavat l\u00e4mp\u00f6\u00e4. \u2013 Koivuzet hallot annetah l\u00e4mmind\u00e4.<\/p>\n<p>l\u00e4mp\u00f6mittari \u2013 l\u00e4mb\u00f6mittari<\/p>\n<p>l\u00e4mp\u00f6tila \u2013 l\u00e4mb\u00f6tila<\/p>\n<p>*<\/p>\n<p>sytty\u00e4 \u2013 sytty\u00f6, virit\u00e4<\/p>\n<p>sytyke \u2013 viritys, virikeh, sytytys<\/p>\n<p>Pit\u00e4\u00e4 hakea lis\u00e4\u00e4 tuohta sytykkeeksi. \u2013 Pid\u00e4y k\u00e4yv\u00e4 lizi\u00e4 tuohta viritykseksi.<\/p>\n<p>sytytin \u2013 sytytin<\/p>\n<p>sytytt\u00e4\u00e4 \u2013 sytytti\u00e4, viritti\u00e4<\/p>\n<p>sytytt\u00e4\u00e4 uudelleen \u2013 sytytti\u00e4 \/ viritti\u00e4 uuvestah<\/p>\n<p>tulentekov\u00e4lineet \u2013 tulenluajindaneuvot<\/p>\n<p>tuli \u2013 tuli<\/p>\n<p>tulipalo \u2013 tulipalo<\/p>\n<p>tulitikku \u2013 spi\u010dka, tulitikku<\/p>\n<p>tuohi \u2013 tuohi<\/p>\n<p>*<\/p>\n<p>sammua \u2013 sambuo<\/p>\n<p>Tuli sammui. \u2013 Tuli sambu.<\/p>\n<p>sammutin \u2013 sammutin<\/p>\n<p>vaahtosammutin \u2013 vuahtisammutin<\/p>\n<p>sammuttaa \u2013 sammuttua<\/p>\n<div id=\"attachment_11232\" style=\"width: 246px\" class=\"wp-caption alignleft\"><img loading=\"lazy\" decoding=\"async\" aria-describedby=\"caption-attachment-11232\" class=\"size-medium wp-image-11232\" src=\"https:\/\/blogs.uef.fi\/karjalanelvytys\/wp-content\/uploads\/sites\/155\/2023\/06\/Picture3-236x300.jpg\" alt=\"\" width=\"236\" height=\"300\" srcset=\"https:\/\/blogs.uef.fi\/karjalanelvytys\/wp-content\/uploads\/sites\/155\/2023\/06\/Picture3-236x300.jpg 236w, https:\/\/blogs.uef.fi\/karjalanelvytys\/wp-content\/uploads\/sites\/155\/2023\/06\/Picture3.jpg 370w\" sizes=\"auto, (max-width: 236px) 100vw, 236px\" \/><p id=\"caption-attachment-11232\" class=\"wp-caption-text\">Tuli virii. Kuva: Sirpa M\u00e4nty<\/p><\/div>\n<p>palaa \u2013 palua<\/p>\n<p>Puut palavat hyvin. \u2013 Hallot hyvin paletah.<\/p>\n<p>paloturvallinen \u2013 paloturvalline<\/p>\n<p>paloturvallisuus \u2013 paloturvallizus<\/p>\n<p>polttaa \u2013 polttua<\/p>\n<p>*<\/p>\n<p>halko, polttopuu \u2013 halgo<\/p>\n<p>halkaisematon, py\u00f6re\u00e4 (halosta, p\u00f6lkyst\u00e4 tms.) \u2013 jyrgin\u00e4ne<\/p>\n<p>halkaisemattomat halot \u2013 jyrgin\u00e4zet hallot<\/p>\n<p>koivuhalko \u2013 koivune halgo<\/p>\n<p>Koivuhalot antavat parhaat l\u00f6ylyt. \u2013 Koivuzet hallot annetah parahat l\u00f6ylyt.<\/p>\n<p>saunapuu, saunanl\u00e4mmityspuu \u2013 kylyhalgo<\/p>\n<p>Saunapuut ovat lyhyit\u00e4. \u2013 Kylyhallot ollah lyhy\u00f6t.<\/p>\n<p>halkopino \u2013 halgopino<\/p>\n<p>halkovarasto, puuvarasto \u2013 halgosarai<\/p>\n<p>Min\u00e4 haen polttopuita puuvarastosta. \u2013 Mie k\u00e4yn halguo halgosaraista.<\/p>\n<p>halkaista, pilkkoa \u2013 hallata<\/p>\n<p>halkaista halkoja, pilkkoa polttopuita \u2013 hallata halguo<\/p>\n<p>kirves \u2013 kirves<\/p>\n<p>lis\u00e4t\u00e4 \u2013 liz\u00e4t\u00e4<\/p>\n<p>Lis\u00e4\u00e4 puuta kiukaaseen! \u2013 Lizi\u00e4 halguo kylynp\u00e4\u010d\u010dih!<\/p>\n<p>r\u00e4tist\u00e4, paukkua \u2013 pra\u010dkua<\/p>\n<p>Kuusihalot paukkuvat palaessa. \u2013 Kuuzizet hallot pra\u010dketah paluassa.<\/p>\n<p>puunkantoteline \u2013 hallonkannandatelineh, (metallahizesta) halgorauda<\/p>\n<p>saha \u2013 pila<\/p>\n<p>sahata \u2013 pilata<\/p>\n<p>syli; sylys \u2013 ysk\u00e4<\/p>\n<p>sylys halkoja \u2013 ysk\u00e4 halguo<\/p>\n<p>sylillinen \u2013 yss\u00e4lline<\/p>\n<p>sylillinen halkoja \u2013 yss\u00e4lline halguo<\/p>\n<p>*<\/p>\n<p>hiili \u2013 hiili<\/p>\n<p>kek\u00e4le \u2013 keg\u00e4leh<\/p>\n<p>kipin\u00e4 \u2013 kyven<\/p>\n<p>Kipin\u00f6it\u00e4 nousee savupiipusta. \u2013 Kyvend\u00e4 nouzou truvasta.<\/p>\n<p>Kipin\u00e4t lentelev\u00e4t. \u2013 Kybenet lennell\u00e4h.<\/p>\n<p>noki \u2013 nogi<\/p>\n<p>nousta \u2013 noussa<\/p>\n<p>savu \u2013 savu<\/p>\n<p>Savu nousee piipusta. \u2013 Savu nouzou truvasta.<\/p>\n<p>tuhka \u2013 tuhka<\/p>\n<div id=\"attachment_11235\" style=\"width: 310px\" class=\"wp-caption alignleft\"><img loading=\"lazy\" decoding=\"async\" aria-describedby=\"caption-attachment-11235\" class=\"size-medium wp-image-11235\" src=\"https:\/\/blogs.uef.fi\/karjalanelvytys\/wp-content\/uploads\/sites\/155\/2023\/06\/Picture4-300x191.jpg\" alt=\"\" width=\"300\" height=\"191\" srcset=\"https:\/\/blogs.uef.fi\/karjalanelvytys\/wp-content\/uploads\/sites\/155\/2023\/06\/Picture4-300x191.jpg 300w, https:\/\/blogs.uef.fi\/karjalanelvytys\/wp-content\/uploads\/sites\/155\/2023\/06\/Picture4.jpg 738w\" sizes=\"auto, (max-width: 300px) 100vw, 300px\" \/><p id=\"caption-attachment-11235\" class=\"wp-caption-text\">Savu nouzou truvasta. Kuva: Sirpa M\u00e4nty<\/p><\/div>\n<p>h\u00e4k\u00e4, kitku \u2013 \u010dihva<\/p>\n<p>H\u00e4k\u00e4\u00e4 on saunassa. \u2013 \u010cihvua on kylyss\u00e4.<\/p>\n<p>py\u00f6rrytt\u00e4\u00e4, huimata \u2013 juovuttua<\/p>\n<p>H\u00e4k\u00e4 py\u00f6rrytt\u00e4\u00e4. \u2013 \u010cihva juovuttau.<\/p>\n<p>kitku, h\u00e4k\u00e4, k\u00e4ry \u2013 ki\u010dku<\/p>\n<p>T\u00e4\u00e4ll\u00e4 on kitkua. \u2013 Ti\u00e4l\u00e4 on ki\u010dkuo.<\/p>\n<p>kitku, h\u00e4k\u00e4 \u2013 hidz\u030cva<\/p>\n<p>katku, k\u00e4ry; h\u00e4k\u00e4 \u2013 ka\u010dku<\/p>\n<p>Lehti\u00e4 on mennyt kiukaalle, tulee katkua. \u2013 Lehtie on m\u00e4nnyn p\u00e4\u010dill\u00e4, ka\u010dkuo tulou.<\/p>\n<p>Voin huonosti h\u00e4\u00e4n takia. \u2013 Pahoin voin ka\u010dkun t\u00e4h.<\/p>\n<p>*<\/p>\n<p>kuuma \u2013 \u00e4gie, r\u00e4kki, palava, hiilava<\/p>\n<p>kuuma sauna \u2013 \u00e4gie kyly<\/p>\n<p>kuuma, hehkuva hiillos \u2013 hiilava hiilos<\/p>\n<p>kuuma vesi \u2013 palava vezi<\/p>\n<p>*<\/p>\n<p>haalea, v\u00e4h\u00e4n l\u00e4mmin \u2013 sunda, sundo, vieno<\/p>\n<p>haalea vesi \u2013 sundo vezi<\/p>\n<p>haalea uuni \/ kiuas, j\u00e4lkil\u00f6yly \u2013 vieno p\u00e4\u010d\u010di, j\u00e4lgil\u00f6yly<\/p>\n<p>kylm\u00e4; j\u00e4inen \u2013 kylm\u00e4<\/p>\n<p>kylm\u00e4 maa \u2013 kylm\u00e4 mua<\/p>\n<p>(kuolleesta) kylm\u00e4ksi meni \u2013 kylm\u00e4ksi m\u00e4ni<\/p>\n<p>(tylyst\u00e4, tunteettomasta) kylm\u00e4 ihminen \u2013 kylm\u00e4 ristikanza<\/p>\n<p>vilu, kylm\u00e4 \u2013 vilu<\/p>\n<p>kylm\u00e4 vesi, s\u00e4\u00e4 \u2013 vilu vezi, si\u00e4<\/p>\n<p>(kylm\u00e4n tunteesta) Minulle tuli kylm\u00e4. \u2013 Vilu rodih miula.<\/p>\n<p>(kylm\u00e4st\u00e4 ilmasta) Kolealla ilmalla ei tee mieli l\u00e4hte\u00e4 ulos. \u2013 Vilulla ei himota l\u00e4htie pihalla.<\/p>\n<p>j\u00e4\u00e4hty\u00e4, kylmet\u00e4; (saunasta) selvit\u00e4, siity\u00e4, tulla kylpykuntoiseksi \u2013 my\u00f6ndy\u00f6, rainduo<\/p>\n<p>Savusauna on jo selvinnyt, ei ole h\u00e4k\u00e4\u00e4. \u2013 Savukyly jo my\u00f6ndy \/ raindu, ei ole \u010dihvua.<\/p>\n<p>Uuni j\u00e4\u00e4htyi, paistokset eiv\u00e4t paistu. \u2013 P\u00e4\u010d\u010di my\u00f6ndy \/ raindu, paissokset ei paissuta.<\/p>\n<p>j\u00e4\u00e4hty\u00e4, haaleta \u2013 vienostuo<\/p>\n<p>kiuas, sauna j\u00e4\u00e4htyi \u2013 p\u00e4\u010d\u010di, kyly vienostu<\/p>\n<p>j\u00e4\u00e4hdytt\u00e4\u00e4; antaa selvit\u00e4, siity\u00e4 \u2013 my\u00f6nnytti\u00e4<\/p>\n<p>Min\u00e4 annan saunan selvit\u00e4, kunnes h\u00e4k\u00e4 h\u00e4vi\u00e4\u00e4 pois. \u2013 Mie my\u00f6nnyt\u00e4n kyly\u00f6, kuni ka\u010dku h\u00e4viey i\u00e4reh.<\/p>\n<p>Uunia pit\u00e4\u00e4 j\u00e4\u00e4hdytt\u00e4\u00e4, muuten pullat palavat. \u2013 P\u00e4\u010d\u010die pid\u00e4y my\u00f6nnytti\u00e4, muiten bulkat paletah.<\/p>\n<p>*<\/p>\n<p>hiki \u2013 higi<\/p>\n<p>Hiki nousee kuumuudessa. \u2013 Higi nouzou \u00e4giess\u00e4.<\/p>\n<p>Min\u00e4 olen hiess\u00e4. \u2013 Mie olen hiess\u00e4.<\/p>\n<p>hikipisara \u2013 higipizara, higipizareh<\/p>\n<p>Hikipisarat tippuvat. \u2013 Higipizarehet tiputah.<\/p>\n<p>hikikarpalo \u2013 higiherneh<\/p>\n<p>Iho on hikikarpaloilla. \u2013 Hibie on higihernehill\u00e4.<\/p>\n<p>hiesty\u00e4, tulla hikiseksi \u2013 hiesty\u00f6<\/p>\n<p>On kuuma, aivan hiestyin. \u2013 \u00c4gie on, kai hiessyin.<\/p>\n<p>raollaan, raolleen \u2013 longallah, longalleh<\/p>\n<p>Pane ovi raolleen! \u2013 Pane uksi longallah!<\/p>\n<p>raottaa \u2013 longata<\/p>\n<p>Raota v\u00e4h\u00e4n ovea! \u2013 Longua v\u00e4h\u00e4ne usta!<\/p>\n<p>saunahattu \u2013 kyly\u0161uapka<\/p>\n<p>Saunahattu suojaa p\u00e4\u00e4t\u00e4 ja hiuksia kuumuudelta. \u2013 Kyly\u0161uapka suojuau pi\u00e4d\u00e4 da tukkie \u00e4gield\u00e4.<\/p>\n<p>*<\/p>\n<p>auttaa \u2013 auttua<\/p>\n<p>Tulkaa auttamaan minua saunan l\u00e4mmityksess\u00e4! \u2013 Tulgua auttamah milma kylyn l\u00e4mmit\u00e4nn\u00e4ss\u00e4!<\/p>\n<p>Me autamme sinua. \u2013 My\u00f6 autamma silma.<\/p>\n<p>apu \u2013 abu<\/p>\n<p>Me tulemme apuun. \u2013 My\u00f6 tulemma abuh.<\/p>\n<p>apulainen \u2013 abuniekka, abulaine<\/p>\n<p>Min\u00e4 l\u00e4hden sinun apulaiseksi. \u2013 Mie l\u00e4hen siula abuniekaksi.<\/p>\n<p>tarjota \u2013 tarita<\/p>\n<p>He tarjosivat apua. \u2013 Hy\u00f6 tarittih abuo.<\/p>\n<p>tarjoutua \u2013 tari\u010d\u010deuduo<\/p>\n<p>H\u00e4n tarjoutui auttamaan. \u2013 Hi\u00e4n tari\u010d\u010deudu auttamah.<\/p>\n<p>*<\/p>\n<p>valo \u2013 valgie, valgo; tuli<\/p>\n<p>Kynttil\u00e4t antavat valoa. \u2013 Tuohukset annetah valgieda.<\/p>\n<p>Sammuta valo! \u2013 Sammuta tuli!<\/p>\n<p>kynttil\u00e4 \u2013 tuohus<\/p>\n<p>Min\u00e4 poltan saunassa kynttil\u00f6it\u00e4. \u2013 Mie poltan kylyss\u00e4 tuohuksie.<\/p>\n<p>kynttil\u00e4njalka \u2013 tuohusjalga<\/p>\n<p>led-kynttil\u00e4 \u2013 led-tuohus<\/p>\n<p>led-lamppu \u2013 led-lamppu, led-lamppa<\/p>\n<p>led-valo \u2013 led-tuli<\/p>\n<p>lyhty \u2013 fonari<\/p>\n<p>*<\/p>\n<h3>Vesi \u2013 Vezi<\/h3>\n<p>vesi \u2013 vezi<\/p>\n<p>kantaa \u2013 kandua<\/p>\n<p>kantaa vett\u00e4, halkoja \u2013 kandua vett\u00e4, halguo<\/p>\n<p>korvo, saavi \u2013 korvo<\/p>\n<p>saunasaavi \u2013 kylykorvo<\/p>\n<p>sanko, \u00e4mp\u00e4ri \u2013 rengi, viedra<\/p>\n<p>saunasanko \u2013 kylyrengi<\/p>\n<p>tynnyri; saavi \u2013 pu\u010d\u010di<\/p>\n<p>kaivo \u2013 kaivo<\/p>\n<p>kaivovesi \u2013 kaivovezi<\/p>\n<p>sadevesi \u2013 vihmavezi<\/p>\n<p>Me ker\u00e4\u00e4mme sadevett\u00e4 tynnyriin. \u2013 My\u00f6 keri\u00e4mm\u00e4 vihmavett\u00e4 pu\u010d\u010dih.<\/p>\n<p>saunapata \u2013 kylykattila<\/p>\n<p>vedenl\u00e4mmitin \u2013 veinl\u00e4mmitin<\/p>\n<p>vesijohto \u2013 vezibutki<\/p>\n<p>vesis\u00e4ili\u00f6 \u2013 vezibuakka<\/p>\n<p>kiukaan vesis\u00e4ili\u00f6 \u2013 kylynp\u00e4\u010din vezibuakka<\/p>\n<p>h\u00f6yry \u2013 h\u00f6yry<\/p>\n<p>H\u00f6yry\u00e4 nousee vedest\u00e4. \u2013 H\u00f6yry\u00f6 nouzou veist\u00e4.<\/p>\n<p>h\u00f6yryt\u00e4 \u2013 h\u00f6yryt\u00e4<\/p>\n<p>Vesi h\u00f6yry\u00e4\u00e4. \u2013 Vezi h\u00f6yry\u00f6y.<\/p>\n<p>j\u00e4\u00e4 \u2013 ji\u00e4<\/p>\n<p>Korvossa on j\u00e4\u00e4t\u00e4. \u2013 Korvossa on ji\u00e4d\u00e4.<\/p>\n<p>j\u00e4\u00e4ty\u00e4 \u2013 ji\u00e4dy\u00f6<\/p>\n<p>Vesi on j\u00e4\u00e4tynyt. \u2013 Vezi on ji\u00e4dyn.<\/p>\n<p>tuoksu\u00f6ljy \u2013 duuhuvoi<\/p>\n<p>Lirauta veteen v\u00e4h\u00e4n tuoksu\u00f6ljy\u00e4! \u2013 Tipahuta vedeh v\u00e4h\u00e4ne duuhuvoida!<\/p>\n<div id=\"attachment_11238\" style=\"width: 310px\" class=\"wp-caption alignleft\"><img loading=\"lazy\" decoding=\"async\" aria-describedby=\"caption-attachment-11238\" class=\"size-medium wp-image-11238\" src=\"https:\/\/blogs.uef.fi\/karjalanelvytys\/wp-content\/uploads\/sites\/155\/2023\/06\/Picture5-300x250.jpg\" alt=\"\" width=\"300\" height=\"250\" srcset=\"https:\/\/blogs.uef.fi\/karjalanelvytys\/wp-content\/uploads\/sites\/155\/2023\/06\/Picture5-300x250.jpg 300w, https:\/\/blogs.uef.fi\/karjalanelvytys\/wp-content\/uploads\/sites\/155\/2023\/06\/Picture5.jpg 496w\" sizes=\"auto, (max-width: 300px) 100vw, 300px\" \/><p id=\"caption-attachment-11238\" class=\"wp-caption-text\">Pu\u010d\u010di. Kuva: Sirpa M\u00e4nty<\/p><\/div>\n<h3>Peseytyminen \u2013 Pezeyvynd\u00e4<\/h3>\n<p>riisua \u2013 jaksua; heitti\u00e4 pi\u00e4ld\u00e4<\/p>\n<p>riisuutua \u2013 jaksauduo<\/p>\n<p>(vaate)naula \u2013 vuarna<\/p>\n<p>ripustaa \u2013 riputtua<\/p>\n<p>ripustaa vaatteet naulaan \u2013 riputtua vuattiet nuaglah<\/p>\n<p>alasti \u2013 alasti<\/p>\n<p>*<\/p>\n<p>pukea; varustaa, valmistella (l\u00e4ht\u00f6\u00f6n) \u2013 suorittua<\/p>\n<p>pukea uusiin vaatteisiin \u2013 suorittua uuzih vuatteih<\/p>\n<p>Lapsi pit\u00e4\u00e4 pukea. \u2013 Lapsi pid\u00e4y suorittua.<\/p>\n<p>pukea, panna p\u00e4\u00e4lleen \u2013 panna pi\u00e4ll\u00e4<\/p>\n<p>Puen ylleni puhtaat vaatteet. \u2013 Panen puhtahat vuattiet pi\u00e4ll\u00e4.<\/p>\n<p>pukeutua; valmistautua, varustautua, tehd\u00e4 l\u00e4ht\u00f6\u00e4 \u2013 suorita<\/p>\n<p>pukeutua puhtaisiin vaatteisiin \u2013 suorita puhtahih vuatteih<\/p>\n<p>Odota, min\u00e4 pukeudun nopeasti. \u2013 Vuota, mie suorien terv\u00e4zeh.<\/p>\n<div id=\"attachment_11241\" style=\"width: 268px\" class=\"wp-caption alignleft\"><img loading=\"lazy\" decoding=\"async\" aria-describedby=\"caption-attachment-11241\" class=\"size-medium wp-image-11241\" src=\"https:\/\/blogs.uef.fi\/karjalanelvytys\/wp-content\/uploads\/sites\/155\/2023\/06\/Picture6-258x300.jpg\" alt=\"\" width=\"258\" height=\"300\" srcset=\"https:\/\/blogs.uef.fi\/karjalanelvytys\/wp-content\/uploads\/sites\/155\/2023\/06\/Picture6-258x300.jpg 258w, https:\/\/blogs.uef.fi\/karjalanelvytys\/wp-content\/uploads\/sites\/155\/2023\/06\/Picture6.jpg 610w\" sizes=\"auto, (max-width: 258px) 100vw, 258px\" \/><p id=\"caption-attachment-11241\" class=\"wp-caption-text\">Puhas paida. Kuva: Sirpa M\u00e4nty<\/p><\/div>\n<p>likainen \u2013 ligane<\/p>\n<p>puhdas \u2013 puhas<\/p>\n<p>peseyty\u00e4 \u2013 pezeydy\u00f6<\/p>\n<p>Me l\u00e4mmit\u00e4mme saunan ja peseydymme siell\u00e4. \u2013 My\u00f6 l\u00e4mmit\u00e4mm\u00e4 kylyn da siel\u00e4 pezeyvymm\u00e4.<\/p>\n<p>pest\u00e4 \u2013 pess\u00e4<\/p>\n<p>Min\u00e4 pesen hiukset. \u2013 Mie pezen tukat.<\/p>\n<p>pesij\u00e4 \u2013 pezij\u00e4<\/p>\n<p>sel\u00e4npesij\u00e4 \u2013 sell\u00e4npezij\u00e4<\/p>\n<p>pesuvati \u2013 tuaza<\/p>\n<div id=\"attachment_11244\" style=\"width: 310px\" class=\"wp-caption alignleft\"><img loading=\"lazy\" decoding=\"async\" aria-describedby=\"caption-attachment-11244\" class=\"size-medium wp-image-11244\" src=\"https:\/\/blogs.uef.fi\/karjalanelvytys\/wp-content\/uploads\/sites\/155\/2023\/06\/Picture7-300x206.jpg\" alt=\"\" width=\"300\" height=\"206\" srcset=\"https:\/\/blogs.uef.fi\/karjalanelvytys\/wp-content\/uploads\/sites\/155\/2023\/06\/Picture7-300x206.jpg 300w, https:\/\/blogs.uef.fi\/karjalanelvytys\/wp-content\/uploads\/sites\/155\/2023\/06\/Picture7.jpg 496w\" sizes=\"auto, (max-width: 300px) 100vw, 300px\" \/><p id=\"caption-attachment-11244\" class=\"wp-caption-text\">Tuaza. Kuva: Sirpa M\u00e4nty<\/p><\/div>\n<p>huuhtoa, huljuttaa vedess\u00e4 \u2013 huuhtuo<\/p>\n<p>huuhtoa vaatteet pesun j\u00e4lkeen \u2013 huuhtuo sovat pezenn\u00e4n j\u00e4lgeh<\/p>\n<p>huuhdella \u2013 huuhella<\/p>\n<p>kaataa \u2013 kuadua; (vett\u00e4, notkieda ainehta) valua<\/p>\n<p>kaataa puut \u2013 kuadua puut<\/p>\n<p>Kaada vesi sangosta saaviin! \u2013 Kua vezi rengist\u00e4 korvoh!<\/p>\n<p>Kaada (valele) vett\u00e4 miun hiuksille! \u2013 Vala vett\u00e4 miun tukilla!<\/p>\n<p>valella, kastella \u2013 valella<\/p>\n<p>kastella taimia \u2013 valella taimenie<\/p>\n<p>valella, huuhdella itsens\u00e4 \u2013 valauduo<\/p>\n<p>Huuhdelkaa nopeasti itsenne! \u2013 Terv\u00e4zeh valaudukkua!<\/p>\n<p>suihku \u2013 suihku<\/p>\n<p>k\u00e4yd\u00e4 suihkussa \u2013 k\u00e4yv\u00e4 suihkuh<\/p>\n<p>suihkukaappi \u2013 suihku\u0161kuappa<\/p>\n<p>*<\/p>\n<p>saippua \u2013 muila<\/p>\n<p>pest\u00e4 saippualla \u2013 pess\u00e4 muilalla<\/p>\n<p>nestesaippua \u2013 nestehmuila, notkie muila<\/p>\n<p>palasaippua \u2013 palamuila<\/p>\n<p>tuoksusaippua \u2013 duuhumuila<\/p>\n<p>saippuanpala \u2013 muilapala<\/p>\n<p>saippuarasia \u2013 muilavakkane<\/p>\n<p>saippuavesi \u2013 muilavezi<\/p>\n<p>saippuoida \u2013 muilata<\/p>\n<p>vaahto \u2013 vuahti<\/p>\n<p>shampoo \u2013 \u0161ampuni<\/p>\n<p>pest\u00e4 hiukset shampoolla \u2013 pess\u00e4 tukat \u0161ampunilla<\/p>\n<p>hoitoaine \u2013 hoidoaineh<\/p>\n<p>k\u00e4ytt\u00e4\u00e4 hoitoainetta \u2013 k\u00e4ytti\u00e4 hoidoainehta<\/p>\n<p>pesukinnas \u2013 pezokinnas<\/p>\n<p>pesusieni \u2013 pezosieni<\/p>\n<p>saunaharja \u2013 kylyharja<\/p>\n<div id=\"attachment_11247\" style=\"width: 310px\" class=\"wp-caption alignleft\"><img loading=\"lazy\" decoding=\"async\" aria-describedby=\"caption-attachment-11247\" class=\"size-medium wp-image-11247\" src=\"https:\/\/blogs.uef.fi\/karjalanelvytys\/wp-content\/uploads\/sites\/155\/2023\/06\/Picture8-300x227.jpg\" alt=\"\" width=\"300\" height=\"227\" srcset=\"https:\/\/blogs.uef.fi\/karjalanelvytys\/wp-content\/uploads\/sites\/155\/2023\/06\/Picture8-300x227.jpg 300w, https:\/\/blogs.uef.fi\/karjalanelvytys\/wp-content\/uploads\/sites\/155\/2023\/06\/Picture8.jpg 422w\" sizes=\"auto, (max-width: 300px) 100vw, 300px\" \/><p id=\"caption-attachment-11247\" class=\"wp-caption-text\">Muila. Kuva: Sirpa M\u00e4nty<\/p><\/div>\n<p>kuivata \u2013 kuivata, pyyhkie<\/p>\n<p>pyyheliina \u2013 k\u00e4zipaikka<\/p>\n<p>saunapyyhe \u2013 kylypaikka<\/p>\n<p>frotee \u2013 frotie<\/p>\n<p>froteepyyhe \u2013 frotiek\u00e4zipaikka<\/p>\n<p>froteinen \u2013 frotiene<\/p>\n<p>pellava \u2013 pelvas<\/p>\n<p>pellavainen \u2013 pelvahine<\/p>\n<p>pellavainen saunapyyhe, saunatakki \u2013 pelvahine kylypaikka, kylyhaluatta<\/p>\n<p>aamutakki, kylpytakki \u2013 haluatta<\/p>\n<p>saunatakki \u2013 kylyhaluatta<\/p>\n<p>*<\/p>\n<p>iho \u2013 hibie<\/p>\n<p>kuiva iho \u2013 kuiva hibie<\/p>\n<p>hieroa \u2013 hieruo<\/p>\n<p>voide \u2013 voije<\/p>\n<p>hieroa voidetta \u2013 hieruo voijetta<\/p>\n<p>aurinko-, huulirasva \u2013 p\u00e4iv\u00e4paisto-, huulivoije<\/p>\n<p>kasvo-, k\u00e4si-, vartalovoide \u2013 iho-, k\u00e4zi-, vardalovoije<\/p>\n<p>voidella, rasvata \u2013 voidua, voijella<\/p>\n<p>Voitelin sel\u00e4n aurinkorasvalla. \u2013 Voijin sell\u00e4n p\u00e4iv\u00e4paistovoidiella.<\/p>\n<p>Olen voidellut k\u00e4si\u00e4ni t\u00e4ll\u00e4 voiteella. \u2013 Olen voijellun k\u00e4zie t\u00e4ll\u00e4 voidiella.<\/p>\n<p>maski; naamari; naamio \u2013 maska<\/p>\n<p>hunaja-, kurkku-, savinaamio \u2013 mezi-, ogur\u010d\u010da-, savimaska<\/p>\n<p>hiukset \u2013 tukat<\/p>\n<p>harja \u2013 harja<\/p>\n<p>kampa \u2013 suga<\/p>\n<p>kammata, suoria \u2013 sugie<\/p>\n<p>kammata, suoria hiukset \u2013 sugie tukat<\/p>\n<p>hiustenkuivain \u2013 tukkienkuivatin<\/p>\n<h3>Vilvoitteleminen \u2013 Vilustelenda<\/h3>\n<p>vilvoitella \u2013 vilussella<\/p>\n<p>vilvoitella saunan j\u00e4lkeen \u2013 vilussella kylyn j\u00e4lgeh<\/p>\n<p>parveke \u2013 galdari<\/p>\n<p>pukuhuone \u2013 jaksauvundapertti<\/p>\n<p>saunaneteinen \u2013 kylynsin\u010d\u010do<\/p>\n<p>terassi \u2013 terassa<\/p>\n<p>veranta \u2013 veranda<\/p>\n<p>ranta \u2013 randa<\/p>\n<p>Saunamme on j\u00e4rven rannalla. \u2013 Mi\u00e4n kyly on j\u00e4rven rannalla.<\/p>\n<p>laituri \u2013 randatelat<\/p>\n<p>joki \u2013 jogi<\/p>\n<p>j\u00e4rvi \u2013 j\u00e4rvi<\/p>\n<p>meri \u2013 meri<\/p>\n<p>uida \u2013 uija<\/p>\n<p>uittaa (panna uimaan) \u2013 uittua<\/p>\n<p>uittaa lapsia \u2013 uittua lapsie<\/p>\n<p>sukeltaa \u2013 \u010dukeldua<\/p>\n<p>vieritell\u00e4; kieriskell\u00e4 \u2013 vieretell\u00e4<\/p>\n<p>kieriskell\u00e4 lumessa \u2013 vieretell\u00e4 lumessa<\/p>\n<p>avanto \u2013 avando<\/p>\n<p>uida avannossa \u2013 kylbie, uija avannossa<\/p>\n<p>k\u00e4yd\u00e4 avannossa \u2013 k\u00e4yv\u00e4 avandoh<\/p>\n<p>palju \u2013 \u010duana<\/p>\n<p>Paljussa istutaan yhdess\u00e4 (joukolla). \u2013 \u010cuanassa issutah joukollah.<\/p>\n<p>kylpypalju \u2013 kylvend\u00e4\u010duana<\/p>\n<p>uima-allas \u2013 uinda-allas<\/p>\n<p>olut \u2013 piivo, olut<\/p>\n<p>Ostin kaupasta olutta. \u2013 Ossin laukasta piivuo.<\/p>\n<p>Saunan j\u00e4lkeen juomme olutta. \u2013 Kylyn j\u00e4lgeh juomma olutta.<\/p>\n<p>kahvi \u2013 koufi, koufei<\/p>\n<div id=\"attachment_11250\" style=\"width: 310px\" class=\"wp-caption alignleft\"><img loading=\"lazy\" decoding=\"async\" aria-describedby=\"caption-attachment-11250\" class=\"size-medium wp-image-11250\" src=\"https:\/\/blogs.uef.fi\/karjalanelvytys\/wp-content\/uploads\/sites\/155\/2023\/06\/Picture9-300x176.jpg\" alt=\"\" width=\"300\" height=\"176\" srcset=\"https:\/\/blogs.uef.fi\/karjalanelvytys\/wp-content\/uploads\/sites\/155\/2023\/06\/Picture9-300x176.jpg 300w, https:\/\/blogs.uef.fi\/karjalanelvytys\/wp-content\/uploads\/sites\/155\/2023\/06\/Picture9-768x451.jpg 768w, https:\/\/blogs.uef.fi\/karjalanelvytys\/wp-content\/uploads\/sites\/155\/2023\/06\/Picture9.jpg 887w\" sizes=\"auto, (max-width: 300px) 100vw, 300px\" \/><p id=\"caption-attachment-11250\" class=\"wp-caption-text\">Ennen kylyt voidih srojie ihan j\u00e4rvirandah. Kuva: Sirpa M\u00e4nty<\/p><\/div>\n<h3>Saunassa lapsen kanssa \u2013 Kylyss\u00e4 lapsen kera<\/h3>\n<p>sauna (last.) \u2013 kykyne<\/p>\n<p>Nyt sin\u00e4 p\u00e4\u00e4set meid\u00e4n kanssa saunaan. \u2013 Nyt sie pi\u00e4zet mi\u00e4n kera kykyzeh.<\/p>\n<p>*<\/p>\n<p>k\u00e4ytt\u00e4\u00e4 jkta t. jtak jssak \u2013 taluo<\/p>\n<p>k\u00e4yt\u00e4\u00e4 lasta saunassa \u2013 taluo lasta kylyh<\/p>\n<p>k\u00e4ytt\u00e4\u00e4, tehd\u00e4 jllak jtak \u2013 k\u00e4ytti\u00e4<\/p>\n<p>T\u00e4ll\u00e4 kerralla emme k\u00e4yt\u00e4 shampoota. \u2013 T\u00e4ll\u00e4 kerdua emm\u00e4 k\u00e4yt\u00e4 \u0161ampunie.<\/p>\n<p>vihloa, pakottaa; kirvell\u00e4, kihelm\u00f6id\u00e4 \u2013 \u010dahluo<\/p>\n<p>Silmi\u00e4 kirvelee, shampoota meni silmiin. \u2013 Silmie \u010dahlou, \u0161ampunie m\u00e4ni silmih.<\/p>\n<p>*<\/p>\n<p>kylpyamme, vanna \u2013 vanna, dem.s. vannane<\/p>\n<p>Sauna on liian kuuma, min\u00e4 haluan menn\u00e4 istumaan vannaan! \u2013 Kyly on liijan \u00e4gie, mie tahon m\u00e4nn\u00e4 vannah istumah!<\/p>\n<p>Vied\u00e4\u00e4n vanna saunaan. \u2013 Viemm\u00e4 vannazen kylyh.<\/p>\n<p>Meill\u00e4 on lasten kylpyamme. \u2013 Meil\u00e4 on lapsien vanna.<\/p>\n<p>vasta, vihta \u2013 vasta, dem.s. vastane<\/p>\n<p>Tekisimmek\u00f6 sinulle oman pikku vastan? \u2013 Luajimmago siula oman vastazen?<\/p>\n<p>*<\/p>\n<p>saunalelu \u2013 kylybobo, dem.s. kylybobone<\/p>\n<p>Otetaan saunalelut mukaan. \u2013 Otamma kylybobozet keralla.<\/p>\n<p>kylpylelu \u2013 kylbybobo, dem.s. kylbybobone<\/p>\n<p>kylpyankka \u2013 kylbysorza<\/p>\n<p>Katso, isi, kylpyankka ui pesuvadissa! \u2013 Ka\u010do, tata, kylbysorza ui tuazassa!<\/p>\n<p>kala \u2013 kala<\/p>\n<p>laiva \u2013 laiva, dem.s. laivane<\/p>\n<p>pudota \u2013 kirvota<\/p>\n<p>Leluni putosi lauteiden alle. \u2013 Miun bobo kirboi laudoin alla.<\/p>\n<p>nostaa \u2013 nostua<\/p>\n<p>Odota, isi nostaa sinun lelusi. \u2013 Vuota, tata nostau siun bobozen.<\/p>\n<p>saippuakupla \u2013 muilabul\u2019kku<\/p>\n<p>puhaltaa \u2013 puhuo<\/p>\n<p>sihist\u00e4 \u2013 \u010dihiss\u00e4<\/p>\n<p>Kiuas sihisee, kun min\u00e4 roiskutan vett\u00e4 sen p\u00e4\u00e4lle. \u2013 P\u00e4\u010d\u010di \u010dihiz\u00f6y, ku mie brizgutan vett\u00e4 sen pi\u00e4ll\u00e4.<\/p>\n<p>pirskottaa, p\u00e4rskytt\u00e4\u00e4, roiskuttaa \u2013 brizguttua<\/p>\n<p>Voi, miten paljon sin\u00e4 olet roiskuttanut vett\u00e4 lattialle. \u2013 A voi, kuin \u00e4ij\u00e4n vett\u00e4 sie olet brizguttan lattiella.<\/p>\n<p>kuivata \u2013 kuivata, pyyhkie<\/p>\n<p>Kuivataan sinun hiukset saunapyyhkeeseen. \u2013 Kuivuamma siun tukat kylypaikkah.<\/p>\n<p>pyyhki\u00e4, kuivata pyyheliinalla \u2013 pyyhkie k\u00e4zipaikalla<\/p>\n<p>\u00c4l\u00e4 en\u00e4\u00e4 roiskuta vett\u00e4 lattialle, min\u00e4 kuivasin sen jo! \u2013 El\u00e4 en\u00e4mbi\u00e4 brizguta vett\u00e4 lattiella, mie jo kuivain sen!<\/p>\n<p>kuivauslasta \u2013 kuivuandalasta<\/p>\n<p>lattiankuivauslasta \u2013 lattienkuivuandalasta, latelasta<\/p>\n<p>*<\/p>\n<p>punainen \u2013 ruskie<\/p>\n<p>\u00c4isk\u00e4, miksi minun ihoni on punainen? \u2013 Mamma, mint\u00e4h miun hibie on ruskie?<\/p>\n<p>punastua, punertua, muuttua, v\u00e4rj\u00e4yty\u00e4 punaiseksi; ruskistua \u2013 russota<\/p>\n<p>Kuumassa saunassa naama muuttuu punaiseksi. \u2013 \u00c4giess\u00e4 kylyss\u00e4 ro\u017ea ruskuou.<\/p>\n<p>H\u00e4nt\u00e4 rupesi h\u00e4vett\u00e4m\u00e4\u00e4n, ihan punastui. \u2013 H\u00e4nell\u00e4 rodih huigie, kai ruskoi.<\/p>\n<p>*<\/p>\n<p>juoda \u2013 juuva<\/p>\n<p>Saunan j\u00e4lkeen pit\u00e4\u00e4 juoda jotakin. \u2013 Kylyn j\u00e4lgeh pid\u00e4y juuva mid\u00e4tahto.<\/p>\n<p>juoma \u2013 juomine<\/p>\n<p>limonadi \u2013 limonuada<\/p>\n<p>Min\u00e4 haluan juoda limonadia. \u2013 Mie tahon juuva limonuadua.<\/p>\n<p>Saatte limonadia, kunhan olemme pesseet teid\u00e4t. \u2013 Suatta limonuadua, konza olemma pessyn ti\u00e4t.<\/p>\n<p>marjamehu \u2013 marjavezi<\/p>\n<p>Otatko mummin tekem\u00e4\u00e4 marjamehua? \u2013 Otatgo baban luajittuo marjavett\u00e4?<\/p>\n<p>mehu \u2013 mehu<\/p>\n<p>appelsiini-, omena-, marja-, sekamehu \u2013 appelsiina-, juablokka-, marja-, segamehu<\/p>\n<p>Minun tekisi mieli sekamehua. \u2013 Miula himottais segamehuo.<\/p>\n<div id=\"attachment_11253\" style=\"width: 253px\" class=\"wp-caption alignleft\"><img loading=\"lazy\" decoding=\"async\" aria-describedby=\"caption-attachment-11253\" class=\"size-full wp-image-11253\" src=\"https:\/\/blogs.uef.fi\/karjalanelvytys\/wp-content\/uploads\/sites\/155\/2023\/06\/Picture10.jpg\" alt=\"\" width=\"243\" height=\"222\" \/><p id=\"caption-attachment-11253\" class=\"wp-caption-text\">Kuk\u0161inassa on marjavett\u00e4. Kuva: Sirpa M\u00e4nty<\/p><\/div>\n<h3>Kiitos \u2013 Passibo<\/h3>\n<p>kiitos \u2013 passibo<\/p>\n<p>Kiitos saunan l\u00e4mmitt\u00e4j\u00e4lle! \u2013 Passibo kylyn l\u00e4mmitt\u00e4j\u00e4ll\u00e4!<\/p>\n<p>kiitt\u00e4\u00e4, sanoa kiitos \u2013 passiboija<\/p>\n<p>Min\u00e4 kiitin heit\u00e4 hyv\u00e4st\u00e4 saunasta. \u2013 Mie passiboi\u010din heid\u00e4 hyv\u00e4st\u00e4 kylyst\u00e4.<\/p>\n<p>kiitt\u00e4\u00e4, kehua, ylist\u00e4\u00e4 \u2013 kiitti\u00e4<\/p>\n<p>Kiit\u00e4n onneani, ett\u00e4 pelastuin. \u2013 Kiit\u00e4n omua ozua, jotta pellassuin.<\/p>\n<p>He kehuivat ukkiani oikein taitavaksi saunansalvajaksi. \u2013 Hy\u00f6 kiitettih miun dieduo ylen malttajaksi kylynsalvajaksi.<\/p>\n<p>*<\/p>\n<p>Perindehellizeh saunasanastoh voi tuttavustuo liz\u00e4ksi Karjalan kielen sanakirjassa.<\/p>\n<p><a href=\"https:\/\/kaino.kotus.fi\/cgi-bin\/kks\/karjala.cgi\">Linkka sanakirjah.<\/a><\/p>\n","protected":false},"excerpt":{"rendered":"<p>Saunasanasto (suomi\u2013etel\u00e4karjala) Kylysanasto (suomi\u2013suvikarjala) Luadija: Katerina Paalamo Karjalan kielen elvytysprojekta P\u00e4iv\u00e4nnouzu-Suomen yliopisto Kuvat:\u00a0Sirpa M\u00e4nty Karjalazet rakkahalla k\u00e4yv\u00e4h kylyh. T\u00e4m\u00e4 kylysanasto ongi luajittu avuksi tavallizilla kielenk\u00e4ytt\u00e4jill\u00e4, kumbazet suvaijah kylbie kyly\u00f6. Sanassosta l\u00f6ydyy t\u00e4ss\u00e4 aijassa tarbehellista kylysanua, da siin\u00e4 on kuin hallolla l\u00e4mmitett\u00e4vi\u00e4 kyly\u00f6, mugai uuvembie kylytiippoi da kylvend\u00e4taboi koskijua sanua. Tarbehen mugah sanoin k\u00e4ytty\u00f6 on sellitetty [&hellip;]<\/p>\n","protected":false},"author":580,"featured_media":0,"parent":0,"menu_order":0,"comment_status":"closed","ping_status":"closed","template":"","meta":{"_acf_changed":false,"footnotes":""},"class_list":["post-11223","page","type-page","status-publish","hentry"],"acf":[],"yoast_head":"<!-- This site is optimized with the Yoast SEO plugin v27.3 - https:\/\/yoast.com\/product\/yoast-seo-wordpress\/ -->\n<title>Kylysanasto (suomi\u2013suvikarjala) - Karjalan kielen elvytt\u00e4minen<\/title>\n<meta name=\"robots\" content=\"index, follow, max-snippet:-1, max-image-preview:large, max-video-preview:-1\" \/>\n<link rel=\"canonical\" href=\"https:\/\/blogs.uef.fi\/karjalanelvytys\/kylysanasto-suomi-suvikarjala\/\" \/>\n<meta property=\"og:locale\" content=\"fi_FI\" \/>\n<meta property=\"og:type\" content=\"article\" \/>\n<meta property=\"og:title\" content=\"Kylysanasto (suomi\u2013suvikarjala) - Karjalan kielen elvytt\u00e4minen\" \/>\n<meta property=\"og:description\" content=\"Saunasanasto (suomi\u2013etel\u00e4karjala) Kylysanasto (suomi\u2013suvikarjala) Luadija: Katerina Paalamo Karjalan kielen elvytysprojekta P\u00e4iv\u00e4nnouzu-Suomen yliopisto Kuvat:\u00a0Sirpa M\u00e4nty Karjalazet rakkahalla k\u00e4yv\u00e4h kylyh. T\u00e4m\u00e4 kylysanasto ongi luajittu avuksi tavallizilla kielenk\u00e4ytt\u00e4jill\u00e4, kumbazet suvaijah kylbie kyly\u00f6. Sanassosta l\u00f6ydyy t\u00e4ss\u00e4 aijassa tarbehellista kylysanua, da siin\u00e4 on kuin hallolla l\u00e4mmitett\u00e4vi\u00e4 kyly\u00f6, mugai uuvembie kylytiippoi da kylvend\u00e4taboi koskijua sanua. Tarbehen mugah sanoin k\u00e4ytty\u00f6 on sellitetty [&hellip;]\" \/>\n<meta property=\"og:url\" content=\"https:\/\/blogs.uef.fi\/karjalanelvytys\/kylysanasto-suomi-suvikarjala\/\" \/>\n<meta property=\"og:site_name\" content=\"Karjalan kielen elvytt\u00e4minen\" \/>\n<meta property=\"article:modified_time\" content=\"2024-02-14T07:17:39+00:00\" \/>\n<meta property=\"og:image\" content=\"https:\/\/blogs.uef.fi\/karjalanelvytys\/wp-content\/uploads\/sites\/155\/2023\/06\/Kyly-300x230.jpg\" \/>\n<meta name=\"twitter:card\" content=\"summary_large_image\" \/>\n<meta name=\"twitter:label1\" content=\"Arvioitu lukuaika\" \/>\n\t<meta name=\"twitter:data1\" content=\"18 minuuttia\" \/>\n<script type=\"application\/ld+json\" class=\"yoast-schema-graph\">{\"@context\":\"https:\\\/\\\/schema.org\",\"@graph\":[{\"@type\":\"WebPage\",\"@id\":\"https:\\\/\\\/blogs.uef.fi\\\/karjalanelvytys\\\/kylysanasto-suomi-suvikarjala\\\/\",\"url\":\"https:\\\/\\\/blogs.uef.fi\\\/karjalanelvytys\\\/kylysanasto-suomi-suvikarjala\\\/\",\"name\":\"Kylysanasto (suomi\u2013suvikarjala) - Karjalan kielen elvytt\u00e4minen\",\"isPartOf\":{\"@id\":\"https:\\\/\\\/blogs.uef.fi\\\/karjalanelvytys\\\/#website\"},\"primaryImageOfPage\":{\"@id\":\"https:\\\/\\\/blogs.uef.fi\\\/karjalanelvytys\\\/kylysanasto-suomi-suvikarjala\\\/#primaryimage\"},\"image\":{\"@id\":\"https:\\\/\\\/blogs.uef.fi\\\/karjalanelvytys\\\/kylysanasto-suomi-suvikarjala\\\/#primaryimage\"},\"thumbnailUrl\":\"https:\\\/\\\/blogs.uef.fi\\\/karjalanelvytys\\\/wp-content\\\/uploads\\\/sites\\\/155\\\/2023\\\/06\\\/Kyly-300x230.jpg\",\"datePublished\":\"2023-06-30T12:18:27+00:00\",\"dateModified\":\"2024-02-14T07:17:39+00:00\",\"breadcrumb\":{\"@id\":\"https:\\\/\\\/blogs.uef.fi\\\/karjalanelvytys\\\/kylysanasto-suomi-suvikarjala\\\/#breadcrumb\"},\"inLanguage\":\"fi\",\"potentialAction\":[{\"@type\":\"ReadAction\",\"target\":[\"https:\\\/\\\/blogs.uef.fi\\\/karjalanelvytys\\\/kylysanasto-suomi-suvikarjala\\\/\"]}]},{\"@type\":\"ImageObject\",\"inLanguage\":\"fi\",\"@id\":\"https:\\\/\\\/blogs.uef.fi\\\/karjalanelvytys\\\/kylysanasto-suomi-suvikarjala\\\/#primaryimage\",\"url\":\"https:\\\/\\\/blogs.uef.fi\\\/karjalanelvytys\\\/wp-content\\\/uploads\\\/sites\\\/155\\\/2023\\\/06\\\/Kyly.jpg\",\"contentUrl\":\"https:\\\/\\\/blogs.uef.fi\\\/karjalanelvytys\\\/wp-content\\\/uploads\\\/sites\\\/155\\\/2023\\\/06\\\/Kyly.jpg\",\"width\":526,\"height\":404,\"caption\":\"Kyly. Kuva: Sirpa M\u00e4nty\"},{\"@type\":\"BreadcrumbList\",\"@id\":\"https:\\\/\\\/blogs.uef.fi\\\/karjalanelvytys\\\/kylysanasto-suomi-suvikarjala\\\/#breadcrumb\",\"itemListElement\":[{\"@type\":\"ListItem\",\"position\":1,\"name\":\"Home\",\"item\":\"https:\\\/\\\/blogs.uef.fi\\\/karjalanelvytys\\\/\"},{\"@type\":\"ListItem\",\"position\":2,\"name\":\"Kylysanasto (suomi\u2013suvikarjala)\"}]},{\"@type\":\"WebSite\",\"@id\":\"https:\\\/\\\/blogs.uef.fi\\\/karjalanelvytys\\\/#website\",\"url\":\"https:\\\/\\\/blogs.uef.fi\\\/karjalanelvytys\\\/\",\"name\":\"Karjalan kielen elvytt\u00e4minen\",\"description\":\"\",\"potentialAction\":[{\"@type\":\"SearchAction\",\"target\":{\"@type\":\"EntryPoint\",\"urlTemplate\":\"https:\\\/\\\/blogs.uef.fi\\\/karjalanelvytys\\\/?s={search_term_string}\"},\"query-input\":{\"@type\":\"PropertyValueSpecification\",\"valueRequired\":true,\"valueName\":\"search_term_string\"}}],\"inLanguage\":\"fi\"}]}<\/script>\n<!-- \/ Yoast SEO plugin. -->","yoast_head_json":{"title":"Kylysanasto (suomi\u2013suvikarjala) - Karjalan kielen elvytt\u00e4minen","robots":{"index":"index","follow":"follow","max-snippet":"max-snippet:-1","max-image-preview":"max-image-preview:large","max-video-preview":"max-video-preview:-1"},"canonical":"https:\/\/blogs.uef.fi\/karjalanelvytys\/kylysanasto-suomi-suvikarjala\/","og_locale":"fi_FI","og_type":"article","og_title":"Kylysanasto (suomi\u2013suvikarjala) - Karjalan kielen elvytt\u00e4minen","og_description":"Saunasanasto (suomi\u2013etel\u00e4karjala) Kylysanasto (suomi\u2013suvikarjala) Luadija: Katerina Paalamo Karjalan kielen elvytysprojekta P\u00e4iv\u00e4nnouzu-Suomen yliopisto Kuvat:\u00a0Sirpa M\u00e4nty Karjalazet rakkahalla k\u00e4yv\u00e4h kylyh. T\u00e4m\u00e4 kylysanasto ongi luajittu avuksi tavallizilla kielenk\u00e4ytt\u00e4jill\u00e4, kumbazet suvaijah kylbie kyly\u00f6. Sanassosta l\u00f6ydyy t\u00e4ss\u00e4 aijassa tarbehellista kylysanua, da siin\u00e4 on kuin hallolla l\u00e4mmitett\u00e4vi\u00e4 kyly\u00f6, mugai uuvembie kylytiippoi da kylvend\u00e4taboi koskijua sanua. Tarbehen mugah sanoin k\u00e4ytty\u00f6 on sellitetty [&hellip;]","og_url":"https:\/\/blogs.uef.fi\/karjalanelvytys\/kylysanasto-suomi-suvikarjala\/","og_site_name":"Karjalan kielen elvytt\u00e4minen","article_modified_time":"2024-02-14T07:17:39+00:00","og_image":[{"url":"https:\/\/blogs.uef.fi\/karjalanelvytys\/wp-content\/uploads\/sites\/155\/2023\/06\/Kyly-300x230.jpg","type":"","width":"","height":""}],"twitter_card":"summary_large_image","twitter_misc":{"Arvioitu lukuaika":"18 minuuttia"},"schema":{"@context":"https:\/\/schema.org","@graph":[{"@type":"WebPage","@id":"https:\/\/blogs.uef.fi\/karjalanelvytys\/kylysanasto-suomi-suvikarjala\/","url":"https:\/\/blogs.uef.fi\/karjalanelvytys\/kylysanasto-suomi-suvikarjala\/","name":"Kylysanasto (suomi\u2013suvikarjala) - Karjalan kielen elvytt\u00e4minen","isPartOf":{"@id":"https:\/\/blogs.uef.fi\/karjalanelvytys\/#website"},"primaryImageOfPage":{"@id":"https:\/\/blogs.uef.fi\/karjalanelvytys\/kylysanasto-suomi-suvikarjala\/#primaryimage"},"image":{"@id":"https:\/\/blogs.uef.fi\/karjalanelvytys\/kylysanasto-suomi-suvikarjala\/#primaryimage"},"thumbnailUrl":"https:\/\/blogs.uef.fi\/karjalanelvytys\/wp-content\/uploads\/sites\/155\/2023\/06\/Kyly-300x230.jpg","datePublished":"2023-06-30T12:18:27+00:00","dateModified":"2024-02-14T07:17:39+00:00","breadcrumb":{"@id":"https:\/\/blogs.uef.fi\/karjalanelvytys\/kylysanasto-suomi-suvikarjala\/#breadcrumb"},"inLanguage":"fi","potentialAction":[{"@type":"ReadAction","target":["https:\/\/blogs.uef.fi\/karjalanelvytys\/kylysanasto-suomi-suvikarjala\/"]}]},{"@type":"ImageObject","inLanguage":"fi","@id":"https:\/\/blogs.uef.fi\/karjalanelvytys\/kylysanasto-suomi-suvikarjala\/#primaryimage","url":"https:\/\/blogs.uef.fi\/karjalanelvytys\/wp-content\/uploads\/sites\/155\/2023\/06\/Kyly.jpg","contentUrl":"https:\/\/blogs.uef.fi\/karjalanelvytys\/wp-content\/uploads\/sites\/155\/2023\/06\/Kyly.jpg","width":526,"height":404,"caption":"Kyly. Kuva: Sirpa M\u00e4nty"},{"@type":"BreadcrumbList","@id":"https:\/\/blogs.uef.fi\/karjalanelvytys\/kylysanasto-suomi-suvikarjala\/#breadcrumb","itemListElement":[{"@type":"ListItem","position":1,"name":"Home","item":"https:\/\/blogs.uef.fi\/karjalanelvytys\/"},{"@type":"ListItem","position":2,"name":"Kylysanasto (suomi\u2013suvikarjala)"}]},{"@type":"WebSite","@id":"https:\/\/blogs.uef.fi\/karjalanelvytys\/#website","url":"https:\/\/blogs.uef.fi\/karjalanelvytys\/","name":"Karjalan kielen elvytt\u00e4minen","description":"","potentialAction":[{"@type":"SearchAction","target":{"@type":"EntryPoint","urlTemplate":"https:\/\/blogs.uef.fi\/karjalanelvytys\/?s={search_term_string}"},"query-input":{"@type":"PropertyValueSpecification","valueRequired":true,"valueName":"search_term_string"}}],"inLanguage":"fi"}]}},"_links":{"self":[{"href":"https:\/\/blogs.uef.fi\/karjalanelvytys\/wp-json\/wp\/v2\/pages\/11223","targetHints":{"allow":["GET"]}}],"collection":[{"href":"https:\/\/blogs.uef.fi\/karjalanelvytys\/wp-json\/wp\/v2\/pages"}],"about":[{"href":"https:\/\/blogs.uef.fi\/karjalanelvytys\/wp-json\/wp\/v2\/types\/page"}],"author":[{"embeddable":true,"href":"https:\/\/blogs.uef.fi\/karjalanelvytys\/wp-json\/wp\/v2\/users\/580"}],"replies":[{"embeddable":true,"href":"https:\/\/blogs.uef.fi\/karjalanelvytys\/wp-json\/wp\/v2\/comments?post=11223"}],"version-history":[{"count":1,"href":"https:\/\/blogs.uef.fi\/karjalanelvytys\/wp-json\/wp\/v2\/pages\/11223\/revisions"}],"predecessor-version":[{"id":15878,"href":"https:\/\/blogs.uef.fi\/karjalanelvytys\/wp-json\/wp\/v2\/pages\/11223\/revisions\/15878"}],"wp:attachment":[{"href":"https:\/\/blogs.uef.fi\/karjalanelvytys\/wp-json\/wp\/v2\/media?parent=11223"}],"curies":[{"name":"wp","href":"https:\/\/api.w.org\/{rel}","templated":true}]}}