{"id":10786,"date":"2023-05-16T08:27:29","date_gmt":"2023-05-16T05:27:29","guid":{"rendered":"https:\/\/blogs.uef.fi\/karjalanelvytys\/?page_id=10786"},"modified":"2023-05-16T08:27:29","modified_gmt":"2023-05-16T05:27:29","slug":"pieni-taidosanasto-livvinkarjalakse","status":"publish","type":"page","link":"https:\/\/blogs.uef.fi\/karjalanelvytys\/pieni-taidosanasto-livvinkarjalakse\/","title":{"rendered":"Pieni taidosanasto livvinkarjalakse"},"content":{"rendered":"<p><strong>Hannu Turunen<\/strong> on ty\u00f6nd\u00e4nyh elvytysprojektale lyhy\u010d\u010d\u00e4zen taidosanastolistan, kudamah n\u00e4h h\u00e4i sanou nenga: &#8221;Olen luadinuh pikkarazen mualavustaido-sanaston Lapinlahten Taidomuzei Eemil&#8217;an kez\u00e4ozutteluh ni\u0161koi. Ozuttelus on Pitk\u00e4rannas roinnuon <strong>Grigor Aueran<\/strong> (1882-1967) mualavuksii. Karjalan Liitto on ilmoitannuh vuvven 2023 tiemakse karjalazen kuvataijon. Send\u00e4h Lapinlahten Karjalazet oli alguhpanii ozuttelus da Taidomuzei Eemil on pid\u00e4nyh huoldu ozuttelun organizui\u010dendas. Taidomuzei sezo tahtou ozuttelun li\u017e\u00e4kse tarita rahvahal v\u00e4h\u00e4zen karjalan kieldygi da nenga on roinnuh ne\u010de sanasto.&#8221;<\/p>\n<hr \/>\n<p>abstrakti \u2013 abstraktu<\/p>\n<p>aisti \u2013 \u010dusve, tundo<\/p>\n<p>akryylimaali \u2013 akrilmualu<\/p>\n<p>akvarelli \u2013 akvarelli<\/p>\n<p>alastonmaalaus \u2013 alastoimualavus<\/p>\n<p>asetelma \u2013 azetelmu<\/p>\n<p>ekpressionismi \u2013 ekspressionizmu<\/p>\n<p>estetiikka \u2013 esteetiekku<\/p>\n<p>galleria \u2013 gallerei<\/p>\n<p>guassi\u00a0\u2013 gua\u0161\u0161i<\/p>\n<p>ikoni \u2013 ikonu, obrazu<\/p>\n<p>illuusio \u2013 il&#8217;l&#8217;uuzii<\/p>\n<p>illusionismi \u2013 il&#8217;l&#8217;uzionizmu<\/p>\n<p>impressionismi \u2013 impressionizmu<\/p>\n<p>installaatio \u2013 ezinehazetelmu<\/p>\n<p>j\u00e4ljent\u00e4\u00e4 \u2013 kopiiruija<\/p>\n<p>j\u00e4ljenn\u00f6s \u2013 koupii<\/p>\n<p>kansallisromantiikka \u2013 kanzallisromantiekku<\/p>\n<p>karelianismi \u2013 karelienizmu<\/p>\n<p>kauneus \u2013 kaunehus<\/p>\n<p>kaunis \u2013 kaunis, \u010doma<\/p>\n<p>kehys \u2013 kehus, ramku<\/p>\n<p>klassismi \u2013 klassizmu<\/p>\n<p>kompositio \u2013 kompozicii<\/p>\n<p>luonnos \u2013 algukuva, eskiizu<\/p>\n<p>maalata \u2013 mualata, kruassie<\/p>\n<p>maalauksellinen \u2013 mualavukselline<\/p>\n<p>maalaus \u2013 mualavus, kartin<\/p>\n<p>maalauskangas \u2013 mualavuskangas<\/p>\n<p>maalausteline \u2013 jalustu<\/p>\n<p>maali \u2013 mualu<\/p>\n<p>maisemamaalaus \u2013 land\u0161aftumualavus<\/p>\n<p>materiaali \u2013 materjualu<\/p>\n<p>moderni \u2013 modernu, modernoi<\/p>\n<p>modernismi \u2013 modernizmu<\/p>\n<p>muotokuva \u2013 portriettu<\/p>\n<p>muraalimaalaus \u2013 kiviseinymualavus<\/p>\n<p>naivismi \u2013 najivizmu<\/p>\n<p>nykytaide \u2013 nygytaido, nyg\u00f6ine taido<\/p>\n<p>n\u00e4yttely \u2013 ozuttelu<\/p>\n<p>omakuva \u2013 omakuva<\/p>\n<p>paletti \u2013 mualilaudu, palettu<\/p>\n<p>pastellimaalaus \u2013 pasteli, pastelikuva<\/p>\n<p>pastelliv\u00e4ri \u2013 pasteliv\u00e4ri<\/p>\n<p>perspektiivi \u2013 perspektiivu<\/p>\n<p>piirt\u00e4\u00e4 \u2013 piirdi\u00e4<\/p>\n<p>piirustus \u2013 piirustus, resunku<\/p>\n<p>pittoreski \u2013 mualavukselline<\/p>\n<p>realismi \u2013 realizmu<\/p>\n<p>romantiikka \u2013 romantiekku<\/p>\n<p>sivellin \u2013 kisti<\/p>\n<p>surrealismi \u2013 surrealizmu<\/p>\n<p>symbolismi \u2013 simvolizmu<\/p>\n<p>taide \u2013 taido<\/p>\n<p>taidemaalari \u2013 taidomualari<\/p>\n<p>taidemuseo \u2013 taidomuzei<\/p>\n<p>taiden\u00e4yttely \u2013 taido-ozuttelu<\/p>\n<p>taideteos \u2013 taidotevos<\/p>\n<p>valo \u2013 valgo, valgei<\/p>\n<p>vesiv\u00e4ri \u2013 vesiv\u00e4ri<\/p>\n<p>vesiv\u00e4rimaalaus \u2013 akvarelli, veziv\u00e4rimualavus<\/p>\n<p>v\u00e4ri \u2013 v\u00e4ri, kruasku, muju<\/p>\n<p>v\u00e4rik\u00e4s \u2013 v\u00e4rik\u00e4s<\/p>\n<p>v\u00e4ritt\u00e4\u00e4 \u2013 v\u00e4ritti\u00e4, mujuttua, kruassie<\/p>\n<p>v\u00e4ris\u00e4vy \u2013 v\u00e4rin&#8217;uansu<\/p>\n<p>\u00f6ljyv\u00e4ri \u2013 voiv\u00e4ri, voikruasku<\/p>\n<p>\u00f6ljyv\u00e4rimaalaus \u2013 voimualavus<\/p>\n<div id=\"attachment_10789\" style=\"width: 209px\" class=\"wp-caption alignleft\"><img loading=\"lazy\" decoding=\"async\" aria-describedby=\"caption-attachment-10789\" class=\"size-medium wp-image-10789\" src=\"https:\/\/blogs.uef.fi\/karjalanelvytys\/wp-content\/uploads\/sites\/155\/2023\/05\/taidosanastuo-199x300.jpg\" alt=\"\" width=\"199\" height=\"300\" srcset=\"https:\/\/blogs.uef.fi\/karjalanelvytys\/wp-content\/uploads\/sites\/155\/2023\/05\/taidosanastuo-199x300.jpg 199w, https:\/\/blogs.uef.fi\/karjalanelvytys\/wp-content\/uploads\/sites\/155\/2023\/05\/taidosanastuo.jpg 318w\" sizes=\"auto, (max-width: 199px) 100vw, 199px\" \/><p id=\"caption-attachment-10789\" class=\"wp-caption-text\">Kuva: Pixabay<\/p><\/div>\n","protected":false},"excerpt":{"rendered":"<p>Hannu Turunen on ty\u00f6nd\u00e4nyh elvytysprojektale lyhy\u010d\u010d\u00e4zen taidosanastolistan, kudamah n\u00e4h h\u00e4i sanou nenga: &#8221;Olen luadinuh pikkarazen mualavustaido-sanaston Lapinlahten Taidomuzei Eemil&#8217;an kez\u00e4ozutteluh ni\u0161koi. Ozuttelus on Pitk\u00e4rannas roinnuon Grigor Aueran (1882-1967) mualavuksii. Karjalan Liitto on ilmoitannuh vuvven 2023 tiemakse karjalazen kuvataijon. Send\u00e4h Lapinlahten Karjalazet oli alguhpanii ozuttelus da Taidomuzei Eemil on pid\u00e4nyh huoldu ozuttelun organizui\u010dendas. Taidomuzei sezo tahtou [&hellip;]<\/p>\n","protected":false},"author":580,"featured_media":0,"parent":0,"menu_order":0,"comment_status":"closed","ping_status":"closed","template":"","meta":{"_acf_changed":false,"footnotes":""},"class_list":["post-10786","page","type-page","status-publish","hentry"],"acf":[],"yoast_head":"<!-- This site is optimized with the Yoast SEO plugin v27.3 - https:\/\/yoast.com\/product\/yoast-seo-wordpress\/ -->\n<title>Pieni taidosanasto livvinkarjalakse - Karjalan kielen elvytt\u00e4minen<\/title>\n<meta name=\"robots\" content=\"index, follow, max-snippet:-1, max-image-preview:large, max-video-preview:-1\" \/>\n<link rel=\"canonical\" href=\"https:\/\/blogs.uef.fi\/karjalanelvytys\/pieni-taidosanasto-livvinkarjalakse\/\" \/>\n<meta property=\"og:locale\" content=\"fi_FI\" \/>\n<meta property=\"og:type\" content=\"article\" \/>\n<meta property=\"og:title\" content=\"Pieni taidosanasto livvinkarjalakse - Karjalan kielen elvytt\u00e4minen\" \/>\n<meta property=\"og:description\" content=\"Hannu Turunen on ty\u00f6nd\u00e4nyh elvytysprojektale lyhy\u010d\u010d\u00e4zen taidosanastolistan, kudamah n\u00e4h h\u00e4i sanou nenga: &#8221;Olen luadinuh pikkarazen mualavustaido-sanaston Lapinlahten Taidomuzei Eemil&#8217;an kez\u00e4ozutteluh ni\u0161koi. Ozuttelus on Pitk\u00e4rannas roinnuon Grigor Aueran (1882-1967) mualavuksii. Karjalan Liitto on ilmoitannuh vuvven 2023 tiemakse karjalazen kuvataijon. Send\u00e4h Lapinlahten Karjalazet oli alguhpanii ozuttelus da Taidomuzei Eemil on pid\u00e4nyh huoldu ozuttelun organizui\u010dendas. Taidomuzei sezo tahtou [&hellip;]\" \/>\n<meta property=\"og:url\" content=\"https:\/\/blogs.uef.fi\/karjalanelvytys\/pieni-taidosanasto-livvinkarjalakse\/\" \/>\n<meta property=\"og:site_name\" content=\"Karjalan kielen elvytt\u00e4minen\" \/>\n<meta property=\"og:image\" content=\"https:\/\/blogs.uef.fi\/karjalanelvytys\/wp-content\/uploads\/sites\/155\/2023\/05\/taidosanastuo-199x300.jpg\" \/>\n<meta name=\"twitter:card\" content=\"summary_large_image\" \/>\n<meta name=\"twitter:label1\" content=\"Arvioitu lukuaika\" \/>\n\t<meta name=\"twitter:data1\" content=\"2 minuuttia\" \/>\n<script type=\"application\/ld+json\" class=\"yoast-schema-graph\">{\"@context\":\"https:\\\/\\\/schema.org\",\"@graph\":[{\"@type\":\"WebPage\",\"@id\":\"https:\\\/\\\/blogs.uef.fi\\\/karjalanelvytys\\\/pieni-taidosanasto-livvinkarjalakse\\\/\",\"url\":\"https:\\\/\\\/blogs.uef.fi\\\/karjalanelvytys\\\/pieni-taidosanasto-livvinkarjalakse\\\/\",\"name\":\"Pieni taidosanasto livvinkarjalakse - Karjalan kielen elvytt\u00e4minen\",\"isPartOf\":{\"@id\":\"https:\\\/\\\/blogs.uef.fi\\\/karjalanelvytys\\\/#website\"},\"primaryImageOfPage\":{\"@id\":\"https:\\\/\\\/blogs.uef.fi\\\/karjalanelvytys\\\/pieni-taidosanasto-livvinkarjalakse\\\/#primaryimage\"},\"image\":{\"@id\":\"https:\\\/\\\/blogs.uef.fi\\\/karjalanelvytys\\\/pieni-taidosanasto-livvinkarjalakse\\\/#primaryimage\"},\"thumbnailUrl\":\"https:\\\/\\\/blogs.uef.fi\\\/karjalanelvytys\\\/wp-content\\\/uploads\\\/sites\\\/155\\\/2023\\\/05\\\/taidosanastuo-199x300.jpg\",\"datePublished\":\"2023-05-16T05:27:29+00:00\",\"breadcrumb\":{\"@id\":\"https:\\\/\\\/blogs.uef.fi\\\/karjalanelvytys\\\/pieni-taidosanasto-livvinkarjalakse\\\/#breadcrumb\"},\"inLanguage\":\"fi\",\"potentialAction\":[{\"@type\":\"ReadAction\",\"target\":[\"https:\\\/\\\/blogs.uef.fi\\\/karjalanelvytys\\\/pieni-taidosanasto-livvinkarjalakse\\\/\"]}]},{\"@type\":\"ImageObject\",\"inLanguage\":\"fi\",\"@id\":\"https:\\\/\\\/blogs.uef.fi\\\/karjalanelvytys\\\/pieni-taidosanasto-livvinkarjalakse\\\/#primaryimage\",\"url\":\"https:\\\/\\\/blogs.uef.fi\\\/karjalanelvytys\\\/wp-content\\\/uploads\\\/sites\\\/155\\\/2023\\\/05\\\/taidosanastuo.jpg\",\"contentUrl\":\"https:\\\/\\\/blogs.uef.fi\\\/karjalanelvytys\\\/wp-content\\\/uploads\\\/sites\\\/155\\\/2023\\\/05\\\/taidosanastuo.jpg\",\"width\":318,\"height\":480,\"caption\":\"Kuva: Pixabay\"},{\"@type\":\"BreadcrumbList\",\"@id\":\"https:\\\/\\\/blogs.uef.fi\\\/karjalanelvytys\\\/pieni-taidosanasto-livvinkarjalakse\\\/#breadcrumb\",\"itemListElement\":[{\"@type\":\"ListItem\",\"position\":1,\"name\":\"Home\",\"item\":\"https:\\\/\\\/blogs.uef.fi\\\/karjalanelvytys\\\/\"},{\"@type\":\"ListItem\",\"position\":2,\"name\":\"Pieni taidosanasto livvinkarjalakse\"}]},{\"@type\":\"WebSite\",\"@id\":\"https:\\\/\\\/blogs.uef.fi\\\/karjalanelvytys\\\/#website\",\"url\":\"https:\\\/\\\/blogs.uef.fi\\\/karjalanelvytys\\\/\",\"name\":\"Karjalan kielen elvytt\u00e4minen\",\"description\":\"\",\"potentialAction\":[{\"@type\":\"SearchAction\",\"target\":{\"@type\":\"EntryPoint\",\"urlTemplate\":\"https:\\\/\\\/blogs.uef.fi\\\/karjalanelvytys\\\/?s={search_term_string}\"},\"query-input\":{\"@type\":\"PropertyValueSpecification\",\"valueRequired\":true,\"valueName\":\"search_term_string\"}}],\"inLanguage\":\"fi\"}]}<\/script>\n<!-- \/ Yoast SEO plugin. -->","yoast_head_json":{"title":"Pieni taidosanasto livvinkarjalakse - Karjalan kielen elvytt\u00e4minen","robots":{"index":"index","follow":"follow","max-snippet":"max-snippet:-1","max-image-preview":"max-image-preview:large","max-video-preview":"max-video-preview:-1"},"canonical":"https:\/\/blogs.uef.fi\/karjalanelvytys\/pieni-taidosanasto-livvinkarjalakse\/","og_locale":"fi_FI","og_type":"article","og_title":"Pieni taidosanasto livvinkarjalakse - Karjalan kielen elvytt\u00e4minen","og_description":"Hannu Turunen on ty\u00f6nd\u00e4nyh elvytysprojektale lyhy\u010d\u010d\u00e4zen taidosanastolistan, kudamah n\u00e4h h\u00e4i sanou nenga: &#8221;Olen luadinuh pikkarazen mualavustaido-sanaston Lapinlahten Taidomuzei Eemil&#8217;an kez\u00e4ozutteluh ni\u0161koi. Ozuttelus on Pitk\u00e4rannas roinnuon Grigor Aueran (1882-1967) mualavuksii. Karjalan Liitto on ilmoitannuh vuvven 2023 tiemakse karjalazen kuvataijon. Send\u00e4h Lapinlahten Karjalazet oli alguhpanii ozuttelus da Taidomuzei Eemil on pid\u00e4nyh huoldu ozuttelun organizui\u010dendas. Taidomuzei sezo tahtou [&hellip;]","og_url":"https:\/\/blogs.uef.fi\/karjalanelvytys\/pieni-taidosanasto-livvinkarjalakse\/","og_site_name":"Karjalan kielen elvytt\u00e4minen","og_image":[{"url":"https:\/\/blogs.uef.fi\/karjalanelvytys\/wp-content\/uploads\/sites\/155\/2023\/05\/taidosanastuo-199x300.jpg","type":"","width":"","height":""}],"twitter_card":"summary_large_image","twitter_misc":{"Arvioitu lukuaika":"2 minuuttia"},"schema":{"@context":"https:\/\/schema.org","@graph":[{"@type":"WebPage","@id":"https:\/\/blogs.uef.fi\/karjalanelvytys\/pieni-taidosanasto-livvinkarjalakse\/","url":"https:\/\/blogs.uef.fi\/karjalanelvytys\/pieni-taidosanasto-livvinkarjalakse\/","name":"Pieni taidosanasto livvinkarjalakse - Karjalan kielen elvytt\u00e4minen","isPartOf":{"@id":"https:\/\/blogs.uef.fi\/karjalanelvytys\/#website"},"primaryImageOfPage":{"@id":"https:\/\/blogs.uef.fi\/karjalanelvytys\/pieni-taidosanasto-livvinkarjalakse\/#primaryimage"},"image":{"@id":"https:\/\/blogs.uef.fi\/karjalanelvytys\/pieni-taidosanasto-livvinkarjalakse\/#primaryimage"},"thumbnailUrl":"https:\/\/blogs.uef.fi\/karjalanelvytys\/wp-content\/uploads\/sites\/155\/2023\/05\/taidosanastuo-199x300.jpg","datePublished":"2023-05-16T05:27:29+00:00","breadcrumb":{"@id":"https:\/\/blogs.uef.fi\/karjalanelvytys\/pieni-taidosanasto-livvinkarjalakse\/#breadcrumb"},"inLanguage":"fi","potentialAction":[{"@type":"ReadAction","target":["https:\/\/blogs.uef.fi\/karjalanelvytys\/pieni-taidosanasto-livvinkarjalakse\/"]}]},{"@type":"ImageObject","inLanguage":"fi","@id":"https:\/\/blogs.uef.fi\/karjalanelvytys\/pieni-taidosanasto-livvinkarjalakse\/#primaryimage","url":"https:\/\/blogs.uef.fi\/karjalanelvytys\/wp-content\/uploads\/sites\/155\/2023\/05\/taidosanastuo.jpg","contentUrl":"https:\/\/blogs.uef.fi\/karjalanelvytys\/wp-content\/uploads\/sites\/155\/2023\/05\/taidosanastuo.jpg","width":318,"height":480,"caption":"Kuva: Pixabay"},{"@type":"BreadcrumbList","@id":"https:\/\/blogs.uef.fi\/karjalanelvytys\/pieni-taidosanasto-livvinkarjalakse\/#breadcrumb","itemListElement":[{"@type":"ListItem","position":1,"name":"Home","item":"https:\/\/blogs.uef.fi\/karjalanelvytys\/"},{"@type":"ListItem","position":2,"name":"Pieni taidosanasto livvinkarjalakse"}]},{"@type":"WebSite","@id":"https:\/\/blogs.uef.fi\/karjalanelvytys\/#website","url":"https:\/\/blogs.uef.fi\/karjalanelvytys\/","name":"Karjalan kielen elvytt\u00e4minen","description":"","potentialAction":[{"@type":"SearchAction","target":{"@type":"EntryPoint","urlTemplate":"https:\/\/blogs.uef.fi\/karjalanelvytys\/?s={search_term_string}"},"query-input":{"@type":"PropertyValueSpecification","valueRequired":true,"valueName":"search_term_string"}}],"inLanguage":"fi"}]}},"_links":{"self":[{"href":"https:\/\/blogs.uef.fi\/karjalanelvytys\/wp-json\/wp\/v2\/pages\/10786","targetHints":{"allow":["GET"]}}],"collection":[{"href":"https:\/\/blogs.uef.fi\/karjalanelvytys\/wp-json\/wp\/v2\/pages"}],"about":[{"href":"https:\/\/blogs.uef.fi\/karjalanelvytys\/wp-json\/wp\/v2\/types\/page"}],"author":[{"embeddable":true,"href":"https:\/\/blogs.uef.fi\/karjalanelvytys\/wp-json\/wp\/v2\/users\/580"}],"replies":[{"embeddable":true,"href":"https:\/\/blogs.uef.fi\/karjalanelvytys\/wp-json\/wp\/v2\/comments?post=10786"}],"version-history":[{"count":2,"href":"https:\/\/blogs.uef.fi\/karjalanelvytys\/wp-json\/wp\/v2\/pages\/10786\/revisions"}],"predecessor-version":[{"id":10827,"href":"https:\/\/blogs.uef.fi\/karjalanelvytys\/wp-json\/wp\/v2\/pages\/10786\/revisions\/10827"}],"wp:attachment":[{"href":"https:\/\/blogs.uef.fi\/karjalanelvytys\/wp-json\/wp\/v2\/media?parent=10786"}],"curies":[{"name":"wp","href":"https:\/\/api.w.org\/{rel}","templated":true}]}}