{"id":1059,"date":"2021-07-01T10:33:21","date_gmt":"2021-07-01T07:33:21","guid":{"rendered":"https:\/\/blogs.uef.fi\/karjalanelvytys\/?page_id=1059"},"modified":"2021-11-15T12:24:58","modified_gmt":"2021-11-15T10:24:58","slug":"elena-junttila-kazvisanastuo-kuvis","status":"publish","type":"page","link":"https:\/\/blogs.uef.fi\/karjalanelvytys\/elena-junttila-kazvisanastuo-kuvis\/","title":{"rendered":"Elena Junttila: kazvisanastuo kuvis"},"content":{"rendered":"<p>Elena Junttila on karjalaine, kudaman lapsusaigu meni Ven\u2019an Karjalan Anuksen \u010dupul Alavozes. Nyg\u00f6i h\u00e4i el\u00e4y Suomussalmel da opastau rahvastu karjalan kieleh kielikursiloil Kajuanis da Taivalkoskel. H\u00e4i ei kaimannuh ni omua kul\u2019tuurua, ni omua kieldy da rakkahal pagizou karjalakse. Omal Facebook-sivul Elena\u00a0<a href=\"https:\/\/vk.com\/away.php?to=https%3A%2F%2Fwww.facebook.com%2Felena.junttila&amp;post=-200296727_224&amp;cc_key=\" target=\"_blank\" rel=\"nofollow noopener\">https:\/\/www.facebook.com\/elena.junttila<\/a>\u00a0pid\u00e4y Karjalaine flora-al\u2019bomua, kuduah keri\u00e4y \u010domua kazvikuvua. Kazviloin nimet h\u00e4i kirjuttau karjalakse. T\u00e4l sivul julguammo kez\u00e4n da sygyzyn aigua kerran ned\u00e4lis yhten kuvan sit al\u2019bomasp\u00e4i.<\/p>\n<p>15.11.2021<\/p>\n<p>H\u00f6yd\u00f6i(puu), kalin(puu), (koiran)h\u00f6ispuu\u00a0 *\u00a0 Koiranheisi\u00a0 *\u00a0\u00a0\u041a\u0430\u043b\u0438\u043d\u0430<\/p>\n<p><img loading=\"lazy\" decoding=\"async\" class=\"alignnone wp-image-2522 size-medium\" src=\"https:\/\/blogs.uef.fi\/karjalanelvytys\/wp-content\/uploads\/sites\/155\/2021\/11\/kalinpuu-300x225.jpg\" alt=\"Kalinpuu\" width=\"300\" height=\"225\" srcset=\"https:\/\/blogs.uef.fi\/karjalanelvytys\/wp-content\/uploads\/sites\/155\/2021\/11\/kalinpuu-300x225.jpg 300w, https:\/\/blogs.uef.fi\/karjalanelvytys\/wp-content\/uploads\/sites\/155\/2021\/11\/kalinpuu-1024x768.jpg 1024w, https:\/\/blogs.uef.fi\/karjalanelvytys\/wp-content\/uploads\/sites\/155\/2021\/11\/kalinpuu-768x576.jpg 768w, https:\/\/blogs.uef.fi\/karjalanelvytys\/wp-content\/uploads\/sites\/155\/2021\/11\/kalinpuu.jpg 1440w\" sizes=\"auto, (max-width: 300px) 100vw, 300px\" \/><\/p>\n<p>8.11.2021<\/p>\n<p>Liekoi *\u00a0 Lieko * \u041f\u043b\u0430\u0443\u043d<\/p>\n<p><img loading=\"lazy\" decoding=\"async\" class=\"alignnone wp-image-2339 size-medium\" src=\"https:\/\/blogs.uef.fi\/karjalanelvytys\/wp-content\/uploads\/sites\/155\/2021\/11\/liekoi-300x225.jpg\" alt=\"Liekoi\" width=\"300\" height=\"225\" srcset=\"https:\/\/blogs.uef.fi\/karjalanelvytys\/wp-content\/uploads\/sites\/155\/2021\/11\/liekoi-300x225.jpg 300w, https:\/\/blogs.uef.fi\/karjalanelvytys\/wp-content\/uploads\/sites\/155\/2021\/11\/liekoi-1024x768.jpg 1024w, https:\/\/blogs.uef.fi\/karjalanelvytys\/wp-content\/uploads\/sites\/155\/2021\/11\/liekoi-768x576.jpg 768w, https:\/\/blogs.uef.fi\/karjalanelvytys\/wp-content\/uploads\/sites\/155\/2021\/11\/liekoi.jpg 1440w\" sizes=\"auto, (max-width: 300px) 100vw, 300px\" \/><\/p>\n<p>1.11.2021<\/p>\n<p>Kallivokelloine\u00a0 * \u00a0Lehtokielo * \u00a0\u041a\u0443\u043f\u0435\u043d\u0430 \u043c\u043d\u043e\u0433\u043e\u0446\u0432\u0435\u0442\u043a\u043e\u0432\u0430\u044f<\/p>\n<p><img loading=\"lazy\" decoding=\"async\" class=\"alignnone wp-image-2145 size-medium\" src=\"https:\/\/blogs.uef.fi\/karjalanelvytys\/wp-content\/uploads\/sites\/155\/2021\/11\/Kallivokelloine-300x225.jpg\" alt=\"Kallivokelloine\" width=\"300\" height=\"225\" srcset=\"https:\/\/blogs.uef.fi\/karjalanelvytys\/wp-content\/uploads\/sites\/155\/2021\/11\/Kallivokelloine-300x225.jpg 300w, https:\/\/blogs.uef.fi\/karjalanelvytys\/wp-content\/uploads\/sites\/155\/2021\/11\/Kallivokelloine-1024x768.jpg 1024w, https:\/\/blogs.uef.fi\/karjalanelvytys\/wp-content\/uploads\/sites\/155\/2021\/11\/Kallivokelloine-768x576.jpg 768w, https:\/\/blogs.uef.fi\/karjalanelvytys\/wp-content\/uploads\/sites\/155\/2021\/11\/Kallivokelloine.jpg 1440w\" sizes=\"auto, (max-width: 300px) 100vw, 300px\" \/><\/p>\n<p>25.10.2021<\/p>\n<p>Nurmiveronika * Nurmit\u00e4dyke * \u0412\u0435\u0440\u043e\u043d\u0438\u043a\u0430 \u0434\u0443\u0431\u0440\u0430\u0432\u043d\u0430\u044f<\/p>\n<p><img loading=\"lazy\" decoding=\"async\" class=\"alignnone wp-image-2076 size-medium\" src=\"https:\/\/blogs.uef.fi\/karjalanelvytys\/wp-content\/uploads\/sites\/155\/2021\/10\/nurmiveronika-300x246.jpg\" alt=\"Nurmiveronika\" width=\"300\" height=\"246\" srcset=\"https:\/\/blogs.uef.fi\/karjalanelvytys\/wp-content\/uploads\/sites\/155\/2021\/10\/nurmiveronika-300x246.jpg 300w, https:\/\/blogs.uef.fi\/karjalanelvytys\/wp-content\/uploads\/sites\/155\/2021\/10\/nurmiveronika-1024x840.jpg 1024w, https:\/\/blogs.uef.fi\/karjalanelvytys\/wp-content\/uploads\/sites\/155\/2021\/10\/nurmiveronika-768x630.jpg 768w, https:\/\/blogs.uef.fi\/karjalanelvytys\/wp-content\/uploads\/sites\/155\/2021\/10\/nurmiveronika.jpg 1440w\" sizes=\"auto, (max-width: 300px) 100vw, 300px\" \/><\/p>\n<p>18.10.2021<\/p>\n<p>Bolbokku, bul&#8217;bukku, kullervonkukku, muabul&#8217;bukkaine, bul&#8217;bukkuheiny, kullero * Kullero * \u041a\u0443\u043f\u0430\u043b\u044c\u043d\u0438\u0446\u0430<\/p>\n<p><img loading=\"lazy\" decoding=\"async\" class=\"alignnone wp-image-2023 size-medium\" src=\"https:\/\/blogs.uef.fi\/karjalanelvytys\/wp-content\/uploads\/sites\/155\/2021\/10\/bolbokku-300x225.jpg\" alt=\"Bolbokku\" width=\"300\" height=\"225\" srcset=\"https:\/\/blogs.uef.fi\/karjalanelvytys\/wp-content\/uploads\/sites\/155\/2021\/10\/bolbokku-300x225.jpg 300w, https:\/\/blogs.uef.fi\/karjalanelvytys\/wp-content\/uploads\/sites\/155\/2021\/10\/bolbokku-1024x768.jpg 1024w, https:\/\/blogs.uef.fi\/karjalanelvytys\/wp-content\/uploads\/sites\/155\/2021\/10\/bolbokku-768x576.jpg 768w, https:\/\/blogs.uef.fi\/karjalanelvytys\/wp-content\/uploads\/sites\/155\/2021\/10\/bolbokku.jpg 1440w\" sizes=\"auto, (max-width: 300px) 100vw, 300px\" \/><\/p>\n<p>7.10.2021<\/p>\n<p>K\u00e4\u017eny * Pakurik\u00e4\u00e4p\u00e4 * \u0427\u0430\u0433\u0430<\/p>\n<p><img loading=\"lazy\" decoding=\"async\" class=\"alignnone wp-image-2012 size-medium\" src=\"https:\/\/blogs.uef.fi\/karjalanelvytys\/wp-content\/uploads\/sites\/155\/2021\/10\/kazny-300x225.jpg\" alt=\"K\u00e4\u017eny\" width=\"300\" height=\"225\" srcset=\"https:\/\/blogs.uef.fi\/karjalanelvytys\/wp-content\/uploads\/sites\/155\/2021\/10\/kazny-300x225.jpg 300w, https:\/\/blogs.uef.fi\/karjalanelvytys\/wp-content\/uploads\/sites\/155\/2021\/10\/kazny-1024x768.jpg 1024w, https:\/\/blogs.uef.fi\/karjalanelvytys\/wp-content\/uploads\/sites\/155\/2021\/10\/kazny-768x576.jpg 768w, https:\/\/blogs.uef.fi\/karjalanelvytys\/wp-content\/uploads\/sites\/155\/2021\/10\/kazny.jpg 1440w\" sizes=\"auto, (max-width: 300px) 100vw, 300px\" \/><\/p>\n<p>4.10.2021<\/p>\n<p>Muamuna * Tuhkelo, maamuna, kuukunen *\u00a0\u0414\u043e\u0436\u0434\u0435\u0432\u0438\u043a<\/p>\n<p><img loading=\"lazy\" decoding=\"async\" class=\"alignnone wp-image-1870 size-medium\" src=\"https:\/\/blogs.uef.fi\/karjalanelvytys\/wp-content\/uploads\/sites\/155\/2021\/10\/muamuna-300x225.jpg\" alt=\"Muamuna\" width=\"300\" height=\"225\" srcset=\"https:\/\/blogs.uef.fi\/karjalanelvytys\/wp-content\/uploads\/sites\/155\/2021\/10\/muamuna-300x225.jpg 300w, https:\/\/blogs.uef.fi\/karjalanelvytys\/wp-content\/uploads\/sites\/155\/2021\/10\/muamuna-1024x768.jpg 1024w, https:\/\/blogs.uef.fi\/karjalanelvytys\/wp-content\/uploads\/sites\/155\/2021\/10\/muamuna-768x576.jpg 768w, https:\/\/blogs.uef.fi\/karjalanelvytys\/wp-content\/uploads\/sites\/155\/2021\/10\/muamuna.jpg 1080w\" sizes=\"auto, (max-width: 300px) 100vw, 300px\" \/><\/p>\n<p>27.9.2021<\/p>\n<p>Rohtop\u00e4ivykukkaine * Kamomillasaunio * \u0420\u043e\u043c\u0430\u0448\u043a\u0430 \u0430\u043f\u0442\u0435\u0447\u043d\u0430\u044f, \u0440\u043e\u043c\u0430\u0448\u043a\u0430 \u043b\u0435\u043a\u0430\u0440\u0441\u0442\u0432\u0435\u043d\u043d\u0430\u044f<\/p>\n<p><img loading=\"lazy\" decoding=\"async\" class=\"alignnone wp-image-1808 size-medium\" src=\"https:\/\/blogs.uef.fi\/karjalanelvytys\/wp-content\/uploads\/sites\/155\/2021\/09\/Rohtopaivykukkaine-300x225.jpg\" alt=\"Rohtop\u00e4ivykukkaine\" width=\"300\" height=\"225\" srcset=\"https:\/\/blogs.uef.fi\/karjalanelvytys\/wp-content\/uploads\/sites\/155\/2021\/09\/Rohtopaivykukkaine-300x225.jpg 300w, https:\/\/blogs.uef.fi\/karjalanelvytys\/wp-content\/uploads\/sites\/155\/2021\/09\/Rohtopaivykukkaine-1024x768.jpg 1024w, https:\/\/blogs.uef.fi\/karjalanelvytys\/wp-content\/uploads\/sites\/155\/2021\/09\/Rohtopaivykukkaine-768x576.jpg 768w, https:\/\/blogs.uef.fi\/karjalanelvytys\/wp-content\/uploads\/sites\/155\/2021\/09\/Rohtopaivykukkaine.jpg 1440w\" sizes=\"auto, (max-width: 300px) 100vw, 300px\" \/><\/p>\n<p>20.9.2021<\/p>\n<p>Saviheiny * Jauhosavikka * \u041c\u0430\u0440\u044c \u0431\u0435\u043b\u0430\u044f, \u041c\u0430\u0440\u044c \u043e\u0431\u044b\u043a\u043d\u043e\u0432\u0435\u043d\u043d\u0430\u044f<\/p>\n<p><img loading=\"lazy\" decoding=\"async\" class=\"alignnone wp-image-1675 size-medium\" src=\"https:\/\/blogs.uef.fi\/karjalanelvytys\/wp-content\/uploads\/sites\/155\/2021\/09\/saviheiny-300x225.jpg\" alt=\"Saviheiny\" width=\"300\" height=\"225\" srcset=\"https:\/\/blogs.uef.fi\/karjalanelvytys\/wp-content\/uploads\/sites\/155\/2021\/09\/saviheiny-300x225.jpg 300w, https:\/\/blogs.uef.fi\/karjalanelvytys\/wp-content\/uploads\/sites\/155\/2021\/09\/saviheiny-1024x768.jpg 1024w, https:\/\/blogs.uef.fi\/karjalanelvytys\/wp-content\/uploads\/sites\/155\/2021\/09\/saviheiny-768x576.jpg 768w, https:\/\/blogs.uef.fi\/karjalanelvytys\/wp-content\/uploads\/sites\/155\/2021\/09\/saviheiny.jpg 1440w\" sizes=\"auto, (max-width: 300px) 100vw, 300px\" \/><\/p>\n<p>13.9.2021<\/p>\n<p>Ka\u017einkelloine * Kissankello * \u041a\u043e\u043b\u043e\u043a\u043e\u043b\u044c\u0447\u0438\u043a \u043a\u0440\u0443\u0433\u043b\u043e\u043b\u0438\u0441\u0442\u043d\u044b\u0439<\/p>\n<p><img loading=\"lazy\" decoding=\"async\" class=\"alignnone wp-image-1649 size-medium\" src=\"https:\/\/blogs.uef.fi\/karjalanelvytys\/wp-content\/uploads\/sites\/155\/2021\/09\/kazinkelloine-225x300.jpg\" alt=\"Ka\u017einkelloine\" width=\"225\" height=\"300\" srcset=\"https:\/\/blogs.uef.fi\/karjalanelvytys\/wp-content\/uploads\/sites\/155\/2021\/09\/kazinkelloine-225x300.jpg 225w, https:\/\/blogs.uef.fi\/karjalanelvytys\/wp-content\/uploads\/sites\/155\/2021\/09\/kazinkelloine-768x1024.jpg 768w, https:\/\/blogs.uef.fi\/karjalanelvytys\/wp-content\/uploads\/sites\/155\/2021\/09\/kazinkelloine-1152x1536.jpg 1152w, https:\/\/blogs.uef.fi\/karjalanelvytys\/wp-content\/uploads\/sites\/155\/2021\/09\/kazinkelloine.jpg 1511w\" sizes=\"auto, (max-width: 225px) 100vw, 225px\" \/><\/p>\n<p>6.9.2021<\/p>\n<p>Ruppisieni * Korvasieni * \u0421\u0442\u0440\u043e\u0447\u043e\u043a \u043e\u0431\u044b\u043a\u043d\u043e\u0432\u0435\u043d\u043d\u044b\u0439<\/p>\n<p><img loading=\"lazy\" decoding=\"async\" class=\"alignnone size-medium wp-image-1608\" src=\"https:\/\/blogs.uef.fi\/karjalanelvytys\/wp-content\/uploads\/sites\/155\/2021\/09\/ruppisieni-300x225.jpg\" alt=\"\" width=\"300\" height=\"225\" srcset=\"https:\/\/blogs.uef.fi\/karjalanelvytys\/wp-content\/uploads\/sites\/155\/2021\/09\/ruppisieni-300x225.jpg 300w, https:\/\/blogs.uef.fi\/karjalanelvytys\/wp-content\/uploads\/sites\/155\/2021\/09\/ruppisieni-1024x768.jpg 1024w, https:\/\/blogs.uef.fi\/karjalanelvytys\/wp-content\/uploads\/sites\/155\/2021\/09\/ruppisieni-768x576.jpg 768w, https:\/\/blogs.uef.fi\/karjalanelvytys\/wp-content\/uploads\/sites\/155\/2021\/09\/ruppisieni.jpg 1440w\" sizes=\"auto, (max-width: 300px) 100vw, 300px\" \/><\/p>\n<p>30.8.2021<\/p>\n<p>K\u00e4mmekky * Maariank\u00e4mmekk\u00e4 * \u041f\u0430\u043b\u044c\u0447\u0430\u0442\u043e\u043a\u043e\u0440\u0435\u043d\u043d\u0438\u043a \u043f\u044f\u0442\u043d\u0438\u0441\u0442\u044b\u0439<\/p>\n<p><img loading=\"lazy\" decoding=\"async\" class=\"alignnone wp-image-1476 size-medium\" src=\"https:\/\/blogs.uef.fi\/karjalanelvytys\/wp-content\/uploads\/sites\/155\/2021\/08\/Kammekky-300x225.jpg\" alt=\"K\u00e4mmekky\" width=\"300\" height=\"225\" srcset=\"https:\/\/blogs.uef.fi\/karjalanelvytys\/wp-content\/uploads\/sites\/155\/2021\/08\/Kammekky-300x225.jpg 300w, https:\/\/blogs.uef.fi\/karjalanelvytys\/wp-content\/uploads\/sites\/155\/2021\/08\/Kammekky-1024x768.jpg 1024w, https:\/\/blogs.uef.fi\/karjalanelvytys\/wp-content\/uploads\/sites\/155\/2021\/08\/Kammekky-768x576.jpg 768w, https:\/\/blogs.uef.fi\/karjalanelvytys\/wp-content\/uploads\/sites\/155\/2021\/08\/Kammekky-1536x1152.jpg 1536w, https:\/\/blogs.uef.fi\/karjalanelvytys\/wp-content\/uploads\/sites\/155\/2021\/08\/Kammekky.jpg 1728w\" sizes=\"auto, (max-width: 300px) 100vw, 300px\" \/><\/p>\n<p>23.8.2021<\/p>\n<p>\u0160tanajalgu * Saniainen * \u041f\u0430\u043f\u043e\u0440\u043e\u0442\u043d\u0438\u043a<\/p>\n<p><img loading=\"lazy\" decoding=\"async\" class=\"alignnone wp-image-1435 size-medium\" src=\"https:\/\/blogs.uef.fi\/karjalanelvytys\/wp-content\/uploads\/sites\/155\/2021\/08\/stanajalgu-300x225.jpg\" alt=\"\u0160tanajalgu\" width=\"300\" height=\"225\" srcset=\"https:\/\/blogs.uef.fi\/karjalanelvytys\/wp-content\/uploads\/sites\/155\/2021\/08\/stanajalgu-300x225.jpg 300w, https:\/\/blogs.uef.fi\/karjalanelvytys\/wp-content\/uploads\/sites\/155\/2021\/08\/stanajalgu-1024x768.jpg 1024w, https:\/\/blogs.uef.fi\/karjalanelvytys\/wp-content\/uploads\/sites\/155\/2021\/08\/stanajalgu-768x576.jpg 768w, https:\/\/blogs.uef.fi\/karjalanelvytys\/wp-content\/uploads\/sites\/155\/2021\/08\/stanajalgu-1536x1152.jpg 1536w, https:\/\/blogs.uef.fi\/karjalanelvytys\/wp-content\/uploads\/sites\/155\/2021\/08\/stanajalgu.jpg 1728w\" sizes=\"auto, (max-width: 300px) 100vw, 300px\" \/><\/p>\n<p>16.8.2021<\/p>\n<p>Kuz&#8217;manhattu * M\u00e4kikuisma * \u0417\u0432\u0435\u0440\u043e\u0431\u043e\u0439 \u043e\u0431\u044b\u043a\u043d\u043e\u0432\u0435\u043d\u043d\u044b\u0439<\/p>\n<p><img loading=\"lazy\" decoding=\"async\" class=\"alignnone size-medium wp-image-1370\" src=\"https:\/\/blogs.uef.fi\/karjalanelvytys\/wp-content\/uploads\/sites\/155\/2021\/08\/kuzmanhattu-300x225.jpg\" alt=\"\" width=\"300\" height=\"225\" srcset=\"https:\/\/blogs.uef.fi\/karjalanelvytys\/wp-content\/uploads\/sites\/155\/2021\/08\/kuzmanhattu-300x225.jpg 300w, https:\/\/blogs.uef.fi\/karjalanelvytys\/wp-content\/uploads\/sites\/155\/2021\/08\/kuzmanhattu-1024x768.jpg 1024w, https:\/\/blogs.uef.fi\/karjalanelvytys\/wp-content\/uploads\/sites\/155\/2021\/08\/kuzmanhattu-768x576.jpg 768w, https:\/\/blogs.uef.fi\/karjalanelvytys\/wp-content\/uploads\/sites\/155\/2021\/08\/kuzmanhattu.jpg 1440w\" sizes=\"auto, (max-width: 300px) 100vw, 300px\" \/><\/p>\n<p>9.8.2021<\/p>\n<p>Rauduheiny * Siank\u00e4rs\u00e4m\u00f6 * \u0422\u044b\u0441\u044f\u0447\u0435\u043b\u0438\u0441\u0442\u043d\u0438\u043a \u043e\u0431\u044b\u043a\u043d\u043e\u0432\u0435\u043d\u043d\u044b\u0439<\/p>\n<p><img loading=\"lazy\" decoding=\"async\" class=\"alignnone wp-image-1326 size-medium\" src=\"https:\/\/blogs.uef.fi\/karjalanelvytys\/wp-content\/uploads\/sites\/155\/2021\/08\/rauduheiny-300x225.jpg\" alt=\"Rauduheiny\" width=\"300\" height=\"225\" srcset=\"https:\/\/blogs.uef.fi\/karjalanelvytys\/wp-content\/uploads\/sites\/155\/2021\/08\/rauduheiny-300x225.jpg 300w, https:\/\/blogs.uef.fi\/karjalanelvytys\/wp-content\/uploads\/sites\/155\/2021\/08\/rauduheiny-1024x768.jpg 1024w, https:\/\/blogs.uef.fi\/karjalanelvytys\/wp-content\/uploads\/sites\/155\/2021\/08\/rauduheiny-768x576.jpg 768w, https:\/\/blogs.uef.fi\/karjalanelvytys\/wp-content\/uploads\/sites\/155\/2021\/08\/rauduheiny.jpg 1440w\" sizes=\"auto, (max-width: 300px) 100vw, 300px\" \/><\/p>\n<p>2.8.2021<\/p>\n<p>Suovillu * Tupasvilla * \u041f\u0443\u0448\u0438\u0446\u0430<\/p>\n<p><img loading=\"lazy\" decoding=\"async\" class=\"alignnone size-medium wp-image-1307\" src=\"https:\/\/blogs.uef.fi\/karjalanelvytys\/wp-content\/uploads\/sites\/155\/2021\/08\/suovillu-300x225.jpg\" alt=\"\" width=\"300\" height=\"225\" srcset=\"https:\/\/blogs.uef.fi\/karjalanelvytys\/wp-content\/uploads\/sites\/155\/2021\/08\/suovillu-300x225.jpg 300w, https:\/\/blogs.uef.fi\/karjalanelvytys\/wp-content\/uploads\/sites\/155\/2021\/08\/suovillu-1024x768.jpg 1024w, https:\/\/blogs.uef.fi\/karjalanelvytys\/wp-content\/uploads\/sites\/155\/2021\/08\/suovillu-768x576.jpg 768w, https:\/\/blogs.uef.fi\/karjalanelvytys\/wp-content\/uploads\/sites\/155\/2021\/08\/suovillu-1536x1152.jpg 1536w, https:\/\/blogs.uef.fi\/karjalanelvytys\/wp-content\/uploads\/sites\/155\/2021\/08\/suovillu.jpg 2048w\" sizes=\"auto, (max-width: 300px) 100vw, 300px\" \/><\/p>\n<p>26.7.2021<\/p>\n<p>Torvij\u00e4g\u00e4l * Torvij\u00e4k\u00e4l\u00e4 * \u041a\u043b\u0430\u0434\u043e\u043d\u0438\u044f<\/p>\n<p><img loading=\"lazy\" decoding=\"async\" class=\"alignnone size-medium wp-image-1291\" src=\"https:\/\/blogs.uef.fi\/karjalanelvytys\/wp-content\/uploads\/sites\/155\/2021\/07\/torvijagal-300x165.jpg\" alt=\"\" width=\"300\" height=\"165\" srcset=\"https:\/\/blogs.uef.fi\/karjalanelvytys\/wp-content\/uploads\/sites\/155\/2021\/07\/torvijagal-300x165.jpg 300w, https:\/\/blogs.uef.fi\/karjalanelvytys\/wp-content\/uploads\/sites\/155\/2021\/07\/torvijagal-1024x564.jpg 1024w, https:\/\/blogs.uef.fi\/karjalanelvytys\/wp-content\/uploads\/sites\/155\/2021\/07\/torvijagal-768x423.jpg 768w, https:\/\/blogs.uef.fi\/karjalanelvytys\/wp-content\/uploads\/sites\/155\/2021\/07\/torvijagal-1536x845.jpg 1536w, https:\/\/blogs.uef.fi\/karjalanelvytys\/wp-content\/uploads\/sites\/155\/2021\/07\/torvijagal.jpg 2048w\" sizes=\"auto, (max-width: 300px) 100vw, 300px\" \/><\/p>\n<p>20.7.2021<\/p>\n<p>Ruppilehti, poimilehti, korvuheiny, p\u00f6h\u00f6heiny *\u00a0Poimulehti *\u00a0\u041c\u0430\u043d\u0436\u0435\u0442\u043a\u0430<\/p>\n<p><img loading=\"lazy\" decoding=\"async\" class=\"alignnone size-medium wp-image-1259\" src=\"https:\/\/blogs.uef.fi\/karjalanelvytys\/wp-content\/uploads\/sites\/155\/2021\/07\/manzetka-300x225.jpg\" alt=\"\" width=\"300\" height=\"225\" srcset=\"https:\/\/blogs.uef.fi\/karjalanelvytys\/wp-content\/uploads\/sites\/155\/2021\/07\/manzetka-300x225.jpg 300w, https:\/\/blogs.uef.fi\/karjalanelvytys\/wp-content\/uploads\/sites\/155\/2021\/07\/manzetka-1024x768.jpg 1024w, https:\/\/blogs.uef.fi\/karjalanelvytys\/wp-content\/uploads\/sites\/155\/2021\/07\/manzetka-768x576.jpg 768w, https:\/\/blogs.uef.fi\/karjalanelvytys\/wp-content\/uploads\/sites\/155\/2021\/07\/manzetka-1536x1152.jpg 1536w, https:\/\/blogs.uef.fi\/karjalanelvytys\/wp-content\/uploads\/sites\/155\/2021\/07\/manzetka.jpg 1728w\" sizes=\"auto, (max-width: 300px) 100vw, 300px\" \/><\/p>\n<p>12.7.2021<\/p>\n<p>Vezilumoi * Lumme<\/p>\n<p><img loading=\"lazy\" decoding=\"async\" class=\"alignnone size-medium wp-image-1199\" src=\"https:\/\/blogs.uef.fi\/karjalanelvytys\/wp-content\/uploads\/sites\/155\/2021\/07\/vezilumoi-240x300.jpg\" alt=\"\" width=\"240\" height=\"300\" srcset=\"https:\/\/blogs.uef.fi\/karjalanelvytys\/wp-content\/uploads\/sites\/155\/2021\/07\/vezilumoi-240x300.jpg 240w, https:\/\/blogs.uef.fi\/karjalanelvytys\/wp-content\/uploads\/sites\/155\/2021\/07\/vezilumoi-819x1024.jpg 819w, https:\/\/blogs.uef.fi\/karjalanelvytys\/wp-content\/uploads\/sites\/155\/2021\/07\/vezilumoi-768x960.jpg 768w, https:\/\/blogs.uef.fi\/karjalanelvytys\/wp-content\/uploads\/sites\/155\/2021\/07\/vezilumoi-1229x1536.jpg 1229w, https:\/\/blogs.uef.fi\/karjalanelvytys\/wp-content\/uploads\/sites\/155\/2021\/07\/vezilumoi.jpg 1612w\" sizes=\"auto, (max-width: 240px) 100vw, 240px\" \/><\/p>\n<p>7.7.2021<\/p>\n<p>Borkan, ruozmeheiny, reduheiny * Rentukka<\/p>\n<p><img loading=\"lazy\" decoding=\"async\" class=\"alignnone size-medium wp-image-1192\" src=\"https:\/\/blogs.uef.fi\/karjalanelvytys\/wp-content\/uploads\/sites\/155\/2021\/07\/borkan1-300x225.jpg\" alt=\"\" width=\"300\" height=\"225\" srcset=\"https:\/\/blogs.uef.fi\/karjalanelvytys\/wp-content\/uploads\/sites\/155\/2021\/07\/borkan1-300x225.jpg 300w, https:\/\/blogs.uef.fi\/karjalanelvytys\/wp-content\/uploads\/sites\/155\/2021\/07\/borkan1-1024x768.jpg 1024w, https:\/\/blogs.uef.fi\/karjalanelvytys\/wp-content\/uploads\/sites\/155\/2021\/07\/borkan1-768x576.jpg 768w, https:\/\/blogs.uef.fi\/karjalanelvytys\/wp-content\/uploads\/sites\/155\/2021\/07\/borkan1-1536x1152.jpg 1536w, https:\/\/blogs.uef.fi\/karjalanelvytys\/wp-content\/uploads\/sites\/155\/2021\/07\/borkan1.jpg 1728w\" sizes=\"auto, (max-width: 300px) 100vw, 300px\" \/><\/p>\n","protected":false},"excerpt":{"rendered":"<p>Elena Junttila on karjalaine, kudaman lapsusaigu meni Ven\u2019an Karjalan Anuksen \u010dupul Alavozes. Nyg\u00f6i h\u00e4i el\u00e4y Suomussalmel da opastau rahvastu karjalan kieleh kielikursiloil Kajuanis da Taivalkoskel. H\u00e4i ei kaimannuh ni omua kul\u2019tuurua, ni omua kieldy da rakkahal pagizou karjalakse. Omal Facebook-sivul Elena\u00a0https:\/\/www.facebook.com\/elena.junttila\u00a0pid\u00e4y Karjalaine flora-al\u2019bomua, kuduah keri\u00e4y \u010domua kazvikuvua. Kazviloin nimet h\u00e4i kirjuttau karjalakse. T\u00e4l sivul julguammo [&hellip;]<\/p>\n","protected":false},"author":418,"featured_media":0,"parent":0,"menu_order":0,"comment_status":"closed","ping_status":"closed","template":"","meta":{"_acf_changed":false,"footnotes":""},"class_list":["post-1059","page","type-page","status-publish","hentry"],"acf":[],"yoast_head":"<!-- This site is optimized with the Yoast SEO plugin v27.3 - https:\/\/yoast.com\/product\/yoast-seo-wordpress\/ -->\n<title>Elena Junttila: kazvisanastuo kuvis - Karjalan kielen elvytt\u00e4minen<\/title>\n<meta name=\"robots\" content=\"index, follow, max-snippet:-1, max-image-preview:large, max-video-preview:-1\" \/>\n<link rel=\"canonical\" href=\"https:\/\/blogs.uef.fi\/karjalanelvytys\/elena-junttila-kazvisanastuo-kuvis\/\" \/>\n<meta property=\"og:locale\" content=\"fi_FI\" \/>\n<meta property=\"og:type\" content=\"article\" \/>\n<meta property=\"og:title\" content=\"Elena Junttila: kazvisanastuo kuvis - Karjalan kielen elvytt\u00e4minen\" \/>\n<meta property=\"og:description\" content=\"Elena Junttila on karjalaine, kudaman lapsusaigu meni Ven\u2019an Karjalan Anuksen \u010dupul Alavozes. Nyg\u00f6i h\u00e4i el\u00e4y Suomussalmel da opastau rahvastu karjalan kieleh kielikursiloil Kajuanis da Taivalkoskel. H\u00e4i ei kaimannuh ni omua kul\u2019tuurua, ni omua kieldy da rakkahal pagizou karjalakse. Omal Facebook-sivul Elena\u00a0https:\/\/www.facebook.com\/elena.junttila\u00a0pid\u00e4y Karjalaine flora-al\u2019bomua, kuduah keri\u00e4y \u010domua kazvikuvua. Kazviloin nimet h\u00e4i kirjuttau karjalakse. T\u00e4l sivul julguammo [&hellip;]\" \/>\n<meta property=\"og:url\" content=\"https:\/\/blogs.uef.fi\/karjalanelvytys\/elena-junttila-kazvisanastuo-kuvis\/\" \/>\n<meta property=\"og:site_name\" content=\"Karjalan kielen elvytt\u00e4minen\" \/>\n<meta property=\"article:modified_time\" content=\"2021-11-15T10:24:58+00:00\" \/>\n<meta property=\"og:image\" content=\"https:\/\/blogs.uef.fi\/karjalanelvytys\/wp-content\/uploads\/sites\/155\/2021\/11\/kalinpuu-300x225.jpg\" \/>\n<meta name=\"twitter:card\" content=\"summary_large_image\" \/>\n<meta name=\"twitter:label1\" content=\"Arvioitu lukuaika\" \/>\n\t<meta name=\"twitter:data1\" content=\"1 minuutti\" \/>\n<script type=\"application\/ld+json\" class=\"yoast-schema-graph\">{\"@context\":\"https:\\\/\\\/schema.org\",\"@graph\":[{\"@type\":\"WebPage\",\"@id\":\"https:\\\/\\\/blogs.uef.fi\\\/karjalanelvytys\\\/elena-junttila-kazvisanastuo-kuvis\\\/\",\"url\":\"https:\\\/\\\/blogs.uef.fi\\\/karjalanelvytys\\\/elena-junttila-kazvisanastuo-kuvis\\\/\",\"name\":\"Elena Junttila: kazvisanastuo kuvis - Karjalan kielen elvytt\u00e4minen\",\"isPartOf\":{\"@id\":\"https:\\\/\\\/blogs.uef.fi\\\/karjalanelvytys\\\/#website\"},\"primaryImageOfPage\":{\"@id\":\"https:\\\/\\\/blogs.uef.fi\\\/karjalanelvytys\\\/elena-junttila-kazvisanastuo-kuvis\\\/#primaryimage\"},\"image\":{\"@id\":\"https:\\\/\\\/blogs.uef.fi\\\/karjalanelvytys\\\/elena-junttila-kazvisanastuo-kuvis\\\/#primaryimage\"},\"thumbnailUrl\":\"https:\\\/\\\/blogs.uef.fi\\\/karjalanelvytys\\\/wp-content\\\/uploads\\\/sites\\\/155\\\/2021\\\/11\\\/kalinpuu-300x225.jpg\",\"datePublished\":\"2021-07-01T07:33:21+00:00\",\"dateModified\":\"2021-11-15T10:24:58+00:00\",\"breadcrumb\":{\"@id\":\"https:\\\/\\\/blogs.uef.fi\\\/karjalanelvytys\\\/elena-junttila-kazvisanastuo-kuvis\\\/#breadcrumb\"},\"inLanguage\":\"fi\",\"potentialAction\":[{\"@type\":\"ReadAction\",\"target\":[\"https:\\\/\\\/blogs.uef.fi\\\/karjalanelvytys\\\/elena-junttila-kazvisanastuo-kuvis\\\/\"]}]},{\"@type\":\"ImageObject\",\"inLanguage\":\"fi\",\"@id\":\"https:\\\/\\\/blogs.uef.fi\\\/karjalanelvytys\\\/elena-junttila-kazvisanastuo-kuvis\\\/#primaryimage\",\"url\":\"https:\\\/\\\/blogs.uef.fi\\\/karjalanelvytys\\\/wp-content\\\/uploads\\\/sites\\\/155\\\/2021\\\/11\\\/kalinpuu.jpg\",\"contentUrl\":\"https:\\\/\\\/blogs.uef.fi\\\/karjalanelvytys\\\/wp-content\\\/uploads\\\/sites\\\/155\\\/2021\\\/11\\\/kalinpuu.jpg\",\"width\":1440,\"height\":1080},{\"@type\":\"BreadcrumbList\",\"@id\":\"https:\\\/\\\/blogs.uef.fi\\\/karjalanelvytys\\\/elena-junttila-kazvisanastuo-kuvis\\\/#breadcrumb\",\"itemListElement\":[{\"@type\":\"ListItem\",\"position\":1,\"name\":\"Home\",\"item\":\"https:\\\/\\\/blogs.uef.fi\\\/karjalanelvytys\\\/\"},{\"@type\":\"ListItem\",\"position\":2,\"name\":\"Elena Junttila: kazvisanastuo kuvis\"}]},{\"@type\":\"WebSite\",\"@id\":\"https:\\\/\\\/blogs.uef.fi\\\/karjalanelvytys\\\/#website\",\"url\":\"https:\\\/\\\/blogs.uef.fi\\\/karjalanelvytys\\\/\",\"name\":\"Karjalan kielen elvytt\u00e4minen\",\"description\":\"\",\"potentialAction\":[{\"@type\":\"SearchAction\",\"target\":{\"@type\":\"EntryPoint\",\"urlTemplate\":\"https:\\\/\\\/blogs.uef.fi\\\/karjalanelvytys\\\/?s={search_term_string}\"},\"query-input\":{\"@type\":\"PropertyValueSpecification\",\"valueRequired\":true,\"valueName\":\"search_term_string\"}}],\"inLanguage\":\"fi\"}]}<\/script>\n<!-- \/ Yoast SEO plugin. -->","yoast_head_json":{"title":"Elena Junttila: kazvisanastuo kuvis - Karjalan kielen elvytt\u00e4minen","robots":{"index":"index","follow":"follow","max-snippet":"max-snippet:-1","max-image-preview":"max-image-preview:large","max-video-preview":"max-video-preview:-1"},"canonical":"https:\/\/blogs.uef.fi\/karjalanelvytys\/elena-junttila-kazvisanastuo-kuvis\/","og_locale":"fi_FI","og_type":"article","og_title":"Elena Junttila: kazvisanastuo kuvis - Karjalan kielen elvytt\u00e4minen","og_description":"Elena Junttila on karjalaine, kudaman lapsusaigu meni Ven\u2019an Karjalan Anuksen \u010dupul Alavozes. Nyg\u00f6i h\u00e4i el\u00e4y Suomussalmel da opastau rahvastu karjalan kieleh kielikursiloil Kajuanis da Taivalkoskel. H\u00e4i ei kaimannuh ni omua kul\u2019tuurua, ni omua kieldy da rakkahal pagizou karjalakse. Omal Facebook-sivul Elena\u00a0https:\/\/www.facebook.com\/elena.junttila\u00a0pid\u00e4y Karjalaine flora-al\u2019bomua, kuduah keri\u00e4y \u010domua kazvikuvua. Kazviloin nimet h\u00e4i kirjuttau karjalakse. T\u00e4l sivul julguammo [&hellip;]","og_url":"https:\/\/blogs.uef.fi\/karjalanelvytys\/elena-junttila-kazvisanastuo-kuvis\/","og_site_name":"Karjalan kielen elvytt\u00e4minen","article_modified_time":"2021-11-15T10:24:58+00:00","og_image":[{"url":"https:\/\/blogs.uef.fi\/karjalanelvytys\/wp-content\/uploads\/sites\/155\/2021\/11\/kalinpuu-300x225.jpg","type":"","width":"","height":""}],"twitter_card":"summary_large_image","twitter_misc":{"Arvioitu lukuaika":"1 minuutti"},"schema":{"@context":"https:\/\/schema.org","@graph":[{"@type":"WebPage","@id":"https:\/\/blogs.uef.fi\/karjalanelvytys\/elena-junttila-kazvisanastuo-kuvis\/","url":"https:\/\/blogs.uef.fi\/karjalanelvytys\/elena-junttila-kazvisanastuo-kuvis\/","name":"Elena Junttila: kazvisanastuo kuvis - Karjalan kielen elvytt\u00e4minen","isPartOf":{"@id":"https:\/\/blogs.uef.fi\/karjalanelvytys\/#website"},"primaryImageOfPage":{"@id":"https:\/\/blogs.uef.fi\/karjalanelvytys\/elena-junttila-kazvisanastuo-kuvis\/#primaryimage"},"image":{"@id":"https:\/\/blogs.uef.fi\/karjalanelvytys\/elena-junttila-kazvisanastuo-kuvis\/#primaryimage"},"thumbnailUrl":"https:\/\/blogs.uef.fi\/karjalanelvytys\/wp-content\/uploads\/sites\/155\/2021\/11\/kalinpuu-300x225.jpg","datePublished":"2021-07-01T07:33:21+00:00","dateModified":"2021-11-15T10:24:58+00:00","breadcrumb":{"@id":"https:\/\/blogs.uef.fi\/karjalanelvytys\/elena-junttila-kazvisanastuo-kuvis\/#breadcrumb"},"inLanguage":"fi","potentialAction":[{"@type":"ReadAction","target":["https:\/\/blogs.uef.fi\/karjalanelvytys\/elena-junttila-kazvisanastuo-kuvis\/"]}]},{"@type":"ImageObject","inLanguage":"fi","@id":"https:\/\/blogs.uef.fi\/karjalanelvytys\/elena-junttila-kazvisanastuo-kuvis\/#primaryimage","url":"https:\/\/blogs.uef.fi\/karjalanelvytys\/wp-content\/uploads\/sites\/155\/2021\/11\/kalinpuu.jpg","contentUrl":"https:\/\/blogs.uef.fi\/karjalanelvytys\/wp-content\/uploads\/sites\/155\/2021\/11\/kalinpuu.jpg","width":1440,"height":1080},{"@type":"BreadcrumbList","@id":"https:\/\/blogs.uef.fi\/karjalanelvytys\/elena-junttila-kazvisanastuo-kuvis\/#breadcrumb","itemListElement":[{"@type":"ListItem","position":1,"name":"Home","item":"https:\/\/blogs.uef.fi\/karjalanelvytys\/"},{"@type":"ListItem","position":2,"name":"Elena Junttila: kazvisanastuo kuvis"}]},{"@type":"WebSite","@id":"https:\/\/blogs.uef.fi\/karjalanelvytys\/#website","url":"https:\/\/blogs.uef.fi\/karjalanelvytys\/","name":"Karjalan kielen elvytt\u00e4minen","description":"","potentialAction":[{"@type":"SearchAction","target":{"@type":"EntryPoint","urlTemplate":"https:\/\/blogs.uef.fi\/karjalanelvytys\/?s={search_term_string}"},"query-input":{"@type":"PropertyValueSpecification","valueRequired":true,"valueName":"search_term_string"}}],"inLanguage":"fi"}]}},"_links":{"self":[{"href":"https:\/\/blogs.uef.fi\/karjalanelvytys\/wp-json\/wp\/v2\/pages\/1059","targetHints":{"allow":["GET"]}}],"collection":[{"href":"https:\/\/blogs.uef.fi\/karjalanelvytys\/wp-json\/wp\/v2\/pages"}],"about":[{"href":"https:\/\/blogs.uef.fi\/karjalanelvytys\/wp-json\/wp\/v2\/types\/page"}],"author":[{"embeddable":true,"href":"https:\/\/blogs.uef.fi\/karjalanelvytys\/wp-json\/wp\/v2\/users\/418"}],"replies":[{"embeddable":true,"href":"https:\/\/blogs.uef.fi\/karjalanelvytys\/wp-json\/wp\/v2\/comments?post=1059"}],"version-history":[{"count":3,"href":"https:\/\/blogs.uef.fi\/karjalanelvytys\/wp-json\/wp\/v2\/pages\/1059\/revisions"}],"predecessor-version":[{"id":2528,"href":"https:\/\/blogs.uef.fi\/karjalanelvytys\/wp-json\/wp\/v2\/pages\/1059\/revisions\/2528"}],"wp:attachment":[{"href":"https:\/\/blogs.uef.fi\/karjalanelvytys\/wp-json\/wp\/v2\/media?parent=1059"}],"curies":[{"name":"wp","href":"https:\/\/api.w.org\/{rel}","templated":true}]}}