{"version":"1.0","provider_name":"Karjalan kielen elvytt\u00e4minen","provider_url":"https:\/\/blogs.uef.fi\/karjalanelvytys","title":"Vienankarjalan pakinakur\u0161\u0161i 2023: vuoropakinoja kuvan mukah - Karjalan kielen elvytt\u00e4minen","type":"rich","width":600,"height":338,"html":"<blockquote class=\"wp-embedded-content\" data-secret=\"8KftBrb9hF\"><a href=\"https:\/\/blogs.uef.fi\/karjalanelvytys\/vienankarjalan-pakinakurssi-2023-vuoropakinoja-kuvan-mukah\/\">Vienankarjalan pakinakur\u0161\u0161i 2023: vuoropakinoja kuvan mukah<\/a><\/blockquote><iframe sandbox=\"allow-scripts\" security=\"restricted\" src=\"https:\/\/blogs.uef.fi\/karjalanelvytys\/vienankarjalan-pakinakurssi-2023-vuoropakinoja-kuvan-mukah\/embed\/#?secret=8KftBrb9hF\" width=\"600\" height=\"338\" title=\"&#8221;Vienankarjalan pakinakur\u0161\u0161i 2023: vuoropakinoja kuvan mukah&#8221; &#8212; Karjalan kielen elvytt\u00e4minen\" data-secret=\"8KftBrb9hF\" frameborder=\"0\" marginwidth=\"0\" marginheight=\"0\" scrolling=\"no\" class=\"wp-embedded-content\"><\/iframe><script type=\"text\/javascript\">\n\/* <![CDATA[ *\/\n\/*! This file is auto-generated *\/\n!function(d,l){\"use strict\";l.querySelector&&d.addEventListener&&\"undefined\"!=typeof URL&&(d.wp=d.wp||{},d.wp.receiveEmbedMessage||(d.wp.receiveEmbedMessage=function(e){var t=e.data;if((t||t.secret||t.message||t.value)&&!\/[^a-zA-Z0-9]\/.test(t.secret)){for(var s,r,n,a=l.querySelectorAll('iframe[data-secret=\"'+t.secret+'\"]'),o=l.querySelectorAll('blockquote[data-secret=\"'+t.secret+'\"]'),c=new RegExp(\"^https?:$\",\"i\"),i=0;i<o.length;i++)o[i].style.display=\"none\";for(i=0;i<a.length;i++)s=a[i],e.source===s.contentWindow&&(s.removeAttribute(\"style\"),\"height\"===t.message?(1e3<(r=parseInt(t.value,10))?r=1e3:~~r<200&&(r=200),s.height=r):\"link\"===t.message&&(r=new URL(s.getAttribute(\"src\")),n=new URL(t.value),c.test(n.protocol))&&n.host===r.host&&l.activeElement===s&&(d.top.location.href=t.value))}},d.addEventListener(\"message\",d.wp.receiveEmbedMessage,!1),l.addEventListener(\"DOMContentLoaded\",function(){for(var e,t,s=l.querySelectorAll(\"iframe.wp-embedded-content\"),r=0;r<s.length;r++)(t=(e=s[r]).getAttribute(\"data-secret\"))||(t=Math.random().toString(36).substring(2,12),e.src+=\"#?secret=\"+t,e.setAttribute(\"data-secret\",t)),e.contentWindow.postMessage({message:\"ready\",secret:t},\"*\")},!1)))}(window,document);\n\/\/# sourceURL=https:\/\/blogs.uef.fi\/karjalanelvytys\/wp-includes\/js\/wp-embed.min.js\n\/* ]]> *\/\n<\/script>\n","description":"Pakinakur\u0161\u0161illa opa\u0161tujat paissah ke\u0161ken\u00e4h, kirjutetah pienie tekstij\u00e4 ta dialogija. Zoomissa opa\u0161tujat ruatah joukolla pakina\u010duppusissa. Tallentehien avulla opa\u0161tujat luajitah \u0161amoja teht\u00e4vie koissah. T\u00e4ll\u00e4 \u0161ivulla tari\u010demma kuvan mukah kirjutettuja tekstij\u00e4. Mit\u00e4 ni\u00e4tt\u00e4 kuva\u0161\u0161a? Mimmoni vuuvvenaika, \u0161i\u00e4, luonto on? Mit\u00e4 ihmiset ruatah? Kek\u0161ikky\u00e4 ta kirjuttakkua vuoropakina. Kirjuttakkua niisi alku\u0161anatki. &nbsp; Kirjutettih Kati, Sirpa ta Tapani &nbsp; Olima matalla [&hellip;]","thumbnail_url":"https:\/\/blogs.uef.fi\/karjalanelvytys\/wp-content\/uploads\/sites\/155\/2023\/02\/kalastus_600dpi_OopaSaniid_SirpaManty_pienempi-300x214.jpg"}