{"version":"1.0","provider_name":"Karjalan kielen elvytt\u00e4minen","provider_url":"https:\/\/blogs.uef.fi\/karjalanelvytys","title":"Vienankarjalaini pakinaklupi kevy\u00e4ll\u00e4 2024, toini pakinakerta - Karjalan kielen elvytt\u00e4minen","type":"rich","width":600,"height":338,"html":"<blockquote class=\"wp-embedded-content\" data-secret=\"FjwU9MXp8F\"><a href=\"https:\/\/blogs.uef.fi\/karjalanelvytys\/vienankarjalaini-pakinaklupi-kevyalla-2024-toini-pakinakerta\/\">Vienankarjalaini pakinaklupi kevy\u00e4ll\u00e4 2024, toini pakinakerta<\/a><\/blockquote><iframe sandbox=\"allow-scripts\" security=\"restricted\" src=\"https:\/\/blogs.uef.fi\/karjalanelvytys\/vienankarjalaini-pakinaklupi-kevyalla-2024-toini-pakinakerta\/embed\/#?secret=FjwU9MXp8F\" width=\"600\" height=\"338\" title=\"&#8221;Vienankarjalaini pakinaklupi kevy\u00e4ll\u00e4 2024, toini pakinakerta&#8221; &#8212; Karjalan kielen elvytt\u00e4minen\" data-secret=\"FjwU9MXp8F\" frameborder=\"0\" marginwidth=\"0\" marginheight=\"0\" scrolling=\"no\" class=\"wp-embedded-content\"><\/iframe><script type=\"text\/javascript\">\n\/* <![CDATA[ *\/\n\/*! This file is auto-generated *\/\n!function(d,l){\"use strict\";l.querySelector&&d.addEventListener&&\"undefined\"!=typeof URL&&(d.wp=d.wp||{},d.wp.receiveEmbedMessage||(d.wp.receiveEmbedMessage=function(e){var t=e.data;if((t||t.secret||t.message||t.value)&&!\/[^a-zA-Z0-9]\/.test(t.secret)){for(var s,r,n,a=l.querySelectorAll('iframe[data-secret=\"'+t.secret+'\"]'),o=l.querySelectorAll('blockquote[data-secret=\"'+t.secret+'\"]'),c=new RegExp(\"^https?:$\",\"i\"),i=0;i<o.length;i++)o[i].style.display=\"none\";for(i=0;i<a.length;i++)s=a[i],e.source===s.contentWindow&&(s.removeAttribute(\"style\"),\"height\"===t.message?(1e3<(r=parseInt(t.value,10))?r=1e3:~~r<200&&(r=200),s.height=r):\"link\"===t.message&&(r=new URL(s.getAttribute(\"src\")),n=new URL(t.value),c.test(n.protocol))&&n.host===r.host&&l.activeElement===s&&(d.top.location.href=t.value))}},d.addEventListener(\"message\",d.wp.receiveEmbedMessage,!1),l.addEventListener(\"DOMContentLoaded\",function(){for(var e,t,s=l.querySelectorAll(\"iframe.wp-embedded-content\"),r=0;r<s.length;r++)(t=(e=s[r]).getAttribute(\"data-secret\"))||(t=Math.random().toString(36).substring(2,12),e.src+=\"#?secret=\"+t,e.setAttribute(\"data-secret\",t)),e.contentWindow.postMessage({message:\"ready\",secret:t},\"*\")},!1)))}(window,document);\n\/\/# sourceURL=https:\/\/blogs.uef.fi\/karjalanelvytys\/wp-includes\/js\/wp-embed.min.js\n\/* ]]> *\/\n<\/script>\n","description":"Stolakirja 5.2.2024 Kirjuttan: Olga Karlova Ylen ilahutti \u0161e, jottei mi\u00e4n klupilaisien rivit ole harvettu \u2013 tua\u0161\u0161en meit\u00e4 oli 15 pakinoilla ker\u00e4ytyn. Alkuh klupin vet\u00e4j\u00e4 Olga, elikk\u00e4 preda tverinkarjalaisittain, kerroisti yliopisson karjalan kielen opa\u0161\u0161uk\u0161en uutisie. Karjalan kielen murtehet -kur\u0161\u0161i piet\u00e4h 19.3.-29.4.2024. Tulkua terveh opa\u0161tumah! Liittehist\u00e4 l\u00f6yv\u00e4t pp-diat (kopijana pdf-tiijo\u0161\u0161on), kumpasessa on peru\u0161tietuo kur\u0161\u0161ista linkkineh p\u00e4ivineh. \u0160iit\u00e4 [&hellip;]"}