{"version":"1.0","provider_name":"Karjalan kielen elvytt\u00e4minen","provider_url":"https:\/\/blogs.uef.fi\/karjalanelvytys","title":"Tiijollisen tekstin \u0161ana\u0161to vienankarjalak\u0161i - Karjalan kielen elvytt\u00e4minen","type":"rich","width":600,"height":338,"html":"<blockquote class=\"wp-embedded-content\" data-secret=\"IPZUA9ht6w\"><a href=\"https:\/\/blogs.uef.fi\/karjalanelvytys\/tiijollisen-tekstin-sanasto-vienankarjalaksi\/\">Tiijollisen tekstin \u0161ana\u0161to vienankarjalak\u0161i<\/a><\/blockquote><iframe sandbox=\"allow-scripts\" security=\"restricted\" src=\"https:\/\/blogs.uef.fi\/karjalanelvytys\/tiijollisen-tekstin-sanasto-vienankarjalaksi\/embed\/#?secret=IPZUA9ht6w\" width=\"600\" height=\"338\" title=\"&#8221;Tiijollisen tekstin \u0161ana\u0161to vienankarjalak\u0161i&#8221; &#8212; Karjalan kielen elvytt\u00e4minen\" data-secret=\"IPZUA9ht6w\" frameborder=\"0\" marginwidth=\"0\" marginheight=\"0\" scrolling=\"no\" class=\"wp-embedded-content\"><\/iframe><script type=\"text\/javascript\">\n\/* <![CDATA[ *\/\n\/*! This file is auto-generated *\/\n!function(d,l){\"use strict\";l.querySelector&&d.addEventListener&&\"undefined\"!=typeof URL&&(d.wp=d.wp||{},d.wp.receiveEmbedMessage||(d.wp.receiveEmbedMessage=function(e){var t=e.data;if((t||t.secret||t.message||t.value)&&!\/[^a-zA-Z0-9]\/.test(t.secret)){for(var s,r,n,a=l.querySelectorAll('iframe[data-secret=\"'+t.secret+'\"]'),o=l.querySelectorAll('blockquote[data-secret=\"'+t.secret+'\"]'),c=new RegExp(\"^https?:$\",\"i\"),i=0;i<o.length;i++)o[i].style.display=\"none\";for(i=0;i<a.length;i++)s=a[i],e.source===s.contentWindow&&(s.removeAttribute(\"style\"),\"height\"===t.message?(1e3<(r=parseInt(t.value,10))?r=1e3:~~r<200&&(r=200),s.height=r):\"link\"===t.message&&(r=new URL(s.getAttribute(\"src\")),n=new URL(t.value),c.test(n.protocol))&&n.host===r.host&&l.activeElement===s&&(d.top.location.href=t.value))}},d.addEventListener(\"message\",d.wp.receiveEmbedMessage,!1),l.addEventListener(\"DOMContentLoaded\",function(){for(var e,t,s=l.querySelectorAll(\"iframe.wp-embedded-content\"),r=0;r<s.length;r++)(t=(e=s[r]).getAttribute(\"data-secret\"))||(t=Math.random().toString(36).substring(2,12),e.src+=\"#?secret=\"+t,e.setAttribute(\"data-secret\",t)),e.contentWindow.postMessage({message:\"ready\",secret:t},\"*\")},!1)))}(window,document);\n\/\/# sourceURL=https:\/\/blogs.uef.fi\/karjalanelvytys\/wp-includes\/js\/wp-embed.min.js\n\/* ]]> *\/\n<\/script>\n","description":"Ker\u00e4nnyn karjalan \u0161anakirja- ta \u0161ana\u0161toruavon kur\u0161\u0161illa: Elena RapaTarkistan: Olga Karlova T\u00e4m\u00e4 \u0161ana\u0161to on luajittu P\u00e4iv\u00e4nnou\u0161u-\u0160uomen yliopisson Karjalan kielen \u0161anakirja- ta \u0161ana\u0161toruato -kur\u0161\u0161illa. \u0160ana\u0161to on luajittu tiijollisen tekstin kirjuttamista varoin, ta \u0161en tarkotu\u0161 on olla apu \u0161iula, ken tuumai\u010det mimmoset \u0161anat \u0161ovitah tiijolliseh kirjuttamiseh. \u0160anoja on 95, ta niit\u00e4 on ker\u00e4tty karjalan eri murtehien \u0161anakirjoista ta [&hellip;]"}