{"version":"1.0","provider_name":"Karjalan kielen elvytt\u00e4minen","provider_url":"https:\/\/blogs.uef.fi\/karjalanelvytys","title":"Tervetuloa karjalan kielen elvytt\u00e4misen blogiin! - Karjalan kielen elvytt\u00e4minen","type":"rich","width":600,"height":338,"html":"<blockquote class=\"wp-embedded-content\" data-secret=\"YkiGZuCZhm\"><a href=\"https:\/\/blogs.uef.fi\/karjalanelvytys\/tietoja-blogista\/\">Tervetuloa karjalan kielen elvytt\u00e4misen blogiin!<\/a><\/blockquote><iframe sandbox=\"allow-scripts\" security=\"restricted\" src=\"https:\/\/blogs.uef.fi\/karjalanelvytys\/tietoja-blogista\/embed\/#?secret=YkiGZuCZhm\" width=\"600\" height=\"338\" title=\"&#8221;Tervetuloa karjalan kielen elvytt\u00e4misen blogiin!&#8221; &#8212; Karjalan kielen elvytt\u00e4minen\" data-secret=\"YkiGZuCZhm\" frameborder=\"0\" marginwidth=\"0\" marginheight=\"0\" scrolling=\"no\" class=\"wp-embedded-content\"><\/iframe><script type=\"text\/javascript\">\n\/* <![CDATA[ *\/\n\/*! This file is auto-generated *\/\n!function(d,l){\"use strict\";l.querySelector&&d.addEventListener&&\"undefined\"!=typeof URL&&(d.wp=d.wp||{},d.wp.receiveEmbedMessage||(d.wp.receiveEmbedMessage=function(e){var t=e.data;if((t||t.secret||t.message||t.value)&&!\/[^a-zA-Z0-9]\/.test(t.secret)){for(var s,r,n,a=l.querySelectorAll('iframe[data-secret=\"'+t.secret+'\"]'),o=l.querySelectorAll('blockquote[data-secret=\"'+t.secret+'\"]'),c=new RegExp(\"^https?:$\",\"i\"),i=0;i<o.length;i++)o[i].style.display=\"none\";for(i=0;i<a.length;i++)s=a[i],e.source===s.contentWindow&&(s.removeAttribute(\"style\"),\"height\"===t.message?(1e3<(r=parseInt(t.value,10))?r=1e3:~~r<200&&(r=200),s.height=r):\"link\"===t.message&&(r=new URL(s.getAttribute(\"src\")),n=new URL(t.value),c.test(n.protocol))&&n.host===r.host&&l.activeElement===s&&(d.top.location.href=t.value))}},d.addEventListener(\"message\",d.wp.receiveEmbedMessage,!1),l.addEventListener(\"DOMContentLoaded\",function(){for(var e,t,s=l.querySelectorAll(\"iframe.wp-embedded-content\"),r=0;r<s.length;r++)(t=(e=s[r]).getAttribute(\"data-secret\"))||(t=Math.random().toString(36).substring(2,12),e.src+=\"#?secret=\"+t,e.setAttribute(\"data-secret\",t)),e.contentWindow.postMessage({message:\"ready\",secret:t},\"*\")},!1)))}(window,document);\n\/\/# sourceURL=https:\/\/blogs.uef.fi\/karjalanelvytys\/wp-includes\/js\/wp-embed.min.js\n\/* ]]> *\/\n<\/script>\n","description":"It\u00e4-Suomen yliopistossa toimi vuosina 2021\u20132024 opetus- ja kulttuuriministeri\u00f6n rahoittama karjalan kielen elvytt\u00e4mishanke. Tammikuussa 2025 karjalan kielen elvytt\u00e4minen liitetiin osaksi yliopistolle osoitettua kansallista erityisteht\u00e4v\u00e4\u00e4, joka jo aiemmin kattoi karjalan opettamisen ja tutkimuksen. Karjalan elvytt\u00e4minen on siis osa yliopiston perustoimintaa. It\u00e4-Suomen yliopisto pyrkii tukemaan ennen kaikkea karjalan kielen puhumista ja kirjoittamista. Elvytt\u00e4misen keskeisimpi\u00e4 tavoitteita ovat karjalan kielen [&hellip;]","thumbnail_url":"https:\/\/blogs.uef.fi\/karjalanelvytys\/wp-content\/uploads\/sites\/155\/2026\/03\/Ryhmakuva_Karjalan_kieli.26.3.2026_NJ-1.jpg","thumbnail_width":2500,"thumbnail_height":1667}