{"version":"1.0","provider_name":"Karjalan kielen elvytt\u00e4minen","provider_url":"https:\/\/blogs.uef.fi\/karjalanelvytys","title":"Opassusvideot suvikarjala - Karjalan kielen elvytt\u00e4minen","type":"rich","width":600,"height":338,"html":"<blockquote class=\"wp-embedded-content\" data-secret=\"4XLPuwO6zR\"><a href=\"https:\/\/blogs.uef.fi\/karjalanelvytys\/opassusvideot-suvikarjala\/\">Opassusvideot suvikarjala<\/a><\/blockquote><iframe sandbox=\"allow-scripts\" security=\"restricted\" src=\"https:\/\/blogs.uef.fi\/karjalanelvytys\/opassusvideot-suvikarjala\/embed\/#?secret=4XLPuwO6zR\" width=\"600\" height=\"338\" title=\"&#8221;Opassusvideot suvikarjala&#8221; &#8212; Karjalan kielen elvytt\u00e4minen\" data-secret=\"4XLPuwO6zR\" frameborder=\"0\" marginwidth=\"0\" marginheight=\"0\" scrolling=\"no\" class=\"wp-embedded-content\"><\/iframe><script type=\"text\/javascript\">\n\/* <![CDATA[ *\/\n\/*! This file is auto-generated *\/\n!function(d,l){\"use strict\";l.querySelector&&d.addEventListener&&\"undefined\"!=typeof URL&&(d.wp=d.wp||{},d.wp.receiveEmbedMessage||(d.wp.receiveEmbedMessage=function(e){var t=e.data;if((t||t.secret||t.message||t.value)&&!\/[^a-zA-Z0-9]\/.test(t.secret)){for(var s,r,n,a=l.querySelectorAll('iframe[data-secret=\"'+t.secret+'\"]'),o=l.querySelectorAll('blockquote[data-secret=\"'+t.secret+'\"]'),c=new RegExp(\"^https?:$\",\"i\"),i=0;i<o.length;i++)o[i].style.display=\"none\";for(i=0;i<a.length;i++)s=a[i],e.source===s.contentWindow&&(s.removeAttribute(\"style\"),\"height\"===t.message?(1e3<(r=parseInt(t.value,10))?r=1e3:~~r<200&&(r=200),s.height=r):\"link\"===t.message&&(r=new URL(s.getAttribute(\"src\")),n=new URL(t.value),c.test(n.protocol))&&n.host===r.host&&l.activeElement===s&&(d.top.location.href=t.value))}},d.addEventListener(\"message\",d.wp.receiveEmbedMessage,!1),l.addEventListener(\"DOMContentLoaded\",function(){for(var e,t,s=l.querySelectorAll(\"iframe.wp-embedded-content\"),r=0;r<s.length;r++)(t=(e=s[r]).getAttribute(\"data-secret\"))||(t=Math.random().toString(36).substring(2,12),e.src+=\"#?secret=\"+t,e.setAttribute(\"data-secret\",t)),e.contentWindow.postMessage({message:\"ready\",secret:t},\"*\")},!1)))}(window,document);\n\/\/# sourceURL=https:\/\/blogs.uef.fi\/karjalanelvytys\/wp-includes\/js\/wp-embed.min.js\n\/* ]]> *\/\n<\/script>\n","description":"Mid\u00e4 kieli miula merki\u010d\u010d\u00f6y Suvikarjalan opastaja da ki\u00e4nd\u00e4j\u00e4 Katerina Paalamo kazvo karjalankielizess\u00e4 yhtehiz\u00f6ss\u00e4. Hi\u00e4n painottau lapsena koista suavun kielen t\u00e4rgevytt\u00e4 oman suoj\u00e4rvel\u00e4zen identitietan perustana. Etel\u00e4karjalan opettaja ja k\u00e4\u00e4nt\u00e4j\u00e4 Katerina Paalamo kasvoi karjalankielisess\u00e4 yhteis\u00f6ss\u00e4. H\u00e4n korostaa lapsena opitun kielen t\u00e4rkeytt\u00e4 oman suoj\u00e4rvel\u00e4isen identiteetin perustana. &nbsp; &nbsp; Karjalane m\u00e4n\u00f6y \u0161kolah Suomelazen \u0161kolan kazvatus oli uuzi da ig\u00e4v\u00e4gi [&hellip;]"}