{"version":"1.0","provider_name":"Karjalan kielen elvytt\u00e4minen","provider_url":"https:\/\/blogs.uef.fi\/karjalanelvytys","title":"Ohjavuo karjalankielizen Paginpertin avuandan tuvekse - Karjalan kielen elvytt\u00e4minen","type":"rich","width":600,"height":338,"html":"<blockquote class=\"wp-embedded-content\" data-secret=\"XNmtxhIh9G\"><a href=\"https:\/\/blogs.uef.fi\/karjalanelvytys\/ohjavuo-karjalankielizen-paginpertin-avuandan-tuvekse\/\">Ohjavuo karjalankielizen Paginpertin avuandan tuvekse<\/a><\/blockquote><iframe sandbox=\"allow-scripts\" security=\"restricted\" src=\"https:\/\/blogs.uef.fi\/karjalanelvytys\/ohjavuo-karjalankielizen-paginpertin-avuandan-tuvekse\/embed\/#?secret=XNmtxhIh9G\" width=\"600\" height=\"338\" title=\"&#8221;Ohjavuo karjalankielizen Paginpertin avuandan tuvekse&#8221; &#8212; Karjalan kielen elvytt\u00e4minen\" data-secret=\"XNmtxhIh9G\" frameborder=\"0\" marginwidth=\"0\" marginheight=\"0\" scrolling=\"no\" class=\"wp-embedded-content\"><\/iframe><script type=\"text\/javascript\">\n\/* <![CDATA[ *\/\n\/*! This file is auto-generated *\/\n!function(d,l){\"use strict\";l.querySelector&&d.addEventListener&&\"undefined\"!=typeof URL&&(d.wp=d.wp||{},d.wp.receiveEmbedMessage||(d.wp.receiveEmbedMessage=function(e){var t=e.data;if((t||t.secret||t.message||t.value)&&!\/[^a-zA-Z0-9]\/.test(t.secret)){for(var s,r,n,a=l.querySelectorAll('iframe[data-secret=\"'+t.secret+'\"]'),o=l.querySelectorAll('blockquote[data-secret=\"'+t.secret+'\"]'),c=new RegExp(\"^https?:$\",\"i\"),i=0;i<o.length;i++)o[i].style.display=\"none\";for(i=0;i<a.length;i++)s=a[i],e.source===s.contentWindow&&(s.removeAttribute(\"style\"),\"height\"===t.message?(1e3<(r=parseInt(t.value,10))?r=1e3:~~r<200&&(r=200),s.height=r):\"link\"===t.message&&(r=new URL(s.getAttribute(\"src\")),n=new URL(t.value),c.test(n.protocol))&&n.host===r.host&&l.activeElement===s&&(d.top.location.href=t.value))}},d.addEventListener(\"message\",d.wp.receiveEmbedMessage,!1),l.addEventListener(\"DOMContentLoaded\",function(){for(var e,t,s=l.querySelectorAll(\"iframe.wp-embedded-content\"),r=0;r<s.length;r++)(t=(e=s[r]).getAttribute(\"data-secret\"))||(t=Math.random().toString(36).substring(2,12),e.src+=\"#?secret=\"+t,e.setAttribute(\"data-secret\",t)),e.contentWindow.postMessage({message:\"ready\",secret:t},\"*\")},!1)))}(window,document);\n\/\/# sourceURL=https:\/\/blogs.uef.fi\/karjalanelvytys\/wp-includes\/js\/wp-embed.min.js\n\/* ]]> *\/\n<\/script>\n","description":"Karjalan kielen elvytysprojektu on j\u00e4lgivuozinnu tugenuh karjalankielizien Paginpertil\u00f6in avuandua Suomen eri \u010durile ezimerkikse maksamal tilavuogrua. Talovehellizen tuven li\u017e\u00e4kse elvytysprojektas on pakittu nevvuo da ohjavuo, kudamii on nyg\u00f6i ker\u00e4tty t\u00e4h tekstah. Mi on Paginperti? Paginperti on v\u00e4llymuodoine paginkluubu, kudaman tarkoituksennu on tarita karjalankielizile da karjalan kielen suvai\u010d\u010dijoile mahto kehitti\u00e4 jogap\u00e4iv\u00e4histy kielenmaltuo da tuttavuo toizih karjalankielizih. Ezm\u00e4zen [&hellip;]"}