{"version":"1.0","provider_name":"Karjalan kielen elvytt\u00e4minen","provider_url":"https:\/\/blogs.uef.fi\/karjalanelvytys","title":"Ku\u010du kostih tovarissua karjalak\u0161i: Maitopyh\u00e4la\u0161un ku\u010d\u010dutekstit - Karjalan kielen elvytt\u00e4minen","type":"rich","width":600,"height":338,"html":"<blockquote class=\"wp-embedded-content\" data-secret=\"gpqSFFmIzE\"><a href=\"https:\/\/blogs.uef.fi\/karjalanelvytys\/maitopyhalasun-kuccutekstit\/\">Ku\u010du kostih tovarissua karjalak\u0161i: Maitopyh\u00e4la\u0161un ku\u010d\u010dutekstit<\/a><\/blockquote><iframe sandbox=\"allow-scripts\" security=\"restricted\" src=\"https:\/\/blogs.uef.fi\/karjalanelvytys\/maitopyhalasun-kuccutekstit\/embed\/#?secret=gpqSFFmIzE\" width=\"600\" height=\"338\" title=\"&#8221;Ku\u010du kostih tovarissua karjalak\u0161i: Maitopyh\u00e4la\u0161un ku\u010d\u010dutekstit&#8221; &#8212; Karjalan kielen elvytt\u00e4minen\" data-secret=\"gpqSFFmIzE\" frameborder=\"0\" marginwidth=\"0\" marginheight=\"0\" scrolling=\"no\" class=\"wp-embedded-content\"><\/iframe><script type=\"text\/javascript\">\n\/* <![CDATA[ *\/\n\/*! This file is auto-generated *\/\n!function(d,l){\"use strict\";l.querySelector&&d.addEventListener&&\"undefined\"!=typeof URL&&(d.wp=d.wp||{},d.wp.receiveEmbedMessage||(d.wp.receiveEmbedMessage=function(e){var t=e.data;if((t||t.secret||t.message||t.value)&&!\/[^a-zA-Z0-9]\/.test(t.secret)){for(var s,r,n,a=l.querySelectorAll('iframe[data-secret=\"'+t.secret+'\"]'),o=l.querySelectorAll('blockquote[data-secret=\"'+t.secret+'\"]'),c=new RegExp(\"^https?:$\",\"i\"),i=0;i<o.length;i++)o[i].style.display=\"none\";for(i=0;i<a.length;i++)s=a[i],e.source===s.contentWindow&&(s.removeAttribute(\"style\"),\"height\"===t.message?(1e3<(r=parseInt(t.value,10))?r=1e3:~~r<200&&(r=200),s.height=r):\"link\"===t.message&&(r=new URL(s.getAttribute(\"src\")),n=new URL(t.value),c.test(n.protocol))&&n.host===r.host&&l.activeElement===s&&(d.top.location.href=t.value))}},d.addEventListener(\"message\",d.wp.receiveEmbedMessage,!1),l.addEventListener(\"DOMContentLoaded\",function(){for(var e,t,s=l.querySelectorAll(\"iframe.wp-embedded-content\"),r=0;r<s.length;r++)(t=(e=s[r]).getAttribute(\"data-secret\"))||(t=Math.random().toString(36).substring(2,12),e.src+=\"#?secret=\"+t,e.setAttribute(\"data-secret\",t)),e.contentWindow.postMessage({message:\"ready\",secret:t},\"*\")},!1)))}(window,document);\n\/\/# sourceURL=https:\/\/blogs.uef.fi\/karjalanelvytys\/wp-includes\/js\/wp-embed.min.js\n\/* ]]> *\/\n<\/script>\n","description":"Karjalan kielen elvyty\u0161projekti, 2023\u20132024 P\u00e4iv\u00e4nnou\u0161u-\u0160uomen yliopisto Kuin vois lis\u00e4t\u00e4 karjalan kielen k\u00e4ytty\u00f6 jokap\u00e4iv\u00e4seh elok\u0161eh? Ka rupie kirjuttelomah viestie ta ty\u00f6nn\u00e4 ho\u0161 ku\u010d\u010du mihnih pitoh, pruasniekkah tahi kostih omalla tovarissalla\u0161 tahi heimolaisella\u0161. Alahampana olijat ku\u010dut on kirjutettu kevy\u00e4ll\u00e4 2023 pietyll\u00e4 vienankarjalan pakinakur\u0161\u0161illa. Kur\u0161\u0161in opa\u0161tajana on ollun Olga Karlova. Ku\u010dut on kirjutettu kotiruatoloina, ta ku\u010d\u010duloih opa\u0161tujat tai [&hellip;]","thumbnail_url":"https:\/\/blogs.uef.fi\/karjalanelvytys\/wp-content\/uploads\/sites\/155\/2024\/02\/pyhanlasunmantelipulla_sirpa.jpg"}