{"version":"1.0","provider_name":"Karjalan kielen elvytt\u00e4minen","provider_url":"https:\/\/blogs.uef.fi\/karjalanelvytys","title":"Luukku 18 - Karjalan kielen elvytt\u00e4minen","type":"rich","width":600,"height":338,"html":"<blockquote class=\"wp-embedded-content\" data-secret=\"f7BeZq68Tm\"><a href=\"https:\/\/blogs.uef.fi\/karjalanelvytys\/luukku-18\/\">Luukku 18<\/a><\/blockquote><iframe sandbox=\"allow-scripts\" security=\"restricted\" src=\"https:\/\/blogs.uef.fi\/karjalanelvytys\/luukku-18\/embed\/#?secret=f7BeZq68Tm\" width=\"600\" height=\"338\" title=\"&#8221;Luukku 18&#8221; &#8212; Karjalan kielen elvytt\u00e4minen\" data-secret=\"f7BeZq68Tm\" frameborder=\"0\" marginwidth=\"0\" marginheight=\"0\" scrolling=\"no\" class=\"wp-embedded-content\"><\/iframe><script type=\"text\/javascript\">\n\/* <![CDATA[ *\/\n\/*! This file is auto-generated *\/\n!function(d,l){\"use strict\";l.querySelector&&d.addEventListener&&\"undefined\"!=typeof URL&&(d.wp=d.wp||{},d.wp.receiveEmbedMessage||(d.wp.receiveEmbedMessage=function(e){var t=e.data;if((t||t.secret||t.message||t.value)&&!\/[^a-zA-Z0-9]\/.test(t.secret)){for(var s,r,n,a=l.querySelectorAll('iframe[data-secret=\"'+t.secret+'\"]'),o=l.querySelectorAll('blockquote[data-secret=\"'+t.secret+'\"]'),c=new RegExp(\"^https?:$\",\"i\"),i=0;i<o.length;i++)o[i].style.display=\"none\";for(i=0;i<a.length;i++)s=a[i],e.source===s.contentWindow&&(s.removeAttribute(\"style\"),\"height\"===t.message?(1e3<(r=parseInt(t.value,10))?r=1e3:~~r<200&&(r=200),s.height=r):\"link\"===t.message&&(r=new URL(s.getAttribute(\"src\")),n=new URL(t.value),c.test(n.protocol))&&n.host===r.host&&l.activeElement===s&&(d.top.location.href=t.value))}},d.addEventListener(\"message\",d.wp.receiveEmbedMessage,!1),l.addEventListener(\"DOMContentLoaded\",function(){for(var e,t,s=l.querySelectorAll(\"iframe.wp-embedded-content\"),r=0;r<s.length;r++)(t=(e=s[r]).getAttribute(\"data-secret\"))||(t=Math.random().toString(36).substring(2,12),e.src+=\"#?secret=\"+t,e.setAttribute(\"data-secret\",t)),e.contentWindow.postMessage({message:\"ready\",secret:t},\"*\")},!1)))}(window,document);\n\/\/# sourceURL=https:\/\/blogs.uef.fi\/karjalanelvytys\/wp-includes\/js\/wp-embed.min.js\n\/* ]]> *\/\n<\/script>\n","description":"Luukku 18 Karjalaini ro\u0161tuonkalenteri ~ Karjalane ra\u0161tavankalendari ~ Karjalaine rastavankalenduaru 18. talvikuuta ~ 18. ra\u0161tavankuuda ~ 18. talvikuudu &nbsp; Virallista Europan kielien p\u00e4ivy\u00e4 piet\u00e4h 26. p\u00e4iv\u00e4n\u00e4 \u0161yy\u0161kuuta. Pi\u00e4idejana on no\u0161tua n\u00e4k\u00f6vih Europan monenmoiset kielet ta kulttuurit ta kielien opa\u0161tumisen t\u00e4rkevytt\u00e4. Europa\u0161\u0161a paissah 225 alkuper\u00e4iskielt\u00e4, kumpasista 24 on Europan unionin virallisie kielie ta 60 alovehellisie- ta [&hellip;]","thumbnail_url":"https:\/\/cdn.pixabay.com\/photo\/2017\/09\/17\/21\/59\/sparrows-2759978__340.jpg"}