{"version":"1.0","provider_name":"Karjalan kielen elvytt\u00e4minen","provider_url":"https:\/\/blogs.uef.fi\/karjalanelvytys","title":"Lap\u0161enkielen\u00a0\u0161ana\u0161to (vienankarjala) - Karjalan kielen elvytt\u00e4minen","type":"rich","width":600,"height":338,"html":"<blockquote class=\"wp-embedded-content\" data-secret=\"HUGFmlRdy6\"><a href=\"https:\/\/blogs.uef.fi\/karjalanelvytys\/lapsenkielen-sanasto-vienankarjala\/\">Lap\u0161enkielen\u00a0\u0161ana\u0161to (vienankarjala)<\/a><\/blockquote><iframe sandbox=\"allow-scripts\" security=\"restricted\" src=\"https:\/\/blogs.uef.fi\/karjalanelvytys\/lapsenkielen-sanasto-vienankarjala\/embed\/#?secret=HUGFmlRdy6\" width=\"600\" height=\"338\" title=\"&#8221;Lap\u0161enkielen\u00a0\u0161ana\u0161to (vienankarjala)&#8221; &#8212; Karjalan kielen elvytt\u00e4minen\" data-secret=\"HUGFmlRdy6\" frameborder=\"0\" marginwidth=\"0\" marginheight=\"0\" scrolling=\"no\" class=\"wp-embedded-content\"><\/iframe><script type=\"text\/javascript\">\n\/* <![CDATA[ *\/\n\/*! This file is auto-generated *\/\n!function(d,l){\"use strict\";l.querySelector&&d.addEventListener&&\"undefined\"!=typeof URL&&(d.wp=d.wp||{},d.wp.receiveEmbedMessage||(d.wp.receiveEmbedMessage=function(e){var t=e.data;if((t||t.secret||t.message||t.value)&&!\/[^a-zA-Z0-9]\/.test(t.secret)){for(var s,r,n,a=l.querySelectorAll('iframe[data-secret=\"'+t.secret+'\"]'),o=l.querySelectorAll('blockquote[data-secret=\"'+t.secret+'\"]'),c=new RegExp(\"^https?:$\",\"i\"),i=0;i<o.length;i++)o[i].style.display=\"none\";for(i=0;i<a.length;i++)s=a[i],e.source===s.contentWindow&&(s.removeAttribute(\"style\"),\"height\"===t.message?(1e3<(r=parseInt(t.value,10))?r=1e3:~~r<200&&(r=200),s.height=r):\"link\"===t.message&&(r=new URL(s.getAttribute(\"src\")),n=new URL(t.value),c.test(n.protocol))&&n.host===r.host&&l.activeElement===s&&(d.top.location.href=t.value))}},d.addEventListener(\"message\",d.wp.receiveEmbedMessage,!1),l.addEventListener(\"DOMContentLoaded\",function(){for(var e,t,s=l.querySelectorAll(\"iframe.wp-embedded-content\"),r=0;r<s.length;r++)(t=(e=s[r]).getAttribute(\"data-secret\"))||(t=Math.random().toString(36).substring(2,12),e.src+=\"#?secret=\"+t,e.setAttribute(\"data-secret\",t)),e.contentWindow.postMessage({message:\"ready\",secret:t},\"*\")},!1)))}(window,document);\n\/\/# sourceURL=https:\/\/blogs.uef.fi\/karjalanelvytys\/wp-includes\/js\/wp-embed.min.js\n\/* ]]> *\/\n<\/script>\n","description":"4.5.2021 Lap\u0161enkielen\u00a0 ta lap\u0161en kera paistavan kielen \u0161ana\u0161to Alle on ker\u00e4tty lapsenkielen ja lasten kanssa puhuttavan kielen sanastoa vienankarjalaksi. Samoin on lauseita ja pieni\u00e4 dialogeja, joissa kyseist\u00e4 sanastoa on k\u00e4ytetty. T\u00e4t\u00e4 sanaluetteloa voi jatkaa. Jos sinulla on ideoita ja toivomuksia, ota yhteytt\u00e4: olga.karlova@uef.fi &nbsp; Pereh ta omahiset muamo, mamma (lap\u0161.) \u2013 \u00e4iti y\u0161k\u00e4 \u2013 syli [&hellip;]","thumbnail_url":"https:\/\/blogs.uef.fi\/karjalanelvytys\/wp-content\/uploads\/sites\/155\/2021\/05\/lapset1-300x150.png"}