{"version":"1.0","provider_name":"Karjalan kielen elvytt\u00e4minen","provider_url":"https:\/\/blogs.uef.fi\/karjalanelvytys","title":"Kurssien kirjoitukset - Karjalan kielen elvytt\u00e4minen","type":"rich","width":600,"height":338,"html":"<blockquote class=\"wp-embedded-content\" data-secret=\"JQBvUu5ZtQ\"><a href=\"https:\/\/blogs.uef.fi\/karjalanelvytys\/kurssien-kirjoitukset\/\">Kurssien kirjoitukset<\/a><\/blockquote><iframe sandbox=\"allow-scripts\" security=\"restricted\" src=\"https:\/\/blogs.uef.fi\/karjalanelvytys\/kurssien-kirjoitukset\/embed\/#?secret=JQBvUu5ZtQ\" width=\"600\" height=\"338\" title=\"&#8221;Kurssien kirjoitukset&#8221; &#8212; Karjalan kielen elvytt\u00e4minen\" data-secret=\"JQBvUu5ZtQ\" frameborder=\"0\" marginwidth=\"0\" marginheight=\"0\" scrolling=\"no\" class=\"wp-embedded-content\"><\/iframe><script type=\"text\/javascript\">\n\/* <![CDATA[ *\/\n\/*! This file is auto-generated *\/\n!function(d,l){\"use strict\";l.querySelector&&d.addEventListener&&\"undefined\"!=typeof URL&&(d.wp=d.wp||{},d.wp.receiveEmbedMessage||(d.wp.receiveEmbedMessage=function(e){var t=e.data;if((t||t.secret||t.message||t.value)&&!\/[^a-zA-Z0-9]\/.test(t.secret)){for(var s,r,n,a=l.querySelectorAll('iframe[data-secret=\"'+t.secret+'\"]'),o=l.querySelectorAll('blockquote[data-secret=\"'+t.secret+'\"]'),c=new RegExp(\"^https?:$\",\"i\"),i=0;i<o.length;i++)o[i].style.display=\"none\";for(i=0;i<a.length;i++)s=a[i],e.source===s.contentWindow&&(s.removeAttribute(\"style\"),\"height\"===t.message?(1e3<(r=parseInt(t.value,10))?r=1e3:~~r<200&&(r=200),s.height=r):\"link\"===t.message&&(r=new URL(s.getAttribute(\"src\")),n=new URL(t.value),c.test(n.protocol))&&n.host===r.host&&l.activeElement===s&&(d.top.location.href=t.value))}},d.addEventListener(\"message\",d.wp.receiveEmbedMessage,!1),l.addEventListener(\"DOMContentLoaded\",function(){for(var e,t,s=l.querySelectorAll(\"iframe.wp-embedded-content\"),r=0;r<s.length;r++)(t=(e=s[r]).getAttribute(\"data-secret\"))||(t=Math.random().toString(36).substring(2,12),e.src+=\"#?secret=\"+t,e.setAttribute(\"data-secret\",t)),e.contentWindow.postMessage({message:\"ready\",secret:t},\"*\")},!1)))}(window,document);\n\/\/# sourceURL=https:\/\/blogs.uef.fi\/karjalanelvytys\/wp-includes\/js\/wp-embed.min.js\n\/* ]]> *\/\n<\/script>\n","description":"Karjalan kielen elvytyshankkeen ja karjalan kielen oppiaineen toiminta tukevat toisiaan. Sen lis\u00e4ksi, ett\u00e4 elvytyshankkeen tuottamia materiaaleja voidaan k\u00e4ytt\u00e4\u00e4 opetuksessa, julkaistaan karjalan kielen opiskelijoiden ja karjalan kielen keskustelukerhojen osallistujen tekstej\u00e4 elvytyshankkeen blogissa. Karjalaini nimist\u00f6: Linkki nimist\u00f6aiheisiin kirjoituksiin Ki\u00e4nn\u00f6sseminuaran \u010duppu: Linkki karjalan k\u00e4\u00e4nn\u00f6sseminaarikurssien kirjoituksiin Vienankarjalaini pakinaklupi: Linkki vienankarjalan keskustelukerhon osallistujien kirjoituksiin Vienankarjalan opa\u0161tujat kirjutetah:\u00a0Linkki vienankarjalan opiskelijoiden kirjoituksiin [&hellip;]"}