{"version":"1.0","provider_name":"Karjalan kielen elvytt\u00e4minen","provider_url":"https:\/\/blogs.uef.fi\/karjalanelvytys","title":"Ki\u00e4nn\u00f6sseminuaran rastavankalenduaru - Karjalan kielen elvytt\u00e4minen","type":"rich","width":600,"height":338,"html":"<blockquote class=\"wp-embedded-content\" data-secret=\"mKsHpng4ZR\"><a href=\"https:\/\/blogs.uef.fi\/karjalanelvytys\/kiannosseminuaran-rastavankalenduaru\/\">Ki\u00e4nn\u00f6sseminuaran rastavankalenduaru<\/a><\/blockquote><iframe sandbox=\"allow-scripts\" security=\"restricted\" src=\"https:\/\/blogs.uef.fi\/karjalanelvytys\/kiannosseminuaran-rastavankalenduaru\/embed\/#?secret=mKsHpng4ZR\" width=\"600\" height=\"338\" title=\"&#8221;Ki\u00e4nn\u00f6sseminuaran rastavankalenduaru&#8221; &#8212; Karjalan kielen elvytt\u00e4minen\" data-secret=\"mKsHpng4ZR\" frameborder=\"0\" marginwidth=\"0\" marginheight=\"0\" scrolling=\"no\" class=\"wp-embedded-content\"><\/iframe><script type=\"text\/javascript\">\n\/* <![CDATA[ *\/\n\/*! This file is auto-generated *\/\n!function(d,l){\"use strict\";l.querySelector&&d.addEventListener&&\"undefined\"!=typeof URL&&(d.wp=d.wp||{},d.wp.receiveEmbedMessage||(d.wp.receiveEmbedMessage=function(e){var t=e.data;if((t||t.secret||t.message||t.value)&&!\/[^a-zA-Z0-9]\/.test(t.secret)){for(var s,r,n,a=l.querySelectorAll('iframe[data-secret=\"'+t.secret+'\"]'),o=l.querySelectorAll('blockquote[data-secret=\"'+t.secret+'\"]'),c=new RegExp(\"^https?:$\",\"i\"),i=0;i<o.length;i++)o[i].style.display=\"none\";for(i=0;i<a.length;i++)s=a[i],e.source===s.contentWindow&&(s.removeAttribute(\"style\"),\"height\"===t.message?(1e3<(r=parseInt(t.value,10))?r=1e3:~~r<200&&(r=200),s.height=r):\"link\"===t.message&&(r=new URL(s.getAttribute(\"src\")),n=new URL(t.value),c.test(n.protocol))&&n.host===r.host&&l.activeElement===s&&(d.top.location.href=t.value))}},d.addEventListener(\"message\",d.wp.receiveEmbedMessage,!1),l.addEventListener(\"DOMContentLoaded\",function(){for(var e,t,s=l.querySelectorAll(\"iframe.wp-embedded-content\"),r=0;r<s.length;r++)(t=(e=s[r]).getAttribute(\"data-secret\"))||(t=Math.random().toString(36).substring(2,12),e.src+=\"#?secret=\"+t,e.setAttribute(\"data-secret\",t)),e.contentWindow.postMessage({message:\"ready\",secret:t},\"*\")},!1)))}(window,document);\n\/\/# sourceURL=https:\/\/blogs.uef.fi\/karjalanelvytys\/wp-includes\/js\/wp-embed.min.js\n\/* ]]> *\/\n<\/script>\n","description":"Ki\u00e4nn\u00f6sseminuaran rastavankalenduarah tulou joga p\u00e4ivi\u00e4 se-t\u00e4m\u00e4 sanondaine suomekse da karjalakse. Vuitti sanondazis on ki\u00e4nnetty suomesp\u00e4i karjalakse, toizet karjalasp\u00e4i suomekse. Kalenduaru vessel\u00e4h tabah ozuttau, gu er\u00e4h\u00e4t suomen da karjalan sanondat ollah samanjyttyzet, ga mollembis kielis on se\u017eo omua da \u010domua. Kalenduaras n\u00e4it, kuibo n\u00e4mm\u00e4 \u010domembatgi ki\u00e4nnyt\u00e4h l\u00e4h\u00e4zele sugukielele. Sanondastu on kalenduaras karjalan kaikil pi\u00e4murdehil. 1. ikkunaine [&hellip;]","thumbnail_url":"https:\/\/blogs.uef.fi\/karjalanelvytys\/wp-content\/uploads\/sites\/155\/2023\/11\/bob-canning-r53rNKb_7s8-unsplash-1024x683.jpg"}