{"version":"1.0","provider_name":"Karjalan kielen elvytt\u00e4minen","provider_url":"https:\/\/blogs.uef.fi\/karjalanelvytys","title":"Karjalan kielen ned\u00e4lin 2020 tekstat - Karjalan kielen elvytt\u00e4minen","type":"rich","width":600,"height":338,"html":"<blockquote class=\"wp-embedded-content\" data-secret=\"MJrMovalVR\"><a href=\"https:\/\/blogs.uef.fi\/karjalanelvytys\/karjalan-kielen-nedalin-2020-tekstat\/\">Karjalan kielen ned\u00e4lin 2020 tekstat<\/a><\/blockquote><iframe sandbox=\"allow-scripts\" security=\"restricted\" src=\"https:\/\/blogs.uef.fi\/karjalanelvytys\/karjalan-kielen-nedalin-2020-tekstat\/embed\/#?secret=MJrMovalVR\" width=\"600\" height=\"338\" title=\"&#8221;Karjalan kielen ned\u00e4lin 2020 tekstat&#8221; &#8212; Karjalan kielen elvytt\u00e4minen\" data-secret=\"MJrMovalVR\" frameborder=\"0\" marginwidth=\"0\" marginheight=\"0\" scrolling=\"no\" class=\"wp-embedded-content\"><\/iframe><script type=\"text\/javascript\">\n\/* <![CDATA[ *\/\n\/*! This file is auto-generated *\/\n!function(d,l){\"use strict\";l.querySelector&&d.addEventListener&&\"undefined\"!=typeof URL&&(d.wp=d.wp||{},d.wp.receiveEmbedMessage||(d.wp.receiveEmbedMessage=function(e){var t=e.data;if((t||t.secret||t.message||t.value)&&!\/[^a-zA-Z0-9]\/.test(t.secret)){for(var s,r,n,a=l.querySelectorAll('iframe[data-secret=\"'+t.secret+'\"]'),o=l.querySelectorAll('blockquote[data-secret=\"'+t.secret+'\"]'),c=new RegExp(\"^https?:$\",\"i\"),i=0;i<o.length;i++)o[i].style.display=\"none\";for(i=0;i<a.length;i++)s=a[i],e.source===s.contentWindow&&(s.removeAttribute(\"style\"),\"height\"===t.message?(1e3<(r=parseInt(t.value,10))?r=1e3:~~r<200&&(r=200),s.height=r):\"link\"===t.message&&(r=new URL(s.getAttribute(\"src\")),n=new URL(t.value),c.test(n.protocol))&&n.host===r.host&&l.activeElement===s&&(d.top.location.href=t.value))}},d.addEventListener(\"message\",d.wp.receiveEmbedMessage,!1),l.addEventListener(\"DOMContentLoaded\",function(){for(var e,t,s=l.querySelectorAll(\"iframe.wp-embedded-content\"),r=0;r<s.length;r++)(t=(e=s[r]).getAttribute(\"data-secret\"))||(t=Math.random().toString(36).substring(2,12),e.src+=\"#?secret=\"+t,e.setAttribute(\"data-secret\",t)),e.contentWindow.postMessage({message:\"ready\",secret:t},\"*\")},!1)))}(window,document);\n\/\/# sourceURL=https:\/\/blogs.uef.fi\/karjalanelvytys\/wp-includes\/js\/wp-embed.min.js\n\/* ]]> *\/\n<\/script>\n","description":"T\u00e4l sivul on jullattu vuvvennu 2020 Karjalan kieli el\u00e4y -Facebook-joukos da Karjalan Sivistysseuran saital jullatut karjalan kielen ned\u00e4lin kirjutukset. Mie ta vienankarjala Kerttu Nurmela (Oulu) Onnakko miula oli kymmenen vuotta. Ke\u0161\u00e4ll\u00e4 vihmasena joutop\u00e4iv\u00e4n\u00e4 mie venyin aitan laka\u0161\u0161a \u0161uuren hirven nahkan pi\u00e4ll\u00e4 ta luvin \u0161anoja: skokuna, \u0161iivatta, ri\u00e4hk\u00e4, kormano, \u010duppu, \u010d\u00e4ijy, moloka, masla, liepuska, huttu, potakka, [&hellip;]"}