{"version":"1.0","provider_name":"Karjalan kielen elvytt\u00e4minen","provider_url":"https:\/\/blogs.uef.fi\/karjalanelvytys","title":"Karjalan kielen ned\u00e4li (2024) - Karjalan kielen elvytt\u00e4minen","type":"rich","width":600,"height":338,"html":"<blockquote class=\"wp-embedded-content\" data-secret=\"yWZrm8KaLh\"><a href=\"https:\/\/blogs.uef.fi\/karjalanelvytys\/karjalan-kielen-nedali-2024\/\">Karjalan kielen ned\u00e4li (2024)<\/a><\/blockquote><iframe sandbox=\"allow-scripts\" security=\"restricted\" src=\"https:\/\/blogs.uef.fi\/karjalanelvytys\/karjalan-kielen-nedali-2024\/embed\/#?secret=yWZrm8KaLh\" width=\"600\" height=\"338\" title=\"&#8221;Karjalan kielen ned\u00e4li (2024)&#8221; &#8212; Karjalan kielen elvytt\u00e4minen\" data-secret=\"yWZrm8KaLh\" frameborder=\"0\" marginwidth=\"0\" marginheight=\"0\" scrolling=\"no\" class=\"wp-embedded-content\"><\/iframe><script type=\"text\/javascript\">\n\/* <![CDATA[ *\/\n\/*! This file is auto-generated *\/\n!function(d,l){\"use strict\";l.querySelector&&d.addEventListener&&\"undefined\"!=typeof URL&&(d.wp=d.wp||{},d.wp.receiveEmbedMessage||(d.wp.receiveEmbedMessage=function(e){var t=e.data;if((t||t.secret||t.message||t.value)&&!\/[^a-zA-Z0-9]\/.test(t.secret)){for(var s,r,n,a=l.querySelectorAll('iframe[data-secret=\"'+t.secret+'\"]'),o=l.querySelectorAll('blockquote[data-secret=\"'+t.secret+'\"]'),c=new RegExp(\"^https?:$\",\"i\"),i=0;i<o.length;i++)o[i].style.display=\"none\";for(i=0;i<a.length;i++)s=a[i],e.source===s.contentWindow&&(s.removeAttribute(\"style\"),\"height\"===t.message?(1e3<(r=parseInt(t.value,10))?r=1e3:~~r<200&&(r=200),s.height=r):\"link\"===t.message&&(r=new URL(s.getAttribute(\"src\")),n=new URL(t.value),c.test(n.protocol))&&n.host===r.host&&l.activeElement===s&&(d.top.location.href=t.value))}},d.addEventListener(\"message\",d.wp.receiveEmbedMessage,!1),l.addEventListener(\"DOMContentLoaded\",function(){for(var e,t,s=l.querySelectorAll(\"iframe.wp-embedded-content\"),r=0;r<s.length;r++)(t=(e=s[r]).getAttribute(\"data-secret\"))||(t=Math.random().toString(36).substring(2,12),e.src+=\"#?secret=\"+t,e.setAttribute(\"data-secret\",t)),e.contentWindow.postMessage({message:\"ready\",secret:t},\"*\")},!1)))}(window,document);\n\/\/# sourceURL=https:\/\/blogs.uef.fi\/karjalanelvytys\/wp-includes\/js\/wp-embed.min.js\n\/* ]]> *\/\n<\/script>\n","description":"T\u00e4lle sivulle on ker\u00e4tty tietoa karjalan kielen viikolla 25.11.\u20131.12.2024 j\u00e4rjestett\u00e4vist\u00e4 tapahtumista. Linkki karjalan kielen viikon 2024 teksteihin elvytyshankkeen blogissa. Tapahtumat Hil&#8217;l&#8217;aine kniiguker\u00e4hm\u00f6 It\u00e4-Suomen yliopiston Joensuun kampuksen Agora-rakennuksen kahvilassa pidet\u00e4\u00e4n torstaina 28.11. kello 16 alkaen hiljainen lukuhetki karjalaksi. Tule lukemaan karjalankielist\u00e4 kirjallisuutta yhdess\u00e4 muiden kanssa. Jos et ymm\u00e4rr\u00e4 jotain, toiset lukijat auttavat! Voit ottaa mukaan oman [&hellip;]"}