{"version":"1.0","provider_name":"Karjalan kielen elvytt\u00e4minen","provider_url":"https:\/\/blogs.uef.fi\/karjalanelvytys","title":"Karjalaiset ja karjalan kieli mediassa - Karjalan kielen elvytt\u00e4minen","type":"rich","width":600,"height":338,"html":"<blockquote class=\"wp-embedded-content\" data-secret=\"cDAZAwS74o\"><a href=\"https:\/\/blogs.uef.fi\/karjalanelvytys\/karjalaiset-ja-karjalan-kieli-mediassa-2\/\">Karjalaiset ja karjalan kieli mediassa<\/a><\/blockquote><iframe sandbox=\"allow-scripts\" security=\"restricted\" src=\"https:\/\/blogs.uef.fi\/karjalanelvytys\/karjalaiset-ja-karjalan-kieli-mediassa-2\/embed\/#?secret=cDAZAwS74o\" width=\"600\" height=\"338\" title=\"&#8221;Karjalaiset ja karjalan kieli mediassa&#8221; &#8212; Karjalan kielen elvytt\u00e4minen\" data-secret=\"cDAZAwS74o\" frameborder=\"0\" marginwidth=\"0\" marginheight=\"0\" scrolling=\"no\" class=\"wp-embedded-content\"><\/iframe><script type=\"text\/javascript\">\n\/* <![CDATA[ *\/\n\/*! This file is auto-generated *\/\n!function(d,l){\"use strict\";l.querySelector&&d.addEventListener&&\"undefined\"!=typeof URL&&(d.wp=d.wp||{},d.wp.receiveEmbedMessage||(d.wp.receiveEmbedMessage=function(e){var t=e.data;if((t||t.secret||t.message||t.value)&&!\/[^a-zA-Z0-9]\/.test(t.secret)){for(var s,r,n,a=l.querySelectorAll('iframe[data-secret=\"'+t.secret+'\"]'),o=l.querySelectorAll('blockquote[data-secret=\"'+t.secret+'\"]'),c=new RegExp(\"^https?:$\",\"i\"),i=0;i<o.length;i++)o[i].style.display=\"none\";for(i=0;i<a.length;i++)s=a[i],e.source===s.contentWindow&&(s.removeAttribute(\"style\"),\"height\"===t.message?(1e3<(r=parseInt(t.value,10))?r=1e3:~~r<200&&(r=200),s.height=r):\"link\"===t.message&&(r=new URL(s.getAttribute(\"src\")),n=new URL(t.value),c.test(n.protocol))&&n.host===r.host&&l.activeElement===s&&(d.top.location.href=t.value))}},d.addEventListener(\"message\",d.wp.receiveEmbedMessage,!1),l.addEventListener(\"DOMContentLoaded\",function(){for(var e,t,s=l.querySelectorAll(\"iframe.wp-embedded-content\"),r=0;r<s.length;r++)(t=(e=s[r]).getAttribute(\"data-secret\"))||(t=Math.random().toString(36).substring(2,12),e.src+=\"#?secret=\"+t,e.setAttribute(\"data-secret\",t)),e.contentWindow.postMessage({message:\"ready\",secret:t},\"*\")},!1)))}(window,document);\n\/\/# sourceURL=https:\/\/blogs.uef.fi\/karjalanelvytys\/wp-includes\/js\/wp-embed.min.js\n\/* ]]> *\/\n<\/script>\n","description":"N\u00e4ille sivulle on koottu enimm\u00e4kseen suomen- tai karjalankielisten verkkomedioiden karjalaisia, karjalaisuutta tai karjalan kielt\u00e4 k\u00e4sittelevi\u00e4 kirjoituksia, videoita ja podcasteja. Lis\u00e4ksi on koottu luettelo karjalankielist\u00e4 musiikkia julkaisseista yhtyeist\u00e4, artisteista ja kuoroista. Linkit on lajiteltu suomenkielisiin artikkeleihin, karjalankielisiin artikkeleihin, podcasteihin ja radio-ohjelmiin, videoihin ja tv-ohjelmiin ja musiikkiin. Kaikkia luetteloita p\u00e4ivitell\u00e4\u00e4n. Linkki suomenkielisiin artikkeleihin. Linkki karjalankielisiin artikkeleihin. Linkki [&hellip;]"}