{"version":"1.0","provider_name":"Karjalan kielen elvytt\u00e4minen","provider_url":"https:\/\/blogs.uef.fi\/karjalanelvytys","title":"Uutiskirje, syyskuu 2026 - Karjalan kielen elvytt\u00e4minen","type":"rich","width":600,"height":338,"html":"<blockquote class=\"wp-embedded-content\" data-secret=\"o0plIPCRV5\"><a href=\"https:\/\/blogs.uef.fi\/karjalanelvytys\/2026\/09\/01\/uutiskirje-syyskuu-2026\/\">Uutiskirje, syyskuu 2026<\/a><\/blockquote><iframe sandbox=\"allow-scripts\" security=\"restricted\" src=\"https:\/\/blogs.uef.fi\/karjalanelvytys\/2026\/09\/01\/uutiskirje-syyskuu-2026\/embed\/#?secret=o0plIPCRV5\" width=\"600\" height=\"338\" title=\"&#8221;Uutiskirje, syyskuu 2026&#8221; &#8212; Karjalan kielen elvytt\u00e4minen\" data-secret=\"o0plIPCRV5\" frameborder=\"0\" marginwidth=\"0\" marginheight=\"0\" scrolling=\"no\" class=\"wp-embedded-content\"><\/iframe><script type=\"text\/javascript\">\n\/* <![CDATA[ *\/\n\/*! This file is auto-generated *\/\n!function(d,l){\"use strict\";l.querySelector&&d.addEventListener&&\"undefined\"!=typeof URL&&(d.wp=d.wp||{},d.wp.receiveEmbedMessage||(d.wp.receiveEmbedMessage=function(e){var t=e.data;if((t||t.secret||t.message||t.value)&&!\/[^a-zA-Z0-9]\/.test(t.secret)){for(var s,r,n,a=l.querySelectorAll('iframe[data-secret=\"'+t.secret+'\"]'),o=l.querySelectorAll('blockquote[data-secret=\"'+t.secret+'\"]'),c=new RegExp(\"^https?:$\",\"i\"),i=0;i<o.length;i++)o[i].style.display=\"none\";for(i=0;i<a.length;i++)s=a[i],e.source===s.contentWindow&&(s.removeAttribute(\"style\"),\"height\"===t.message?(1e3<(r=parseInt(t.value,10))?r=1e3:~~r<200&&(r=200),s.height=r):\"link\"===t.message&&(r=new URL(s.getAttribute(\"src\")),n=new URL(t.value),c.test(n.protocol))&&n.host===r.host&&l.activeElement===s&&(d.top.location.href=t.value))}},d.addEventListener(\"message\",d.wp.receiveEmbedMessage,!1),l.addEventListener(\"DOMContentLoaded\",function(){for(var e,t,s=l.querySelectorAll(\"iframe.wp-embedded-content\"),r=0;r<s.length;r++)(t=(e=s[r]).getAttribute(\"data-secret\"))||(t=Math.random().toString(36).substring(2,12),e.src+=\"#?secret=\"+t,e.setAttribute(\"data-secret\",t)),e.contentWindow.postMessage({message:\"ready\",secret:t},\"*\")},!1)))}(window,document);\n\/\/# sourceURL=https:\/\/blogs.uef.fi\/karjalanelvytys\/wp-includes\/js\/wp-embed.min.js\n\/* ]]> *\/\n<\/script>\n","description":"Uusi lukuvuosi on k\u00e4ynnistym\u00e4ss\u00e4 ja karjalan kurssit ja karjalankieliset keskustelukerhot palaavat kes\u00e4tauolta. Syksy tuo mukanaan my\u00f6s muita mahdollisuuksia kuulla ja k\u00e4ytt\u00e4\u00e4 karjalaa. Esimerkiksi kansalaisopistot tarjoavat t\u00e4n\u00e4 vuonna enn\u00e4tyksellisen paljon karjalan kielen ja karjalaisen kulttuurin kursseja, joiden tiedot on ker\u00e4tty karjalan elvytt\u00e4misen blogiin. Nyt on hyv\u00e4 my\u00f6s v\u00e4hitellen k\u00e4\u00e4nt\u00e4\u00e4 katse kohti marraskuussa j\u00e4rjestett\u00e4v\u00e4\u00e4 karjalan kielen viikkoa [&hellip;]"}