{"version":"1.0","provider_name":"Karjalan kielen elvytt\u00e4minen","provider_url":"https:\/\/blogs.uef.fi\/karjalanelvytys","title":"Uutiskirje, syyskuu 2025 - Karjalan kielen elvytt\u00e4minen","type":"rich","width":600,"height":338,"html":"<blockquote class=\"wp-embedded-content\" data-secret=\"m3DopaYnGa\"><a href=\"https:\/\/blogs.uef.fi\/karjalanelvytys\/2025\/09\/03\/uutiskirje-syyskuu-2025\/\">Uutiskirje, syyskuu 2025<\/a><\/blockquote><iframe sandbox=\"allow-scripts\" security=\"restricted\" src=\"https:\/\/blogs.uef.fi\/karjalanelvytys\/2025\/09\/03\/uutiskirje-syyskuu-2025\/embed\/#?secret=m3DopaYnGa\" width=\"600\" height=\"338\" title=\"&#8221;Uutiskirje, syyskuu 2025&#8221; &#8212; Karjalan kielen elvytt\u00e4minen\" data-secret=\"m3DopaYnGa\" frameborder=\"0\" marginwidth=\"0\" marginheight=\"0\" scrolling=\"no\" class=\"wp-embedded-content\"><\/iframe><script type=\"text\/javascript\">\n\/* <![CDATA[ *\/\n\/*! This file is auto-generated *\/\n!function(d,l){\"use strict\";l.querySelector&&d.addEventListener&&\"undefined\"!=typeof URL&&(d.wp=d.wp||{},d.wp.receiveEmbedMessage||(d.wp.receiveEmbedMessage=function(e){var t=e.data;if((t||t.secret||t.message||t.value)&&!\/[^a-zA-Z0-9]\/.test(t.secret)){for(var s,r,n,a=l.querySelectorAll('iframe[data-secret=\"'+t.secret+'\"]'),o=l.querySelectorAll('blockquote[data-secret=\"'+t.secret+'\"]'),c=new RegExp(\"^https?:$\",\"i\"),i=0;i<o.length;i++)o[i].style.display=\"none\";for(i=0;i<a.length;i++)s=a[i],e.source===s.contentWindow&&(s.removeAttribute(\"style\"),\"height\"===t.message?(1e3<(r=parseInt(t.value,10))?r=1e3:~~r<200&&(r=200),s.height=r):\"link\"===t.message&&(r=new URL(s.getAttribute(\"src\")),n=new URL(t.value),c.test(n.protocol))&&n.host===r.host&&l.activeElement===s&&(d.top.location.href=t.value))}},d.addEventListener(\"message\",d.wp.receiveEmbedMessage,!1),l.addEventListener(\"DOMContentLoaded\",function(){for(var e,t,s=l.querySelectorAll(\"iframe.wp-embedded-content\"),r=0;r<s.length;r++)(t=(e=s[r]).getAttribute(\"data-secret\"))||(t=Math.random().toString(36).substring(2,12),e.src+=\"#?secret=\"+t,e.setAttribute(\"data-secret\",t)),e.contentWindow.postMessage({message:\"ready\",secret:t},\"*\")},!1)))}(window,document);\n\/\/# sourceURL=https:\/\/blogs.uef.fi\/karjalanelvytys\/wp-includes\/js\/wp-embed.min.js\n\/* ]]> *\/\n<\/script>\n","description":"Syksy on py\u00f6r\u00e4ht\u00e4nyt k\u00e4yntiin vauhdilla! Karjalankielisille viilenev\u00e4t ilmat tarkoittavat paitsi muuta lukuisia karjalan opiskelumahdollisuuksia ja sit\u00e4, ett\u00e4 keskustelukerhot palaavat kes\u00e4tauolta. Nyt on my\u00f6s hyv\u00e4 aika alkaa pikkuhiljaa valmistautumaan l\u00e4hestyv\u00e4\u00e4n karjalan kielen viikkoon. It\u00e4-Suomen yliopiston ja kansalaisopistojen karjalan kielen kurssit syksyll\u00e4 2025 Syksyll\u00e4 k\u00e4ynnistyy j\u00e4lleen useita karjalan kielen ja kulttuurin kursseja sek\u00e4 It\u00e4-Suomen yliopistossa ett\u00e4 eri [&hellip;]"}