{"version":"1.0","provider_name":"Karjalan kielen elvytt\u00e4minen","provider_url":"https:\/\/blogs.uef.fi\/karjalanelvytys","title":"P\u00f6p\u00f6kk\u00e4kalenteri kahallah Iivananp\u00e4iv\u00e4h \u0161uaten - Karjalan kielen elvytt\u00e4minen","type":"rich","width":600,"height":338,"html":"<blockquote class=\"wp-embedded-content\" data-secret=\"BB2UkgbegV\"><a href=\"https:\/\/blogs.uef.fi\/karjalanelvytys\/2025\/05\/20\/popokkakalenteri-kahallah-iivananpaivah-suaten\/\">P\u00f6p\u00f6kk\u00e4kalenteri kahallah Iivananp\u00e4iv\u00e4h \u0161uaten<\/a><\/blockquote><iframe sandbox=\"allow-scripts\" security=\"restricted\" src=\"https:\/\/blogs.uef.fi\/karjalanelvytys\/2025\/05\/20\/popokkakalenteri-kahallah-iivananpaivah-suaten\/embed\/#?secret=BB2UkgbegV\" width=\"600\" height=\"338\" title=\"&#8221;P\u00f6p\u00f6kk\u00e4kalenteri kahallah Iivananp\u00e4iv\u00e4h \u0161uaten&#8221; &#8212; Karjalan kielen elvytt\u00e4minen\" data-secret=\"BB2UkgbegV\" frameborder=\"0\" marginwidth=\"0\" marginheight=\"0\" scrolling=\"no\" class=\"wp-embedded-content\"><\/iframe><script type=\"text\/javascript\">\n\/* <![CDATA[ *\/\n\/*! This file is auto-generated *\/\n!function(d,l){\"use strict\";l.querySelector&&d.addEventListener&&\"undefined\"!=typeof URL&&(d.wp=d.wp||{},d.wp.receiveEmbedMessage||(d.wp.receiveEmbedMessage=function(e){var t=e.data;if((t||t.secret||t.message||t.value)&&!\/[^a-zA-Z0-9]\/.test(t.secret)){for(var s,r,n,a=l.querySelectorAll('iframe[data-secret=\"'+t.secret+'\"]'),o=l.querySelectorAll('blockquote[data-secret=\"'+t.secret+'\"]'),c=new RegExp(\"^https?:$\",\"i\"),i=0;i<o.length;i++)o[i].style.display=\"none\";for(i=0;i<a.length;i++)s=a[i],e.source===s.contentWindow&&(s.removeAttribute(\"style\"),\"height\"===t.message?(1e3<(r=parseInt(t.value,10))?r=1e3:~~r<200&&(r=200),s.height=r):\"link\"===t.message&&(r=new URL(s.getAttribute(\"src\")),n=new URL(t.value),c.test(n.protocol))&&n.host===r.host&&l.activeElement===s&&(d.top.location.href=t.value))}},d.addEventListener(\"message\",d.wp.receiveEmbedMessage,!1),l.addEventListener(\"DOMContentLoaded\",function(){for(var e,t,s=l.querySelectorAll(\"iframe.wp-embedded-content\"),r=0;r<s.length;r++)(t=(e=s[r]).getAttribute(\"data-secret\"))||(t=Math.random().toString(36).substring(2,12),e.src+=\"#?secret=\"+t,e.setAttribute(\"data-secret\",t)),e.contentWindow.postMessage({message:\"ready\",secret:t},\"*\")},!1)))}(window,document);\n\/\/# sourceURL=https:\/\/blogs.uef.fi\/karjalanelvytys\/wp-includes\/js\/wp-embed.min.js\n\/* ]]> *\/\n<\/script>\n","description":"P\u00f6p\u00f6kk\u00e4 on &#8221;\u00f6t\u00f6kk\u00e4&#8221;. Ei ke\u0161y\u00e4 p\u00f6p\u00f6k\u00e4tt\u00e4 -kalenterin idejana on ka\u010della eriluatusien p\u00f6p\u00f6kk\u00f6jen nimij\u00e4 ta muutaki p\u00f6p\u00f6kk\u00e4muailmah liittyjy\u00e4 \u0161anua tai tietuo karjalak\u0161i. Kalenteri on luajittu vienankarjalak\u0161i, ka \u0161iih on niise poimittu esimerkkij\u00e4 karjalan eri murtehista Karjalan kielen \u0161anakirjan mukah. P\u00f6p\u00f6kk\u00e4kalenterie pit\u00e4y Olga Karlova Iivananp\u00e4iv\u00e4h \u0161uaten. Vessely\u00e4 \u010dukeltamista p\u00f6p\u00f6k\u00e4lliseh ke\u0161\u00e4h! Linkki p\u00f6p\u00f6kk\u00e4kalenterih 2025.","thumbnail_url":"https:\/\/blogs.uef.fi\/karjalanelvytys\/wp-content\/uploads\/sites\/155\/2025\/05\/lemon-butterfly-284495_1280.jpg","thumbnail_width":1280,"thumbnail_height":964}