{"version":"1.0","provider_name":"Karjalan kielen elvytt\u00e4minen","provider_url":"https:\/\/blogs.uef.fi\/karjalanelvytys","title":"Ke\u0161\u0161et\u00e4h-taiton\u00e4yttely\u0161 Helsinkiss\u00e4 - Karjalan kielen elvytt\u00e4minen","type":"rich","width":600,"height":338,"html":"<blockquote class=\"wp-embedded-content\" data-secret=\"OptEwbjYFh\"><a href=\"https:\/\/blogs.uef.fi\/karjalanelvytys\/2025\/03\/21\/kessetah-taitonayttelys-helsinkissa\/\">Ke\u0161\u0161et\u00e4h-taiton\u00e4yttely\u0161 Helsinkiss\u00e4<\/a><\/blockquote><iframe sandbox=\"allow-scripts\" security=\"restricted\" src=\"https:\/\/blogs.uef.fi\/karjalanelvytys\/2025\/03\/21\/kessetah-taitonayttelys-helsinkissa\/embed\/#?secret=OptEwbjYFh\" width=\"600\" height=\"338\" title=\"&#8221;Ke\u0161\u0161et\u00e4h-taiton\u00e4yttely\u0161 Helsinkiss\u00e4&#8221; &#8212; Karjalan kielen elvytt\u00e4minen\" data-secret=\"OptEwbjYFh\" frameborder=\"0\" marginwidth=\"0\" marginheight=\"0\" scrolling=\"no\" class=\"wp-embedded-content\"><\/iframe><script type=\"text\/javascript\">\n\/* <![CDATA[ *\/\n\/*! This file is auto-generated *\/\n!function(d,l){\"use strict\";l.querySelector&&d.addEventListener&&\"undefined\"!=typeof URL&&(d.wp=d.wp||{},d.wp.receiveEmbedMessage||(d.wp.receiveEmbedMessage=function(e){var t=e.data;if((t||t.secret||t.message||t.value)&&!\/[^a-zA-Z0-9]\/.test(t.secret)){for(var s,r,n,a=l.querySelectorAll('iframe[data-secret=\"'+t.secret+'\"]'),o=l.querySelectorAll('blockquote[data-secret=\"'+t.secret+'\"]'),c=new RegExp(\"^https?:$\",\"i\"),i=0;i<o.length;i++)o[i].style.display=\"none\";for(i=0;i<a.length;i++)s=a[i],e.source===s.contentWindow&&(s.removeAttribute(\"style\"),\"height\"===t.message?(1e3<(r=parseInt(t.value,10))?r=1e3:~~r<200&&(r=200),s.height=r):\"link\"===t.message&&(r=new URL(s.getAttribute(\"src\")),n=new URL(t.value),c.test(n.protocol))&&n.host===r.host&&l.activeElement===s&&(d.top.location.href=t.value))}},d.addEventListener(\"message\",d.wp.receiveEmbedMessage,!1),l.addEventListener(\"DOMContentLoaded\",function(){for(var e,t,s=l.querySelectorAll(\"iframe.wp-embedded-content\"),r=0;r<s.length;r++)(t=(e=s[r]).getAttribute(\"data-secret\"))||(t=Math.random().toString(36).substring(2,12),e.src+=\"#?secret=\"+t,e.setAttribute(\"data-secret\",t)),e.contentWindow.postMessage({message:\"ready\",secret:t},\"*\")},!1)))}(window,document);\n\/\/# sourceURL=https:\/\/blogs.uef.fi\/karjalanelvytys\/wp-includes\/js\/wp-embed.min.js\n\/* ]]> *\/\n<\/script>\n","description":"Teksti ta kuvat: Olga Karlova M\u00e4nn\u00e4 net\u00e4lill\u00e4 milma \u00e4ij\u00e4lti lyky\u0161ti, \u010dokkain k\u00e4yv\u00e4 Ke\u0161\u0161et\u00e4h-taiton\u00e4yttelyk\u0161eh. Karjalaista taituo voipi ihual\u2019l\u2019a melki ke\u0161kilinna\u0161\u0161a Helsinkiss\u00e4. Nuoret karjalaiset taituolijat no\u0161\u0161etah pi\u00e4t\u00e4h ta viel\u00e4i karjalak\u0161i. Milma karjalankielist\u00e4 karjalaista t\u00e4mm\u00f6ni tielo ka\u010do \u0161iivitt\u00e4y. Joven\u0161uun juna oli tua\u0161\u0161en my\u00f6h\u00e4\u0161\u0161\u00e4 ta miula tuli kiireh, kun toini my\u00f6hempi va\u0161tauvunta oli jo etukynteh \u0161ovittu. En nikuin tahton [&hellip;]","thumbnail_url":"https:\/\/blogs.uef.fi\/karjalanelvytys\/wp-content\/uploads\/sites\/155\/2025\/03\/20250313_143150.jpg","thumbnail_width":2000,"thumbnail_height":1500}