{"version":"1.0","provider_name":"Karjalan kielen elvytt\u00e4minen","provider_url":"https:\/\/blogs.uef.fi\/karjalanelvytys","title":"Yst\u00e4v\u00e4np\u00e4iv\u00e4n tekstuvakkaine karjalakse - Karjalan kielen elvytt\u00e4minen","type":"rich","width":600,"height":338,"html":"<blockquote class=\"wp-embedded-content\" data-secret=\"NmkRJ0CKpN\"><a href=\"https:\/\/blogs.uef.fi\/karjalanelvytys\/2025\/02\/14\/ystavanpaivan-tekstuvakkaine-karjalakse\/\">Yst\u00e4v\u00e4np\u00e4iv\u00e4n tekstuvakkaine karjalakse<\/a><\/blockquote><iframe sandbox=\"allow-scripts\" security=\"restricted\" src=\"https:\/\/blogs.uef.fi\/karjalanelvytys\/2025\/02\/14\/ystavanpaivan-tekstuvakkaine-karjalakse\/embed\/#?secret=NmkRJ0CKpN\" width=\"600\" height=\"338\" title=\"&#8221;Yst\u00e4v\u00e4np\u00e4iv\u00e4n tekstuvakkaine karjalakse&#8221; &#8212; Karjalan kielen elvytt\u00e4minen\" data-secret=\"NmkRJ0CKpN\" frameborder=\"0\" marginwidth=\"0\" marginheight=\"0\" scrolling=\"no\" class=\"wp-embedded-content\"><\/iframe><script type=\"text\/javascript\">\n\/* <![CDATA[ *\/\n\/*! This file is auto-generated *\/\n!function(d,l){\"use strict\";l.querySelector&&d.addEventListener&&\"undefined\"!=typeof URL&&(d.wp=d.wp||{},d.wp.receiveEmbedMessage||(d.wp.receiveEmbedMessage=function(e){var t=e.data;if((t||t.secret||t.message||t.value)&&!\/[^a-zA-Z0-9]\/.test(t.secret)){for(var s,r,n,a=l.querySelectorAll('iframe[data-secret=\"'+t.secret+'\"]'),o=l.querySelectorAll('blockquote[data-secret=\"'+t.secret+'\"]'),c=new RegExp(\"^https?:$\",\"i\"),i=0;i<o.length;i++)o[i].style.display=\"none\";for(i=0;i<a.length;i++)s=a[i],e.source===s.contentWindow&&(s.removeAttribute(\"style\"),\"height\"===t.message?(1e3<(r=parseInt(t.value,10))?r=1e3:~~r<200&&(r=200),s.height=r):\"link\"===t.message&&(r=new URL(s.getAttribute(\"src\")),n=new URL(t.value),c.test(n.protocol))&&n.host===r.host&&l.activeElement===s&&(d.top.location.href=t.value))}},d.addEventListener(\"message\",d.wp.receiveEmbedMessage,!1),l.addEventListener(\"DOMContentLoaded\",function(){for(var e,t,s=l.querySelectorAll(\"iframe.wp-embedded-content\"),r=0;r<s.length;r++)(t=(e=s[r]).getAttribute(\"data-secret\"))||(t=Math.random().toString(36).substring(2,12),e.src+=\"#?secret=\"+t,e.setAttribute(\"data-secret\",t)),e.contentWindow.postMessage({message:\"ready\",secret:t},\"*\")},!1)))}(window,document);\n\/\/# sourceURL=https:\/\/blogs.uef.fi\/karjalanelvytys\/wp-includes\/js\/wp-embed.min.js\n\/* ]]> *\/\n<\/script>\n","description":"Hyvi\u00e4 yst\u00e4v\u00e4np\u00e4ivi\u00e4! Karjalan elvytyksen blogas on vuozien aloh jullattu erijyttymi\u00e4 yst\u00e4vytty da suvai\u010dustu koskijua kirjutustu. Tiemua ollah ka\u010deltu ezimerkikse kielikursoin opastujat, kudualoin kursuruadoloi olemmo jullannuh blogas. T\u00e4h kirjutukseh on ker\u00e4tty se-t\u00e4m\u00e4 aijemba blogas jullattu yst\u00e4v\u00e4np\u00e4iv\u00e4h hyvin p\u00e4dii kirjutus, runo da ainehisto. Hyvy\u00e4 y\u0161t\u00e4v\u00e4np\u00e4ivy\u00e4! Hyvi\u00e4 miele\u0161\u0161\u00e4piett\u00e4vien p\u00e4ivy\u00e4! Hyvi\u00e4 yst\u00e4v\u00e4np\u00e4ivi\u00e4! Hyvi\u00e4 mieless\u00e4piett\u00e4vien p\u00e4ivi\u00e4! Hyvi\u00e4 yst\u00e4v\u00e4np\u00e4ivi\u00e4! Hyvi\u00e4 mielespiett\u00e4vien [&hellip;]","thumbnail_url":"https:\/\/blogs.uef.fi\/karjalanelvytys\/wp-content\/uploads\/sites\/155\/2025\/02\/kelly-sikkema-mywUlDDkHiU-unsplash-scaled.jpg","thumbnail_width":2560,"thumbnail_height":1707}