{"version":"1.0","provider_name":"Karjalan kielen elvytt\u00e4minen","provider_url":"https:\/\/blogs.uef.fi\/karjalanelvytys","title":"Zoom-tapaaminen: Karjalan puhuminen lapsen kanssa - Karjalan kielen elvytt\u00e4minen","type":"rich","width":600,"height":338,"html":"<blockquote class=\"wp-embedded-content\" data-secret=\"BcdMcu4srr\"><a href=\"https:\/\/blogs.uef.fi\/karjalanelvytys\/2024\/07\/03\/zoom-tapaaminen-karjalan-puhuminen-lapsen-kanssa\/\">Zoom-tapaaminen: Karjalan puhuminen lapsen kanssa<\/a><\/blockquote><iframe sandbox=\"allow-scripts\" security=\"restricted\" src=\"https:\/\/blogs.uef.fi\/karjalanelvytys\/2024\/07\/03\/zoom-tapaaminen-karjalan-puhuminen-lapsen-kanssa\/embed\/#?secret=BcdMcu4srr\" width=\"600\" height=\"338\" title=\"&#8221;Zoom-tapaaminen: Karjalan puhuminen lapsen kanssa&#8221; &#8212; Karjalan kielen elvytt\u00e4minen\" data-secret=\"BcdMcu4srr\" frameborder=\"0\" marginwidth=\"0\" marginheight=\"0\" scrolling=\"no\" class=\"wp-embedded-content\"><\/iframe><script type=\"text\/javascript\">\n\/* <![CDATA[ *\/\n\/*! This file is auto-generated *\/\n!function(d,l){\"use strict\";l.querySelector&&d.addEventListener&&\"undefined\"!=typeof URL&&(d.wp=d.wp||{},d.wp.receiveEmbedMessage||(d.wp.receiveEmbedMessage=function(e){var t=e.data;if((t||t.secret||t.message||t.value)&&!\/[^a-zA-Z0-9]\/.test(t.secret)){for(var s,r,n,a=l.querySelectorAll('iframe[data-secret=\"'+t.secret+'\"]'),o=l.querySelectorAll('blockquote[data-secret=\"'+t.secret+'\"]'),c=new RegExp(\"^https?:$\",\"i\"),i=0;i<o.length;i++)o[i].style.display=\"none\";for(i=0;i<a.length;i++)s=a[i],e.source===s.contentWindow&&(s.removeAttribute(\"style\"),\"height\"===t.message?(1e3<(r=parseInt(t.value,10))?r=1e3:~~r<200&&(r=200),s.height=r):\"link\"===t.message&&(r=new URL(s.getAttribute(\"src\")),n=new URL(t.value),c.test(n.protocol))&&n.host===r.host&&l.activeElement===s&&(d.top.location.href=t.value))}},d.addEventListener(\"message\",d.wp.receiveEmbedMessage,!1),l.addEventListener(\"DOMContentLoaded\",function(){for(var e,t,s=l.querySelectorAll(\"iframe.wp-embedded-content\"),r=0;r<s.length;r++)(t=(e=s[r]).getAttribute(\"data-secret\"))||(t=Math.random().toString(36).substring(2,12),e.src+=\"#?secret=\"+t,e.setAttribute(\"data-secret\",t)),e.contentWindow.postMessage({message:\"ready\",secret:t},\"*\")},!1)))}(window,document);\n\/\/# sourceURL=https:\/\/blogs.uef.fi\/karjalanelvytys\/wp-includes\/js\/wp-embed.min.js\n\/* ]]> *\/\n<\/script>\n","description":"Karjalan kielen elvytyshanke j\u00e4rjest\u00e4\u00e4 elokuussa avoimen Zoom-tapaamisen henkil\u00f6ille, jotka ovat kiinnostuneita karjalan puhumisesta lapsille. Tapahtuma on suunnattu kaikille lasten kanssa toimiville, mutta tarkoitus on tarjota vertaistukea erityisesti karjalan k\u00e4ytt\u00e4miseen kotona ja perheen piiriss\u00e4. Tarvetta tapaamiselle on, koska kev\u00e4\u00e4ll\u00e4 2024 toteutetussa karjalan kielen k\u00e4ytt\u00f6\u00e4 kartoittavassa kyselyss\u00e4 l\u00e4hes 70 vastaajaa ilmoitti puhuvansa karjalaa talouteensa kuuluvan alaik\u00e4isen lapsen [&hellip;]"}