{"version":"1.0","provider_name":"Karjalan kielen elvytt\u00e4minen","provider_url":"https:\/\/blogs.uef.fi\/karjalanelvytys","title":"Uutiskirje, huhtikuu 2024 - Karjalan kielen elvytt\u00e4minen","type":"rich","width":600,"height":338,"html":"<blockquote class=\"wp-embedded-content\" data-secret=\"GYbOn8iq2Q\"><a href=\"https:\/\/blogs.uef.fi\/karjalanelvytys\/2024\/04\/02\/uutiskirje-huhtikuu-2024\/\">Uutiskirje, huhtikuu 2024<\/a><\/blockquote><iframe sandbox=\"allow-scripts\" security=\"restricted\" src=\"https:\/\/blogs.uef.fi\/karjalanelvytys\/2024\/04\/02\/uutiskirje-huhtikuu-2024\/embed\/#?secret=GYbOn8iq2Q\" width=\"600\" height=\"338\" title=\"&#8221;Uutiskirje, huhtikuu 2024&#8221; &#8212; Karjalan kielen elvytt\u00e4minen\" data-secret=\"GYbOn8iq2Q\" frameborder=\"0\" marginwidth=\"0\" marginheight=\"0\" scrolling=\"no\" class=\"wp-embedded-content\"><\/iframe><script type=\"text\/javascript\">\n\/* <![CDATA[ *\/\n\/*! This file is auto-generated *\/\n!function(d,l){\"use strict\";l.querySelector&&d.addEventListener&&\"undefined\"!=typeof URL&&(d.wp=d.wp||{},d.wp.receiveEmbedMessage||(d.wp.receiveEmbedMessage=function(e){var t=e.data;if((t||t.secret||t.message||t.value)&&!\/[^a-zA-Z0-9]\/.test(t.secret)){for(var s,r,n,a=l.querySelectorAll('iframe[data-secret=\"'+t.secret+'\"]'),o=l.querySelectorAll('blockquote[data-secret=\"'+t.secret+'\"]'),c=new RegExp(\"^https?:$\",\"i\"),i=0;i<o.length;i++)o[i].style.display=\"none\";for(i=0;i<a.length;i++)s=a[i],e.source===s.contentWindow&&(s.removeAttribute(\"style\"),\"height\"===t.message?(1e3<(r=parseInt(t.value,10))?r=1e3:~~r<200&&(r=200),s.height=r):\"link\"===t.message&&(r=new URL(s.getAttribute(\"src\")),n=new URL(t.value),c.test(n.protocol))&&n.host===r.host&&l.activeElement===s&&(d.top.location.href=t.value))}},d.addEventListener(\"message\",d.wp.receiveEmbedMessage,!1),l.addEventListener(\"DOMContentLoaded\",function(){for(var e,t,s=l.querySelectorAll(\"iframe.wp-embedded-content\"),r=0;r<s.length;r++)(t=(e=s[r]).getAttribute(\"data-secret\"))||(t=Math.random().toString(36).substring(2,12),e.src+=\"#?secret=\"+t,e.setAttribute(\"data-secret\",t)),e.contentWindow.postMessage({message:\"ready\",secret:t},\"*\")},!1)))}(window,document);\n\/\/# sourceURL=https:\/\/blogs.uef.fi\/karjalanelvytys\/wp-includes\/js\/wp-embed.min.js\n\/* ]]> *\/\n<\/script>\n","description":"Kev\u00e4t l\u00e4hestyy ja p\u00e4iv\u00e4t pitenev\u00e4t. Elvytyshankkeen v\u00e4ell\u00e4 on pit\u00e4nyt kiirett\u00e4 opetuksen kanssa, sill\u00e4 maaliskuussa k\u00e4ynnistyiv\u00e4t muun muassa v\u00e4hemmist\u00f6kieli\u00e4 ja uhanalaisuutta ja karjalan murteita k\u00e4sittelev\u00e4t kurssit. Uutta materiaaliakin on ehditty julkaisemaan, t\u00e4ll\u00e4 kertaa etenkin etel\u00e4karjalaksi. Jussi Huovisen muistosivu elvytyshankkeen blogissa Elvytyshankkeen blogissa on julkaistu uusi sivu sen kunniaksi, ett\u00e4 Jussi Huovisen (1924\u20132017) syntym\u00e4st\u00e4 olisi 2.4.2024 tullut [&hellip;]"}