{"version":"1.0","provider_name":"Karjalan kielen elvytt\u00e4minen","provider_url":"https:\/\/blogs.uef.fi\/karjalanelvytys","title":"Elvytyshankkeen toiminta kes\u00e4kuukausina - Karjalan kielen elvytt\u00e4minen","type":"rich","width":600,"height":338,"html":"<blockquote class=\"wp-embedded-content\" data-secret=\"xfQGRYyonS\"><a href=\"https:\/\/blogs.uef.fi\/karjalanelvytys\/2023\/07\/03\/elvytyshankkeen-toiminta-kesakuukausina\/\">Elvytyshankkeen toiminta kes\u00e4kuukausina<\/a><\/blockquote><iframe sandbox=\"allow-scripts\" security=\"restricted\" src=\"https:\/\/blogs.uef.fi\/karjalanelvytys\/2023\/07\/03\/elvytyshankkeen-toiminta-kesakuukausina\/embed\/#?secret=xfQGRYyonS\" width=\"600\" height=\"338\" title=\"&#8221;Elvytyshankkeen toiminta kes\u00e4kuukausina&#8221; &#8212; Karjalan kielen elvytt\u00e4minen\" data-secret=\"xfQGRYyonS\" frameborder=\"0\" marginwidth=\"0\" marginheight=\"0\" scrolling=\"no\" class=\"wp-embedded-content\"><\/iframe><script type=\"text\/javascript\">\n\/* <![CDATA[ *\/\n\/*! This file is auto-generated *\/\n!function(d,l){\"use strict\";l.querySelector&&d.addEventListener&&\"undefined\"!=typeof URL&&(d.wp=d.wp||{},d.wp.receiveEmbedMessage||(d.wp.receiveEmbedMessage=function(e){var t=e.data;if((t||t.secret||t.message||t.value)&&!\/[^a-zA-Z0-9]\/.test(t.secret)){for(var s,r,n,a=l.querySelectorAll('iframe[data-secret=\"'+t.secret+'\"]'),o=l.querySelectorAll('blockquote[data-secret=\"'+t.secret+'\"]'),c=new RegExp(\"^https?:$\",\"i\"),i=0;i<o.length;i++)o[i].style.display=\"none\";for(i=0;i<a.length;i++)s=a[i],e.source===s.contentWindow&&(s.removeAttribute(\"style\"),\"height\"===t.message?(1e3<(r=parseInt(t.value,10))?r=1e3:~~r<200&&(r=200),s.height=r):\"link\"===t.message&&(r=new URL(s.getAttribute(\"src\")),n=new URL(t.value),c.test(n.protocol))&&n.host===r.host&&l.activeElement===s&&(d.top.location.href=t.value))}},d.addEventListener(\"message\",d.wp.receiveEmbedMessage,!1),l.addEventListener(\"DOMContentLoaded\",function(){for(var e,t,s=l.querySelectorAll(\"iframe.wp-embedded-content\"),r=0;r<s.length;r++)(t=(e=s[r]).getAttribute(\"data-secret\"))||(t=Math.random().toString(36).substring(2,12),e.src+=\"#?secret=\"+t,e.setAttribute(\"data-secret\",t)),e.contentWindow.postMessage({message:\"ready\",secret:t},\"*\")},!1)))}(window,document);\n\/\/# sourceURL=https:\/\/blogs.uef.fi\/karjalanelvytys\/wp-includes\/js\/wp-embed.min.js\n\/* ]]> *\/\n<\/script>\n","description":"Kes\u00e4 on jo pitk\u00e4ll\u00e4, ja elvytyshankkeessa valmistaudutaan lomakauteen. Suurin osa v\u00e4est\u00e4 lomailee koko hein\u00e4kuun, mink\u00e4 lis\u00e4ksi elvytyshankkeen s\u00e4hk\u00f6postia ei lueta aikav\u00e4lill\u00e4 14.7.\u201315.8. Kaunista ke\u0161y\u00e4 kaikilla! \u010comua kezi\u00e4 kaikilla! \u010comua kezi\u00e4 kaikile! &nbsp;","thumbnail_url":"https:\/\/blogs.uef.fi\/karjalanelvytys\/wp-content\/uploads\/sites\/155\/2023\/07\/kesa_OopaSaniid_SirpaManty-300x218.jpg"}