{"version":"1.0","provider_name":"Karjalan kielen elvytt\u00e4minen","provider_url":"https:\/\/blogs.uef.fi\/karjalanelvytys","title":"Uutiskirje, lokakuu 2022 - Karjalan kielen elvytt\u00e4minen","type":"rich","width":600,"height":338,"html":"<blockquote class=\"wp-embedded-content\" data-secret=\"kHSvl90K1R\"><a href=\"https:\/\/blogs.uef.fi\/karjalanelvytys\/2022\/10\/21\/uutiskirje-lokakuu-2022\/\">Uutiskirje, lokakuu 2022<\/a><\/blockquote><iframe sandbox=\"allow-scripts\" security=\"restricted\" src=\"https:\/\/blogs.uef.fi\/karjalanelvytys\/2022\/10\/21\/uutiskirje-lokakuu-2022\/embed\/#?secret=kHSvl90K1R\" width=\"600\" height=\"338\" title=\"&#8221;Uutiskirje, lokakuu 2022&#8221; &#8212; Karjalan kielen elvytt\u00e4minen\" data-secret=\"kHSvl90K1R\" frameborder=\"0\" marginwidth=\"0\" marginheight=\"0\" scrolling=\"no\" class=\"wp-embedded-content\"><\/iframe><script type=\"text\/javascript\">\n\/* <![CDATA[ *\/\n\/*! This file is auto-generated *\/\n!function(d,l){\"use strict\";l.querySelector&&d.addEventListener&&\"undefined\"!=typeof URL&&(d.wp=d.wp||{},d.wp.receiveEmbedMessage||(d.wp.receiveEmbedMessage=function(e){var t=e.data;if((t||t.secret||t.message||t.value)&&!\/[^a-zA-Z0-9]\/.test(t.secret)){for(var s,r,n,a=l.querySelectorAll('iframe[data-secret=\"'+t.secret+'\"]'),o=l.querySelectorAll('blockquote[data-secret=\"'+t.secret+'\"]'),c=new RegExp(\"^https?:$\",\"i\"),i=0;i<o.length;i++)o[i].style.display=\"none\";for(i=0;i<a.length;i++)s=a[i],e.source===s.contentWindow&&(s.removeAttribute(\"style\"),\"height\"===t.message?(1e3<(r=parseInt(t.value,10))?r=1e3:~~r<200&&(r=200),s.height=r):\"link\"===t.message&&(r=new URL(s.getAttribute(\"src\")),n=new URL(t.value),c.test(n.protocol))&&n.host===r.host&&l.activeElement===s&&(d.top.location.href=t.value))}},d.addEventListener(\"message\",d.wp.receiveEmbedMessage,!1),l.addEventListener(\"DOMContentLoaded\",function(){for(var e,t,s=l.querySelectorAll(\"iframe.wp-embedded-content\"),r=0;r<s.length;r++)(t=(e=s[r]).getAttribute(\"data-secret\"))||(t=Math.random().toString(36).substring(2,12),e.src+=\"#?secret=\"+t,e.setAttribute(\"data-secret\",t)),e.contentWindow.postMessage({message:\"ready\",secret:t},\"*\")},!1)))}(window,document);\n\/\/# sourceURL=https:\/\/blogs.uef.fi\/karjalanelvytys\/wp-includes\/js\/wp-embed.min.js\n\/* ]]> *\/\n<\/script>\n","description":"Syksy etenee kovaa vauhtia ja my\u00f6s elvytyshankkeen blogia ja Instagramia on edellisen uutiskirjeen j\u00e4lkeen p\u00e4ivitetty s\u00e4\u00e4nn\u00f6llisesti. Tahti ei ole ainakaan hidastumassa, sill\u00e4 marraskuussa vietet\u00e4\u00e4n kolmannen kerran karjalan kielen viikkoa, joka huipentuu 27.11. pidett\u00e4v\u00e4\u00e4n karjalan kielen p\u00e4iv\u00e4\u00e4n. Karjalan kielen viikosta ja muista menneist\u00e4 ja tulevista tapahtumista saat tietoa t\u00e4st\u00e4 uutiskirjeest\u00e4. Karjalan kielen viikko Karjalan kielen viikkoa [&hellip;]"}