{"version":"1.0","provider_name":"HUMUS \u2013 Humanistit uudistuvassa ty\u00f6el\u00e4m\u00e4ss\u00e4","provider_url":"https:\/\/blogs.uef.fi\/humanistit-uudistuvassa-tyoelamassa","title":"Kiitos vuodesta 2020 ja antoisaa tulevaa! - HUMUS \u2013 Humanistit uudistuvassa ty\u00f6el\u00e4m\u00e4ss\u00e4","type":"rich","width":600,"height":338,"html":"<blockquote class=\"wp-embedded-content\" data-secret=\"yDKlUmEMYo\"><a href=\"https:\/\/blogs.uef.fi\/humanistit-uudistuvassa-tyoelamassa\/2020\/12\/31\/kiitos-vuodesta-2020\/\">Kiitos vuodesta 2020 ja antoisaa tulevaa!<\/a><\/blockquote><iframe sandbox=\"allow-scripts\" security=\"restricted\" src=\"https:\/\/blogs.uef.fi\/humanistit-uudistuvassa-tyoelamassa\/2020\/12\/31\/kiitos-vuodesta-2020\/embed\/#?secret=yDKlUmEMYo\" width=\"600\" height=\"338\" title=\"&#8221;Kiitos vuodesta 2020 ja antoisaa tulevaa!&#8221; &#8212; HUMUS \u2013 Humanistit uudistuvassa ty\u00f6el\u00e4m\u00e4ss\u00e4\" data-secret=\"yDKlUmEMYo\" frameborder=\"0\" marginwidth=\"0\" marginheight=\"0\" scrolling=\"no\" class=\"wp-embedded-content\"><\/iframe><script type=\"text\/javascript\">\n\/* <![CDATA[ *\/\n\/*! This file is auto-generated *\/\n!function(d,l){\"use strict\";l.querySelector&&d.addEventListener&&\"undefined\"!=typeof URL&&(d.wp=d.wp||{},d.wp.receiveEmbedMessage||(d.wp.receiveEmbedMessage=function(e){var t=e.data;if((t||t.secret||t.message||t.value)&&!\/[^a-zA-Z0-9]\/.test(t.secret)){for(var s,r,n,a=l.querySelectorAll('iframe[data-secret=\"'+t.secret+'\"]'),o=l.querySelectorAll('blockquote[data-secret=\"'+t.secret+'\"]'),c=new RegExp(\"^https?:$\",\"i\"),i=0;i<o.length;i++)o[i].style.display=\"none\";for(i=0;i<a.length;i++)s=a[i],e.source===s.contentWindow&&(s.removeAttribute(\"style\"),\"height\"===t.message?(1e3<(r=parseInt(t.value,10))?r=1e3:~~r<200&&(r=200),s.height=r):\"link\"===t.message&&(r=new URL(s.getAttribute(\"src\")),n=new URL(t.value),c.test(n.protocol))&&n.host===r.host&&l.activeElement===s&&(d.top.location.href=t.value))}},d.addEventListener(\"message\",d.wp.receiveEmbedMessage,!1),l.addEventListener(\"DOMContentLoaded\",function(){for(var e,t,s=l.querySelectorAll(\"iframe.wp-embedded-content\"),r=0;r<s.length;r++)(t=(e=s[r]).getAttribute(\"data-secret\"))||(t=Math.random().toString(36).substring(2,12),e.src+=\"#?secret=\"+t,e.setAttribute(\"data-secret\",t)),e.contentWindow.postMessage({message:\"ready\",secret:t},\"*\")},!1)))}(window,document);\n\/\/# sourceURL=https:\/\/blogs.uef.fi\/humanistit-uudistuvassa-tyoelamassa\/wp-includes\/js\/wp-embed.min.js\n\/* ]]> *\/\n<\/script>\n","description":"Poikkeuksellinen vuosi on tullut p\u00e4\u00e4t\u00f6kseens\u00e4. On aika kerrata hieman my\u00f6s HUMUS-hankkeen t\u00e4m\u00e4n vuoden toimintaa ja kurkistaa tulevaan. Lis\u00e4ksi on aika kiitt\u00e4\u00e4 vuodesta kaikkia toimintaan osallistuneita humanisteja, ty\u00f6el\u00e4m\u00e4n edustajia ja muita yhteisty\u00f6kumppaneita. Tervetuloa mukaan my\u00f6s ensi vuonna! Ty\u00f6el\u00e4m\u00e4tapahtumat siirrettiin verkkoon Koronatilanteen vuoksi my\u00f6s HUMUS siirtyi maaliskuussa 2020 kokonaan et\u00e4ty\u00f6skentelyyn, ja kev\u00e4\u00e4n toiminta suunniteltiin uudelleen. Syntyi Haku [&hellip;]"}