{"id":302,"date":"2023-09-11T15:40:51","date_gmt":"2023-09-11T12:40:51","guid":{"rendered":"https:\/\/blogs.uef.fi\/cudis\/?page_id=302"},"modified":"2025-12-09T17:04:11","modified_gmt":"2025-12-09T14:04:11","slug":"tietoa-hankkeesta","status":"publish","type":"page","link":"https:\/\/blogs.uef.fi\/cudis\/tietoa-hankkeesta\/?lang=fi","title":{"rendered":"Tietoa hankkeesta"},"content":{"rendered":"    <div class=\"funders grid\">\n                        <div class=\"funders__item grid__item\">\n                            <div class=\"funders__image\">\n                    <img decoding=\"async\" src=\"https:\/\/blogs.uef.fi\/cudis\/wp-content\/uploads\/sites\/191\/2023\/09\/FI_co-funded-by-VERTICAL-RGB_POS.png\" alt=\"Euroopan unionin lippu, jossa lukee Euroopan unionin osarahoittama\" \/>\n                <\/div>\n                                                <\/div>\n                        \n                        <div class=\"funders__item grid__item\">\n                            <div class=\"funders__image\">\n                    <img decoding=\"async\" src=\"https:\/\/blogs.uef.fi\/cudis\/wp-content\/uploads\/sites\/191\/2023\/08\/UEF-musta-logo-engl-pysty-1-scaled.jpg\" alt=\"It\u00e4-Suomen yliopiston mustavalkoinen logo\" \/>\n                <\/div>\n                                                <\/div>\n                        \n                        <div class=\"funders__item grid__item\">\n                            <div class=\"funders__image\">\n                    <img decoding=\"async\" src=\"https:\/\/blogs.uef.fi\/cudis\/wp-content\/uploads\/sites\/191\/2023\/10\/1695795847595-de2b48c8-e190-4a07-a88c-1dd9cf333dd5_1.jpg\" alt=\"CUDIS logo with blue and white pixel circle \" \/>\n                <\/div>\n                                                <\/div>\n                        \n            <\/div>\n\n\n\n<p>CUDIS \u2013 Kulttuurinen tieto ja digitaaliset taidot kansainv\u00e4listyv\u00e4ss\u00e4 ty\u00f6el\u00e4m\u00e4ss\u00e4<em> <\/em>-hankkeen tavoite on kehitt\u00e4\u00e4 ty\u00f6el\u00e4m\u00e4taitoja It\u00e4-Suomessa valmentamalla yrityksi\u00e4, ty\u00f6voimaa ja opiskelijoita. Tulevaisuuden keskeisi\u00e4 ty\u00f6el\u00e4m\u00e4taitoja ovat monipuolinen kielitaito, ymm\u00e4rrys kulttuurienv\u00e4lisest\u00e4 viestinn\u00e4st\u00e4 ja vahva tietotekninen osaaminen.&nbsp; Hanke yhdist\u00e4\u00e4 humanististen alojen kulttuuritiet\u00e4myksen ja tietojenk\u00e4sittelytieteiden digitaaliset taidot kokonaisuudeksi, joka vastaa muuttuvan ty\u00f6el\u00e4m\u00e4n vaatimuksiin.&nbsp;&nbsp;<\/p>\n\n\n\n<p>Hanke&nbsp;&nbsp;<\/p>\n\n\n\n<ul class=\"wp-block-list\">\n<li>tukee pohjoiskarjalaisten yritysten kilpailukyky\u00e4 kansainv\u00e4listymisosaamisen ja digitaitojen avulla&nbsp;<\/li>\n\n\n\n<li>kehitt\u00e4\u00e4 tulevaisuuden ty\u00f6el\u00e4m\u00e4- ja yritt\u00e4jyystaitoja humanistisella ja tietojenk\u00e4sittelytieteellisell\u00e4 koulutusalalla&nbsp;<\/li>\n\n\n\n<li>vahvistaa Pohjois-Karjalan ty\u00f6llisyystilannetta&nbsp;<\/li>\n\n\n\n<li>tunnistaa uusien osaamistarpeiden varhaisia signaaleja.&nbsp;<\/li>\n<\/ul>\n\n\n\n<p>Hankkeessa on mukana useita pohjoiskarjalaisia yrityksi\u00e4 ja muita ty\u00f6el\u00e4m\u00e4n vaikuttajia. Hankkeen toteutuksesta vastaavat It\u00e4-Suomen yliopiston humanistinen osasto ja tietojenk\u00e4sittelytieteen laitos. Hanke kest\u00e4\u00e4 kaksi ja puoli vuotta (1.7.2023\u201331.12.2025). Hanketta rahoittaa Euroopan sosiaalirahasto plus (ESR+) Uudistuva ja osaava Suomi 2021\u20132027 -ohjelmasta.&nbsp;&nbsp;<\/p>\n\n\n\n<p>T\u00e4lle sivustolle kokoamme uutisia, tietoja tapahtumista, hankkeen tuloksia sek\u00e4 humanististen alojen ja tietojenk\u00e4sittelytieteen opiskelijoiden ja ty\u00f6el\u00e4m\u00e4n toimijoiden blogitekstej\u00e4 kiinnostavista teemoista. Pysy kuulolla!&nbsp;&nbsp;<\/p>\n\n\n\n<figure class=\"wp-block-image size-large\"><img loading=\"lazy\" decoding=\"async\" width=\"1024\" height=\"390\" src=\"https:\/\/blogs.uef.fi\/cudis\/wp-content\/uploads\/sites\/191\/2023\/10\/Koulutuspolku-1024x390.png\" alt=\"\" class=\"wp-image-741\" srcset=\"https:\/\/blogs.uef.fi\/cudis\/wp-content\/uploads\/sites\/191\/2023\/10\/Koulutuspolku-1024x390.png 1024w, https:\/\/blogs.uef.fi\/cudis\/wp-content\/uploads\/sites\/191\/2023\/10\/Koulutuspolku-300x114.png 300w, https:\/\/blogs.uef.fi\/cudis\/wp-content\/uploads\/sites\/191\/2023\/10\/Koulutuspolku-768x293.png 768w, https:\/\/blogs.uef.fi\/cudis\/wp-content\/uploads\/sites\/191\/2023\/10\/Koulutuspolku-1536x585.png 1536w, https:\/\/blogs.uef.fi\/cudis\/wp-content\/uploads\/sites\/191\/2023\/10\/Koulutuspolku-2048x780.png 2048w\" sizes=\"auto, (max-width: 1024px) 100vw, 1024px\" \/><\/figure>\n","protected":false},"excerpt":{"rendered":"<p>CUDIS \u2013 Kulttuurinen tieto ja digitaaliset taidot kansainv\u00e4listyv\u00e4ss\u00e4 ty\u00f6el\u00e4m\u00e4ss\u00e4 -hankkeen tavoite on kehitt\u00e4\u00e4 ty\u00f6el\u00e4m\u00e4taitoja It\u00e4-Suomessa valmentamalla yrityksi\u00e4, ty\u00f6voimaa ja opiskelijoita. Tulevaisuuden keskeisi\u00e4 ty\u00f6el\u00e4m\u00e4taitoja ovat monipuolinen kielitaito, ymm\u00e4rrys kulttuurienv\u00e4lisest\u00e4 viestinn\u00e4st\u00e4 ja vahva tietotekninen osaaminen.&nbsp; Hanke yhdist\u00e4\u00e4 humanististen alojen kulttuuritiet\u00e4myksen ja tietojenk\u00e4sittelytieteiden digitaaliset taidot kokonaisuudeksi, joka vastaa muuttuvan ty\u00f6el\u00e4m\u00e4n vaatimuksiin.&nbsp;&nbsp; Hanke&nbsp;&nbsp; Hankkeessa on mukana useita pohjoiskarjalaisia yrityksi\u00e4 [&hellip;]<\/p>\n","protected":false},"author":619,"featured_media":0,"parent":0,"menu_order":0,"comment_status":"closed","ping_status":"closed","template":"","meta":{"_acf_changed":false,"footnotes":""},"class_list":["post-302","page","type-page","status-publish","hentry"],"acf":[],"yoast_head":"<!-- This site is optimized with the Yoast SEO plugin v27.3 - https:\/\/yoast.com\/product\/yoast-seo-wordpress\/ -->\n<title>Tietoa hankkeesta - CUDIS - Cultural Knowledge and Digital Skills in Globalising Working Life<\/title>\n<meta name=\"robots\" content=\"index, follow, max-snippet:-1, max-image-preview:large, max-video-preview:-1\" \/>\n<link rel=\"canonical\" href=\"https:\/\/blogs.uef.fi\/cudis\/tietoa-hankkeesta\/?lang=fi\" \/>\n<meta property=\"og:locale\" content=\"en_US\" \/>\n<meta property=\"og:type\" content=\"article\" \/>\n<meta property=\"og:title\" content=\"Tietoa hankkeesta - CUDIS - Cultural Knowledge and Digital Skills in Globalising Working Life\" \/>\n<meta property=\"og:description\" content=\"CUDIS \u2013 Kulttuurinen tieto ja digitaaliset taidot kansainv\u00e4listyv\u00e4ss\u00e4 ty\u00f6el\u00e4m\u00e4ss\u00e4 -hankkeen tavoite on kehitt\u00e4\u00e4 ty\u00f6el\u00e4m\u00e4taitoja It\u00e4-Suomessa valmentamalla yrityksi\u00e4, ty\u00f6voimaa ja opiskelijoita. Tulevaisuuden keskeisi\u00e4 ty\u00f6el\u00e4m\u00e4taitoja ovat monipuolinen kielitaito, ymm\u00e4rrys kulttuurienv\u00e4lisest\u00e4 viestinn\u00e4st\u00e4 ja vahva tietotekninen osaaminen.&nbsp; Hanke yhdist\u00e4\u00e4 humanististen alojen kulttuuritiet\u00e4myksen ja tietojenk\u00e4sittelytieteiden digitaaliset taidot kokonaisuudeksi, joka vastaa muuttuvan ty\u00f6el\u00e4m\u00e4n vaatimuksiin.&nbsp;&nbsp; Hanke&nbsp;&nbsp; Hankkeessa on mukana useita pohjoiskarjalaisia yrityksi\u00e4 [&hellip;]\" \/>\n<meta property=\"og:url\" content=\"https:\/\/blogs.uef.fi\/cudis\/tietoa-hankkeesta\/?lang=fi\" \/>\n<meta property=\"og:site_name\" content=\"CUDIS - Cultural Knowledge and Digital Skills in Globalising Working Life\" \/>\n<meta property=\"article:modified_time\" content=\"2025-12-09T14:04:11+00:00\" \/>\n<meta property=\"og:image\" content=\"https:\/\/blogs.uef.fi\/cudis\/wp-content\/uploads\/sites\/191\/2023\/10\/Koulutuspolku-1024x390.png\" \/>\n<meta name=\"twitter:card\" content=\"summary_large_image\" \/>\n<meta name=\"twitter:label1\" content=\"Est. reading time\" \/>\n\t<meta name=\"twitter:data1\" content=\"1 minute\" \/>\n<script type=\"application\/ld+json\" class=\"yoast-schema-graph\">{\"@context\":\"https:\\\/\\\/schema.org\",\"@graph\":[{\"@type\":\"WebPage\",\"@id\":\"https:\\\/\\\/blogs.uef.fi\\\/cudis\\\/tietoa-hankkeesta\\\/?lang=fi\",\"url\":\"https:\\\/\\\/blogs.uef.fi\\\/cudis\\\/tietoa-hankkeesta\\\/?lang=fi\",\"name\":\"Tietoa hankkeesta - CUDIS - Cultural Knowledge and Digital Skills in Globalising Working Life\",\"isPartOf\":{\"@id\":\"https:\\\/\\\/blogs.uef.fi\\\/cudis\\\/#website\"},\"primaryImageOfPage\":{\"@id\":\"https:\\\/\\\/blogs.uef.fi\\\/cudis\\\/tietoa-hankkeesta\\\/?lang=fi#primaryimage\"},\"image\":{\"@id\":\"https:\\\/\\\/blogs.uef.fi\\\/cudis\\\/tietoa-hankkeesta\\\/?lang=fi#primaryimage\"},\"thumbnailUrl\":\"https:\\\/\\\/blogs.uef.fi\\\/cudis\\\/wp-content\\\/uploads\\\/sites\\\/191\\\/2023\\\/10\\\/Koulutuspolku-1024x390.png\",\"datePublished\":\"2023-09-11T12:40:51+00:00\",\"dateModified\":\"2025-12-09T14:04:11+00:00\",\"breadcrumb\":{\"@id\":\"https:\\\/\\\/blogs.uef.fi\\\/cudis\\\/tietoa-hankkeesta\\\/?lang=fi#breadcrumb\"},\"inLanguage\":\"en-US\",\"potentialAction\":[{\"@type\":\"ReadAction\",\"target\":[\"https:\\\/\\\/blogs.uef.fi\\\/cudis\\\/tietoa-hankkeesta\\\/?lang=fi\"]}]},{\"@type\":\"ImageObject\",\"inLanguage\":\"en-US\",\"@id\":\"https:\\\/\\\/blogs.uef.fi\\\/cudis\\\/tietoa-hankkeesta\\\/?lang=fi#primaryimage\",\"url\":\"https:\\\/\\\/blogs.uef.fi\\\/cudis\\\/wp-content\\\/uploads\\\/sites\\\/191\\\/2023\\\/10\\\/Koulutuspolku.png\",\"contentUrl\":\"https:\\\/\\\/blogs.uef.fi\\\/cudis\\\/wp-content\\\/uploads\\\/sites\\\/191\\\/2023\\\/10\\\/Koulutuspolku.png\",\"width\":3653,\"height\":1392},{\"@type\":\"BreadcrumbList\",\"@id\":\"https:\\\/\\\/blogs.uef.fi\\\/cudis\\\/tietoa-hankkeesta\\\/?lang=fi#breadcrumb\",\"itemListElement\":[{\"@type\":\"ListItem\",\"position\":1,\"name\":\"Home\",\"item\":\"https:\\\/\\\/blogs.uef.fi\\\/cudis\\\/\"},{\"@type\":\"ListItem\",\"position\":2,\"name\":\"Tietoa hankkeesta\"}]},{\"@type\":\"WebSite\",\"@id\":\"https:\\\/\\\/blogs.uef.fi\\\/cudis\\\/#website\",\"url\":\"https:\\\/\\\/blogs.uef.fi\\\/cudis\\\/\",\"name\":\"CUDIS - Cultural Knowledge and Digital Skills in Globalising Working Life\",\"description\":\"\",\"potentialAction\":[{\"@type\":\"SearchAction\",\"target\":{\"@type\":\"EntryPoint\",\"urlTemplate\":\"https:\\\/\\\/blogs.uef.fi\\\/cudis\\\/?s={search_term_string}\"},\"query-input\":{\"@type\":\"PropertyValueSpecification\",\"valueRequired\":true,\"valueName\":\"search_term_string\"}}],\"inLanguage\":\"en-US\"}]}<\/script>\n<!-- \/ Yoast SEO plugin. -->","yoast_head_json":{"title":"Tietoa hankkeesta - CUDIS - Cultural Knowledge and Digital Skills in Globalising Working Life","robots":{"index":"index","follow":"follow","max-snippet":"max-snippet:-1","max-image-preview":"max-image-preview:large","max-video-preview":"max-video-preview:-1"},"canonical":"https:\/\/blogs.uef.fi\/cudis\/tietoa-hankkeesta\/?lang=fi","og_locale":"en_US","og_type":"article","og_title":"Tietoa hankkeesta - CUDIS - Cultural Knowledge and Digital Skills in Globalising Working Life","og_description":"CUDIS \u2013 Kulttuurinen tieto ja digitaaliset taidot kansainv\u00e4listyv\u00e4ss\u00e4 ty\u00f6el\u00e4m\u00e4ss\u00e4 -hankkeen tavoite on kehitt\u00e4\u00e4 ty\u00f6el\u00e4m\u00e4taitoja It\u00e4-Suomessa valmentamalla yrityksi\u00e4, ty\u00f6voimaa ja opiskelijoita. Tulevaisuuden keskeisi\u00e4 ty\u00f6el\u00e4m\u00e4taitoja ovat monipuolinen kielitaito, ymm\u00e4rrys kulttuurienv\u00e4lisest\u00e4 viestinn\u00e4st\u00e4 ja vahva tietotekninen osaaminen.&nbsp; Hanke yhdist\u00e4\u00e4 humanististen alojen kulttuuritiet\u00e4myksen ja tietojenk\u00e4sittelytieteiden digitaaliset taidot kokonaisuudeksi, joka vastaa muuttuvan ty\u00f6el\u00e4m\u00e4n vaatimuksiin.&nbsp;&nbsp; Hanke&nbsp;&nbsp; Hankkeessa on mukana useita pohjoiskarjalaisia yrityksi\u00e4 [&hellip;]","og_url":"https:\/\/blogs.uef.fi\/cudis\/tietoa-hankkeesta\/?lang=fi","og_site_name":"CUDIS - Cultural Knowledge and Digital Skills in Globalising Working Life","article_modified_time":"2025-12-09T14:04:11+00:00","og_image":[{"url":"https:\/\/blogs.uef.fi\/cudis\/wp-content\/uploads\/sites\/191\/2023\/10\/Koulutuspolku-1024x390.png","type":"","width":"","height":""}],"twitter_card":"summary_large_image","twitter_misc":{"Est. reading time":"1 minute"},"schema":{"@context":"https:\/\/schema.org","@graph":[{"@type":"WebPage","@id":"https:\/\/blogs.uef.fi\/cudis\/tietoa-hankkeesta\/?lang=fi","url":"https:\/\/blogs.uef.fi\/cudis\/tietoa-hankkeesta\/?lang=fi","name":"Tietoa hankkeesta - CUDIS - Cultural Knowledge and Digital Skills in Globalising Working Life","isPartOf":{"@id":"https:\/\/blogs.uef.fi\/cudis\/#website"},"primaryImageOfPage":{"@id":"https:\/\/blogs.uef.fi\/cudis\/tietoa-hankkeesta\/?lang=fi#primaryimage"},"image":{"@id":"https:\/\/blogs.uef.fi\/cudis\/tietoa-hankkeesta\/?lang=fi#primaryimage"},"thumbnailUrl":"https:\/\/blogs.uef.fi\/cudis\/wp-content\/uploads\/sites\/191\/2023\/10\/Koulutuspolku-1024x390.png","datePublished":"2023-09-11T12:40:51+00:00","dateModified":"2025-12-09T14:04:11+00:00","breadcrumb":{"@id":"https:\/\/blogs.uef.fi\/cudis\/tietoa-hankkeesta\/?lang=fi#breadcrumb"},"inLanguage":"en-US","potentialAction":[{"@type":"ReadAction","target":["https:\/\/blogs.uef.fi\/cudis\/tietoa-hankkeesta\/?lang=fi"]}]},{"@type":"ImageObject","inLanguage":"en-US","@id":"https:\/\/blogs.uef.fi\/cudis\/tietoa-hankkeesta\/?lang=fi#primaryimage","url":"https:\/\/blogs.uef.fi\/cudis\/wp-content\/uploads\/sites\/191\/2023\/10\/Koulutuspolku.png","contentUrl":"https:\/\/blogs.uef.fi\/cudis\/wp-content\/uploads\/sites\/191\/2023\/10\/Koulutuspolku.png","width":3653,"height":1392},{"@type":"BreadcrumbList","@id":"https:\/\/blogs.uef.fi\/cudis\/tietoa-hankkeesta\/?lang=fi#breadcrumb","itemListElement":[{"@type":"ListItem","position":1,"name":"Home","item":"https:\/\/blogs.uef.fi\/cudis\/"},{"@type":"ListItem","position":2,"name":"Tietoa hankkeesta"}]},{"@type":"WebSite","@id":"https:\/\/blogs.uef.fi\/cudis\/#website","url":"https:\/\/blogs.uef.fi\/cudis\/","name":"CUDIS - Cultural Knowledge and Digital Skills in Globalising Working Life","description":"","potentialAction":[{"@type":"SearchAction","target":{"@type":"EntryPoint","urlTemplate":"https:\/\/blogs.uef.fi\/cudis\/?s={search_term_string}"},"query-input":{"@type":"PropertyValueSpecification","valueRequired":true,"valueName":"search_term_string"}}],"inLanguage":"en-US"}]}},"_links":{"self":[{"href":"https:\/\/blogs.uef.fi\/cudis\/wp-json\/wp\/v2\/pages\/302","targetHints":{"allow":["GET"]}}],"collection":[{"href":"https:\/\/blogs.uef.fi\/cudis\/wp-json\/wp\/v2\/pages"}],"about":[{"href":"https:\/\/blogs.uef.fi\/cudis\/wp-json\/wp\/v2\/types\/page"}],"author":[{"embeddable":true,"href":"https:\/\/blogs.uef.fi\/cudis\/wp-json\/wp\/v2\/users\/619"}],"replies":[{"embeddable":true,"href":"https:\/\/blogs.uef.fi\/cudis\/wp-json\/wp\/v2\/comments?post=302"}],"version-history":[{"count":2,"href":"https:\/\/blogs.uef.fi\/cudis\/wp-json\/wp\/v2\/pages\/302\/revisions"}],"predecessor-version":[{"id":5285,"href":"https:\/\/blogs.uef.fi\/cudis\/wp-json\/wp\/v2\/pages\/302\/revisions\/5285"}],"wp:attachment":[{"href":"https:\/\/blogs.uef.fi\/cudis\/wp-json\/wp\/v2\/media?parent=302"}],"curies":[{"name":"wp","href":"https:\/\/api.w.org\/{rel}","templated":true}]}}